{"id":5501,"count":31,"description":"","link":"https:\/\/generate.focolare.org\/pt-pt\/tag\/escola-pt\/","name":"Escola","slug":"escola-pt","taxonomy":"post_tag","meta":[],"objects":[{"data":{"id":292974,"date":"1987-07-01","date_gmt":"2024-01-22T14:28:44","guid":{"rendered":"https:\/\/generate.focolare.org\/?post_type=content&#038;p=292974"},"modified":"2024-01-22T15:31:08","modified_gmt":"2024-01-22T14:31:08","slug":"visita-de-chiara-ao-centro-gen-feminino","status":"publish","type":"content","link":"https:\/\/generate.focolare.org\/pt-pt\/content\/visita-de-chiara-ao-centro-gen-feminino\/","title":{"rendered":"Visita de Chiara ao Centro Gen feminino"},"excerpt":{"rendered":"<p>Chiara visita os centros de g\u00eanero feminino e deseja conhecer quem trabalha l\u00e1 e qual tarefa espec\u00edfica desempenham. Antes de partir, ela d\u00e1 a Silvana o sinal verde para a escola permanente das Gen em Loppiano.<\/p>\n","protected":false},"featured_media":290764,"comment_status":"closed","ping_status":"closed","template":"","tags":[4947,5501,5766,4683],"contributor":[4086],"location":[3985],"audience":[4009],"class_list":["post-292974","content","type-content","status-publish","has-post-thumbnail","hentry","tag-centro","tag-escola-pt","tag-loppiano","tag-trabalho","contributor-lubich-chiara","location-grottaferrata","audience-gen-2"],"featured_media_url":{"thumbnail":"https:\/\/generate.focolare.org\/wp-content\/uploads\/2020\/07\/Untitled-150x150.png","medium":"https:\/\/generate.focolare.org\/wp-content\/uploads\/2020\/07\/Untitled-300x219.png","medium_large":"https:\/\/generate.focolare.org\/wp-content\/uploads\/2020\/07\/Untitled-768x561.png","large":"https:\/\/generate.focolare.org\/wp-content\/uploads\/2020\/07\/Untitled-1024x748.png","1536x1536":"https:\/\/generate.focolare.org\/wp-content\/uploads\/2020\/07\/Untitled.png","2048x2048":"https:\/\/generate.focolare.org\/wp-content\/uploads\/2020\/07\/Untitled.png","banner":"https:\/\/generate.focolare.org\/wp-content\/uploads\/2020\/07\/Untitled-1436x700.png","preview":"https:\/\/generate.focolare.org\/wp-content\/uploads\/2020\/07\/Untitled-500x400.png","profile_24":"https:\/\/generate.focolare.org\/wp-content\/uploads\/2020\/07\/Untitled-24x24.png","profile_48":"https:\/\/generate.focolare.org\/wp-content\/uploads\/2020\/07\/Untitled-48x48.png","profile_96":"https:\/\/generate.focolare.org\/wp-content\/uploads\/2020\/07\/Untitled-96x96.png","profile_150":"https:\/\/generate.focolare.org\/wp-content\/uploads\/2020\/07\/Untitled-150x150.png","profile_300":"https:\/\/generate.focolare.org\/wp-content\/uploads\/2020\/07\/Untitled-300x300.png"},"related":[20994,59434,18417,1974,19786,80099],"wpml_current_locale":"pt_PT","wpml_translations":[{"locale":"it_IT","id":766,"post_title":"Visita di Chiara al Centro Gen femminile","href":"https:\/\/generate.focolare.org\/it\/visita-di-chiara-al-centro-gen-femminile\/"},{"locale":"es_ES","id":290708,"post_title":"Visita de Chiara al Centro gen Femenino","href":"https:\/\/generate.focolare.org\/es\/visita-de-chiara-al-centro-gen-femenino\/"}],"link_to_transcription":null,"source":{"ID":292977,"id":292977,"title":"GMU-G2-Chiara_visita Chiara al centro gen f_19870701_PT","filename":"GMU-G2-Chiara_visita-Chiara-al-centro-gen-f_19870701_PT.pdf","filesize":315474,"url":"https:\/\/generate.focolare.org\/wp-content\/uploads\/2024\/01\/GMU-G2-Chiara_visita-Chiara-al-centro-gen-f_19870701_PT.pdf","link":"https:\/\/generate.focolare.org\/pt-pt\/content\/visita-de-chiara-ao-centro-gen-feminino\/gmu-g2-chiara_visita-chiara-al-centro-gen-f_19870701_pt\/","alt":"","author":"1724","description":"","caption":"","name":"gmu-g2-chiara_visita-chiara-al-centro-gen-f_19870701_pt","status":"inherit","uploaded_to":292974,"date":"2024-01-22 14:28:16","modified":"2024-01-22 14:28:16","menu_order":0,"mime_type":"application\/pdf","type":"application","subtype":"pdf","icon":"https:\/\/generate.focolare.org\/wp-includes\/images\/media\/document.png"},"restrict_roles":null,"length":"16","transcriptions":[{"language":"it","file":{"ID":292976,"id":292976,"title":"gen-44-text-it","filename":"gen-44-text-it.pdf","filesize":24764,"url":"https:\/\/generate.focolare.org\/wp-content\/uploads\/2020\/06\/gen-44-text-it.pdf","link":"https:\/\/generate.focolare.org\/pt-pt\/content\/visita-de-chiara-ao-centro-gen-feminino\/gen-44-text-it\/","alt":"","author":"1","description":"","caption":"","name":"gen-44-text-it","status":"inherit","uploaded_to":292974,"date":"2020-06-02 17:43:56","modified":"2020-06-02 17:43:56","menu_order":0,"mime_type":"application\/pdf","type":"application","subtype":"pdf","icon":"https:\/\/generate.focolare.org\/wp-includes\/images\/media\/document.png"}},{"language":"en","file":{"ID":290659,"id":290659,"title":"GMU-G2_Visita di Chiara al Centro Gen femminile_19870701_EN","filename":"GMU-G2_Visita-di-Chiara-al-Centro-Gen-femminile_19870701_EN.pdf","filesize":294196,"url":"https:\/\/generate.focolare.org\/wp-content\/uploads\/2020\/07\/GMU-G2_Visita-di-Chiara-al-Centro-Gen-femminile_19870701_EN.pdf","link":"https:\/\/generate.focolare.org\/pt-pt\/content\/visita-de-chiara-ao-centro-gen-feminino\/gmu-g2_visita-di-chiara-al-centro-gen-femminile_19870701_en-2\/","alt":"","author":"1723","description":"","caption":"","name":"gmu-g2_visita-di-chiara-al-centro-gen-femminile_19870701_en-2","status":"inherit","uploaded_to":292974,"date":"2023-10-09 12:19:12","modified":"2024-01-22 14:27:35","menu_order":0,"mime_type":"application\/pdf","type":"application","subtype":"pdf","icon":"https:\/\/generate.focolare.org\/wp-includes\/images\/media\/document.png"}},{"language":"es","file":{"ID":290701,"id":290701,"title":"GMU-G2_Chiara Lubich_Visita de Chiara al Centro gen Femenino_19870701_ES","filename":"GMU-G2_Chiara-Lubich_Visita-de-Chiara-al-Centro-gen-Femenino_19870701_ES.pdf","filesize":271886,"url":"https:\/\/generate.focolare.org\/wp-content\/uploads\/2020\/07\/GMU-G2_Chiara-Lubich_Visita-de-Chiara-al-Centro-gen-Femenino_19870701_ES.pdf","link":"https:\/\/generate.focolare.org\/pt-pt\/content\/visita-de-chiara-ao-centro-gen-feminino\/gmu-g2_chiara-lubich_visita-de-chiara-al-centro-gen-femenino_19870701_es-2\/","alt":"","author":"1724","description":"","caption":"","name":"gmu-g2_chiara-lubich_visita-de-chiara-al-centro-gen-femenino_19870701_es-2","status":"inherit","uploaded_to":292974,"date":"2023-10-09 13:15:33","modified":"2024-01-22 14:27:35","menu_order":0,"mime_type":"application\/pdf","type":"application","subtype":"pdf","icon":"https:\/\/generate.focolare.org\/wp-includes\/images\/media\/document.png"}},{"language":"pt-pt","file":{"ID":292967,"id":292967,"title":"GMU-G2-Chiara_visita Chiara al centro gen f_19870701_PT","filename":"GMU-G2-Chiara_visita-Chiara-al-centro-gen-f_19870701_PT.pdf","filesize":315474,"url":"https:\/\/generate.focolare.org\/wp-content\/uploads\/2020\/07\/GMU-G2-Chiara_visita-Chiara-al-centro-gen-f_19870701_PT.pdf","link":"https:\/\/generate.focolare.org\/pt-pt\/content\/visita-de-chiara-ao-centro-gen-feminino\/gmu-g2-chiara_visita-chiara-al-centro-gen-f_19870701_pt-2\/","alt":"","author":"1724","description":"","caption":"","name":"gmu-g2-chiara_visita-chiara-al-centro-gen-f_19870701_pt-2","status":"inherit","uploaded_to":292974,"date":"2024-01-22 14:26:19","modified":"2024-01-22 14:27:35","menu_order":0,"mime_type":"application\/pdf","type":"application","subtype":"pdf","icon":"https:\/\/generate.focolare.org\/wp-includes\/images\/media\/document.png"}}],"format":"video"},"headers":[],"status":200},{"data":{"id":284244,"date":"2022-08-11","date_gmt":"2023-01-10T13:06:59","guid":{"rendered":"https:\/\/generate.focolare.org\/?post_type=content&#038;p=284244"},"modified":"2023-01-10T14:14:06","modified_gmt":"2023-01-10T13:14:06","slug":"eba-2022_o-amor-cura-as-nossas-fragilidades-parte-2","status":"publish","type":"content","link":"https:\/\/generate.focolare.org\/pt-pt\/content\/eba-2022_o-amor-cura-as-nossas-fragilidades-parte-2\/","title":{"rendered":"EBA-2022_O amor cura as nossas fragilidades Parte 2"},"excerpt":{"rendered":"<p>Somos todos fr\u00e1geis. A fragilidade \u00e9 parte da nossa condi\u00e7\u00e3o humana. Por vezes temos sido feridos no amor, nas rela\u00e7\u00f5es, na confian\u00e7a, e as feridas sangram. O que acontece quando corajosamente tocamos e deixamos Jesus tocar-nos? A mulher com a hemorragia, mencionada no evangelho de Marcos, lidera o caminho nesta viagem. Necessidade de amor, f\u00e9 e salva\u00e7\u00e3o s\u00e3o as palavras que d\u00e3o ritmo a este tema. Um discurso sobre fragilidade porque o nosso Deus \u00e9 tamb\u00e9m &#8220;um Deus fr\u00e1gil&#8221;.<\/p>\n","protected":false},"featured_media":280447,"comment_status":"closed","ping_status":"closed","template":"","tags":[5501,5503,20144,10837],"contributor":[20315,18433],"location":[11121],"audience":[4012,4015,4009],"class_list":["post-284244","content","type-content","status-publish","has-post-thumbnail","hentry","tag-escola-pt","tag-escola-assistentes-pt","tag-escola-de-brancos-pt","tag-escola-gen","contributor-bertolasi-tommaso-pt-pt","contributor-centros-gen2-jpmu-pt-pt","location-montet-mariapolis-foco","audience-assistentes","audience-dirigentes","audience-gen-2"],"featured_media_url":{"thumbnail":"https:\/\/generate.focolare.org\/wp-content\/uploads\/2022\/11\/IMG_9809-150x150.jpg","medium":"https:\/\/generate.focolare.org\/wp-content\/uploads\/2022\/11\/IMG_9809-300x200.jpg","medium_large":"https:\/\/generate.focolare.org\/wp-content\/uploads\/2022\/11\/IMG_9809-768x512.jpg","large":"https:\/\/generate.focolare.org\/wp-content\/uploads\/2022\/11\/IMG_9809-1024x683.jpg","1536x1536":"https:\/\/generate.focolare.org\/wp-content\/uploads\/2022\/11\/IMG_9809-1536x1024.jpg","2048x2048":"https:\/\/generate.focolare.org\/wp-content\/uploads\/2022\/11\/IMG_9809-2048x1365.jpg","banner":"https:\/\/generate.focolare.org\/wp-content\/uploads\/2022\/11\/IMG_9809-1800x700.jpg","preview":"https:\/\/generate.focolare.org\/wp-content\/uploads\/2022\/11\/IMG_9809-500x400.jpg","profile_24":"https:\/\/generate.focolare.org\/wp-content\/uploads\/2022\/11\/IMG_9809-24x24.jpg","profile_48":"https:\/\/generate.focolare.org\/wp-content\/uploads\/2022\/11\/IMG_9809-48x48.jpg","profile_96":"https:\/\/generate.focolare.org\/wp-content\/uploads\/2022\/11\/IMG_9809-96x96.jpg","profile_150":"https:\/\/generate.focolare.org\/wp-content\/uploads\/2022\/11\/IMG_9809-150x150.jpg","profile_300":"https:\/\/generate.focolare.org\/wp-content\/uploads\/2022\/11\/IMG_9809-300x300.jpg"},"related":[284083,284237,275602,284017,284127,281435],"wpml_current_locale":"pt_PT","wpml_translations":[{"locale":"en_US","id":283420,"post_title":"SWA2022-Love heals our frailties-Part 2","href":"https:\/\/generate.focolare.org\/en\/swa2022-love-heals-our-frailties-part-2\/"},{"locale":"it_IT","id":274837,"post_title":"SBA2022_ L\u2019amore risana le nostre fragilit\u00e0 Parte 2","href":"https:\/\/generate.focolare.org\/it\/sba2022_-lamore-risana-le-nostre-fragilita-parte-2\/"},{"locale":"fr_FR","id":284446,"post_title":"SBA2022_L'amour gu\u00e9rit nos faiblesses Partie 2","href":"https:\/\/generate.focolare.org\/fr\/sba-2022_lamour-guerit-nos-faiblesses-partie-2\/"},{"locale":"es_ES","id":283732,"post_title":"EBA2022_El amor sana nuestras fragilidades-Parte 2","href":"https:\/\/generate.focolare.org\/es\/sba2022_el-amor-sana-nuestras-fragilidades-parte-2\/"}],"restrict_roles":null,"link_to_transcription":true,"source":{"ID":274852,"id":274852,"title":"TOMASSO 2 SBA 22 FINALE","filename":"TOMASSO-2-SBA-22-FINALE.mp4","filesize":4125515918,"url":"https:\/\/generate.focolare.org\/wp-content\/uploads\/2022\/11\/TOMASSO-2-SBA-22-FINALE.mp4","link":"https:\/\/generate.focolare.org\/pt-pt\/tomasso-2-sba-22-finale-2\/","alt":"","author":"1461","description":"","caption":"","name":"tomasso-2-sba-22-finale-2","status":"inherit","uploaded_to":0,"date":"2022-11-10 15:34:57","modified":"2022-11-10 15:34:57","menu_order":0,"mime_type":"video\/mp4","type":"video","subtype":"mp4","icon":"https:\/\/generate.focolare.org\/wp-includes\/images\/media\/video.png","width":1920,"height":1080},"format":"video","length":"54","transcriptions":[{"language":"it","file":{"ID":279185,"id":279185,"title":"GMU-G2-Lamore-risana-le-nostre-fragilita-SBA-2022081011","filename":"GMU-G2-Lamore-risana-le-nostre-fragilita-SBA-2022081011-1.pdf","filesize":1265844,"url":"https:\/\/generate.focolare.org\/wp-content\/uploads\/2022\/11\/GMU-G2-Lamore-risana-le-nostre-fragilita-SBA-2022081011-1.pdf","link":"https:\/\/generate.focolare.org\/pt-pt\/content\/eba-2022_o-amor-cura-as-nossas-fragilidades-parte-2\/gmu-g2-lamore-risana-le-nostre-fragilita-sba-2022081011-2-2\/","alt":"","author":"1126","description":"","caption":"","name":"gmu-g2-lamore-risana-le-nostre-fragilita-sba-2022081011-2-2","status":"inherit","uploaded_to":284244,"date":"2022-11-26 09:32:56","modified":"2023-01-10 13:07:00","menu_order":0,"mime_type":"application\/pdf","type":"application","subtype":"pdf","icon":"https:\/\/generate.focolare.org\/wp-includes\/images\/media\/document.png"}},{"language":"en","file":{"ID":283413,"id":283413,"title":"GMU-G2-Love heals our frailties-Part 2-SWA-2022081011","filename":"GMU-G2-Love-heals-our-frailties-Part-2-SWA-2022081011.pdf","filesize":467578,"url":"https:\/\/generate.focolare.org\/wp-content\/uploads\/2022\/11\/GMU-G2-Love-heals-our-frailties-Part-2-SWA-2022081011.pdf","link":"https:\/\/generate.focolare.org\/pt-pt\/content\/eba-2022_o-amor-cura-as-nossas-fragilidades-parte-2\/gmu-g2-love-heals-our-frailties-part-2-swa-2022081011-2\/","alt":"","author":"555","description":"","caption":"","name":"gmu-g2-love-heals-our-frailties-part-2-swa-2022081011-2","status":"inherit","uploaded_to":284244,"date":"2023-01-04 15:48:23","modified":"2023-01-10 13:07:00","menu_order":0,"mime_type":"application\/pdf","type":"application","subtype":"pdf","icon":"https:\/\/generate.focolare.org\/wp-includes\/images\/media\/document.png"}},{"language":"es","file":{"ID":283790,"id":283790,"title":"GMU-G2-El amor sana nuestras fragilidades-EBA-2022081011-PT2","filename":"GMU-G2-El-amor-sana-nuestras-fragilidades-EBA-2022081011-PT2.pdf","filesize":431503,"url":"https:\/\/generate.focolare.org\/wp-content\/uploads\/2022\/11\/GMU-G2-El-amor-sana-nuestras-fragilidades-EBA-2022081011-PT2.pdf","link":"https:\/\/generate.focolare.org\/pt-pt\/content\/eba-2022_o-amor-cura-as-nossas-fragilidades-parte-2\/gmu-g2-el-amor-sana-nuestras-fragilidades-eba-2022081011-pt2-2\/","alt":"","author":"555","description":"","caption":"","name":"gmu-g2-el-amor-sana-nuestras-fragilidades-eba-2022081011-pt2-2","status":"inherit","uploaded_to":284244,"date":"2023-01-09 14:44:03","modified":"2023-01-10 13:07:00","menu_order":0,"mime_type":"application\/pdf","type":"application","subtype":"pdf","icon":"https:\/\/generate.focolare.org\/wp-includes\/images\/media\/document.png"}},{"language":"pt-pt","file":{"ID":284186,"id":284186,"title":"GMU-G2-O amor cura as nossas fragilidades\u00a0-EBA-2022081011-PT 2","filename":"GMU-G2-O-amor-cura-as-nossas-fragilidades-EBA-2022081011-PT-2.pdf","filesize":438884,"url":"https:\/\/generate.focolare.org\/wp-content\/uploads\/2022\/11\/GMU-G2-O-amor-cura-as-nossas-fragilidades-EBA-2022081011-PT-2.pdf","link":"https:\/\/generate.focolare.org\/pt-pt\/content\/eba-2022_o-amor-cura-as-nossas-fragilidades-parte-2\/gmu-g2-o-amor-cura-as-nossas-fragilidades-eba-2022081011-pt-2-2\/","alt":"","author":"555","description":"","caption":"","name":"gmu-g2-o-amor-cura-as-nossas-fragilidades-eba-2022081011-pt-2-2","status":"inherit","uploaded_to":284244,"date":"2023-01-10 11:00:30","modified":"2023-01-10 13:07:00","menu_order":0,"mime_type":"application\/pdf","type":"application","subtype":"pdf","icon":"https:\/\/generate.focolare.org\/wp-includes\/images\/media\/document.png"}},{"language":"fr","file":{"ID":284439,"id":284439,"title":"GMU-G2-L'amour gu\u00e9rit nos faiblesses-SBA-2022081011-PT 2","filename":"GMU-G2-Lamour-guerit-nos-faiblesses-SBA-2022081011-PT-2.pdf","filesize":447245,"url":"https:\/\/generate.focolare.org\/wp-content\/uploads\/2022\/11\/GMU-G2-Lamour-guerit-nos-faiblesses-SBA-2022081011-PT-2.pdf","link":"https:\/\/generate.focolare.org\/pt-pt\/content\/eba-2022_o-amor-cura-as-nossas-fragilidades-parte-2\/gmu-g2-lamour-guerit-nos-faiblesses-sba-2022081011-pt-2-2\/","alt":"","author":"555","description":"","caption":"","name":"gmu-g2-lamour-guerit-nos-faiblesses-sba-2022081011-pt-2-2","status":"inherit","uploaded_to":284244,"date":"2023-01-10 16:14:23","modified":"2023-01-10 16:14:23","menu_order":0,"mime_type":"application\/pdf","type":"application","subtype":"pdf","icon":"https:\/\/generate.focolare.org\/wp-includes\/images\/media\/document.png"}}]},"headers":[],"status":200},{"data":{"id":284243,"date":"2022-08-18","date_gmt":"2023-01-10T12:57:32","guid":{"rendered":"https:\/\/generate.focolare.org\/?post_type=content&#038;p=284243"},"modified":"2023-01-10T13:57:32","modified_gmt":"2023-01-10T12:57:32","slug":"eba2022_o-amor-cura-e-acompanha-parte-2","status":"publish","type":"content","link":"https:\/\/generate.focolare.org\/pt-pt\/content\/eba2022_o-amor-cura-e-acompanha-parte-2\/","title":{"rendered":"EBA2022_O amor cura e acompanha Parte 2"},"excerpt":{"rendered":"<p>\u00c9 com este tema liderado por Roberto Almada, Mariane Berti e Jarsan Lavor, dois g\u00e9neros do Brasil, que podemos aprofundar a nossa compreens\u00e3o do valor do acompanhamento. O que \u00e9 o acompanhamento? Existe uma \u00e9tica de acompanhamento? Como podemos ser de ajuda atrav\u00e9s de uma boa entrevista? A din\u00e2mica responde a estas quest\u00f5es e desenvolve as v\u00e1rias etapas do acompanhamento. A conclus\u00e3o refere-se a um texto de Chiara de &#8217;49.<\/p>\n","protected":false},"featured_media":279854,"comment_status":"closed","ping_status":"closed","template":"","tags":[5501,5503,20144,10837],"contributor":[18433],"location":[11121],"audience":[4012,4015,4009],"class_list":["post-284243","content","type-content","status-publish","has-post-thumbnail","hentry","tag-escola-pt","tag-escola-assistentes-pt","tag-escola-de-brancos-pt","tag-escola-gen","contributor-centros-gen2-jpmu-pt-pt","location-montet-mariapolis-foco","audience-assistentes","audience-dirigentes","audience-gen-2"],"featured_media_url":{"thumbnail":"https:\/\/generate.focolare.org\/wp-content\/uploads\/2022\/11\/IMG_2236-150x150.jpg","medium":"https:\/\/generate.focolare.org\/wp-content\/uploads\/2022\/11\/IMG_2236-300x200.jpg","medium_large":"https:\/\/generate.focolare.org\/wp-content\/uploads\/2022\/11\/IMG_2236-768x512.jpg","large":"https:\/\/generate.focolare.org\/wp-content\/uploads\/2022\/11\/IMG_2236-1024x683.jpg","1536x1536":"https:\/\/generate.focolare.org\/wp-content\/uploads\/2022\/11\/IMG_2236-1536x1024.jpg","2048x2048":"https:\/\/generate.focolare.org\/wp-content\/uploads\/2022\/11\/IMG_2236-2048x1365.jpg","banner":"https:\/\/generate.focolare.org\/wp-content\/uploads\/2022\/11\/IMG_2236-1800x700.jpg","preview":"https:\/\/generate.focolare.org\/wp-content\/uploads\/2022\/11\/IMG_2236-500x400.jpg","profile_24":"https:\/\/generate.focolare.org\/wp-content\/uploads\/2022\/11\/IMG_2236-24x24.jpg","profile_48":"https:\/\/generate.focolare.org\/wp-content\/uploads\/2022\/11\/IMG_2236-48x48.jpg","profile_96":"https:\/\/generate.focolare.org\/wp-content\/uploads\/2022\/11\/IMG_2236-96x96.jpg","profile_150":"https:\/\/generate.focolare.org\/wp-content\/uploads\/2022\/11\/IMG_2236-150x150.jpg","profile_300":"https:\/\/generate.focolare.org\/wp-content\/uploads\/2022\/11\/IMG_2236-300x300.jpg"},"related":[284061,284215,284083,284237,284039,284149],"wpml_current_locale":"pt_PT","wpml_translations":[{"locale":"en_US","id":283376,"post_title":"SWA2022-Love heals and accompanies-Part 2","href":"https:\/\/generate.focolare.org\/en\/swa2022-love-heals-and-accompanies-part-2\/"},{"locale":"it_IT","id":277616,"post_title":"SBA2022_ L\u2019amore risana e accompagna Parte 2","href":"https:\/\/generate.focolare.org\/it\/sba2022_-lamore-risana-e-accompagna-parte-2\/"},{"locale":"fr_FR","id":284380,"post_title":"SBA2022_L'amour gu\u00e9rit et accompagne Partie 2","href":"https:\/\/generate.focolare.org\/fr\/sba2022_lamour-guerit-et-accompagne-partie-2\/"},{"locale":"es_ES","id":283665,"post_title":"EBA-2022_El amor sana y acompa\u00f1a-Parte 2","href":"https:\/\/generate.focolare.org\/es\/sba-2022_el-amor-sana-y-acompana-parte-2\/"}],"restrict_roles":null,"link_to_transcription":true,"source":{"ID":278950,"id":278950,"title":"TEMATICA ROBERTO 2 SBA 22 FINALE","filename":"TEMATICA-ROBERTO-2-SBA-22-FINALE.mp4","filesize":3806691647,"url":"https:\/\/generate.focolare.org\/wp-content\/uploads\/2022\/11\/TEMATICA-ROBERTO-2-SBA-22-FINALE.mp4","link":"https:\/\/generate.focolare.org\/pt-pt\/tematica-roberto-2-sba-22-finale-2\/","alt":"","author":"1132","description":"","caption":"","name":"tematica-roberto-2-sba-22-finale-2","status":"inherit","uploaded_to":0,"date":"2022-11-25 17:22:36","modified":"2022-11-25 17:22:36","menu_order":0,"mime_type":"video\/mp4","type":"video","subtype":"mp4","icon":"https:\/\/generate.focolare.org\/wp-includes\/images\/media\/video.png","width":1920,"height":1080},"format":"video","length":"47","transcriptions":[{"language":"it","file":{"ID":279143,"id":279143,"title":"GMU-G2-L'amore risana e accompagna-SBA-20220818","filename":"GMU-G2-Lamore-risana-e-accompagna-SBA-20220818-2.pdf","filesize":423339,"url":"https:\/\/generate.focolare.org\/wp-content\/uploads\/2022\/11\/GMU-G2-Lamore-risana-e-accompagna-SBA-20220818-2.pdf","link":"https:\/\/generate.focolare.org\/pt-pt\/content\/eba2022_o-amor-cura-e-acompanha-parte-2\/gmu-g2-lamore-risana-e-accompagna-sba-20220818-2-2\/","alt":"","author":"1126","description":"","caption":"","name":"gmu-g2-lamore-risana-e-accompagna-sba-20220818-2-2","status":"inherit","uploaded_to":284243,"date":"2022-11-26 09:29:49","modified":"2023-01-10 12:57:33","menu_order":0,"mime_type":"application\/pdf","type":"application","subtype":"pdf","icon":"https:\/\/generate.focolare.org\/wp-includes\/images\/media\/document.png"}},{"language":"en","file":{"ID":283369,"id":283369,"title":"GMU-G2- Love heals and accompanies-Part 2-SWA-20220818","filename":"GMU-G2-Love-heals-and-accompanies-Part-2-SWA-20220818.pdf","filesize":419946,"url":"https:\/\/generate.focolare.org\/wp-content\/uploads\/2022\/11\/GMU-G2-Love-heals-and-accompanies-Part-2-SWA-20220818.pdf","link":"https:\/\/generate.focolare.org\/pt-pt\/content\/eba2022_o-amor-cura-e-acompanha-parte-2\/gmu-g2-love-heals-and-accompanies-part-2-swa-20220818-2\/","alt":"","author":"555","description":"","caption":"","name":"gmu-g2-love-heals-and-accompanies-part-2-swa-20220818-2","status":"inherit","uploaded_to":284243,"date":"2023-01-04 15:29:59","modified":"2023-01-10 12:57:33","menu_order":0,"mime_type":"application\/pdf","type":"application","subtype":"pdf","icon":"https:\/\/generate.focolare.org\/wp-includes\/images\/media\/document.png"}},{"language":"es","file":{"ID":283853,"id":283853,"title":"GMU-G2-El amor sana y acompa\u00f1a-EBA-20220818-PT2","filename":"GMU-G2-El-amor-sana-y-acompana-EBA-20220818-PT2.pdf","filesize":384594,"url":"https:\/\/generate.focolare.org\/wp-content\/uploads\/2022\/11\/GMU-G2-El-amor-sana-y-acompana-EBA-20220818-PT2.pdf","link":"https:\/\/generate.focolare.org\/pt-pt\/content\/eba2022_o-amor-cura-e-acompanha-parte-2\/gmu-g2-el-amor-sana-y-acompana-eba-20220818-pt2-2\/","alt":"","author":"555","description":"","caption":"","name":"gmu-g2-el-amor-sana-y-acompana-eba-20220818-pt2-2","status":"inherit","uploaded_to":284243,"date":"2023-01-09 14:49:50","modified":"2023-01-10 12:57:33","menu_order":0,"mime_type":"application\/pdf","type":"application","subtype":"pdf","icon":"https:\/\/generate.focolare.org\/wp-includes\/images\/media\/document.png"}},{"language":"pt-pt","file":{"ID":284164,"id":284164,"title":"GMU-G2-O amor cura e acompanha-EBA-20220818-PT 2","filename":"GMU-G2-O-amor-cura-e-acompanha-EBA-20220818-PT-2.pdf","filesize":401640,"url":"https:\/\/generate.focolare.org\/wp-content\/uploads\/2022\/11\/GMU-G2-O-amor-cura-e-acompanha-EBA-20220818-PT-2.pdf","link":"https:\/\/generate.focolare.org\/pt-pt\/content\/eba2022_o-amor-cura-e-acompanha-parte-2\/gmu-g2-o-amor-cura-e-acompanha-eba-20220818-pt-2-2\/","alt":"","author":"555","description":"","caption":"","name":"gmu-g2-o-amor-cura-e-acompanha-eba-20220818-pt-2-2","status":"inherit","uploaded_to":284243,"date":"2023-01-10 10:53:19","modified":"2023-01-10 12:57:33","menu_order":0,"mime_type":"application\/pdf","type":"application","subtype":"pdf","icon":"https:\/\/generate.focolare.org\/wp-includes\/images\/media\/document.png"}},{"language":"fr","file":{"ID":284373,"id":284373,"title":"GMU-G2-L'amour gu\u00e9rit et accompagne-SBA-20220818_PT 2","filename":"GMU-G2-Lamour-guerit-et-accompagne-SBA-20220818_PT-2.pdf","filesize":469496,"url":"https:\/\/generate.focolare.org\/wp-content\/uploads\/2022\/11\/GMU-G2-Lamour-guerit-et-accompagne-SBA-20220818_PT-2.pdf","link":"https:\/\/generate.focolare.org\/pt-pt\/content\/eba2022_o-amor-cura-e-acompanha-parte-2\/gmu-g2-lamour-guerit-et-accompagne-sba-20220818_pt-2-2\/","alt":"","author":"555","description":"","caption":"","name":"gmu-g2-lamour-guerit-et-accompagne-sba-20220818_pt-2-2","status":"inherit","uploaded_to":284243,"date":"2023-01-10 16:01:08","modified":"2023-01-10 16:01:08","menu_order":0,"mime_type":"application\/pdf","type":"application","subtype":"pdf","icon":"https:\/\/generate.focolare.org\/wp-includes\/images\/media\/document.png"}}]},"headers":[],"status":200},{"data":{"id":284237,"date":"2022-08-11","date_gmt":"2023-01-10T11:12:51","guid":{"rendered":"https:\/\/generate.focolare.org\/?post_type=content&#038;p=284237"},"modified":"2023-01-10T12:12:51","modified_gmt":"2023-01-10T11:12:51","slug":"eba2022_o-amor-cura-as-nossas-fragilidades-parte-3","status":"publish","type":"content","link":"https:\/\/generate.focolare.org\/pt-pt\/content\/eba2022_o-amor-cura-as-nossas-fragilidades-parte-3\/","title":{"rendered":"EBA2022_O amor cura as nossas fragilidades\u00a0Parte 3"},"excerpt":{"rendered":"<p>Somos todos fr\u00e1geis. A fragilidade \u00e9 parte da nossa condi\u00e7\u00e3o humana. Por vezes temos sido feridos no amor, nas rela\u00e7\u00f5es, na confian\u00e7a, e as feridas sangram. O que acontece quando corajosamente tocamos e deixamos Jesus tocar-nos? A mulher com a hemorragia, mencionada no evangelho de Marcos, lidera o caminho nesta viagem. Necessidade de amor, f\u00e9 e salva\u00e7\u00e3o s\u00e3o as palavras que d\u00e3o ritmo a este tema. Um discurso sobre fragilidade porque o nosso Deus \u00e9 tamb\u00e9m &#8220;um Deus fr\u00e1gil&#8221;.<\/p>\n","protected":false},"featured_media":279276,"comment_status":"closed","ping_status":"closed","template":"","tags":[5501,5503,20144,10837],"contributor":[20315,18433],"location":[11121],"audience":[4012,4015,4009],"class_list":["post-284237","content","type-content","status-publish","has-post-thumbnail","hentry","tag-escola-pt","tag-escola-assistentes-pt","tag-escola-de-brancos-pt","tag-escola-gen","contributor-bertolasi-tommaso-pt-pt","contributor-centros-gen2-jpmu-pt-pt","location-montet-mariapolis-foco","audience-assistentes","audience-dirigentes","audience-gen-2"],"featured_media_url":{"thumbnail":"https:\/\/generate.focolare.org\/wp-content\/uploads\/2022\/11\/IMG_0408-150x150.jpg","medium":"https:\/\/generate.focolare.org\/wp-content\/uploads\/2022\/11\/IMG_0408-300x200.jpg","medium_large":"https:\/\/generate.focolare.org\/wp-content\/uploads\/2022\/11\/IMG_0408-768x512.jpg","large":"https:\/\/generate.focolare.org\/wp-content\/uploads\/2022\/11\/IMG_0408-1024x683.jpg","1536x1536":"https:\/\/generate.focolare.org\/wp-content\/uploads\/2022\/11\/IMG_0408-1536x1024.jpg","2048x2048":"https:\/\/generate.focolare.org\/wp-content\/uploads\/2022\/11\/IMG_0408-2048x1365.jpg","banner":"https:\/\/generate.focolare.org\/wp-content\/uploads\/2022\/11\/IMG_0408-1800x700.jpg","preview":"https:\/\/generate.focolare.org\/wp-content\/uploads\/2022\/11\/IMG_0408-500x400.jpg","profile_24":"https:\/\/generate.focolare.org\/wp-content\/uploads\/2022\/11\/IMG_0408-24x24.jpg","profile_48":"https:\/\/generate.focolare.org\/wp-content\/uploads\/2022\/11\/IMG_0408-48x48.jpg","profile_96":"https:\/\/generate.focolare.org\/wp-content\/uploads\/2022\/11\/IMG_0408-96x96.jpg","profile_150":"https:\/\/generate.focolare.org\/wp-content\/uploads\/2022\/11\/IMG_0408-150x150.jpg","profile_300":"https:\/\/generate.focolare.org\/wp-content\/uploads\/2022\/11\/IMG_0408-300x300.jpg"},"related":[284083,284017,284127,284244,284039,284149],"wpml_current_locale":"pt_PT","wpml_translations":[{"locale":"en_US","id":283442,"post_title":"SWA2022-Love heals our frailties-Part 3","href":"https:\/\/generate.focolare.org\/en\/swa2022-love-heals-our-frailties-part-3\/"},{"locale":"it_IT","id":274859,"post_title":"SBA2022_ L\u2019amore risana le nostre fragilit\u00e0 Parte 3","href":"https:\/\/generate.focolare.org\/it\/sba2022_-lamore-risana-le-nostre-fragilita-parte-3\/"},{"locale":"fr_FR","id":284469,"post_title":"SBA2022_L'amour gu\u00e9rit nos faiblesses Partie 3","href":"https:\/\/generate.focolare.org\/fr\/sba2022_lamour-guerit-nos-faiblesses-partie-3\/"},{"locale":"es_ES","id":283754,"post_title":"EBA2022_El amor sana nuestras fragilidades-Parte 3","href":"https:\/\/generate.focolare.org\/es\/sba2022_el-amor-sana-nuestras-fragilidades-parte-3\/"}],"restrict_roles":null,"link_to_transcription":true,"format":"video","length":"66","transcriptions":[{"language":"it","file":{"ID":279206,"id":279206,"title":"GMU-G2-Lamore-risana-le-nostre-fragilita-SBA-2022081011","filename":"GMU-G2-Lamore-risana-le-nostre-fragilita-SBA-2022081011-2.pdf","filesize":1265844,"url":"https:\/\/generate.focolare.org\/wp-content\/uploads\/2022\/11\/GMU-G2-Lamore-risana-le-nostre-fragilita-SBA-2022081011-2.pdf","link":"https:\/\/generate.focolare.org\/pt-pt\/content\/eba2022_o-amor-cura-as-nossas-fragilidades-parte-3\/gmu-g2-lamore-risana-le-nostre-fragilita-sba-2022081011-3-2\/","alt":"","author":"1126","description":"","caption":"","name":"gmu-g2-lamore-risana-le-nostre-fragilita-sba-2022081011-3-2","status":"inherit","uploaded_to":284237,"date":"2022-11-26 09:33:26","modified":"2023-01-10 11:12:52","menu_order":0,"mime_type":"application\/pdf","type":"application","subtype":"pdf","icon":"https:\/\/generate.focolare.org\/wp-includes\/images\/media\/document.png"}},{"language":"en","file":{"ID":283435,"id":283435,"title":"GMU-G2-Love heals our frailties-Part 3-SWA-2022081011","filename":"GMU-G2-Love-heals-our-frailties-Part-3-SWA-2022081011.pdf","filesize":467578,"url":"https:\/\/generate.focolare.org\/wp-content\/uploads\/2022\/11\/GMU-G2-Love-heals-our-frailties-Part-3-SWA-2022081011.pdf","link":"https:\/\/generate.focolare.org\/pt-pt\/content\/eba2022_o-amor-cura-as-nossas-fragilidades-parte-3\/gmu-g2-love-heals-our-frailties-part-3-swa-2022081011-2\/","alt":"","author":"555","description":"","caption":"","name":"gmu-g2-love-heals-our-frailties-part-3-swa-2022081011-2","status":"inherit","uploaded_to":284237,"date":"2023-01-04 15:53:37","modified":"2023-01-10 11:12:52","menu_order":0,"mime_type":"application\/pdf","type":"application","subtype":"pdf","icon":"https:\/\/generate.focolare.org\/wp-includes\/images\/media\/document.png"}},{"language":"es","file":{"ID":283769,"id":283769,"title":"GMU-G2-El amor sana nuestras fragilidades-EBA-2022081011-PT3","filename":"GMU-G2-El-amor-sana-nuestras-fragilidades-EBA-2022081011-PT3.pdf","filesize":431503,"url":"https:\/\/generate.focolare.org\/wp-content\/uploads\/2022\/11\/GMU-G2-El-amor-sana-nuestras-fragilidades-EBA-2022081011-PT3.pdf","link":"https:\/\/generate.focolare.org\/pt-pt\/content\/eba2022_o-amor-cura-as-nossas-fragilidades-parte-3\/gmu-g2-el-amor-sana-nuestras-fragilidades-eba-2022081011-pt3-2\/","alt":"","author":"555","description":"","caption":"","name":"gmu-g2-el-amor-sana-nuestras-fragilidades-eba-2022081011-pt3-2","status":"inherit","uploaded_to":284237,"date":"2023-01-09 14:42:33","modified":"2023-01-10 11:12:52","menu_order":0,"mime_type":"application\/pdf","type":"application","subtype":"pdf","icon":"https:\/\/generate.focolare.org\/wp-includes\/images\/media\/document.png"}},{"language":"pt-pt","file":{"ID":284230,"id":284230,"title":"GMU-G2-O amor cura as nossas fragilidades\u00a0-EBA-2022081011-PT 3","filename":"GMU-G2-O-amor-cura-as-nossas-fragilidades-EBA-2022081011-PT-3.pdf","filesize":438884,"url":"https:\/\/generate.focolare.org\/wp-content\/uploads\/2022\/11\/GMU-G2-O-amor-cura-as-nossas-fragilidades-EBA-2022081011-PT-3.pdf","link":"https:\/\/generate.focolare.org\/pt-pt\/content\/eba2022_o-amor-cura-as-nossas-fragilidades-parte-3\/gmu-g2-o-amor-cura-as-nossas-fragilidades-eba-2022081011-pt-3-2\/","alt":"","author":"555","description":"","caption":"","name":"gmu-g2-o-amor-cura-as-nossas-fragilidades-eba-2022081011-pt-3-2","status":"inherit","uploaded_to":284237,"date":"2023-01-10 11:10:52","modified":"2023-01-10 11:12:53","menu_order":0,"mime_type":"application\/pdf","type":"application","subtype":"pdf","icon":"https:\/\/generate.focolare.org\/wp-includes\/images\/media\/document.png"}},{"language":"fr","file":{"ID":284461,"id":284461,"title":"GMU-G2-L'amour gu\u00e9rit nos faiblesses-SBA-2022081011-PT 3","filename":"GMU-G2-Lamour-guerit-nos-faiblesses-SBA-2022081011-PT-3.pdf","filesize":447245,"url":"https:\/\/generate.focolare.org\/wp-content\/uploads\/2022\/11\/GMU-G2-Lamour-guerit-nos-faiblesses-SBA-2022081011-PT-3.pdf","link":"https:\/\/generate.focolare.org\/pt-pt\/content\/eba2022_o-amor-cura-as-nossas-fragilidades-parte-3\/gmu-g2-lamour-guerit-nos-faiblesses-sba-2022081011-pt-3-2\/","alt":"","author":"555","description":"","caption":"","name":"gmu-g2-lamour-guerit-nos-faiblesses-sba-2022081011-pt-3-2","status":"inherit","uploaded_to":284237,"date":"2023-01-10 16:17:20","modified":"2023-01-10 16:17:20","menu_order":0,"mime_type":"application\/pdf","type":"application","subtype":"pdf","icon":"https:\/\/generate.focolare.org\/wp-includes\/images\/media\/document.png"}}],"source":{"ID":274900,"id":274900,"title":"TOMASSO FINALE 3 SBA 22","filename":"TOMASSO-FINALE-3-SBA-22.mp4","filesize":5100759260,"url":"https:\/\/generate.focolare.org\/wp-content\/uploads\/2022\/11\/TOMASSO-FINALE-3-SBA-22.mp4","link":"https:\/\/generate.focolare.org\/pt-pt\/tomasso-finale-3-sba-22-2\/","alt":"","author":"1461","description":"","caption":"","name":"tomasso-finale-3-sba-22-2","status":"inherit","uploaded_to":0,"date":"2022-11-10 16:12:05","modified":"2022-11-10 16:12:05","menu_order":0,"mime_type":"video\/mp4","type":"video","subtype":"mp4","icon":"https:\/\/generate.focolare.org\/wp-includes\/images\/media\/video.png","width":1920,"height":1080}},"headers":[],"status":200},{"data":{"id":284215,"date":"2022-08-18","date_gmt":"2023-01-10T11:09:40","guid":{"rendered":"https:\/\/generate.focolare.org\/?post_type=content&#038;p=284215"},"modified":"2023-01-10T12:09:40","modified_gmt":"2023-01-10T11:09:40","slug":"eba2022_o-amor-cura-e-acompanha-parte-3","status":"publish","type":"content","link":"https:\/\/generate.focolare.org\/pt-pt\/content\/eba2022_o-amor-cura-e-acompanha-parte-3\/","title":{"rendered":"EBA2022_O amor cura e acompanha Parte 3"},"excerpt":{"rendered":"<p>\u00c9 com este tema liderado por Roberto Almada, Mariane Berti e Jarsan Lavor, dois g\u00e9neros do Brasil, que podemos aprofundar a nossa compreens\u00e3o do valor do acompanhamento. O que \u00e9 o acompanhamento? Existe uma \u00e9tica de acompanhamento? Como podemos ser de ajuda atrav\u00e9s de uma boa entrevista? A din\u00e2mica responde a estas quest\u00f5es e desenvolve as v\u00e1rias etapas do acompanhamento. A conclus\u00e3o refere-se a um texto de Chiara de &#8217;49.<\/p>\n","protected":false},"featured_media":279875,"comment_status":"closed","ping_status":"closed","template":"","tags":[5501,5503,20144,10837],"contributor":[18433],"location":[11121],"audience":[4012,4015,4009],"class_list":["post-284215","content","type-content","status-publish","has-post-thumbnail","hentry","tag-escola-pt","tag-escola-assistentes-pt","tag-escola-de-brancos-pt","tag-escola-gen","contributor-centros-gen2-jpmu-pt-pt","location-montet-mariapolis-foco","audience-assistentes","audience-dirigentes","audience-gen-2"],"featured_media_url":{"thumbnail":"https:\/\/generate.focolare.org\/wp-content\/uploads\/2022\/11\/IMG_2287-150x150.jpg","medium":"https:\/\/generate.focolare.org\/wp-content\/uploads\/2022\/11\/IMG_2287-300x200.jpg","medium_large":"https:\/\/generate.focolare.org\/wp-content\/uploads\/2022\/11\/IMG_2287-768x512.jpg","large":"https:\/\/generate.focolare.org\/wp-content\/uploads\/2022\/11\/IMG_2287-1024x683.jpg","1536x1536":"https:\/\/generate.focolare.org\/wp-content\/uploads\/2022\/11\/IMG_2287-1536x1024.jpg","2048x2048":"https:\/\/generate.focolare.org\/wp-content\/uploads\/2022\/11\/IMG_2287-2048x1365.jpg","banner":"https:\/\/generate.focolare.org\/wp-content\/uploads\/2022\/11\/IMG_2287-1800x700.jpg","preview":"https:\/\/generate.focolare.org\/wp-content\/uploads\/2022\/11\/IMG_2287-500x400.jpg","profile_24":"https:\/\/generate.focolare.org\/wp-content\/uploads\/2022\/11\/IMG_2287-24x24.jpg","profile_48":"https:\/\/generate.focolare.org\/wp-content\/uploads\/2022\/11\/IMG_2287-48x48.jpg","profile_96":"https:\/\/generate.focolare.org\/wp-content\/uploads\/2022\/11\/IMG_2287-96x96.jpg","profile_150":"https:\/\/generate.focolare.org\/wp-content\/uploads\/2022\/11\/IMG_2287-150x150.jpg","profile_300":"https:\/\/generate.focolare.org\/wp-content\/uploads\/2022\/11\/IMG_2287-300x300.jpg"},"related":[284061,284243,284083,284237,284039,284149],"wpml_current_locale":"pt_PT","wpml_translations":[{"locale":"en_US","id":283398,"post_title":"SWA2022-Love heals and accompanies-Part 3","href":"https:\/\/generate.focolare.org\/en\/swa2022-love-heals-and-accompanies-part-3\/"},{"locale":"it_IT","id":277659,"post_title":"SBA2022_ L\u2019amore risana e accompagna Parte 3","href":"https:\/\/generate.focolare.org\/it\/sba2022_-lamore-risana-e-accompagna-parte-3\/"},{"locale":"fr_FR","id":284402,"post_title":"SBA2022_L'amour gu\u00e9rit et accompagne Partie 3","href":"https:\/\/generate.focolare.org\/fr\/sba-2022_lamour-guerit-et-accompagne-partie-3\/"},{"locale":"es_ES","id":283687,"post_title":"EBA2022_El amor sana y acompa\u00f1a-Parte 3","href":"https:\/\/generate.focolare.org\/es\/sba2022_el-amor-sana-y-acompana-parte-3\/"}],"restrict_roles":null,"link_to_transcription":true,"format":"video","length":"75","transcriptions":[{"language":"it","file":{"ID":279164,"id":279164,"title":"GMU-G2-L'amore risana e accompagna-SBA-20220818","filename":"GMU-G2-Lamore-risana-e-accompagna-SBA-20220818-3.pdf","filesize":423339,"url":"https:\/\/generate.focolare.org\/wp-content\/uploads\/2022\/11\/GMU-G2-Lamore-risana-e-accompagna-SBA-20220818-3.pdf","link":"https:\/\/generate.focolare.org\/pt-pt\/content\/eba2022_o-amor-cura-e-acompanha-parte-3\/gmu-g2-lamore-risana-e-accompagna-sba-20220818-3-2\/","alt":"","author":"1126","description":"","caption":"","name":"gmu-g2-lamore-risana-e-accompagna-sba-20220818-3-2","status":"inherit","uploaded_to":284215,"date":"2022-11-26 09:30:44","modified":"2023-01-10 11:09:40","menu_order":0,"mime_type":"application\/pdf","type":"application","subtype":"pdf","icon":"https:\/\/generate.focolare.org\/wp-includes\/images\/media\/document.png"}},{"language":"en","file":{"ID":283391,"id":283391,"title":"GMU-G2- Love heals and accompanies-Part 3-SWA-20220818","filename":"GMU-G2-Love-heals-and-accompanies-Part-3-SWA-20220818.pdf","filesize":419946,"url":"https:\/\/generate.focolare.org\/wp-content\/uploads\/2022\/11\/GMU-G2-Love-heals-and-accompanies-Part-3-SWA-20220818.pdf","link":"https:\/\/generate.focolare.org\/pt-pt\/content\/eba2022_o-amor-cura-e-acompanha-parte-3\/gmu-g2-love-heals-and-accompanies-part-3-swa-20220818-2\/","alt":"","author":"555","description":"","caption":"","name":"gmu-g2-love-heals-and-accompanies-part-3-swa-20220818-2","status":"inherit","uploaded_to":284215,"date":"2023-01-04 15:37:15","modified":"2023-01-10 11:09:40","menu_order":0,"mime_type":"application\/pdf","type":"application","subtype":"pdf","icon":"https:\/\/generate.focolare.org\/wp-includes\/images\/media\/document.png"}},{"language":"es","file":{"ID":283874,"id":283874,"title":"GMU-G2-El amor sana y acompa\u00f1a-EBA-20220818-PT3","filename":"GMU-G2-El-amor-sana-y-acompana-EBA-20220818-PT3.pdf","filesize":384594,"url":"https:\/\/generate.focolare.org\/wp-content\/uploads\/2022\/11\/GMU-G2-El-amor-sana-y-acompana-EBA-20220818-PT3.pdf","link":"https:\/\/generate.focolare.org\/pt-pt\/content\/eba2022_o-amor-cura-e-acompanha-parte-3\/gmu-g2-el-amor-sana-y-acompana-eba-20220818-pt3-2\/","alt":"","author":"555","description":"","caption":"","name":"gmu-g2-el-amor-sana-y-acompana-eba-20220818-pt3-2","status":"inherit","uploaded_to":284215,"date":"2023-01-09 14:50:58","modified":"2023-01-10 11:09:41","menu_order":0,"mime_type":"application\/pdf","type":"application","subtype":"pdf","icon":"https:\/\/generate.focolare.org\/wp-includes\/images\/media\/document.png"}},{"language":"pt-pt","file":{"ID":284208,"id":284208,"title":"GMU-G2-O amor cura e acompanha-EBA-20220818-PT 3","filename":"GMU-G2-O-amor-cura-e-acompanha-EBA-20220818-PT-3.pdf","filesize":401640,"url":"https:\/\/generate.focolare.org\/wp-content\/uploads\/2022\/11\/GMU-G2-O-amor-cura-e-acompanha-EBA-20220818-PT-3.pdf","link":"https:\/\/generate.focolare.org\/pt-pt\/content\/eba2022_o-amor-cura-e-acompanha-parte-3\/gmu-g2-o-amor-cura-e-acompanha-eba-20220818-pt-3-2\/","alt":"","author":"555","description":"","caption":"","name":"gmu-g2-o-amor-cura-e-acompanha-eba-20220818-pt-3-2","status":"inherit","uploaded_to":284215,"date":"2023-01-10 11:07:39","modified":"2023-01-10 11:09:41","menu_order":0,"mime_type":"application\/pdf","type":"application","subtype":"pdf","icon":"https:\/\/generate.focolare.org\/wp-includes\/images\/media\/document.png"}},{"language":"fr","file":{"ID":284395,"id":284395,"title":"GMU-G2-L'amour gu\u00e9rit et accompagne-SBA-20220818_PT 3","filename":"GMU-G2-Lamour-guerit-et-accompagne-SBA-20220818_PT-3.pdf","filesize":469496,"url":"https:\/\/generate.focolare.org\/wp-content\/uploads\/2022\/11\/GMU-G2-Lamour-guerit-et-accompagne-SBA-20220818_PT-3.pdf","link":"https:\/\/generate.focolare.org\/pt-pt\/content\/eba2022_o-amor-cura-e-acompanha-parte-3\/gmu-g2-lamour-guerit-et-accompagne-sba-20220818_pt-3-2\/","alt":"","author":"555","description":"","caption":"","name":"gmu-g2-lamour-guerit-et-accompagne-sba-20220818_pt-3-2","status":"inherit","uploaded_to":284215,"date":"2023-01-10 16:05:51","modified":"2023-01-10 16:05:51","menu_order":0,"mime_type":"application\/pdf","type":"application","subtype":"pdf","icon":"https:\/\/generate.focolare.org\/wp-includes\/images\/media\/document.png"}}],"source":{"ID":279036,"id":279036,"title":"TEMATICA ROBERTO 3 SBA 22 FINALE","filename":"TEMATICA-ROBERTO-3-SBA-22-FINALE.mp4","filesize":6060657717,"url":"https:\/\/generate.focolare.org\/wp-content\/uploads\/2022\/11\/TEMATICA-ROBERTO-3-SBA-22-FINALE.mp4","link":"https:\/\/generate.focolare.org\/pt-pt\/tematica-roberto-3-sba-22-finale-2\/","alt":"","author":"1132","description":"","caption":"","name":"tematica-roberto-3-sba-22-finale-2","status":"inherit","uploaded_to":0,"date":"2022-11-25 17:51:04","modified":"2022-11-25 17:51:04","menu_order":0,"mime_type":"video\/mp4","type":"video","subtype":"mp4","icon":"https:\/\/generate.focolare.org\/wp-includes\/images\/media\/video.png","width":1920,"height":1080}},"headers":[],"status":200}],"_links":{"self":[{"href":"https:\/\/generate.focolare.org\/pt-pt\/wp-json\/wp\/v2\/tags\/5501","targetHints":{"allow":["GET"]}}],"collection":[{"href":"https:\/\/generate.focolare.org\/pt-pt\/wp-json\/wp\/v2\/tags"}],"about":[{"href":"https:\/\/generate.focolare.org\/pt-pt\/wp-json\/wp\/v2\/taxonomies\/post_tag"}],"wp:post_type":[{"href":"https:\/\/generate.focolare.org\/pt-pt\/wp-json\/wp\/v2\/posts?tags=5501"},{"href":"https:\/\/generate.focolare.org\/pt-pt\/wp-json\/wp\/v2\/content?tags=5501"},{"href":"https:\/\/generate.focolare.org\/pt-pt\/wp-json\/wp\/v2\/playlist?tags=5501"}],"curies":[{"name":"wp","href":"https:\/\/api.w.org\/{rel}","templated":true}]}}