{"id":4613,"count":3,"description":"","link":"https:\/\/generate.focolare.org\/pt-pt\/tag\/virgindade\/","name":"Virgindade","slug":"virgindade","taxonomy":"post_tag","meta":[],"objects":[{"data":{"id":130325,"date":"1974-12-31","date_gmt":"2022-02-12T17:47:37","guid":{"rendered":"https:\/\/generate.focolare.org\/?post_type=content&#038;p=130325"},"modified":"2022-02-12T18:47:37","modified_gmt":"2022-02-12T17:47:37","slug":"chiara-e-padre-foresi-aos-dirigentes-gen-perguntas-e-respostas","status":"publish","type":"content","link":"https:\/\/generate.focolare.org\/pt-pt\/content\/chiara-e-padre-foresi-aos-dirigentes-gen-perguntas-e-respostas\/","title":{"rendered":"Chiara e Padre Foresi aos dirigentes gen: perguntas e respostas"},"excerpt":{"rendered":"<p>Virgindade, experi\u00eancia de Clare; Foco e os focolarinos casados. Na organiza\u00e7\u00e3o do Movimento Gen, a vida trinit\u00e1ria \u00e9 vivida. Ouvir essa voz; participa\u00e7\u00e3o na vida de Maria. Nova arte; em Jesus \u00e9 tudo filosofia. Nova sociologia nascida do Ideal.<\/p>\n","protected":false},"featured_media":105799,"comment_status":"closed","ping_status":"closed","template":"","tags":[4109,5151,5660,2871,4613],"contributor":[4079,4086],"location":[3968],"audience":[4015],"class_list":["post-130325","content","type-content","status-publish","has-post-thumbnail","hentry","tag-arte","tag-branco-pt-pt","tag-filosofias","tag-maria","tag-virgindade","contributor-foresi-pasquale-chiaretto","contributor-lubich-chiara","location-rocca-di-papa","audience-dirigentes"],"featured_media_url":{"thumbnail":"https:\/\/generate.focolare.org\/wp-content\/uploads\/2021\/01\/17-1-150x150.jpg","medium":"https:\/\/generate.focolare.org\/wp-content\/uploads\/2021\/01\/17-1-300x203.jpg","medium_large":"https:\/\/generate.focolare.org\/wp-content\/uploads\/2021\/01\/17-1-768x519.jpg","large":"https:\/\/generate.focolare.org\/wp-content\/uploads\/2021\/01\/17-1.jpg","1536x1536":"https:\/\/generate.focolare.org\/wp-content\/uploads\/2021\/01\/17-1.jpg","2048x2048":"https:\/\/generate.focolare.org\/wp-content\/uploads\/2021\/01\/17-1.jpg","banner":"https:\/\/generate.focolare.org\/wp-content\/uploads\/2021\/01\/17-1.jpg","preview":"https:\/\/generate.focolare.org\/wp-content\/uploads\/2021\/01\/17-1-500x400.jpg","profile_24":"https:\/\/generate.focolare.org\/wp-content\/uploads\/2021\/01\/17-1.jpg","profile_48":"https:\/\/generate.focolare.org\/wp-content\/uploads\/2021\/01\/17-1.jpg","profile_96":"https:\/\/generate.focolare.org\/wp-content\/uploads\/2021\/01\/17-1.jpg","profile_150":"https:\/\/generate.focolare.org\/wp-content\/uploads\/2021\/01\/17-1.jpg","profile_300":"https:\/\/generate.focolare.org\/wp-content\/uploads\/2021\/01\/17-1.jpg"},"related":[20994,80099,1974,38047,19786,80304],"wpml_current_locale":"pt_PT","wpml_translations":[{"locale":"en_US","id":80212,"post_title":"Chiara and Don Foresi:Answers to the Gen leaders","href":"https:\/\/generate.focolare.org\/en\/chiara-and-don-foresianswers-to-the-gen-leaders\/"},{"locale":"it_IT","id":34519,"post_title":"Chiara e Don Foresi: Risposte Ai Dirigenti Gen","href":"https:\/\/generate.focolare.org\/it\/chiara-e-don-foresi-risposte-ai-dirigenti-gen\/"},{"locale":"fr_FR","id":80211,"post_title":"Chiara et Don Foresi : R\u00e9ponses aux dirigeants Gen.","href":"https:\/\/generate.focolare.org\/fr\/chiara-et-don-foresi-reponses-aux-dirigeants-gen\/"},{"locale":"es_ES","id":80210,"post_title":"Chiara y Don Foresi: Respuestas a los dirigentes Gen","href":"https:\/\/generate.focolare.org\/es\/chiara-y-don-foresi-respuestas-a-los-dirigentes-gen\/"}],"restrict_roles":null,"link_to_transcription":true,"source":{"ID":113291,"id":113291,"title":"SCM-VD-19741231-0106Mcopy","filename":"SCM-VD-19741231-0106Mcopy.mp4","filesize":985500080,"url":"https:\/\/generate.focolare.org\/wp-content\/uploads\/2020\/09\/SCM-VD-19741231-0106Mcopy.mp4.hsl\/index.m3u8","link":"https:\/\/generate.focolare.org\/pt-pt\/scm-vd-19741231-0106mcopy-2\/","alt":"","author":"38","description":"","caption":"","name":"scm-vd-19741231-0106mcopy-2","status":"inherit","uploaded_to":0,"date":"2021-05-17 06:22:33","modified":"2021-05-17 06:22:33","menu_order":0,"mime_type":"application\/x-mpegURL","type":"video","subtype":"mp4","icon":"https:\/\/generate.focolare.org\/wp-includes\/images\/media\/video.png","width":720,"height":576},"format":"video","length":"62","transcriptions":[{"language":"it","file":{"ID":34598,"id":34598,"title":"1047877-text-it","filename":"1047877-text-it.pdf","filesize":222079,"url":"https:\/\/generate.focolare.org\/wp-content\/uploads\/2020\/08\/1047877-text-it.pdf","link":"https:\/\/generate.focolare.org\/pt-pt\/content\/chiara-e-padre-foresi-aos-dirigentes-gen-perguntas-e-respostas\/1047877-text-it-2\/","alt":"","author":"0","description":"","caption":"","name":"1047877-text-it-2","status":"inherit","uploaded_to":130325,"date":"2020-08-26 15:14:56","modified":"2022-02-12 17:47:37","menu_order":0,"mime_type":"application\/pdf","type":"application","subtype":"pdf","icon":"https:\/\/generate.focolare.org\/wp-includes\/images\/media\/document.png"}},{"language":"en","file":{"ID":274155,"id":274155,"title":"GMU-G2-Chiara and Father Foresi _ Answers to 11 questions_ 19741231","filename":"GMU-G2-Chiara-and-Father-Foresi-_-Answers-to-11-questions_-19741231.pdf","filesize":593857,"url":"https:\/\/generate.focolare.org\/wp-content\/uploads\/2020\/09\/GMU-G2-Chiara-and-Father-Foresi-_-Answers-to-11-questions_-19741231.pdf","link":"https:\/\/generate.focolare.org\/pt-pt\/content\/chiara-e-padre-foresi-aos-dirigentes-gen-perguntas-e-respostas\/gmu-g2-chiara-and-father-foresi-_-answers-to-11-questions_-19741231-2\/","alt":"","author":"1461","description":"","caption":"","name":"gmu-g2-chiara-and-father-foresi-_-answers-to-11-questions_-19741231-2","status":"inherit","uploaded_to":130325,"date":"2022-10-13 14:32:15","modified":"2022-10-13 14:32:15","menu_order":0,"mime_type":"application\/pdf","type":"application","subtype":"pdf","icon":"https:\/\/generate.focolare.org\/wp-includes\/images\/media\/document.png"}},{"language":"pt-pt","file":{"ID":130318,"id":130318,"title":"19741231-Risposte Dirigenti Gen Portoghese","filename":"19741231-Risposte-Dirigenti-Gen-Portoghese.pdf","filesize":159878,"url":"https:\/\/generate.focolare.org\/wp-content\/uploads\/2020\/09\/19741231-Risposte-Dirigenti-Gen-Portoghese.pdf","link":"https:\/\/generate.focolare.org\/pt-pt\/content\/chiara-e-padre-foresi-aos-dirigentes-gen-perguntas-e-respostas\/19741231-risposte-dirigenti-gen-portoghese-2\/","alt":"","author":"22","description":"","caption":"","name":"19741231-risposte-dirigenti-gen-portoghese-2","status":"inherit","uploaded_to":130325,"date":"2022-02-12 17:45:14","modified":"2022-02-12 17:47:38","menu_order":0,"mime_type":"application\/pdf","type":"application","subtype":"pdf","icon":"https:\/\/generate.focolare.org\/wp-includes\/images\/media\/document.png"}},{"language":"es","file":{"ID":34547,"id":34547,"title":"1047877-text-es","filename":"1047877-text-es.pdf","filesize":163563,"url":"https:\/\/generate.focolare.org\/wp-content\/uploads\/2020\/08\/1047877-text-es.pdf","link":"https:\/\/generate.focolare.org\/pt-pt\/content\/chiara-e-padre-foresi-aos-dirigentes-gen-perguntas-e-respostas\/1047877-text-es-2\/","alt":"","author":"0","description":"","caption":"","name":"1047877-text-es-2","status":"inherit","uploaded_to":130325,"date":"2020-08-26 15:14:46","modified":"2022-02-12 17:47:38","menu_order":0,"mime_type":"application\/pdf","type":"application","subtype":"pdf","icon":"https:\/\/generate.focolare.org\/wp-includes\/images\/media\/document.png"}},{"language":"fr","file":{"ID":34632,"id":34632,"title":"1047877-text-fr","filename":"1047877-text-fr.pdf","filesize":155676,"url":"https:\/\/generate.focolare.org\/wp-content\/uploads\/2020\/08\/1047877-text-fr.pdf","link":"https:\/\/generate.focolare.org\/pt-pt\/content\/chiara-e-padre-foresi-aos-dirigentes-gen-perguntas-e-respostas\/1047877-text-fr-2\/","alt":"","author":"0","description":"","caption":"","name":"1047877-text-fr-2","status":"inherit","uploaded_to":130325,"date":"2020-08-26 15:15:04","modified":"2022-02-12 17:47:39","menu_order":0,"mime_type":"application\/pdf","type":"application","subtype":"pdf","icon":"https:\/\/generate.focolare.org\/wp-includes\/images\/media\/document.png"}}]},"headers":[],"status":200},{"data":{"id":80478,"date":"1978-04-20","date_gmt":"2020-11-15T23:18:30","guid":{"rendered":"https:\/\/generate.focolare.org\/?post_type=content&#038;p=80478"},"modified":"2021-08-24T08:53:40","modified_gmt":"2021-08-24T07:53:40","slug":"respostas-a-escola-gen","status":"publish","type":"content","link":"https:\/\/generate.focolare.org\/pt-pt\/content\/respostas-a-escola-gen\/","title":{"rendered":"Respostas a Escola Gen"},"excerpt":{"rendered":"<p>Chiara responde a 12 perguntas na Escola Gen de Rocca di Papa<\/p>\n","protected":false},"featured_media":28967,"comment_status":"closed","ping_status":"closed","template":"","tags":[5501,5523,5464,4613],"contributor":[4086],"location":[3968],"audience":[4009],"class_list":["post-80478","content","type-content","status-publish","has-post-thumbnail","hentry","tag-escola-pt","tag-focolare","tag-pacto","tag-virgindade","contributor-lubich-chiara","location-rocca-di-papa","audience-gen-2"],"featured_media_url":{"thumbnail":"https:\/\/generate.focolare.org\/wp-content\/uploads\/2020\/07\/274-cover-150x150.jpg","medium":"https:\/\/generate.focolare.org\/wp-content\/uploads\/2020\/07\/274-cover-300x240.jpg","medium_large":"https:\/\/generate.focolare.org\/wp-content\/uploads\/2020\/07\/274-cover.jpg","large":"https:\/\/generate.focolare.org\/wp-content\/uploads\/2020\/07\/274-cover.jpg","1536x1536":"https:\/\/generate.focolare.org\/wp-content\/uploads\/2020\/07\/274-cover.jpg","2048x2048":"https:\/\/generate.focolare.org\/wp-content\/uploads\/2020\/07\/274-cover.jpg","banner":"https:\/\/generate.focolare.org\/wp-content\/uploads\/2020\/07\/274-cover.jpg","preview":"https:\/\/generate.focolare.org\/wp-content\/uploads\/2020\/07\/274-cover-500x400.jpg","profile_24":"https:\/\/generate.focolare.org\/wp-content\/uploads\/2020\/07\/274-cover.jpg","profile_48":"https:\/\/generate.focolare.org\/wp-content\/uploads\/2020\/07\/274-cover.jpg","profile_96":"https:\/\/generate.focolare.org\/wp-content\/uploads\/2020\/07\/274-cover.jpg","profile_150":"https:\/\/generate.focolare.org\/wp-content\/uploads\/2020\/07\/274-cover.jpg","profile_300":"https:\/\/generate.focolare.org\/wp-content\/uploads\/2020\/07\/274-cover.jpg"},"related":[80443,79995,80105,1974,80044,119314],"wpml_current_locale":"pt_PT","wpml_translations":[{"locale":"en_US","id":80477,"post_title":"Answers to the Gen School","href":"https:\/\/generate.focolare.org\/en\/answers-to-the-gen-school\/"},{"locale":"it_IT","id":274,"post_title":"Risposte alle Scuole Gen","href":"https:\/\/generate.focolare.org\/it\/risposte-alle-scuole-gen\/"},{"locale":"fr_FR","id":80476,"post_title":"R\u00e9ponses aux Ecoles Gen","href":"https:\/\/generate.focolare.org\/fr\/reponses-aux-ecoles-gen\/"},{"locale":"es_ES","id":80480,"post_title":"Respuestas a las Escuelas Gen","href":"https:\/\/generate.focolare.org\/es\/respuestas-a-las-escuelas-gen\/"},{"locale":"ar","id":278697,"post_title":"\u0625\u062c\u0627\u0628\u0627\u062a \u0644\u0645\u062f\u0631\u0633\u0629 \u0627\u0644\u062c\u0627\u0646","href":"https:\/\/generate.focolare.org\/ar\/%d8%a5%d8%ac%d8%a7%d8%a8%d8%a7%d8%aa-%d9%84%d9%85%d8%af%d8%b1%d8%b3%d8%a9-%d8%a7%d9%84%d8%ac%d8%a7%d9%86\/"},{"locale":"nl_NL","id":80474,"post_title":"Antwoorden aan de Genscholen","href":"https:\/\/generate.focolare.org\/nl\/antwoorden-aan-de-genscholen\/"},{"locale":"de_DE","id":80481,"post_title":"Fragen und Antworten bei den Genschulen","href":"https:\/\/generate.focolare.org\/de\/fragen-und-antworten-bei-den-genschulen\/"},{"locale":"ko_KR","id":80475,"post_title":"\uc820\ud559\uad50\uc5d0\uc11c\uc758 \ub2f5\ubcc0","href":"https:\/\/generate.focolare.org\/ko\/answers-to-the-gen-school-ko\/"},{"locale":"sl_SI","id":80479,"post_title":"Odgovori \u0161olama gen","href":"https:\/\/generate.focolare.org\/sl\/odgovori-solama-gen\/"}],"link_to_transcription":true,"restrict_roles":null,"format":"video","length":"56","transcriptions":[{"language":"nl","file":{"ID":82777,"id":82777,"title":"gen-31-text-nl","filename":"gen-31-text-nl.pdf","filesize":645835,"url":"https:\/\/generate.focolare.org\/wp-content\/uploads\/2020\/06\/gen-31-text-nl.pdf","link":"https:\/\/generate.focolare.org\/pt-pt\/content\/respostas-a-escola-gen\/gen-31-text-nl\/","alt":"","author":"1","description":"","caption":"","name":"gen-31-text-nl","status":"inherit","uploaded_to":80478,"date":"2020-06-02 17:41:48","modified":"2020-06-02 17:41:48","menu_order":0,"mime_type":"application\/pdf","type":"application","subtype":"pdf","icon":"https:\/\/generate.focolare.org\/wp-includes\/images\/media\/document.png"}},{"language":"ko","file":{"ID":82778,"id":82778,"title":"gen-31-text-ko","filename":"gen-31-text-ko.pdf","filesize":294636,"url":"https:\/\/generate.focolare.org\/wp-content\/uploads\/2020\/06\/gen-31-text-ko.pdf","link":"https:\/\/generate.focolare.org\/pt-pt\/content\/respostas-a-escola-gen\/gen-31-text-ko\/","alt":"","author":"1","description":"","caption":"","name":"gen-31-text-ko","status":"inherit","uploaded_to":80478,"date":"2020-06-02 17:41:49","modified":"2020-06-02 17:41:49","menu_order":0,"mime_type":"application\/pdf","type":"application","subtype":"pdf","icon":"https:\/\/generate.focolare.org\/wp-includes\/images\/media\/document.png"}},{"language":"fr","file":{"ID":82779,"id":82779,"title":"gen-31-text-fr","filename":"gen-31-text-fr.pdf","filesize":83001,"url":"https:\/\/generate.focolare.org\/wp-content\/uploads\/2020\/06\/gen-31-text-fr.pdf","link":"https:\/\/generate.focolare.org\/pt-pt\/content\/respostas-a-escola-gen\/gen-31-text-fr\/","alt":"","author":"1","description":"","caption":"","name":"gen-31-text-fr","status":"inherit","uploaded_to":80478,"date":"2020-06-02 17:41:49","modified":"2020-06-02 17:41:49","menu_order":0,"mime_type":"application\/pdf","type":"application","subtype":"pdf","icon":"https:\/\/generate.focolare.org\/wp-includes\/images\/media\/document.png"}},{"language":"en","file":{"ID":82780,"id":82780,"title":"gen-31-text-en","filename":"gen-31-text-en.pdf","filesize":71632,"url":"https:\/\/generate.focolare.org\/wp-content\/uploads\/2020\/06\/gen-31-text-en.pdf","link":"https:\/\/generate.focolare.org\/pt-pt\/content\/respostas-a-escola-gen\/gen-31-text-en\/","alt":"","author":"1","description":"","caption":"","name":"gen-31-text-en","status":"inherit","uploaded_to":80478,"date":"2020-06-02 17:41:49","modified":"2020-06-02 17:41:49","menu_order":0,"mime_type":"application\/pdf","type":"application","subtype":"pdf","icon":"https:\/\/generate.focolare.org\/wp-includes\/images\/media\/document.png"}},{"language":"pt-pt","file":{"ID":514,"id":514,"title":"gen-31-text-pt","filename":"gen-31-text-pt.pdf","filesize":80786,"url":"https:\/\/generate.focolare.org\/wp-content\/uploads\/2020\/06\/gen-31-text-pt.pdf","link":"https:\/\/generate.focolare.org\/pt-pt\/content\/risposte-alle-scuole-gen\/gen-31-text-pt\/","alt":"","author":"1","description":"","caption":"","name":"gen-31-text-pt","status":"inherit","uploaded_to":274,"date":"2020-06-02 17:41:49","modified":"2020-06-02 17:41:50","menu_order":0,"mime_type":"application\/pdf","type":"application","subtype":"pdf","icon":"https:\/\/generate.focolare.org\/wp-includes\/images\/media\/document.png"}},{"language":"sl","file":{"ID":82781,"id":82781,"title":"gen-31-text-sl","filename":"gen-31-text-sl.pdf","filesize":94251,"url":"https:\/\/generate.focolare.org\/wp-content\/uploads\/2020\/06\/gen-31-text-sl.pdf","link":"https:\/\/generate.focolare.org\/pt-pt\/content\/respostas-a-escola-gen\/gen-31-text-sl\/","alt":"","author":"1","description":"","caption":"","name":"gen-31-text-sl","status":"inherit","uploaded_to":80478,"date":"2020-06-02 17:41:49","modified":"2020-06-02 17:41:49","menu_order":0,"mime_type":"application\/pdf","type":"application","subtype":"pdf","icon":"https:\/\/generate.focolare.org\/wp-includes\/images\/media\/document.png"}},{"language":"es","file":{"ID":82782,"id":82782,"title":"gen-31-text-es","filename":"gen-31-text-es.pdf","filesize":124463,"url":"https:\/\/generate.focolare.org\/wp-content\/uploads\/2020\/06\/gen-31-text-es.pdf","link":"https:\/\/generate.focolare.org\/pt-pt\/content\/respostas-a-escola-gen\/gen-31-text-es\/","alt":"","author":"1","description":"","caption":"","name":"gen-31-text-es","status":"inherit","uploaded_to":80478,"date":"2020-06-02 17:41:49","modified":"2020-06-02 17:41:49","menu_order":0,"mime_type":"application\/pdf","type":"application","subtype":"pdf","icon":"https:\/\/generate.focolare.org\/wp-includes\/images\/media\/document.png"}},{"language":"de","file":{"ID":82783,"id":82783,"title":"gen-31-text-de","filename":"gen-31-text-de.pdf","filesize":120867,"url":"https:\/\/generate.focolare.org\/wp-content\/uploads\/2020\/06\/gen-31-text-de.pdf","link":"https:\/\/generate.focolare.org\/pt-pt\/content\/respostas-a-escola-gen\/gen-31-text-de\/","alt":"","author":"1","description":"","caption":"","name":"gen-31-text-de","status":"inherit","uploaded_to":80478,"date":"2020-06-02 17:41:49","modified":"2020-06-02 17:41:49","menu_order":0,"mime_type":"application\/pdf","type":"application","subtype":"pdf","icon":"https:\/\/generate.focolare.org\/wp-includes\/images\/media\/document.png"}},{"language":"it","file":{"ID":118529,"id":118529,"title":"19780420-Risposte Scuola Gen - Italiano","filename":"19780420-Risposte-Scuola-Gen-Italiano.pdf","filesize":137826,"url":"https:\/\/generate.focolare.org\/wp-content\/uploads\/2020\/07\/19780420-Risposte-Scuola-Gen-Italiano.pdf","link":"https:\/\/generate.focolare.org\/pt-pt\/content\/respostas-a-escola-gen\/19780420-risposte-scuola-gen-italiano-2\/","alt":"","author":"22","description":"","caption":"","name":"19780420-risposte-scuola-gen-italiano-2","status":"inherit","uploaded_to":80478,"date":"2021-07-02 09:34:24","modified":"2021-07-02 09:34:24","menu_order":0,"mime_type":"application\/pdf","type":"application","subtype":"pdf","icon":"https:\/\/generate.focolare.org\/wp-includes\/images\/media\/document.png"}},{"language":"ar","file":{"ID":278690,"id":278690,"title":"GMU-G2-Chiara Lubich-Risposte Scuola Gen-19780420-AR","filename":"GMU-G2-Chiara-Lubich-Risposte-Scuola-Gen-19780420-AR.pdf","filesize":572798,"url":"https:\/\/generate.focolare.org\/wp-content\/uploads\/2020\/07\/GMU-G2-Chiara-Lubich-Risposte-Scuola-Gen-19780420-AR.pdf","link":"https:\/\/generate.focolare.org\/pt-pt\/content\/respostas-a-escola-gen\/gmu-g2-chiara-lubich-risposte-scuola-gen-19780420-ar-2\/","alt":"","author":"1126","description":"","caption":"","name":"gmu-g2-chiara-lubich-risposte-scuola-gen-19780420-ar-2","status":"inherit","uploaded_to":80478,"date":"2022-11-25 16:51:26","modified":"2022-11-25 16:51:26","menu_order":0,"mime_type":"application\/pdf","type":"application","subtype":"pdf","icon":"https:\/\/generate.focolare.org\/wp-includes\/images\/media\/document.png"}}],"source":{"ID":82776,"id":82776,"title":"gen-31-video-it","filename":"gen-31-video-it.mp4","filesize":593743155,"url":"https:\/\/generate.focolare.org\/wp-content\/uploads\/2020\/06\/gen-31-video-it.mp4","link":"https:\/\/generate.focolare.org\/pt-pt\/content\/respostas-a-escola-gen\/gen-31-video-it\/","alt":"","author":"1","description":"","caption":"","name":"gen-31-video-it","status":"inherit","uploaded_to":80478,"date":"2020-06-02 15:13:29","modified":"2020-06-02 15:13:29","menu_order":0,"mime_type":"video\/mp4","type":"video","subtype":"mp4","icon":"https:\/\/generate.focolare.org\/wp-includes\/images\/media\/video.png","width":720,"height":576}},"headers":[],"status":200},{"data":{"id":80417,"date":"1995-05-11","date_gmt":"2020-11-15T22:43:35","guid":{"rendered":"https:\/\/generate.focolare.org\/?post_type=content&#038;p=80417"},"modified":"2020-11-15T23:43:35","modified_gmt":"2020-11-15T22:43:35","slug":"dialogo-com-as-gen","status":"publish","type":"content","link":"https:\/\/generate.focolare.org\/pt-pt\/content\/dialogo-com-as-gen\/","title":{"rendered":"Di\u00e1logo com as Gen"},"excerpt":{"rendered":"<p>O medo \u00e9 um bom sinal da voca\u00e7\u00e3o. A virgindade n\u00e3o \u00e9 uma repress\u00e3o, mas uma realiza\u00e7\u00e3o. As primeiras focolarinas s\u00e3o &#8220;nada&#8221; e, mas s\u00e3o mulheres realizadas. O significado de dar uma palavra de vida. As Gen s\u00e3o chamadas a uma vida comprometida, mesmo na idade adulta.<\/p>\n","protected":false},"featured_media":30109,"comment_status":"closed","ping_status":"closed","template":"","tags":[4119,5707,5731,5459,4613],"contributor":[4086],"location":[3957],"audience":[4009],"class_list":["post-80417","content","type-content","status-publish","has-post-thumbnail","hentry","tag-budistas","tag-liberdade","tag-mulher","tag-palavra-de-vida","tag-virgindade","contributor-lubich-chiara","location-loppiano-mariapolis-renata","audience-gen-2"],"featured_media_url":{"thumbnail":"https:\/\/generate.focolare.org\/wp-content\/uploads\/2020\/07\/950-cover-150x150.jpg","medium":"https:\/\/generate.focolare.org\/wp-content\/uploads\/2020\/07\/950-cover-300x240.jpg","medium_large":"https:\/\/generate.focolare.org\/wp-content\/uploads\/2020\/07\/950-cover.jpg","large":"https:\/\/generate.focolare.org\/wp-content\/uploads\/2020\/07\/950-cover.jpg","1536x1536":"https:\/\/generate.focolare.org\/wp-content\/uploads\/2020\/07\/950-cover.jpg","2048x2048":"https:\/\/generate.focolare.org\/wp-content\/uploads\/2020\/07\/950-cover.jpg","banner":"https:\/\/generate.focolare.org\/wp-content\/uploads\/2020\/07\/950-cover.jpg","preview":"https:\/\/generate.focolare.org\/wp-content\/uploads\/2020\/07\/950-cover-500x400.jpg","profile_24":"https:\/\/generate.focolare.org\/wp-content\/uploads\/2020\/07\/950-cover.jpg","profile_48":"https:\/\/generate.focolare.org\/wp-content\/uploads\/2020\/07\/950-cover.jpg","profile_96":"https:\/\/generate.focolare.org\/wp-content\/uploads\/2020\/07\/950-cover.jpg","profile_150":"https:\/\/generate.focolare.org\/wp-content\/uploads\/2020\/07\/950-cover.jpg","profile_300":"https:\/\/generate.focolare.org\/wp-content\/uploads\/2020\/07\/950-cover.jpg"},"related":[292707,36614,92888,342186,80116,80360],"wpml_current_locale":"pt_PT","wpml_translations":[{"locale":"en_US","id":80420,"post_title":"Dialogue with the Gen","href":"https:\/\/generate.focolare.org\/en\/dialogue-with-the-gen\/"},{"locale":"it_IT","id":950,"post_title":"Dialogo con le Gen","href":"https:\/\/generate.focolare.org\/it\/dialogo-con-le-gen\/"},{"locale":"fr_FR","id":336389,"post_title":"Dialogue _ Avec la Gen 2","href":"https:\/\/generate.focolare.org\/fr\/dialogo-con-le-gen\/"},{"locale":"es_ES","id":80418,"post_title":"Di\u00e1logo con las Gen","href":"https:\/\/generate.focolare.org\/es\/dialogo-con-las-gen\/"},{"locale":"nl_NL","id":80416,"post_title":"In gesprek met de Gen","href":"https:\/\/generate.focolare.org\/nl\/in-gesprek-met-de-gen\/"},{"locale":"ko_KR","id":80419,"post_title":"\uc5ec\uc790 \uc820\ub4e4\uacfc\uc758 \ub300\ud654","href":"https:\/\/generate.focolare.org\/ko\/dialogue-with-the-gen-ko\/"},{"locale":"sl_SI","id":80415,"post_title":"Pogovor z dekleti gen","href":"https:\/\/generate.focolare.org\/sl\/pogovor-z-dekleti-gen\/"}],"link_to_transcription":true,"restrict_roles":null,"format":"video","length":"20","transcriptions":[{"language":"ko","file":{"ID":951,"id":951,"title":"gen-60-text-ko","filename":"gen-60-text-ko.pdf","filesize":449037,"url":"https:\/\/generate.focolare.org\/wp-content\/uploads\/2020\/06\/gen-60-text-ko.pdf","link":"https:\/\/generate.focolare.org\/pt-pt\/content\/dialogo-con-le-gen\/gen-60-text-ko\/","alt":"","author":"1","description":"","caption":"","name":"gen-60-text-ko","status":"inherit","uploaded_to":950,"date":"2020-06-02 17:44:17","modified":"2020-06-02 17:44:17","menu_order":0,"mime_type":"application\/pdf","type":"application","subtype":"pdf","icon":"https:\/\/generate.focolare.org\/wp-includes\/images\/media\/document.png"}},{"language":"sl","file":{"ID":956,"id":956,"title":"gen-60-text-sl","filename":"gen-60-text-sl.pdf","filesize":181448,"url":"https:\/\/generate.focolare.org\/wp-content\/uploads\/2020\/06\/gen-60-text-sl.pdf","link":"https:\/\/generate.focolare.org\/pt-pt\/content\/dialogo-con-le-gen\/gen-60-text-sl\/","alt":"","author":"1","description":"","caption":"","name":"gen-60-text-sl","status":"inherit","uploaded_to":950,"date":"2020-06-02 17:44:17","modified":"2020-06-02 17:44:17","menu_order":0,"mime_type":"application\/pdf","type":"application","subtype":"pdf","icon":"https:\/\/generate.focolare.org\/wp-includes\/images\/media\/document.png"}},{"language":"nl","file":{"ID":961,"id":961,"title":"gen-60-text-nl","filename":"gen-60-text-nl.pdf","filesize":184191,"url":"https:\/\/generate.focolare.org\/wp-content\/uploads\/2020\/06\/gen-60-text-nl.pdf","link":"https:\/\/generate.focolare.org\/pt-pt\/content\/dialogo-con-le-gen\/gen-60-text-nl\/","alt":"","author":"1","description":"","caption":"","name":"gen-60-text-nl","status":"inherit","uploaded_to":950,"date":"2020-06-02 17:44:17","modified":"2020-06-02 17:44:17","menu_order":0,"mime_type":"application\/pdf","type":"application","subtype":"pdf","icon":"https:\/\/generate.focolare.org\/wp-includes\/images\/media\/document.png"}},{"language":"it","file":{"ID":966,"id":966,"title":"gen-60-text-it","filename":"gen-60-text-it.pdf","filesize":149664,"url":"https:\/\/generate.focolare.org\/wp-content\/uploads\/2020\/06\/gen-60-text-it.pdf","link":"https:\/\/generate.focolare.org\/pt-pt\/content\/dialogo-con-le-gen\/gen-60-text-it\/","alt":"","author":"1","description":"","caption":"","name":"gen-60-text-it","status":"inherit","uploaded_to":950,"date":"2020-06-02 17:44:17","modified":"2020-06-02 17:44:18","menu_order":0,"mime_type":"application\/pdf","type":"application","subtype":"pdf","icon":"https:\/\/generate.focolare.org\/wp-includes\/images\/media\/document.png"}},{"language":"pt-pt","file":{"ID":971,"id":971,"title":"gen-60-text-pt","filename":"gen-60-text-pt.pdf","filesize":48647,"url":"https:\/\/generate.focolare.org\/wp-content\/uploads\/2020\/06\/gen-60-text-pt.pdf","link":"https:\/\/generate.focolare.org\/pt-pt\/content\/dialogo-con-le-gen\/gen-60-text-pt\/","alt":"","author":"1","description":"","caption":"","name":"gen-60-text-pt","status":"inherit","uploaded_to":950,"date":"2020-06-02 17:44:17","modified":"2020-06-02 17:44:18","menu_order":0,"mime_type":"application\/pdf","type":"application","subtype":"pdf","icon":"https:\/\/generate.focolare.org\/wp-includes\/images\/media\/document.png"}},{"language":"es","file":{"ID":976,"id":976,"title":"gen-60-text-es","filename":"gen-60-text-es.pdf","filesize":53388,"url":"https:\/\/generate.focolare.org\/wp-content\/uploads\/2020\/06\/gen-60-text-es.pdf","link":"https:\/\/generate.focolare.org\/pt-pt\/content\/dialogo-con-le-gen\/gen-60-text-es\/","alt":"","author":"1","description":"","caption":"","name":"gen-60-text-es","status":"inherit","uploaded_to":950,"date":"2020-06-02 17:44:17","modified":"2020-06-02 17:44:18","menu_order":0,"mime_type":"application\/pdf","type":"application","subtype":"pdf","icon":"https:\/\/generate.focolare.org\/wp-includes\/images\/media\/document.png"}},{"language":"ko","file":{"ID":61921,"id":61921,"title":"19950511- Dialogo con le Gen - Coreano","filename":"19950511-Dialogo-con-le-Gen-Coreano.pdf","filesize":449037,"url":"https:\/\/generate.focolare.org\/wp-content\/uploads\/2020\/07\/19950511-Dialogo-con-le-Gen-Coreano.pdf","link":"https:\/\/generate.focolare.org\/pt-pt\/content\/dialogo-com-as-gen\/19950511-dialogo-con-le-gen-coreano-2\/","alt":"","author":"6","description":"","caption":"","name":"19950511-dialogo-con-le-gen-coreano-2","status":"inherit","uploaded_to":80417,"date":"2020-10-24 03:22:37","modified":"2020-11-15 22:43:36","menu_order":0,"mime_type":"application\/pdf","type":"application","subtype":"pdf","icon":"https:\/\/generate.focolare.org\/wp-includes\/images\/media\/document.png"}},{"language":"en","file":{"ID":61938,"id":61938,"title":"ACL-DS-19950511-TT-A-en","filename":"ACL-DS-19950511-TT-A-en.pdf","filesize":89122,"url":"https:\/\/generate.focolare.org\/wp-content\/uploads\/2020\/07\/ACL-DS-19950511-TT-A-en.pdf","link":"https:\/\/generate.focolare.org\/pt-pt\/content\/dialogo-com-as-gen\/acl-ds-19950511-tt-a-en-2\/","alt":"","author":"6","description":"","caption":"","name":"acl-ds-19950511-tt-a-en-2","status":"inherit","uploaded_to":80417,"date":"2020-10-24 03:23:29","modified":"2020-11-15 22:43:36","menu_order":0,"mime_type":"application\/pdf","type":"application","subtype":"pdf","icon":"https:\/\/generate.focolare.org\/wp-includes\/images\/media\/document.png"}},{"language":"fr","file":{"ID":336609,"id":336609,"title":"FR-GMU-G2-Chiara_DIALOGUE AVEC LA GEN 2_19950511-","filename":"FR-GMU-G2-Chiara_DIALOGUE-AVEC-LA-GEN-2_19950511-.pdf","filesize":261665,"url":"https:\/\/generate.focolare.org\/wp-content\/uploads\/2020\/07\/FR-GMU-G2-Chiara_DIALOGUE-AVEC-LA-GEN-2_19950511-.pdf","link":"https:\/\/generate.focolare.org\/pt-pt\/content\/dialogo-com-as-gen\/fr-gmu-g2-chiara_dialogue-avec-la-gen-2_19950511-4-2\/","alt":"","author":"2402","description":"","caption":"","name":"fr-gmu-g2-chiara_dialogue-avec-la-gen-2_19950511-4-2","status":"inherit","uploaded_to":80417,"date":"2026-03-10 15:52:38","modified":"2026-03-10 15:52:38","menu_order":0,"mime_type":"application\/pdf","type":"application","subtype":"pdf","icon":"https:\/\/generate.focolare.org\/wp-includes\/images\/media\/document.png"}}],"source":{"ID":945,"id":945,"title":"gen-60-video-it","filename":"gen-60-video-it.mp4","filesize":252408367,"url":"https:\/\/generate.focolare.org\/wp-content\/uploads\/2020\/06\/gen-60-video-it.mp4","link":"https:\/\/generate.focolare.org\/pt-pt\/content\/dialogo-con-le-gen\/gen-60-video-it\/","alt":"","author":"1","description":"","caption":"","name":"gen-60-video-it","status":"inherit","uploaded_to":950,"date":"2020-06-02 17:44:16","modified":"2020-06-02 17:44:17","menu_order":0,"mime_type":"video\/mp4","type":"video","subtype":"mp4","icon":"https:\/\/generate.focolare.org\/wp-includes\/images\/media\/video.png","width":720,"height":576}},"headers":[],"status":200}],"_links":{"self":[{"href":"https:\/\/generate.focolare.org\/pt-pt\/wp-json\/wp\/v2\/tags\/4613","targetHints":{"allow":["GET"]}}],"collection":[{"href":"https:\/\/generate.focolare.org\/pt-pt\/wp-json\/wp\/v2\/tags"}],"about":[{"href":"https:\/\/generate.focolare.org\/pt-pt\/wp-json\/wp\/v2\/taxonomies\/post_tag"}],"wp:post_type":[{"href":"https:\/\/generate.focolare.org\/pt-pt\/wp-json\/wp\/v2\/posts?tags=4613"},{"href":"https:\/\/generate.focolare.org\/pt-pt\/wp-json\/wp\/v2\/content?tags=4613"},{"href":"https:\/\/generate.focolare.org\/pt-pt\/wp-json\/wp\/v2\/playlist?tags=4613"}],"curies":[{"name":"wp","href":"https:\/\/api.w.org\/{rel}","templated":true}]}}