{"id":4575,"count":9,"description":"","link":"https:\/\/generate.focolare.org\/pt-pt\/tag\/vontade-de-deus\/","name":"Vontade de Deus","slug":"vontade-de-deus","taxonomy":"post_tag","meta":[],"objects":[{"data":{"id":343151,"date":"2026-07-01","date_gmt":"2026-05-21T12:19:28","guid":{"rendered":"https:\/\/generate.focolare.org\/?post_type=content&#038;p=343151"},"modified":"2026-05-21T13:20:17","modified_gmt":"2026-05-21T12:20:17","slug":"palavra-de-vida-julho-de-2026-o-que-foi-semeado-na-terra-boa-porem-e-quem-ouve-a-palavra-e-a-entende-esse-produz-fruto-mt-1323","status":"publish","type":"content","link":"https:\/\/generate.focolare.org\/pt-pt\/content\/palavra-de-vida-julho-de-2026-o-que-foi-semeado-na-terra-boa-porem-e-quem-ouve-a-palavra-e-a-entende-esse-produz-fruto-mt-1323\/","title":{"rendered":"Palavra de Vida \u2013 Julho de 2026  \u201cO que foi semeado na terra boa, por\u00e9m, \u00e9 quem ouve a Palavra e a entende; esse produz fruto.\u201d (Mt 13,23)"},"excerpt":{"rendered":"","protected":false},"featured_media":343011,"comment_status":"closed","ping_status":"closed","template":"","tags":[5117,4996,5500,5513,5460,5459,4624,4602,4575],"contributor":[18433],"location":[],"audience":[],"class_list":["post-343151","content","type-content","status-publish","has-post-thumbnail","hentry","tag-amor","tag-comunhao","tag-escutar","tag-evangelho","tag-palavra","tag-palavra-de-vida","tag-unidade","tag-vida","tag-vontade-de-deus","contributor-centros-gen2-jpmu-pt-pt"],"featured_media_url":{"thumbnail":"https:\/\/generate.focolare.org\/wp-content\/uploads\/2026\/02\/PDV-PT-2-150x150.png","medium":"https:\/\/generate.focolare.org\/wp-content\/uploads\/2026\/02\/PDV-PT-2-300x240.png","medium_large":"https:\/\/generate.focolare.org\/wp-content\/uploads\/2026\/02\/PDV-PT-2.png","large":"https:\/\/generate.focolare.org\/wp-content\/uploads\/2026\/02\/PDV-PT-2.png","1536x1536":"https:\/\/generate.focolare.org\/wp-content\/uploads\/2026\/02\/PDV-PT-2.png","2048x2048":"https:\/\/generate.focolare.org\/wp-content\/uploads\/2026\/02\/PDV-PT-2.png","banner":"https:\/\/generate.focolare.org\/wp-content\/uploads\/2026\/02\/PDV-PT-2.png","preview":"https:\/\/generate.focolare.org\/wp-content\/uploads\/2026\/02\/PDV-PT-2-500x400.png","profile_24":"https:\/\/generate.focolare.org\/wp-content\/uploads\/2026\/02\/PDV-PT-2-24x24.png","profile_48":"https:\/\/generate.focolare.org\/wp-content\/uploads\/2026\/02\/PDV-PT-2-48x48.png","profile_96":"https:\/\/generate.focolare.org\/wp-content\/uploads\/2026\/02\/PDV-PT-2-96x96.png","profile_150":"https:\/\/generate.focolare.org\/wp-content\/uploads\/2026\/02\/PDV-PT-2-150x150.png","profile_300":"https:\/\/generate.focolare.org\/wp-content\/uploads\/2026\/02\/PDV-PT-2-300x300.png"},"related":[278234,276795,333698,342491,314336,325365],"wpml_current_locale":"pt_PT","wpml_translations":[{"locale":"en_US","id":343083,"post_title":"Word of Life \u2013 July 2026 \u201cThe seed sown on good soil is the one who hears the Word and understands it; this person bears fruit\u201d (Matt 13:23).","href":"https:\/\/generate.focolare.org\/en\/word-of-life-july-2026-the-seed-sown-on-good-soil-is-the-one-who-hears-the-word-and-understands-it-this-person-bears-fruit-matt-1323\/"},{"locale":"it_IT","id":342693,"post_title":"Parola di Vita \u2013 Luglio 2026 \u00abQuello seminato sul terreno buono \u00e8 colui che ascolta la Parola e la comprende questi d\u00e0 frutto\u00bb (Mtt 13,23).","href":"https:\/\/generate.focolare.org\/it\/parola-di-vita-luglio-2026-quello-seminato-sul-terreno-buono-e-colui-che-ascolta-la-parola-e-la-comprende-questi-da-frutto-mtt-1323\/"},{"locale":"fr_FR","id":343129,"post_title":"Parole de Vie Juillet 2026- \u00ab Celui qui a \u00e9t\u00e9 ensemenc\u00e9 dans la bonne terre, c'est celui qui entend la Parole et qui comprend : alors, il porte du fruit et produit l'un cent, l'autre soixante, l'autre trente \u00bb (Matthieu 13, 23).","href":"https:\/\/generate.focolare.org\/fr\/parole-de-vie-juillet-2026-celui-qui-a-ete-ensemence-dans-la-bonne-terre-cest-celui-qui-entend-la-parole-et-qui-comprend-alors-il-porte-du-fruit-et-produit-lun-cent-lautre-soixante\/"},{"locale":"es_ES","id":343107,"post_title":"Palabra de Vida de julio 2026- \u00abEl que fue sembrado en tierra buena es el que oye la Palabra y la comprende: este s\u00ed que da fruto\" (Mt 13,23).","href":"https:\/\/generate.focolare.org\/es\/palabra-de-vida-de-julio-2026-el-que-fue-sembrado-en-tierra-buena-es-el-que-oye-la-palabra-y-la-comprende-este-si-que-da-fruto-mt-1323\/"}],"format":"text","length":"1","restrict_roles":null,"link_to_transcription":null,"source":{"ID":343152,"id":343152,"title":"OGI-PV-20260701-202607-pt","filename":"OGI-PV-20260701-202607-pt.pdf","filesize":70022,"url":"https:\/\/generate.focolare.org\/wp-content\/uploads\/2026\/05\/OGI-PV-20260701-202607-pt.pdf","link":"https:\/\/generate.focolare.org\/pt-pt\/content\/palavra-de-vida-julho-de-2026-o-que-foi-semeado-na-terra-boa-porem-e-quem-ouve-a-palavra-e-a-entende-esse-produz-fruto-mt-1323\/ogi-pv-20260701-202607-pt\/","alt":"","author":"2442","description":"","caption":"","name":"ogi-pv-20260701-202607-pt","status":"inherit","uploaded_to":343151,"date":"2026-05-21 12:18:14","modified":"2026-05-21 12:18:14","menu_order":0,"mime_type":"application\/pdf","type":"application","subtype":"pdf","icon":"https:\/\/generate.focolare.org\/wp-includes\/images\/media\/document.png"}},"headers":[],"status":200},{"data":{"id":322545,"date":"2001-08-14","date_gmt":"2025-10-29T15:31:49","guid":{"rendered":"https:\/\/generate.focolare.org\/?post_type=content&#038;p=322545"},"modified":"2025-10-29T16:31:49","modified_gmt":"2025-10-29T15:31:49","slug":"anular-se-na-vontade-de-deus","status":"publish","type":"content","link":"https:\/\/generate.focolare.org\/pt-pt\/content\/anular-se-na-vontade-de-deus\/","title":{"rendered":"Anular-se na vontade de Deus"},"excerpt":{"rendered":"<p>Para Eirc, um gen brasileiro estudante de engenharia, dizem: \u201cClaro que voc\u00ea gosta! Ele responde: eu gosto deste mundo, mas como gen aprendemos a fazer as coisas por vontade de Deus, n\u00e3o porque gostamos.\u201d<\/p>\n","protected":false},"featured_media":313829,"comment_status":"closed","ping_status":"closed","template":"","tags":[5131,4575],"contributor":[4086],"location":[11121],"audience":[4009],"class_list":["post-322545","content","type-content","status-publish","has-post-thumbnail","hentry","tag-anular-se","tag-vontade-de-deus","contributor-lubich-chiara","location-montet-mariapolis-foco","audience-gen-2"],"featured_media_url":{"thumbnail":"https:\/\/generate.focolare.org\/wp-content\/uploads\/2020\/07\/anularse-150x150.png","medium":"https:\/\/generate.focolare.org\/wp-content\/uploads\/2020\/07\/anularse-300x240.png","medium_large":"https:\/\/generate.focolare.org\/wp-content\/uploads\/2020\/07\/anularse.png","large":"https:\/\/generate.focolare.org\/wp-content\/uploads\/2020\/07\/anularse.png","1536x1536":"https:\/\/generate.focolare.org\/wp-content\/uploads\/2020\/07\/anularse.png","2048x2048":"https:\/\/generate.focolare.org\/wp-content\/uploads\/2020\/07\/anularse.png","banner":"https:\/\/generate.focolare.org\/wp-content\/uploads\/2020\/07\/anularse.png","preview":"https:\/\/generate.focolare.org\/wp-content\/uploads\/2020\/07\/anularse-500x400.png","profile_24":"https:\/\/generate.focolare.org\/wp-content\/uploads\/2020\/07\/anularse-24x24.png","profile_48":"https:\/\/generate.focolare.org\/wp-content\/uploads\/2020\/07\/anularse-48x48.png","profile_96":"https:\/\/generate.focolare.org\/wp-content\/uploads\/2020\/07\/anularse-96x96.png","profile_150":"https:\/\/generate.focolare.org\/wp-content\/uploads\/2020\/07\/anularse-150x150.png","profile_300":"https:\/\/generate.focolare.org\/wp-content\/uploads\/2020\/07\/anularse-300x300.png"},"related":[128375,80017,20492,276795,122151,321826],"wpml_current_locale":"pt_PT","wpml_translations":[{"locale":"en_US","id":3102,"post_title":"Become Nothing In The Will Of God","href":"https:\/\/generate.focolare.org\/en\/become-nothing-in-the-will-of-god\/"},{"locale":"it_IT","id":3096,"post_title":"Annullarsi nella volont\u00e0 di Dio","href":"https:\/\/generate.focolare.org\/it\/annullarsi-nella-volonta-di-dio\/"},{"locale":"fr_FR","id":3114,"post_title":"S'annuler dans la volont\u00e9 de Dieu","href":"https:\/\/generate.focolare.org\/fr\/sannuler-dans-la-volonte-de-dieu\/"},{"locale":"es_ES","id":322479,"post_title":"Anularse en la voluntad de Dios","href":"https:\/\/generate.focolare.org\/es\/anularse-en-la-voluntad-de-dios\/"},{"locale":"ar","id":279467,"post_title":"\u0645\u0634\u064a\u0626\u0629 \u0627\u0644\u0644\u0647","href":"https:\/\/generate.focolare.org\/ar\/%d9%85%d8%b4%d9%8a%d8%a6%d8%a9-%d8%a7%d9%84%d9%84%d9%87\/"},{"locale":"nl_NL","id":3120,"post_title":"Jezelf tot niets maken in de wil van God","href":"https:\/\/generate.focolare.org\/nl\/jezelf-tot-niets-maken-in-de-wil-van-god\/"},{"locale":"sl_SI","id":3108,"post_title":"Izni\u010diti se v Bo\u017eji volji","href":"https:\/\/generate.focolare.org\/sl\/izniciti-se-v-bozji-volji\/"}],"format":"text","restrict_roles":null,"link_to_transcription":null,"source":{"ID":322547,"id":322547,"title":"GMU-G2-Chiara Lubich-Anular-se na vontade de Deus-20010814","filename":"GMU-G2-Chiara-Lubich-Anular-se-na-vontade-de-Deus-20010814-1.pdf","filesize":153493,"url":"https:\/\/generate.focolare.org\/wp-content\/uploads\/2025\/10\/GMU-G2-Chiara-Lubich-Anular-se-na-vontade-de-Deus-20010814-1.pdf","link":"https:\/\/generate.focolare.org\/pt-pt\/content\/anular-se-na-vontade-de-deus\/gmu-g2-chiara-lubich-anular-se-na-vontade-de-deus-20010814-2\/","alt":"","author":"2253","description":"","caption":"","name":"gmu-g2-chiara-lubich-anular-se-na-vontade-de-deus-20010814-2","status":"inherit","uploaded_to":322545,"date":"2025-10-29 15:31:04","modified":"2025-10-29 15:31:04","menu_order":0,"mime_type":"application\/pdf","type":"application","subtype":"pdf","icon":"https:\/\/generate.focolare.org\/wp-includes\/images\/media\/document.png"},"length":"3"},"headers":[],"status":200},{"data":{"id":312224,"date":"1968-06-29","date_gmt":"2025-06-05T07:44:55","guid":{"rendered":"https:\/\/generate.focolare.org\/?post_type=content&#038;p=312224"},"modified":"2025-06-05T08:44:55","modified_gmt":"2025-06-05T07:44:55","slug":"a-entrega-do-trofeu","status":"publish","type":"content","link":"https:\/\/generate.focolare.org\/pt-pt\/content\/a-entrega-do-trofeu\/","title":{"rendered":"A entrega do trof\u00e9u"},"excerpt":{"rendered":"<p>Entre as respostas: ao amar, a pessoa alcan\u00e7a a verdadeira felicidade, mesmo na Terra. Agradecimento pela comunh\u00e3o; a verdadeira liberdade est\u00e1 no amor, por isso a personalidade \u00e9 fortalecida; ver Jesus em todos. Como escolher a pr\u00f3pria voca\u00e7\u00e3o. Resposta longa mostrando a relev\u00e2ncia de Nossa Senhora: modelo para o G\u00eanesis&#8230;<\/p>\n","protected":false},"featured_media":106050,"comment_status":"closed","ping_status":"closed","template":"","tags":[5117,5707,4562,4575],"contributor":[4086],"location":[3968],"audience":[4009],"class_list":["post-312224","content","type-content","status-publish","has-post-thumbnail","hentry","tag-amor","tag-liberdade","tag-vocacao","tag-vontade-de-deus","contributor-lubich-chiara","location-rocca-di-papa","audience-gen-2"],"featured_media_url":{"thumbnail":"https:\/\/generate.focolare.org\/wp-content\/uploads\/2020\/07\/10-2-150x150.jpg","medium":"https:\/\/generate.focolare.org\/wp-content\/uploads\/2020\/07\/10-2-300x297.jpg","medium_large":"https:\/\/generate.focolare.org\/wp-content\/uploads\/2020\/07\/10-2-768x759.jpg","large":"https:\/\/generate.focolare.org\/wp-content\/uploads\/2020\/07\/10-2-1024x1012.jpg","1536x1536":"https:\/\/generate.focolare.org\/wp-content\/uploads\/2020\/07\/10-2-1536x1519.jpg","2048x2048":"https:\/\/generate.focolare.org\/wp-content\/uploads\/2020\/07\/10-2.jpg","banner":"https:\/\/generate.focolare.org\/wp-content\/uploads\/2020\/07\/10-2-1757x700.jpg","preview":"https:\/\/generate.focolare.org\/wp-content\/uploads\/2020\/07\/10-2-500x400.jpg","profile_24":"https:\/\/generate.focolare.org\/wp-content\/uploads\/2020\/07\/10-2.jpg","profile_48":"https:\/\/generate.focolare.org\/wp-content\/uploads\/2020\/07\/10-2.jpg","profile_96":"https:\/\/generate.focolare.org\/wp-content\/uploads\/2020\/07\/10-2.jpg","profile_150":"https:\/\/generate.focolare.org\/wp-content\/uploads\/2020\/07\/10-2.jpg","profile_300":"https:\/\/generate.focolare.org\/wp-content\/uploads\/2020\/07\/10-2.jpg"},"related":[20492,110455,43275,321826,68279,80452],"wpml_current_locale":"pt_PT","wpml_translations":[{"locale":"en_US","id":80521,"post_title":"Passing on the Banner","href":"https:\/\/generate.focolare.org\/en\/passing-on-the-banner\/"},{"locale":"it_IT","id":238,"post_title":"La consegna del trofeo","href":"https:\/\/generate.focolare.org\/it\/la-consegna-del-trofeo\/"},{"locale":"fr_FR","id":80520,"post_title":"Remise du troph\u00e9e","href":"https:\/\/generate.focolare.org\/fr\/remise-du-trophee\/"},{"locale":"es_ES","id":80519,"post_title":"La entrega del trofeo","href":"https:\/\/generate.focolare.org\/es\/la-entrega-del-trofeo\/"},{"locale":"ar","id":80517,"post_title":"\u062a\u0633\u0644\u064a\u0645 \u0627\u0644\u0643\u0623\u0633","href":"https:\/\/generate.focolare.org\/ar\/passing-on-the-banner-ar\/"},{"locale":"sl_SI","id":80518,"post_title":"Chiara izro\u010di trofejo","href":"https:\/\/generate.focolare.org\/sl\/chiara-izroci-trofejo\/"}],"format":"audio","length":"31","restrict_roles":null,"link_to_transcription":null,"source":{"ID":312237,"id":312237,"title":"1968 06 29 RISPOSTE ALLE GEN2 F E CONS TROFEO","filename":"gen-10-audio-it.mp3","filesize":29646846,"url":"https:\/\/generate.focolare.org\/wp-content\/uploads\/2025\/06\/gen-10-audio-it.mp3","link":"https:\/\/generate.focolare.org\/pt-pt\/content\/a-entrega-do-trofeu\/1968-06-29-risposte-alle-gen2-f-e-cons-trofeo\/","alt":"","author":"1852","description":"\"1968 06 29 RISPOSTE ALLE GEN2 F E CONS TROFEO\" from 1968 06 29 RISPOSTE E CONSEGNA TROFEO by CHIARA LUBICH. Released: 1968. Genre: GEN.","caption":"","name":"1968-06-29-risposte-alle-gen2-f-e-cons-trofeo","status":"inherit","uploaded_to":312224,"date":"2025-06-05 07:42:25","modified":"2025-06-05 07:42:28","menu_order":0,"mime_type":"audio\/mpeg","type":"audio","subtype":"mpeg","icon":"https:\/\/generate.focolare.org\/wp-includes\/images\/media\/audio.png"},"transcriptions":[{"language":"it","file":{"ID":133076,"id":133076,"title":"IT19680629 La consegna del trofeo","filename":"IT19680629-La-consegna-del-trofeo.pdf","filesize":199972,"url":"https:\/\/generate.focolare.org\/wp-content\/uploads\/2020\/07\/IT19680629-La-consegna-del-trofeo.pdf","link":"https:\/\/generate.focolare.org\/pt-pt\/content\/a-entrega-do-trofeu\/it19680629-la-consegna-del-trofeo-2\/","alt":"","author":"1126","description":"","caption":"","name":"it19680629-la-consegna-del-trofeo-2","status":"inherit","uploaded_to":312224,"date":"2022-03-21 09:02:25","modified":"2025-06-05 07:42:22","menu_order":0,"mime_type":"application\/pdf","type":"application","subtype":"pdf","icon":"https:\/\/generate.focolare.org\/wp-includes\/images\/media\/document.png"}},{"language":"en","file":{"ID":133097,"id":133097,"title":"EN19680629 La consegna del trofeo","filename":"EN19680629-La-consegna-del-trofeo.pdf","filesize":257620,"url":"https:\/\/generate.focolare.org\/wp-content\/uploads\/2020\/07\/EN19680629-La-consegna-del-trofeo.pdf","link":"https:\/\/generate.focolare.org\/pt-pt\/content\/a-entrega-do-trofeu\/en19680629-la-consegna-del-trofeo-2\/","alt":"","author":"1126","description":"","caption":"","name":"en19680629-la-consegna-del-trofeo-2","status":"inherit","uploaded_to":312224,"date":"2022-03-21 09:02:37","modified":"2025-06-05 07:42:23","menu_order":0,"mime_type":"application\/pdf","type":"application","subtype":"pdf","icon":"https:\/\/generate.focolare.org\/wp-includes\/images\/media\/document.png"}},{"language":"es","file":{"ID":133118,"id":133118,"title":"ES19680629 La consegna del trofeo","filename":"ES19680629-La-consegna-del-trofeo.pdf","filesize":259873,"url":"https:\/\/generate.focolare.org\/wp-content\/uploads\/2020\/07\/ES19680629-La-consegna-del-trofeo.pdf","link":"https:\/\/generate.focolare.org\/pt-pt\/content\/a-entrega-do-trofeu\/es19680629-la-consegna-del-trofeo-2\/","alt":"","author":"1126","description":"","caption":"","name":"es19680629-la-consegna-del-trofeo-2","status":"inherit","uploaded_to":312224,"date":"2022-03-21 09:02:48","modified":"2025-06-05 07:42:23","menu_order":0,"mime_type":"application\/pdf","type":"application","subtype":"pdf","icon":"https:\/\/generate.focolare.org\/wp-includes\/images\/media\/document.png"}},{"language":"fr","file":{"ID":133139,"id":133139,"title":"FR19680629 La consegna del trofeo","filename":"FR19680629-La-consegna-del-trofeo.pdf","filesize":212860,"url":"https:\/\/generate.focolare.org\/wp-content\/uploads\/2020\/07\/FR19680629-La-consegna-del-trofeo.pdf","link":"https:\/\/generate.focolare.org\/pt-pt\/content\/a-entrega-do-trofeu\/fr19680629-la-consegna-del-trofeo-2\/","alt":"","author":"1126","description":"","caption":"","name":"fr19680629-la-consegna-del-trofeo-2","status":"inherit","uploaded_to":312224,"date":"2022-03-21 09:02:59","modified":"2025-06-05 07:42:24","menu_order":0,"mime_type":"application\/pdf","type":"application","subtype":"pdf","icon":"https:\/\/generate.focolare.org\/wp-includes\/images\/media\/document.png"}},{"language":"ar","file":{"ID":133160,"id":133160,"title":"AR19680629 La consegna del trofeo","filename":"AR19680629-La-consegna-del-trofeo.pdf","filesize":286727,"url":"https:\/\/generate.focolare.org\/wp-content\/uploads\/2020\/07\/AR19680629-La-consegna-del-trofeo.pdf","link":"https:\/\/generate.focolare.org\/pt-pt\/content\/a-entrega-do-trofeu\/ar19680629-la-consegna-del-trofeo-2\/","alt":"","author":"1126","description":"","caption":"","name":"ar19680629-la-consegna-del-trofeo-2","status":"inherit","uploaded_to":312224,"date":"2022-03-21 09:03:12","modified":"2025-06-05 07:42:25","menu_order":0,"mime_type":"application\/pdf","type":"application","subtype":"pdf","icon":"https:\/\/generate.focolare.org\/wp-includes\/images\/media\/document.png"}},{"language":"sl","file":{"ID":133181,"id":133181,"title":"SL19680629 La consegna del trofeo","filename":"SL19680629-La-consegna-del-trofeo.pdf","filesize":198914,"url":"https:\/\/generate.focolare.org\/wp-content\/uploads\/2020\/07\/SL19680629-La-consegna-del-trofeo.pdf","link":"https:\/\/generate.focolare.org\/pt-pt\/content\/a-entrega-do-trofeu\/sl19680629-la-consegna-del-trofeo-2\/","alt":"","author":"1126","description":"","caption":"","name":"sl19680629-la-consegna-del-trofeo-2","status":"inherit","uploaded_to":312224,"date":"2022-03-21 09:03:23","modified":"2025-06-05 07:42:26","menu_order":0,"mime_type":"application\/pdf","type":"application","subtype":"pdf","icon":"https:\/\/generate.focolare.org\/wp-includes\/images\/media\/document.png"}},{"language":"pt-pt","file":{"ID":312205,"id":312205,"title":"ACL-DS-19680629-TI-A-pt","filename":"ACL-DS-19680629-TI-A-pt.pdf","filesize":194736,"url":"https:\/\/generate.focolare.org\/wp-content\/uploads\/2020\/07\/ACL-DS-19680629-TI-A-pt.pdf","link":"https:\/\/generate.focolare.org\/pt-pt\/content\/a-entrega-do-trofeu\/acl-ds-19680629-ti-a-pt-2\/","alt":"","author":"1852","description":"","caption":"","name":"acl-ds-19680629-ti-a-pt-2","status":"inherit","uploaded_to":312224,"date":"2025-06-04 14:09:31","modified":"2025-06-05 07:42:27","menu_order":0,"mime_type":"application\/pdf","type":"application","subtype":"pdf","icon":"https:\/\/generate.focolare.org\/wp-includes\/images\/media\/document.png"}}]},"headers":[],"status":200},{"data":{"id":36720,"date":"2020-12-21T16:42:03","date_gmt":"2020-12-21T15:42:03","guid":{"rendered":"https:\/\/generate.focolare.org\/?post_type=playlist&#038;p=36720"},"modified":"2025-10-29T16:32:52","modified_gmt":"2025-10-29T15:32:52","slug":"a-vontade-de-deus","status":"publish","type":"playlist","link":"https:\/\/generate.focolare.org\/pt-pt\/playlist\/a-vontade-de-deus\/","title":{"rendered":"Vontade de Deus"},"excerpt":{"rendered":"<p>Como nos deixar surpreender momento por momento pelo Amor e responder com todo o cora\u00e7\u00e3o, a mente e for\u00e7a para fazer de nossa vida uma &#8220;divina aventura&#8221;.<\/p>\n","protected":false},"featured_media":89644,"comment_status":"closed","ping_status":"closed","template":"","tags":[5279,4575],"typology":[20560,20571],"class_list":["post-36720","playlist","type-playlist","status-publish","has-post-thumbnail","hentry","tag-pontos-da-espiritualidade","tag-vontade-de-deus","typology-gen2-em-formacao","typology-pontos-da-espiritualidade"],"featured_media_url":{"thumbnail":"https:\/\/generate.focolare.org\/wp-content\/uploads\/2020\/11\/15-150x150.jpg","medium":"https:\/\/generate.focolare.org\/wp-content\/uploads\/2020\/11\/15-300x200.jpg","medium_large":"https:\/\/generate.focolare.org\/wp-content\/uploads\/2020\/11\/15-768x512.jpg","large":"https:\/\/generate.focolare.org\/wp-content\/uploads\/2020\/11\/15-1024x683.jpg","1536x1536":"https:\/\/generate.focolare.org\/wp-content\/uploads\/2020\/11\/15-1536x1024.jpg","2048x2048":"https:\/\/generate.focolare.org\/wp-content\/uploads\/2020\/11\/15-2048x1365.jpg","banner":"https:\/\/generate.focolare.org\/wp-content\/uploads\/2020\/11\/15-1800x700.jpg","preview":"https:\/\/generate.focolare.org\/wp-content\/uploads\/2020\/11\/15-500x400.jpg","profile_24":"https:\/\/generate.focolare.org\/wp-content\/uploads\/2020\/11\/15-scaled.jpg","profile_48":"https:\/\/generate.focolare.org\/wp-content\/uploads\/2020\/11\/15-scaled.jpg","profile_96":"https:\/\/generate.focolare.org\/wp-content\/uploads\/2020\/11\/15-scaled.jpg","profile_150":"https:\/\/generate.focolare.org\/wp-content\/uploads\/2020\/11\/15-scaled.jpg","profile_300":"https:\/\/generate.focolare.org\/wp-content\/uploads\/2020\/11\/15-scaled.jpg"},"wpml_current_locale":"pt_PT","wpml_translations":[{"locale":"en_US","id":36717,"post_title":"Will of God","href":"https:\/\/generate.focolare.org\/en\/the-will-of-god\/"},{"locale":"it_IT","id":36718,"post_title":"Volont\u00e0 di Dio","href":"https:\/\/generate.focolare.org\/it\/volonta-di-dio\/"},{"locale":"fr_FR","id":36719,"post_title":"Volont\u00e9 de Dieu","href":"https:\/\/generate.focolare.org\/fr\/la-volonte-de-dieu\/"},{"locale":"es_ES","id":43397,"post_title":"Voluntad de Dios","href":"https:\/\/generate.focolare.org\/es\/la-voluntad-de-dios\/"}],"playlist":[{"content":{"data":{"id":80439,"date":"1988-01-06","date_gmt":"2020-11-16T18:13:15","guid":{"rendered":"https:\/\/generate.focolare.org\/?post_type=content&#038;p=80439"},"modified":"2021-06-15T15:19:52","modified_gmt":"2021-06-15T14:19:52","slug":"congresso-gen-saudacao-e-respontas-as-perguntas-dos-gen","status":"publish","type":"content","link":"https:\/\/generate.focolare.org\/pt-pt\/content\/congresso-gen-saudacao-e-respontas-as-perguntas-dos-gen\/","title":{"rendered":"Congresso Gen: Sauda\u00e7\u00e3o e respontas as perguntas dos Gen"},"excerpt":{"rendered":"<p>Depois de todos os Genfest que aconteceram em diversas zonas, Chiara encontra os Gen e os encoraja a mostrar o mundo unido, depois vem a palavra, devemos levar adiante a opini\u00e3o p\u00fablica. A nossa arma \u00e9 a unidade e ela conta aos Gen uma pequena experi\u00eancia sobre de um filme b\u00edblico.<\/p>\n","protected":false},"featured_media":28899,"comment_status":"closed","ping_status":"closed","template":"","tags":[5019,5050,5684,5733,5480,4624],"contributor":[4086],"location":[3948],"audience":[4009],"class_list":["post-80439","content","type-content","status-publish","has-post-thumbnail","hentry","tag-criacao","tag-ecologia","tag-imensidao-de-deus","tag-mundo-unido","tag-obediencia","tag-unidade","contributor-lubich-chiara","location-castel-gandolfo","audience-gen-2"],"featured_media_url":{"thumbnail":"https:\/\/generate.focolare.org\/wp-content\/uploads\/2020\/07\/818-cover-150x150.jpg","medium":"https:\/\/generate.focolare.org\/wp-content\/uploads\/2020\/07\/818-cover-300x240.jpg","medium_large":"https:\/\/generate.focolare.org\/wp-content\/uploads\/2020\/07\/818-cover.jpg","large":"https:\/\/generate.focolare.org\/wp-content\/uploads\/2020\/07\/818-cover.jpg","1536x1536":"https:\/\/generate.focolare.org\/wp-content\/uploads\/2020\/07\/818-cover.jpg","2048x2048":"https:\/\/generate.focolare.org\/wp-content\/uploads\/2020\/07\/818-cover.jpg","banner":"https:\/\/generate.focolare.org\/wp-content\/uploads\/2020\/07\/818-cover.jpg","preview":"https:\/\/generate.focolare.org\/wp-content\/uploads\/2020\/07\/818-cover-500x400.jpg","profile_24":"https:\/\/generate.focolare.org\/wp-content\/uploads\/2020\/07\/818-cover.jpg","profile_48":"https:\/\/generate.focolare.org\/wp-content\/uploads\/2020\/07\/818-cover.jpg","profile_96":"https:\/\/generate.focolare.org\/wp-content\/uploads\/2020\/07\/818-cover.jpg","profile_150":"https:\/\/generate.focolare.org\/wp-content\/uploads\/2020\/07\/818-cover.jpg","profile_300":"https:\/\/generate.focolare.org\/wp-content\/uploads\/2020\/07\/818-cover.jpg"},"related":[20994,59434,80373,19786,80160,1974],"wpml_current_locale":"pt_PT","wpml_translations":[{"locale":"en_US","id":80438,"post_title":"Gen Congress: Greeting and answers to the questions from the Gen","href":"https:\/\/generate.focolare.org\/en\/gen-congress-greeting-and-answers-to-the-questions-from-the-gen\/"},{"locale":"it_IT","id":818,"post_title":"Congresso Gen: Saluto e risposte alle domande dei Gen","href":"https:\/\/generate.focolare.org\/it\/congresso-gen-saluto-e-risposte-alle-domande-dei-gen\/"},{"locale":"fr_FR","id":80434,"post_title":"Congr\u00e8s Gen : Salutations et r\u00e9ponses aux questions des Gen gar\u00e7ons","href":"https:\/\/generate.focolare.org\/fr\/congres-gen-salutations-et-reponses-aux-questions-des-gen-garcons\/"},{"locale":"es_ES","id":80440,"post_title":"Congreso de Gen: Saludos y respuestas a las preguntas de los Gen","href":"https:\/\/generate.focolare.org\/es\/congreso-de-gen-saludos-y-respuestas-a-las-preguntas-de-los-gen\/"},{"locale":"ar","id":80437,"post_title":"\u0645\u0624\u062a\u0645\u0631 \u0627\u0644\u062f\u062c\u0646: \u062a\u062d\u064a\u0651\u0629 \u0648\u0623\u062c\u0648\u0628\u0629 \u0639\u0644\u0649 \u0623\u0633\u0626\u0644\u0629 \u0627\u0644\u062f\u062c\u0646","href":"https:\/\/generate.focolare.org\/ar\/gen-congress-greeting-and-answers-to-the-questions-from-the-gen-ar\/"},{"locale":"nl_NL","id":80435,"post_title":"Gencongres: Groet en antwoorden op de vragen van de Gen","href":"https:\/\/generate.focolare.org\/nl\/gencongres-groet-en-antwoorden-op-de-vragen-van-de-gen\/"},{"locale":"sl_SI","id":80436,"post_title":"Kongres gen: Pozdrav in odgovori na vpra\u0161anja gen","href":"https:\/\/generate.focolare.org\/sl\/kongres-gen-pozdrav-in-odgovori-na-vprasanja-gen\/"}],"link_to_transcription":true,"restrict_roles":null,"format":"video","length":"19","transcriptions":[{"language":"fr","file":{"ID":117334,"id":117334,"title":"gen-46-text-fr","filename":"gen-46-text-fr.pdf","filesize":107219,"url":"https:\/\/generate.focolare.org\/wp-content\/uploads\/2020\/06\/gen-46-text-fr.pdf","link":"https:\/\/generate.focolare.org\/pt-pt\/content\/congresso-gen-saudacao-e-respontas-as-perguntas-dos-gen\/gen-46-text-fr\/","alt":"","author":"1","description":"","caption":"","name":"gen-46-text-fr","status":"inherit","uploaded_to":80439,"date":"2020-06-02 17:44:07","modified":"2020-06-02 17:44:07","menu_order":0,"mime_type":"application\/pdf","type":"application","subtype":"pdf","icon":"https:\/\/generate.focolare.org\/wp-includes\/images\/media\/document.png"}},{"language":"nl","file":{"ID":117335,"id":117335,"title":"gen-46-text-nl","filename":"gen-46-text-nl.pdf","filesize":31318,"url":"https:\/\/generate.focolare.org\/wp-content\/uploads\/2020\/06\/gen-46-text-nl.pdf","link":"https:\/\/generate.focolare.org\/pt-pt\/content\/congresso-gen-saudacao-e-respontas-as-perguntas-dos-gen\/gen-46-text-nl\/","alt":"","author":"1","description":"","caption":"","name":"gen-46-text-nl","status":"inherit","uploaded_to":80439,"date":"2020-06-02 17:44:07","modified":"2020-06-02 17:44:07","menu_order":0,"mime_type":"application\/pdf","type":"application","subtype":"pdf","icon":"https:\/\/generate.focolare.org\/wp-includes\/images\/media\/document.png"}},{"language":"sl","file":{"ID":117336,"id":117336,"title":"gen-46-text-sl","filename":"gen-46-text-sl.pdf","filesize":216712,"url":"https:\/\/generate.focolare.org\/wp-content\/uploads\/2020\/06\/gen-46-text-sl.pdf","link":"https:\/\/generate.focolare.org\/pt-pt\/content\/congresso-gen-saudacao-e-respontas-as-perguntas-dos-gen\/gen-46-text-sl\/","alt":"","author":"1","description":"","caption":"","name":"gen-46-text-sl","status":"inherit","uploaded_to":80439,"date":"2020-06-02 17:44:07","modified":"2020-06-02 17:44:07","menu_order":0,"mime_type":"application\/pdf","type":"application","subtype":"pdf","icon":"https:\/\/generate.focolare.org\/wp-includes\/images\/media\/document.png"}},{"language":"ar","file":{"ID":117337,"id":117337,"title":"gen-46-text-ar","filename":"gen-46-text-ar.pdf","filesize":163525,"url":"https:\/\/generate.focolare.org\/wp-content\/uploads\/2020\/06\/gen-46-text-ar.pdf","link":"https:\/\/generate.focolare.org\/pt-pt\/content\/congresso-gen-saudacao-e-respontas-as-perguntas-dos-gen\/gen-46-text-ar\/","alt":"","author":"1","description":"","caption":"","name":"gen-46-text-ar","status":"inherit","uploaded_to":80439,"date":"2020-06-02 17:44:07","modified":"2020-06-02 17:44:07","menu_order":0,"mime_type":"application\/pdf","type":"application","subtype":"pdf","icon":"https:\/\/generate.focolare.org\/wp-includes\/images\/media\/document.png"}},{"language":"en","file":{"ID":117338,"id":117338,"title":"gen-46-text-en","filename":"gen-46-text-en.pdf","filesize":81810,"url":"https:\/\/generate.focolare.org\/wp-content\/uploads\/2020\/06\/gen-46-text-en.pdf","link":"https:\/\/generate.focolare.org\/pt-pt\/content\/congresso-gen-saudacao-e-respontas-as-perguntas-dos-gen\/gen-46-text-en\/","alt":"","author":"1","description":"","caption":"","name":"gen-46-text-en","status":"inherit","uploaded_to":80439,"date":"2020-06-02 17:44:08","modified":"2020-06-02 17:44:08","menu_order":0,"mime_type":"application\/pdf","type":"application","subtype":"pdf","icon":"https:\/\/generate.focolare.org\/wp-includes\/images\/media\/document.png"}},{"language":"it","file":{"ID":117339,"id":117339,"title":"gen-46-text-it","filename":"gen-46-text-it.pdf","filesize":164233,"url":"https:\/\/generate.focolare.org\/wp-content\/uploads\/2020\/06\/gen-46-text-it.pdf","link":"https:\/\/generate.focolare.org\/pt-pt\/content\/congresso-gen-saudacao-e-respontas-as-perguntas-dos-gen\/gen-46-text-it\/","alt":"","author":"1","description":"","caption":"","name":"gen-46-text-it","status":"inherit","uploaded_to":80439,"date":"2020-06-02 17:44:08","modified":"2020-06-02 17:44:08","menu_order":0,"mime_type":"application\/pdf","type":"application","subtype":"pdf","icon":"https:\/\/generate.focolare.org\/wp-includes\/images\/media\/document.png"}},{"language":"pt-pt","file":{"ID":849,"id":849,"title":"gen-46-text-pt","filename":"gen-46-text-pt.pdf","filesize":144377,"url":"https:\/\/generate.focolare.org\/wp-content\/uploads\/2020\/06\/gen-46-text-pt.pdf","link":"https:\/\/generate.focolare.org\/pt-pt\/content\/congresso-gen-saluto-e-risposte-alle-domande-dei-gen\/gen-46-text-pt\/","alt":"","author":"1","description":"","caption":"","name":"gen-46-text-pt","status":"inherit","uploaded_to":818,"date":"2020-06-02 17:44:08","modified":"2020-06-02 17:44:08","menu_order":0,"mime_type":"application\/pdf","type":"application","subtype":"pdf","icon":"https:\/\/generate.focolare.org\/wp-includes\/images\/media\/document.png"}},{"language":"es","file":{"ID":117340,"id":117340,"title":"gen-46-text-es","filename":"gen-46-text-es.pdf","filesize":126634,"url":"https:\/\/generate.focolare.org\/wp-content\/uploads\/2020\/06\/gen-46-text-es.pdf","link":"https:\/\/generate.focolare.org\/pt-pt\/content\/congresso-gen-saudacao-e-respontas-as-perguntas-dos-gen\/gen-46-text-es\/","alt":"","author":"1","description":"","caption":"","name":"gen-46-text-es","status":"inherit","uploaded_to":80439,"date":"2020-06-02 17:44:08","modified":"2020-06-02 17:44:08","menu_order":0,"mime_type":"application\/pdf","type":"application","subtype":"pdf","icon":"https:\/\/generate.focolare.org\/wp-includes\/images\/media\/document.png"}}],"source":{"ID":117333,"id":117333,"title":"gen-46-video-it","filename":"gen-46-video-it.mp4","filesize":214032959,"url":"https:\/\/generate.focolare.org\/wp-content\/uploads\/2020\/06\/gen-46-video-it.mp4","link":"https:\/\/generate.focolare.org\/pt-pt\/content\/congresso-gen-saudacao-e-respontas-as-perguntas-dos-gen\/gen-46-video-it\/","alt":"","author":"1","description":"","caption":"","name":"gen-46-video-it","status":"inherit","uploaded_to":80439,"date":"2020-06-02 17:44:06","modified":"2020-06-02 17:44:06","menu_order":0,"mime_type":"video\/mp4","type":"video","subtype":"mp4","icon":"https:\/\/generate.focolare.org\/wp-includes\/images\/media\/video.png","width":720,"height":576}},"headers":[],"status":200}},{"content":{"data":{"id":19848,"date":"1981-01-20","date_gmt":"2020-09-28T20:41:23","guid":{"rendered":"https:\/\/generate.focolare.org\/?post_type=content&#038;p=19848"},"modified":"2021-06-15T11:24:07","modified_gmt":"2021-06-15T10:24:07","slug":"frutos-da-vontade-de-deus","status":"publish","type":"content","link":"https:\/\/generate.focolare.org\/pt-pt\/content\/frutos-da-vontade-de-deus\/","title":{"rendered":"Frutos da vontade de Deus"},"excerpt":{"rendered":"<p>A ora\u00e7\u00e3o e em particular o ros\u00e1rio, como eu o rezo: significado dos v\u00e1rios mist\u00e9rios. <\/p>\n","protected":false},"featured_media":272792,"comment_status":"closed","ping_status":"closed","template":"","tags":[5796,5775,5469,5458,5232],"contributor":[4086],"location":[3968],"audience":[4009],"class_list":["post-19848","content","type-content","status-publish","has-post-thumbnail","hentry","tag-misterios","tag-moderna","tag-oracao","tag-papa","tag-rosario","contributor-lubich-chiara","location-rocca-di-papa","audience-gen-2"],"featured_media_url":{"thumbnail":"https:\/\/generate.focolare.org\/wp-content\/uploads\/2020\/07\/\u1109\u1173\u110f\u1173\u1105\u1175\u11ab\u1109\u1163\u11ba-2022-09-30-\u110b\u1169\u110c\u1165\u11ab-10.19.52-150x150.png","medium":"https:\/\/generate.focolare.org\/wp-content\/uploads\/2020\/07\/\u1109\u1173\u110f\u1173\u1105\u1175\u11ab\u1109\u1163\u11ba-2022-09-30-\u110b\u1169\u110c\u1165\u11ab-10.19.52-300x221.png","medium_large":"https:\/\/generate.focolare.org\/wp-content\/uploads\/2020\/07\/\u1109\u1173\u110f\u1173\u1105\u1175\u11ab\u1109\u1163\u11ba-2022-09-30-\u110b\u1169\u110c\u1165\u11ab-10.19.52-768x566.png","large":"https:\/\/generate.focolare.org\/wp-content\/uploads\/2020\/07\/\u1109\u1173\u110f\u1173\u1105\u1175\u11ab\u1109\u1163\u11ba-2022-09-30-\u110b\u1169\u110c\u1165\u11ab-10.19.52-1024x755.png","1536x1536":"https:\/\/generate.focolare.org\/wp-content\/uploads\/2020\/07\/\u1109\u1173\u110f\u1173\u1105\u1175\u11ab\u1109\u1163\u11ba-2022-09-30-\u110b\u1169\u110c\u1165\u11ab-10.19.52-1536x1133.png","2048x2048":"https:\/\/generate.focolare.org\/wp-content\/uploads\/2020\/07\/\u1109\u1173\u110f\u1173\u1105\u1175\u11ab\u1109\u1163\u11ba-2022-09-30-\u110b\u1169\u110c\u1165\u11ab-10.19.52-2048x1510.png","banner":"https:\/\/generate.focolare.org\/wp-content\/uploads\/2020\/07\/\u1109\u1173\u110f\u1173\u1105\u1175\u11ab\u1109\u1163\u11ba-2022-09-30-\u110b\u1169\u110c\u1165\u11ab-10.19.52-1800x700.png","preview":"https:\/\/generate.focolare.org\/wp-content\/uploads\/2020\/07\/\u1109\u1173\u110f\u1173\u1105\u1175\u11ab\u1109\u1163\u11ba-2022-09-30-\u110b\u1169\u110c\u1165\u11ab-10.19.52-500x400.png","profile_24":"https:\/\/generate.focolare.org\/wp-content\/uploads\/2020\/07\/\u1109\u1173\u110f\u1173\u1105\u1175\u11ab\u1109\u1163\u11ba-2022-09-30-\u110b\u1169\u110c\u1165\u11ab-10.19.52-24x24.png","profile_48":"https:\/\/generate.focolare.org\/wp-content\/uploads\/2020\/07\/\u1109\u1173\u110f\u1173\u1105\u1175\u11ab\u1109\u1163\u11ba-2022-09-30-\u110b\u1169\u110c\u1165\u11ab-10.19.52-48x48.png","profile_96":"https:\/\/generate.focolare.org\/wp-content\/uploads\/2020\/07\/\u1109\u1173\u110f\u1173\u1105\u1175\u11ab\u1109\u1163\u11ba-2022-09-30-\u110b\u1169\u110c\u1165\u11ab-10.19.52-96x96.png","profile_150":"https:\/\/generate.focolare.org\/wp-content\/uploads\/2020\/07\/\u1109\u1173\u110f\u1173\u1105\u1175\u11ab\u1109\u1163\u11ba-2022-09-30-\u110b\u1169\u110c\u1165\u11ab-10.19.52-150x150.png","profile_300":"https:\/\/generate.focolare.org\/wp-content\/uploads\/2020\/07\/\u1109\u1173\u110f\u1173\u1105\u1175\u11ab\u1109\u1163\u11ba-2022-09-30-\u110b\u1169\u110c\u1165\u11ab-10.19.52-300x300.png"},"related":[128375,80017,20492,322545,276795,122151],"wpml_current_locale":"pt_PT","wpml_translations":[{"locale":"en_US","id":19794,"post_title":"Praying the rosary","href":"https:\/\/generate.focolare.org\/en\/praying-the-rosary\/"},{"locale":"it_IT","id":19829,"post_title":"Frutti della volont\u00e0 di Dio - La Preghiera del Rosario","href":"https:\/\/generate.focolare.org\/it\/frutti-della-volonta-di-dio-la-preghiera-del-rosario\/"},{"locale":"fr_FR","id":19849,"post_title":"Fruits de la volont\u00e9 de Dieu - La pri\u00e8re du Rosaire","href":"https:\/\/generate.focolare.org\/fr\/fruits-de-la-volonte-de-dieu-la-priere-du-rosaire\/"},{"locale":"es_ES","id":19847,"post_title":"La oraci\u00f3n del Rosario","href":"https:\/\/generate.focolare.org\/es\/la-oracion-del-rosario\/"},{"locale":"ar","id":19852,"post_title":"\u062b\u0645\u0627\u0631 \u0625\u0631\u0627\u062f\u0629 \u0627\u0644\u0644\u0647- \u0635\u0644\u0627\u0629 \u0627\u0644\u0645\u0633\u0628\u062d\u0629 \u0627\u0644\u0648\u0631\u062f\u064a\u0651\u0629","href":"https:\/\/generate.focolare.org\/ar\/praying-the-rosary-ar\/"},{"locale":"nl_NL","id":19851,"post_title":"De vruchten van de wil van God - Het gebed van de rozenkrans","href":"https:\/\/generate.focolare.org\/nl\/de-vruchten-van-de-wil-van-god-het-gebed-van-de-rozenkrans\/"},{"locale":"de_DE","id":19850,"post_title":"Fr\u00fcchte aus dem gelebten Willen Gottes - Das Rosenkranzgebet","href":"https:\/\/generate.focolare.org\/de\/fruchte-aus-dem-gelebten-willen-gottes-das-rosenkranzgebet\/"},{"locale":"ko_KR","id":19853,"post_title":"\ub85c\uc0ac\ub9ac\uc624 \uae30\ub3c4","href":"https:\/\/generate.focolare.org\/ko\/praying-the-rosary-ko\/"},{"locale":"pl_PL","id":19855,"post_title":"Owoce woli Bo\u017cej \u2013 Modlitwa r\u00f3\u017ca\u0144cowa","href":"https:\/\/generate.focolare.org\/pl\/owoce-woli-bozej-modlitwa-rozancowa\/"},{"locale":"sl_SI","id":19854,"post_title":"Molitev ro\u017enega venca","href":"https:\/\/generate.focolare.org\/sl\/molitev-roznega-venca\/"}],"source":{"ID":19805,"id":19805,"title":"csc-0224m3-video","filename":"csc-0224m3-video.mp4","filesize":283150769,"url":"https:\/\/generate.focolare.org\/wp-content\/uploads\/2020\/07\/csc-0224m3-video.mp4.hsl\/index.m3u8","link":"https:\/\/generate.focolare.org\/pt-pt\/content\/frutos-da-vontade-de-deus\/csc-0224m3-video-2\/","alt":"","author":"0","description":"","caption":"","name":"csc-0224m3-video-2","status":"inherit","uploaded_to":19848,"date":"2020-07-04 11:44:26","modified":"2020-09-28 20:41:24","menu_order":0,"mime_type":"application\/x-mpegURL","type":"video","subtype":"mp4","icon":"https:\/\/generate.focolare.org\/wp-includes\/images\/media\/video.png","width":720,"height":576},"format":"video","restrict_roles":null,"length":"17","transcriptions":[{"language":"it","file":{"ID":19866,"id":19866,"title":"0224m3-text-it","filename":"0224m3-text-it.pdf","filesize":98201,"url":"https:\/\/generate.focolare.org\/wp-content\/uploads\/2020\/07\/0224m3-text-it.pdf","link":"https:\/\/generate.focolare.org\/pt-pt\/content\/frutos-da-vontade-de-deus\/0224m3-text-it-2\/","alt":"","author":"0","description":"","caption":"","name":"0224m3-text-it-2","status":"inherit","uploaded_to":19848,"date":"2020-07-04 11:44:36","modified":"2020-09-28 20:41:24","menu_order":0,"mime_type":"application\/pdf","type":"application","subtype":"pdf","icon":"https:\/\/generate.focolare.org\/wp-includes\/images\/media\/document.png"}},{"language":"en","file":{"ID":19883,"id":19883,"title":"0224m3-text-en","filename":"0224m3-text-en.pdf","filesize":97248,"url":"https:\/\/generate.focolare.org\/wp-content\/uploads\/2020\/07\/0224m3-text-en.pdf","link":"https:\/\/generate.focolare.org\/pt-pt\/content\/frutos-da-vontade-de-deus\/0224m3-text-en-2\/","alt":"","author":"0","description":"","caption":"","name":"0224m3-text-en-2","status":"inherit","uploaded_to":19848,"date":"2020-07-04 11:44:40","modified":"2020-09-28 20:41:24","menu_order":0,"mime_type":"application\/pdf","type":"application","subtype":"pdf","icon":"https:\/\/generate.focolare.org\/wp-includes\/images\/media\/document.png"}},{"language":"es","file":{"ID":19900,"id":19900,"title":"0224m3-text-es","filename":"0224m3-text-es.pdf","filesize":35624,"url":"https:\/\/generate.focolare.org\/wp-content\/uploads\/2020\/07\/0224m3-text-es.pdf","link":"https:\/\/generate.focolare.org\/pt-pt\/content\/frutos-da-vontade-de-deus\/0224m3-text-es-2\/","alt":"","author":"0","description":"","caption":"","name":"0224m3-text-es-2","status":"inherit","uploaded_to":19848,"date":"2020-07-04 11:44:44","modified":"2020-09-28 20:41:24","menu_order":0,"mime_type":"application\/pdf","type":"application","subtype":"pdf","icon":"https:\/\/generate.focolare.org\/wp-includes\/images\/media\/document.png"}},{"language":"sl","file":{"ID":19917,"id":19917,"title":"0224m3-text-sl","filename":"0224m3-text-sl.pdf","filesize":119455,"url":"https:\/\/generate.focolare.org\/wp-content\/uploads\/2020\/07\/0224m3-text-sl.pdf","link":"https:\/\/generate.focolare.org\/pt-pt\/content\/frutos-da-vontade-de-deus\/0224m3-text-sl-2\/","alt":"","author":"0","description":"","caption":"","name":"0224m3-text-sl-2","status":"inherit","uploaded_to":19848,"date":"2020-07-04 11:44:49","modified":"2020-09-28 20:41:24","menu_order":0,"mime_type":"application\/pdf","type":"application","subtype":"pdf","icon":"https:\/\/generate.focolare.org\/wp-includes\/images\/media\/document.png"}},{"language":"ar","file":{"ID":61306,"id":61306,"title":"19810120 - Frutti della Volonta di Dio - Arabo","filename":"19810120-Frutti-della-Volonta-di-Dio-Arabo.pdf","filesize":434564,"url":"https:\/\/generate.focolare.org\/wp-content\/uploads\/2020\/10\/19810120-Frutti-della-Volonta-di-Dio-Arabo.pdf","link":"https:\/\/generate.focolare.org\/pt-pt\/content\/frutos-da-vontade-de-deus\/19810120-frutti-della-volonta-di-dio-arabo-2\/","alt":"","author":"6","description":"","caption":"","name":"19810120-frutti-della-volonta-di-dio-arabo-2","status":"inherit","uploaded_to":19848,"date":"2020-10-23 15:19:31","modified":"2020-10-23 15:19:31","menu_order":0,"mime_type":"application\/pdf","type":"application","subtype":"pdf","icon":"https:\/\/generate.focolare.org\/wp-includes\/images\/media\/document.png"}},{"language":"fr","file":{"ID":65201,"id":65201,"title":"tfr-scm-19810120-0224m3-gen2","filename":"tfr-scm-19810120-0224m3-gen2.pdf","filesize":447999,"url":"https:\/\/generate.focolare.org\/wp-content\/uploads\/2020\/10\/tfr-scm-19810120-0224m3-gen2.pdf","link":"https:\/\/generate.focolare.org\/pt-pt\/content\/frutos-da-vontade-de-deus\/tfr-scm-19810120-0224m3-gen2-3\/","alt":"","author":"6","description":"","caption":"","name":"tfr-scm-19810120-0224m3-gen2-3","status":"inherit","uploaded_to":19848,"date":"2020-10-26 04:41:21","modified":"2020-10-26 04:41:21","menu_order":0,"mime_type":"application\/pdf","type":"application","subtype":"pdf","icon":"https:\/\/generate.focolare.org\/wp-includes\/images\/media\/document.png"}},{"language":"pl","file":{"ID":65218,"id":65218,"title":"tpl_0224m3a_chiara_do_gen2_modlitwa_rozancowa","filename":"tpl_0224m3a_chiara_do_gen2_modlitwa_rozancowa.pdf","filesize":228993,"url":"https:\/\/generate.focolare.org\/wp-content\/uploads\/2020\/10\/tpl_0224m3a_chiara_do_gen2_modlitwa_rozancowa.pdf","link":"https:\/\/generate.focolare.org\/pt-pt\/content\/frutos-da-vontade-de-deus\/tpl_0224m3a_chiara_do_gen2_modlitwa_rozancowa-3\/","alt":"","author":"6","description":"","caption":"","name":"tpl_0224m3a_chiara_do_gen2_modlitwa_rozancowa-3","status":"inherit","uploaded_to":19848,"date":"2020-10-26 04:42:04","modified":"2020-10-26 04:42:04","menu_order":0,"mime_type":"application\/pdf","type":"application","subtype":"pdf","icon":"https:\/\/generate.focolare.org\/wp-includes\/images\/media\/document.png"}},{"language":"pt-pt","file":{"ID":65235,"id":65235,"title":"tbs-scm-19810120-0224m3-gen-2","filename":"tbs-scm-19810120-0224m3-gen-2.pdf","filesize":989143,"url":"https:\/\/generate.focolare.org\/wp-content\/uploads\/2020\/10\/tbs-scm-19810120-0224m3-gen-2.pdf","link":"https:\/\/generate.focolare.org\/pt-pt\/content\/frutos-da-vontade-de-deus\/tbs-scm-19810120-0224m3-gen-2-3\/","alt":"","author":"6","description":"","caption":"","name":"tbs-scm-19810120-0224m3-gen-2-3","status":"inherit","uploaded_to":19848,"date":"2020-10-26 04:42:53","modified":"2020-10-26 04:42:53","menu_order":0,"mime_type":"application\/pdf","type":"application","subtype":"pdf","icon":"https:\/\/generate.focolare.org\/wp-includes\/images\/media\/document.png"}},{"language":"de","file":{"ID":65252,"id":65252,"title":"ted-scm-19810120-0224m3-gen-2-nuovo_del_12_luglio","filename":"ted-scm-19810120-0224m3-gen-2-nuovo_del_12_luglio.pdf","filesize":61700,"url":"https:\/\/generate.focolare.org\/wp-content\/uploads\/2020\/10\/ted-scm-19810120-0224m3-gen-2-nuovo_del_12_luglio.pdf","link":"https:\/\/generate.focolare.org\/pt-pt\/content\/frutos-da-vontade-de-deus\/ted-scm-19810120-0224m3-gen-2-nuovo_del_12_luglio-3\/","alt":"","author":"6","description":"","caption":"","name":"ted-scm-19810120-0224m3-gen-2-nuovo_del_12_luglio-3","status":"inherit","uploaded_to":19848,"date":"2020-10-26 04:43:26","modified":"2020-10-26 04:43:26","menu_order":0,"mime_type":"application\/pdf","type":"application","subtype":"pdf","icon":"https:\/\/generate.focolare.org\/wp-includes\/images\/media\/document.png"}},{"language":"ko","file":{"ID":65269,"id":65269,"title":"tco-19810120_il_rosario_k16_vers_2017_0224m3-gen-2","filename":"tco-19810120_il_rosario_k16_vers_2017_0224m3-gen-2.pdf","filesize":752494,"url":"https:\/\/generate.focolare.org\/wp-content\/uploads\/2020\/10\/tco-19810120_il_rosario_k16_vers_2017_0224m3-gen-2.pdf","link":"https:\/\/generate.focolare.org\/pt-pt\/content\/frutos-da-vontade-de-deus\/tco-19810120_il_rosario_k16_vers_2017_0224m3-gen-2-3\/","alt":"","author":"6","description":"","caption":"","name":"tco-19810120_il_rosario_k16_vers_2017_0224m3-gen-2-3","status":"inherit","uploaded_to":19848,"date":"2020-10-26 04:43:40","modified":"2020-10-26 04:43:40","menu_order":0,"mime_type":"application\/pdf","type":"application","subtype":"pdf","icon":"https:\/\/generate.focolare.org\/wp-includes\/images\/media\/document.png"}},{"language":"nl","file":{"ID":65286,"id":65286,"title":"tne-19810120-0224m3-gen-2def","filename":"tne-19810120-0224m3-gen-2def.pdf","filesize":817514,"url":"https:\/\/generate.focolare.org\/wp-content\/uploads\/2020\/10\/tne-19810120-0224m3-gen-2def.pdf","link":"https:\/\/generate.focolare.org\/pt-pt\/content\/frutos-da-vontade-de-deus\/tne-19810120-0224m3-gen-2def-3\/","alt":"","author":"6","description":"","caption":"","name":"tne-19810120-0224m3-gen-2def-3","status":"inherit","uploaded_to":19848,"date":"2020-10-26 04:43:53","modified":"2020-10-26 04:43:53","menu_order":0,"mime_type":"application\/pdf","type":"application","subtype":"pdf","icon":"https:\/\/generate.focolare.org\/wp-includes\/images\/media\/document.png"}}],"link_to_transcription":null},"headers":[],"status":200}},{"content":{"data":{"id":80017,"date":"1980-09-29","date_gmt":"2020-11-17T00:29:25","guid":{"rendered":"https:\/\/generate.focolare.org\/?post_type=content&#038;p=80017"},"modified":"2021-06-15T10:41:31","modified_gmt":"2021-06-15T09:41:31","slug":"a-vontade-de-deus","status":"publish","type":"content","link":"https:\/\/generate.focolare.org\/pt-pt\/content\/a-vontade-de-deus\/","title":{"rendered":"A Vontade de Deus"},"excerpt":{"rendered":"<p>Olhar o des\u00edgno de Deus para n\u00f3s nos realiza completamente como homens e nos faz felizes e livres. Comecemos imediatamente a aventura da Vontade de Deus.<\/p>\n","protected":false},"featured_media":105656,"comment_status":"closed","ping_status":"closed","template":"","tags":[4973,5749,4575],"contributor":[4086],"location":[3968],"audience":[4009],"class_list":["post-80017","content","type-content","status-publish","has-post-thumbnail","hentry","tag-beatitudes","tag-felicidade","tag-vontade-de-deus","contributor-lubich-chiara","location-rocca-di-papa","audience-gen-2"],"featured_media_url":{"thumbnail":"https:\/\/generate.focolare.org\/wp-content\/uploads\/2021\/01\/24-1-150x150.jpg","medium":"https:\/\/generate.focolare.org\/wp-content\/uploads\/2021\/01\/24-1-300x197.jpg","medium_large":"https:\/\/generate.focolare.org\/wp-content\/uploads\/2021\/01\/24-1-768x504.jpg","large":"https:\/\/generate.focolare.org\/wp-content\/uploads\/2021\/01\/24-1-1024x672.jpg","1536x1536":"https:\/\/generate.focolare.org\/wp-content\/uploads\/2021\/01\/24-1-1536x1008.jpg","2048x2048":"https:\/\/generate.focolare.org\/wp-content\/uploads\/2021\/01\/24-1-2048x1344.jpg","banner":"https:\/\/generate.focolare.org\/wp-content\/uploads\/2021\/01\/24-1-1800x700.jpg","preview":"https:\/\/generate.focolare.org\/wp-content\/uploads\/2021\/01\/24-1-500x400.jpg","profile_24":"https:\/\/generate.focolare.org\/wp-content\/uploads\/2021\/01\/24-1.jpg","profile_48":"https:\/\/generate.focolare.org\/wp-content\/uploads\/2021\/01\/24-1.jpg","profile_96":"https:\/\/generate.focolare.org\/wp-content\/uploads\/2021\/01\/24-1.jpg","profile_150":"https:\/\/generate.focolare.org\/wp-content\/uploads\/2021\/01\/24-1.jpg","profile_300":"https:\/\/generate.focolare.org\/wp-content\/uploads\/2021\/01\/24-1.jpg"},"related":[322545,36720,19848,62189,128177,6892],"wpml_current_locale":"pt_PT","wpml_translations":[{"locale":"en_US","id":80021,"post_title":"The Will of God","href":"https:\/\/generate.focolare.org\/en\/the-will-of-god\/"},{"locale":"it_IT","id":60933,"post_title":"La Volont\u00e0 di Dio","href":"https:\/\/generate.focolare.org\/it\/la-volonta-di-dio\/"},{"locale":"fr_FR","id":80019,"post_title":"La Volont\u00e9 de Dieu","href":"https:\/\/generate.focolare.org\/fr\/la-volonte-de-dieu\/"},{"locale":"es_ES","id":80015,"post_title":"La Voluntad De Dios","href":"https:\/\/generate.focolare.org\/es\/la-voluntad-de-dios\/"},{"locale":"ar","id":80020,"post_title":"\u0625\u0631\u0627\u062f\u0629 \u0627\u0644\u0644\u0647","href":"https:\/\/generate.focolare.org\/ar\/the-will-of-god-ar\/"},{"locale":"nl_NL","id":80022,"post_title":"De wil van God","href":"https:\/\/generate.focolare.org\/nl\/de-wil-van-god\/"},{"locale":"de_DE","id":80018,"post_title":"Der Wille Gottes","href":"https:\/\/generate.focolare.org\/de\/der-wille-gottes\/"},{"locale":"sl_SI","id":80016,"post_title":"Bo\u017eja volja","href":"https:\/\/generate.focolare.org\/sl\/bozja-volja\/"}],"link_to_transcription":true,"format":"audio","restrict_roles":null,"length":"8","transcriptions":[{"language":"es","file":{"ID":60961,"id":60961,"title":"ACL-DS-19800929-TI-A-es","filename":"ACL-DS-19800929-TI-A-es.pdf","filesize":50449,"url":"https:\/\/generate.focolare.org\/wp-content\/uploads\/2020\/10\/ACL-DS-19800929-TI-A-es.pdf","link":"https:\/\/generate.focolare.org\/pt-pt\/content\/a-vontade-de-deus\/acl-ds-19800929-ti-a-es-2\/","alt":"","author":"6","description":"","caption":"","name":"acl-ds-19800929-ti-a-es-2","status":"inherit","uploaded_to":80017,"date":"2020-10-23 14:45:50","modified":"2020-11-17 00:29:26","menu_order":0,"mime_type":"application\/pdf","type":"application","subtype":"pdf","icon":"https:\/\/generate.focolare.org\/wp-includes\/images\/media\/document.png"}},{"language":"sl","file":{"ID":60978,"id":60978,"title":"ACL-DS-19800929-T-sl","filename":"ACL-DS-19800929-T-sl.pdf","filesize":25656,"url":"https:\/\/generate.focolare.org\/wp-content\/uploads\/2020\/10\/ACL-DS-19800929-T-sl.pdf","link":"https:\/\/generate.focolare.org\/pt-pt\/content\/a-vontade-de-deus\/acl-ds-19800929-t-sl-2\/","alt":"","author":"6","description":"","caption":"","name":"acl-ds-19800929-t-sl-2","status":"inherit","uploaded_to":80017,"date":"2020-10-23 14:46:27","modified":"2020-11-17 00:29:26","menu_order":0,"mime_type":"application\/pdf","type":"application","subtype":"pdf","icon":"https:\/\/generate.focolare.org\/wp-includes\/images\/media\/document.png"}},{"language":"pt-pt","file":{"ID":60995,"id":60995,"title":"ACL-DS-19800929-TT-A-pt","filename":"ACL-DS-19800929-TT-A-pt.pdf","filesize":164715,"url":"https:\/\/generate.focolare.org\/wp-content\/uploads\/2020\/10\/ACL-DS-19800929-TT-A-pt.pdf","link":"https:\/\/generate.focolare.org\/pt-pt\/content\/a-vontade-de-deus\/acl-ds-19800929-tt-a-pt-2\/","alt":"","author":"6","description":"","caption":"","name":"acl-ds-19800929-tt-a-pt-2","status":"inherit","uploaded_to":80017,"date":"2020-10-23 14:46:37","modified":"2020-11-17 00:29:26","menu_order":0,"mime_type":"application\/pdf","type":"application","subtype":"pdf","icon":"https:\/\/generate.focolare.org\/wp-includes\/images\/media\/document.png"}},{"language":"de","file":{"ID":61012,"id":61012,"title":"ACL-DS-19800929-TI-A-de","filename":"ACL-DS-19800929-TI-A-de.pdf","filesize":102359,"url":"https:\/\/generate.focolare.org\/wp-content\/uploads\/2020\/10\/ACL-DS-19800929-TI-A-de.pdf","link":"https:\/\/generate.focolare.org\/pt-pt\/content\/a-vontade-de-deus\/acl-ds-19800929-ti-a-de-2\/","alt":"","author":"6","description":"","caption":"","name":"acl-ds-19800929-ti-a-de-2","status":"inherit","uploaded_to":80017,"date":"2020-10-23 14:46:43","modified":"2020-11-17 00:29:26","menu_order":0,"mime_type":"application\/pdf","type":"application","subtype":"pdf","icon":"https:\/\/generate.focolare.org\/wp-includes\/images\/media\/document.png"}},{"language":"fr","file":{"ID":61029,"id":61029,"title":"ACL-DS-19800929-TI-A-fr","filename":"ACL-DS-19800929-TI-A-fr.pdf","filesize":63306,"url":"https:\/\/generate.focolare.org\/wp-content\/uploads\/2020\/10\/ACL-DS-19800929-TI-A-fr.pdf","link":"https:\/\/generate.focolare.org\/pt-pt\/content\/a-vontade-de-deus\/acl-ds-19800929-ti-a-fr-2\/","alt":"","author":"6","description":"","caption":"","name":"acl-ds-19800929-ti-a-fr-2","status":"inherit","uploaded_to":80017,"date":"2020-10-23 14:46:51","modified":"2020-11-17 00:29:26","menu_order":0,"mime_type":"application\/pdf","type":"application","subtype":"pdf","icon":"https:\/\/generate.focolare.org\/wp-includes\/images\/media\/document.png"}},{"language":"ar","file":{"ID":61046,"id":61046,"title":"ACL-DS-19800929-TI-A-ar","filename":"ACL-DS-19800929-TI-A-ar.pdf","filesize":63669,"url":"https:\/\/generate.focolare.org\/wp-content\/uploads\/2020\/10\/ACL-DS-19800929-TI-A-ar.pdf","link":"https:\/\/generate.focolare.org\/pt-pt\/content\/a-vontade-de-deus\/acl-ds-19800929-ti-a-ar-2\/","alt":"","author":"6","description":"","caption":"","name":"acl-ds-19800929-ti-a-ar-2","status":"inherit","uploaded_to":80017,"date":"2020-10-23 14:46:56","modified":"2020-11-17 00:29:26","menu_order":0,"mime_type":"application\/pdf","type":"application","subtype":"pdf","icon":"https:\/\/generate.focolare.org\/wp-includes\/images\/media\/document.png"}},{"language":"it","file":{"ID":61063,"id":61063,"title":"ACL-DS-19800929-TI-A","filename":"ACL-DS-19800929-TI-A.pdf","filesize":145491,"url":"https:\/\/generate.focolare.org\/wp-content\/uploads\/2020\/10\/ACL-DS-19800929-TI-A.pdf","link":"https:\/\/generate.focolare.org\/pt-pt\/content\/a-vontade-de-deus\/acl-ds-19800929-ti-a-2\/","alt":"","author":"6","description":"","caption":"","name":"acl-ds-19800929-ti-a-2","status":"inherit","uploaded_to":80017,"date":"2020-10-23 14:47:03","modified":"2020-11-17 00:29:26","menu_order":0,"mime_type":"application\/pdf","type":"application","subtype":"pdf","icon":"https:\/\/generate.focolare.org\/wp-includes\/images\/media\/document.png"}},{"language":"en","file":{"ID":281757,"id":281757,"title":"GMU-G2-Chiara_Some thoughts on the will of God_19800929","filename":"GMU-G2-Chiara_Some-thoughts-on-the-will-of-God_19800929.pdf","filesize":225699,"url":"https:\/\/generate.focolare.org\/wp-content\/uploads\/2020\/10\/GMU-G2-Chiara_Some-thoughts-on-the-will-of-God_19800929.pdf","link":"https:\/\/generate.focolare.org\/pt-pt\/content\/a-vontade-de-deus\/gmu-g2-chiara_some-thoughts-on-the-will-of-god_19800929-2\/","alt":"","author":"555","description":"","caption":"","name":"gmu-g2-chiara_some-thoughts-on-the-will-of-god_19800929-2","status":"inherit","uploaded_to":80017,"date":"2022-12-14 09:40:24","modified":"2022-12-14 09:40:24","menu_order":0,"mime_type":"application\/pdf","type":"application","subtype":"pdf","icon":"https:\/\/generate.focolare.org\/wp-includes\/images\/media\/document.png"}},{"language":"nl","file":{"ID":61097,"id":61097,"title":"19800929 - La Volont\u00e0 di Dio - Olandese","filename":"19800929-La-Volonta-di-Dio-Olandese.pdf","filesize":119612,"url":"https:\/\/generate.focolare.org\/wp-content\/uploads\/2020\/10\/19800929-La-Volonta-di-Dio-Olandese.pdf","link":"https:\/\/generate.focolare.org\/pt-pt\/content\/a-vontade-de-deus\/19800929-la-volonta-di-dio-olandese-2\/","alt":"","author":"6","description":"","caption":"","name":"19800929-la-volonta-di-dio-olandese-2","status":"inherit","uploaded_to":80017,"date":"2020-10-23 14:48:17","modified":"2020-11-17 00:29:27","menu_order":0,"mime_type":"application\/pdf","type":"application","subtype":"pdf","icon":"https:\/\/generate.focolare.org\/wp-includes\/images\/media\/document.png"}}],"source":{"ID":60944,"id":60944,"title":"Chiara nel giardino di casa sua: Alcuni pensieri sulla volont\u00e0 di Dio","filename":"SCA-CL-19800929-EL-A.mp3","filesize":4076763,"url":"https:\/\/generate.focolare.org\/wp-content\/uploads\/2020\/10\/SCA-CL-19800929-EL-A.mp3","link":"https:\/\/generate.focolare.org\/pt-pt\/chiara-nel-giardino-di-casa-sua-alcuni-pensieri-sulla-volonta-di-dio-2\/","alt":"","author":"6","description":"\"Chiara nel giardino di casa sua: Alcuni pensieri sulla volont\u00e0 di Dio\" by Chiara Lubich. Released: 1980.","caption":"","name":"chiara-nel-giardino-di-casa-sua-alcuni-pensieri-sulla-volonta-di-dio-2","status":"inherit","uploaded_to":0,"date":"2020-10-23 14:43:23","modified":"2020-10-23 14:45:23","menu_order":0,"mime_type":"audio\/mpeg","type":"audio","subtype":"mpeg","icon":"https:\/\/generate.focolare.org\/wp-includes\/images\/media\/audio.png"}},"headers":[],"status":200}},{"content":{"data":{"id":322545,"date":"2001-08-14","date_gmt":"2025-10-29T15:31:49","guid":{"rendered":"https:\/\/generate.focolare.org\/?post_type=content&#038;p=322545"},"modified":"2025-10-29T16:31:49","modified_gmt":"2025-10-29T15:31:49","slug":"anular-se-na-vontade-de-deus","status":"publish","type":"content","link":"https:\/\/generate.focolare.org\/pt-pt\/content\/anular-se-na-vontade-de-deus\/","title":{"rendered":"Anular-se na vontade de Deus"},"excerpt":{"rendered":"<p>Para Eirc, um gen brasileiro estudante de engenharia, dizem: \u201cClaro que voc\u00ea gosta! Ele responde: eu gosto deste mundo, mas como gen aprendemos a fazer as coisas por vontade de Deus, n\u00e3o porque gostamos.\u201d<\/p>\n","protected":false},"featured_media":313829,"comment_status":"closed","ping_status":"closed","template":"","tags":[5131,4575],"contributor":[4086],"location":[11121],"audience":[4009],"class_list":["post-322545","content","type-content","status-publish","has-post-thumbnail","hentry","tag-anular-se","tag-vontade-de-deus","contributor-lubich-chiara","location-montet-mariapolis-foco","audience-gen-2"],"featured_media_url":{"thumbnail":"https:\/\/generate.focolare.org\/wp-content\/uploads\/2020\/07\/anularse-150x150.png","medium":"https:\/\/generate.focolare.org\/wp-content\/uploads\/2020\/07\/anularse-300x240.png","medium_large":"https:\/\/generate.focolare.org\/wp-content\/uploads\/2020\/07\/anularse.png","large":"https:\/\/generate.focolare.org\/wp-content\/uploads\/2020\/07\/anularse.png","1536x1536":"https:\/\/generate.focolare.org\/wp-content\/uploads\/2020\/07\/anularse.png","2048x2048":"https:\/\/generate.focolare.org\/wp-content\/uploads\/2020\/07\/anularse.png","banner":"https:\/\/generate.focolare.org\/wp-content\/uploads\/2020\/07\/anularse.png","preview":"https:\/\/generate.focolare.org\/wp-content\/uploads\/2020\/07\/anularse-500x400.png","profile_24":"https:\/\/generate.focolare.org\/wp-content\/uploads\/2020\/07\/anularse-24x24.png","profile_48":"https:\/\/generate.focolare.org\/wp-content\/uploads\/2020\/07\/anularse-48x48.png","profile_96":"https:\/\/generate.focolare.org\/wp-content\/uploads\/2020\/07\/anularse-96x96.png","profile_150":"https:\/\/generate.focolare.org\/wp-content\/uploads\/2020\/07\/anularse-150x150.png","profile_300":"https:\/\/generate.focolare.org\/wp-content\/uploads\/2020\/07\/anularse-300x300.png"},"related":[128375,80017,20492,276795,122151,321826],"wpml_current_locale":"pt_PT","wpml_translations":[{"locale":"en_US","id":3102,"post_title":"Become Nothing In The Will Of God","href":"https:\/\/generate.focolare.org\/en\/become-nothing-in-the-will-of-god\/"},{"locale":"it_IT","id":3096,"post_title":"Annullarsi nella volont\u00e0 di Dio","href":"https:\/\/generate.focolare.org\/it\/annullarsi-nella-volonta-di-dio\/"},{"locale":"fr_FR","id":3114,"post_title":"S'annuler dans la volont\u00e9 de Dieu","href":"https:\/\/generate.focolare.org\/fr\/sannuler-dans-la-volonte-de-dieu\/"},{"locale":"es_ES","id":322479,"post_title":"Anularse en la voluntad de Dios","href":"https:\/\/generate.focolare.org\/es\/anularse-en-la-voluntad-de-dios\/"},{"locale":"ar","id":279467,"post_title":"\u0645\u0634\u064a\u0626\u0629 \u0627\u0644\u0644\u0647","href":"https:\/\/generate.focolare.org\/ar\/%d9%85%d8%b4%d9%8a%d8%a6%d8%a9-%d8%a7%d9%84%d9%84%d9%87\/"},{"locale":"nl_NL","id":3120,"post_title":"Jezelf tot niets maken in de wil van God","href":"https:\/\/generate.focolare.org\/nl\/jezelf-tot-niets-maken-in-de-wil-van-god\/"},{"locale":"sl_SI","id":3108,"post_title":"Izni\u010diti se v Bo\u017eji volji","href":"https:\/\/generate.focolare.org\/sl\/izniciti-se-v-bozji-volji\/"}],"format":"text","restrict_roles":null,"link_to_transcription":null,"source":{"ID":322547,"id":322547,"title":"GMU-G2-Chiara Lubich-Anular-se na vontade de Deus-20010814","filename":"GMU-G2-Chiara-Lubich-Anular-se-na-vontade-de-Deus-20010814-1.pdf","filesize":153493,"url":"https:\/\/generate.focolare.org\/wp-content\/uploads\/2025\/10\/GMU-G2-Chiara-Lubich-Anular-se-na-vontade-de-Deus-20010814-1.pdf","link":"https:\/\/generate.focolare.org\/pt-pt\/content\/anular-se-na-vontade-de-deus\/gmu-g2-chiara-lubich-anular-se-na-vontade-de-deus-20010814-2\/","alt":"","author":"2253","description":"","caption":"","name":"gmu-g2-chiara-lubich-anular-se-na-vontade-de-deus-20010814-2","status":"inherit","uploaded_to":322545,"date":"2025-10-29 15:31:04","modified":"2025-10-29 15:31:04","menu_order":0,"mime_type":"application\/pdf","type":"application","subtype":"pdf","icon":"https:\/\/generate.focolare.org\/wp-includes\/images\/media\/document.png"},"length":"3"},"headers":[],"status":200}}],"restrict_roles":null},"headers":[],"status":200},{"data":{"id":80017,"date":"1980-09-29","date_gmt":"2020-11-17T00:29:25","guid":{"rendered":"https:\/\/generate.focolare.org\/?post_type=content&#038;p=80017"},"modified":"2021-06-15T10:41:31","modified_gmt":"2021-06-15T09:41:31","slug":"a-vontade-de-deus","status":"publish","type":"content","link":"https:\/\/generate.focolare.org\/pt-pt\/content\/a-vontade-de-deus\/","title":{"rendered":"A Vontade de Deus"},"excerpt":{"rendered":"<p>Olhar o des\u00edgno de Deus para n\u00f3s nos realiza completamente como homens e nos faz felizes e livres. Comecemos imediatamente a aventura da Vontade de Deus.<\/p>\n","protected":false},"featured_media":105656,"comment_status":"closed","ping_status":"closed","template":"","tags":[4973,5749,4575],"contributor":[4086],"location":[3968],"audience":[4009],"class_list":["post-80017","content","type-content","status-publish","has-post-thumbnail","hentry","tag-beatitudes","tag-felicidade","tag-vontade-de-deus","contributor-lubich-chiara","location-rocca-di-papa","audience-gen-2"],"featured_media_url":{"thumbnail":"https:\/\/generate.focolare.org\/wp-content\/uploads\/2021\/01\/24-1-150x150.jpg","medium":"https:\/\/generate.focolare.org\/wp-content\/uploads\/2021\/01\/24-1-300x197.jpg","medium_large":"https:\/\/generate.focolare.org\/wp-content\/uploads\/2021\/01\/24-1-768x504.jpg","large":"https:\/\/generate.focolare.org\/wp-content\/uploads\/2021\/01\/24-1-1024x672.jpg","1536x1536":"https:\/\/generate.focolare.org\/wp-content\/uploads\/2021\/01\/24-1-1536x1008.jpg","2048x2048":"https:\/\/generate.focolare.org\/wp-content\/uploads\/2021\/01\/24-1-2048x1344.jpg","banner":"https:\/\/generate.focolare.org\/wp-content\/uploads\/2021\/01\/24-1-1800x700.jpg","preview":"https:\/\/generate.focolare.org\/wp-content\/uploads\/2021\/01\/24-1-500x400.jpg","profile_24":"https:\/\/generate.focolare.org\/wp-content\/uploads\/2021\/01\/24-1.jpg","profile_48":"https:\/\/generate.focolare.org\/wp-content\/uploads\/2021\/01\/24-1.jpg","profile_96":"https:\/\/generate.focolare.org\/wp-content\/uploads\/2021\/01\/24-1.jpg","profile_150":"https:\/\/generate.focolare.org\/wp-content\/uploads\/2021\/01\/24-1.jpg","profile_300":"https:\/\/generate.focolare.org\/wp-content\/uploads\/2021\/01\/24-1.jpg"},"related":[322545,36720,19848,62189,128177,6892],"wpml_current_locale":"pt_PT","wpml_translations":[{"locale":"en_US","id":80021,"post_title":"The Will of God","href":"https:\/\/generate.focolare.org\/en\/the-will-of-god\/"},{"locale":"it_IT","id":60933,"post_title":"La Volont\u00e0 di Dio","href":"https:\/\/generate.focolare.org\/it\/la-volonta-di-dio\/"},{"locale":"fr_FR","id":80019,"post_title":"La Volont\u00e9 de Dieu","href":"https:\/\/generate.focolare.org\/fr\/la-volonte-de-dieu\/"},{"locale":"es_ES","id":80015,"post_title":"La Voluntad De Dios","href":"https:\/\/generate.focolare.org\/es\/la-voluntad-de-dios\/"},{"locale":"ar","id":80020,"post_title":"\u0625\u0631\u0627\u062f\u0629 \u0627\u0644\u0644\u0647","href":"https:\/\/generate.focolare.org\/ar\/the-will-of-god-ar\/"},{"locale":"nl_NL","id":80022,"post_title":"De wil van God","href":"https:\/\/generate.focolare.org\/nl\/de-wil-van-god\/"},{"locale":"de_DE","id":80018,"post_title":"Der Wille Gottes","href":"https:\/\/generate.focolare.org\/de\/der-wille-gottes\/"},{"locale":"sl_SI","id":80016,"post_title":"Bo\u017eja volja","href":"https:\/\/generate.focolare.org\/sl\/bozja-volja\/"}],"link_to_transcription":true,"format":"audio","restrict_roles":null,"length":"8","transcriptions":[{"language":"es","file":{"ID":60961,"id":60961,"title":"ACL-DS-19800929-TI-A-es","filename":"ACL-DS-19800929-TI-A-es.pdf","filesize":50449,"url":"https:\/\/generate.focolare.org\/wp-content\/uploads\/2020\/10\/ACL-DS-19800929-TI-A-es.pdf","link":"https:\/\/generate.focolare.org\/pt-pt\/content\/a-vontade-de-deus\/acl-ds-19800929-ti-a-es-2\/","alt":"","author":"6","description":"","caption":"","name":"acl-ds-19800929-ti-a-es-2","status":"inherit","uploaded_to":80017,"date":"2020-10-23 14:45:50","modified":"2020-11-17 00:29:26","menu_order":0,"mime_type":"application\/pdf","type":"application","subtype":"pdf","icon":"https:\/\/generate.focolare.org\/wp-includes\/images\/media\/document.png"}},{"language":"sl","file":{"ID":60978,"id":60978,"title":"ACL-DS-19800929-T-sl","filename":"ACL-DS-19800929-T-sl.pdf","filesize":25656,"url":"https:\/\/generate.focolare.org\/wp-content\/uploads\/2020\/10\/ACL-DS-19800929-T-sl.pdf","link":"https:\/\/generate.focolare.org\/pt-pt\/content\/a-vontade-de-deus\/acl-ds-19800929-t-sl-2\/","alt":"","author":"6","description":"","caption":"","name":"acl-ds-19800929-t-sl-2","status":"inherit","uploaded_to":80017,"date":"2020-10-23 14:46:27","modified":"2020-11-17 00:29:26","menu_order":0,"mime_type":"application\/pdf","type":"application","subtype":"pdf","icon":"https:\/\/generate.focolare.org\/wp-includes\/images\/media\/document.png"}},{"language":"pt-pt","file":{"ID":60995,"id":60995,"title":"ACL-DS-19800929-TT-A-pt","filename":"ACL-DS-19800929-TT-A-pt.pdf","filesize":164715,"url":"https:\/\/generate.focolare.org\/wp-content\/uploads\/2020\/10\/ACL-DS-19800929-TT-A-pt.pdf","link":"https:\/\/generate.focolare.org\/pt-pt\/content\/a-vontade-de-deus\/acl-ds-19800929-tt-a-pt-2\/","alt":"","author":"6","description":"","caption":"","name":"acl-ds-19800929-tt-a-pt-2","status":"inherit","uploaded_to":80017,"date":"2020-10-23 14:46:37","modified":"2020-11-17 00:29:26","menu_order":0,"mime_type":"application\/pdf","type":"application","subtype":"pdf","icon":"https:\/\/generate.focolare.org\/wp-includes\/images\/media\/document.png"}},{"language":"de","file":{"ID":61012,"id":61012,"title":"ACL-DS-19800929-TI-A-de","filename":"ACL-DS-19800929-TI-A-de.pdf","filesize":102359,"url":"https:\/\/generate.focolare.org\/wp-content\/uploads\/2020\/10\/ACL-DS-19800929-TI-A-de.pdf","link":"https:\/\/generate.focolare.org\/pt-pt\/content\/a-vontade-de-deus\/acl-ds-19800929-ti-a-de-2\/","alt":"","author":"6","description":"","caption":"","name":"acl-ds-19800929-ti-a-de-2","status":"inherit","uploaded_to":80017,"date":"2020-10-23 14:46:43","modified":"2020-11-17 00:29:26","menu_order":0,"mime_type":"application\/pdf","type":"application","subtype":"pdf","icon":"https:\/\/generate.focolare.org\/wp-includes\/images\/media\/document.png"}},{"language":"fr","file":{"ID":61029,"id":61029,"title":"ACL-DS-19800929-TI-A-fr","filename":"ACL-DS-19800929-TI-A-fr.pdf","filesize":63306,"url":"https:\/\/generate.focolare.org\/wp-content\/uploads\/2020\/10\/ACL-DS-19800929-TI-A-fr.pdf","link":"https:\/\/generate.focolare.org\/pt-pt\/content\/a-vontade-de-deus\/acl-ds-19800929-ti-a-fr-2\/","alt":"","author":"6","description":"","caption":"","name":"acl-ds-19800929-ti-a-fr-2","status":"inherit","uploaded_to":80017,"date":"2020-10-23 14:46:51","modified":"2020-11-17 00:29:26","menu_order":0,"mime_type":"application\/pdf","type":"application","subtype":"pdf","icon":"https:\/\/generate.focolare.org\/wp-includes\/images\/media\/document.png"}},{"language":"ar","file":{"ID":61046,"id":61046,"title":"ACL-DS-19800929-TI-A-ar","filename":"ACL-DS-19800929-TI-A-ar.pdf","filesize":63669,"url":"https:\/\/generate.focolare.org\/wp-content\/uploads\/2020\/10\/ACL-DS-19800929-TI-A-ar.pdf","link":"https:\/\/generate.focolare.org\/pt-pt\/content\/a-vontade-de-deus\/acl-ds-19800929-ti-a-ar-2\/","alt":"","author":"6","description":"","caption":"","name":"acl-ds-19800929-ti-a-ar-2","status":"inherit","uploaded_to":80017,"date":"2020-10-23 14:46:56","modified":"2020-11-17 00:29:26","menu_order":0,"mime_type":"application\/pdf","type":"application","subtype":"pdf","icon":"https:\/\/generate.focolare.org\/wp-includes\/images\/media\/document.png"}},{"language":"it","file":{"ID":61063,"id":61063,"title":"ACL-DS-19800929-TI-A","filename":"ACL-DS-19800929-TI-A.pdf","filesize":145491,"url":"https:\/\/generate.focolare.org\/wp-content\/uploads\/2020\/10\/ACL-DS-19800929-TI-A.pdf","link":"https:\/\/generate.focolare.org\/pt-pt\/content\/a-vontade-de-deus\/acl-ds-19800929-ti-a-2\/","alt":"","author":"6","description":"","caption":"","name":"acl-ds-19800929-ti-a-2","status":"inherit","uploaded_to":80017,"date":"2020-10-23 14:47:03","modified":"2020-11-17 00:29:26","menu_order":0,"mime_type":"application\/pdf","type":"application","subtype":"pdf","icon":"https:\/\/generate.focolare.org\/wp-includes\/images\/media\/document.png"}},{"language":"en","file":{"ID":281757,"id":281757,"title":"GMU-G2-Chiara_Some thoughts on the will of God_19800929","filename":"GMU-G2-Chiara_Some-thoughts-on-the-will-of-God_19800929.pdf","filesize":225699,"url":"https:\/\/generate.focolare.org\/wp-content\/uploads\/2020\/10\/GMU-G2-Chiara_Some-thoughts-on-the-will-of-God_19800929.pdf","link":"https:\/\/generate.focolare.org\/pt-pt\/content\/a-vontade-de-deus\/gmu-g2-chiara_some-thoughts-on-the-will-of-god_19800929-2\/","alt":"","author":"555","description":"","caption":"","name":"gmu-g2-chiara_some-thoughts-on-the-will-of-god_19800929-2","status":"inherit","uploaded_to":80017,"date":"2022-12-14 09:40:24","modified":"2022-12-14 09:40:24","menu_order":0,"mime_type":"application\/pdf","type":"application","subtype":"pdf","icon":"https:\/\/generate.focolare.org\/wp-includes\/images\/media\/document.png"}},{"language":"nl","file":{"ID":61097,"id":61097,"title":"19800929 - La Volont\u00e0 di Dio - Olandese","filename":"19800929-La-Volonta-di-Dio-Olandese.pdf","filesize":119612,"url":"https:\/\/generate.focolare.org\/wp-content\/uploads\/2020\/10\/19800929-La-Volonta-di-Dio-Olandese.pdf","link":"https:\/\/generate.focolare.org\/pt-pt\/content\/a-vontade-de-deus\/19800929-la-volonta-di-dio-olandese-2\/","alt":"","author":"6","description":"","caption":"","name":"19800929-la-volonta-di-dio-olandese-2","status":"inherit","uploaded_to":80017,"date":"2020-10-23 14:48:17","modified":"2020-11-17 00:29:27","menu_order":0,"mime_type":"application\/pdf","type":"application","subtype":"pdf","icon":"https:\/\/generate.focolare.org\/wp-includes\/images\/media\/document.png"}}],"source":{"ID":60944,"id":60944,"title":"Chiara nel giardino di casa sua: Alcuni pensieri sulla volont\u00e0 di Dio","filename":"SCA-CL-19800929-EL-A.mp3","filesize":4076763,"url":"https:\/\/generate.focolare.org\/wp-content\/uploads\/2020\/10\/SCA-CL-19800929-EL-A.mp3","link":"https:\/\/generate.focolare.org\/pt-pt\/chiara-nel-giardino-di-casa-sua-alcuni-pensieri-sulla-volonta-di-dio-2\/","alt":"","author":"6","description":"\"Chiara nel giardino di casa sua: Alcuni pensieri sulla volont\u00e0 di Dio\" by Chiara Lubich. Released: 1980.","caption":"","name":"chiara-nel-giardino-di-casa-sua-alcuni-pensieri-sulla-volonta-di-dio-2","status":"inherit","uploaded_to":0,"date":"2020-10-23 14:43:23","modified":"2020-10-23 14:45:23","menu_order":0,"mime_type":"audio\/mpeg","type":"audio","subtype":"mpeg","icon":"https:\/\/generate.focolare.org\/wp-includes\/images\/media\/audio.png"}},"headers":[],"status":200}],"_links":{"self":[{"href":"https:\/\/generate.focolare.org\/pt-pt\/wp-json\/wp\/v2\/tags\/4575","targetHints":{"allow":["GET"]}}],"collection":[{"href":"https:\/\/generate.focolare.org\/pt-pt\/wp-json\/wp\/v2\/tags"}],"about":[{"href":"https:\/\/generate.focolare.org\/pt-pt\/wp-json\/wp\/v2\/taxonomies\/post_tag"}],"wp:post_type":[{"href":"https:\/\/generate.focolare.org\/pt-pt\/wp-json\/wp\/v2\/posts?tags=4575"},{"href":"https:\/\/generate.focolare.org\/pt-pt\/wp-json\/wp\/v2\/content?tags=4575"},{"href":"https:\/\/generate.focolare.org\/pt-pt\/wp-json\/wp\/v2\/playlist?tags=4575"}],"curies":[{"name":"wp","href":"https:\/\/api.w.org\/{rel}","templated":true}]}}