{"id":9784,"count":9,"description":"","link":"https:\/\/generate.focolare.org\/pl\/tag\/wola-boza\/","name":"Wola Bo\u017ca","slug":"wola-boza","taxonomy":"post_tag","meta":[],"objects":[{"data":{"id":80261,"date":"2001-08-14","date_gmt":"2020-12-20T03:57:19","guid":{"rendered":"https:\/\/generate.focolare.org\/?post_type=content&#038;p=80261"},"modified":"2021-05-26T22:04:58","modified_gmt":"2021-05-26T21:04:58","slug":"odpowiedz-do-szkoly-gen-montet","status":"publish","type":"content","link":"https:\/\/generate.focolare.org\/pl\/content\/odpowiedz-do-szkoly-gen-montet\/","title":{"rendered":"Odpowied\u017a do Szko\u0142y Gen &#8211; Montet"},"excerpt":{"rendered":"<p>Chiara m\u00f3wi o Eucharystii, jak nas przemienia i o warunkach jakie nale\u017cy spe\u0142ni\u0107 aby j\u0105 przyj\u0105\u0107. Podkre\u015bla jak wa\u017cne jest aby dobrze \u017cy\u0107 wol\u0105 Bo\u017c\u0105 w chwili obecnej i radzi Genon aby \u017cyli S\u0142owem. Przeznaczeniem Gen jest by przebywali w \u0142onie Ojca. <\/p>\n","protected":false},"featured_media":106166,"comment_status":"closed","ping_status":"closed","template":"","tags":[9392,9596,9787,9737,9784],"contributor":[10152],"location":[10185],"audience":[10074],"class_list":["post-80261","content","type-content","status-publish","has-post-thumbnail","hentry","tag-eucharystia","tag-obecny","tag-slowo-pl","tag-slowo","tag-wola-boza","contributor-lubich-chiara","location-montet-mariapoli-foco","audience-gen-2"],"featured_media_url":{"thumbnail":"https:\/\/generate.focolare.org\/wp-content\/uploads\/2020\/09\/569989119_640-1-150x150.jpg","medium":"https:\/\/generate.focolare.org\/wp-content\/uploads\/2020\/09\/569989119_640-1-300x228.jpg","medium_large":"https:\/\/generate.focolare.org\/wp-content\/uploads\/2020\/09\/569989119_640-1.jpg","large":"https:\/\/generate.focolare.org\/wp-content\/uploads\/2020\/09\/569989119_640-1.jpg","1536x1536":"https:\/\/generate.focolare.org\/wp-content\/uploads\/2020\/09\/569989119_640-1.jpg","2048x2048":"https:\/\/generate.focolare.org\/wp-content\/uploads\/2020\/09\/569989119_640-1.jpg","banner":"https:\/\/generate.focolare.org\/wp-content\/uploads\/2020\/09\/569989119_640-1.jpg","preview":"https:\/\/generate.focolare.org\/wp-content\/uploads\/2020\/09\/569989119_640-1-500x400.jpg","profile_24":"https:\/\/generate.focolare.org\/wp-content\/uploads\/2020\/09\/569989119_640-1.jpg","profile_48":"https:\/\/generate.focolare.org\/wp-content\/uploads\/2020\/09\/569989119_640-1.jpg","profile_96":"https:\/\/generate.focolare.org\/wp-content\/uploads\/2020\/09\/569989119_640-1.jpg","profile_150":"https:\/\/generate.focolare.org\/wp-content\/uploads\/2020\/09\/569989119_640-1.jpg","profile_300":"https:\/\/generate.focolare.org\/wp-content\/uploads\/2020\/09\/569989119_640-1.jpg"},"related":[19793,21000,80499,79903,80456,20397],"wpml_current_locale":"pl_PL","wpml_translations":[{"locale":"en_US","id":80258,"post_title":"Answers to the Gen School-Montet","href":"https:\/\/generate.focolare.org\/en\/answers-to-the-gen-school-montet\/"},{"locale":"it_IT","id":35671,"post_title":"Risposta Alla Scuola Dei Gen - Montet","href":"https:\/\/generate.focolare.org\/it\/risposta-alla-scuola-dei-gen-montet\/"},{"locale":"fr_FR","id":80256,"post_title":"R\u00e9ponse \u00e0 l'\u00e9cole des Gen- Montet","href":"https:\/\/generate.focolare.org\/fr\/reponse-a-lecole-des-gen-montet\/"},{"locale":"es_ES","id":80264,"post_title":"Respuesta a la Escuela de los Gen - Montet","href":"https:\/\/generate.focolare.org\/es\/respuesta-a-la-escuela-de-los-gen-montet\/"},{"locale":"pt_PT","id":80260,"post_title":"Resposta \u00e0 Escola dos Gen - Montet","href":"https:\/\/generate.focolare.org\/pt-pt\/resposta-a-escola-dos-gen-montet\/"},{"locale":"ar","id":80257,"post_title":"\u0627\u062c\u0648\u0628\u0629 \u0625\u0644\u0649 \u0645\u062f\u0631\u0633\u0629 \u0627\u0644\u062f\u062c\u0646 \u0627\u0644\u0634\u0628\u0627\u0628- \u0645\u0648\u0646\u062a\u064a","href":"https:\/\/generate.focolare.org\/ar\/answers-to-the-gen-school-montet-ar\/"},{"locale":"nl_NL","id":80259,"post_title":"Antwoorden aan de Genschool - Montet","href":"https:\/\/generate.focolare.org\/nl\/antwoorden-aan-de-genschool-montet\/"},{"locale":"de_DE","id":80263,"post_title":"Fragen und Antworten bei den Gen von Montet","href":"https:\/\/generate.focolare.org\/de\/fragen-und-antworten-bei-den-gen-von-montet\/"},{"locale":"ko_KR","id":80262,"post_title":"\ubaac\ub5bc \ub0a8\uc790 \uc820\ud559\uad50\uc5d0\uc11c\uc758 \ub2f5\ubcc0","href":"https:\/\/generate.focolare.org\/ko\/answers-to-the-gen-school-montet-ko\/"},{"locale":"ru_RU","id":80254,"post_title":"\u041e\u0442\u0432\u0435\u0442 \u043d\u0430 \u0432\u043e\u043f\u0440\u043e\u0441 \u0428\u043a\u043e\u043b\u044b \u0414\u0436\u0435\u043d - \u041c\u043e\u043d\u0442\u0435","href":"https:\/\/generate.focolare.org\/ru\/answers-to-the-gen-school-montet-ru\/"},{"locale":"sl_SI","id":80255,"post_title":"Odgovor \u0161oli fantov gen - Montet","href":"https:\/\/generate.focolare.org\/sl\/odgovor-soli-fantov-gen-montet\/"}],"link_to_transcription":true,"format":"audio","length":"37","transcriptions":[{"language":"ru","file":{"ID":35698,"id":35698,"title":"1154521-text-ru","filename":"1154521-text-ru.pdf","filesize":129448,"url":"https:\/\/generate.focolare.org\/wp-content\/uploads\/2020\/08\/1154521-text-ru.pdf","link":"https:\/\/generate.focolare.org\/pl\/content\/odpowiedz-do-szkoly-gen-montet\/1154521-text-ru-2\/","alt":"","author":"0","description":"","caption":"","name":"1154521-text-ru-2","status":"inherit","uploaded_to":80261,"date":"2020-08-26 15:18:38","modified":"2021-05-26 21:04:58","menu_order":0,"mime_type":"application\/pdf","type":"application","subtype":"pdf","icon":"https:\/\/generate.focolare.org\/wp-includes\/images\/media\/document.png"}},{"language":"sl","file":{"ID":35715,"id":35715,"title":"1154521-text-sl","filename":"1154521-text-sl.pdf","filesize":87165,"url":"https:\/\/generate.focolare.org\/wp-content\/uploads\/2020\/08\/1154521-text-sl.pdf","link":"https:\/\/generate.focolare.org\/pl\/content\/odpowiedz-do-szkoly-gen-montet\/1154521-text-sl-2\/","alt":"","author":"0","description":"","caption":"","name":"1154521-text-sl-2","status":"inherit","uploaded_to":80261,"date":"2020-08-26 15:18:42","modified":"2021-05-26 21:04:58","menu_order":0,"mime_type":"application\/pdf","type":"application","subtype":"pdf","icon":"https:\/\/generate.focolare.org\/wp-includes\/images\/media\/document.png"}},{"language":"it","file":{"ID":35732,"id":35732,"title":"1154521-text-it","filename":"1154521-text-it.pdf","filesize":191413,"url":"https:\/\/generate.focolare.org\/wp-content\/uploads\/2020\/08\/1154521-text-it.pdf","link":"https:\/\/generate.focolare.org\/pl\/content\/odpowiedz-do-szkoly-gen-montet\/1154521-text-it-2\/","alt":"","author":"0","description":"","caption":"","name":"1154521-text-it-2","status":"inherit","uploaded_to":80261,"date":"2020-08-26 15:18:46","modified":"2021-05-26 21:04:58","menu_order":0,"mime_type":"application\/pdf","type":"application","subtype":"pdf","icon":"https:\/\/generate.focolare.org\/wp-includes\/images\/media\/document.png"}},{"language":"fr","file":{"ID":35749,"id":35749,"title":"1154521-text-fr","filename":"1154521-text-fr.pdf","filesize":60864,"url":"https:\/\/generate.focolare.org\/wp-content\/uploads\/2020\/08\/1154521-text-fr.pdf","link":"https:\/\/generate.focolare.org\/pl\/content\/odpowiedz-do-szkoly-gen-montet\/1154521-text-fr-2\/","alt":"","author":"0","description":"","caption":"","name":"1154521-text-fr-2","status":"inherit","uploaded_to":80261,"date":"2020-08-26 15:18:49","modified":"2021-05-26 21:04:58","menu_order":0,"mime_type":"application\/pdf","type":"application","subtype":"pdf","icon":"https:\/\/generate.focolare.org\/wp-includes\/images\/media\/document.png"}},{"language":"ar","file":{"ID":35766,"id":35766,"title":"1154521-text-ar","filename":"1154521-text-ar.pdf","filesize":746111,"url":"https:\/\/generate.focolare.org\/wp-content\/uploads\/2020\/08\/1154521-text-ar.pdf","link":"https:\/\/generate.focolare.org\/pl\/content\/odpowiedz-do-szkoly-gen-montet\/1154521-text-ar-2\/","alt":"","author":"0","description":"","caption":"","name":"1154521-text-ar-2","status":"inherit","uploaded_to":80261,"date":"2020-08-26 15:18:53","modified":"2021-05-26 21:04:58","menu_order":0,"mime_type":"application\/pdf","type":"application","subtype":"pdf","icon":"https:\/\/generate.focolare.org\/wp-includes\/images\/media\/document.png"}},{"language":"en","file":{"ID":35783,"id":35783,"title":"1154521-text-en","filename":"1154521-text-en.pdf","filesize":125693,"url":"https:\/\/generate.focolare.org\/wp-content\/uploads\/2020\/08\/1154521-text-en.pdf","link":"https:\/\/generate.focolare.org\/pl\/content\/odpowiedz-do-szkoly-gen-montet\/1154521-text-en-2\/","alt":"","author":"0","description":"","caption":"","name":"1154521-text-en-2","status":"inherit","uploaded_to":80261,"date":"2020-08-26 15:18:57","modified":"2021-05-26 21:04:59","menu_order":0,"mime_type":"application\/pdf","type":"application","subtype":"pdf","icon":"https:\/\/generate.focolare.org\/wp-includes\/images\/media\/document.png"}},{"language":"nl","file":{"ID":35800,"id":35800,"title":"1154521-text-nl","filename":"1154521-text-nl.pdf","filesize":111978,"url":"https:\/\/generate.focolare.org\/wp-content\/uploads\/2020\/08\/1154521-text-nl.pdf","link":"https:\/\/generate.focolare.org\/pl\/content\/odpowiedz-do-szkoly-gen-montet\/1154521-text-nl-2\/","alt":"","author":"0","description":"","caption":"","name":"1154521-text-nl-2","status":"inherit","uploaded_to":80261,"date":"2020-08-26 15:19:01","modified":"2021-05-26 21:04:59","menu_order":0,"mime_type":"application\/pdf","type":"application","subtype":"pdf","icon":"https:\/\/generate.focolare.org\/wp-includes\/images\/media\/document.png"}},{"language":"pt-pt","file":{"ID":35817,"id":35817,"title":"1154521-text-pt","filename":"1154521-text-pt.pdf","filesize":224782,"url":"https:\/\/generate.focolare.org\/wp-content\/uploads\/2020\/08\/1154521-text-pt.pdf","link":"https:\/\/generate.focolare.org\/pl\/content\/odpowiedz-do-szkoly-gen-montet\/1154521-text-pt-2\/","alt":"","author":"0","description":"","caption":"","name":"1154521-text-pt-2","status":"inherit","uploaded_to":80261,"date":"2020-08-26 15:19:04","modified":"2021-05-26 21:04:59","menu_order":0,"mime_type":"application\/pdf","type":"application","subtype":"pdf","icon":"https:\/\/generate.focolare.org\/wp-includes\/images\/media\/document.png"}},{"language":"pl","file":{"ID":35834,"id":35834,"title":"1154521-text-pl","filename":"1154521-text-pl.pdf","filesize":339262,"url":"https:\/\/generate.focolare.org\/wp-content\/uploads\/2020\/08\/1154521-text-pl.pdf","link":"https:\/\/generate.focolare.org\/pl\/content\/odpowiedz-do-szkoly-gen-montet\/1154521-text-pl-2\/","alt":"","author":"0","description":"","caption":"","name":"1154521-text-pl-2","status":"inherit","uploaded_to":80261,"date":"2020-08-26 15:19:08","modified":"2021-05-26 21:04:59","menu_order":0,"mime_type":"application\/pdf","type":"application","subtype":"pdf","icon":"https:\/\/generate.focolare.org\/wp-includes\/images\/media\/document.png"}},{"language":"ko","file":{"ID":35851,"id":35851,"title":"1154521-text-ko","filename":"1154521-text-ko.pdf","filesize":665757,"url":"https:\/\/generate.focolare.org\/wp-content\/uploads\/2020\/08\/1154521-text-ko.pdf","link":"https:\/\/generate.focolare.org\/pl\/content\/odpowiedz-do-szkoly-gen-montet\/1154521-text-ko-2\/","alt":"","author":"0","description":"","caption":"","name":"1154521-text-ko-2","status":"inherit","uploaded_to":80261,"date":"2020-08-26 15:19:12","modified":"2021-05-26 21:04:59","menu_order":0,"mime_type":"application\/pdf","type":"application","subtype":"pdf","icon":"https:\/\/generate.focolare.org\/wp-includes\/images\/media\/document.png"}},{"language":"de","file":{"ID":35868,"id":35868,"title":"1154521-text-de","filename":"1154521-text-de.pdf","filesize":253698,"url":"https:\/\/generate.focolare.org\/wp-content\/uploads\/2020\/08\/1154521-text-de.pdf","link":"https:\/\/generate.focolare.org\/pl\/content\/odpowiedz-do-szkoly-gen-montet\/1154521-text-de-2\/","alt":"","author":"0","description":"","caption":"","name":"1154521-text-de-2","status":"inherit","uploaded_to":80261,"date":"2020-08-26 15:19:16","modified":"2021-05-26 21:04:59","menu_order":0,"mime_type":"application\/pdf","type":"application","subtype":"pdf","icon":"https:\/\/generate.focolare.org\/wp-includes\/images\/media\/document.png"}},{"language":"es","file":{"ID":311475,"id":311475,"title":"1154521-text-es","filename":"1154521-text-es.pdf","filesize":247152,"url":"https:\/\/generate.focolare.org\/wp-content\/uploads\/2020\/09\/1154521-text-es.pdf","link":"https:\/\/generate.focolare.org\/pl\/content\/odpowiedz-do-szkoly-gen-montet\/1154521-text-es-3\/","alt":"","author":"1981","description":"","caption":"","name":"1154521-text-es-3","status":"inherit","uploaded_to":80261,"date":"2025-05-23 09:07:53","modified":"2025-05-23 09:07:53","menu_order":0,"mime_type":"application\/pdf","type":"application","subtype":"pdf","icon":"https:\/\/generate.focolare.org\/wp-includes\/images\/media\/document.png"}}],"restrict_roles":null,"source":{"ID":35681,"id":35681,"title":"indy-sca-cl-20010814-el-a-italiano-video","filename":"indy-sca-cl-20010814-el-a-italiano-video.mp3","filesize":17790971,"url":"https:\/\/generate.focolare.org\/wp-content\/uploads\/2020\/08\/indy-sca-cl-20010814-el-a-italiano-video.mp3","link":"https:\/\/generate.focolare.org\/pl\/content\/odpowiedz-do-szkoly-gen-montet\/indy-sca-cl-20010814-el-a-italiano-video-2\/","alt":"","author":"0","description":"","caption":"","name":"indy-sca-cl-20010814-el-a-italiano-video-2","status":"inherit","uploaded_to":80261,"date":"2020-08-26 15:18:38","modified":"2021-05-26 21:04:58","menu_order":0,"mime_type":"audio\/mpeg","type":"audio","subtype":"mpeg","icon":"https:\/\/generate.focolare.org\/wp-includes\/images\/media\/audio.png"}},"headers":[],"status":200},{"data":{"id":62049,"date":"1996-05-01","date_gmt":"2020-10-24T03:51:15","guid":{"rendered":"https:\/\/generate.focolare.org\/?post_type=content&#038;p=62049"},"modified":"2020-12-11T21:11:40","modified_gmt":"2020-12-11T20:11:40","slug":"przemowienie-chiary-lubich-na-mityngu-mlodziezy","status":"publish","type":"content","link":"https:\/\/generate.focolare.org\/pl\/content\/przemowienie-chiary-lubich-na-mityngu-mlodziezy\/","title":{"rendered":"Przem\u00f3wienie Chiary Lubich na mityngu m\u0142odzie\u017cy"},"excerpt":{"rendered":"<p>M\u0142odzie przygotowani przez Maryj\u0119 do roku 2000: wierz\u0105 w Boga mi\u0142o\u015b\u0107, \u017cyj\u0105 wol\u0105 Bo\u017c\u0105, czuj\u0105 si\u0119 powo\u0142ani di mi\u0142o\u015bci, \u017cyj\u0105 dla jedno\u015bci, umiej\u0105 nie\u015b\u0107 krzy\u017c, \u017cyj\u0105 Ewangeli\u0105, kochaj\u0105 Ko\u015bci\u00f3\u0142, przyczyniaj\u0105 si\u0119 do powszechnego braterstwa.<\/p>\n","protected":false},"featured_media":310135,"comment_status":"closed","ping_status":"closed","template":"","tags":[9357,9837,9922,9797,9796,9784],"contributor":[10152],"location":[10203],"audience":[10084],"class_list":["post-62049","content","type-content","status-publish","has-post-thumbnail","hentry","tag-kosciol","tag-milosc","tag-milosc-pl","tag-mlodzi","tag-mlodziez","tag-wola-boza","contributor-lubich-chiara","location-pompei-napoli","audience-mlodziez"],"featured_media_url":{"thumbnail":"https:\/\/generate.focolare.org\/wp-content\/uploads\/2020\/10\/meeting-1-150x150.png","medium":"https:\/\/generate.focolare.org\/wp-content\/uploads\/2020\/10\/meeting-1-300x240.png","medium_large":"https:\/\/generate.focolare.org\/wp-content\/uploads\/2020\/10\/meeting-1.png","large":"https:\/\/generate.focolare.org\/wp-content\/uploads\/2020\/10\/meeting-1.png","1536x1536":"https:\/\/generate.focolare.org\/wp-content\/uploads\/2020\/10\/meeting-1.png","2048x2048":"https:\/\/generate.focolare.org\/wp-content\/uploads\/2020\/10\/meeting-1.png","banner":"https:\/\/generate.focolare.org\/wp-content\/uploads\/2020\/10\/meeting-1.png","preview":"https:\/\/generate.focolare.org\/wp-content\/uploads\/2020\/10\/meeting-1-500x400.png","profile_24":"https:\/\/generate.focolare.org\/wp-content\/uploads\/2020\/10\/meeting-1-24x24.png","profile_48":"https:\/\/generate.focolare.org\/wp-content\/uploads\/2020\/10\/meeting-1-48x48.png","profile_96":"https:\/\/generate.focolare.org\/wp-content\/uploads\/2020\/10\/meeting-1-96x96.png","profile_150":"https:\/\/generate.focolare.org\/wp-content\/uploads\/2020\/10\/meeting-1-150x150.png","profile_300":"https:\/\/generate.focolare.org\/wp-content\/uploads\/2020\/10\/meeting-1-300x300.png"},"related":[19216,57642,19793,20397,19679,79941],"wpml_current_locale":"pl_PL","wpml_translations":[{"locale":"en_US","id":62119,"post_title":"Chiara to the Tenth Youth Day: A profile of young people with a new lifestyle","href":"https:\/\/generate.focolare.org\/en\/chiara-to-the-tenth-youth-day-a-profile-of-young-people-with-a-new-lifestyle\/"},{"locale":"it_IT","id":51772,"post_title":"Chiara alla Decima Giornata Mondiale della Giovent\u00f9: Un profilo di giovani con un nuovo stile di vita","href":"https:\/\/generate.focolare.org\/it\/meeting-pompei\/"},{"locale":"fr_FR","id":62084,"post_title":"Chiara au dixieme meeting des jeunes: le portrait-type du jeune d'aujourd'hui","href":"https:\/\/generate.focolare.org\/fr\/chiara-au-dixieme-meeting-des-jeunes-le-portrait-type-du-jeune-daujourdhui\/"},{"locale":"es_ES","id":62294,"post_title":"Chiara en el X\u00ba Congreso de los j\u00f3venes: La fisonom\u00eda del joven de hoy","href":"https:\/\/generate.focolare.org\/es\/chiara-en-el-xo-congreso-de-los-jovenes-la-fisonomia-del-joven-de-hoy\/"},{"locale":"pt_PT","id":62189,"post_title":"Chiara na Jornada dos jovens em Pompeia: \"A fisionomia do jovem de hoje\"","href":"https:\/\/generate.focolare.org\/pt-pt\/chiara-na-jornada-dos-jovens-em-pompeia-a-fisionomia-do-jovem-de-hoje\/"},{"locale":"ar","id":61979,"post_title":"\u0644\u0642\u0627\u0621 \u0628\u0648\u0645\u0628\u0627\u064a","href":"https:\/\/generate.focolare.org\/ar\/chiara-to-the-tenth-youth-day-a-profile-of-young-people-with-a-new-lifestyle-ar\/"},{"locale":"nl_NL","id":62154,"post_title":"Voor de jongerenmeeting in Pompei","href":"https:\/\/generate.focolare.org\/nl\/voor-de-jongerenmeeting-in-pompei\/"},{"locale":"de_DE","id":62329,"post_title":"Chiara beim Jugendmeeting in Pompei","href":"https:\/\/generate.focolare.org\/de\/chiara-beim-jugendmeeting-in-pompei\/"},{"locale":"ko_KR","id":62014,"post_title":"\ud3fc\ud398\uc774 \ub9cc\ub098\uae30","href":"https:\/\/generate.focolare.org\/ko\/chiara-to-the-tenth-youth-day-a-profile-of-young-people-with-a-new-lifestyle-ko\/"},{"locale":"ru_RU","id":62224,"post_title":"\u041f\u041e\u0420\u0422\u0420\u0415\u0422 \u0421\u041e\u0412\u0420\u0415\u041c\u0415\u041d\u041d\u041e\u0413\u041e \u041c\u041e\u041b\u041e\u0414\u041e\u0413\u041e \u0427\u0415\u041b\u041e\u0412\u0415\u041a\u0410","href":"https:\/\/generate.focolare.org\/ru\/chiara-to-the-tenth-youth-day-a-profile-of-young-people-with-a-new-lifestyle-ru\/"},{"locale":"sl_SI","id":62259,"post_title":"Identikit mladega danes: Chiara na x. Mitingu mladih v Pompejih","href":"https:\/\/generate.focolare.org\/sl\/identikit-mladega-danes-chiara-na-x-mitingu-mladih-v-pompejih\/"}],"format":"text","restrict_roles":null,"length":"15","source":null},"headers":[],"status":200}],"_links":{"self":[{"href":"https:\/\/generate.focolare.org\/pl\/wp-json\/wp\/v2\/tags\/9784","targetHints":{"allow":["GET"]}}],"collection":[{"href":"https:\/\/generate.focolare.org\/pl\/wp-json\/wp\/v2\/tags"}],"about":[{"href":"https:\/\/generate.focolare.org\/pl\/wp-json\/wp\/v2\/taxonomies\/post_tag"}],"wp:post_type":[{"href":"https:\/\/generate.focolare.org\/pl\/wp-json\/wp\/v2\/posts?tags=9784"},{"href":"https:\/\/generate.focolare.org\/pl\/wp-json\/wp\/v2\/content?tags=9784"},{"href":"https:\/\/generate.focolare.org\/pl\/wp-json\/wp\/v2\/playlist?tags=9784"}],"curies":[{"name":"wp","href":"https:\/\/api.w.org\/{rel}","templated":true}]}}