{"id":9141,"count":9,"description":"","link":"https:\/\/generate.focolare.org\/nl\/tag\/wil-van-god\/","name":"Wil van God","slug":"wil-van-god","taxonomy":"post_tag","meta":[],"objects":[{"data":{"id":80022,"date":"1980-09-29","date_gmt":"2020-12-20T03:55:11","guid":{"rendered":"https:\/\/generate.focolare.org\/?post_type=content&#038;p=80022"},"modified":"2020-12-20T04:55:11","modified_gmt":"2020-12-20T03:55:11","slug":"de-wil-van-god","status":"publish","type":"content","link":"https:\/\/generate.focolare.org\/nl\/content\/de-wil-van-god\/","title":{"rendered":"De wil van God"},"excerpt":{"rendered":"<p>Het kijken naar Gods plan overons realiseert ons als mens volledig en maakt ons gelukkig en vrij. Laten we onmiddellijk beginnen met het avontuur van Gods wil.<\/p>\n","protected":false},"featured_media":105656,"comment_status":"closed","ping_status":"closed","template":"","tags":[8863,9141,7724],"contributor":[9231],"location":[9232],"audience":[9230],"class_list":["post-80022","content","type-content","status-publish","has-post-thumbnail","hentry","tag-geluk","tag-wil-van-god","tag-zalgspreking-gelukzaligheid","contributor-lubich-chiara","location-rocca-di-papa","audience-gen-2"],"featured_media_url":{"thumbnail":"https:\/\/generate.focolare.org\/wp-content\/uploads\/2021\/01\/24-1-150x150.jpg","medium":"https:\/\/generate.focolare.org\/wp-content\/uploads\/2021\/01\/24-1-300x197.jpg","medium_large":"https:\/\/generate.focolare.org\/wp-content\/uploads\/2021\/01\/24-1-768x504.jpg","large":"https:\/\/generate.focolare.org\/wp-content\/uploads\/2021\/01\/24-1-1024x672.jpg","1536x1536":"https:\/\/generate.focolare.org\/wp-content\/uploads\/2021\/01\/24-1-1536x1008.jpg","2048x2048":"https:\/\/generate.focolare.org\/wp-content\/uploads\/2021\/01\/24-1-2048x1344.jpg","banner":"https:\/\/generate.focolare.org\/wp-content\/uploads\/2021\/01\/24-1-1800x700.jpg","preview":"https:\/\/generate.focolare.org\/wp-content\/uploads\/2021\/01\/24-1-500x400.jpg","profile_24":"https:\/\/generate.focolare.org\/wp-content\/uploads\/2021\/01\/24-1.jpg","profile_48":"https:\/\/generate.focolare.org\/wp-content\/uploads\/2021\/01\/24-1.jpg","profile_96":"https:\/\/generate.focolare.org\/wp-content\/uploads\/2021\/01\/24-1.jpg","profile_150":"https:\/\/generate.focolare.org\/wp-content\/uploads\/2021\/01\/24-1.jpg","profile_300":"https:\/\/generate.focolare.org\/wp-content\/uploads\/2021\/01\/24-1.jpg"},"related":[3120,3698,19851,62154,6952,80259],"wpml_current_locale":"nl_NL","wpml_translations":[{"locale":"en_US","id":80021,"post_title":"The Will of God","href":"https:\/\/generate.focolare.org\/en\/the-will-of-god\/"},{"locale":"it_IT","id":60933,"post_title":"La Volont\u00e0 di Dio","href":"https:\/\/generate.focolare.org\/it\/la-volonta-di-dio\/"},{"locale":"fr_FR","id":80019,"post_title":"La Volont\u00e9 de Dieu","href":"https:\/\/generate.focolare.org\/fr\/la-volonte-de-dieu\/"},{"locale":"es_ES","id":80015,"post_title":"La Voluntad De Dios","href":"https:\/\/generate.focolare.org\/es\/la-voluntad-de-dios\/"},{"locale":"pt_PT","id":80017,"post_title":"A Vontade de Deus","href":"https:\/\/generate.focolare.org\/pt-pt\/a-vontade-de-deus\/"},{"locale":"ar","id":80020,"post_title":"\u0625\u0631\u0627\u062f\u0629 \u0627\u0644\u0644\u0647","href":"https:\/\/generate.focolare.org\/ar\/the-will-of-god-ar\/"},{"locale":"de_DE","id":80018,"post_title":"Der Wille Gottes","href":"https:\/\/generate.focolare.org\/de\/der-wille-gottes\/"},{"locale":"sl_SI","id":80016,"post_title":"Bo\u017eja volja","href":"https:\/\/generate.focolare.org\/sl\/bozja-volja\/"}],"link_to_transcription":true,"format":"audio","length":"8","transcriptions":[{"language":"es","file":{"ID":60954,"id":60954,"title":"ACL-DS-19800929-TI-A-es","filename":"ACL-DS-19800929-TI-A-es.pdf","filesize":50449,"url":"https:\/\/generate.focolare.org\/wp-content\/uploads\/2020\/10\/ACL-DS-19800929-TI-A-es.pdf","link":"https:\/\/generate.focolare.org\/nl\/acl-ds-19800929-ti-a-es-2\/","alt":"","author":"6","description":"","caption":"","name":"acl-ds-19800929-ti-a-es-2","status":"inherit","uploaded_to":0,"date":"2020-10-23 14:45:50","modified":"2020-10-23 14:45:50","menu_order":0,"mime_type":"application\/pdf","type":"application","subtype":"pdf","icon":"https:\/\/generate.focolare.org\/wp-includes\/images\/media\/document.png"}},{"language":"sl","file":{"ID":60971,"id":60971,"title":"ACL-DS-19800929-T-sl","filename":"ACL-DS-19800929-T-sl.pdf","filesize":25656,"url":"https:\/\/generate.focolare.org\/wp-content\/uploads\/2020\/10\/ACL-DS-19800929-T-sl.pdf","link":"https:\/\/generate.focolare.org\/nl\/acl-ds-19800929-t-sl-2\/","alt":"","author":"6","description":"","caption":"","name":"acl-ds-19800929-t-sl-2","status":"inherit","uploaded_to":0,"date":"2020-10-23 14:46:27","modified":"2020-10-23 14:46:27","menu_order":0,"mime_type":"application\/pdf","type":"application","subtype":"pdf","icon":"https:\/\/generate.focolare.org\/wp-includes\/images\/media\/document.png"}},{"language":"pt-pt","file":{"ID":60988,"id":60988,"title":"ACL-DS-19800929-TT-A-pt","filename":"ACL-DS-19800929-TT-A-pt.pdf","filesize":164715,"url":"https:\/\/generate.focolare.org\/wp-content\/uploads\/2020\/10\/ACL-DS-19800929-TT-A-pt.pdf","link":"https:\/\/generate.focolare.org\/nl\/acl-ds-19800929-tt-a-pt-2\/","alt":"","author":"6","description":"","caption":"","name":"acl-ds-19800929-tt-a-pt-2","status":"inherit","uploaded_to":0,"date":"2020-10-23 14:46:37","modified":"2020-10-23 14:46:37","menu_order":0,"mime_type":"application\/pdf","type":"application","subtype":"pdf","icon":"https:\/\/generate.focolare.org\/wp-includes\/images\/media\/document.png"}},{"language":"de","file":{"ID":61005,"id":61005,"title":"ACL-DS-19800929-TI-A-de","filename":"ACL-DS-19800929-TI-A-de.pdf","filesize":102359,"url":"https:\/\/generate.focolare.org\/wp-content\/uploads\/2020\/10\/ACL-DS-19800929-TI-A-de.pdf","link":"https:\/\/generate.focolare.org\/nl\/acl-ds-19800929-ti-a-de-2\/","alt":"","author":"6","description":"","caption":"","name":"acl-ds-19800929-ti-a-de-2","status":"inherit","uploaded_to":0,"date":"2020-10-23 14:46:43","modified":"2020-10-23 14:46:43","menu_order":0,"mime_type":"application\/pdf","type":"application","subtype":"pdf","icon":"https:\/\/generate.focolare.org\/wp-includes\/images\/media\/document.png"}},{"language":"fr","file":{"ID":61022,"id":61022,"title":"ACL-DS-19800929-TI-A-fr","filename":"ACL-DS-19800929-TI-A-fr.pdf","filesize":63306,"url":"https:\/\/generate.focolare.org\/wp-content\/uploads\/2020\/10\/ACL-DS-19800929-TI-A-fr.pdf","link":"https:\/\/generate.focolare.org\/nl\/acl-ds-19800929-ti-a-fr-2\/","alt":"","author":"6","description":"","caption":"","name":"acl-ds-19800929-ti-a-fr-2","status":"inherit","uploaded_to":0,"date":"2020-10-23 14:46:51","modified":"2020-10-23 14:46:51","menu_order":0,"mime_type":"application\/pdf","type":"application","subtype":"pdf","icon":"https:\/\/generate.focolare.org\/wp-includes\/images\/media\/document.png"}},{"language":"ar","file":{"ID":61039,"id":61039,"title":"ACL-DS-19800929-TI-A-ar","filename":"ACL-DS-19800929-TI-A-ar.pdf","filesize":63669,"url":"https:\/\/generate.focolare.org\/wp-content\/uploads\/2020\/10\/ACL-DS-19800929-TI-A-ar.pdf","link":"https:\/\/generate.focolare.org\/nl\/acl-ds-19800929-ti-a-ar-2\/","alt":"","author":"6","description":"","caption":"","name":"acl-ds-19800929-ti-a-ar-2","status":"inherit","uploaded_to":0,"date":"2020-10-23 14:46:56","modified":"2020-10-23 14:46:56","menu_order":0,"mime_type":"application\/pdf","type":"application","subtype":"pdf","icon":"https:\/\/generate.focolare.org\/wp-includes\/images\/media\/document.png"}},{"language":"it","file":{"ID":61056,"id":61056,"title":"ACL-DS-19800929-TI-A","filename":"ACL-DS-19800929-TI-A.pdf","filesize":145491,"url":"https:\/\/generate.focolare.org\/wp-content\/uploads\/2020\/10\/ACL-DS-19800929-TI-A.pdf","link":"https:\/\/generate.focolare.org\/nl\/acl-ds-19800929-ti-a-2\/","alt":"","author":"6","description":"","caption":"","name":"acl-ds-19800929-ti-a-2","status":"inherit","uploaded_to":0,"date":"2020-10-23 14:47:03","modified":"2020-10-23 14:47:03","menu_order":0,"mime_type":"application\/pdf","type":"application","subtype":"pdf","icon":"https:\/\/generate.focolare.org\/wp-includes\/images\/media\/document.png"}},{"language":"en","file":{"ID":281748,"id":281748,"title":"GMU-G2-Chiara_Some thoughts on the will of God_19800929","filename":"GMU-G2-Chiara_Some-thoughts-on-the-will-of-God_19800929.pdf","filesize":225699,"url":"https:\/\/generate.focolare.org\/wp-content\/uploads\/2020\/10\/GMU-G2-Chiara_Some-thoughts-on-the-will-of-God_19800929.pdf","link":"https:\/\/generate.focolare.org\/nl\/content\/de-wil-van-god\/gmu-g2-chiara_some-thoughts-on-the-will-of-god_19800929-2\/","alt":"","author":"555","description":"","caption":"","name":"gmu-g2-chiara_some-thoughts-on-the-will-of-god_19800929-2","status":"inherit","uploaded_to":80022,"date":"2022-12-14 09:40:24","modified":"2022-12-14 09:40:24","menu_order":0,"mime_type":"application\/pdf","type":"application","subtype":"pdf","icon":"https:\/\/generate.focolare.org\/wp-includes\/images\/media\/document.png"}},{"language":"nl","file":{"ID":61090,"id":61090,"title":"19800929 - La Volont\u00e0 di Dio - Olandese","filename":"19800929-La-Volonta-di-Dio-Olandese.pdf","filesize":119612,"url":"https:\/\/generate.focolare.org\/wp-content\/uploads\/2020\/10\/19800929-La-Volonta-di-Dio-Olandese.pdf","link":"https:\/\/generate.focolare.org\/nl\/19800929-la-volonta-di-dio-olandese-2\/","alt":"","author":"6","description":"","caption":"","name":"19800929-la-volonta-di-dio-olandese-2","status":"inherit","uploaded_to":0,"date":"2020-10-23 14:48:17","modified":"2020-10-23 14:48:17","menu_order":0,"mime_type":"application\/pdf","type":"application","subtype":"pdf","icon":"https:\/\/generate.focolare.org\/wp-includes\/images\/media\/document.png"}}],"restrict_roles":null,"source":{"ID":60937,"id":60937,"title":"Chiara nel giardino di casa sua: Alcuni pensieri sulla volont\u00e0 di Dio","filename":"SCA-CL-19800929-EL-A.mp3","filesize":4076763,"url":"https:\/\/generate.focolare.org\/wp-content\/uploads\/2020\/10\/SCA-CL-19800929-EL-A.mp3","link":"https:\/\/generate.focolare.org\/nl\/chiara-nel-giardino-di-casa-sua-alcuni-pensieri-sulla-volonta-di-dio-2\/","alt":"","author":"6","description":"\"Chiara nel giardino di casa sua: Alcuni pensieri sulla volont\u00e0 di Dio\" by Chiara Lubich. Released: 1980.","caption":"","name":"chiara-nel-giardino-di-casa-sua-alcuni-pensieri-sulla-volonta-di-dio-2","status":"inherit","uploaded_to":0,"date":"2020-10-23 14:43:23","modified":"2020-10-23 14:45:23","menu_order":0,"mime_type":"audio\/mpeg","type":"audio","subtype":"mpeg","icon":"https:\/\/generate.focolare.org\/wp-includes\/images\/media\/audio.png"}},"headers":[],"status":200},{"data":{"id":80259,"date":"2001-08-14","date_gmt":"2020-12-20T03:55:10","guid":{"rendered":"https:\/\/generate.focolare.org\/?post_type=content&#038;p=80259"},"modified":"2021-04-12T17:58:24","modified_gmt":"2021-04-12T16:58:24","slug":"antwoorden-aan-de-genschool-montet","status":"publish","type":"content","link":"https:\/\/generate.focolare.org\/nl\/content\/antwoorden-aan-de-genschool-montet\/","title":{"rendered":"Antwoorden aan de Genschool &#8211; Montet"},"excerpt":{"rendered":"<p>Chiara spreekt over de Eucharistie, hoe deze ons omvormt en de voorwaarden voor het ontvangen ervan; het belang van het goed leven van de wil van God in het huidige moment en ze adviseert de Gen om het Woord te leven, want de bestemming van de Gen is om in de schoot van de Vader te zijn.<\/p>\n","protected":false},"featured_media":106166,"comment_status":"closed","ping_status":"closed","template":"","tags":[8807,9002,9141,9094,9144],"contributor":[9231],"location":[9238],"audience":[9230],"class_list":["post-80259","content","type-content","status-publish","has-post-thumbnail","hentry","tag-eucharistie","tag-moment-van-nu-aanwezig","tag-wil-van-god","tag-woord","tag-woord-nl","contributor-lubich-chiara","location-montet-mariapoli-foco","audience-gen-2"],"featured_media_url":{"thumbnail":"https:\/\/generate.focolare.org\/wp-content\/uploads\/2020\/09\/569989119_640-1-150x150.jpg","medium":"https:\/\/generate.focolare.org\/wp-content\/uploads\/2020\/09\/569989119_640-1-300x228.jpg","medium_large":"https:\/\/generate.focolare.org\/wp-content\/uploads\/2020\/09\/569989119_640-1.jpg","large":"https:\/\/generate.focolare.org\/wp-content\/uploads\/2020\/09\/569989119_640-1.jpg","1536x1536":"https:\/\/generate.focolare.org\/wp-content\/uploads\/2020\/09\/569989119_640-1.jpg","2048x2048":"https:\/\/generate.focolare.org\/wp-content\/uploads\/2020\/09\/569989119_640-1.jpg","banner":"https:\/\/generate.focolare.org\/wp-content\/uploads\/2020\/09\/569989119_640-1.jpg","preview":"https:\/\/generate.focolare.org\/wp-content\/uploads\/2020\/09\/569989119_640-1-500x400.jpg","profile_24":"https:\/\/generate.focolare.org\/wp-content\/uploads\/2020\/09\/569989119_640-1.jpg","profile_48":"https:\/\/generate.focolare.org\/wp-content\/uploads\/2020\/09\/569989119_640-1.jpg","profile_96":"https:\/\/generate.focolare.org\/wp-content\/uploads\/2020\/09\/569989119_640-1.jpg","profile_150":"https:\/\/generate.focolare.org\/wp-content\/uploads\/2020\/09\/569989119_640-1.jpg","profile_300":"https:\/\/generate.focolare.org\/wp-content\/uploads\/2020\/09\/569989119_640-1.jpg"},"related":[19789,80194,20817,80050,3150,18905],"wpml_current_locale":"nl_NL","wpml_translations":[{"locale":"en_US","id":80258,"post_title":"Answers to the Gen School-Montet","href":"https:\/\/generate.focolare.org\/en\/answers-to-the-gen-school-montet\/"},{"locale":"it_IT","id":35671,"post_title":"Risposta Alla Scuola Dei Gen - Montet","href":"https:\/\/generate.focolare.org\/it\/risposta-alla-scuola-dei-gen-montet\/"},{"locale":"fr_FR","id":80256,"post_title":"R\u00e9ponse \u00e0 l'\u00e9cole des Gen- Montet","href":"https:\/\/generate.focolare.org\/fr\/reponse-a-lecole-des-gen-montet\/"},{"locale":"es_ES","id":80264,"post_title":"Respuesta a la Escuela de los Gen - Montet","href":"https:\/\/generate.focolare.org\/es\/respuesta-a-la-escuela-de-los-gen-montet\/"},{"locale":"pt_PT","id":80260,"post_title":"Resposta \u00e0 Escola dos Gen - Montet","href":"https:\/\/generate.focolare.org\/pt-pt\/resposta-a-escola-dos-gen-montet\/"},{"locale":"ar","id":80257,"post_title":"\u0627\u062c\u0648\u0628\u0629 \u0625\u0644\u0649 \u0645\u062f\u0631\u0633\u0629 \u0627\u0644\u062f\u062c\u0646 \u0627\u0644\u0634\u0628\u0627\u0628- \u0645\u0648\u0646\u062a\u064a","href":"https:\/\/generate.focolare.org\/ar\/answers-to-the-gen-school-montet-ar\/"},{"locale":"de_DE","id":80263,"post_title":"Fragen und Antworten bei den Gen von Montet","href":"https:\/\/generate.focolare.org\/de\/fragen-und-antworten-bei-den-gen-von-montet\/"},{"locale":"ko_KR","id":80262,"post_title":"\ubaac\ub5bc \ub0a8\uc790 \uc820\ud559\uad50\uc5d0\uc11c\uc758 \ub2f5\ubcc0","href":"https:\/\/generate.focolare.org\/ko\/answers-to-the-gen-school-montet-ko\/"},{"locale":"pl_PL","id":80261,"post_title":"Odpowied\u017a do Szko\u0142y Gen - Montet","href":"https:\/\/generate.focolare.org\/pl\/odpowiedz-do-szkoly-gen-montet\/"},{"locale":"ru_RU","id":80254,"post_title":"\u041e\u0442\u0432\u0435\u0442 \u043d\u0430 \u0432\u043e\u043f\u0440\u043e\u0441 \u0428\u043a\u043e\u043b\u044b \u0414\u0436\u0435\u043d - \u041c\u043e\u043d\u0442\u0435","href":"https:\/\/generate.focolare.org\/ru\/answers-to-the-gen-school-montet-ru\/"},{"locale":"sl_SI","id":80255,"post_title":"Odgovor \u0161oli fantov gen - Montet","href":"https:\/\/generate.focolare.org\/sl\/odgovor-soli-fantov-gen-montet\/"}],"link_to_transcription":true,"format":"audio","length":"37","transcriptions":[{"language":"ru","file":{"ID":35692,"id":35692,"title":"1154521-text-ru","filename":"1154521-text-ru.pdf","filesize":129448,"url":"https:\/\/generate.focolare.org\/wp-content\/uploads\/2020\/08\/1154521-text-ru.pdf","link":"https:\/\/generate.focolare.org\/nl\/content\/antwoorden-aan-de-genschool-montet\/1154521-text-ru-2\/","alt":"","author":"0","description":"","caption":"","name":"1154521-text-ru-2","status":"inherit","uploaded_to":80259,"date":"2020-08-26 15:18:38","modified":"2021-04-12 16:58:25","menu_order":0,"mime_type":"application\/pdf","type":"application","subtype":"pdf","icon":"https:\/\/generate.focolare.org\/wp-includes\/images\/media\/document.png"}},{"language":"sl","file":{"ID":35709,"id":35709,"title":"1154521-text-sl","filename":"1154521-text-sl.pdf","filesize":87165,"url":"https:\/\/generate.focolare.org\/wp-content\/uploads\/2020\/08\/1154521-text-sl.pdf","link":"https:\/\/generate.focolare.org\/nl\/content\/antwoorden-aan-de-genschool-montet\/1154521-text-sl-2\/","alt":"","author":"0","description":"","caption":"","name":"1154521-text-sl-2","status":"inherit","uploaded_to":80259,"date":"2020-08-26 15:18:42","modified":"2021-04-12 16:58:25","menu_order":0,"mime_type":"application\/pdf","type":"application","subtype":"pdf","icon":"https:\/\/generate.focolare.org\/wp-includes\/images\/media\/document.png"}},{"language":"it","file":{"ID":35726,"id":35726,"title":"1154521-text-it","filename":"1154521-text-it.pdf","filesize":191413,"url":"https:\/\/generate.focolare.org\/wp-content\/uploads\/2020\/08\/1154521-text-it.pdf","link":"https:\/\/generate.focolare.org\/nl\/content\/antwoorden-aan-de-genschool-montet\/1154521-text-it-2\/","alt":"","author":"0","description":"","caption":"","name":"1154521-text-it-2","status":"inherit","uploaded_to":80259,"date":"2020-08-26 15:18:46","modified":"2021-04-12 16:58:25","menu_order":0,"mime_type":"application\/pdf","type":"application","subtype":"pdf","icon":"https:\/\/generate.focolare.org\/wp-includes\/images\/media\/document.png"}},{"language":"fr","file":{"ID":35743,"id":35743,"title":"1154521-text-fr","filename":"1154521-text-fr.pdf","filesize":60864,"url":"https:\/\/generate.focolare.org\/wp-content\/uploads\/2020\/08\/1154521-text-fr.pdf","link":"https:\/\/generate.focolare.org\/nl\/content\/antwoorden-aan-de-genschool-montet\/1154521-text-fr-2\/","alt":"","author":"0","description":"","caption":"","name":"1154521-text-fr-2","status":"inherit","uploaded_to":80259,"date":"2020-08-26 15:18:49","modified":"2021-04-12 16:58:26","menu_order":0,"mime_type":"application\/pdf","type":"application","subtype":"pdf","icon":"https:\/\/generate.focolare.org\/wp-includes\/images\/media\/document.png"}},{"language":"ar","file":{"ID":35760,"id":35760,"title":"1154521-text-ar","filename":"1154521-text-ar.pdf","filesize":746111,"url":"https:\/\/generate.focolare.org\/wp-content\/uploads\/2020\/08\/1154521-text-ar.pdf","link":"https:\/\/generate.focolare.org\/nl\/content\/antwoorden-aan-de-genschool-montet\/1154521-text-ar-2\/","alt":"","author":"0","description":"","caption":"","name":"1154521-text-ar-2","status":"inherit","uploaded_to":80259,"date":"2020-08-26 15:18:53","modified":"2021-04-12 16:58:26","menu_order":0,"mime_type":"application\/pdf","type":"application","subtype":"pdf","icon":"https:\/\/generate.focolare.org\/wp-includes\/images\/media\/document.png"}},{"language":"en","file":{"ID":35777,"id":35777,"title":"1154521-text-en","filename":"1154521-text-en.pdf","filesize":125693,"url":"https:\/\/generate.focolare.org\/wp-content\/uploads\/2020\/08\/1154521-text-en.pdf","link":"https:\/\/generate.focolare.org\/nl\/content\/antwoorden-aan-de-genschool-montet\/1154521-text-en-2\/","alt":"","author":"0","description":"","caption":"","name":"1154521-text-en-2","status":"inherit","uploaded_to":80259,"date":"2020-08-26 15:18:57","modified":"2021-04-12 16:58:26","menu_order":0,"mime_type":"application\/pdf","type":"application","subtype":"pdf","icon":"https:\/\/generate.focolare.org\/wp-includes\/images\/media\/document.png"}},{"language":"nl","file":{"ID":35794,"id":35794,"title":"1154521-text-nl","filename":"1154521-text-nl.pdf","filesize":111978,"url":"https:\/\/generate.focolare.org\/wp-content\/uploads\/2020\/08\/1154521-text-nl.pdf","link":"https:\/\/generate.focolare.org\/nl\/content\/antwoorden-aan-de-genschool-montet\/1154521-text-nl-2\/","alt":"","author":"0","description":"","caption":"","name":"1154521-text-nl-2","status":"inherit","uploaded_to":80259,"date":"2020-08-26 15:19:01","modified":"2021-04-12 16:58:27","menu_order":0,"mime_type":"application\/pdf","type":"application","subtype":"pdf","icon":"https:\/\/generate.focolare.org\/wp-includes\/images\/media\/document.png"}},{"language":"pt-pt","file":{"ID":35811,"id":35811,"title":"1154521-text-pt","filename":"1154521-text-pt.pdf","filesize":224782,"url":"https:\/\/generate.focolare.org\/wp-content\/uploads\/2020\/08\/1154521-text-pt.pdf","link":"https:\/\/generate.focolare.org\/nl\/content\/antwoorden-aan-de-genschool-montet\/1154521-text-pt-2\/","alt":"","author":"0","description":"","caption":"","name":"1154521-text-pt-2","status":"inherit","uploaded_to":80259,"date":"2020-08-26 15:19:04","modified":"2021-04-12 16:58:27","menu_order":0,"mime_type":"application\/pdf","type":"application","subtype":"pdf","icon":"https:\/\/generate.focolare.org\/wp-includes\/images\/media\/document.png"}},{"language":"pl","file":{"ID":35828,"id":35828,"title":"1154521-text-pl","filename":"1154521-text-pl.pdf","filesize":339262,"url":"https:\/\/generate.focolare.org\/wp-content\/uploads\/2020\/08\/1154521-text-pl.pdf","link":"https:\/\/generate.focolare.org\/nl\/content\/antwoorden-aan-de-genschool-montet\/1154521-text-pl-2\/","alt":"","author":"0","description":"","caption":"","name":"1154521-text-pl-2","status":"inherit","uploaded_to":80259,"date":"2020-08-26 15:19:08","modified":"2021-04-12 16:58:28","menu_order":0,"mime_type":"application\/pdf","type":"application","subtype":"pdf","icon":"https:\/\/generate.focolare.org\/wp-includes\/images\/media\/document.png"}},{"language":"ko","file":{"ID":35845,"id":35845,"title":"1154521-text-ko","filename":"1154521-text-ko.pdf","filesize":665757,"url":"https:\/\/generate.focolare.org\/wp-content\/uploads\/2020\/08\/1154521-text-ko.pdf","link":"https:\/\/generate.focolare.org\/nl\/content\/antwoorden-aan-de-genschool-montet\/1154521-text-ko-2\/","alt":"","author":"0","description":"","caption":"","name":"1154521-text-ko-2","status":"inherit","uploaded_to":80259,"date":"2020-08-26 15:19:12","modified":"2021-04-12 16:58:28","menu_order":0,"mime_type":"application\/pdf","type":"application","subtype":"pdf","icon":"https:\/\/generate.focolare.org\/wp-includes\/images\/media\/document.png"}},{"language":"de","file":{"ID":35862,"id":35862,"title":"1154521-text-de","filename":"1154521-text-de.pdf","filesize":253698,"url":"https:\/\/generate.focolare.org\/wp-content\/uploads\/2020\/08\/1154521-text-de.pdf","link":"https:\/\/generate.focolare.org\/nl\/content\/antwoorden-aan-de-genschool-montet\/1154521-text-de-2\/","alt":"","author":"0","description":"","caption":"","name":"1154521-text-de-2","status":"inherit","uploaded_to":80259,"date":"2020-08-26 15:19:16","modified":"2021-04-12 16:58:28","menu_order":0,"mime_type":"application\/pdf","type":"application","subtype":"pdf","icon":"https:\/\/generate.focolare.org\/wp-includes\/images\/media\/document.png"}},{"language":"es","file":{"ID":311467,"id":311467,"title":"1154521-text-es","filename":"1154521-text-es.pdf","filesize":247152,"url":"https:\/\/generate.focolare.org\/wp-content\/uploads\/2020\/09\/1154521-text-es.pdf","link":"https:\/\/generate.focolare.org\/nl\/content\/antwoorden-aan-de-genschool-montet\/1154521-text-es-3\/","alt":"","author":"1981","description":"","caption":"","name":"1154521-text-es-3","status":"inherit","uploaded_to":80259,"date":"2025-05-23 09:07:53","modified":"2025-05-23 09:07:53","menu_order":0,"mime_type":"application\/pdf","type":"application","subtype":"pdf","icon":"https:\/\/generate.focolare.org\/wp-includes\/images\/media\/document.png"}}],"restrict_roles":null,"source":{"ID":35675,"id":35675,"title":"indy-sca-cl-20010814-el-a-italiano-video","filename":"indy-sca-cl-20010814-el-a-italiano-video.mp3","filesize":17790971,"url":"https:\/\/generate.focolare.org\/wp-content\/uploads\/2020\/08\/indy-sca-cl-20010814-el-a-italiano-video.mp3","link":"https:\/\/generate.focolare.org\/nl\/content\/antwoorden-aan-de-genschool-montet\/indy-sca-cl-20010814-el-a-italiano-video-2\/","alt":"","author":"0","description":"","caption":"","name":"indy-sca-cl-20010814-el-a-italiano-video-2","status":"inherit","uploaded_to":80259,"date":"2020-08-26 15:18:38","modified":"2021-04-12 16:58:25","menu_order":0,"mime_type":"audio\/mpeg","type":"audio","subtype":"mpeg","icon":"https:\/\/generate.focolare.org\/wp-includes\/images\/media\/audio.png"}},"headers":[],"status":200},{"data":{"id":6952,"date":"2001-08-14","date_gmt":"2020-11-11T04:28:44","guid":{"rendered":"https:\/\/generate.focolare.org\/?post_type=content&#038;p=6952"},"modified":"2020-12-11T19:32:22","modified_gmt":"2020-12-11T18:32:22","slug":"chiara-aan-de-gen-in-montet-2001-antwoord-3-4-5","status":"publish","type":"content","link":"https:\/\/generate.focolare.org\/nl\/content\/chiara-aan-de-gen-in-montet-2001-antwoord-3-4-5\/","title":{"rendered":"Chiara  aan de Gen in Montet 2001, antwoord 3-4-5"},"excerpt":{"rendered":"<p>Chiara spreekt over de Eucharistie, hoe deze ons verandert en de voorwaarden voor het ontvangen ervan; het belang van het goed leven van de wil van God in het huidige moment; en ze adviseert de Gen om het Woord te leven, want de bestemming van de Gen is om in de schoot van de Vader te zijn.<\/p>\n","protected":false},"featured_media":311438,"comment_status":"closed","ping_status":"closed","template":"","tags":[8807,9002,9141,9144,9094],"contributor":[9231],"location":[9238],"audience":[9230],"class_list":["post-6952","content","type-content","status-publish","has-post-thumbnail","hentry","tag-eucharistie","tag-moment-van-nu-aanwezig","tag-wil-van-god","tag-woord-nl","tag-woord","contributor-lubich-chiara","location-montet-mariapoli-foco","audience-gen-2"],"featured_media_url":{"thumbnail":"https:\/\/generate.focolare.org\/wp-content\/uploads\/2020\/07\/eucaristia-150x150.png","medium":"https:\/\/generate.focolare.org\/wp-content\/uploads\/2020\/07\/eucaristia-300x240.png","medium_large":"https:\/\/generate.focolare.org\/wp-content\/uploads\/2020\/07\/eucaristia.png","large":"https:\/\/generate.focolare.org\/wp-content\/uploads\/2020\/07\/eucaristia.png","1536x1536":"https:\/\/generate.focolare.org\/wp-content\/uploads\/2020\/07\/eucaristia.png","2048x2048":"https:\/\/generate.focolare.org\/wp-content\/uploads\/2020\/07\/eucaristia.png","banner":"https:\/\/generate.focolare.org\/wp-content\/uploads\/2020\/07\/eucaristia.png","preview":"https:\/\/generate.focolare.org\/wp-content\/uploads\/2020\/07\/eucaristia-500x400.png","profile_24":"https:\/\/generate.focolare.org\/wp-content\/uploads\/2020\/07\/eucaristia-24x24.png","profile_48":"https:\/\/generate.focolare.org\/wp-content\/uploads\/2020\/07\/eucaristia-48x48.png","profile_96":"https:\/\/generate.focolare.org\/wp-content\/uploads\/2020\/07\/eucaristia-96x96.png","profile_150":"https:\/\/generate.focolare.org\/wp-content\/uploads\/2020\/07\/eucaristia-150x150.png","profile_300":"https:\/\/generate.focolare.org\/wp-content\/uploads\/2020\/07\/eucaristia-300x300.png"},"related":[20997,19789,18905,80308,19982,18420],"wpml_current_locale":"nl_NL","wpml_translations":[{"locale":"en_US","id":6937,"post_title":"Chiara To The Gen 2 Boys, Montet 2001 Qn No. 3,4,5","href":"https:\/\/generate.focolare.org\/en\/chiara-to-the-gen-2-boys-montet-2001-qn-no-345\/"},{"locale":"it_IT","id":6877,"post_title":"Ges\u00f9 Eucaristia (Chiara ai Gen a Montet 2001, Risposte N.3-4-5)","href":"https:\/\/generate.focolare.org\/it\/chiara-ai-gen-a-montet-2001-risposte-n-3-4-5\/"},{"locale":"fr_FR","id":6907,"post_title":"Chiara aux Gen2 gar\u00e7ons, Montet 2001, r\u00e9p. n\u00b03, 4, 5","href":"https:\/\/generate.focolare.org\/fr\/chiara-aux-gen2-garcons-montet-2001-rep-n3-4-5\/"},{"locale":"pt_PT","id":6892,"post_title":"Chiara aos Gen em Montet, 2001 ; Rispostas N.3-4-5","href":"https:\/\/generate.focolare.org\/pt-pt\/chiara-aos-gen-em-montet-2001-rispostas-n-3-4-5\/"},{"locale":"ar","id":275961,"post_title":"\u0627\u0644\u0642\u0631\u0628\u0627\u0646 \u0627\u0644\u0645\u0642\u062f\u0633","href":"https:\/\/generate.focolare.org\/ar\/%d8%a7%d9%84%d9%82%d8%b1%d8%a8%d8%a7%d9%86-%d8%a7%d9%84%d9%85%d9%82%d8%af%d8%b3\/"},{"locale":"de_DE","id":6922,"post_title":"Chiara bei den Gen 2, Montet 2001: Fragen 3, 4 und 5","href":"https:\/\/generate.focolare.org\/de\/chiara-bei-den-gen-2-montet-2001-fragen-3-4-und-5\/"}],"format":"text","length":"8","restrict_roles":null,"source":{"ID":6938,"id":6938,"title":"gen-284-text-nl","filename":"gen-284-text-nl.pdf","filesize":90720,"url":"https:\/\/generate.focolare.org\/wp-content\/uploads\/2020\/06\/gen-284-text-nl.pdf","link":"https:\/\/generate.focolare.org\/nl\/content\/chiara-aan-de-gen-in-montet-2001-antwoord-3-4-5\/gen-284-text-nl\/","alt":"","author":"1","description":"","caption":"","name":"gen-284-text-nl","status":"inherit","uploaded_to":6952,"date":"2020-06-02 18:50:22","modified":"2020-06-02 18:52:25","menu_order":0,"mime_type":"application\/pdf","type":"application","subtype":"pdf","icon":"https:\/\/generate.focolare.org\/wp-includes\/images\/media\/document.png"}},"headers":[],"status":200},{"data":{"id":3120,"date":"2001-08-14","date_gmt":"2020-11-11T04:28:35","guid":{"rendered":"https:\/\/generate.focolare.org\/?post_type=content&#038;p=3120"},"modified":"2020-12-11T19:35:56","modified_gmt":"2020-12-11T18:35:56","slug":"jezelf-tot-niets-maken-in-de-wil-van-god","status":"publish","type":"content","link":"https:\/\/generate.focolare.org\/nl\/content\/jezelf-tot-niets-maken-in-de-wil-van-god\/","title":{"rendered":"Jezelf tot niets maken in de wil van God"},"excerpt":{"rendered":"<p>Tegen Eric, een Braziliaans Gen die voor ingenieur studeert, zegt ze: &#8220;Ik geloof zeker dat het je goed bevalt! Hij zegt: Deze omgeving bevalt me, maar als Gen hebben we geleerd om dingen te doen omdat het de wil van God is, niet omdat het ons bevalt.&#8221;<\/p>\n","protected":false},"featured_media":313829,"comment_status":"closed","ping_status":"closed","template":"","tags":[9141,9214],"contributor":[9231],"location":[9238],"audience":[9230],"class_list":["post-3120","content","type-content","status-publish","has-post-thumbnail","hentry","tag-wil-van-god","tag-zichzelf-tot-niets-maken","contributor-lubich-chiara","location-montet-mariapoli-foco","audience-gen-2"],"featured_media_url":{"thumbnail":"https:\/\/generate.focolare.org\/wp-content\/uploads\/2020\/07\/anularse-150x150.png","medium":"https:\/\/generate.focolare.org\/wp-content\/uploads\/2020\/07\/anularse-300x240.png","medium_large":"https:\/\/generate.focolare.org\/wp-content\/uploads\/2020\/07\/anularse.png","large":"https:\/\/generate.focolare.org\/wp-content\/uploads\/2020\/07\/anularse.png","1536x1536":"https:\/\/generate.focolare.org\/wp-content\/uploads\/2020\/07\/anularse.png","2048x2048":"https:\/\/generate.focolare.org\/wp-content\/uploads\/2020\/07\/anularse.png","banner":"https:\/\/generate.focolare.org\/wp-content\/uploads\/2020\/07\/anularse.png","preview":"https:\/\/generate.focolare.org\/wp-content\/uploads\/2020\/07\/anularse-500x400.png","profile_24":"https:\/\/generate.focolare.org\/wp-content\/uploads\/2020\/07\/anularse-24x24.png","profile_48":"https:\/\/generate.focolare.org\/wp-content\/uploads\/2020\/07\/anularse-48x48.png","profile_96":"https:\/\/generate.focolare.org\/wp-content\/uploads\/2020\/07\/anularse-96x96.png","profile_150":"https:\/\/generate.focolare.org\/wp-content\/uploads\/2020\/07\/anularse-150x150.png","profile_300":"https:\/\/generate.focolare.org\/wp-content\/uploads\/2020\/07\/anularse-300x300.png"},"related":[80004,80022,19007,93361,3698,19851],"wpml_current_locale":"nl_NL","wpml_translations":[{"locale":"en_US","id":3102,"post_title":"Become Nothing In The Will Of God","href":"https:\/\/generate.focolare.org\/en\/become-nothing-in-the-will-of-god\/"},{"locale":"it_IT","id":3096,"post_title":"Annullarsi nella volont\u00e0 di Dio","href":"https:\/\/generate.focolare.org\/it\/annullarsi-nella-volonta-di-dio\/"},{"locale":"fr_FR","id":3114,"post_title":"S'annuler dans la volont\u00e9 de Dieu","href":"https:\/\/generate.focolare.org\/fr\/sannuler-dans-la-volonte-de-dieu\/"},{"locale":"es_ES","id":322479,"post_title":"Anularse en la voluntad de Dios","href":"https:\/\/generate.focolare.org\/es\/anularse-en-la-voluntad-de-dios\/"},{"locale":"pt_PT","id":322545,"post_title":"Anular-se na vontade de Deus","href":"https:\/\/generate.focolare.org\/pt-pt\/anular-se-na-vontade-de-deus\/"},{"locale":"ar","id":279467,"post_title":"\u0645\u0634\u064a\u0626\u0629 \u0627\u0644\u0644\u0647","href":"https:\/\/generate.focolare.org\/ar\/%d9%85%d8%b4%d9%8a%d8%a6%d8%a9-%d8%a7%d9%84%d9%84%d9%87\/"},{"locale":"sl_SI","id":3108,"post_title":"Izni\u010diti se v Bo\u017eji volji","href":"https:\/\/generate.focolare.org\/sl\/izniciti-se-v-bozji-volji\/"}],"format":"text","length":"3","restrict_roles":null,"source":{"ID":3115,"id":3115,"title":"gen-204-text-nl","filename":"gen-204-text-nl.pdf","filesize":196289,"url":"https:\/\/generate.focolare.org\/wp-content\/uploads\/2020\/06\/gen-204-text-nl.pdf","link":"https:\/\/generate.focolare.org\/nl\/content\/jezelf-tot-niets-maken-in-de-wil-van-god\/gen-204-text-nl\/","alt":"","author":"1","description":"","caption":"","name":"gen-204-text-nl","status":"inherit","uploaded_to":3120,"date":"2020-06-02 18:24:59","modified":"2020-06-02 18:24:59","menu_order":0,"mime_type":"application\/pdf","type":"application","subtype":"pdf","icon":"https:\/\/generate.focolare.org\/wp-includes\/images\/media\/document.png"}},"headers":[],"status":200},{"data":{"id":62154,"date":"1996-05-01","date_gmt":"2020-10-24T03:56:00","guid":{"rendered":"https:\/\/generate.focolare.org\/?post_type=content&#038;p=62154"},"modified":"2020-12-14T22:43:27","modified_gmt":"2020-12-14T21:43:27","slug":"voor-de-jongerenmeeting-in-pompei","status":"publish","type":"content","link":"https:\/\/generate.focolare.org\/nl\/content\/voor-de-jongerenmeeting-in-pompei\/","title":{"rendered":"Voor de jongerenmeeting in Pompei"},"excerpt":{"rendered":"<p>De jongeren die door Maria zijn voorbereid op het jaar 2000: geloven in God die liefde is, leven Gods wil, voelen zich geroepen om lief te hebben, leven voor de eenheid, weten het kruis te dragen, leven het evangelie, hebben de Kerk lief, dragen bij aan de universele broederschap.<\/p>\n","protected":false},"featured_media":310135,"comment_status":"closed","ping_status":"closed","template":"","tags":[9154,9153,8777,7808,7734,9141],"contributor":[9231],"location":[11090],"audience":[11109],"class_list":["post-62154","content","type-content","status-publish","has-post-thumbnail","hentry","tag-jongeren-nl","tag-jongeren","tag-kerk","tag-liefde","tag-liefde-naastenliefde","tag-wil-van-god","contributor-lubich-chiara","location-pompei-napels","audience-jongeren"],"featured_media_url":{"thumbnail":"https:\/\/generate.focolare.org\/wp-content\/uploads\/2020\/10\/meeting-1-150x150.png","medium":"https:\/\/generate.focolare.org\/wp-content\/uploads\/2020\/10\/meeting-1-300x240.png","medium_large":"https:\/\/generate.focolare.org\/wp-content\/uploads\/2020\/10\/meeting-1.png","large":"https:\/\/generate.focolare.org\/wp-content\/uploads\/2020\/10\/meeting-1.png","1536x1536":"https:\/\/generate.focolare.org\/wp-content\/uploads\/2020\/10\/meeting-1.png","2048x2048":"https:\/\/generate.focolare.org\/wp-content\/uploads\/2020\/10\/meeting-1.png","banner":"https:\/\/generate.focolare.org\/wp-content\/uploads\/2020\/10\/meeting-1.png","preview":"https:\/\/generate.focolare.org\/wp-content\/uploads\/2020\/10\/meeting-1-500x400.png","profile_24":"https:\/\/generate.focolare.org\/wp-content\/uploads\/2020\/10\/meeting-1-24x24.png","profile_48":"https:\/\/generate.focolare.org\/wp-content\/uploads\/2020\/10\/meeting-1-48x48.png","profile_96":"https:\/\/generate.focolare.org\/wp-content\/uploads\/2020\/10\/meeting-1-96x96.png","profile_150":"https:\/\/generate.focolare.org\/wp-content\/uploads\/2020\/10\/meeting-1-150x150.png","profile_300":"https:\/\/generate.focolare.org\/wp-content\/uploads\/2020\/10\/meeting-1-300x300.png"},"related":[57973,80397,19007,67320,80050,20193],"wpml_current_locale":"nl_NL","wpml_translations":[{"locale":"en_US","id":62119,"post_title":"Chiara to the Tenth Youth Day: A profile of young people with a new lifestyle","href":"https:\/\/generate.focolare.org\/en\/chiara-to-the-tenth-youth-day-a-profile-of-young-people-with-a-new-lifestyle\/"},{"locale":"it_IT","id":51772,"post_title":"Chiara alla Decima Giornata Mondiale della Giovent\u00f9: Un profilo di giovani con un nuovo stile di vita","href":"https:\/\/generate.focolare.org\/it\/meeting-pompei\/"},{"locale":"fr_FR","id":62084,"post_title":"Chiara au dixieme meeting des jeunes: le portrait-type du jeune d'aujourd'hui","href":"https:\/\/generate.focolare.org\/fr\/chiara-au-dixieme-meeting-des-jeunes-le-portrait-type-du-jeune-daujourdhui\/"},{"locale":"es_ES","id":62294,"post_title":"Chiara en el X\u00ba Congreso de los j\u00f3venes: La fisonom\u00eda del joven de hoy","href":"https:\/\/generate.focolare.org\/es\/chiara-en-el-xo-congreso-de-los-jovenes-la-fisonomia-del-joven-de-hoy\/"},{"locale":"pt_PT","id":62189,"post_title":"Chiara na Jornada dos jovens em Pompeia: \"A fisionomia do jovem de hoje\"","href":"https:\/\/generate.focolare.org\/pt-pt\/chiara-na-jornada-dos-jovens-em-pompeia-a-fisionomia-do-jovem-de-hoje\/"},{"locale":"ar","id":61979,"post_title":"\u0644\u0642\u0627\u0621 \u0628\u0648\u0645\u0628\u0627\u064a","href":"https:\/\/generate.focolare.org\/ar\/chiara-to-the-tenth-youth-day-a-profile-of-young-people-with-a-new-lifestyle-ar\/"},{"locale":"de_DE","id":62329,"post_title":"Chiara beim Jugendmeeting in Pompei","href":"https:\/\/generate.focolare.org\/de\/chiara-beim-jugendmeeting-in-pompei\/"},{"locale":"ko_KR","id":62014,"post_title":"\ud3fc\ud398\uc774 \ub9cc\ub098\uae30","href":"https:\/\/generate.focolare.org\/ko\/chiara-to-the-tenth-youth-day-a-profile-of-young-people-with-a-new-lifestyle-ko\/"},{"locale":"pl_PL","id":62049,"post_title":"Przem\u00f3wienie Chiary Lubich na mityngu m\u0142odzie\u017cy","href":"https:\/\/generate.focolare.org\/pl\/przemowienie-chiary-lubich-na-mityngu-mlodziezy\/"},{"locale":"ru_RU","id":62224,"post_title":"\u041f\u041e\u0420\u0422\u0420\u0415\u0422 \u0421\u041e\u0412\u0420\u0415\u041c\u0415\u041d\u041d\u041e\u0413\u041e \u041c\u041e\u041b\u041e\u0414\u041e\u0413\u041e \u0427\u0415\u041b\u041e\u0412\u0415\u041a\u0410","href":"https:\/\/generate.focolare.org\/ru\/chiara-to-the-tenth-youth-day-a-profile-of-young-people-with-a-new-lifestyle-ru\/"},{"locale":"sl_SI","id":62259,"post_title":"Identikit mladega danes: Chiara na x. Mitingu mladih v Pompejih","href":"https:\/\/generate.focolare.org\/sl\/identikit-mladega-danes-chiara-na-x-mitingu-mladih-v-pompejih\/"}],"format":"text","restrict_roles":null,"length":"15","source":null},"headers":[],"status":200}],"_links":{"self":[{"href":"https:\/\/generate.focolare.org\/nl\/wp-json\/wp\/v2\/tags\/9141","targetHints":{"allow":["GET"]}}],"collection":[{"href":"https:\/\/generate.focolare.org\/nl\/wp-json\/wp\/v2\/tags"}],"about":[{"href":"https:\/\/generate.focolare.org\/nl\/wp-json\/wp\/v2\/taxonomies\/post_tag"}],"wp:post_type":[{"href":"https:\/\/generate.focolare.org\/nl\/wp-json\/wp\/v2\/posts?tags=9141"},{"href":"https:\/\/generate.focolare.org\/nl\/wp-json\/wp\/v2\/content?tags=9141"},{"href":"https:\/\/generate.focolare.org\/nl\/wp-json\/wp\/v2\/playlist?tags=9141"}],"curies":[{"name":"wp","href":"https:\/\/api.w.org\/{rel}","templated":true}]}}