{"id":989,"count":14,"description":"","link":"https:\/\/generate.focolare.org\/it\/tag\/volonta-di-dio\/","name":"Volont\u00e0 di Dio","slug":"volonta-di-dio","taxonomy":"post_tag","meta":[],"objects":[{"data":{"id":342693,"date":"2026-07-01","date_gmt":"2026-05-21T11:45:56","guid":{"rendered":"https:\/\/generate.focolare.org\/?post_type=content&#038;p=342693"},"modified":"2026-05-21T13:21:57","modified_gmt":"2026-05-21T12:21:57","slug":"parola-di-vita-luglio-2026-quello-seminato-sul-terreno-buono-e-colui-che-ascolta-la-parola-e-la-comprende-questi-da-frutto-mtt-1323","status":"publish","type":"content","link":"https:\/\/generate.focolare.org\/it\/content\/parola-di-vita-luglio-2026-quello-seminato-sul-terreno-buono-e-colui-che-ascolta-la-parola-e-la-comprende-questi-da-frutto-mtt-1323\/","title":{"rendered":"Parola di Vita \u2013 Luglio 2026 \u00abQuello seminato sul terreno buono \u00e8 colui che ascolta la Parola e la comprende questi d\u00e0 frutto\u00bb (Mtt 13,23)."},"excerpt":{"rendered":"<p>Parola di Vita: alla luce del Carisma dell\u2019Unit\u00e0, un commento mensile su una frase della Scrittura tratta dalla liturgia corrente, per approfondire e vivere insieme il Vangelo.<\/p>\n","protected":false},"featured_media":342927,"comment_status":"closed","ping_status":"closed","template":"","tags":[914,1148,885,888,1207,917,922,861,989],"contributor":[18417],"location":[],"audience":[],"class_list":["post-342693","content","type-content","status-publish","has-post-thumbnail","hentry","tag-amore","tag-ascoltare","tag-comunione","tag-parola","tag-parola-di-vita","tag-unita","tag-vangelo","tag-vita","tag-volonta-di-dio","contributor-centri-gen-2-gmu"],"featured_media_url":{"thumbnail":"https:\/\/generate.focolare.org\/wp-content\/uploads\/2026\/05\/PDV-IT-150x150.png","medium":"https:\/\/generate.focolare.org\/wp-content\/uploads\/2026\/05\/PDV-IT-300x240.png","medium_large":"https:\/\/generate.focolare.org\/wp-content\/uploads\/2026\/05\/PDV-IT.png","large":"https:\/\/generate.focolare.org\/wp-content\/uploads\/2026\/05\/PDV-IT.png","1536x1536":"https:\/\/generate.focolare.org\/wp-content\/uploads\/2026\/05\/PDV-IT.png","2048x2048":"https:\/\/generate.focolare.org\/wp-content\/uploads\/2026\/05\/PDV-IT.png","banner":"https:\/\/generate.focolare.org\/wp-content\/uploads\/2026\/05\/PDV-IT.png","preview":"https:\/\/generate.focolare.org\/wp-content\/uploads\/2026\/05\/PDV-IT-500x400.png","profile_24":"https:\/\/generate.focolare.org\/wp-content\/uploads\/2026\/05\/PDV-IT-24x24.png","profile_48":"https:\/\/generate.focolare.org\/wp-content\/uploads\/2026\/05\/PDV-IT-48x48.png","profile_96":"https:\/\/generate.focolare.org\/wp-content\/uploads\/2026\/05\/PDV-IT-96x96.png","profile_150":"https:\/\/generate.focolare.org\/wp-content\/uploads\/2026\/05\/PDV-IT-150x150.png","profile_300":"https:\/\/generate.focolare.org\/wp-content\/uploads\/2026\/05\/PDV-IT-300x300.png"},"related":[324772,344029,343814,325151,322247,327175],"wpml_current_locale":"it_IT","wpml_translations":[{"locale":"en_US","id":343083,"post_title":"Word of Life \u2013 July 2026 \u201cThe seed sown on good soil is the one who hears the Word and understands it; this person bears fruit\u201d (Matt 13:23).","href":"https:\/\/generate.focolare.org\/en\/word-of-life-july-2026-the-seed-sown-on-good-soil-is-the-one-who-hears-the-word-and-understands-it-this-person-bears-fruit-matt-1323\/"},{"locale":"fr_FR","id":343129,"post_title":"Parole de Vie Juillet 2026- \u00ab Celui qui a \u00e9t\u00e9 ensemenc\u00e9 dans la bonne terre, c'est celui qui entend la Parole et qui comprend : alors, il porte du fruit et produit l'un cent, l'autre soixante, l'autre trente \u00bb (Matthieu 13, 23).","href":"https:\/\/generate.focolare.org\/fr\/parole-de-vie-juillet-2026-celui-qui-a-ete-ensemence-dans-la-bonne-terre-cest-celui-qui-entend-la-parole-et-qui-comprend-alors-il-porte-du-fruit-et-produit-lun-cent-lautre-soixante\/"},{"locale":"es_ES","id":343107,"post_title":"Palabra de Vida de julio 2026- \u00abEl que fue sembrado en tierra buena es el que oye la Palabra y la comprende: este s\u00ed que da fruto\" (Mt 13,23).","href":"https:\/\/generate.focolare.org\/es\/palabra-de-vida-de-julio-2026-el-que-fue-sembrado-en-tierra-buena-es-el-que-oye-la-palabra-y-la-comprende-este-si-que-da-fruto-mt-1323\/"},{"locale":"pt_PT","id":343151,"post_title":"Palavra de Vida \u2013 Julho de 2026  \u201cO que foi semeado na terra boa, por\u00e9m, \u00e9 quem ouve a Palavra e a entende; esse produz fruto.\u201d (Mt 13,23)","href":"https:\/\/generate.focolare.org\/pt-pt\/palavra-de-vida-julho-de-2026-o-que-foi-semeado-na-terra-boa-porem-e-quem-ouve-a-palavra-e-a-entende-esse-produz-fruto-mt-1323\/"}],"format":"text","link_to_transcription":null,"source":{"ID":329768,"id":329768,"title":"OGI-PV-20260701-202607-it (2)","filename":"OGI-PV-20260701-202607-it-2-1.pdf","filesize":225324,"url":"https:\/\/generate.focolare.org\/wp-content\/uploads\/2026\/01\/OGI-PV-20260701-202607-it-2-1.pdf","link":"https:\/\/generate.focolare.org\/it\/ogi-pv-20260701-202607-it-2-2\/","alt":"","author":"2402","description":"","caption":"","name":"ogi-pv-20260701-202607-it-2-2","status":"inherit","uploaded_to":0,"date":"2026-01-16 15:14:37","modified":"2026-01-16 15:14:37","menu_order":0,"mime_type":"application\/pdf","type":"application","subtype":"pdf","icon":"https:\/\/generate.focolare.org\/wp-includes\/images\/media\/document.png"},"length":"1","restrict_roles":null},"headers":[],"status":200},{"data":{"id":60933,"date":"1980-09-29","date_gmt":"2020-10-23T14:51:01","guid":{"rendered":"https:\/\/generate.focolare.org\/?post_type=content&#038;p=60933"},"modified":"2022-12-14T10:40:53","modified_gmt":"2022-12-14T09:40:53","slug":"la-volonta-di-dio","status":"publish","type":"content","link":"https:\/\/generate.focolare.org\/it\/content\/la-volonta-di-dio\/","title":{"rendered":"La Volont\u00e0 di Dio"},"excerpt":{"rendered":"<p>Guardare al disegno di Dio su di noi ci realizza completamente come uomini e ci rende felici e liberi. Incominciamo da subito l&#8217;avventura della Volont\u00e0 di Dio.<\/p>\n","protected":false},"featured_media":105656,"comment_status":"closed","ping_status":"closed","template":"","tags":[1441,899,989],"contributor":[853],"location":[874],"audience":[880],"class_list":["post-60933","content","type-content","status-publish","has-post-thumbnail","hentry","tag-beatitudine","tag-felicita","tag-volonta-di-dio","contributor-lubich-chiara","location-rocca-di-papa","audience-gen-2"],"featured_media_url":{"thumbnail":"https:\/\/generate.focolare.org\/wp-content\/uploads\/2021\/01\/24-1-150x150.jpg","medium":"https:\/\/generate.focolare.org\/wp-content\/uploads\/2021\/01\/24-1-300x197.jpg","medium_large":"https:\/\/generate.focolare.org\/wp-content\/uploads\/2021\/01\/24-1-768x504.jpg","large":"https:\/\/generate.focolare.org\/wp-content\/uploads\/2021\/01\/24-1-1024x672.jpg","1536x1536":"https:\/\/generate.focolare.org\/wp-content\/uploads\/2021\/01\/24-1-1536x1008.jpg","2048x2048":"https:\/\/generate.focolare.org\/wp-content\/uploads\/2021\/01\/24-1-2048x1344.jpg","banner":"https:\/\/generate.focolare.org\/wp-content\/uploads\/2021\/01\/24-1-1800x700.jpg","preview":"https:\/\/generate.focolare.org\/wp-content\/uploads\/2021\/01\/24-1-500x400.jpg","profile_24":"https:\/\/generate.focolare.org\/wp-content\/uploads\/2021\/01\/24-1.jpg","profile_48":"https:\/\/generate.focolare.org\/wp-content\/uploads\/2021\/01\/24-1.jpg","profile_96":"https:\/\/generate.focolare.org\/wp-content\/uploads\/2021\/01\/24-1.jpg","profile_150":"https:\/\/generate.focolare.org\/wp-content\/uploads\/2021\/01\/24-1.jpg","profile_300":"https:\/\/generate.focolare.org\/wp-content\/uploads\/2021\/01\/24-1.jpg"},"related":[3096,36718,1992,17018,74847,19829],"wpml_current_locale":"it_IT","wpml_translations":[{"locale":"en_US","id":80021,"post_title":"The Will of God","href":"https:\/\/generate.focolare.org\/en\/the-will-of-god\/"},{"locale":"fr_FR","id":80019,"post_title":"La Volont\u00e9 de Dieu","href":"https:\/\/generate.focolare.org\/fr\/la-volonte-de-dieu\/"},{"locale":"es_ES","id":80015,"post_title":"La Voluntad De Dios","href":"https:\/\/generate.focolare.org\/es\/la-voluntad-de-dios\/"},{"locale":"pt_PT","id":80017,"post_title":"A Vontade de Deus","href":"https:\/\/generate.focolare.org\/pt-pt\/a-vontade-de-deus\/"},{"locale":"ar","id":80020,"post_title":"\u0625\u0631\u0627\u062f\u0629 \u0627\u0644\u0644\u0647","href":"https:\/\/generate.focolare.org\/ar\/the-will-of-god-ar\/"},{"locale":"nl_NL","id":80022,"post_title":"De wil van God","href":"https:\/\/generate.focolare.org\/nl\/de-wil-van-god\/"},{"locale":"de_DE","id":80018,"post_title":"Der Wille Gottes","href":"https:\/\/generate.focolare.org\/de\/der-wille-gottes\/"},{"locale":"sl_SI","id":80016,"post_title":"Bo\u017eja volja","href":"https:\/\/generate.focolare.org\/sl\/bozja-volja\/"}],"format":"audio","source":{"ID":60934,"id":60934,"title":"Chiara nel giardino di casa sua: Alcuni pensieri sulla volont\u00e0 di Dio","filename":"SCA-CL-19800929-EL-A.mp3","filesize":4076763,"url":"https:\/\/generate.focolare.org\/wp-content\/uploads\/2020\/10\/SCA-CL-19800929-EL-A.mp3","link":"https:\/\/generate.focolare.org\/it\/content\/la-volonta-di-dio\/chiara-nel-giardino-di-casa-sua-alcuni-pensieri-sulla-volonta-di-dio\/","alt":"","author":"6","description":"\"Chiara nel giardino di casa sua: Alcuni pensieri sulla volont\u00e0 di Dio\" by Chiara Lubich. Released: 1980.","caption":"","name":"chiara-nel-giardino-di-casa-sua-alcuni-pensieri-sulla-volonta-di-dio","status":"inherit","uploaded_to":60933,"date":"2020-10-23 14:43:23","modified":"2020-10-23 14:45:23","menu_order":0,"mime_type":"audio\/mpeg","type":"audio","subtype":"mpeg","icon":"https:\/\/generate.focolare.org\/wp-includes\/images\/media\/audio.png"},"length":"8","transcriptions":[{"language":"es","file":{"ID":60951,"id":60951,"title":"ACL-DS-19800929-TI-A-es","filename":"ACL-DS-19800929-TI-A-es.pdf","filesize":50449,"url":"https:\/\/generate.focolare.org\/wp-content\/uploads\/2020\/10\/ACL-DS-19800929-TI-A-es.pdf","link":"https:\/\/generate.focolare.org\/it\/content\/la-volonta-di-dio\/acl-ds-19800929-ti-a-es\/","alt":"","author":"6","description":"","caption":"","name":"acl-ds-19800929-ti-a-es","status":"inherit","uploaded_to":60933,"date":"2020-10-23 14:45:50","modified":"2020-10-23 14:45:50","menu_order":0,"mime_type":"application\/pdf","type":"application","subtype":"pdf","icon":"https:\/\/generate.focolare.org\/wp-includes\/images\/media\/document.png"}},{"language":"sl","file":{"ID":60968,"id":60968,"title":"ACL-DS-19800929-T-sl","filename":"ACL-DS-19800929-T-sl.pdf","filesize":25656,"url":"https:\/\/generate.focolare.org\/wp-content\/uploads\/2020\/10\/ACL-DS-19800929-T-sl.pdf","link":"https:\/\/generate.focolare.org\/it\/content\/la-volonta-di-dio\/acl-ds-19800929-t-sl\/","alt":"","author":"6","description":"","caption":"","name":"acl-ds-19800929-t-sl","status":"inherit","uploaded_to":60933,"date":"2020-10-23 14:46:27","modified":"2020-10-23 14:46:27","menu_order":0,"mime_type":"application\/pdf","type":"application","subtype":"pdf","icon":"https:\/\/generate.focolare.org\/wp-includes\/images\/media\/document.png"}},{"language":"pt-pt","file":{"ID":60985,"id":60985,"title":"ACL-DS-19800929-TT-A-pt","filename":"ACL-DS-19800929-TT-A-pt.pdf","filesize":164715,"url":"https:\/\/generate.focolare.org\/wp-content\/uploads\/2020\/10\/ACL-DS-19800929-TT-A-pt.pdf","link":"https:\/\/generate.focolare.org\/it\/content\/la-volonta-di-dio\/acl-ds-19800929-tt-a-pt\/","alt":"","author":"6","description":"","caption":"","name":"acl-ds-19800929-tt-a-pt","status":"inherit","uploaded_to":60933,"date":"2020-10-23 14:46:37","modified":"2020-10-23 14:46:37","menu_order":0,"mime_type":"application\/pdf","type":"application","subtype":"pdf","icon":"https:\/\/generate.focolare.org\/wp-includes\/images\/media\/document.png"}},{"language":"de","file":{"ID":61002,"id":61002,"title":"ACL-DS-19800929-TI-A-de","filename":"ACL-DS-19800929-TI-A-de.pdf","filesize":102359,"url":"https:\/\/generate.focolare.org\/wp-content\/uploads\/2020\/10\/ACL-DS-19800929-TI-A-de.pdf","link":"https:\/\/generate.focolare.org\/it\/content\/la-volonta-di-dio\/acl-ds-19800929-ti-a-de\/","alt":"","author":"6","description":"","caption":"","name":"acl-ds-19800929-ti-a-de","status":"inherit","uploaded_to":60933,"date":"2020-10-23 14:46:43","modified":"2020-10-23 14:46:43","menu_order":0,"mime_type":"application\/pdf","type":"application","subtype":"pdf","icon":"https:\/\/generate.focolare.org\/wp-includes\/images\/media\/document.png"}},{"language":"fr","file":{"ID":61019,"id":61019,"title":"ACL-DS-19800929-TI-A-fr","filename":"ACL-DS-19800929-TI-A-fr.pdf","filesize":63306,"url":"https:\/\/generate.focolare.org\/wp-content\/uploads\/2020\/10\/ACL-DS-19800929-TI-A-fr.pdf","link":"https:\/\/generate.focolare.org\/it\/content\/la-volonta-di-dio\/acl-ds-19800929-ti-a-fr\/","alt":"","author":"6","description":"","caption":"","name":"acl-ds-19800929-ti-a-fr","status":"inherit","uploaded_to":60933,"date":"2020-10-23 14:46:51","modified":"2020-10-23 14:46:51","menu_order":0,"mime_type":"application\/pdf","type":"application","subtype":"pdf","icon":"https:\/\/generate.focolare.org\/wp-includes\/images\/media\/document.png"}},{"language":"ar","file":{"ID":61036,"id":61036,"title":"ACL-DS-19800929-TI-A-ar","filename":"ACL-DS-19800929-TI-A-ar.pdf","filesize":63669,"url":"https:\/\/generate.focolare.org\/wp-content\/uploads\/2020\/10\/ACL-DS-19800929-TI-A-ar.pdf","link":"https:\/\/generate.focolare.org\/it\/content\/la-volonta-di-dio\/acl-ds-19800929-ti-a-ar\/","alt":"","author":"6","description":"","caption":"","name":"acl-ds-19800929-ti-a-ar","status":"inherit","uploaded_to":60933,"date":"2020-10-23 14:46:56","modified":"2020-10-23 14:46:56","menu_order":0,"mime_type":"application\/pdf","type":"application","subtype":"pdf","icon":"https:\/\/generate.focolare.org\/wp-includes\/images\/media\/document.png"}},{"language":"it","file":{"ID":61053,"id":61053,"title":"ACL-DS-19800929-TI-A","filename":"ACL-DS-19800929-TI-A.pdf","filesize":145491,"url":"https:\/\/generate.focolare.org\/wp-content\/uploads\/2020\/10\/ACL-DS-19800929-TI-A.pdf","link":"https:\/\/generate.focolare.org\/it\/content\/la-volonta-di-dio\/acl-ds-19800929-ti-a\/","alt":"","author":"6","description":"","caption":"","name":"acl-ds-19800929-ti-a","status":"inherit","uploaded_to":60933,"date":"2020-10-23 14:47:03","modified":"2020-10-23 14:47:03","menu_order":0,"mime_type":"application\/pdf","type":"application","subtype":"pdf","icon":"https:\/\/generate.focolare.org\/wp-includes\/images\/media\/document.png"}},{"language":"en","file":{"ID":281743,"id":281743,"title":"GMU-G2-Chiara_Some thoughts on the will of God_19800929","filename":"GMU-G2-Chiara_Some-thoughts-on-the-will-of-God_19800929.pdf","filesize":225699,"url":"https:\/\/generate.focolare.org\/wp-content\/uploads\/2020\/10\/GMU-G2-Chiara_Some-thoughts-on-the-will-of-God_19800929.pdf","link":"https:\/\/generate.focolare.org\/it\/content\/la-volonta-di-dio\/gmu-g2-chiara_some-thoughts-on-the-will-of-god_19800929\/","alt":"","author":"555","description":"","caption":"","name":"gmu-g2-chiara_some-thoughts-on-the-will-of-god_19800929","status":"inherit","uploaded_to":60933,"date":"2022-12-14 09:40:24","modified":"2022-12-14 09:40:24","menu_order":0,"mime_type":"application\/pdf","type":"application","subtype":"pdf","icon":"https:\/\/generate.focolare.org\/wp-includes\/images\/media\/document.png"}},{"language":"nl","file":{"ID":61087,"id":61087,"title":"19800929 - La Volont\u00e0 di Dio - Olandese","filename":"19800929-La-Volonta-di-Dio-Olandese.pdf","filesize":119612,"url":"https:\/\/generate.focolare.org\/wp-content\/uploads\/2020\/10\/19800929-La-Volonta-di-Dio-Olandese.pdf","link":"https:\/\/generate.focolare.org\/it\/content\/la-volonta-di-dio\/19800929-la-volonta-di-dio-olandese\/","alt":"","author":"6","description":"","caption":"","name":"19800929-la-volonta-di-dio-olandese","status":"inherit","uploaded_to":60933,"date":"2020-10-23 14:48:17","modified":"2020-10-23 14:48:17","menu_order":0,"mime_type":"application\/pdf","type":"application","subtype":"pdf","icon":"https:\/\/generate.focolare.org\/wp-includes\/images\/media\/document.png"}}],"restrict_roles":null,"link_to_transcription":null},"headers":[],"status":200},{"data":{"id":51772,"date":"1996-05-01","date_gmt":"2020-10-14T12:49:41","guid":{"rendered":"https:\/\/generate.focolare.org\/?post_type=content&#038;p=51772"},"modified":"2026-02-02T11:25:24","modified_gmt":"2026-02-02T10:25:24","slug":"meeting-pompei","status":"publish","type":"content","link":"https:\/\/generate.focolare.org\/it\/content\/meeting-pompei\/","title":{"rendered":"Chiara alla Decima Giornata Mondiale della Giovent\u00f9: Un profilo di giovani con un nuovo stile di vita"},"excerpt":{"rendered":"<p>I giovani preparati da Maria per il 2000: credono in Dio amore, vivono la volont\u00e0 di Dio, si sentono chiamati ad amare, vivono per l&#8217;unit\u00e0, sanno portare la croce, vivono il Vangelo, amano la Chiesa, concorrono alla fratellanza universale.<\/p>\n","protected":false},"featured_media":310135,"comment_status":"closed","ping_status":"closed","template":"","tags":[914,992,889,912,1123,989],"contributor":[853],"location":[9283],"audience":[1572],"class_list":["post-51772","content","type-content","status-publish","has-post-thumbnail","hentry","tag-amore","tag-carita","tag-chiesa","tag-giovani","tag-gioventu","tag-volonta-di-dio","contributor-lubich-chiara","location-pompei-napoli","audience-giovani"],"featured_media_url":{"thumbnail":"https:\/\/generate.focolare.org\/wp-content\/uploads\/2020\/10\/meeting-1-150x150.png","medium":"https:\/\/generate.focolare.org\/wp-content\/uploads\/2020\/10\/meeting-1-300x240.png","medium_large":"https:\/\/generate.focolare.org\/wp-content\/uploads\/2020\/10\/meeting-1.png","large":"https:\/\/generate.focolare.org\/wp-content\/uploads\/2020\/10\/meeting-1.png","1536x1536":"https:\/\/generate.focolare.org\/wp-content\/uploads\/2020\/10\/meeting-1.png","2048x2048":"https:\/\/generate.focolare.org\/wp-content\/uploads\/2020\/10\/meeting-1.png","banner":"https:\/\/generate.focolare.org\/wp-content\/uploads\/2020\/10\/meeting-1.png","preview":"https:\/\/generate.focolare.org\/wp-content\/uploads\/2020\/10\/meeting-1-500x400.png","profile_24":"https:\/\/generate.focolare.org\/wp-content\/uploads\/2020\/10\/meeting-1-24x24.png","profile_48":"https:\/\/generate.focolare.org\/wp-content\/uploads\/2020\/10\/meeting-1-48x48.png","profile_96":"https:\/\/generate.focolare.org\/wp-content\/uploads\/2020\/10\/meeting-1-96x96.png","profile_150":"https:\/\/generate.focolare.org\/wp-content\/uploads\/2020\/10\/meeting-1-150x150.png","profile_300":"https:\/\/generate.focolare.org\/wp-content\/uploads\/2020\/10\/meeting-1-300x300.png"},"related":[49825,74886,51857,36658,66854,74866],"wpml_current_locale":"it_IT","wpml_translations":[{"locale":"en_US","id":62119,"post_title":"Chiara to the Tenth Youth Day: A profile of young people with a new lifestyle","href":"https:\/\/generate.focolare.org\/en\/chiara-to-the-tenth-youth-day-a-profile-of-young-people-with-a-new-lifestyle\/"},{"locale":"fr_FR","id":62084,"post_title":"Chiara au dixieme meeting des jeunes: le portrait-type du jeune d'aujourd'hui","href":"https:\/\/generate.focolare.org\/fr\/chiara-au-dixieme-meeting-des-jeunes-le-portrait-type-du-jeune-daujourdhui\/"},{"locale":"es_ES","id":62294,"post_title":"Chiara en el X\u00ba Congreso de los j\u00f3venes: La fisonom\u00eda del joven de hoy","href":"https:\/\/generate.focolare.org\/es\/chiara-en-el-xo-congreso-de-los-jovenes-la-fisonomia-del-joven-de-hoy\/"},{"locale":"pt_PT","id":62189,"post_title":"Chiara na Jornada dos jovens em Pompeia: \"A fisionomia do jovem de hoje\"","href":"https:\/\/generate.focolare.org\/pt-pt\/chiara-na-jornada-dos-jovens-em-pompeia-a-fisionomia-do-jovem-de-hoje\/"},{"locale":"ar","id":61979,"post_title":"\u0644\u0642\u0627\u0621 \u0628\u0648\u0645\u0628\u0627\u064a","href":"https:\/\/generate.focolare.org\/ar\/chiara-to-the-tenth-youth-day-a-profile-of-young-people-with-a-new-lifestyle-ar\/"},{"locale":"nl_NL","id":62154,"post_title":"Voor de jongerenmeeting in Pompei","href":"https:\/\/generate.focolare.org\/nl\/voor-de-jongerenmeeting-in-pompei\/"},{"locale":"de_DE","id":62329,"post_title":"Chiara beim Jugendmeeting in Pompei","href":"https:\/\/generate.focolare.org\/de\/chiara-beim-jugendmeeting-in-pompei\/"},{"locale":"ko_KR","id":62014,"post_title":"\ud3fc\ud398\uc774 \ub9cc\ub098\uae30","href":"https:\/\/generate.focolare.org\/ko\/chiara-to-the-tenth-youth-day-a-profile-of-young-people-with-a-new-lifestyle-ko\/"},{"locale":"pl_PL","id":62049,"post_title":"Przem\u00f3wienie Chiary Lubich na mityngu m\u0142odzie\u017cy","href":"https:\/\/generate.focolare.org\/pl\/przemowienie-chiary-lubich-na-mityngu-mlodziezy\/"},{"locale":"ru_RU","id":62224,"post_title":"\u041f\u041e\u0420\u0422\u0420\u0415\u0422 \u0421\u041e\u0412\u0420\u0415\u041c\u0415\u041d\u041d\u041e\u0413\u041e \u041c\u041e\u041b\u041e\u0414\u041e\u0413\u041e \u0427\u0415\u041b\u041e\u0412\u0415\u041a\u0410","href":"https:\/\/generate.focolare.org\/ru\/chiara-to-the-tenth-youth-day-a-profile-of-young-people-with-a-new-lifestyle-ru\/"},{"locale":"sl_SI","id":62259,"post_title":"Identikit mladega danes: Chiara na x. Mitingu mladih v Pompejih","href":"https:\/\/generate.focolare.org\/sl\/identikit-mladega-danes-chiara-na-x-mitingu-mladih-v-pompejih\/"}],"format":"text","source":{"ID":51773,"id":51773,"title":"Meeting Pompei","filename":"download-7.pdf","filesize":166092,"url":"https:\/\/generate.focolare.org\/wp-content\/uploads\/2020\/10\/download-7.pdf","link":"https:\/\/generate.focolare.org\/it\/content\/meeting-pompei\/download-7\/","alt":"","author":"21","description":"","caption":"","name":"download-7","status":"inherit","uploaded_to":51772,"date":"2020-10-14 12:48:17","modified":"2020-10-14 12:48:31","menu_order":0,"mime_type":"application\/pdf","type":"application","subtype":"pdf","icon":"https:\/\/generate.focolare.org\/wp-includes\/images\/media\/document.png"},"length":"15","restrict_roles":null,"link_to_transcription":null},"headers":[],"status":200},{"data":{"id":36718,"date":"2020-10-08T23:50:38","date_gmt":"2020-10-08T22:50:38","guid":{"rendered":"https:\/\/generate.focolare.org\/?post_type=playlist&#038;p=36718"},"modified":"2025-04-08T12:27:27","modified_gmt":"2025-04-08T11:27:27","slug":"volonta-di-dio","status":"publish","type":"playlist","link":"https:\/\/generate.focolare.org\/it\/playlist\/volonta-di-dio\/","title":{"rendered":"Volont\u00e0 di Dio"},"excerpt":{"rendered":"<p>Come lasciarsi sorprendere attimo per attimo dall\u2019Amore e rispondere con tutto il cuore, la mente e le forze,  per fare della nostra vita una \u2019divina avventura\u2019.<\/p>\n","protected":false},"featured_media":89644,"comment_status":"closed","ping_status":"closed","template":"","tags":[1842,989],"typology":[20557,20568],"class_list":["post-36718","playlist","type-playlist","status-publish","has-post-thumbnail","hentry","tag-punti-della-spiritualita","tag-volonta-di-dio","typology-gen2-in-formazione","typology-punti-della-spiritualita"],"featured_media_url":{"thumbnail":"https:\/\/generate.focolare.org\/wp-content\/uploads\/2020\/11\/15-150x150.jpg","medium":"https:\/\/generate.focolare.org\/wp-content\/uploads\/2020\/11\/15-300x200.jpg","medium_large":"https:\/\/generate.focolare.org\/wp-content\/uploads\/2020\/11\/15-768x512.jpg","large":"https:\/\/generate.focolare.org\/wp-content\/uploads\/2020\/11\/15-1024x683.jpg","1536x1536":"https:\/\/generate.focolare.org\/wp-content\/uploads\/2020\/11\/15-1536x1024.jpg","2048x2048":"https:\/\/generate.focolare.org\/wp-content\/uploads\/2020\/11\/15-2048x1365.jpg","banner":"https:\/\/generate.focolare.org\/wp-content\/uploads\/2020\/11\/15-1800x700.jpg","preview":"https:\/\/generate.focolare.org\/wp-content\/uploads\/2020\/11\/15-500x400.jpg","profile_24":"https:\/\/generate.focolare.org\/wp-content\/uploads\/2020\/11\/15-scaled.jpg","profile_48":"https:\/\/generate.focolare.org\/wp-content\/uploads\/2020\/11\/15-scaled.jpg","profile_96":"https:\/\/generate.focolare.org\/wp-content\/uploads\/2020\/11\/15-scaled.jpg","profile_150":"https:\/\/generate.focolare.org\/wp-content\/uploads\/2020\/11\/15-scaled.jpg","profile_300":"https:\/\/generate.focolare.org\/wp-content\/uploads\/2020\/11\/15-scaled.jpg"},"wpml_current_locale":"it_IT","wpml_translations":[{"locale":"en_US","id":36717,"post_title":"Will of God","href":"https:\/\/generate.focolare.org\/en\/the-will-of-god\/"},{"locale":"fr_FR","id":36719,"post_title":"Volont\u00e9 de Dieu","href":"https:\/\/generate.focolare.org\/fr\/la-volonte-de-dieu\/"},{"locale":"es_ES","id":43397,"post_title":"Voluntad de Dios","href":"https:\/\/generate.focolare.org\/es\/la-voluntad-de-dios\/"},{"locale":"pt_PT","id":36720,"post_title":"Vontade de Deus","href":"https:\/\/generate.focolare.org\/pt-pt\/a-vontade-de-deus\/"}],"playlist":[{"content":{"data":{"id":818,"date":"1988-01-06","date_gmt":"2020-07-07T19:51:34","guid":{"rendered":"https:\/\/generate.focolare.org\/?post_type=content&#038;p=818"},"modified":"2021-05-24T16:38:22","modified_gmt":"2021-05-24T15:38:22","slug":"congresso-gen-saluto-e-risposte-alle-domande-dei-gen","status":"publish","type":"content","link":"https:\/\/generate.focolare.org\/it\/content\/congresso-gen-saluto-e-risposte-alle-domande-dei-gen\/","title":{"rendered":"Congresso Gen: Saluto e risposte alle domande dei Gen"},"excerpt":{"rendered":"<p>Dopo tutti i Genfest che sono stati fatti nelle zone, Chiara si trova con i gen e li incoraggia a mostrare il mondo unito, dopo viene la parola, dobbiamo portare avanti l&#8217;opinione pubblica. La nostra arma \u00e8 l&#8217;unit\u00e0 e racconta  ai gen una piccola esperienza sul film sulla Bibbia.<\/p>\n","protected":false},"featured_media":28889,"comment_status":"closed","ping_status":"closed","template":"","tags":[1140,1129,1141,1059,1142,917],"contributor":[853],"location":[1573],"audience":[880],"class_list":["post-818","content","type-content","status-publish","has-post-thumbnail","hentry","tag-creazione","tag-ecologia","tag-immensita-di-dio","tag-mondo-unito","tag-obbedienza","tag-unita","contributor-lubich-chiara","location-castel-gandolfo","audience-gen-2"],"featured_media_url":{"thumbnail":"https:\/\/generate.focolare.org\/wp-content\/uploads\/2020\/07\/818-cover-150x150.jpg","medium":"https:\/\/generate.focolare.org\/wp-content\/uploads\/2020\/07\/818-cover-300x240.jpg","medium_large":"https:\/\/generate.focolare.org\/wp-content\/uploads\/2020\/07\/818-cover.jpg","large":"https:\/\/generate.focolare.org\/wp-content\/uploads\/2020\/07\/818-cover.jpg","1536x1536":"https:\/\/generate.focolare.org\/wp-content\/uploads\/2020\/07\/818-cover.jpg","2048x2048":"https:\/\/generate.focolare.org\/wp-content\/uploads\/2020\/07\/818-cover.jpg","banner":"https:\/\/generate.focolare.org\/wp-content\/uploads\/2020\/07\/818-cover.jpg","preview":"https:\/\/generate.focolare.org\/wp-content\/uploads\/2020\/07\/818-cover-500x400.jpg","profile_24":"https:\/\/generate.focolare.org\/wp-content\/uploads\/2020\/07\/818-cover.jpg","profile_48":"https:\/\/generate.focolare.org\/wp-content\/uploads\/2020\/07\/818-cover.jpg","profile_96":"https:\/\/generate.focolare.org\/wp-content\/uploads\/2020\/07\/818-cover.jpg","profile_150":"https:\/\/generate.focolare.org\/wp-content\/uploads\/2020\/07\/818-cover.jpg","profile_300":"https:\/\/generate.focolare.org\/wp-content\/uploads\/2020\/07\/818-cover.jpg"},"related":[20975,1968,20837,53798,19729,21903],"wpml_current_locale":"it_IT","wpml_translations":[{"locale":"en_US","id":80438,"post_title":"Gen Congress: Greeting and answers to the questions from the Gen","href":"https:\/\/generate.focolare.org\/en\/gen-congress-greeting-and-answers-to-the-questions-from-the-gen\/"},{"locale":"fr_FR","id":80434,"post_title":"Congr\u00e8s Gen : Salutations et r\u00e9ponses aux questions des Gen gar\u00e7ons","href":"https:\/\/generate.focolare.org\/fr\/congres-gen-salutations-et-reponses-aux-questions-des-gen-garcons\/"},{"locale":"es_ES","id":80440,"post_title":"Congreso de Gen: Saludos y respuestas a las preguntas de los Gen","href":"https:\/\/generate.focolare.org\/es\/congreso-de-gen-saludos-y-respuestas-a-las-preguntas-de-los-gen\/"},{"locale":"pt_PT","id":80439,"post_title":"Congresso Gen: Sauda\u00e7\u00e3o e respontas as perguntas dos Gen","href":"https:\/\/generate.focolare.org\/pt-pt\/congresso-gen-saudacao-e-respontas-as-perguntas-dos-gen\/"},{"locale":"ar","id":80437,"post_title":"\u0645\u0624\u062a\u0645\u0631 \u0627\u0644\u062f\u062c\u0646: \u062a\u062d\u064a\u0651\u0629 \u0648\u0623\u062c\u0648\u0628\u0629 \u0639\u0644\u0649 \u0623\u0633\u0626\u0644\u0629 \u0627\u0644\u062f\u062c\u0646","href":"https:\/\/generate.focolare.org\/ar\/gen-congress-greeting-and-answers-to-the-questions-from-the-gen-ar\/"},{"locale":"nl_NL","id":80435,"post_title":"Gencongres: Groet en antwoorden op de vragen van de Gen","href":"https:\/\/generate.focolare.org\/nl\/gencongres-groet-en-antwoorden-op-de-vragen-van-de-gen\/"},{"locale":"sl_SI","id":80436,"post_title":"Kongres gen: Pozdrav in odgovori na vpra\u0161anja gen","href":"https:\/\/generate.focolare.org\/sl\/kongres-gen-pozdrav-in-odgovori-na-vprasanja-gen\/"}],"format":"video","source":{"ID":813,"id":813,"title":"gen-46-video-it","filename":"gen-46-video-it.mp4","filesize":214032959,"url":"https:\/\/generate.focolare.org\/wp-content\/uploads\/2020\/06\/gen-46-video-it.mp4","link":"https:\/\/generate.focolare.org\/it\/content\/congresso-gen-saluto-e-risposte-alle-domande-dei-gen\/gen-46-video-it\/","alt":"","author":"1","description":"","caption":"","name":"gen-46-video-it","status":"inherit","uploaded_to":818,"date":"2020-06-02 17:44:06","modified":"2020-06-02 17:44:07","menu_order":0,"mime_type":"video\/mp4","type":"video","subtype":"mp4","icon":"https:\/\/generate.focolare.org\/wp-includes\/images\/media\/video.png","width":720,"height":576},"transcriptions":[{"language":"fr","file":{"ID":819,"id":819,"title":"gen-46-text-fr","filename":"gen-46-text-fr.pdf","filesize":107219,"url":"https:\/\/generate.focolare.org\/wp-content\/uploads\/2020\/06\/gen-46-text-fr.pdf","link":"https:\/\/generate.focolare.org\/it\/content\/congresso-gen-saluto-e-risposte-alle-domande-dei-gen\/gen-46-text-fr\/","alt":"","author":"1","description":"","caption":"","name":"gen-46-text-fr","status":"inherit","uploaded_to":818,"date":"2020-06-02 17:44:07","modified":"2020-06-02 17:44:08","menu_order":0,"mime_type":"application\/pdf","type":"application","subtype":"pdf","icon":"https:\/\/generate.focolare.org\/wp-includes\/images\/media\/document.png"}},{"language":"nl","file":{"ID":824,"id":824,"title":"gen-46-text-nl","filename":"gen-46-text-nl.pdf","filesize":31318,"url":"https:\/\/generate.focolare.org\/wp-content\/uploads\/2020\/06\/gen-46-text-nl.pdf","link":"https:\/\/generate.focolare.org\/it\/content\/congresso-gen-saluto-e-risposte-alle-domande-dei-gen\/gen-46-text-nl\/","alt":"","author":"1","description":"","caption":"","name":"gen-46-text-nl","status":"inherit","uploaded_to":818,"date":"2020-06-02 17:44:07","modified":"2020-06-02 17:44:08","menu_order":0,"mime_type":"application\/pdf","type":"application","subtype":"pdf","icon":"https:\/\/generate.focolare.org\/wp-includes\/images\/media\/document.png"}},{"language":"sl","file":{"ID":829,"id":829,"title":"gen-46-text-sl","filename":"gen-46-text-sl.pdf","filesize":216712,"url":"https:\/\/generate.focolare.org\/wp-content\/uploads\/2020\/06\/gen-46-text-sl.pdf","link":"https:\/\/generate.focolare.org\/it\/content\/congresso-gen-saluto-e-risposte-alle-domande-dei-gen\/gen-46-text-sl\/","alt":"","author":"1","description":"","caption":"","name":"gen-46-text-sl","status":"inherit","uploaded_to":818,"date":"2020-06-02 17:44:07","modified":"2020-06-02 17:44:08","menu_order":0,"mime_type":"application\/pdf","type":"application","subtype":"pdf","icon":"https:\/\/generate.focolare.org\/wp-includes\/images\/media\/document.png"}},{"language":"ar","file":{"ID":834,"id":834,"title":"gen-46-text-ar","filename":"gen-46-text-ar.pdf","filesize":163525,"url":"https:\/\/generate.focolare.org\/wp-content\/uploads\/2020\/06\/gen-46-text-ar.pdf","link":"https:\/\/generate.focolare.org\/it\/content\/congresso-gen-saluto-e-risposte-alle-domande-dei-gen\/gen-46-text-ar\/","alt":"","author":"1","description":"","caption":"","name":"gen-46-text-ar","status":"inherit","uploaded_to":818,"date":"2020-06-02 17:44:07","modified":"2020-06-02 17:44:08","menu_order":0,"mime_type":"application\/pdf","type":"application","subtype":"pdf","icon":"https:\/\/generate.focolare.org\/wp-includes\/images\/media\/document.png"}},{"language":"en","file":{"ID":839,"id":839,"title":"gen-46-text-en","filename":"gen-46-text-en.pdf","filesize":81810,"url":"https:\/\/generate.focolare.org\/wp-content\/uploads\/2020\/06\/gen-46-text-en.pdf","link":"https:\/\/generate.focolare.org\/it\/content\/congresso-gen-saluto-e-risposte-alle-domande-dei-gen\/gen-46-text-en\/","alt":"","author":"1","description":"","caption":"","name":"gen-46-text-en","status":"inherit","uploaded_to":818,"date":"2020-06-02 17:44:08","modified":"2020-06-02 17:44:08","menu_order":0,"mime_type":"application\/pdf","type":"application","subtype":"pdf","icon":"https:\/\/generate.focolare.org\/wp-includes\/images\/media\/document.png"}},{"language":"it","file":{"ID":844,"id":844,"title":"gen-46-text-it","filename":"gen-46-text-it.pdf","filesize":164233,"url":"https:\/\/generate.focolare.org\/wp-content\/uploads\/2020\/06\/gen-46-text-it.pdf","link":"https:\/\/generate.focolare.org\/it\/content\/congresso-gen-saluto-e-risposte-alle-domande-dei-gen\/gen-46-text-it\/","alt":"","author":"1","description":"","caption":"","name":"gen-46-text-it","status":"inherit","uploaded_to":818,"date":"2020-06-02 17:44:08","modified":"2020-06-02 17:44:08","menu_order":0,"mime_type":"application\/pdf","type":"application","subtype":"pdf","icon":"https:\/\/generate.focolare.org\/wp-includes\/images\/media\/document.png"}},{"language":"pt-pt","file":{"ID":852,"id":852,"title":"gen-46-text-pt","filename":"gen-46-text-pt.pdf","filesize":144377,"url":"https:\/\/generate.focolare.org\/wp-content\/uploads\/2020\/06\/gen-46-text-pt.pdf","link":"https:\/\/generate.focolare.org\/it\/content\/congresso-gen-saluto-e-risposte-alle-domande-dei-gen\/gen-46-text-pt-2\/","alt":"","author":"1","description":"","caption":"","name":"gen-46-text-pt-2","status":"inherit","uploaded_to":818,"date":"2020-06-02 17:44:08","modified":"2020-07-27 15:53:09","menu_order":0,"mime_type":"application\/pdf","type":"application","subtype":"pdf","icon":"https:\/\/generate.focolare.org\/wp-includes\/images\/media\/document.png"}},{"language":"es","file":{"ID":854,"id":854,"title":"gen-46-text-es","filename":"gen-46-text-es.pdf","filesize":126634,"url":"https:\/\/generate.focolare.org\/wp-content\/uploads\/2020\/06\/gen-46-text-es.pdf","link":"https:\/\/generate.focolare.org\/it\/content\/congresso-gen-saluto-e-risposte-alle-domande-dei-gen\/gen-46-text-es\/","alt":"","author":"1","description":"","caption":"","name":"gen-46-text-es","status":"inherit","uploaded_to":818,"date":"2020-06-02 17:44:08","modified":"2020-06-02 17:44:08","menu_order":0,"mime_type":"application\/pdf","type":"application","subtype":"pdf","icon":"https:\/\/generate.focolare.org\/wp-includes\/images\/media\/document.png"}}],"length":"19","restrict_roles":null,"link_to_transcription":null},"headers":[],"status":200}},{"content":{"data":{"id":3072,"date":"1988-11-26","date_gmt":"2020-07-07T19:51:35","guid":{"rendered":"https:\/\/generate.focolare.org\/?post_type=content&#038;p=3072"},"modified":"2025-10-30T09:22:33","modified_gmt":"2025-10-30T08:22:33","slug":"come-fare-ad-allenarmi-a-sentire-meglio-la-voce-interiore","status":"publish","type":"content","link":"https:\/\/generate.focolare.org\/it\/content\/come-fare-ad-allenarmi-a-sentire-meglio-la-voce-interiore\/","title":{"rendered":"Come fare ad allenarmi a sentire meglio la voce interiore?"},"excerpt":{"rendered":"<p>Ci sono due modi per ascoltare la voce interiore. Primo: amare. Secondo: cercare di vivere con Gesu\u0300 in mezzo nei nostri ambienti e nelle nostre comunita\u0300, perche\u0301 Gesu\u0300 in mezzo e\u0300 l\u2019altoparlante di Gesu\u0300 dentro.<\/p>\n","protected":false},"featured_media":311609,"comment_status":"closed","ping_status":"closed","template":"","tags":[1023,1012,1024],"contributor":[853],"location":[1151],"audience":[1194],"class_list":["post-3072","content","type-content","status-publish","has-post-thumbnail","hentry","tag-ascolto","tag-gesu-in-mezzo","tag-voce","contributor-lubich-chiara","location-augsburg","audience-interni"],"featured_media_url":{"thumbnail":"https:\/\/generate.focolare.org\/wp-content\/uploads\/2020\/07\/alinearm-150x150.png","medium":"https:\/\/generate.focolare.org\/wp-content\/uploads\/2020\/07\/alinearm-300x240.png","medium_large":"https:\/\/generate.focolare.org\/wp-content\/uploads\/2020\/07\/alinearm.png","large":"https:\/\/generate.focolare.org\/wp-content\/uploads\/2020\/07\/alinearm.png","1536x1536":"https:\/\/generate.focolare.org\/wp-content\/uploads\/2020\/07\/alinearm.png","2048x2048":"https:\/\/generate.focolare.org\/wp-content\/uploads\/2020\/07\/alinearm.png","banner":"https:\/\/generate.focolare.org\/wp-content\/uploads\/2020\/07\/alinearm.png","preview":"https:\/\/generate.focolare.org\/wp-content\/uploads\/2020\/07\/alinearm-500x400.png","profile_24":"https:\/\/generate.focolare.org\/wp-content\/uploads\/2020\/07\/alinearm-24x24.png","profile_48":"https:\/\/generate.focolare.org\/wp-content\/uploads\/2020\/07\/alinearm-48x48.png","profile_96":"https:\/\/generate.focolare.org\/wp-content\/uploads\/2020\/07\/alinearm-96x96.png","profile_150":"https:\/\/generate.focolare.org\/wp-content\/uploads\/2020\/07\/alinearm-150x150.png","profile_300":"https:\/\/generate.focolare.org\/wp-content\/uploads\/2020\/07\/alinearm-300x300.png"},"related":[74866,74905,17063,16793,74943,68066],"wpml_current_locale":"it_IT","wpml_translations":[{"locale":"en_US","id":3090,"post_title":"How Can I Train Myself To Hear The Inner Voice Better?","href":"https:\/\/generate.focolare.org\/en\/how-can-i-train-myself-to-hear-the-inner-voice-better\/"},{"locale":"fr_FR","id":3078,"post_title":"Comment m'entra\u00eener \u00e0 mieux entendre la voix int\u00e9rieure?","href":"https:\/\/generate.focolare.org\/fr\/comment-mentrainer-a-mieux-entendre-la-voix-interieure\/"},{"locale":"es_ES","id":322632,"post_title":"\u00bfC\u00f3mo puedo entrenarme para escuchar mejor la voz interior?","href":"https:\/\/generate.focolare.org\/es\/como-puedo-entrenarme-para-escuchar-mejor-la-voz-interior\/"},{"locale":"pt_PT","id":3084,"post_title":"Como devo fazer para escutar melhor a voz interior?","href":"https:\/\/generate.focolare.org\/pt-pt\/como-devo-fazer-para-escutar-melhor-a-voz-interior\/"},{"locale":"ar","id":280869,"post_title":"\u0643\u064a\u0641 \u064a\u0645\u0643\u0646\u0646\u064a \u062a\u062f\u0631\u064a\u0628 \u0646\u0641\u0633\u064a \u0639\u0644\u0649 \u0633\u0645\u0627\u0639 \u0627\u0644\u0635\u0648\u062a \u0627\u0644\u062f\u0627\u062e\u0644\u064a \u0628\u0634\u0643\u0644 \u0623\u0641\u0636\u0644\u061f","href":"https:\/\/generate.focolare.org\/ar\/%d9%83%d9%8a%d9%81-%d8%aa%d8%b3%d8%aa%d9%85%d8%b9-%d8%a8%d8%b4%d9%83%d9%84-%d8%a3%d9%81%d8%b6%d9%84-%d8%a5%d9%84%d9%89-%d8%b5%d9%88%d8%aa%d9%83-%d8%a7%d9%84%d8%af%d8%a7%d8%ae%d9%84%d9%8a\/"}],"format":"text","source":{"ID":3067,"id":3067,"title":"gen-203-text-it","filename":"gen-203-text-it.pdf","filesize":176177,"url":"https:\/\/generate.focolare.org\/wp-content\/uploads\/2020\/06\/gen-203-text-it.pdf","link":"https:\/\/generate.focolare.org\/it\/content\/come-fare-ad-allenarmi-a-sentire-meglio-la-voce-interiore\/gen-203-text-it\/","alt":"","author":"1","description":"","caption":"","name":"gen-203-text-it","status":"inherit","uploaded_to":3072,"date":"2020-06-02 18:24:56","modified":"2020-06-02 18:24:57","menu_order":0,"mime_type":"application\/pdf","type":"application","subtype":"pdf","icon":"https:\/\/generate.focolare.org\/wp-includes\/images\/media\/document.png"},"restrict_roles":null,"length":"1","link_to_transcription":null},"headers":[],"status":200}},{"content":{"data":{"id":3096,"date":"2001-08-14","date_gmt":"2020-07-07T19:52:43","guid":{"rendered":"https:\/\/generate.focolare.org\/?post_type=content&#038;p=3096"},"modified":"2025-10-29T16:32:05","modified_gmt":"2025-10-29T15:32:05","slug":"annullarsi-nella-volonta-di-dio","status":"publish","type":"content","link":"https:\/\/generate.focolare.org\/it\/content\/annullarsi-nella-volonta-di-dio\/","title":{"rendered":"Annullarsi nella volont\u00e0 di Dio"},"excerpt":{"rendered":"<p>Ad Eirc, un gen brasiliano studente di ingegneria, dice: &#8220;Credo ben che ti piaccia! Dice: mi piace questo mondo, ma come gen abbiamo imparato a fare le cose per volonta\u0300 di Dio non perche\u0301 ci piace.&#8221;<\/p>\n","protected":false},"featured_media":313829,"comment_status":"closed","ping_status":"closed","template":"","tags":[1288,989],"contributor":[853],"location":[1575],"audience":[880],"class_list":["post-3096","content","type-content","status-publish","has-post-thumbnail","hentry","tag-annullarsi","tag-volonta-di-dio","contributor-lubich-chiara","location-montet-mariapoli-foco","audience-gen-2"],"featured_media_url":{"thumbnail":"https:\/\/generate.focolare.org\/wp-content\/uploads\/2020\/07\/anularse-150x150.png","medium":"https:\/\/generate.focolare.org\/wp-content\/uploads\/2020\/07\/anularse-300x240.png","medium_large":"https:\/\/generate.focolare.org\/wp-content\/uploads\/2020\/07\/anularse.png","large":"https:\/\/generate.focolare.org\/wp-content\/uploads\/2020\/07\/anularse.png","1536x1536":"https:\/\/generate.focolare.org\/wp-content\/uploads\/2020\/07\/anularse.png","2048x2048":"https:\/\/generate.focolare.org\/wp-content\/uploads\/2020\/07\/anularse.png","banner":"https:\/\/generate.focolare.org\/wp-content\/uploads\/2020\/07\/anularse.png","preview":"https:\/\/generate.focolare.org\/wp-content\/uploads\/2020\/07\/anularse-500x400.png","profile_24":"https:\/\/generate.focolare.org\/wp-content\/uploads\/2020\/07\/anularse-24x24.png","profile_48":"https:\/\/generate.focolare.org\/wp-content\/uploads\/2020\/07\/anularse-48x48.png","profile_96":"https:\/\/generate.focolare.org\/wp-content\/uploads\/2020\/07\/anularse-96x96.png","profile_150":"https:\/\/generate.focolare.org\/wp-content\/uploads\/2020\/07\/anularse-150x150.png","profile_300":"https:\/\/generate.focolare.org\/wp-content\/uploads\/2020\/07\/anularse-300x300.png"},"related":[128203,60933,20456,59993,36410,74796],"wpml_current_locale":"it_IT","wpml_translations":[{"locale":"en_US","id":3102,"post_title":"Become Nothing In The Will Of God","href":"https:\/\/generate.focolare.org\/en\/become-nothing-in-the-will-of-god\/"},{"locale":"fr_FR","id":3114,"post_title":"S'annuler dans la volont\u00e9 de Dieu","href":"https:\/\/generate.focolare.org\/fr\/sannuler-dans-la-volonte-de-dieu\/"},{"locale":"es_ES","id":322479,"post_title":"Anularse en la voluntad de Dios","href":"https:\/\/generate.focolare.org\/es\/anularse-en-la-voluntad-de-dios\/"},{"locale":"pt_PT","id":322545,"post_title":"Anular-se na vontade de Deus","href":"https:\/\/generate.focolare.org\/pt-pt\/anular-se-na-vontade-de-deus\/"},{"locale":"ar","id":279467,"post_title":"\u0645\u0634\u064a\u0626\u0629 \u0627\u0644\u0644\u0647","href":"https:\/\/generate.focolare.org\/ar\/%d9%85%d8%b4%d9%8a%d8%a6%d8%a9-%d8%a7%d9%84%d9%84%d9%87\/"},{"locale":"nl_NL","id":3120,"post_title":"Jezelf tot niets maken in de wil van God","href":"https:\/\/generate.focolare.org\/nl\/jezelf-tot-niets-maken-in-de-wil-van-god\/"},{"locale":"sl_SI","id":3108,"post_title":"Izni\u010diti se v Bo\u017eji volji","href":"https:\/\/generate.focolare.org\/sl\/izniciti-se-v-bozji-volji\/"}],"format":"text","source":{"ID":3091,"id":3091,"title":"gen-204-text-it","filename":"gen-204-text-it.pdf","filesize":99948,"url":"https:\/\/generate.focolare.org\/wp-content\/uploads\/2020\/06\/gen-204-text-it.pdf","link":"https:\/\/generate.focolare.org\/it\/content\/annullarsi-nella-volonta-di-dio\/gen-204-text-it\/","alt":"","author":"1","description":"","caption":"","name":"gen-204-text-it","status":"inherit","uploaded_to":3096,"date":"2020-06-02 18:24:58","modified":"2020-06-02 18:24:59","menu_order":0,"mime_type":"application\/pdf","type":"application","subtype":"pdf","icon":"https:\/\/generate.focolare.org\/wp-includes\/images\/media\/document.png"},"length":"3","link_to_transcription":null,"restrict_roles":null},"headers":[],"status":200}},{"content":{"data":{"id":19829,"date":"1981-01-20","date_gmt":"2020-07-15T10:25:10","guid":{"rendered":"https:\/\/generate.focolare.org\/?post_type=content&#038;p=19829"},"modified":"2022-12-09T13:38:22","modified_gmt":"2022-12-09T12:38:22","slug":"frutti-della-volonta-di-dio-la-preghiera-del-rosario","status":"publish","type":"content","link":"https:\/\/generate.focolare.org\/it\/content\/frutti-della-volonta-di-dio-la-preghiera-del-rosario\/","title":{"rendered":"Frutti della volont\u00e0 di Dio &#8211; La Preghiera del Rosario"},"excerpt":{"rendered":"<p>La preghiera e in particolare il rosario, come lo prego io: significato dei vari misteri. <\/p>\n","protected":false},"featured_media":272792,"comment_status":"closed","ping_status":"closed","template":"","tags":[1655,1084,873,947,1083],"contributor":[853],"location":[874],"audience":[880],"class_list":["post-19829","content","type-content","status-publish","has-post-thumbnail","hentry","tag-misteri","tag-moderna","tag-papa","tag-preghiera","tag-rosario","contributor-lubich-chiara","location-rocca-di-papa","audience-gen-2"],"featured_media_url":{"thumbnail":"https:\/\/generate.focolare.org\/wp-content\/uploads\/2020\/07\/\u1109\u1173\u110f\u1173\u1105\u1175\u11ab\u1109\u1163\u11ba-2022-09-30-\u110b\u1169\u110c\u1165\u11ab-10.19.52-150x150.png","medium":"https:\/\/generate.focolare.org\/wp-content\/uploads\/2020\/07\/\u1109\u1173\u110f\u1173\u1105\u1175\u11ab\u1109\u1163\u11ba-2022-09-30-\u110b\u1169\u110c\u1165\u11ab-10.19.52-300x221.png","medium_large":"https:\/\/generate.focolare.org\/wp-content\/uploads\/2020\/07\/\u1109\u1173\u110f\u1173\u1105\u1175\u11ab\u1109\u1163\u11ba-2022-09-30-\u110b\u1169\u110c\u1165\u11ab-10.19.52-768x566.png","large":"https:\/\/generate.focolare.org\/wp-content\/uploads\/2020\/07\/\u1109\u1173\u110f\u1173\u1105\u1175\u11ab\u1109\u1163\u11ba-2022-09-30-\u110b\u1169\u110c\u1165\u11ab-10.19.52-1024x755.png","1536x1536":"https:\/\/generate.focolare.org\/wp-content\/uploads\/2020\/07\/\u1109\u1173\u110f\u1173\u1105\u1175\u11ab\u1109\u1163\u11ba-2022-09-30-\u110b\u1169\u110c\u1165\u11ab-10.19.52-1536x1133.png","2048x2048":"https:\/\/generate.focolare.org\/wp-content\/uploads\/2020\/07\/\u1109\u1173\u110f\u1173\u1105\u1175\u11ab\u1109\u1163\u11ba-2022-09-30-\u110b\u1169\u110c\u1165\u11ab-10.19.52-2048x1510.png","banner":"https:\/\/generate.focolare.org\/wp-content\/uploads\/2020\/07\/\u1109\u1173\u110f\u1173\u1105\u1175\u11ab\u1109\u1163\u11ba-2022-09-30-\u110b\u1169\u110c\u1165\u11ab-10.19.52-1800x700.png","preview":"https:\/\/generate.focolare.org\/wp-content\/uploads\/2020\/07\/\u1109\u1173\u110f\u1173\u1105\u1175\u11ab\u1109\u1163\u11ba-2022-09-30-\u110b\u1169\u110c\u1165\u11ab-10.19.52-500x400.png","profile_24":"https:\/\/generate.focolare.org\/wp-content\/uploads\/2020\/07\/\u1109\u1173\u110f\u1173\u1105\u1175\u11ab\u1109\u1163\u11ba-2022-09-30-\u110b\u1169\u110c\u1165\u11ab-10.19.52-24x24.png","profile_48":"https:\/\/generate.focolare.org\/wp-content\/uploads\/2020\/07\/\u1109\u1173\u110f\u1173\u1105\u1175\u11ab\u1109\u1163\u11ba-2022-09-30-\u110b\u1169\u110c\u1165\u11ab-10.19.52-48x48.png","profile_96":"https:\/\/generate.focolare.org\/wp-content\/uploads\/2020\/07\/\u1109\u1173\u110f\u1173\u1105\u1175\u11ab\u1109\u1163\u11ba-2022-09-30-\u110b\u1169\u110c\u1165\u11ab-10.19.52-96x96.png","profile_150":"https:\/\/generate.focolare.org\/wp-content\/uploads\/2020\/07\/\u1109\u1173\u110f\u1173\u1105\u1175\u11ab\u1109\u1163\u11ba-2022-09-30-\u110b\u1169\u110c\u1165\u11ab-10.19.52-150x150.png","profile_300":"https:\/\/generate.focolare.org\/wp-content\/uploads\/2020\/07\/\u1109\u1173\u110f\u1173\u1105\u1175\u11ab\u1109\u1163\u11ba-2022-09-30-\u110b\u1169\u110c\u1165\u11ab-10.19.52-300x300.png"},"related":[128203,60933,20456,59993,36410,3096],"wpml_current_locale":"it_IT","wpml_translations":[{"locale":"en_US","id":19794,"post_title":"Praying the rosary","href":"https:\/\/generate.focolare.org\/en\/praying-the-rosary\/"},{"locale":"fr_FR","id":19849,"post_title":"Fruits de la volont\u00e9 de Dieu - La pri\u00e8re du Rosaire","href":"https:\/\/generate.focolare.org\/fr\/fruits-de-la-volonte-de-dieu-la-priere-du-rosaire\/"},{"locale":"es_ES","id":19847,"post_title":"La oraci\u00f3n del Rosario","href":"https:\/\/generate.focolare.org\/es\/la-oracion-del-rosario\/"},{"locale":"pt_PT","id":19848,"post_title":"Frutos da vontade de Deus","href":"https:\/\/generate.focolare.org\/pt-pt\/frutos-da-vontade-de-deus\/"},{"locale":"ar","id":19852,"post_title":"\u062b\u0645\u0627\u0631 \u0625\u0631\u0627\u062f\u0629 \u0627\u0644\u0644\u0647- \u0635\u0644\u0627\u0629 \u0627\u0644\u0645\u0633\u0628\u062d\u0629 \u0627\u0644\u0648\u0631\u062f\u064a\u0651\u0629","href":"https:\/\/generate.focolare.org\/ar\/praying-the-rosary-ar\/"},{"locale":"nl_NL","id":19851,"post_title":"De vruchten van de wil van God - Het gebed van de rozenkrans","href":"https:\/\/generate.focolare.org\/nl\/de-vruchten-van-de-wil-van-god-het-gebed-van-de-rozenkrans\/"},{"locale":"de_DE","id":19850,"post_title":"Fr\u00fcchte aus dem gelebten Willen Gottes - Das Rosenkranzgebet","href":"https:\/\/generate.focolare.org\/de\/fruchte-aus-dem-gelebten-willen-gottes-das-rosenkranzgebet\/"},{"locale":"ko_KR","id":19853,"post_title":"\ub85c\uc0ac\ub9ac\uc624 \uae30\ub3c4","href":"https:\/\/generate.focolare.org\/ko\/praying-the-rosary-ko\/"},{"locale":"pl_PL","id":19855,"post_title":"Owoce woli Bo\u017cej \u2013 Modlitwa r\u00f3\u017ca\u0144cowa","href":"https:\/\/generate.focolare.org\/pl\/owoce-woli-bozej-modlitwa-rozancowa\/"},{"locale":"sl_SI","id":19854,"post_title":"Molitev ro\u017enega venca","href":"https:\/\/generate.focolare.org\/sl\/molitev-roznega-venca\/"}],"source":{"ID":19837,"id":19837,"title":"csc-0224m3a-video","filename":"csc-0224m3a-video.mp4","filesize":236108586,"url":"https:\/\/generate.focolare.org\/wp-content\/uploads\/2020\/07\/csc-0224m3a-video.mp4.hsl\/index.m3u8","link":"https:\/\/generate.focolare.org\/it\/content\/frutti-della-volonta-di-dio-la-preghiera-del-rosario\/csc-0224m3a-video-2\/","alt":"","author":"0","description":"","caption":"","name":"csc-0224m3a-video-2","status":"inherit","uploaded_to":19829,"date":"2020-07-04 11:44:34","modified":"2020-07-15 10:25:10","menu_order":0,"mime_type":"application\/x-mpegURL","type":"video","subtype":"mp4","icon":"https:\/\/generate.focolare.org\/wp-includes\/images\/media\/video.png","width":720,"height":576},"format":"video","restrict_roles":null,"length":"17","transcriptions":[{"language":"it","file":{"ID":19863,"id":19863,"title":"0224m3-text-it","filename":"0224m3-text-it.pdf","filesize":98201,"url":"https:\/\/generate.focolare.org\/wp-content\/uploads\/2020\/07\/0224m3-text-it.pdf","link":"https:\/\/generate.focolare.org\/it\/content\/frutti-della-volonta-di-dio-la-preghiera-del-rosario\/0224m3-text-it-2\/","alt":"","author":"0","description":"","caption":"","name":"0224m3-text-it-2","status":"inherit","uploaded_to":19829,"date":"2020-07-04 11:44:36","modified":"2020-09-15 01:14:48","menu_order":0,"mime_type":"application\/pdf","type":"application","subtype":"pdf","icon":"https:\/\/generate.focolare.org\/wp-includes\/images\/media\/document.png"}},{"language":"en","file":{"ID":19880,"id":19880,"title":"0224m3-text-en","filename":"0224m3-text-en.pdf","filesize":97248,"url":"https:\/\/generate.focolare.org\/wp-content\/uploads\/2020\/07\/0224m3-text-en.pdf","link":"https:\/\/generate.focolare.org\/it\/content\/frutti-della-volonta-di-dio-la-preghiera-del-rosario\/0224m3-text-en-2\/","alt":"","author":"0","description":"","caption":"","name":"0224m3-text-en-2","status":"inherit","uploaded_to":19829,"date":"2020-07-04 11:44:40","modified":"2020-09-15 01:14:48","menu_order":0,"mime_type":"application\/pdf","type":"application","subtype":"pdf","icon":"https:\/\/generate.focolare.org\/wp-includes\/images\/media\/document.png"}},{"language":"es","file":{"ID":19897,"id":19897,"title":"0224m3-text-es","filename":"0224m3-text-es.pdf","filesize":35624,"url":"https:\/\/generate.focolare.org\/wp-content\/uploads\/2020\/07\/0224m3-text-es.pdf","link":"https:\/\/generate.focolare.org\/it\/content\/frutti-della-volonta-di-dio-la-preghiera-del-rosario\/0224m3-text-es-2\/","alt":"","author":"0","description":"","caption":"","name":"0224m3-text-es-2","status":"inherit","uploaded_to":19829,"date":"2020-07-04 11:44:44","modified":"2020-09-15 01:14:48","menu_order":0,"mime_type":"application\/pdf","type":"application","subtype":"pdf","icon":"https:\/\/generate.focolare.org\/wp-includes\/images\/media\/document.png"}},{"language":"sl","file":{"ID":19914,"id":19914,"title":"0224m3-text-sl","filename":"0224m3-text-sl.pdf","filesize":119455,"url":"https:\/\/generate.focolare.org\/wp-content\/uploads\/2020\/07\/0224m3-text-sl.pdf","link":"https:\/\/generate.focolare.org\/it\/content\/frutti-della-volonta-di-dio-la-preghiera-del-rosario\/0224m3-text-sl-2\/","alt":"","author":"0","description":"","caption":"","name":"0224m3-text-sl-2","status":"inherit","uploaded_to":19829,"date":"2020-07-04 11:44:49","modified":"2020-09-15 01:14:48","menu_order":0,"mime_type":"application\/pdf","type":"application","subtype":"pdf","icon":"https:\/\/generate.focolare.org\/wp-includes\/images\/media\/document.png"}},{"language":"ar","file":{"ID":61303,"id":61303,"title":"19810120 - Frutti della Volonta di Dio - Arabo","filename":"19810120-Frutti-della-Volonta-di-Dio-Arabo.pdf","filesize":434564,"url":"https:\/\/generate.focolare.org\/wp-content\/uploads\/2020\/10\/19810120-Frutti-della-Volonta-di-Dio-Arabo.pdf","link":"https:\/\/generate.focolare.org\/it\/content\/frutti-della-volonta-di-dio-la-preghiera-del-rosario\/19810120-frutti-della-volonta-di-dio-arabo-2\/","alt":"","author":"6","description":"","caption":"","name":"19810120-frutti-della-volonta-di-dio-arabo-2","status":"inherit","uploaded_to":19829,"date":"2020-10-23 15:19:31","modified":"2020-10-23 15:19:31","menu_order":0,"mime_type":"application\/pdf","type":"application","subtype":"pdf","icon":"https:\/\/generate.focolare.org\/wp-includes\/images\/media\/document.png"}},{"language":"fr","file":{"ID":65198,"id":65198,"title":"tfr-scm-19810120-0224m3-gen2","filename":"tfr-scm-19810120-0224m3-gen2.pdf","filesize":447999,"url":"https:\/\/generate.focolare.org\/wp-content\/uploads\/2020\/10\/tfr-scm-19810120-0224m3-gen2.pdf","link":"https:\/\/generate.focolare.org\/it\/content\/frutti-della-volonta-di-dio-la-preghiera-del-rosario\/tfr-scm-19810120-0224m3-gen2-3\/","alt":"","author":"6","description":"","caption":"","name":"tfr-scm-19810120-0224m3-gen2-3","status":"inherit","uploaded_to":19829,"date":"2020-10-26 04:41:21","modified":"2020-10-26 04:41:21","menu_order":0,"mime_type":"application\/pdf","type":"application","subtype":"pdf","icon":"https:\/\/generate.focolare.org\/wp-includes\/images\/media\/document.png"}},{"language":"pl","file":{"ID":65215,"id":65215,"title":"tpl_0224m3a_chiara_do_gen2_modlitwa_rozancowa","filename":"tpl_0224m3a_chiara_do_gen2_modlitwa_rozancowa.pdf","filesize":228993,"url":"https:\/\/generate.focolare.org\/wp-content\/uploads\/2020\/10\/tpl_0224m3a_chiara_do_gen2_modlitwa_rozancowa.pdf","link":"https:\/\/generate.focolare.org\/it\/content\/frutti-della-volonta-di-dio-la-preghiera-del-rosario\/tpl_0224m3a_chiara_do_gen2_modlitwa_rozancowa-3\/","alt":"","author":"6","description":"","caption":"","name":"tpl_0224m3a_chiara_do_gen2_modlitwa_rozancowa-3","status":"inherit","uploaded_to":19829,"date":"2020-10-26 04:42:04","modified":"2020-10-26 04:42:04","menu_order":0,"mime_type":"application\/pdf","type":"application","subtype":"pdf","icon":"https:\/\/generate.focolare.org\/wp-includes\/images\/media\/document.png"}},{"language":"pt-pt","file":{"ID":65232,"id":65232,"title":"tbs-scm-19810120-0224m3-gen-2","filename":"tbs-scm-19810120-0224m3-gen-2.pdf","filesize":989143,"url":"https:\/\/generate.focolare.org\/wp-content\/uploads\/2020\/10\/tbs-scm-19810120-0224m3-gen-2.pdf","link":"https:\/\/generate.focolare.org\/it\/content\/frutti-della-volonta-di-dio-la-preghiera-del-rosario\/tbs-scm-19810120-0224m3-gen-2-3\/","alt":"","author":"6","description":"","caption":"","name":"tbs-scm-19810120-0224m3-gen-2-3","status":"inherit","uploaded_to":19829,"date":"2020-10-26 04:42:53","modified":"2020-10-26 04:42:53","menu_order":0,"mime_type":"application\/pdf","type":"application","subtype":"pdf","icon":"https:\/\/generate.focolare.org\/wp-includes\/images\/media\/document.png"}},{"language":"de","file":{"ID":65249,"id":65249,"title":"ted-scm-19810120-0224m3-gen-2-nuovo_del_12_luglio","filename":"ted-scm-19810120-0224m3-gen-2-nuovo_del_12_luglio.pdf","filesize":61700,"url":"https:\/\/generate.focolare.org\/wp-content\/uploads\/2020\/10\/ted-scm-19810120-0224m3-gen-2-nuovo_del_12_luglio.pdf","link":"https:\/\/generate.focolare.org\/it\/content\/frutti-della-volonta-di-dio-la-preghiera-del-rosario\/ted-scm-19810120-0224m3-gen-2-nuovo_del_12_luglio-3\/","alt":"","author":"6","description":"","caption":"","name":"ted-scm-19810120-0224m3-gen-2-nuovo_del_12_luglio-3","status":"inherit","uploaded_to":19829,"date":"2020-10-26 04:43:26","modified":"2020-10-26 04:43:26","menu_order":0,"mime_type":"application\/pdf","type":"application","subtype":"pdf","icon":"https:\/\/generate.focolare.org\/wp-includes\/images\/media\/document.png"}},{"language":"ko","file":{"ID":65266,"id":65266,"title":"tco-19810120_il_rosario_k16_vers_2017_0224m3-gen-2","filename":"tco-19810120_il_rosario_k16_vers_2017_0224m3-gen-2.pdf","filesize":752494,"url":"https:\/\/generate.focolare.org\/wp-content\/uploads\/2020\/10\/tco-19810120_il_rosario_k16_vers_2017_0224m3-gen-2.pdf","link":"https:\/\/generate.focolare.org\/it\/content\/frutti-della-volonta-di-dio-la-preghiera-del-rosario\/tco-19810120_il_rosario_k16_vers_2017_0224m3-gen-2-3\/","alt":"","author":"6","description":"","caption":"","name":"tco-19810120_il_rosario_k16_vers_2017_0224m3-gen-2-3","status":"inherit","uploaded_to":19829,"date":"2020-10-26 04:43:40","modified":"2020-10-26 04:43:40","menu_order":0,"mime_type":"application\/pdf","type":"application","subtype":"pdf","icon":"https:\/\/generate.focolare.org\/wp-includes\/images\/media\/document.png"}},{"language":"nl","file":{"ID":65283,"id":65283,"title":"tne-19810120-0224m3-gen-2def","filename":"tne-19810120-0224m3-gen-2def.pdf","filesize":817514,"url":"https:\/\/generate.focolare.org\/wp-content\/uploads\/2020\/10\/tne-19810120-0224m3-gen-2def.pdf","link":"https:\/\/generate.focolare.org\/it\/content\/frutti-della-volonta-di-dio-la-preghiera-del-rosario\/tne-19810120-0224m3-gen-2def-3\/","alt":"","author":"6","description":"","caption":"","name":"tne-19810120-0224m3-gen-2def-3","status":"inherit","uploaded_to":19829,"date":"2020-10-26 04:43:53","modified":"2020-10-26 04:43:53","menu_order":0,"mime_type":"application\/pdf","type":"application","subtype":"pdf","icon":"https:\/\/generate.focolare.org\/wp-includes\/images\/media\/document.png"}}],"link_to_transcription":null},"headers":[],"status":200}},{"content":{"data":{"id":60933,"date":"1980-09-29","date_gmt":"2020-10-23T14:51:01","guid":{"rendered":"https:\/\/generate.focolare.org\/?post_type=content&#038;p=60933"},"modified":"2022-12-14T10:40:53","modified_gmt":"2022-12-14T09:40:53","slug":"la-volonta-di-dio","status":"publish","type":"content","link":"https:\/\/generate.focolare.org\/it\/content\/la-volonta-di-dio\/","title":{"rendered":"La Volont\u00e0 di Dio"},"excerpt":{"rendered":"<p>Guardare al disegno di Dio su di noi ci realizza completamente come uomini e ci rende felici e liberi. Incominciamo da subito l&#8217;avventura della Volont\u00e0 di Dio.<\/p>\n","protected":false},"featured_media":105656,"comment_status":"closed","ping_status":"closed","template":"","tags":[1441,899,989],"contributor":[853],"location":[874],"audience":[880],"class_list":["post-60933","content","type-content","status-publish","has-post-thumbnail","hentry","tag-beatitudine","tag-felicita","tag-volonta-di-dio","contributor-lubich-chiara","location-rocca-di-papa","audience-gen-2"],"featured_media_url":{"thumbnail":"https:\/\/generate.focolare.org\/wp-content\/uploads\/2021\/01\/24-1-150x150.jpg","medium":"https:\/\/generate.focolare.org\/wp-content\/uploads\/2021\/01\/24-1-300x197.jpg","medium_large":"https:\/\/generate.focolare.org\/wp-content\/uploads\/2021\/01\/24-1-768x504.jpg","large":"https:\/\/generate.focolare.org\/wp-content\/uploads\/2021\/01\/24-1-1024x672.jpg","1536x1536":"https:\/\/generate.focolare.org\/wp-content\/uploads\/2021\/01\/24-1-1536x1008.jpg","2048x2048":"https:\/\/generate.focolare.org\/wp-content\/uploads\/2021\/01\/24-1-2048x1344.jpg","banner":"https:\/\/generate.focolare.org\/wp-content\/uploads\/2021\/01\/24-1-1800x700.jpg","preview":"https:\/\/generate.focolare.org\/wp-content\/uploads\/2021\/01\/24-1-500x400.jpg","profile_24":"https:\/\/generate.focolare.org\/wp-content\/uploads\/2021\/01\/24-1.jpg","profile_48":"https:\/\/generate.focolare.org\/wp-content\/uploads\/2021\/01\/24-1.jpg","profile_96":"https:\/\/generate.focolare.org\/wp-content\/uploads\/2021\/01\/24-1.jpg","profile_150":"https:\/\/generate.focolare.org\/wp-content\/uploads\/2021\/01\/24-1.jpg","profile_300":"https:\/\/generate.focolare.org\/wp-content\/uploads\/2021\/01\/24-1.jpg"},"related":[3096,36718,1992,17018,74847,19829],"wpml_current_locale":"it_IT","wpml_translations":[{"locale":"en_US","id":80021,"post_title":"The Will of God","href":"https:\/\/generate.focolare.org\/en\/the-will-of-god\/"},{"locale":"fr_FR","id":80019,"post_title":"La Volont\u00e9 de Dieu","href":"https:\/\/generate.focolare.org\/fr\/la-volonte-de-dieu\/"},{"locale":"es_ES","id":80015,"post_title":"La Voluntad De Dios","href":"https:\/\/generate.focolare.org\/es\/la-voluntad-de-dios\/"},{"locale":"pt_PT","id":80017,"post_title":"A Vontade de Deus","href":"https:\/\/generate.focolare.org\/pt-pt\/a-vontade-de-deus\/"},{"locale":"ar","id":80020,"post_title":"\u0625\u0631\u0627\u062f\u0629 \u0627\u0644\u0644\u0647","href":"https:\/\/generate.focolare.org\/ar\/the-will-of-god-ar\/"},{"locale":"nl_NL","id":80022,"post_title":"De wil van God","href":"https:\/\/generate.focolare.org\/nl\/de-wil-van-god\/"},{"locale":"de_DE","id":80018,"post_title":"Der Wille Gottes","href":"https:\/\/generate.focolare.org\/de\/der-wille-gottes\/"},{"locale":"sl_SI","id":80016,"post_title":"Bo\u017eja volja","href":"https:\/\/generate.focolare.org\/sl\/bozja-volja\/"}],"format":"audio","source":{"ID":60934,"id":60934,"title":"Chiara nel giardino di casa sua: Alcuni pensieri sulla volont\u00e0 di Dio","filename":"SCA-CL-19800929-EL-A.mp3","filesize":4076763,"url":"https:\/\/generate.focolare.org\/wp-content\/uploads\/2020\/10\/SCA-CL-19800929-EL-A.mp3","link":"https:\/\/generate.focolare.org\/it\/content\/la-volonta-di-dio\/chiara-nel-giardino-di-casa-sua-alcuni-pensieri-sulla-volonta-di-dio\/","alt":"","author":"6","description":"\"Chiara nel giardino di casa sua: Alcuni pensieri sulla volont\u00e0 di Dio\" by Chiara Lubich. Released: 1980.","caption":"","name":"chiara-nel-giardino-di-casa-sua-alcuni-pensieri-sulla-volonta-di-dio","status":"inherit","uploaded_to":60933,"date":"2020-10-23 14:43:23","modified":"2020-10-23 14:45:23","menu_order":0,"mime_type":"audio\/mpeg","type":"audio","subtype":"mpeg","icon":"https:\/\/generate.focolare.org\/wp-includes\/images\/media\/audio.png"},"length":"8","transcriptions":[{"language":"es","file":{"ID":60951,"id":60951,"title":"ACL-DS-19800929-TI-A-es","filename":"ACL-DS-19800929-TI-A-es.pdf","filesize":50449,"url":"https:\/\/generate.focolare.org\/wp-content\/uploads\/2020\/10\/ACL-DS-19800929-TI-A-es.pdf","link":"https:\/\/generate.focolare.org\/it\/content\/la-volonta-di-dio\/acl-ds-19800929-ti-a-es\/","alt":"","author":"6","description":"","caption":"","name":"acl-ds-19800929-ti-a-es","status":"inherit","uploaded_to":60933,"date":"2020-10-23 14:45:50","modified":"2020-10-23 14:45:50","menu_order":0,"mime_type":"application\/pdf","type":"application","subtype":"pdf","icon":"https:\/\/generate.focolare.org\/wp-includes\/images\/media\/document.png"}},{"language":"sl","file":{"ID":60968,"id":60968,"title":"ACL-DS-19800929-T-sl","filename":"ACL-DS-19800929-T-sl.pdf","filesize":25656,"url":"https:\/\/generate.focolare.org\/wp-content\/uploads\/2020\/10\/ACL-DS-19800929-T-sl.pdf","link":"https:\/\/generate.focolare.org\/it\/content\/la-volonta-di-dio\/acl-ds-19800929-t-sl\/","alt":"","author":"6","description":"","caption":"","name":"acl-ds-19800929-t-sl","status":"inherit","uploaded_to":60933,"date":"2020-10-23 14:46:27","modified":"2020-10-23 14:46:27","menu_order":0,"mime_type":"application\/pdf","type":"application","subtype":"pdf","icon":"https:\/\/generate.focolare.org\/wp-includes\/images\/media\/document.png"}},{"language":"pt-pt","file":{"ID":60985,"id":60985,"title":"ACL-DS-19800929-TT-A-pt","filename":"ACL-DS-19800929-TT-A-pt.pdf","filesize":164715,"url":"https:\/\/generate.focolare.org\/wp-content\/uploads\/2020\/10\/ACL-DS-19800929-TT-A-pt.pdf","link":"https:\/\/generate.focolare.org\/it\/content\/la-volonta-di-dio\/acl-ds-19800929-tt-a-pt\/","alt":"","author":"6","description":"","caption":"","name":"acl-ds-19800929-tt-a-pt","status":"inherit","uploaded_to":60933,"date":"2020-10-23 14:46:37","modified":"2020-10-23 14:46:37","menu_order":0,"mime_type":"application\/pdf","type":"application","subtype":"pdf","icon":"https:\/\/generate.focolare.org\/wp-includes\/images\/media\/document.png"}},{"language":"de","file":{"ID":61002,"id":61002,"title":"ACL-DS-19800929-TI-A-de","filename":"ACL-DS-19800929-TI-A-de.pdf","filesize":102359,"url":"https:\/\/generate.focolare.org\/wp-content\/uploads\/2020\/10\/ACL-DS-19800929-TI-A-de.pdf","link":"https:\/\/generate.focolare.org\/it\/content\/la-volonta-di-dio\/acl-ds-19800929-ti-a-de\/","alt":"","author":"6","description":"","caption":"","name":"acl-ds-19800929-ti-a-de","status":"inherit","uploaded_to":60933,"date":"2020-10-23 14:46:43","modified":"2020-10-23 14:46:43","menu_order":0,"mime_type":"application\/pdf","type":"application","subtype":"pdf","icon":"https:\/\/generate.focolare.org\/wp-includes\/images\/media\/document.png"}},{"language":"fr","file":{"ID":61019,"id":61019,"title":"ACL-DS-19800929-TI-A-fr","filename":"ACL-DS-19800929-TI-A-fr.pdf","filesize":63306,"url":"https:\/\/generate.focolare.org\/wp-content\/uploads\/2020\/10\/ACL-DS-19800929-TI-A-fr.pdf","link":"https:\/\/generate.focolare.org\/it\/content\/la-volonta-di-dio\/acl-ds-19800929-ti-a-fr\/","alt":"","author":"6","description":"","caption":"","name":"acl-ds-19800929-ti-a-fr","status":"inherit","uploaded_to":60933,"date":"2020-10-23 14:46:51","modified":"2020-10-23 14:46:51","menu_order":0,"mime_type":"application\/pdf","type":"application","subtype":"pdf","icon":"https:\/\/generate.focolare.org\/wp-includes\/images\/media\/document.png"}},{"language":"ar","file":{"ID":61036,"id":61036,"title":"ACL-DS-19800929-TI-A-ar","filename":"ACL-DS-19800929-TI-A-ar.pdf","filesize":63669,"url":"https:\/\/generate.focolare.org\/wp-content\/uploads\/2020\/10\/ACL-DS-19800929-TI-A-ar.pdf","link":"https:\/\/generate.focolare.org\/it\/content\/la-volonta-di-dio\/acl-ds-19800929-ti-a-ar\/","alt":"","author":"6","description":"","caption":"","name":"acl-ds-19800929-ti-a-ar","status":"inherit","uploaded_to":60933,"date":"2020-10-23 14:46:56","modified":"2020-10-23 14:46:56","menu_order":0,"mime_type":"application\/pdf","type":"application","subtype":"pdf","icon":"https:\/\/generate.focolare.org\/wp-includes\/images\/media\/document.png"}},{"language":"it","file":{"ID":61053,"id":61053,"title":"ACL-DS-19800929-TI-A","filename":"ACL-DS-19800929-TI-A.pdf","filesize":145491,"url":"https:\/\/generate.focolare.org\/wp-content\/uploads\/2020\/10\/ACL-DS-19800929-TI-A.pdf","link":"https:\/\/generate.focolare.org\/it\/content\/la-volonta-di-dio\/acl-ds-19800929-ti-a\/","alt":"","author":"6","description":"","caption":"","name":"acl-ds-19800929-ti-a","status":"inherit","uploaded_to":60933,"date":"2020-10-23 14:47:03","modified":"2020-10-23 14:47:03","menu_order":0,"mime_type":"application\/pdf","type":"application","subtype":"pdf","icon":"https:\/\/generate.focolare.org\/wp-includes\/images\/media\/document.png"}},{"language":"en","file":{"ID":281743,"id":281743,"title":"GMU-G2-Chiara_Some thoughts on the will of God_19800929","filename":"GMU-G2-Chiara_Some-thoughts-on-the-will-of-God_19800929.pdf","filesize":225699,"url":"https:\/\/generate.focolare.org\/wp-content\/uploads\/2020\/10\/GMU-G2-Chiara_Some-thoughts-on-the-will-of-God_19800929.pdf","link":"https:\/\/generate.focolare.org\/it\/content\/la-volonta-di-dio\/gmu-g2-chiara_some-thoughts-on-the-will-of-god_19800929\/","alt":"","author":"555","description":"","caption":"","name":"gmu-g2-chiara_some-thoughts-on-the-will-of-god_19800929","status":"inherit","uploaded_to":60933,"date":"2022-12-14 09:40:24","modified":"2022-12-14 09:40:24","menu_order":0,"mime_type":"application\/pdf","type":"application","subtype":"pdf","icon":"https:\/\/generate.focolare.org\/wp-includes\/images\/media\/document.png"}},{"language":"nl","file":{"ID":61087,"id":61087,"title":"19800929 - La Volont\u00e0 di Dio - Olandese","filename":"19800929-La-Volonta-di-Dio-Olandese.pdf","filesize":119612,"url":"https:\/\/generate.focolare.org\/wp-content\/uploads\/2020\/10\/19800929-La-Volonta-di-Dio-Olandese.pdf","link":"https:\/\/generate.focolare.org\/it\/content\/la-volonta-di-dio\/19800929-la-volonta-di-dio-olandese\/","alt":"","author":"6","description":"","caption":"","name":"19800929-la-volonta-di-dio-olandese","status":"inherit","uploaded_to":60933,"date":"2020-10-23 14:48:17","modified":"2020-10-23 14:48:17","menu_order":0,"mime_type":"application\/pdf","type":"application","subtype":"pdf","icon":"https:\/\/generate.focolare.org\/wp-includes\/images\/media\/document.png"}}],"restrict_roles":null,"link_to_transcription":null},"headers":[],"status":200}}],"restrict_roles":null},"headers":[],"status":200},{"data":{"id":36449,"date":"2011-04-09","date_gmt":"2020-09-07T18:30:00","guid":{"rendered":"https:\/\/generate.focolare.org\/?post_type=content&#038;p=36449"},"modified":"2025-06-21T10:54:39","modified_gmt":"2025-06-21T09:54:39","slug":"emmaus-e-giancarlo-incontrano-i-giovani-in-canada-usa-e-santo-domingo-parte-ii","status":"publish","type":"content","link":"https:\/\/generate.focolare.org\/it\/content\/emmaus-e-giancarlo-incontrano-i-giovani-in-canada-usa-e-santo-domingo-parte-ii\/","title":{"rendered":"Emmaus e Giancarlo incontrano i giovani in Canada, USA e Santo Domingo &#8211; Parte II"},"excerpt":{"rendered":"<p>Lo stile di vita di Dio &#8211; Dio \u00e8 presente nel dolore &#8211; Come fare davanti al dolore &#8211; Esperienze sul dolore &#8211; Il dolore: strada per la felicit\u00e0 &#8211; Il ruolo dei giovani &#8211; Non tornate indietro &#8211; Dio ha fiducia in voi! &#8211; Siate supporter gli uni degli altri.<\/p>\n","protected":false},"featured_media":37067,"comment_status":"closed","ping_status":"closed","template":"","tags":[5805,5806,964,989],"contributor":[1382,1222],"location":[3888,5807],"audience":[1572],"class_list":["post-36449","content","type-content","status-publish","has-post-thumbnail","hentry","tag-chiara-luce","tag-fedele","tag-santita","tag-volonta-di-dio","contributor-faletti-giancarlo","contributor-voce-maria-emmaus","location-chicago","location-santo-domingo","audience-giovani"],"featured_media_url":{"thumbnail":"https:\/\/generate.focolare.org\/wp-content\/uploads\/2020\/08\/36449-cover-150x150.jpg","medium":"https:\/\/generate.focolare.org\/wp-content\/uploads\/2020\/08\/36449-cover-300x240.jpg","medium_large":"https:\/\/generate.focolare.org\/wp-content\/uploads\/2020\/08\/36449-cover.jpg","large":"https:\/\/generate.focolare.org\/wp-content\/uploads\/2020\/08\/36449-cover.jpg","1536x1536":"https:\/\/generate.focolare.org\/wp-content\/uploads\/2020\/08\/36449-cover.jpg","2048x2048":"https:\/\/generate.focolare.org\/wp-content\/uploads\/2020\/08\/36449-cover.jpg","banner":"https:\/\/generate.focolare.org\/wp-content\/uploads\/2020\/08\/36449-cover.jpg","preview":"https:\/\/generate.focolare.org\/wp-content\/uploads\/2020\/08\/36449-cover-500x400.jpg","profile_24":"https:\/\/generate.focolare.org\/wp-content\/uploads\/2020\/08\/36449-cover.jpg","profile_48":"https:\/\/generate.focolare.org\/wp-content\/uploads\/2020\/08\/36449-cover.jpg","profile_96":"https:\/\/generate.focolare.org\/wp-content\/uploads\/2020\/08\/36449-cover.jpg","profile_150":"https:\/\/generate.focolare.org\/wp-content\/uploads\/2020\/08\/36449-cover.jpg","profile_300":"https:\/\/generate.focolare.org\/wp-content\/uploads\/2020\/08\/36449-cover.jpg"},"related":[36539,16643,36392,54122,36790,16883],"wpml_current_locale":"it_IT","wpml_translations":[{"locale":"fr_FR","id":270965,"post_title":"Emma\u00fcs et Giancarlo rencontrent les jeunes au Canada, aux Etats-Unis et \u00e0 Saint- Domingue","href":"https:\/\/generate.focolare.org\/fr\/emmaus-et-giancarlo-rencontrent-les-jeunes-au-canada-aux-etats-unis-et-a-saint-domingue\/"},{"locale":"es_ES","id":271258,"post_title":"Emmaus y Giancarlo encuentran a los j\u00f3venes en Canad\u00e1, USA y Santo Domingo","href":"https:\/\/generate.focolare.org\/es\/emmaus-y-giancarlo-encuentran-a-los-jovenes-en-canada-usa-y-santo-domingo\/"}],"source":{"ID":36457,"id":36457,"title":"csc-2009m3-video","filename":"csc-2009m3-video.mp4","filesize":786270228,"url":"https:\/\/generate.focolare.org\/wp-content\/uploads\/2020\/08\/csc-2009m3-video.mp4.hsl\/index.m3u8","link":"https:\/\/generate.focolare.org\/it\/content\/emmaus-e-giancarlo-incontrano-i-giovani-in-canada-usa-e-santo-domingo-parte-ii\/csc-2009m3-video\/","alt":"","author":"0","description":"","caption":"","name":"csc-2009m3-video","status":"inherit","uploaded_to":36449,"date":"2020-08-29 13:11:13","modified":"2020-09-07 18:30:03","menu_order":0,"mime_type":"application\/x-mpegURL","type":"video","subtype":"mp4","icon":"https:\/\/generate.focolare.org\/wp-includes\/images\/media\/video.png","width":720,"height":576},"format":"video","transcriptions":[{"language":"it","file":{"ID":37084,"id":37084,"title":"Parte 2 - Emmaus e Giancarlo incontrano i giovani in Canada, USA e Santo Domingo","filename":"Parte-2-Emmaus-e-Giancarlo-incontrano-i-giovani-in-Canada-USA-e-Santo-Domingo.pdf","filesize":230051,"url":"https:\/\/generate.focolare.org\/wp-content\/uploads\/2020\/09\/Parte-2-Emmaus-e-Giancarlo-incontrano-i-giovani-in-Canada-USA-e-Santo-Domingo.pdf","link":"https:\/\/generate.focolare.org\/it\/content\/emmaus-e-giancarlo-incontrano-i-giovani-in-canada-usa-e-santo-domingo-parte-ii\/parte-2-emmaus-e-giancarlo-incontrano-i-giovani-in-canada-usa-e-santo-domingo\/","alt":"","author":"6","description":"","caption":"","name":"parte-2-emmaus-e-giancarlo-incontrano-i-giovani-in-canada-usa-e-santo-domingo","status":"inherit","uploaded_to":36449,"date":"2020-09-07 19:51:08","modified":"2020-09-07 19:51:08","menu_order":0,"mime_type":"application\/pdf","type":"application","subtype":"pdf","icon":"https:\/\/generate.focolare.org\/wp-includes\/images\/media\/document.png"}}],"length":"49","restrict_roles":null,"link_to_transcription":null},"headers":[],"status":200}],"_links":{"self":[{"href":"https:\/\/generate.focolare.org\/it\/wp-json\/wp\/v2\/tags\/989","targetHints":{"allow":["GET"]}}],"collection":[{"href":"https:\/\/generate.focolare.org\/it\/wp-json\/wp\/v2\/tags"}],"about":[{"href":"https:\/\/generate.focolare.org\/it\/wp-json\/wp\/v2\/taxonomies\/post_tag"}],"wp:post_type":[{"href":"https:\/\/generate.focolare.org\/it\/wp-json\/wp\/v2\/posts?tags=989"},{"href":"https:\/\/generate.focolare.org\/it\/wp-json\/wp\/v2\/content?tags=989"},{"href":"https:\/\/generate.focolare.org\/it\/wp-json\/wp\/v2\/playlist?tags=989"}],"curies":[{"name":"wp","href":"https:\/\/api.w.org\/{rel}","templated":true}]}}