{"id":5418,"count":10,"description":"","link":"https:\/\/generate.focolare.org\/fr\/tag\/volonte-de-dieu\/","name":"Volont\u00e9 de Dieu","slug":"volonte-de-dieu","taxonomy":"post_tag","meta":[],"objects":[{"data":{"id":343129,"date":"2026-07-01","date_gmt":"2026-05-21T12:16:54","guid":{"rendered":"https:\/\/generate.focolare.org\/?post_type=content&#038;p=343129"},"modified":"2026-05-21T13:16:54","modified_gmt":"2026-05-21T12:16:54","slug":"parole-de-vie-juillet-2026-celui-qui-a-ete-ensemence-dans-la-bonne-terre-cest-celui-qui-entend-la-parole-et-qui-comprend-alors-il-porte-du-fruit-et-produit-lun-cent-lautre-soixante","status":"publish","type":"content","link":"https:\/\/generate.focolare.org\/fr\/content\/parole-de-vie-juillet-2026-celui-qui-a-ete-ensemence-dans-la-bonne-terre-cest-celui-qui-entend-la-parole-et-qui-comprend-alors-il-porte-du-fruit-et-produit-lun-cent-lautre-soixante\/","title":{"rendered":"Parole de Vie Juillet 2026- \u00ab Celui qui a \u00e9t\u00e9 ensemenc\u00e9 dans la bonne terre, c&rsquo;est celui qui entend la Parole et qui comprend : alors, il porte du fruit et produit l&rsquo;un cent, l&rsquo;autre soixante, l&rsquo;autre trente \u00bb (Matthieu 13, 23)."},"excerpt":{"rendered":"","protected":false},"featured_media":342990,"comment_status":"closed","ping_status":"closed","template":"","tags":[4219,4155,4294,4316,4883,4884,5318,5338,5418],"contributor":[18858],"location":[],"audience":[],"class_list":["post-343129","content","type-content","status-publish","has-post-thumbnail","hentry","tag-amour","tag-communion","tag-ecouter","tag-evangile","tag-parole","tag-parole-de-vie","tag-unite","tag-vie","tag-volonte-de-dieu","contributor-centre-gen2-jpmu-fr"],"featured_media_url":{"thumbnail":"https:\/\/generate.focolare.org\/wp-content\/uploads\/2026\/02\/PDV-FR-2-150x150.png","medium":"https:\/\/generate.focolare.org\/wp-content\/uploads\/2026\/02\/PDV-FR-2-300x240.png","medium_large":"https:\/\/generate.focolare.org\/wp-content\/uploads\/2026\/02\/PDV-FR-2.png","large":"https:\/\/generate.focolare.org\/wp-content\/uploads\/2026\/02\/PDV-FR-2.png","1536x1536":"https:\/\/generate.focolare.org\/wp-content\/uploads\/2026\/02\/PDV-FR-2.png","2048x2048":"https:\/\/generate.focolare.org\/wp-content\/uploads\/2026\/02\/PDV-FR-2.png","banner":"https:\/\/generate.focolare.org\/wp-content\/uploads\/2026\/02\/PDV-FR-2.png","preview":"https:\/\/generate.focolare.org\/wp-content\/uploads\/2026\/02\/PDV-FR-2-500x400.png","profile_24":"https:\/\/generate.focolare.org\/wp-content\/uploads\/2026\/02\/PDV-FR-2-24x24.png","profile_48":"https:\/\/generate.focolare.org\/wp-content\/uploads\/2026\/02\/PDV-FR-2-48x48.png","profile_96":"https:\/\/generate.focolare.org\/wp-content\/uploads\/2026\/02\/PDV-FR-2-96x96.png","profile_150":"https:\/\/generate.focolare.org\/wp-content\/uploads\/2026\/02\/PDV-FR-2-150x150.png","profile_300":"https:\/\/generate.focolare.org\/wp-content\/uploads\/2026\/02\/PDV-FR-2-300x300.png"},"related":[324885,332141,332403,332728,333458,334725],"wpml_current_locale":"fr_FR","wpml_translations":[{"locale":"en_US","id":343083,"post_title":"Word of Life \u2013 July 2026 \u201cThe seed sown on good soil is the one who hears the Word and understands it; this person bears fruit\u201d (Matt 13:23).","href":"https:\/\/generate.focolare.org\/en\/word-of-life-july-2026-the-seed-sown-on-good-soil-is-the-one-who-hears-the-word-and-understands-it-this-person-bears-fruit-matt-1323\/"},{"locale":"it_IT","id":342693,"post_title":"Parola di Vita \u2013 Luglio 2026 \u00abQuello seminato sul terreno buono \u00e8 colui che ascolta la Parola e la comprende questi d\u00e0 frutto\u00bb (Mtt 13,23).","href":"https:\/\/generate.focolare.org\/it\/parola-di-vita-luglio-2026-quello-seminato-sul-terreno-buono-e-colui-che-ascolta-la-parola-e-la-comprende-questi-da-frutto-mtt-1323\/"},{"locale":"es_ES","id":343107,"post_title":"Palabra de Vida de julio 2026- \u00abEl que fue sembrado en tierra buena es el que oye la Palabra y la comprende: este s\u00ed que da fruto\" (Mt 13,23).","href":"https:\/\/generate.focolare.org\/es\/palabra-de-vida-de-julio-2026-el-que-fue-sembrado-en-tierra-buena-es-el-que-oye-la-palabra-y-la-comprende-este-si-que-da-fruto-mt-1323\/"},{"locale":"pt_PT","id":343151,"post_title":"Palavra de Vida \u2013 Julho de 2026  \u201cO que foi semeado na terra boa, por\u00e9m, \u00e9 quem ouve a Palavra e a entende; esse produz fruto.\u201d (Mt 13,23)","href":"https:\/\/generate.focolare.org\/pt-pt\/palavra-de-vida-julho-de-2026-o-que-foi-semeado-na-terra-boa-porem-e-quem-ouve-a-palavra-e-a-entende-esse-produz-fruto-mt-1323\/"}],"format":"text","length":"1","restrict_roles":null,"link_to_transcription":null,"source":{"ID":343130,"id":343130,"title":"OGI-PV-20260701-202607-fr","filename":"OGI-PV-20260701-202607-fr.pdf","filesize":111307,"url":"https:\/\/generate.focolare.org\/wp-content\/uploads\/2026\/05\/OGI-PV-20260701-202607-fr.pdf","link":"https:\/\/generate.focolare.org\/fr\/content\/parole-de-vie-juillet-2026-celui-qui-a-ete-ensemence-dans-la-bonne-terre-cest-celui-qui-entend-la-parole-et-qui-comprend-alors-il-porte-du-fruit-et-produit-lun-cent-lautre-soixante\/ogi-pv-20260701-202607-fr\/","alt":"","author":"2442","description":"","caption":"","name":"ogi-pv-20260701-202607-fr","status":"inherit","uploaded_to":343129,"date":"2026-05-21 12:15:43","modified":"2026-05-21 12:15:43","menu_order":0,"mime_type":"application\/pdf","type":"application","subtype":"pdf","icon":"https:\/\/generate.focolare.org\/wp-includes\/images\/media\/document.png"}},"headers":[],"status":200},{"data":{"id":270965,"date":"2011-04-09","date_gmt":"2022-08-01T09:46:21","guid":{"rendered":"https:\/\/generate.focolare.org\/?post_type=content&#038;p=270965"},"modified":"2022-08-01T10:47:52","modified_gmt":"2022-08-01T09:47:52","slug":"emmaus-et-giancarlo-rencontrent-les-jeunes-au-canada-aux-etats-unis-et-a-saint-domingue","status":"publish","type":"content","link":"https:\/\/generate.focolare.org\/fr\/content\/emmaus-et-giancarlo-rencontrent-les-jeunes-au-canada-aux-etats-unis-et-a-saint-domingue\/","title":{"rendered":"Emma\u00fcs et Giancarlo rencontrent les jeunes au Canada, aux Etats-Unis et \u00e0 Saint- Domingue"},"excerpt":{"rendered":"<p>Le mode de vie de Dieu &#8211; Dieu est pr\u00e9sent dans la douleur &#8211; Que faire face \u00e0 la douleur &#8211; Exp\u00e9riences de la douleur &#8211; La douleur : le chemin du bonheur &#8211; Le r\u00f4le des jeunes &#8211; Ne reculez pas &#8211; Dieu a confiance en vous ! &#8211; Soyez solidaires les uns des autres.<\/p>\n","protected":false},"featured_media":37067,"comment_status":"closed","ping_status":"closed","template":"","tags":[8017,12445,5120,5418],"contributor":[8563,8560],"location":[12559,12586],"audience":[8572],"class_list":["post-270965","content","type-content","status-publish","has-post-thumbnail","hentry","tag-chiara-luce","tag-fidele","tag-saintete","tag-volonte-de-dieu","contributor-faletti-giancarlo","contributor-voce-maria-emmaus","location-chicago","location-saint-domingue","audience-jeunes"],"featured_media_url":{"thumbnail":"https:\/\/generate.focolare.org\/wp-content\/uploads\/2020\/08\/36449-cover-150x150.jpg","medium":"https:\/\/generate.focolare.org\/wp-content\/uploads\/2020\/08\/36449-cover-300x240.jpg","medium_large":"https:\/\/generate.focolare.org\/wp-content\/uploads\/2020\/08\/36449-cover.jpg","large":"https:\/\/generate.focolare.org\/wp-content\/uploads\/2020\/08\/36449-cover.jpg","1536x1536":"https:\/\/generate.focolare.org\/wp-content\/uploads\/2020\/08\/36449-cover.jpg","2048x2048":"https:\/\/generate.focolare.org\/wp-content\/uploads\/2020\/08\/36449-cover.jpg","banner":"https:\/\/generate.focolare.org\/wp-content\/uploads\/2020\/08\/36449-cover.jpg","preview":"https:\/\/generate.focolare.org\/wp-content\/uploads\/2020\/08\/36449-cover-500x400.jpg","profile_24":"https:\/\/generate.focolare.org\/wp-content\/uploads\/2020\/08\/36449-cover.jpg","profile_48":"https:\/\/generate.focolare.org\/wp-content\/uploads\/2020\/08\/36449-cover.jpg","profile_96":"https:\/\/generate.focolare.org\/wp-content\/uploads\/2020\/08\/36449-cover.jpg","profile_150":"https:\/\/generate.focolare.org\/wp-content\/uploads\/2020\/08\/36449-cover.jpg","profile_300":"https:\/\/generate.focolare.org\/wp-content\/uploads\/2020\/08\/36449-cover.jpg"},"related":[36791,16898,19467,43414,80043,18903],"wpml_current_locale":"fr_FR","wpml_translations":[{"locale":"it_IT","id":36449,"post_title":"Emmaus e Giancarlo incontrano i giovani in Canada, USA e Santo Domingo - Parte II","href":"https:\/\/generate.focolare.org\/it\/emmaus-e-giancarlo-incontrano-i-giovani-in-canada-usa-e-santo-domingo-parte-ii\/"},{"locale":"es_ES","id":271258,"post_title":"Emmaus y Giancarlo encuentran a los j\u00f3venes en Canad\u00e1, USA y Santo Domingo","href":"https:\/\/generate.focolare.org\/es\/emmaus-y-giancarlo-encuentran-a-los-jovenes-en-canada-usa-y-santo-domingo\/"}],"link_to_transcription":true,"source":{"ID":36454,"id":36454,"title":"csc-2009m3-video","filename":"csc-2009m3-video.mp4","filesize":786270228,"url":"https:\/\/generate.focolare.org\/wp-content\/uploads\/2020\/08\/csc-2009m3-video.mp4.hsl\/index.m3u8","link":"https:\/\/generate.focolare.org\/fr\/csc-2009m3-video\/","alt":"","author":"0","description":"","caption":"","name":"csc-2009m3-video","status":"inherit","uploaded_to":0,"date":"2020-08-29 13:11:13","modified":"2020-08-29 13:11:13","menu_order":0,"mime_type":"application\/x-mpegURL","type":"video","subtype":"mp4","icon":"https:\/\/generate.focolare.org\/wp-includes\/images\/media\/video.png","width":720,"height":576},"restrict_roles":null,"format":"video","length":"49","transcriptions":[{"language":"it","file":{"ID":37089,"id":37089,"title":"Parte 2 - Emmaus e Giancarlo incontrano i giovani in Canada, USA e Santo Domingo","filename":"Parte-2-Emmaus-e-Giancarlo-incontrano-i-giovani-in-Canada-USA-e-Santo-Domingo.pdf","filesize":230051,"url":"https:\/\/generate.focolare.org\/wp-content\/uploads\/2020\/09\/Parte-2-Emmaus-e-Giancarlo-incontrano-i-giovani-in-Canada-USA-e-Santo-Domingo.pdf","link":"https:\/\/generate.focolare.org\/fr\/content\/emmaus-et-giancarlo-rencontrent-les-jeunes-au-canada-aux-etats-unis-et-a-saint-domingue\/parte-2-emmaus-e-giancarlo-incontrano-i-giovani-in-canada-usa-e-santo-domingo-2\/","alt":"","author":"6","description":"","caption":"","name":"parte-2-emmaus-e-giancarlo-incontrano-i-giovani-in-canada-usa-e-santo-domingo-2","status":"inherit","uploaded_to":270965,"date":"2020-09-07 19:51:08","modified":"2022-08-01 09:46:23","menu_order":0,"mime_type":"application\/pdf","type":"application","subtype":"pdf","icon":"https:\/\/generate.focolare.org\/wp-includes\/images\/media\/document.png"}}]},"headers":[],"status":200},{"data":{"id":36719,"date":"2020-12-21T16:42:30","date_gmt":"2020-12-21T15:42:30","guid":{"rendered":"https:\/\/generate.focolare.org\/?post_type=playlist&#038;p=36719"},"modified":"2021-04-27T11:54:53","modified_gmt":"2021-04-27T10:54:53","slug":"la-volonte-de-dieu","status":"publish","type":"playlist","link":"https:\/\/generate.focolare.org\/fr\/playlist\/la-volonte-de-dieu\/","title":{"rendered":"Volont\u00e9 de Dieu"},"excerpt":{"rendered":"<p>Comment \u00eatre surpris instant apr\u00e8s instant par l&rsquo;Amour et y r\u00e9pondre avec tout notre c\u0153ur, notre esprit et nos forces pour faire de notre vie une \u00ab\u00a0aventure divine\u00a0\u00bb.<\/p>\n","protected":false},"featured_media":89644,"comment_status":"closed","ping_status":"closed","template":"","tags":[4941,5418],"typology":[20561,20572],"class_list":["post-36719","playlist","type-playlist","status-publish","has-post-thumbnail","hentry","tag-points-de-la-spiritualite","tag-volonte-de-dieu","typology-gen2-en-formation","typology-points-de-spiritualite"],"featured_media_url":{"thumbnail":"https:\/\/generate.focolare.org\/wp-content\/uploads\/2020\/11\/15-150x150.jpg","medium":"https:\/\/generate.focolare.org\/wp-content\/uploads\/2020\/11\/15-300x200.jpg","medium_large":"https:\/\/generate.focolare.org\/wp-content\/uploads\/2020\/11\/15-768x512.jpg","large":"https:\/\/generate.focolare.org\/wp-content\/uploads\/2020\/11\/15-1024x683.jpg","1536x1536":"https:\/\/generate.focolare.org\/wp-content\/uploads\/2020\/11\/15-1536x1024.jpg","2048x2048":"https:\/\/generate.focolare.org\/wp-content\/uploads\/2020\/11\/15-2048x1365.jpg","banner":"https:\/\/generate.focolare.org\/wp-content\/uploads\/2020\/11\/15-1800x700.jpg","preview":"https:\/\/generate.focolare.org\/wp-content\/uploads\/2020\/11\/15-500x400.jpg","profile_24":"https:\/\/generate.focolare.org\/wp-content\/uploads\/2020\/11\/15-scaled.jpg","profile_48":"https:\/\/generate.focolare.org\/wp-content\/uploads\/2020\/11\/15-scaled.jpg","profile_96":"https:\/\/generate.focolare.org\/wp-content\/uploads\/2020\/11\/15-scaled.jpg","profile_150":"https:\/\/generate.focolare.org\/wp-content\/uploads\/2020\/11\/15-scaled.jpg","profile_300":"https:\/\/generate.focolare.org\/wp-content\/uploads\/2020\/11\/15-scaled.jpg"},"wpml_current_locale":"fr_FR","wpml_translations":[{"locale":"en_US","id":36717,"post_title":"Will of God","href":"https:\/\/generate.focolare.org\/en\/the-will-of-god\/"},{"locale":"it_IT","id":36718,"post_title":"Volont\u00e0 di Dio","href":"https:\/\/generate.focolare.org\/it\/volonta-di-dio\/"},{"locale":"es_ES","id":43397,"post_title":"Voluntad de Dios","href":"https:\/\/generate.focolare.org\/es\/la-voluntad-de-dios\/"},{"locale":"pt_PT","id":36720,"post_title":"Vontade de Deus","href":"https:\/\/generate.focolare.org\/pt-pt\/a-vontade-de-deus\/"}],"playlist":[{"content":{"data":{"id":80434,"date":"1988-01-06","date_gmt":"2020-12-20T03:51:17","guid":{"rendered":"https:\/\/generate.focolare.org\/?post_type=content&#038;p=80434"},"modified":"2021-06-15T15:19:24","modified_gmt":"2021-06-15T14:19:24","slug":"congres-gen-salutations-et-reponses-aux-questions-des-gen-garcons","status":"publish","type":"content","link":"https:\/\/generate.focolare.org\/fr\/content\/congres-gen-salutations-et-reponses-aux-questions-des-gen-garcons\/","title":{"rendered":"Congr\u00e8s Gen : Salutations et r\u00e9ponses aux questions des Gen gar\u00e7ons"},"excerpt":{"rendered":"<p>Apr\u00e8s tous les Genfest qui se sont r\u00e9alis\u00e9 dans les r\u00e9gions, Chiara rencontre les Gen gar\u00e7ons et les encourage \u00e0 montrer le monde uni, ensuite vient la parole, nous devons faire avancer l&rsquo;opinion publique. Notre arme est l&rsquo;unit\u00e9 et elle raconte aux gen une petite exp\u00e9rience sur le film de la Bible.<\/p>\n","protected":false},"featured_media":28894,"comment_status":"closed","ping_status":"closed","template":"","tags":[4167,4196,4412,4775,4863,5318],"contributor":[8558],"location":[8561],"audience":[8557],"class_list":["post-80434","content","type-content","status-publish","has-post-thumbnail","hentry","tag-creation","tag-ecologie","tag-immensite-de-dieu","tag-monde-uni","tag-obeissance","tag-unite","contributor-lubich-chiara","location-castel-gandolfo","audience-gen-2"],"featured_media_url":{"thumbnail":"https:\/\/generate.focolare.org\/wp-content\/uploads\/2020\/07\/818-cover-150x150.jpg","medium":"https:\/\/generate.focolare.org\/wp-content\/uploads\/2020\/07\/818-cover-300x240.jpg","medium_large":"https:\/\/generate.focolare.org\/wp-content\/uploads\/2020\/07\/818-cover.jpg","large":"https:\/\/generate.focolare.org\/wp-content\/uploads\/2020\/07\/818-cover.jpg","1536x1536":"https:\/\/generate.focolare.org\/wp-content\/uploads\/2020\/07\/818-cover.jpg","2048x2048":"https:\/\/generate.focolare.org\/wp-content\/uploads\/2020\/07\/818-cover.jpg","banner":"https:\/\/generate.focolare.org\/wp-content\/uploads\/2020\/07\/818-cover.jpg","preview":"https:\/\/generate.focolare.org\/wp-content\/uploads\/2020\/07\/818-cover-500x400.jpg","profile_24":"https:\/\/generate.focolare.org\/wp-content\/uploads\/2020\/07\/818-cover.jpg","profile_48":"https:\/\/generate.focolare.org\/wp-content\/uploads\/2020\/07\/818-cover.jpg","profile_96":"https:\/\/generate.focolare.org\/wp-content\/uploads\/2020\/07\/818-cover.jpg","profile_150":"https:\/\/generate.focolare.org\/wp-content\/uploads\/2020\/07\/818-cover.jpg","profile_300":"https:\/\/generate.focolare.org\/wp-content\/uploads\/2020\/07\/818-cover.jpg"},"related":[20995,1956,19787,8544,21696,2587],"wpml_current_locale":"fr_FR","wpml_translations":[{"locale":"en_US","id":80438,"post_title":"Gen Congress: Greeting and answers to the questions from the Gen","href":"https:\/\/generate.focolare.org\/en\/gen-congress-greeting-and-answers-to-the-questions-from-the-gen\/"},{"locale":"it_IT","id":818,"post_title":"Congresso Gen: Saluto e risposte alle domande dei Gen","href":"https:\/\/generate.focolare.org\/it\/congresso-gen-saluto-e-risposte-alle-domande-dei-gen\/"},{"locale":"es_ES","id":80440,"post_title":"Congreso de Gen: Saludos y respuestas a las preguntas de los Gen","href":"https:\/\/generate.focolare.org\/es\/congreso-de-gen-saludos-y-respuestas-a-las-preguntas-de-los-gen\/"},{"locale":"pt_PT","id":80439,"post_title":"Congresso Gen: Sauda\u00e7\u00e3o e respontas as perguntas dos Gen","href":"https:\/\/generate.focolare.org\/pt-pt\/congresso-gen-saudacao-e-respontas-as-perguntas-dos-gen\/"},{"locale":"ar","id":80437,"post_title":"\u0645\u0624\u062a\u0645\u0631 \u0627\u0644\u062f\u062c\u0646: \u062a\u062d\u064a\u0651\u0629 \u0648\u0623\u062c\u0648\u0628\u0629 \u0639\u0644\u0649 \u0623\u0633\u0626\u0644\u0629 \u0627\u0644\u062f\u062c\u0646","href":"https:\/\/generate.focolare.org\/ar\/gen-congress-greeting-and-answers-to-the-questions-from-the-gen-ar\/"},{"locale":"nl_NL","id":80435,"post_title":"Gencongres: Groet en antwoorden op de vragen van de Gen","href":"https:\/\/generate.focolare.org\/nl\/gencongres-groet-en-antwoorden-op-de-vragen-van-de-gen\/"},{"locale":"sl_SI","id":80436,"post_title":"Kongres gen: Pozdrav in odgovori na vpra\u0161anja gen","href":"https:\/\/generate.focolare.org\/sl\/kongres-gen-pozdrav-in-odgovori-na-vprasanja-gen\/"}],"link_to_transcription":true,"format":"video","length":"19","transcriptions":[{"language":"fr","file":{"ID":819,"id":819,"title":"gen-46-text-fr","filename":"gen-46-text-fr.pdf","filesize":107219,"url":"https:\/\/generate.focolare.org\/wp-content\/uploads\/2020\/06\/gen-46-text-fr.pdf","link":"https:\/\/generate.focolare.org\/fr\/content\/congresso-gen-saluto-e-risposte-alle-domande-dei-gen\/gen-46-text-fr\/","alt":"","author":"1","description":"","caption":"","name":"gen-46-text-fr","status":"inherit","uploaded_to":818,"date":"2020-06-02 17:44:07","modified":"2020-06-02 17:44:08","menu_order":0,"mime_type":"application\/pdf","type":"application","subtype":"pdf","icon":"https:\/\/generate.focolare.org\/wp-includes\/images\/media\/document.png"}},{"language":"nl","file":{"ID":117327,"id":117327,"title":"gen-46-text-nl","filename":"gen-46-text-nl.pdf","filesize":31318,"url":"https:\/\/generate.focolare.org\/wp-content\/uploads\/2020\/06\/gen-46-text-nl.pdf","link":"https:\/\/generate.focolare.org\/fr\/content\/congres-gen-salutations-et-reponses-aux-questions-des-gen-garcons\/gen-46-text-nl\/","alt":"","author":"1","description":"","caption":"","name":"gen-46-text-nl","status":"inherit","uploaded_to":80434,"date":"2020-06-02 17:44:07","modified":"2020-06-02 17:44:07","menu_order":0,"mime_type":"application\/pdf","type":"application","subtype":"pdf","icon":"https:\/\/generate.focolare.org\/wp-includes\/images\/media\/document.png"}},{"language":"sl","file":{"ID":117328,"id":117328,"title":"gen-46-text-sl","filename":"gen-46-text-sl.pdf","filesize":216712,"url":"https:\/\/generate.focolare.org\/wp-content\/uploads\/2020\/06\/gen-46-text-sl.pdf","link":"https:\/\/generate.focolare.org\/fr\/content\/congres-gen-salutations-et-reponses-aux-questions-des-gen-garcons\/gen-46-text-sl\/","alt":"","author":"1","description":"","caption":"","name":"gen-46-text-sl","status":"inherit","uploaded_to":80434,"date":"2020-06-02 17:44:07","modified":"2020-06-02 17:44:07","menu_order":0,"mime_type":"application\/pdf","type":"application","subtype":"pdf","icon":"https:\/\/generate.focolare.org\/wp-includes\/images\/media\/document.png"}},{"language":"ar","file":{"ID":117329,"id":117329,"title":"gen-46-text-ar","filename":"gen-46-text-ar.pdf","filesize":163525,"url":"https:\/\/generate.focolare.org\/wp-content\/uploads\/2020\/06\/gen-46-text-ar.pdf","link":"https:\/\/generate.focolare.org\/fr\/content\/congres-gen-salutations-et-reponses-aux-questions-des-gen-garcons\/gen-46-text-ar\/","alt":"","author":"1","description":"","caption":"","name":"gen-46-text-ar","status":"inherit","uploaded_to":80434,"date":"2020-06-02 17:44:07","modified":"2020-06-02 17:44:07","menu_order":0,"mime_type":"application\/pdf","type":"application","subtype":"pdf","icon":"https:\/\/generate.focolare.org\/wp-includes\/images\/media\/document.png"}},{"language":"en","file":{"ID":117330,"id":117330,"title":"gen-46-text-en","filename":"gen-46-text-en.pdf","filesize":81810,"url":"https:\/\/generate.focolare.org\/wp-content\/uploads\/2020\/06\/gen-46-text-en.pdf","link":"https:\/\/generate.focolare.org\/fr\/content\/congres-gen-salutations-et-reponses-aux-questions-des-gen-garcons\/gen-46-text-en\/","alt":"","author":"1","description":"","caption":"","name":"gen-46-text-en","status":"inherit","uploaded_to":80434,"date":"2020-06-02 17:44:08","modified":"2020-06-02 17:44:08","menu_order":0,"mime_type":"application\/pdf","type":"application","subtype":"pdf","icon":"https:\/\/generate.focolare.org\/wp-includes\/images\/media\/document.png"}},{"language":"it","file":{"ID":117331,"id":117331,"title":"gen-46-text-it","filename":"gen-46-text-it.pdf","filesize":164233,"url":"https:\/\/generate.focolare.org\/wp-content\/uploads\/2020\/06\/gen-46-text-it.pdf","link":"https:\/\/generate.focolare.org\/fr\/content\/congres-gen-salutations-et-reponses-aux-questions-des-gen-garcons\/gen-46-text-it\/","alt":"","author":"1","description":"","caption":"","name":"gen-46-text-it","status":"inherit","uploaded_to":80434,"date":"2020-06-02 17:44:08","modified":"2020-06-02 17:44:08","menu_order":0,"mime_type":"application\/pdf","type":"application","subtype":"pdf","icon":"https:\/\/generate.focolare.org\/wp-includes\/images\/media\/document.png"}},{"language":"pt-pt","file":{"ID":851,"id":851,"title":"gen-46-text-pt","filename":"gen-46-text-pt.pdf","filesize":144377,"url":"https:\/\/generate.focolare.org\/wp-content\/uploads\/2020\/06\/gen-46-text-pt.pdf","link":"https:\/\/generate.focolare.org\/fr\/content\/congres-gen-salutations-et-reponses-aux-questions-des-gen-garcons\/gen-46-text-pt-2\/","alt":"","author":"1","description":"","caption":"","name":"gen-46-text-pt-2","status":"inherit","uploaded_to":80434,"date":"2020-06-02 17:44:08","modified":"2021-06-15 14:19:25","menu_order":0,"mime_type":"application\/pdf","type":"application","subtype":"pdf","icon":"https:\/\/generate.focolare.org\/wp-includes\/images\/media\/document.png"}},{"language":"es","file":{"ID":117332,"id":117332,"title":"gen-46-text-es","filename":"gen-46-text-es.pdf","filesize":126634,"url":"https:\/\/generate.focolare.org\/wp-content\/uploads\/2020\/06\/gen-46-text-es.pdf","link":"https:\/\/generate.focolare.org\/fr\/content\/congres-gen-salutations-et-reponses-aux-questions-des-gen-garcons\/gen-46-text-es\/","alt":"","author":"1","description":"","caption":"","name":"gen-46-text-es","status":"inherit","uploaded_to":80434,"date":"2020-06-02 17:44:08","modified":"2020-06-02 17:44:08","menu_order":0,"mime_type":"application\/pdf","type":"application","subtype":"pdf","icon":"https:\/\/generate.focolare.org\/wp-includes\/images\/media\/document.png"}}],"restrict_roles":null,"source":{"ID":117326,"id":117326,"title":"gen-46-video-it","filename":"gen-46-video-it.mp4","filesize":214032959,"url":"https:\/\/generate.focolare.org\/wp-content\/uploads\/2020\/06\/gen-46-video-it.mp4","link":"https:\/\/generate.focolare.org\/fr\/content\/congres-gen-salutations-et-reponses-aux-questions-des-gen-garcons\/gen-46-video-it\/","alt":"","author":"1","description":"","caption":"","name":"gen-46-video-it","status":"inherit","uploaded_to":80434,"date":"2020-06-02 17:44:06","modified":"2020-06-02 17:44:06","menu_order":0,"mime_type":"video\/mp4","type":"video","subtype":"mp4","icon":"https:\/\/generate.focolare.org\/wp-includes\/images\/media\/video.png","width":720,"height":576}},"headers":[],"status":200}},{"content":{"data":{"id":3114,"date":"2001-08-14","date_gmt":"2020-11-11T04:30:20","guid":{"rendered":"https:\/\/generate.focolare.org\/?post_type=content&#038;p=3114"},"modified":"2020-12-11T19:19:09","modified_gmt":"2020-12-11T18:19:09","slug":"sannuler-dans-la-volonte-de-dieu","status":"publish","type":"content","link":"https:\/\/generate.focolare.org\/fr\/content\/sannuler-dans-la-volonte-de-dieu\/","title":{"rendered":"S&rsquo;annuler dans la volont\u00e9 de Dieu"},"excerpt":{"rendered":"<p>A Eirc, un Gen br\u00e9silien  \u00e9tudiant en ing\u00e9nierie, Chiara dit: \u00ab Je comprends bien que cela te plaise ! Il dit qu&rsquo;il aime ce monde mais, en tant que Gen, nous avons appris \u00e0 faire les choses comme volont\u00e9 de Dieu, et non parce que cela nous pla\u00eet.\u00bb<\/p>\n","protected":false},"featured_media":313829,"comment_status":"closed","ping_status":"closed","template":"","tags":[4248,5418],"contributor":[8558],"location":[11118],"audience":[8557],"class_list":["post-3114","content","type-content","status-publish","has-post-thumbnail","hentry","tag-sannuller","tag-volonte-de-dieu","contributor-lubich-chiara","location-montet-mariapolis-foco","audience-gen-2"],"featured_media_url":{"thumbnail":"https:\/\/generate.focolare.org\/wp-content\/uploads\/2020\/07\/anularse-150x150.png","medium":"https:\/\/generate.focolare.org\/wp-content\/uploads\/2020\/07\/anularse-300x240.png","medium_large":"https:\/\/generate.focolare.org\/wp-content\/uploads\/2020\/07\/anularse.png","large":"https:\/\/generate.focolare.org\/wp-content\/uploads\/2020\/07\/anularse.png","1536x1536":"https:\/\/generate.focolare.org\/wp-content\/uploads\/2020\/07\/anularse.png","2048x2048":"https:\/\/generate.focolare.org\/wp-content\/uploads\/2020\/07\/anularse.png","banner":"https:\/\/generate.focolare.org\/wp-content\/uploads\/2020\/07\/anularse.png","preview":"https:\/\/generate.focolare.org\/wp-content\/uploads\/2020\/07\/anularse-500x400.png","profile_24":"https:\/\/generate.focolare.org\/wp-content\/uploads\/2020\/07\/anularse-24x24.png","profile_48":"https:\/\/generate.focolare.org\/wp-content\/uploads\/2020\/07\/anularse-48x48.png","profile_96":"https:\/\/generate.focolare.org\/wp-content\/uploads\/2020\/07\/anularse-96x96.png","profile_150":"https:\/\/generate.focolare.org\/wp-content\/uploads\/2020\/07\/anularse-150x150.png","profile_300":"https:\/\/generate.focolare.org\/wp-content\/uploads\/2020\/07\/anularse-300x300.png"},"related":[80019,79999,285219,80151,19004,131431],"wpml_current_locale":"fr_FR","wpml_translations":[{"locale":"en_US","id":3102,"post_title":"Become Nothing In The Will Of God","href":"https:\/\/generate.focolare.org\/en\/become-nothing-in-the-will-of-god\/"},{"locale":"it_IT","id":3096,"post_title":"Annullarsi nella volont\u00e0 di Dio","href":"https:\/\/generate.focolare.org\/it\/annullarsi-nella-volonta-di-dio\/"},{"locale":"es_ES","id":322479,"post_title":"Anularse en la voluntad de Dios","href":"https:\/\/generate.focolare.org\/es\/anularse-en-la-voluntad-de-dios\/"},{"locale":"pt_PT","id":322545,"post_title":"Anular-se na vontade de Deus","href":"https:\/\/generate.focolare.org\/pt-pt\/anular-se-na-vontade-de-deus\/"},{"locale":"ar","id":279467,"post_title":"\u0645\u0634\u064a\u0626\u0629 \u0627\u0644\u0644\u0647","href":"https:\/\/generate.focolare.org\/ar\/%d9%85%d8%b4%d9%8a%d8%a6%d8%a9-%d8%a7%d9%84%d9%84%d9%87\/"},{"locale":"nl_NL","id":3120,"post_title":"Jezelf tot niets maken in de wil van God","href":"https:\/\/generate.focolare.org\/nl\/jezelf-tot-niets-maken-in-de-wil-van-god\/"},{"locale":"sl_SI","id":3108,"post_title":"Izni\u010diti se v Bo\u017eji volji","href":"https:\/\/generate.focolare.org\/sl\/izniciti-se-v-bozji-volji\/"}],"format":"text","length":"3","restrict_roles":null,"link_to_transcription":null,"source":{"ID":3109,"id":3109,"title":"gen-204-text-fr","filename":"gen-204-text-fr.pdf","filesize":201073,"url":"https:\/\/generate.focolare.org\/wp-content\/uploads\/2020\/06\/gen-204-text-fr.pdf","link":"https:\/\/generate.focolare.org\/fr\/content\/sannuler-dans-la-volonte-de-dieu\/gen-204-text-fr\/","alt":"","author":"1","description":"","caption":"","name":"gen-204-text-fr","status":"inherit","uploaded_to":3114,"date":"2020-06-02 18:24:59","modified":"2020-06-02 18:24:59","menu_order":0,"mime_type":"application\/pdf","type":"application","subtype":"pdf","icon":"https:\/\/generate.focolare.org\/wp-includes\/images\/media\/document.png"}},"headers":[],"status":200}},{"content":{"data":{"id":19849,"date":"1981-01-20","date_gmt":"2020-11-11T04:33:21","guid":{"rendered":"https:\/\/generate.focolare.org\/?post_type=content&#038;p=19849"},"modified":"2020-12-14T22:43:16","modified_gmt":"2020-12-14T21:43:16","slug":"fruits-de-la-volonte-de-dieu-la-priere-du-rosaire","status":"publish","type":"content","link":"https:\/\/generate.focolare.org\/fr\/content\/fruits-de-la-volonte-de-dieu-la-priere-du-rosaire\/","title":{"rendered":"Fruits de la volont\u00e9 de Dieu &#8211; La pri\u00e8re du Rosaire"},"excerpt":{"rendered":"<p>La pri\u00e8re et, en particulier le chapelet, tel que je le prie: signification des diff\u00e9rents myst\u00e8res.<\/p>\n","protected":false},"featured_media":272792,"comment_status":"closed","ping_status":"closed","template":"","tags":[5103,4546,4544,4885,4874],"contributor":[8558],"location":[8566],"audience":[8557],"class_list":["post-19849","content","type-content","status-publish","has-post-thumbnail","hentry","tag-chapelet","tag-moderne","tag-mysteres","tag-pape","tag-priere","contributor-lubich-chiara","location-rocca-di-papa","audience-gen-2"],"featured_media_url":{"thumbnail":"https:\/\/generate.focolare.org\/wp-content\/uploads\/2020\/07\/\u1109\u1173\u110f\u1173\u1105\u1175\u11ab\u1109\u1163\u11ba-2022-09-30-\u110b\u1169\u110c\u1165\u11ab-10.19.52-150x150.png","medium":"https:\/\/generate.focolare.org\/wp-content\/uploads\/2020\/07\/\u1109\u1173\u110f\u1173\u1105\u1175\u11ab\u1109\u1163\u11ba-2022-09-30-\u110b\u1169\u110c\u1165\u11ab-10.19.52-300x221.png","medium_large":"https:\/\/generate.focolare.org\/wp-content\/uploads\/2020\/07\/\u1109\u1173\u110f\u1173\u1105\u1175\u11ab\u1109\u1163\u11ba-2022-09-30-\u110b\u1169\u110c\u1165\u11ab-10.19.52-768x566.png","large":"https:\/\/generate.focolare.org\/wp-content\/uploads\/2020\/07\/\u1109\u1173\u110f\u1173\u1105\u1175\u11ab\u1109\u1163\u11ba-2022-09-30-\u110b\u1169\u110c\u1165\u11ab-10.19.52-1024x755.png","1536x1536":"https:\/\/generate.focolare.org\/wp-content\/uploads\/2020\/07\/\u1109\u1173\u110f\u1173\u1105\u1175\u11ab\u1109\u1163\u11ba-2022-09-30-\u110b\u1169\u110c\u1165\u11ab-10.19.52-1536x1133.png","2048x2048":"https:\/\/generate.focolare.org\/wp-content\/uploads\/2020\/07\/\u1109\u1173\u110f\u1173\u1105\u1175\u11ab\u1109\u1163\u11ba-2022-09-30-\u110b\u1169\u110c\u1165\u11ab-10.19.52-2048x1510.png","banner":"https:\/\/generate.focolare.org\/wp-content\/uploads\/2020\/07\/\u1109\u1173\u110f\u1173\u1105\u1175\u11ab\u1109\u1163\u11ba-2022-09-30-\u110b\u1169\u110c\u1165\u11ab-10.19.52-1800x700.png","preview":"https:\/\/generate.focolare.org\/wp-content\/uploads\/2020\/07\/\u1109\u1173\u110f\u1173\u1105\u1175\u11ab\u1109\u1163\u11ba-2022-09-30-\u110b\u1169\u110c\u1165\u11ab-10.19.52-500x400.png","profile_24":"https:\/\/generate.focolare.org\/wp-content\/uploads\/2020\/07\/\u1109\u1173\u110f\u1173\u1105\u1175\u11ab\u1109\u1163\u11ba-2022-09-30-\u110b\u1169\u110c\u1165\u11ab-10.19.52-24x24.png","profile_48":"https:\/\/generate.focolare.org\/wp-content\/uploads\/2020\/07\/\u1109\u1173\u110f\u1173\u1105\u1175\u11ab\u1109\u1163\u11ba-2022-09-30-\u110b\u1169\u110c\u1165\u11ab-10.19.52-48x48.png","profile_96":"https:\/\/generate.focolare.org\/wp-content\/uploads\/2020\/07\/\u1109\u1173\u110f\u1173\u1105\u1175\u11ab\u1109\u1163\u11ba-2022-09-30-\u110b\u1169\u110c\u1165\u11ab-10.19.52-96x96.png","profile_150":"https:\/\/generate.focolare.org\/wp-content\/uploads\/2020\/07\/\u1109\u1173\u110f\u1173\u1105\u1175\u11ab\u1109\u1163\u11ba-2022-09-30-\u110b\u1169\u110c\u1165\u11ab-10.19.52-150x150.png","profile_300":"https:\/\/generate.focolare.org\/wp-content\/uploads\/2020\/07\/\u1109\u1173\u110f\u1173\u1105\u1175\u11ab\u1109\u1163\u11ba-2022-09-30-\u110b\u1169\u110c\u1165\u11ab-10.19.52-300x300.png"},"related":[80019,79999,3114,285219,80151,19004],"wpml_current_locale":"fr_FR","wpml_translations":[{"locale":"en_US","id":19794,"post_title":"Praying the rosary","href":"https:\/\/generate.focolare.org\/en\/praying-the-rosary\/"},{"locale":"it_IT","id":19829,"post_title":"Frutti della volont\u00e0 di Dio - La Preghiera del Rosario","href":"https:\/\/generate.focolare.org\/it\/frutti-della-volonta-di-dio-la-preghiera-del-rosario\/"},{"locale":"es_ES","id":19847,"post_title":"La oraci\u00f3n del Rosario","href":"https:\/\/generate.focolare.org\/es\/la-oracion-del-rosario\/"},{"locale":"pt_PT","id":19848,"post_title":"Frutos da vontade de Deus","href":"https:\/\/generate.focolare.org\/pt-pt\/frutos-da-vontade-de-deus\/"},{"locale":"ar","id":19852,"post_title":"\u062b\u0645\u0627\u0631 \u0625\u0631\u0627\u062f\u0629 \u0627\u0644\u0644\u0647- \u0635\u0644\u0627\u0629 \u0627\u0644\u0645\u0633\u0628\u062d\u0629 \u0627\u0644\u0648\u0631\u062f\u064a\u0651\u0629","href":"https:\/\/generate.focolare.org\/ar\/praying-the-rosary-ar\/"},{"locale":"nl_NL","id":19851,"post_title":"De vruchten van de wil van God - Het gebed van de rozenkrans","href":"https:\/\/generate.focolare.org\/nl\/de-vruchten-van-de-wil-van-god-het-gebed-van-de-rozenkrans\/"},{"locale":"de_DE","id":19850,"post_title":"Fr\u00fcchte aus dem gelebten Willen Gottes - Das Rosenkranzgebet","href":"https:\/\/generate.focolare.org\/de\/fruchte-aus-dem-gelebten-willen-gottes-das-rosenkranzgebet\/"},{"locale":"ko_KR","id":19853,"post_title":"\ub85c\uc0ac\ub9ac\uc624 \uae30\ub3c4","href":"https:\/\/generate.focolare.org\/ko\/praying-the-rosary-ko\/"},{"locale":"pl_PL","id":19855,"post_title":"Owoce woli Bo\u017cej \u2013 Modlitwa r\u00f3\u017ca\u0144cowa","href":"https:\/\/generate.focolare.org\/pl\/owoce-woli-bozej-modlitwa-rozancowa\/"},{"locale":"sl_SI","id":19854,"post_title":"Molitev ro\u017enega venca","href":"https:\/\/generate.focolare.org\/sl\/molitev-roznega-venca\/"}],"format":"video","length":"17","transcriptions":[{"language":"it","file":{"ID":19860,"id":19860,"title":"0224m3-text-it","filename":"0224m3-text-it.pdf","filesize":98201,"url":"https:\/\/generate.focolare.org\/wp-content\/uploads\/2020\/07\/0224m3-text-it.pdf","link":"https:\/\/generate.focolare.org\/fr\/content\/fruits-de-la-volonte-de-dieu-la-priere-du-rosaire\/0224m3-text-it-2\/","alt":"","author":"0","description":"","caption":"","name":"0224m3-text-it-2","status":"inherit","uploaded_to":19849,"date":"2020-07-04 11:44:36","modified":"2020-11-14 18:08:29","menu_order":0,"mime_type":"application\/pdf","type":"application","subtype":"pdf","icon":"https:\/\/generate.focolare.org\/wp-includes\/images\/media\/document.png"}},{"language":"en","file":{"ID":19877,"id":19877,"title":"0224m3-text-en","filename":"0224m3-text-en.pdf","filesize":97248,"url":"https:\/\/generate.focolare.org\/wp-content\/uploads\/2020\/07\/0224m3-text-en.pdf","link":"https:\/\/generate.focolare.org\/fr\/content\/fruits-de-la-volonte-de-dieu-la-priere-du-rosaire\/0224m3-text-en-2\/","alt":"","author":"0","description":"","caption":"","name":"0224m3-text-en-2","status":"inherit","uploaded_to":19849,"date":"2020-07-04 11:44:40","modified":"2020-11-14 18:08:29","menu_order":0,"mime_type":"application\/pdf","type":"application","subtype":"pdf","icon":"https:\/\/generate.focolare.org\/wp-includes\/images\/media\/document.png"}},{"language":"es","file":{"ID":19894,"id":19894,"title":"0224m3-text-es","filename":"0224m3-text-es.pdf","filesize":35624,"url":"https:\/\/generate.focolare.org\/wp-content\/uploads\/2020\/07\/0224m3-text-es.pdf","link":"https:\/\/generate.focolare.org\/fr\/content\/fruits-de-la-volonte-de-dieu-la-priere-du-rosaire\/0224m3-text-es-2\/","alt":"","author":"0","description":"","caption":"","name":"0224m3-text-es-2","status":"inherit","uploaded_to":19849,"date":"2020-07-04 11:44:44","modified":"2020-11-14 18:08:29","menu_order":0,"mime_type":"application\/pdf","type":"application","subtype":"pdf","icon":"https:\/\/generate.focolare.org\/wp-includes\/images\/media\/document.png"}},{"language":"sl","file":{"ID":19911,"id":19911,"title":"0224m3-text-sl","filename":"0224m3-text-sl.pdf","filesize":119455,"url":"https:\/\/generate.focolare.org\/wp-content\/uploads\/2020\/07\/0224m3-text-sl.pdf","link":"https:\/\/generate.focolare.org\/fr\/content\/fruits-de-la-volonte-de-dieu-la-priere-du-rosaire\/0224m3-text-sl-2\/","alt":"","author":"0","description":"","caption":"","name":"0224m3-text-sl-2","status":"inherit","uploaded_to":19849,"date":"2020-07-04 11:44:49","modified":"2020-11-14 18:08:29","menu_order":0,"mime_type":"application\/pdf","type":"application","subtype":"pdf","icon":"https:\/\/generate.focolare.org\/wp-includes\/images\/media\/document.png"}},{"language":"ar","file":{"ID":61300,"id":61300,"title":"19810120 - Frutti della Volonta di Dio - Arabo","filename":"19810120-Frutti-della-Volonta-di-Dio-Arabo.pdf","filesize":434564,"url":"https:\/\/generate.focolare.org\/wp-content\/uploads\/2020\/10\/19810120-Frutti-della-Volonta-di-Dio-Arabo.pdf","link":"https:\/\/generate.focolare.org\/fr\/content\/fruits-de-la-volonte-de-dieu-la-priere-du-rosaire\/19810120-frutti-della-volonta-di-dio-arabo-2\/","alt":"","author":"6","description":"","caption":"","name":"19810120-frutti-della-volonta-di-dio-arabo-2","status":"inherit","uploaded_to":19849,"date":"2020-10-23 15:19:31","modified":"2020-10-23 15:19:31","menu_order":0,"mime_type":"application\/pdf","type":"application","subtype":"pdf","icon":"https:\/\/generate.focolare.org\/wp-includes\/images\/media\/document.png"}},{"language":"fr","file":{"ID":65195,"id":65195,"title":"tfr-scm-19810120-0224m3-gen2","filename":"tfr-scm-19810120-0224m3-gen2.pdf","filesize":447999,"url":"https:\/\/generate.focolare.org\/wp-content\/uploads\/2020\/10\/tfr-scm-19810120-0224m3-gen2.pdf","link":"https:\/\/generate.focolare.org\/fr\/content\/fruits-de-la-volonte-de-dieu-la-priere-du-rosaire\/tfr-scm-19810120-0224m3-gen2-3\/","alt":"","author":"6","description":"","caption":"","name":"tfr-scm-19810120-0224m3-gen2-3","status":"inherit","uploaded_to":19849,"date":"2020-10-26 04:41:21","modified":"2020-10-26 04:41:21","menu_order":0,"mime_type":"application\/pdf","type":"application","subtype":"pdf","icon":"https:\/\/generate.focolare.org\/wp-includes\/images\/media\/document.png"}},{"language":"pl","file":{"ID":65212,"id":65212,"title":"tpl_0224m3a_chiara_do_gen2_modlitwa_rozancowa","filename":"tpl_0224m3a_chiara_do_gen2_modlitwa_rozancowa.pdf","filesize":228993,"url":"https:\/\/generate.focolare.org\/wp-content\/uploads\/2020\/10\/tpl_0224m3a_chiara_do_gen2_modlitwa_rozancowa.pdf","link":"https:\/\/generate.focolare.org\/fr\/content\/fruits-de-la-volonte-de-dieu-la-priere-du-rosaire\/tpl_0224m3a_chiara_do_gen2_modlitwa_rozancowa-3\/","alt":"","author":"6","description":"","caption":"","name":"tpl_0224m3a_chiara_do_gen2_modlitwa_rozancowa-3","status":"inherit","uploaded_to":19849,"date":"2020-10-26 04:42:04","modified":"2020-10-26 04:42:04","menu_order":0,"mime_type":"application\/pdf","type":"application","subtype":"pdf","icon":"https:\/\/generate.focolare.org\/wp-includes\/images\/media\/document.png"}},{"language":"pt-pt","file":{"ID":65229,"id":65229,"title":"tbs-scm-19810120-0224m3-gen-2","filename":"tbs-scm-19810120-0224m3-gen-2.pdf","filesize":989143,"url":"https:\/\/generate.focolare.org\/wp-content\/uploads\/2020\/10\/tbs-scm-19810120-0224m3-gen-2.pdf","link":"https:\/\/generate.focolare.org\/fr\/content\/fruits-de-la-volonte-de-dieu-la-priere-du-rosaire\/tbs-scm-19810120-0224m3-gen-2-3\/","alt":"","author":"6","description":"","caption":"","name":"tbs-scm-19810120-0224m3-gen-2-3","status":"inherit","uploaded_to":19849,"date":"2020-10-26 04:42:53","modified":"2020-10-26 04:42:53","menu_order":0,"mime_type":"application\/pdf","type":"application","subtype":"pdf","icon":"https:\/\/generate.focolare.org\/wp-includes\/images\/media\/document.png"}},{"language":"de","file":{"ID":65246,"id":65246,"title":"ted-scm-19810120-0224m3-gen-2-nuovo_del_12_luglio","filename":"ted-scm-19810120-0224m3-gen-2-nuovo_del_12_luglio.pdf","filesize":61700,"url":"https:\/\/generate.focolare.org\/wp-content\/uploads\/2020\/10\/ted-scm-19810120-0224m3-gen-2-nuovo_del_12_luglio.pdf","link":"https:\/\/generate.focolare.org\/fr\/content\/fruits-de-la-volonte-de-dieu-la-priere-du-rosaire\/ted-scm-19810120-0224m3-gen-2-nuovo_del_12_luglio-3\/","alt":"","author":"6","description":"","caption":"","name":"ted-scm-19810120-0224m3-gen-2-nuovo_del_12_luglio-3","status":"inherit","uploaded_to":19849,"date":"2020-10-26 04:43:26","modified":"2020-10-26 04:43:26","menu_order":0,"mime_type":"application\/pdf","type":"application","subtype":"pdf","icon":"https:\/\/generate.focolare.org\/wp-includes\/images\/media\/document.png"}},{"language":"ko","file":{"ID":65263,"id":65263,"title":"tco-19810120_il_rosario_k16_vers_2017_0224m3-gen-2","filename":"tco-19810120_il_rosario_k16_vers_2017_0224m3-gen-2.pdf","filesize":752494,"url":"https:\/\/generate.focolare.org\/wp-content\/uploads\/2020\/10\/tco-19810120_il_rosario_k16_vers_2017_0224m3-gen-2.pdf","link":"https:\/\/generate.focolare.org\/fr\/content\/fruits-de-la-volonte-de-dieu-la-priere-du-rosaire\/tco-19810120_il_rosario_k16_vers_2017_0224m3-gen-2-3\/","alt":"","author":"6","description":"","caption":"","name":"tco-19810120_il_rosario_k16_vers_2017_0224m3-gen-2-3","status":"inherit","uploaded_to":19849,"date":"2020-10-26 04:43:40","modified":"2020-10-26 04:43:40","menu_order":0,"mime_type":"application\/pdf","type":"application","subtype":"pdf","icon":"https:\/\/generate.focolare.org\/wp-includes\/images\/media\/document.png"}},{"language":"nl","file":{"ID":65280,"id":65280,"title":"tne-19810120-0224m3-gen-2def","filename":"tne-19810120-0224m3-gen-2def.pdf","filesize":817514,"url":"https:\/\/generate.focolare.org\/wp-content\/uploads\/2020\/10\/tne-19810120-0224m3-gen-2def.pdf","link":"https:\/\/generate.focolare.org\/fr\/content\/fruits-de-la-volonte-de-dieu-la-priere-du-rosaire\/tne-19810120-0224m3-gen-2def-3\/","alt":"","author":"6","description":"","caption":"","name":"tne-19810120-0224m3-gen-2def-3","status":"inherit","uploaded_to":19849,"date":"2020-10-26 04:43:53","modified":"2020-10-26 04:43:53","menu_order":0,"mime_type":"application\/pdf","type":"application","subtype":"pdf","icon":"https:\/\/generate.focolare.org\/wp-includes\/images\/media\/document.png"}}],"restrict_roles":null,"source":{"ID":19799,"id":19799,"title":"csc-0224m3-video","filename":"csc-0224m3-video.mp4","filesize":283150769,"url":"https:\/\/generate.focolare.org\/wp-content\/uploads\/2020\/07\/csc-0224m3-video.mp4.hsl\/index.m3u8","link":"https:\/\/generate.focolare.org\/fr\/content\/fruits-de-la-volonte-de-dieu-la-priere-du-rosaire\/csc-0224m3-video-2\/","alt":"","author":"0","description":"","caption":"","name":"csc-0224m3-video-2","status":"inherit","uploaded_to":19849,"date":"2020-07-04 11:44:26","modified":"2020-11-14 18:08:29","menu_order":0,"mime_type":"application\/x-mpegURL","type":"video","subtype":"mp4","icon":"https:\/\/generate.focolare.org\/wp-includes\/images\/media\/video.png","width":720,"height":576}},"headers":[],"status":200}},{"content":{"data":{"id":80019,"date":"1980-09-29","date_gmt":"2020-12-20T03:52:37","guid":{"rendered":"https:\/\/generate.focolare.org\/?post_type=content&#038;p=80019"},"modified":"2020-12-20T04:52:37","modified_gmt":"2020-12-20T03:52:37","slug":"la-volonte-de-dieu","status":"publish","type":"content","link":"https:\/\/generate.focolare.org\/fr\/content\/la-volonte-de-dieu\/","title":{"rendered":"La Volont\u00e9 de Dieu"},"excerpt":{"rendered":"<p>En regardant le plan de Dieu sur nous, on se r\u00e9alise pleinement comme des hommes et cela nous rend heureux et libres. Commen\u00e7ons imm\u00e9diatement l&rsquo;aventure de la volont\u00e9 de Dieu.<\/p>\n","protected":false},"featured_media":105656,"comment_status":"closed","ping_status":"closed","template":"","tags":[4131,4325,5418],"contributor":[8558],"location":[8566],"audience":[8557],"class_list":["post-80019","content","type-content","status-publish","has-post-thumbnail","hentry","tag-beatitude","tag-bonheur","tag-volonte-de-dieu","contributor-lubich-chiara","location-rocca-di-papa","audience-gen-2"],"featured_media_url":{"thumbnail":"https:\/\/generate.focolare.org\/wp-content\/uploads\/2021\/01\/24-1-150x150.jpg","medium":"https:\/\/generate.focolare.org\/wp-content\/uploads\/2021\/01\/24-1-300x197.jpg","medium_large":"https:\/\/generate.focolare.org\/wp-content\/uploads\/2021\/01\/24-1-768x504.jpg","large":"https:\/\/generate.focolare.org\/wp-content\/uploads\/2021\/01\/24-1-1024x672.jpg","1536x1536":"https:\/\/generate.focolare.org\/wp-content\/uploads\/2021\/01\/24-1-1536x1008.jpg","2048x2048":"https:\/\/generate.focolare.org\/wp-content\/uploads\/2021\/01\/24-1-2048x1344.jpg","banner":"https:\/\/generate.focolare.org\/wp-content\/uploads\/2021\/01\/24-1-1800x700.jpg","preview":"https:\/\/generate.focolare.org\/wp-content\/uploads\/2021\/01\/24-1-500x400.jpg","profile_24":"https:\/\/generate.focolare.org\/wp-content\/uploads\/2021\/01\/24-1.jpg","profile_48":"https:\/\/generate.focolare.org\/wp-content\/uploads\/2021\/01\/24-1.jpg","profile_96":"https:\/\/generate.focolare.org\/wp-content\/uploads\/2021\/01\/24-1.jpg","profile_150":"https:\/\/generate.focolare.org\/wp-content\/uploads\/2021\/01\/24-1.jpg","profile_300":"https:\/\/generate.focolare.org\/wp-content\/uploads\/2021\/01\/24-1.jpg"},"related":[3114,36719,19849,62084,270965,128178],"wpml_current_locale":"fr_FR","wpml_translations":[{"locale":"en_US","id":80021,"post_title":"The Will of God","href":"https:\/\/generate.focolare.org\/en\/the-will-of-god\/"},{"locale":"it_IT","id":60933,"post_title":"La Volont\u00e0 di Dio","href":"https:\/\/generate.focolare.org\/it\/la-volonta-di-dio\/"},{"locale":"es_ES","id":80015,"post_title":"La Voluntad De Dios","href":"https:\/\/generate.focolare.org\/es\/la-voluntad-de-dios\/"},{"locale":"pt_PT","id":80017,"post_title":"A Vontade de Deus","href":"https:\/\/generate.focolare.org\/pt-pt\/a-vontade-de-deus\/"},{"locale":"ar","id":80020,"post_title":"\u0625\u0631\u0627\u062f\u0629 \u0627\u0644\u0644\u0647","href":"https:\/\/generate.focolare.org\/ar\/the-will-of-god-ar\/"},{"locale":"nl_NL","id":80022,"post_title":"De wil van God","href":"https:\/\/generate.focolare.org\/nl\/de-wil-van-god\/"},{"locale":"de_DE","id":80018,"post_title":"Der Wille Gottes","href":"https:\/\/generate.focolare.org\/de\/der-wille-gottes\/"},{"locale":"sl_SI","id":80016,"post_title":"Bo\u017eja volja","href":"https:\/\/generate.focolare.org\/sl\/bozja-volja\/"}],"link_to_transcription":true,"format":"audio","length":"8","transcriptions":[{"language":"es","file":{"ID":60956,"id":60956,"title":"ACL-DS-19800929-TI-A-es","filename":"ACL-DS-19800929-TI-A-es.pdf","filesize":50449,"url":"https:\/\/generate.focolare.org\/wp-content\/uploads\/2020\/10\/ACL-DS-19800929-TI-A-es.pdf","link":"https:\/\/generate.focolare.org\/fr\/acl-ds-19800929-ti-a-es-2\/","alt":"","author":"6","description":"","caption":"","name":"acl-ds-19800929-ti-a-es-2","status":"inherit","uploaded_to":0,"date":"2020-10-23 14:45:50","modified":"2020-10-23 14:45:50","menu_order":0,"mime_type":"application\/pdf","type":"application","subtype":"pdf","icon":"https:\/\/generate.focolare.org\/wp-includes\/images\/media\/document.png"}},{"language":"sl","file":{"ID":60973,"id":60973,"title":"ACL-DS-19800929-T-sl","filename":"ACL-DS-19800929-T-sl.pdf","filesize":25656,"url":"https:\/\/generate.focolare.org\/wp-content\/uploads\/2020\/10\/ACL-DS-19800929-T-sl.pdf","link":"https:\/\/generate.focolare.org\/fr\/acl-ds-19800929-t-sl-2\/","alt":"","author":"6","description":"","caption":"","name":"acl-ds-19800929-t-sl-2","status":"inherit","uploaded_to":0,"date":"2020-10-23 14:46:27","modified":"2020-10-23 14:46:27","menu_order":0,"mime_type":"application\/pdf","type":"application","subtype":"pdf","icon":"https:\/\/generate.focolare.org\/wp-includes\/images\/media\/document.png"}},{"language":"pt-pt","file":{"ID":60990,"id":60990,"title":"ACL-DS-19800929-TT-A-pt","filename":"ACL-DS-19800929-TT-A-pt.pdf","filesize":164715,"url":"https:\/\/generate.focolare.org\/wp-content\/uploads\/2020\/10\/ACL-DS-19800929-TT-A-pt.pdf","link":"https:\/\/generate.focolare.org\/fr\/acl-ds-19800929-tt-a-pt-2\/","alt":"","author":"6","description":"","caption":"","name":"acl-ds-19800929-tt-a-pt-2","status":"inherit","uploaded_to":0,"date":"2020-10-23 14:46:37","modified":"2020-10-23 14:46:37","menu_order":0,"mime_type":"application\/pdf","type":"application","subtype":"pdf","icon":"https:\/\/generate.focolare.org\/wp-includes\/images\/media\/document.png"}},{"language":"de","file":{"ID":61007,"id":61007,"title":"ACL-DS-19800929-TI-A-de","filename":"ACL-DS-19800929-TI-A-de.pdf","filesize":102359,"url":"https:\/\/generate.focolare.org\/wp-content\/uploads\/2020\/10\/ACL-DS-19800929-TI-A-de.pdf","link":"https:\/\/generate.focolare.org\/fr\/acl-ds-19800929-ti-a-de-2\/","alt":"","author":"6","description":"","caption":"","name":"acl-ds-19800929-ti-a-de-2","status":"inherit","uploaded_to":0,"date":"2020-10-23 14:46:43","modified":"2020-10-23 14:46:43","menu_order":0,"mime_type":"application\/pdf","type":"application","subtype":"pdf","icon":"https:\/\/generate.focolare.org\/wp-includes\/images\/media\/document.png"}},{"language":"fr","file":{"ID":61024,"id":61024,"title":"ACL-DS-19800929-TI-A-fr","filename":"ACL-DS-19800929-TI-A-fr.pdf","filesize":63306,"url":"https:\/\/generate.focolare.org\/wp-content\/uploads\/2020\/10\/ACL-DS-19800929-TI-A-fr.pdf","link":"https:\/\/generate.focolare.org\/fr\/acl-ds-19800929-ti-a-fr-2\/","alt":"","author":"6","description":"","caption":"","name":"acl-ds-19800929-ti-a-fr-2","status":"inherit","uploaded_to":0,"date":"2020-10-23 14:46:51","modified":"2020-10-23 14:46:51","menu_order":0,"mime_type":"application\/pdf","type":"application","subtype":"pdf","icon":"https:\/\/generate.focolare.org\/wp-includes\/images\/media\/document.png"}},{"language":"ar","file":{"ID":61041,"id":61041,"title":"ACL-DS-19800929-TI-A-ar","filename":"ACL-DS-19800929-TI-A-ar.pdf","filesize":63669,"url":"https:\/\/generate.focolare.org\/wp-content\/uploads\/2020\/10\/ACL-DS-19800929-TI-A-ar.pdf","link":"https:\/\/generate.focolare.org\/fr\/acl-ds-19800929-ti-a-ar-2\/","alt":"","author":"6","description":"","caption":"","name":"acl-ds-19800929-ti-a-ar-2","status":"inherit","uploaded_to":0,"date":"2020-10-23 14:46:56","modified":"2020-10-23 14:46:56","menu_order":0,"mime_type":"application\/pdf","type":"application","subtype":"pdf","icon":"https:\/\/generate.focolare.org\/wp-includes\/images\/media\/document.png"}},{"language":"it","file":{"ID":61058,"id":61058,"title":"ACL-DS-19800929-TI-A","filename":"ACL-DS-19800929-TI-A.pdf","filesize":145491,"url":"https:\/\/generate.focolare.org\/wp-content\/uploads\/2020\/10\/ACL-DS-19800929-TI-A.pdf","link":"https:\/\/generate.focolare.org\/fr\/acl-ds-19800929-ti-a-2\/","alt":"","author":"6","description":"","caption":"","name":"acl-ds-19800929-ti-a-2","status":"inherit","uploaded_to":0,"date":"2020-10-23 14:47:03","modified":"2020-10-23 14:47:03","menu_order":0,"mime_type":"application\/pdf","type":"application","subtype":"pdf","icon":"https:\/\/generate.focolare.org\/wp-includes\/images\/media\/document.png"}},{"language":"en","file":{"ID":281751,"id":281751,"title":"GMU-G2-Chiara_Some thoughts on the will of God_19800929","filename":"GMU-G2-Chiara_Some-thoughts-on-the-will-of-God_19800929.pdf","filesize":225699,"url":"https:\/\/generate.focolare.org\/wp-content\/uploads\/2020\/10\/GMU-G2-Chiara_Some-thoughts-on-the-will-of-God_19800929.pdf","link":"https:\/\/generate.focolare.org\/fr\/content\/la-volonte-de-dieu\/gmu-g2-chiara_some-thoughts-on-the-will-of-god_19800929-2\/","alt":"","author":"555","description":"","caption":"","name":"gmu-g2-chiara_some-thoughts-on-the-will-of-god_19800929-2","status":"inherit","uploaded_to":80019,"date":"2022-12-14 09:40:24","modified":"2022-12-14 09:40:24","menu_order":0,"mime_type":"application\/pdf","type":"application","subtype":"pdf","icon":"https:\/\/generate.focolare.org\/wp-includes\/images\/media\/document.png"}},{"language":"nl","file":{"ID":61092,"id":61092,"title":"19800929 - La Volont\u00e0 di Dio - Olandese","filename":"19800929-La-Volonta-di-Dio-Olandese.pdf","filesize":119612,"url":"https:\/\/generate.focolare.org\/wp-content\/uploads\/2020\/10\/19800929-La-Volonta-di-Dio-Olandese.pdf","link":"https:\/\/generate.focolare.org\/fr\/19800929-la-volonta-di-dio-olandese-2\/","alt":"","author":"6","description":"","caption":"","name":"19800929-la-volonta-di-dio-olandese-2","status":"inherit","uploaded_to":0,"date":"2020-10-23 14:48:17","modified":"2020-10-23 14:48:17","menu_order":0,"mime_type":"application\/pdf","type":"application","subtype":"pdf","icon":"https:\/\/generate.focolare.org\/wp-includes\/images\/media\/document.png"}}],"source":{"ID":60939,"id":60939,"title":"Chiara nel giardino di casa sua: Alcuni pensieri sulla volont\u00e0 di Dio","filename":"SCA-CL-19800929-EL-A.mp3","filesize":4076763,"url":"https:\/\/generate.focolare.org\/wp-content\/uploads\/2020\/10\/SCA-CL-19800929-EL-A.mp3","link":"https:\/\/generate.focolare.org\/fr\/chiara-nel-giardino-di-casa-sua-alcuni-pensieri-sulla-volonta-di-dio-2\/","alt":"","author":"6","description":"\"Chiara nel giardino di casa sua: Alcuni pensieri sulla volont\u00e0 di Dio\" by Chiara Lubich. Released: 1980.","caption":"","name":"chiara-nel-giardino-di-casa-sua-alcuni-pensieri-sulla-volonta-di-dio-2","status":"inherit","uploaded_to":0,"date":"2020-10-23 14:43:23","modified":"2020-10-23 14:45:23","menu_order":0,"mime_type":"audio\/mpeg","type":"audio","subtype":"mpeg","icon":"https:\/\/generate.focolare.org\/wp-includes\/images\/media\/audio.png"},"restrict_roles":null},"headers":[],"status":200}}],"restrict_roles":null},"headers":[],"status":200},{"data":{"id":80019,"date":"1980-09-29","date_gmt":"2020-12-20T03:52:37","guid":{"rendered":"https:\/\/generate.focolare.org\/?post_type=content&#038;p=80019"},"modified":"2020-12-20T04:52:37","modified_gmt":"2020-12-20T03:52:37","slug":"la-volonte-de-dieu","status":"publish","type":"content","link":"https:\/\/generate.focolare.org\/fr\/content\/la-volonte-de-dieu\/","title":{"rendered":"La Volont\u00e9 de Dieu"},"excerpt":{"rendered":"<p>En regardant le plan de Dieu sur nous, on se r\u00e9alise pleinement comme des hommes et cela nous rend heureux et libres. Commen\u00e7ons imm\u00e9diatement l&rsquo;aventure de la volont\u00e9 de Dieu.<\/p>\n","protected":false},"featured_media":105656,"comment_status":"closed","ping_status":"closed","template":"","tags":[4131,4325,5418],"contributor":[8558],"location":[8566],"audience":[8557],"class_list":["post-80019","content","type-content","status-publish","has-post-thumbnail","hentry","tag-beatitude","tag-bonheur","tag-volonte-de-dieu","contributor-lubich-chiara","location-rocca-di-papa","audience-gen-2"],"featured_media_url":{"thumbnail":"https:\/\/generate.focolare.org\/wp-content\/uploads\/2021\/01\/24-1-150x150.jpg","medium":"https:\/\/generate.focolare.org\/wp-content\/uploads\/2021\/01\/24-1-300x197.jpg","medium_large":"https:\/\/generate.focolare.org\/wp-content\/uploads\/2021\/01\/24-1-768x504.jpg","large":"https:\/\/generate.focolare.org\/wp-content\/uploads\/2021\/01\/24-1-1024x672.jpg","1536x1536":"https:\/\/generate.focolare.org\/wp-content\/uploads\/2021\/01\/24-1-1536x1008.jpg","2048x2048":"https:\/\/generate.focolare.org\/wp-content\/uploads\/2021\/01\/24-1-2048x1344.jpg","banner":"https:\/\/generate.focolare.org\/wp-content\/uploads\/2021\/01\/24-1-1800x700.jpg","preview":"https:\/\/generate.focolare.org\/wp-content\/uploads\/2021\/01\/24-1-500x400.jpg","profile_24":"https:\/\/generate.focolare.org\/wp-content\/uploads\/2021\/01\/24-1.jpg","profile_48":"https:\/\/generate.focolare.org\/wp-content\/uploads\/2021\/01\/24-1.jpg","profile_96":"https:\/\/generate.focolare.org\/wp-content\/uploads\/2021\/01\/24-1.jpg","profile_150":"https:\/\/generate.focolare.org\/wp-content\/uploads\/2021\/01\/24-1.jpg","profile_300":"https:\/\/generate.focolare.org\/wp-content\/uploads\/2021\/01\/24-1.jpg"},"related":[3114,36719,19849,62084,270965,128178],"wpml_current_locale":"fr_FR","wpml_translations":[{"locale":"en_US","id":80021,"post_title":"The Will of God","href":"https:\/\/generate.focolare.org\/en\/the-will-of-god\/"},{"locale":"it_IT","id":60933,"post_title":"La Volont\u00e0 di Dio","href":"https:\/\/generate.focolare.org\/it\/la-volonta-di-dio\/"},{"locale":"es_ES","id":80015,"post_title":"La Voluntad De Dios","href":"https:\/\/generate.focolare.org\/es\/la-voluntad-de-dios\/"},{"locale":"pt_PT","id":80017,"post_title":"A Vontade de Deus","href":"https:\/\/generate.focolare.org\/pt-pt\/a-vontade-de-deus\/"},{"locale":"ar","id":80020,"post_title":"\u0625\u0631\u0627\u062f\u0629 \u0627\u0644\u0644\u0647","href":"https:\/\/generate.focolare.org\/ar\/the-will-of-god-ar\/"},{"locale":"nl_NL","id":80022,"post_title":"De wil van God","href":"https:\/\/generate.focolare.org\/nl\/de-wil-van-god\/"},{"locale":"de_DE","id":80018,"post_title":"Der Wille Gottes","href":"https:\/\/generate.focolare.org\/de\/der-wille-gottes\/"},{"locale":"sl_SI","id":80016,"post_title":"Bo\u017eja volja","href":"https:\/\/generate.focolare.org\/sl\/bozja-volja\/"}],"link_to_transcription":true,"format":"audio","length":"8","transcriptions":[{"language":"es","file":{"ID":60956,"id":60956,"title":"ACL-DS-19800929-TI-A-es","filename":"ACL-DS-19800929-TI-A-es.pdf","filesize":50449,"url":"https:\/\/generate.focolare.org\/wp-content\/uploads\/2020\/10\/ACL-DS-19800929-TI-A-es.pdf","link":"https:\/\/generate.focolare.org\/fr\/acl-ds-19800929-ti-a-es-2\/","alt":"","author":"6","description":"","caption":"","name":"acl-ds-19800929-ti-a-es-2","status":"inherit","uploaded_to":0,"date":"2020-10-23 14:45:50","modified":"2020-10-23 14:45:50","menu_order":0,"mime_type":"application\/pdf","type":"application","subtype":"pdf","icon":"https:\/\/generate.focolare.org\/wp-includes\/images\/media\/document.png"}},{"language":"sl","file":{"ID":60973,"id":60973,"title":"ACL-DS-19800929-T-sl","filename":"ACL-DS-19800929-T-sl.pdf","filesize":25656,"url":"https:\/\/generate.focolare.org\/wp-content\/uploads\/2020\/10\/ACL-DS-19800929-T-sl.pdf","link":"https:\/\/generate.focolare.org\/fr\/acl-ds-19800929-t-sl-2\/","alt":"","author":"6","description":"","caption":"","name":"acl-ds-19800929-t-sl-2","status":"inherit","uploaded_to":0,"date":"2020-10-23 14:46:27","modified":"2020-10-23 14:46:27","menu_order":0,"mime_type":"application\/pdf","type":"application","subtype":"pdf","icon":"https:\/\/generate.focolare.org\/wp-includes\/images\/media\/document.png"}},{"language":"pt-pt","file":{"ID":60990,"id":60990,"title":"ACL-DS-19800929-TT-A-pt","filename":"ACL-DS-19800929-TT-A-pt.pdf","filesize":164715,"url":"https:\/\/generate.focolare.org\/wp-content\/uploads\/2020\/10\/ACL-DS-19800929-TT-A-pt.pdf","link":"https:\/\/generate.focolare.org\/fr\/acl-ds-19800929-tt-a-pt-2\/","alt":"","author":"6","description":"","caption":"","name":"acl-ds-19800929-tt-a-pt-2","status":"inherit","uploaded_to":0,"date":"2020-10-23 14:46:37","modified":"2020-10-23 14:46:37","menu_order":0,"mime_type":"application\/pdf","type":"application","subtype":"pdf","icon":"https:\/\/generate.focolare.org\/wp-includes\/images\/media\/document.png"}},{"language":"de","file":{"ID":61007,"id":61007,"title":"ACL-DS-19800929-TI-A-de","filename":"ACL-DS-19800929-TI-A-de.pdf","filesize":102359,"url":"https:\/\/generate.focolare.org\/wp-content\/uploads\/2020\/10\/ACL-DS-19800929-TI-A-de.pdf","link":"https:\/\/generate.focolare.org\/fr\/acl-ds-19800929-ti-a-de-2\/","alt":"","author":"6","description":"","caption":"","name":"acl-ds-19800929-ti-a-de-2","status":"inherit","uploaded_to":0,"date":"2020-10-23 14:46:43","modified":"2020-10-23 14:46:43","menu_order":0,"mime_type":"application\/pdf","type":"application","subtype":"pdf","icon":"https:\/\/generate.focolare.org\/wp-includes\/images\/media\/document.png"}},{"language":"fr","file":{"ID":61024,"id":61024,"title":"ACL-DS-19800929-TI-A-fr","filename":"ACL-DS-19800929-TI-A-fr.pdf","filesize":63306,"url":"https:\/\/generate.focolare.org\/wp-content\/uploads\/2020\/10\/ACL-DS-19800929-TI-A-fr.pdf","link":"https:\/\/generate.focolare.org\/fr\/acl-ds-19800929-ti-a-fr-2\/","alt":"","author":"6","description":"","caption":"","name":"acl-ds-19800929-ti-a-fr-2","status":"inherit","uploaded_to":0,"date":"2020-10-23 14:46:51","modified":"2020-10-23 14:46:51","menu_order":0,"mime_type":"application\/pdf","type":"application","subtype":"pdf","icon":"https:\/\/generate.focolare.org\/wp-includes\/images\/media\/document.png"}},{"language":"ar","file":{"ID":61041,"id":61041,"title":"ACL-DS-19800929-TI-A-ar","filename":"ACL-DS-19800929-TI-A-ar.pdf","filesize":63669,"url":"https:\/\/generate.focolare.org\/wp-content\/uploads\/2020\/10\/ACL-DS-19800929-TI-A-ar.pdf","link":"https:\/\/generate.focolare.org\/fr\/acl-ds-19800929-ti-a-ar-2\/","alt":"","author":"6","description":"","caption":"","name":"acl-ds-19800929-ti-a-ar-2","status":"inherit","uploaded_to":0,"date":"2020-10-23 14:46:56","modified":"2020-10-23 14:46:56","menu_order":0,"mime_type":"application\/pdf","type":"application","subtype":"pdf","icon":"https:\/\/generate.focolare.org\/wp-includes\/images\/media\/document.png"}},{"language":"it","file":{"ID":61058,"id":61058,"title":"ACL-DS-19800929-TI-A","filename":"ACL-DS-19800929-TI-A.pdf","filesize":145491,"url":"https:\/\/generate.focolare.org\/wp-content\/uploads\/2020\/10\/ACL-DS-19800929-TI-A.pdf","link":"https:\/\/generate.focolare.org\/fr\/acl-ds-19800929-ti-a-2\/","alt":"","author":"6","description":"","caption":"","name":"acl-ds-19800929-ti-a-2","status":"inherit","uploaded_to":0,"date":"2020-10-23 14:47:03","modified":"2020-10-23 14:47:03","menu_order":0,"mime_type":"application\/pdf","type":"application","subtype":"pdf","icon":"https:\/\/generate.focolare.org\/wp-includes\/images\/media\/document.png"}},{"language":"en","file":{"ID":281751,"id":281751,"title":"GMU-G2-Chiara_Some thoughts on the will of God_19800929","filename":"GMU-G2-Chiara_Some-thoughts-on-the-will-of-God_19800929.pdf","filesize":225699,"url":"https:\/\/generate.focolare.org\/wp-content\/uploads\/2020\/10\/GMU-G2-Chiara_Some-thoughts-on-the-will-of-God_19800929.pdf","link":"https:\/\/generate.focolare.org\/fr\/content\/la-volonte-de-dieu\/gmu-g2-chiara_some-thoughts-on-the-will-of-god_19800929-2\/","alt":"","author":"555","description":"","caption":"","name":"gmu-g2-chiara_some-thoughts-on-the-will-of-god_19800929-2","status":"inherit","uploaded_to":80019,"date":"2022-12-14 09:40:24","modified":"2022-12-14 09:40:24","menu_order":0,"mime_type":"application\/pdf","type":"application","subtype":"pdf","icon":"https:\/\/generate.focolare.org\/wp-includes\/images\/media\/document.png"}},{"language":"nl","file":{"ID":61092,"id":61092,"title":"19800929 - La Volont\u00e0 di Dio - Olandese","filename":"19800929-La-Volonta-di-Dio-Olandese.pdf","filesize":119612,"url":"https:\/\/generate.focolare.org\/wp-content\/uploads\/2020\/10\/19800929-La-Volonta-di-Dio-Olandese.pdf","link":"https:\/\/generate.focolare.org\/fr\/19800929-la-volonta-di-dio-olandese-2\/","alt":"","author":"6","description":"","caption":"","name":"19800929-la-volonta-di-dio-olandese-2","status":"inherit","uploaded_to":0,"date":"2020-10-23 14:48:17","modified":"2020-10-23 14:48:17","menu_order":0,"mime_type":"application\/pdf","type":"application","subtype":"pdf","icon":"https:\/\/generate.focolare.org\/wp-includes\/images\/media\/document.png"}}],"source":{"ID":60939,"id":60939,"title":"Chiara nel giardino di casa sua: Alcuni pensieri sulla volont\u00e0 di Dio","filename":"SCA-CL-19800929-EL-A.mp3","filesize":4076763,"url":"https:\/\/generate.focolare.org\/wp-content\/uploads\/2020\/10\/SCA-CL-19800929-EL-A.mp3","link":"https:\/\/generate.focolare.org\/fr\/chiara-nel-giardino-di-casa-sua-alcuni-pensieri-sulla-volonta-di-dio-2\/","alt":"","author":"6","description":"\"Chiara nel giardino di casa sua: Alcuni pensieri sulla volont\u00e0 di Dio\" by Chiara Lubich. Released: 1980.","caption":"","name":"chiara-nel-giardino-di-casa-sua-alcuni-pensieri-sulla-volonta-di-dio-2","status":"inherit","uploaded_to":0,"date":"2020-10-23 14:43:23","modified":"2020-10-23 14:45:23","menu_order":0,"mime_type":"audio\/mpeg","type":"audio","subtype":"mpeg","icon":"https:\/\/generate.focolare.org\/wp-includes\/images\/media\/audio.png"},"restrict_roles":null},"headers":[],"status":200},{"data":{"id":80256,"date":"2001-08-14","date_gmt":"2020-12-20T03:52:14","guid":{"rendered":"https:\/\/generate.focolare.org\/?post_type=content&#038;p=80256"},"modified":"2021-06-15T11:22:10","modified_gmt":"2021-06-15T10:22:10","slug":"reponse-a-lecole-des-gen-montet","status":"publish","type":"content","link":"https:\/\/generate.focolare.org\/fr\/content\/reponse-a-lecole-des-gen-montet\/","title":{"rendered":"R\u00e9ponse \u00e0 l&rsquo;\u00e9cole des Gen- Montet"},"excerpt":{"rendered":"<p>Chiara parle de l&rsquo;Eucharistie, de la fa\u00e7on dont elle nous transforme et des conditions pour la recevoir ; de l&rsquo;importance de bien vivre la Volont\u00e9 de Dieu dans le moment pr\u00e9sent et conseille aux Gen de vivre la Parole, parce que le destin des Gen est d&rsquo;\u00eatre dans le sein du P\u00e8re.<\/p>\n","protected":false},"featured_media":106166,"comment_status":"closed","ping_status":"closed","template":"","tags":[4314,4883,4916,5331,5418],"contributor":[8558],"location":[11118],"audience":[8557],"class_list":["post-80256","content","type-content","status-publish","has-post-thumbnail","hentry","tag-eucharistie","tag-parole","tag-present","tag-verbe","tag-volonte-de-dieu","contributor-lubich-chiara","location-montet-mariapolis-foco","audience-gen-2"],"featured_media_url":{"thumbnail":"https:\/\/generate.focolare.org\/wp-content\/uploads\/2020\/09\/569989119_640-1-150x150.jpg","medium":"https:\/\/generate.focolare.org\/wp-content\/uploads\/2020\/09\/569989119_640-1-300x228.jpg","medium_large":"https:\/\/generate.focolare.org\/wp-content\/uploads\/2020\/09\/569989119_640-1.jpg","large":"https:\/\/generate.focolare.org\/wp-content\/uploads\/2020\/09\/569989119_640-1.jpg","1536x1536":"https:\/\/generate.focolare.org\/wp-content\/uploads\/2020\/09\/569989119_640-1.jpg","2048x2048":"https:\/\/generate.focolare.org\/wp-content\/uploads\/2020\/09\/569989119_640-1.jpg","banner":"https:\/\/generate.focolare.org\/wp-content\/uploads\/2020\/09\/569989119_640-1.jpg","preview":"https:\/\/generate.focolare.org\/wp-content\/uploads\/2020\/09\/569989119_640-1-500x400.jpg","profile_24":"https:\/\/generate.focolare.org\/wp-content\/uploads\/2020\/09\/569989119_640-1.jpg","profile_48":"https:\/\/generate.focolare.org\/wp-content\/uploads\/2020\/09\/569989119_640-1.jpg","profile_96":"https:\/\/generate.focolare.org\/wp-content\/uploads\/2020\/09\/569989119_640-1.jpg","profile_150":"https:\/\/generate.focolare.org\/wp-content\/uploads\/2020\/09\/569989119_640-1.jpg","profile_300":"https:\/\/generate.focolare.org\/wp-content\/uploads\/2020\/09\/569989119_640-1.jpg"},"related":[20995,19787,80491,59349,80441,59348],"wpml_current_locale":"fr_FR","wpml_translations":[{"locale":"en_US","id":80258,"post_title":"Answers to the Gen School-Montet","href":"https:\/\/generate.focolare.org\/en\/answers-to-the-gen-school-montet\/"},{"locale":"it_IT","id":35671,"post_title":"Risposta Alla Scuola Dei Gen - Montet","href":"https:\/\/generate.focolare.org\/it\/risposta-alla-scuola-dei-gen-montet\/"},{"locale":"es_ES","id":80264,"post_title":"Respuesta a la Escuela de los Gen - Montet","href":"https:\/\/generate.focolare.org\/es\/respuesta-a-la-escuela-de-los-gen-montet\/"},{"locale":"pt_PT","id":80260,"post_title":"Resposta \u00e0 Escola dos Gen - Montet","href":"https:\/\/generate.focolare.org\/pt-pt\/resposta-a-escola-dos-gen-montet\/"},{"locale":"ar","id":80257,"post_title":"\u0627\u062c\u0648\u0628\u0629 \u0625\u0644\u0649 \u0645\u062f\u0631\u0633\u0629 \u0627\u0644\u062f\u062c\u0646 \u0627\u0644\u0634\u0628\u0627\u0628- \u0645\u0648\u0646\u062a\u064a","href":"https:\/\/generate.focolare.org\/ar\/answers-to-the-gen-school-montet-ar\/"},{"locale":"nl_NL","id":80259,"post_title":"Antwoorden aan de Genschool - Montet","href":"https:\/\/generate.focolare.org\/nl\/antwoorden-aan-de-genschool-montet\/"},{"locale":"de_DE","id":80263,"post_title":"Fragen und Antworten bei den Gen von Montet","href":"https:\/\/generate.focolare.org\/de\/fragen-und-antworten-bei-den-gen-von-montet\/"},{"locale":"ko_KR","id":80262,"post_title":"\ubaac\ub5bc \ub0a8\uc790 \uc820\ud559\uad50\uc5d0\uc11c\uc758 \ub2f5\ubcc0","href":"https:\/\/generate.focolare.org\/ko\/answers-to-the-gen-school-montet-ko\/"},{"locale":"pl_PL","id":80261,"post_title":"Odpowied\u017a do Szko\u0142y Gen - Montet","href":"https:\/\/generate.focolare.org\/pl\/odpowiedz-do-szkoly-gen-montet\/"},{"locale":"ru_RU","id":80254,"post_title":"\u041e\u0442\u0432\u0435\u0442 \u043d\u0430 \u0432\u043e\u043f\u0440\u043e\u0441 \u0428\u043a\u043e\u043b\u044b \u0414\u0436\u0435\u043d - \u041c\u043e\u043d\u0442\u0435","href":"https:\/\/generate.focolare.org\/ru\/answers-to-the-gen-school-montet-ru\/"},{"locale":"sl_SI","id":80255,"post_title":"Odgovor \u0161oli fantov gen - Montet","href":"https:\/\/generate.focolare.org\/sl\/odgovor-soli-fantov-gen-montet\/"}],"link_to_transcription":true,"format":"audio","length":"37","transcriptions":[{"language":"ru","file":{"ID":35693,"id":35693,"title":"1154521-text-ru","filename":"1154521-text-ru.pdf","filesize":129448,"url":"https:\/\/generate.focolare.org\/wp-content\/uploads\/2020\/08\/1154521-text-ru.pdf","link":"https:\/\/generate.focolare.org\/fr\/content\/reponse-a-lecole-des-gen-montet\/1154521-text-ru-2\/","alt":"","author":"0","description":"","caption":"","name":"1154521-text-ru-2","status":"inherit","uploaded_to":80256,"date":"2020-08-26 15:18:38","modified":"2021-06-15 10:22:11","menu_order":0,"mime_type":"application\/pdf","type":"application","subtype":"pdf","icon":"https:\/\/generate.focolare.org\/wp-includes\/images\/media\/document.png"}},{"language":"sl","file":{"ID":35710,"id":35710,"title":"1154521-text-sl","filename":"1154521-text-sl.pdf","filesize":87165,"url":"https:\/\/generate.focolare.org\/wp-content\/uploads\/2020\/08\/1154521-text-sl.pdf","link":"https:\/\/generate.focolare.org\/fr\/content\/reponse-a-lecole-des-gen-montet\/1154521-text-sl-2\/","alt":"","author":"0","description":"","caption":"","name":"1154521-text-sl-2","status":"inherit","uploaded_to":80256,"date":"2020-08-26 15:18:42","modified":"2021-06-15 10:22:11","menu_order":0,"mime_type":"application\/pdf","type":"application","subtype":"pdf","icon":"https:\/\/generate.focolare.org\/wp-includes\/images\/media\/document.png"}},{"language":"it","file":{"ID":35727,"id":35727,"title":"1154521-text-it","filename":"1154521-text-it.pdf","filesize":191413,"url":"https:\/\/generate.focolare.org\/wp-content\/uploads\/2020\/08\/1154521-text-it.pdf","link":"https:\/\/generate.focolare.org\/fr\/content\/reponse-a-lecole-des-gen-montet\/1154521-text-it-2\/","alt":"","author":"0","description":"","caption":"","name":"1154521-text-it-2","status":"inherit","uploaded_to":80256,"date":"2020-08-26 15:18:46","modified":"2021-06-15 10:22:11","menu_order":0,"mime_type":"application\/pdf","type":"application","subtype":"pdf","icon":"https:\/\/generate.focolare.org\/wp-includes\/images\/media\/document.png"}},{"language":"fr","file":{"ID":35744,"id":35744,"title":"1154521-text-fr","filename":"1154521-text-fr.pdf","filesize":60864,"url":"https:\/\/generate.focolare.org\/wp-content\/uploads\/2020\/08\/1154521-text-fr.pdf","link":"https:\/\/generate.focolare.org\/fr\/content\/reponse-a-lecole-des-gen-montet\/1154521-text-fr-2\/","alt":"","author":"0","description":"","caption":"","name":"1154521-text-fr-2","status":"inherit","uploaded_to":80256,"date":"2020-08-26 15:18:49","modified":"2021-06-15 10:22:11","menu_order":0,"mime_type":"application\/pdf","type":"application","subtype":"pdf","icon":"https:\/\/generate.focolare.org\/wp-includes\/images\/media\/document.png"}},{"language":"ar","file":{"ID":35761,"id":35761,"title":"1154521-text-ar","filename":"1154521-text-ar.pdf","filesize":746111,"url":"https:\/\/generate.focolare.org\/wp-content\/uploads\/2020\/08\/1154521-text-ar.pdf","link":"https:\/\/generate.focolare.org\/fr\/content\/reponse-a-lecole-des-gen-montet\/1154521-text-ar-2\/","alt":"","author":"0","description":"","caption":"","name":"1154521-text-ar-2","status":"inherit","uploaded_to":80256,"date":"2020-08-26 15:18:53","modified":"2021-06-15 10:22:11","menu_order":0,"mime_type":"application\/pdf","type":"application","subtype":"pdf","icon":"https:\/\/generate.focolare.org\/wp-includes\/images\/media\/document.png"}},{"language":"en","file":{"ID":35778,"id":35778,"title":"1154521-text-en","filename":"1154521-text-en.pdf","filesize":125693,"url":"https:\/\/generate.focolare.org\/wp-content\/uploads\/2020\/08\/1154521-text-en.pdf","link":"https:\/\/generate.focolare.org\/fr\/content\/reponse-a-lecole-des-gen-montet\/1154521-text-en-2\/","alt":"","author":"0","description":"","caption":"","name":"1154521-text-en-2","status":"inherit","uploaded_to":80256,"date":"2020-08-26 15:18:57","modified":"2021-06-15 10:22:11","menu_order":0,"mime_type":"application\/pdf","type":"application","subtype":"pdf","icon":"https:\/\/generate.focolare.org\/wp-includes\/images\/media\/document.png"}},{"language":"nl","file":{"ID":35795,"id":35795,"title":"1154521-text-nl","filename":"1154521-text-nl.pdf","filesize":111978,"url":"https:\/\/generate.focolare.org\/wp-content\/uploads\/2020\/08\/1154521-text-nl.pdf","link":"https:\/\/generate.focolare.org\/fr\/content\/reponse-a-lecole-des-gen-montet\/1154521-text-nl-2\/","alt":"","author":"0","description":"","caption":"","name":"1154521-text-nl-2","status":"inherit","uploaded_to":80256,"date":"2020-08-26 15:19:01","modified":"2021-06-15 10:22:11","menu_order":0,"mime_type":"application\/pdf","type":"application","subtype":"pdf","icon":"https:\/\/generate.focolare.org\/wp-includes\/images\/media\/document.png"}},{"language":"pt-pt","file":{"ID":35812,"id":35812,"title":"1154521-text-pt","filename":"1154521-text-pt.pdf","filesize":224782,"url":"https:\/\/generate.focolare.org\/wp-content\/uploads\/2020\/08\/1154521-text-pt.pdf","link":"https:\/\/generate.focolare.org\/fr\/content\/reponse-a-lecole-des-gen-montet\/1154521-text-pt-2\/","alt":"","author":"0","description":"","caption":"","name":"1154521-text-pt-2","status":"inherit","uploaded_to":80256,"date":"2020-08-26 15:19:04","modified":"2021-06-15 10:22:11","menu_order":0,"mime_type":"application\/pdf","type":"application","subtype":"pdf","icon":"https:\/\/generate.focolare.org\/wp-includes\/images\/media\/document.png"}},{"language":"pl","file":{"ID":35829,"id":35829,"title":"1154521-text-pl","filename":"1154521-text-pl.pdf","filesize":339262,"url":"https:\/\/generate.focolare.org\/wp-content\/uploads\/2020\/08\/1154521-text-pl.pdf","link":"https:\/\/generate.focolare.org\/fr\/content\/reponse-a-lecole-des-gen-montet\/1154521-text-pl-2\/","alt":"","author":"0","description":"","caption":"","name":"1154521-text-pl-2","status":"inherit","uploaded_to":80256,"date":"2020-08-26 15:19:08","modified":"2021-06-15 10:22:11","menu_order":0,"mime_type":"application\/pdf","type":"application","subtype":"pdf","icon":"https:\/\/generate.focolare.org\/wp-includes\/images\/media\/document.png"}},{"language":"ko","file":{"ID":35846,"id":35846,"title":"1154521-text-ko","filename":"1154521-text-ko.pdf","filesize":665757,"url":"https:\/\/generate.focolare.org\/wp-content\/uploads\/2020\/08\/1154521-text-ko.pdf","link":"https:\/\/generate.focolare.org\/fr\/content\/reponse-a-lecole-des-gen-montet\/1154521-text-ko-2\/","alt":"","author":"0","description":"","caption":"","name":"1154521-text-ko-2","status":"inherit","uploaded_to":80256,"date":"2020-08-26 15:19:12","modified":"2021-06-15 10:22:11","menu_order":0,"mime_type":"application\/pdf","type":"application","subtype":"pdf","icon":"https:\/\/generate.focolare.org\/wp-includes\/images\/media\/document.png"}},{"language":"de","file":{"ID":35863,"id":35863,"title":"1154521-text-de","filename":"1154521-text-de.pdf","filesize":253698,"url":"https:\/\/generate.focolare.org\/wp-content\/uploads\/2020\/08\/1154521-text-de.pdf","link":"https:\/\/generate.focolare.org\/fr\/content\/reponse-a-lecole-des-gen-montet\/1154521-text-de-2\/","alt":"","author":"0","description":"","caption":"","name":"1154521-text-de-2","status":"inherit","uploaded_to":80256,"date":"2020-08-26 15:19:16","modified":"2021-06-15 10:22:12","menu_order":0,"mime_type":"application\/pdf","type":"application","subtype":"pdf","icon":"https:\/\/generate.focolare.org\/wp-includes\/images\/media\/document.png"}},{"language":"es","file":{"ID":311470,"id":311470,"title":"1154521-text-es","filename":"1154521-text-es.pdf","filesize":247152,"url":"https:\/\/generate.focolare.org\/wp-content\/uploads\/2020\/09\/1154521-text-es.pdf","link":"https:\/\/generate.focolare.org\/fr\/content\/reponse-a-lecole-des-gen-montet\/1154521-text-es-3\/","alt":"","author":"1981","description":"","caption":"","name":"1154521-text-es-3","status":"inherit","uploaded_to":80256,"date":"2025-05-23 09:07:53","modified":"2025-05-23 09:07:53","menu_order":0,"mime_type":"application\/pdf","type":"application","subtype":"pdf","icon":"https:\/\/generate.focolare.org\/wp-includes\/images\/media\/document.png"}}],"source":{"ID":35676,"id":35676,"title":"indy-sca-cl-20010814-el-a-italiano-video","filename":"indy-sca-cl-20010814-el-a-italiano-video.mp3","filesize":17790971,"url":"https:\/\/generate.focolare.org\/wp-content\/uploads\/2020\/08\/indy-sca-cl-20010814-el-a-italiano-video.mp3","link":"https:\/\/generate.focolare.org\/fr\/content\/reponse-a-lecole-des-gen-montet\/indy-sca-cl-20010814-el-a-italiano-video-2\/","alt":"","author":"0","description":"","caption":"","name":"indy-sca-cl-20010814-el-a-italiano-video-2","status":"inherit","uploaded_to":80256,"date":"2020-08-26 15:18:38","modified":"2021-06-15 10:22:12","menu_order":0,"mime_type":"audio\/mpeg","type":"audio","subtype":"mpeg","icon":"https:\/\/generate.focolare.org\/wp-includes\/images\/media\/audio.png"},"restrict_roles":null},"headers":[],"status":200}],"_links":{"self":[{"href":"https:\/\/generate.focolare.org\/fr\/wp-json\/wp\/v2\/tags\/5418","targetHints":{"allow":["GET"]}}],"collection":[{"href":"https:\/\/generate.focolare.org\/fr\/wp-json\/wp\/v2\/tags"}],"about":[{"href":"https:\/\/generate.focolare.org\/fr\/wp-json\/wp\/v2\/taxonomies\/post_tag"}],"wp:post_type":[{"href":"https:\/\/generate.focolare.org\/fr\/wp-json\/wp\/v2\/posts?tags=5418"},{"href":"https:\/\/generate.focolare.org\/fr\/wp-json\/wp\/v2\/content?tags=5418"},{"href":"https:\/\/generate.focolare.org\/fr\/wp-json\/wp\/v2\/playlist?tags=5418"}],"curies":[{"name":"wp","href":"https:\/\/api.w.org\/{rel}","templated":true}]}}