{"id":77,"date":"2020-03-06T13:46:29","date_gmt":"2020-03-06T12:46:29","guid":{"rendered":"https:\/\/generate.focolare.org\/?page_id=77"},"modified":"2026-07-01T10:39:07","modified_gmt":"2026-07-01T09:39:07","slug":"home","status":"publish","type":"page","link":"https:\/\/generate.focolare.org\/en\/","title":{"rendered":"Home"},"content":{"rendered":"","protected":false},"excerpt":{"rendered":"","protected":false},"author":1,"featured_media":0,"parent":0,"menu_order":1,"comment_status":"closed","ping_status":"closed","template":"inc\/home.php","meta":{"_acf_changed":false,"give_campaign_id":0,"footnotes":""},"class_list":["post-77","page","type-page","status-publish","hentry"],"acf":[],"campaignId":"","wpml_current_locale":"en_US","wpml_translations":[{"locale":"it_IT","id":16442,"post_title":"Home","href":"https:\/\/generate.focolare.org\/it\/home\/"},{"locale":"fr_FR","id":16385,"post_title":"Page d'Accueil","href":"https:\/\/generate.focolare.org\/fr\/home\/"},{"locale":"es_ES","id":16444,"post_title":"Inicio","href":"https:\/\/generate.focolare.org\/es\/home\/"},{"locale":"pt_PT","id":16446,"post_title":"Home","href":"https:\/\/generate.focolare.org\/pt-pt\/home\/"}],"content_rows":[{"heading":"Featured","contents":[{"data":{"id":343083,"date":"2026-07-01","date_gmt":"2026-05-21T12:00:44","guid":{"rendered":"https:\/\/generate.focolare.org\/?post_type=content&#038;p=343083"},"modified":"2026-05-21T13:00:44","modified_gmt":"2026-05-21T12:00:44","slug":"word-of-life-july-2026-the-seed-sown-on-good-soil-is-the-one-who-hears-the-word-and-understands-it-this-person-bears-fruit-matt-1323","status":"publish","type":"content","link":"https:\/\/generate.focolare.org\/en\/content\/word-of-life-july-2026-the-seed-sown-on-good-soil-is-the-one-who-hears-the-word-and-understands-it-this-person-bears-fruit-matt-1323\/","title":{"rendered":"Word of Life \u2013 July 2026 \u201cThe seed sown on good soil is the one who hears the Word and understands it; this person bears fruit\u201d (Matt 13:23)."},"excerpt":{"rendered":"<p>Word of Life: in the light of the Charism of Unity, a monthly commentary on a phrase of Scripture taken from the current liturgy, to deepen and live the Gospel together.<\/p>\n","protected":false},"featured_media":342969,"comment_status":"closed","ping_status":"closed","template":"","tags":[3775,8325,8053,3699,8179,7839,8118,8120,8121],"contributor":[18898],"location":[],"audience":[],"class_list":["post-343083","content","type-content","status-publish","has-post-thumbnail","hentry","tag-communion","tag-gospel","tag-life","tag-love","tag-to-listen","tag-unity","tag-will-of-god","tag-word","tag-word-of-life","contributor-gen-2-y4uw-centers-2"],"featured_media_url":{"thumbnail":"https:\/\/generate.focolare.org\/wp-content\/uploads\/2026\/02\/PDV-EN-2-150x150.png","medium":"https:\/\/generate.focolare.org\/wp-content\/uploads\/2026\/02\/PDV-EN-2-300x240.png","medium_large":"https:\/\/generate.focolare.org\/wp-content\/uploads\/2026\/02\/PDV-EN-2.png","large":"https:\/\/generate.focolare.org\/wp-content\/uploads\/2026\/02\/PDV-EN-2.png","1536x1536":"https:\/\/generate.focolare.org\/wp-content\/uploads\/2026\/02\/PDV-EN-2.png","2048x2048":"https:\/\/generate.focolare.org\/wp-content\/uploads\/2026\/02\/PDV-EN-2.png","banner":"https:\/\/generate.focolare.org\/wp-content\/uploads\/2026\/02\/PDV-EN-2.png","preview":"https:\/\/generate.focolare.org\/wp-content\/uploads\/2026\/02\/PDV-EN-2-500x400.png","profile_24":"https:\/\/generate.focolare.org\/wp-content\/uploads\/2026\/02\/PDV-EN-2-24x24.png","profile_48":"https:\/\/generate.focolare.org\/wp-content\/uploads\/2026\/02\/PDV-EN-2-48x48.png","profile_96":"https:\/\/generate.focolare.org\/wp-content\/uploads\/2026\/02\/PDV-EN-2-96x96.png","profile_150":"https:\/\/generate.focolare.org\/wp-content\/uploads\/2026\/02\/PDV-EN-2-150x150.png","profile_300":"https:\/\/generate.focolare.org\/wp-content\/uploads\/2026\/02\/PDV-EN-2-300x300.png"},"related":[324686,20940,324953,332339,333410,344072],"wpml_current_locale":"en_US","wpml_translations":[{"locale":"it_IT","id":342693,"post_title":"Parola di Vita \u2013 Luglio 2026 \u00abQuello seminato sul terreno buono \u00e8 colui che ascolta la Parola e la comprende questi d\u00e0 frutto\u00bb (Mtt 13,23).","href":"https:\/\/generate.focolare.org\/it\/parola-di-vita-luglio-2026-quello-seminato-sul-terreno-buono-e-colui-che-ascolta-la-parola-e-la-comprende-questi-da-frutto-mtt-1323\/"},{"locale":"fr_FR","id":343129,"post_title":"Parole de Vie Juillet 2026- \u00ab Celui qui a \u00e9t\u00e9 ensemenc\u00e9 dans la bonne terre, c'est celui qui entend la Parole et qui comprend : alors, il porte du fruit et produit l'un cent, l'autre soixante, l'autre trente \u00bb (Matthieu 13, 23).","href":"https:\/\/generate.focolare.org\/fr\/parole-de-vie-juillet-2026-celui-qui-a-ete-ensemence-dans-la-bonne-terre-cest-celui-qui-entend-la-parole-et-qui-comprend-alors-il-porte-du-fruit-et-produit-lun-cent-lautre-soixante\/"},{"locale":"es_ES","id":343107,"post_title":"Palabra de Vida de julio 2026- \u00abEl que fue sembrado en tierra buena es el que oye la Palabra y la comprende: este s\u00ed que da fruto\" (Mt 13,23).","href":"https:\/\/generate.focolare.org\/es\/palabra-de-vida-de-julio-2026-el-que-fue-sembrado-en-tierra-buena-es-el-que-oye-la-palabra-y-la-comprende-este-si-que-da-fruto-mt-1323\/"},{"locale":"pt_PT","id":343151,"post_title":"Palavra de Vida \u2013 Julho de 2026  \u201cO que foi semeado na terra boa, por\u00e9m, \u00e9 quem ouve a Palavra e a entende; esse produz fruto.\u201d (Mt 13,23)","href":"https:\/\/generate.focolare.org\/pt-pt\/palavra-de-vida-julho-de-2026-o-que-foi-semeado-na-terra-boa-porem-e-quem-ouve-a-palavra-e-a-entende-esse-produz-fruto-mt-1323\/"}],"format":"text","length":"1","restrict_roles":null,"link_to_transcription":null,"source":{"ID":343086,"id":343086,"title":"OGI-PV-20260701-202607-en","filename":"OGI-PV-20260701-202607-en.pdf","filesize":109587,"url":"https:\/\/generate.focolare.org\/wp-content\/uploads\/2026\/05\/OGI-PV-20260701-202607-en.pdf","link":"https:\/\/generate.focolare.org\/en\/content\/word-of-life-july-2026-the-seed-sown-on-good-soil-is-the-one-who-hears-the-word-and-understands-it-this-person-bears-fruit-matt-1323\/ogi-pv-20260701-202607-en\/","alt":"","author":"2442","description":"","caption":"","name":"ogi-pv-20260701-202607-en","status":"inherit","uploaded_to":343083,"date":"2026-05-21 11:58:37","modified":"2026-05-21 11:58:37","menu_order":0,"mime_type":"application\/pdf","type":"application","subtype":"pdf","icon":"https:\/\/generate.focolare.org\/wp-includes\/images\/media\/document.png"}},"headers":[],"status":200},{"data":{"id":80477,"date":"1978-04-20","date_gmt":"2020-12-02T13:45:07","guid":{"rendered":"https:\/\/generate.focolare.org\/?post_type=content&#038;p=80477"},"modified":"2021-08-24T08:53:26","modified_gmt":"2021-08-24T07:53:26","slug":"answers-to-the-gen-school","status":"publish","type":"content","link":"https:\/\/generate.focolare.org\/en\/content\/answers-to-the-gen-school\/","title":{"rendered":"Answers to the Gen School"},"excerpt":{"rendered":"<p>Chiara answers 12 questions to the gen school in Rocca di Papa.<\/p>\n","protected":false},"featured_media":28961,"comment_status":"closed","ping_status":"closed","template":"","tags":[7857,8269,8080,7917],"contributor":[8424],"location":[8376],"audience":[3936],"class_list":["post-80477","content","type-content","status-publish","has-post-thumbnail","hentry","tag-focolare","tag-pact","tag-school-en","tag-virginity","contributor-lubich-chiara","location-rocca-di-papa","audience-gen-2"],"featured_media_url":{"thumbnail":"https:\/\/generate.focolare.org\/wp-content\/uploads\/2020\/07\/274-cover-150x150.jpg","medium":"https:\/\/generate.focolare.org\/wp-content\/uploads\/2020\/07\/274-cover-300x240.jpg","medium_large":"https:\/\/generate.focolare.org\/wp-content\/uploads\/2020\/07\/274-cover.jpg","large":"https:\/\/generate.focolare.org\/wp-content\/uploads\/2020\/07\/274-cover.jpg","1536x1536":"https:\/\/generate.focolare.org\/wp-content\/uploads\/2020\/07\/274-cover.jpg","2048x2048":"https:\/\/generate.focolare.org\/wp-content\/uploads\/2020\/07\/274-cover.jpg","banner":"https:\/\/generate.focolare.org\/wp-content\/uploads\/2020\/07\/274-cover.jpg","preview":"https:\/\/generate.focolare.org\/wp-content\/uploads\/2020\/07\/274-cover-500x400.jpg","profile_24":"https:\/\/generate.focolare.org\/wp-content\/uploads\/2020\/07\/274-cover.jpg","profile_48":"https:\/\/generate.focolare.org\/wp-content\/uploads\/2020\/07\/274-cover.jpg","profile_96":"https:\/\/generate.focolare.org\/wp-content\/uploads\/2020\/07\/274-cover.jpg","profile_150":"https:\/\/generate.focolare.org\/wp-content\/uploads\/2020\/07\/274-cover.jpg","profile_300":"https:\/\/generate.focolare.org\/wp-content\/uploads\/2020\/07\/274-cover.jpg"},"related":[80442,79998,80104,80258,80045,116769],"wpml_current_locale":"en_US","wpml_translations":[{"locale":"it_IT","id":274,"post_title":"Risposte alle Scuole Gen","href":"https:\/\/generate.focolare.org\/it\/risposte-alle-scuole-gen\/"},{"locale":"fr_FR","id":80476,"post_title":"R\u00e9ponses aux Ecoles Gen","href":"https:\/\/generate.focolare.org\/fr\/reponses-aux-ecoles-gen\/"},{"locale":"es_ES","id":80480,"post_title":"Respuestas a las Escuelas Gen","href":"https:\/\/generate.focolare.org\/es\/respuestas-a-las-escuelas-gen\/"},{"locale":"pt_PT","id":80478,"post_title":"Respostas a Escola Gen","href":"https:\/\/generate.focolare.org\/pt-pt\/respostas-a-escola-gen\/"},{"locale":"ar","id":278697,"post_title":"\u0625\u062c\u0627\u0628\u0627\u062a \u0644\u0645\u062f\u0631\u0633\u0629 \u0627\u0644\u062c\u0627\u0646","href":"https:\/\/generate.focolare.org\/ar\/%d8%a5%d8%ac%d8%a7%d8%a8%d8%a7%d8%aa-%d9%84%d9%85%d8%af%d8%b1%d8%b3%d8%a9-%d8%a7%d9%84%d8%ac%d8%a7%d9%86\/"},{"locale":"nl_NL","id":80474,"post_title":"Antwoorden aan de Genscholen","href":"https:\/\/generate.focolare.org\/nl\/antwoorden-aan-de-genscholen\/"},{"locale":"de_DE","id":80481,"post_title":"Fragen und Antworten bei den Genschulen","href":"https:\/\/generate.focolare.org\/de\/fragen-und-antworten-bei-den-genschulen\/"},{"locale":"ko_KR","id":80475,"post_title":"\uc820\ud559\uad50\uc5d0\uc11c\uc758 \ub2f5\ubcc0","href":"https:\/\/generate.focolare.org\/ko\/answers-to-the-gen-school-ko\/"},{"locale":"sl_SI","id":80479,"post_title":"Odgovori \u0161olama gen","href":"https:\/\/generate.focolare.org\/sl\/odgovori-solama-gen\/"}],"link_to_transcription":true,"format":"video","length":"56","restrict_roles":null,"transcriptions":[{"language":"nl","file":{"ID":95830,"id":95830,"title":"gen-31-text-nl","filename":"gen-31-text-nl.pdf","filesize":645835,"url":"https:\/\/generate.focolare.org\/wp-content\/uploads\/2020\/06\/gen-31-text-nl.pdf","link":"https:\/\/generate.focolare.org\/en\/content\/answers-to-the-gen-school\/gen-31-text-nl\/","alt":"","author":"1","description":"","caption":"","name":"gen-31-text-nl","status":"inherit","uploaded_to":80477,"date":"2020-06-02 17:41:48","modified":"2020-06-02 17:41:48","menu_order":0,"mime_type":"application\/pdf","type":"application","subtype":"pdf","icon":"https:\/\/generate.focolare.org\/wp-includes\/images\/media\/document.png"}},{"language":"ko","file":{"ID":95831,"id":95831,"title":"gen-31-text-ko","filename":"gen-31-text-ko.pdf","filesize":294636,"url":"https:\/\/generate.focolare.org\/wp-content\/uploads\/2020\/06\/gen-31-text-ko.pdf","link":"https:\/\/generate.focolare.org\/en\/content\/answers-to-the-gen-school\/gen-31-text-ko\/","alt":"","author":"1","description":"","caption":"","name":"gen-31-text-ko","status":"inherit","uploaded_to":80477,"date":"2020-06-02 17:41:49","modified":"2020-06-02 17:41:49","menu_order":0,"mime_type":"application\/pdf","type":"application","subtype":"pdf","icon":"https:\/\/generate.focolare.org\/wp-includes\/images\/media\/document.png"}},{"language":"fr","file":{"ID":95832,"id":95832,"title":"gen-31-text-fr","filename":"gen-31-text-fr.pdf","filesize":83001,"url":"https:\/\/generate.focolare.org\/wp-content\/uploads\/2020\/06\/gen-31-text-fr.pdf","link":"https:\/\/generate.focolare.org\/en\/content\/answers-to-the-gen-school\/gen-31-text-fr\/","alt":"","author":"1","description":"","caption":"","name":"gen-31-text-fr","status":"inherit","uploaded_to":80477,"date":"2020-06-02 17:41:49","modified":"2020-06-02 17:41:49","menu_order":0,"mime_type":"application\/pdf","type":"application","subtype":"pdf","icon":"https:\/\/generate.focolare.org\/wp-includes\/images\/media\/document.png"}},{"language":"en","file":{"ID":509,"id":509,"title":"gen-31-text-en","filename":"gen-31-text-en.pdf","filesize":71632,"url":"https:\/\/generate.focolare.org\/wp-content\/uploads\/2020\/06\/gen-31-text-en.pdf","link":"https:\/\/generate.focolare.org\/en\/content\/risposte-alle-scuole-gen\/gen-31-text-en\/","alt":"","author":"1","description":"","caption":"","name":"gen-31-text-en","status":"inherit","uploaded_to":274,"date":"2020-06-02 17:41:49","modified":"2020-06-02 17:41:49","menu_order":0,"mime_type":"application\/pdf","type":"application","subtype":"pdf","icon":"https:\/\/generate.focolare.org\/wp-includes\/images\/media\/document.png"}},{"language":"pt-pt","file":{"ID":95833,"id":95833,"title":"gen-31-text-pt","filename":"gen-31-text-pt.pdf","filesize":80786,"url":"https:\/\/generate.focolare.org\/wp-content\/uploads\/2020\/06\/gen-31-text-pt.pdf","link":"https:\/\/generate.focolare.org\/en\/content\/answers-to-the-gen-school\/gen-31-text-pt\/","alt":"","author":"1","description":"","caption":"","name":"gen-31-text-pt","status":"inherit","uploaded_to":80477,"date":"2020-06-02 17:41:49","modified":"2020-06-02 17:41:49","menu_order":0,"mime_type":"application\/pdf","type":"application","subtype":"pdf","icon":"https:\/\/generate.focolare.org\/wp-includes\/images\/media\/document.png"}},{"language":"sl","file":{"ID":95834,"id":95834,"title":"gen-31-text-sl","filename":"gen-31-text-sl.pdf","filesize":94251,"url":"https:\/\/generate.focolare.org\/wp-content\/uploads\/2020\/06\/gen-31-text-sl.pdf","link":"https:\/\/generate.focolare.org\/en\/content\/answers-to-the-gen-school\/gen-31-text-sl\/","alt":"","author":"1","description":"","caption":"","name":"gen-31-text-sl","status":"inherit","uploaded_to":80477,"date":"2020-06-02 17:41:49","modified":"2020-06-02 17:41:49","menu_order":0,"mime_type":"application\/pdf","type":"application","subtype":"pdf","icon":"https:\/\/generate.focolare.org\/wp-includes\/images\/media\/document.png"}},{"language":"es","file":{"ID":95835,"id":95835,"title":"gen-31-text-es","filename":"gen-31-text-es.pdf","filesize":124463,"url":"https:\/\/generate.focolare.org\/wp-content\/uploads\/2020\/06\/gen-31-text-es.pdf","link":"https:\/\/generate.focolare.org\/en\/content\/answers-to-the-gen-school\/gen-31-text-es\/","alt":"","author":"1","description":"","caption":"","name":"gen-31-text-es","status":"inherit","uploaded_to":80477,"date":"2020-06-02 17:41:49","modified":"2020-06-02 17:41:49","menu_order":0,"mime_type":"application\/pdf","type":"application","subtype":"pdf","icon":"https:\/\/generate.focolare.org\/wp-includes\/images\/media\/document.png"}},{"language":"de","file":{"ID":95836,"id":95836,"title":"gen-31-text-de","filename":"gen-31-text-de.pdf","filesize":120867,"url":"https:\/\/generate.focolare.org\/wp-content\/uploads\/2020\/06\/gen-31-text-de.pdf","link":"https:\/\/generate.focolare.org\/en\/content\/answers-to-the-gen-school\/gen-31-text-de\/","alt":"","author":"1","description":"","caption":"","name":"gen-31-text-de","status":"inherit","uploaded_to":80477,"date":"2020-06-02 17:41:49","modified":"2020-06-02 17:41:49","menu_order":0,"mime_type":"application\/pdf","type":"application","subtype":"pdf","icon":"https:\/\/generate.focolare.org\/wp-includes\/images\/media\/document.png"}},{"language":"it","file":{"ID":118521,"id":118521,"title":"19780420-Risposte Scuola Gen - Italiano","filename":"19780420-Risposte-Scuola-Gen-Italiano.pdf","filesize":137826,"url":"https:\/\/generate.focolare.org\/wp-content\/uploads\/2020\/07\/19780420-Risposte-Scuola-Gen-Italiano.pdf","link":"https:\/\/generate.focolare.org\/en\/content\/answers-to-the-gen-school\/19780420-risposte-scuola-gen-italiano-2\/","alt":"","author":"22","description":"","caption":"","name":"19780420-risposte-scuola-gen-italiano-2","status":"inherit","uploaded_to":80477,"date":"2021-07-02 09:34:24","modified":"2021-07-02 09:34:24","menu_order":0,"mime_type":"application\/pdf","type":"application","subtype":"pdf","icon":"https:\/\/generate.focolare.org\/wp-includes\/images\/media\/document.png"}},{"language":"ar","file":{"ID":278682,"id":278682,"title":"GMU-G2-Chiara Lubich-Risposte Scuola Gen-19780420-AR","filename":"GMU-G2-Chiara-Lubich-Risposte-Scuola-Gen-19780420-AR.pdf","filesize":572798,"url":"https:\/\/generate.focolare.org\/wp-content\/uploads\/2020\/07\/GMU-G2-Chiara-Lubich-Risposte-Scuola-Gen-19780420-AR.pdf","link":"https:\/\/generate.focolare.org\/en\/content\/answers-to-the-gen-school\/gmu-g2-chiara-lubich-risposte-scuola-gen-19780420-ar-2\/","alt":"","author":"1126","description":"","caption":"","name":"gmu-g2-chiara-lubich-risposte-scuola-gen-19780420-ar-2","status":"inherit","uploaded_to":80477,"date":"2022-11-25 16:51:26","modified":"2022-11-25 16:51:26","menu_order":0,"mime_type":"application\/pdf","type":"application","subtype":"pdf","icon":"https:\/\/generate.focolare.org\/wp-includes\/images\/media\/document.png"}}],"source":{"ID":95829,"id":95829,"title":"gen-31-video-it","filename":"gen-31-video-it.mp4","filesize":593743155,"url":"https:\/\/generate.focolare.org\/wp-content\/uploads\/2020\/06\/gen-31-video-it.mp4","link":"https:\/\/generate.focolare.org\/en\/content\/answers-to-the-gen-school\/gen-31-video-it\/","alt":"","author":"1","description":"","caption":"","name":"gen-31-video-it","status":"inherit","uploaded_to":80477,"date":"2020-06-02 15:13:29","modified":"2020-06-02 15:13:29","menu_order":0,"mime_type":"video\/mp4","type":"video","subtype":"mp4","icon":"https:\/\/generate.focolare.org\/wp-includes\/images\/media\/video.png","width":720,"height":576}},"headers":[],"status":200},{"data":{"id":335906,"date":"2026-03-03","date_gmt":"2026-03-03T15:17:36","guid":{"rendered":"https:\/\/generate.focolare.org\/?post_type=content&#038;p=335906"},"modified":"2026-03-04T09:36:09","modified_gmt":"2026-03-04T08:36:09","slug":"heavenly-mariapolis-europe","status":"publish","type":"content","link":"https:\/\/generate.focolare.org\/en\/content\/heavenly-mariapolis-europe\/","title":{"rendered":"Living for that hour &#8211; Gen&#8217;s stories &#8211; Europe"},"excerpt":{"rendered":"<p>A booklet to preserve and share the memory and life of the Gen from the greater area of Europe who have already departed for the Celestial Mariapolis. Short but intense lives, lived with love for God and for others, even in suffering, with their gaze fixed on what Chiara Lubich called their true homeland: Heaven.<\/p>\n","protected":false},"featured_media":335907,"comment_status":"closed","ping_status":"closed","template":"","tags":[8137,8035,8325,11801,8044,7936,16764],"contributor":[18898],"location":[8376],"audience":[8393,3936],"class_list":["post-335906","content","type-content","status-publish","has-post-thumbnail","hentry","tag-eternal-life","tag-gen","tag-gospel","tag-heavenly-mariapolis","tag-history","tag-mariapolis","tag-witnesses","contributor-gen-2-y4uw-centers-2","location-rocca-di-papa","audience-assistants","audience-gen-2"],"featured_media_url":{"thumbnail":"https:\/\/generate.focolare.org\/wp-content\/uploads\/2026\/03\/335906-cover-150x150.jpg","medium":"https:\/\/generate.focolare.org\/wp-content\/uploads\/2026\/03\/335906-cover-212x300.jpg","medium_large":"https:\/\/generate.focolare.org\/wp-content\/uploads\/2026\/03\/335906-cover.jpg","large":"https:\/\/generate.focolare.org\/wp-content\/uploads\/2026\/03\/335906-cover.jpg","1536x1536":"https:\/\/generate.focolare.org\/wp-content\/uploads\/2026\/03\/335906-cover.jpg","2048x2048":"https:\/\/generate.focolare.org\/wp-content\/uploads\/2026\/03\/335906-cover.jpg","banner":"https:\/\/generate.focolare.org\/wp-content\/uploads\/2026\/03\/335906-cover-596x700.jpg","preview":"https:\/\/generate.focolare.org\/wp-content\/uploads\/2026\/03\/335906-cover-500x400.jpg","profile_24":"https:\/\/generate.focolare.org\/wp-content\/uploads\/2026\/03\/335906-cover-24x24.jpg","profile_48":"https:\/\/generate.focolare.org\/wp-content\/uploads\/2026\/03\/335906-cover-48x48.jpg","profile_96":"https:\/\/generate.focolare.org\/wp-content\/uploads\/2026\/03\/335906-cover-96x96.jpg","profile_150":"https:\/\/generate.focolare.org\/wp-content\/uploads\/2026\/03\/335906-cover-150x150.jpg","profile_300":"https:\/\/generate.focolare.org\/wp-content\/uploads\/2026\/03\/335906-cover-300x300.jpg"},"related":[20940,336105,59189,80374,127778,116835],"wpml_current_locale":"en_US","wpml_translations":[{"locale":"it_IT","id":335757,"post_title":"Vivere per quell'ora - Storie di Gen - Europa","href":"https:\/\/generate.focolare.org\/it\/mariapoli-celeste-europa\/"},{"locale":"fr_FR","id":335800,"post_title":"Vivre pour cette heure - Histoires de Gen - Europe","href":"https:\/\/generate.focolare.org\/fr\/mariapolis-celeste-europe\/"},{"locale":"es_ES","id":335928,"post_title":"Vivir para esa hora \u2013 Historias de Gen - Europa","href":"https:\/\/generate.focolare.org\/es\/mariapolis-celeste-europa\/"},{"locale":"pt_PT","id":335950,"post_title":"Viver por aquela hora - Hist\u00f3rias de Gen - Europa","href":"https:\/\/generate.focolare.org\/pt-pt\/mariapolis-celestial-europa\/"}],"format":"text","length":"1","restrict_roles":null,"link_to_transcription":null,"source":{"ID":335849,"id":335849,"title":"EN - Mariapoli Celeste - Europa","filename":"EN-Mariapoli-Celeste-Europa.pdf","filesize":1817462067,"url":"https:\/\/generate.focolare.org\/wp-content\/uploads\/2026\/03\/EN-Mariapoli-Celeste-Europa.pdf","link":"https:\/\/generate.focolare.org\/en\/content\/heavenly-mariapolis-europe\/en-mariapoli-celeste-europa-2\/","alt":"","author":"2402","description":"","caption":"","name":"en-mariapoli-celeste-europa-2","status":"inherit","uploaded_to":335906,"date":"2026-03-03 14:42:56","modified":"2026-03-03 14:54:51","menu_order":0,"mime_type":"application\/pdf","type":"application","subtype":"pdf","icon":"https:\/\/generate.focolare.org\/wp-includes\/images\/media\/document.png"}},"headers":[],"status":200},{"data":{"id":336105,"date":"2026-03-03","date_gmt":"2026-03-03T16:09:28","guid":{"rendered":"https:\/\/generate.focolare.org\/?post_type=content&#038;p=336105"},"modified":"2026-03-04T09:06:56","modified_gmt":"2026-03-04T08:06:56","slug":"heavenly-mariapolis-america","status":"publish","type":"content","link":"https:\/\/generate.focolare.org\/en\/content\/heavenly-mariapolis-america\/","title":{"rendered":"Living for that hour &#8211; Gen&#8217;s stories &#8211; America"},"excerpt":{"rendered":"<p>A booklet to preserve and share the memory and life of the Gen from the greater area of America who have already departed for the Celestial Mariapolis. Short but intense lives, lived with love for God and for others, even in suffering, with their gaze fixed on what Chiara Lubich called their true homeland: Heaven.<\/p>\n","protected":false},"featured_media":336106,"comment_status":"closed","ping_status":"closed","template":"","tags":[8137,8035,8325,11801,8044,7936,16764],"contributor":[18898],"location":[8376],"audience":[8393,3936],"class_list":["post-336105","content","type-content","status-publish","has-post-thumbnail","hentry","tag-eternal-life","tag-gen","tag-gospel","tag-heavenly-mariapolis","tag-history","tag-mariapolis","tag-witnesses","contributor-gen-2-y4uw-centers-2","location-rocca-di-papa","audience-assistants","audience-gen-2"],"featured_media_url":{"thumbnail":"https:\/\/generate.focolare.org\/wp-content\/uploads\/2026\/03\/336105-cover-150x150.jpg","medium":"https:\/\/generate.focolare.org\/wp-content\/uploads\/2026\/03\/336105-cover-212x300.jpg","medium_large":"https:\/\/generate.focolare.org\/wp-content\/uploads\/2026\/03\/336105-cover.jpg","large":"https:\/\/generate.focolare.org\/wp-content\/uploads\/2026\/03\/336105-cover.jpg","1536x1536":"https:\/\/generate.focolare.org\/wp-content\/uploads\/2026\/03\/336105-cover.jpg","2048x2048":"https:\/\/generate.focolare.org\/wp-content\/uploads\/2026\/03\/336105-cover.jpg","banner":"https:\/\/generate.focolare.org\/wp-content\/uploads\/2026\/03\/336105-cover-596x700.jpg","preview":"https:\/\/generate.focolare.org\/wp-content\/uploads\/2026\/03\/336105-cover-500x400.jpg","profile_24":"https:\/\/generate.focolare.org\/wp-content\/uploads\/2026\/03\/336105-cover-24x24.jpg","profile_48":"https:\/\/generate.focolare.org\/wp-content\/uploads\/2026\/03\/336105-cover-48x48.jpg","profile_96":"https:\/\/generate.focolare.org\/wp-content\/uploads\/2026\/03\/336105-cover-96x96.jpg","profile_150":"https:\/\/generate.focolare.org\/wp-content\/uploads\/2026\/03\/336105-cover-150x150.jpg","profile_300":"https:\/\/generate.focolare.org\/wp-content\/uploads\/2026\/03\/336105-cover-300x300.jpg"},"related":[20940,335906,59189,80374,127778,116835],"wpml_current_locale":"en_US","wpml_translations":[{"locale":"it_IT","id":335978,"post_title":"Vivere per quell'ora - Storie di Gen - Americhe","href":"https:\/\/generate.focolare.org\/it\/mariapoli-celeste-america\/"},{"locale":"fr_FR","id":336127,"post_title":"Vivre pour cette heure - Histoires de Gen - Am\u00e9riques","href":"https:\/\/generate.focolare.org\/fr\/mariapolis-celeste-amerique\/"},{"locale":"es_ES","id":336173,"post_title":"Vivir para esa hora \u2013 Historias de Gen \u2013 Am\u00e9ricas","href":"https:\/\/generate.focolare.org\/es\/mariapolis-celeste-america\/"},{"locale":"pt_PT","id":336151,"post_title":"Viver por aquela hora - Hist\u00f3rias de Gen - Am\u00e9ricas","href":"https:\/\/generate.focolare.org\/pt-pt\/mariapoli-celeste-america\/"}],"format":"text","length":"1","restrict_roles":null,"link_to_transcription":null,"source":{"ID":336027,"id":336027,"title":"EN - Mariapoli Celeste - America","filename":"EN-Mariapoli-Celeste-America.pdf","filesize":599005756,"url":"https:\/\/generate.focolare.org\/wp-content\/uploads\/2026\/03\/EN-Mariapoli-Celeste-America.pdf","link":"https:\/\/generate.focolare.org\/en\/content\/heavenly-mariapolis-america\/en-mariapoli-celeste-america-2\/","alt":"","author":"2402","description":"","caption":"","name":"en-mariapoli-celeste-america-2","status":"inherit","uploaded_to":336105,"date":"2026-03-03 15:58:35","modified":"2026-03-03 16:09:30","menu_order":0,"mime_type":"application\/pdf","type":"application","subtype":"pdf","icon":"https:\/\/generate.focolare.org\/wp-includes\/images\/media\/document.png"}},"headers":[],"status":200}]},{"heading":"History of the Movement","contents":[{"data":{"id":330629,"date":"1989-03-04","date_gmt":"2026-02-02T09:00:42","guid":{"rendered":"https:\/\/generate.focolare.org\/?post_type=content&#038;p=330629"},"modified":"2026-02-02T10:04:22","modified_gmt":"2026-02-02T09:04:22","slug":"chiara-answers-to-the-animators-of-youth-for-a-united-world","status":"publish","type":"content","link":"https:\/\/generate.focolare.org\/en\/content\/chiara-answers-to-the-animators-of-youth-for-a-united-world\/","title":{"rendered":"Chiara answers to the Animators of Youth for a United World"},"excerpt":{"rendered":"<p>Chiara answers the questions: \u201cWhat pushed you to make this choice, to launch the idea of a united world?\u201d and \u201cHow can we make the most of difficulties and pain, so as to turn them into a contribution to unity?\u201d and \u201cWhat do you expect from New Youth?\u201d<\/p>\n","protected":false},"featured_media":30293,"comment_status":"closed","ping_status":"closed","template":"","tags":[3677,3744,3747,3902,3907,8063,8279,8262,8140,8049],"contributor":[8424],"location":[8334],"audience":[8392],"class_list":["post-330629","content","type-content","status-publish","has-post-thumbnail","hentry","tag-affliction","tag-change","tag-charism","tag-difficulty","tag-god","tag-light","tag-network","tag-push","tag-united-world","tag-y4uw","contributor-lubich-chiara","location-castel-gandolfo","audience-animators"],"featured_media_url":{"thumbnail":"https:\/\/generate.focolare.org\/wp-content\/uploads\/2020\/07\/864-cover-150x150.jpg","medium":"https:\/\/generate.focolare.org\/wp-content\/uploads\/2020\/07\/864-cover-300x240.jpg","medium_large":"https:\/\/generate.focolare.org\/wp-content\/uploads\/2020\/07\/864-cover.jpg","large":"https:\/\/generate.focolare.org\/wp-content\/uploads\/2020\/07\/864-cover.jpg","1536x1536":"https:\/\/generate.focolare.org\/wp-content\/uploads\/2020\/07\/864-cover.jpg","2048x2048":"https:\/\/generate.focolare.org\/wp-content\/uploads\/2020\/07\/864-cover.jpg","banner":"https:\/\/generate.focolare.org\/wp-content\/uploads\/2020\/07\/864-cover.jpg","preview":"https:\/\/generate.focolare.org\/wp-content\/uploads\/2020\/07\/864-cover-500x400.jpg","profile_24":"https:\/\/generate.focolare.org\/wp-content\/uploads\/2020\/07\/864-cover.jpg","profile_48":"https:\/\/generate.focolare.org\/wp-content\/uploads\/2020\/07\/864-cover.jpg","profile_96":"https:\/\/generate.focolare.org\/wp-content\/uploads\/2020\/07\/864-cover.jpg","profile_150":"https:\/\/generate.focolare.org\/wp-content\/uploads\/2020\/07\/864-cover.jpg","profile_300":"https:\/\/generate.focolare.org\/wp-content\/uploads\/2020\/07\/864-cover.jpg"},"related":[36659,43412,65453,36647,116708,59116],"wpml_current_locale":"en_US","wpml_translations":[{"locale":"it_IT","id":864,"post_title":"Chiara risponde agli animatori dei Giovani per un Mondo Unito","href":"https:\/\/generate.focolare.org\/it\/chiara-risponde-agli-animatori-dei-giovani-per-un-mondo-unito\/"},{"locale":"fr_FR","id":330736,"post_title":"Chiara r\u00e9pond aux animateurs des Jeunes pour un Monde Uni","href":"https:\/\/generate.focolare.org\/fr\/chiara-repond-aux-animateurs-des-jeunes-pour-un-monde-uni\/"},{"locale":"es_ES","id":330693,"post_title":"Chiara responde a los Animadores de los J\u00f3venes por un Mundo Unido","href":"https:\/\/generate.focolare.org\/es\/chiara-responde-a-los-animadores-de-los-jovenes-por-un-mundo-unido\/"},{"locale":"pt_PT","id":80426,"post_title":"Chiara responde \u00e0s perguntas dos animadores dos \"Jovens por um Mundo Unido\".","href":"https:\/\/generate.focolare.org\/pt-pt\/chiara-responde-as-perguntas-dos-animadores-dos-jovens-por-um-mundo-unido\/"},{"locale":"de_DE","id":80427,"post_title":"Fragen und Antworten bei der Geeinten-Welt-Jugend","href":"https:\/\/generate.focolare.org\/de\/fragen-und-antworten-bei-der-geeinten-welt-jugend\/"},{"locale":"sl_SI","id":80425,"post_title":"Chiara odgovarja animatorjem Mladih za zedinjen svet","href":"https:\/\/generate.focolare.org\/sl\/chiara-odgovarja-animatorjem-mladih-za-zedinjen-svet\/"}],"format":"video","length":"17","restrict_roles":null,"link_to_transcription":null,"source":{"ID":330630,"id":330630,"title":"gen-47-video-it","filename":"gen-47-video-it.mp4","filesize":179563806,"url":"https:\/\/generate.focolare.org\/wp-content\/uploads\/2026\/02\/gen-47-video-it.mp4","link":"https:\/\/generate.focolare.org\/en\/content\/chiara-answers-to-the-animators-of-youth-for-a-united-world\/gen-47-video-it\/","alt":"","author":"2253","description":"","caption":"","name":"gen-47-video-it","status":"inherit","uploaded_to":330629,"date":"2026-02-02 08:55:56","modified":"2026-02-02 08:55:56","menu_order":0,"mime_type":"video\/mp4","type":"video","subtype":"mp4","icon":"https:\/\/generate.focolare.org\/wp-includes\/images\/media\/video.png","width":720,"height":576},"transcriptions":[{"language":"it","file":{"ID":870,"id":870,"title":"gen-47-text-it","filename":"gen-47-text-it.pdf","filesize":153228,"url":"https:\/\/generate.focolare.org\/wp-content\/uploads\/2020\/06\/gen-47-text-it.pdf","link":"https:\/\/generate.focolare.org\/en\/content\/chiara-risponde-agli-animatori-dei-giovani-per-un-mondo-unito\/gen-47-text-it\/","alt":"","author":"1","description":"","caption":"","name":"gen-47-text-it","status":"inherit","uploaded_to":864,"date":"2020-06-02 17:44:11","modified":"2020-06-02 17:44:11","menu_order":0,"mime_type":"application\/pdf","type":"application","subtype":"pdf","icon":"https:\/\/generate.focolare.org\/wp-includes\/images\/media\/document.png"}},{"language":"en","file":{"ID":330657,"id":330657,"title":"GMU-G2-Chiara Lubich-Chiara Lubich to the youth animators for a united world-19890304","filename":"GMU-G2-Chiara-Lubich-Chiara-Lubich-to-the-youth-animators-for-a-united-world-19890304.pdf","filesize":147406,"url":"https:\/\/generate.focolare.org\/wp-content\/uploads\/2020\/07\/GMU-G2-Chiara-Lubich-Chiara-Lubich-to-the-youth-animators-for-a-united-world-19890304.pdf","link":"https:\/\/generate.focolare.org\/en\/content\/chiara-answers-to-the-animators-of-youth-for-a-united-world\/gmu-g2-chiara-lubich-chiara-lubich-to-the-youth-animators-for-a-united-world-19890304\/","alt":"","author":"2253","description":"","caption":"","name":"gmu-g2-chiara-lubich-chiara-lubich-to-the-youth-animators-for-a-united-world-19890304","status":"inherit","uploaded_to":330629,"date":"2026-02-02 09:12:35","modified":"2026-02-02 09:12:35","menu_order":0,"mime_type":"application\/pdf","type":"application","subtype":"pdf","icon":"https:\/\/generate.focolare.org\/wp-includes\/images\/media\/document.png"}},{"language":"es","file":{"ID":320308,"id":320308,"title":"GMU-G2-Chiara Lubich-Chiara Lubich a los animadores de los j\u00f3venes por un mundo unido -Respuestas a las preguntas- -19890304","filename":"GMU-G2-Chiara-Lubich-Chiara-Lubich-a-los-animadores-de-los-jovenes-por-un-mundo-unido-Respuestas-a-las-preguntas-19890304.pdf","filesize":795640,"url":"https:\/\/generate.focolare.org\/wp-content\/uploads\/2020\/07\/GMU-G2-Chiara-Lubich-Chiara-Lubich-a-los-animadores-de-los-jovenes-por-un-mundo-unido-Respuestas-a-las-preguntas-19890304.pdf","link":"https:\/\/generate.focolare.org\/en\/content\/chiara-answers-to-the-animators-of-youth-for-a-united-world\/gmu-g2-chiara-lubich-chiara-lubich-a-los-animadores-de-los-jovenes-por-un-mundo-unido-respuestas-a-las-preguntas-19890304-2\/","alt":"","author":"2253","description":"","caption":"","name":"gmu-g2-chiara-lubich-chiara-lubich-a-los-animadores-de-los-jovenes-por-un-mundo-unido-respuestas-a-las-preguntas-19890304-2","status":"inherit","uploaded_to":330629,"date":"2025-10-03 10:05:23","modified":"2026-02-02 09:01:39","menu_order":0,"mime_type":"application\/pdf","type":"application","subtype":"pdf","icon":"https:\/\/generate.focolare.org\/wp-includes\/images\/media\/document.png"}},{"language":"fr","file":{"ID":330678,"id":330678,"title":"GMU-G2-Chiara Lubich-Chiara Lubich aux animateurs des jeunes pour un monde uni-19890304","filename":"GMU-G2-Chiara-Lubich-Chiara-Lubich-aux-animateurs-des-jeunes-pour-un-monde-uni-19890304.pdf","filesize":151604,"url":"https:\/\/generate.focolare.org\/wp-content\/uploads\/2020\/07\/GMU-G2-Chiara-Lubich-Chiara-Lubich-aux-animateurs-des-jeunes-pour-un-monde-uni-19890304.pdf","link":"https:\/\/generate.focolare.org\/en\/content\/chiara-answers-to-the-animators-of-youth-for-a-united-world\/gmu-g2-chiara-lubich-chiara-lubich-aux-animateurs-des-jeunes-pour-un-monde-uni-19890304\/","alt":"","author":"2253","description":"","caption":"","name":"gmu-g2-chiara-lubich-chiara-lubich-aux-animateurs-des-jeunes-pour-un-monde-uni-19890304","status":"inherit","uploaded_to":330629,"date":"2026-02-02 09:13:01","modified":"2026-02-02 09:13:01","menu_order":0,"mime_type":"application\/pdf","type":"application","subtype":"pdf","icon":"https:\/\/generate.focolare.org\/wp-includes\/images\/media\/document.png"}},{"language":"pt-pt","file":{"ID":876,"id":876,"title":"gen-47-text-pt","filename":"gen-47-text-pt.pdf","filesize":156140,"url":"https:\/\/generate.focolare.org\/wp-content\/uploads\/2020\/06\/gen-47-text-pt.pdf","link":"https:\/\/generate.focolare.org\/en\/content\/chiara-risponde-agli-animatori-dei-giovani-per-un-mondo-unito\/gen-47-text-pt-2\/","alt":"","author":"1","description":"","caption":"","name":"gen-47-text-pt-2","status":"inherit","uploaded_to":864,"date":"2020-06-02 17:44:11","modified":"2020-09-17 20:05:21","menu_order":0,"mime_type":"application\/pdf","type":"application","subtype":"pdf","icon":"https:\/\/generate.focolare.org\/wp-includes\/images\/media\/document.png"}},{"language":"sl","file":{"ID":865,"id":865,"title":"gen-47-text-sl","filename":"gen-47-text-sl.pdf","filesize":211287,"url":"https:\/\/generate.focolare.org\/wp-content\/uploads\/2020\/06\/gen-47-text-sl.pdf","link":"https:\/\/generate.focolare.org\/en\/content\/chiara-risponde-agli-animatori-dei-giovani-per-un-mondo-unito\/gen-47-text-sl\/","alt":"","author":"1","description":"","caption":"","name":"gen-47-text-sl","status":"inherit","uploaded_to":864,"date":"2020-06-02 17:44:11","modified":"2020-06-02 17:44:11","menu_order":0,"mime_type":"application\/pdf","type":"application","subtype":"pdf","icon":"https:\/\/generate.focolare.org\/wp-includes\/images\/media\/document.png"}},{"language":"de","file":{"ID":880,"id":880,"title":"gen-47-text-de","filename":"gen-47-text-de.pdf","filesize":64198,"url":"https:\/\/generate.focolare.org\/wp-content\/uploads\/2020\/06\/gen-47-text-de.pdf","link":"https:\/\/generate.focolare.org\/en\/content\/chiara-risponde-agli-animatori-dei-giovani-per-un-mondo-unito\/gen-47-text-de\/","alt":"","author":"1","description":"","caption":"","name":"gen-47-text-de","status":"inherit","uploaded_to":864,"date":"2020-06-02 17:44:11","modified":"2020-06-02 17:44:11","menu_order":0,"mime_type":"application\/pdf","type":"application","subtype":"pdf","icon":"https:\/\/generate.focolare.org\/wp-includes\/images\/media\/document.png"}}]},"headers":[],"status":200},{"data":{"id":340259,"date":"1987-01-18","date_gmt":"2026-04-21T14:49:12","guid":{"rendered":"https:\/\/generate.focolare.org\/?post_type=content&#038;p=340259"},"modified":"2026-04-21T15:50:29","modified_gmt":"2026-04-21T14:50:29","slug":"20-years-of-the-gen-movement","status":"publish","type":"content","link":"https:\/\/generate.focolare.org\/en\/content\/20-years-of-the-gen-movement\/","title":{"rendered":"20 Years of the Gen Movement"},"excerpt":{"rendered":"","protected":false},"featured_media":30540,"comment_status":"closed","ping_status":"closed","template":"","tags":[7844,8037,8111,8227,7916,8203],"contributor":[8424],"location":[8334],"audience":[3936],"class_list":["post-340259","content","type-content","status-publish","has-post-thumbnail","hentry","tag-birth","tag-gen-movement","tag-utopia","tag-world","tag-gioventu-ko","tag-youth","contributor-lubich-chiara","location-castel-gandolfo","audience-gen-2"],"featured_media_url":{"thumbnail":"https:\/\/generate.focolare.org\/wp-content\/uploads\/2020\/07\/610-cover-150x150.jpg","medium":"https:\/\/generate.focolare.org\/wp-content\/uploads\/2020\/07\/610-cover-300x240.jpg","medium_large":"https:\/\/generate.focolare.org\/wp-content\/uploads\/2020\/07\/610-cover.jpg","large":"https:\/\/generate.focolare.org\/wp-content\/uploads\/2020\/07\/610-cover.jpg","1536x1536":"https:\/\/generate.focolare.org\/wp-content\/uploads\/2020\/07\/610-cover.jpg","2048x2048":"https:\/\/generate.focolare.org\/wp-content\/uploads\/2020\/07\/610-cover.jpg","banner":"https:\/\/generate.focolare.org\/wp-content\/uploads\/2020\/07\/610-cover.jpg","preview":"https:\/\/generate.focolare.org\/wp-content\/uploads\/2020\/07\/610-cover-500x400.jpg","profile_24":"https:\/\/generate.focolare.org\/wp-content\/uploads\/2020\/07\/610-cover.jpg","profile_48":"https:\/\/generate.focolare.org\/wp-content\/uploads\/2020\/07\/610-cover.jpg","profile_96":"https:\/\/generate.focolare.org\/wp-content\/uploads\/2020\/07\/610-cover.jpg","profile_150":"https:\/\/generate.focolare.org\/wp-content\/uploads\/2020\/07\/610-cover.jpg","profile_300":"https:\/\/generate.focolare.org\/wp-content\/uploads\/2020\/07\/610-cover.jpg"},"related":[80451,80391,110004,80122,20940,59189],"wpml_current_locale":"en_US","wpml_translations":[{"locale":"it_IT","id":610,"post_title":"I 20 anni del Movimento Gen","href":"https:\/\/generate.focolare.org\/it\/i-20-anni-del-movimento-gen\/"},{"locale":"fr_FR","id":80455,"post_title":"Les 20 ans du Mouvement des Gen","href":"https:\/\/generate.focolare.org\/fr\/les-20-ans-du-mouvement-des-gen\/"},{"locale":"es_ES","id":80458,"post_title":"Los 20 a\u00f1os del Movimiento Gen","href":"https:\/\/generate.focolare.org\/es\/los-20-anos-del-movimiento-gen\/"},{"locale":"pt_PT","id":80457,"post_title":"Os 20 anos do Movimento Gen","href":"https:\/\/generate.focolare.org\/pt-pt\/os-20-anos-do-movimento-gen\/"},{"locale":"ar","id":80454,"post_title":"\u0639\u0634\u0631\u0648\u0646 \u0639\u0627\u0645 \u0644\u062d\u0631\u0643\u0629 \u0627\u0644\u062f\u062c\u0646","href":"https:\/\/generate.focolare.org\/ar\/i-20-anni-del-movimento-gen-ar\/"},{"locale":"nl_NL","id":80453,"post_title":"20 jaar Genbeweging","href":"https:\/\/generate.focolare.org\/nl\/20-jaar-genbeweging\/"},{"locale":"de_DE","id":80459,"post_title":"20 Jahre Genbewegung","href":"https:\/\/generate.focolare.org\/de\/20-jahre-genbewegung-2\/"},{"locale":"pl_PL","id":80456,"post_title":"20 lat Ruchu Gen","href":"https:\/\/generate.focolare.org\/pl\/20-lat-ruchu-gen\/"},{"locale":"sl_SI","id":80460,"post_title":"Dvajset let Gibanja gen","href":"https:\/\/generate.focolare.org\/sl\/dvajset-let-gibanja-gen\/"}],"format":"video","length":"27","restrict_roles":null,"transcriptions":[{"language":"nl","file":{"ID":340282,"id":340282,"title":"gen-39-text-nl","filename":"gen-39-text-nl.pdf","filesize":24863,"url":"https:\/\/generate.focolare.org\/wp-content\/uploads\/2020\/06\/gen-39-text-nl.pdf","link":"https:\/\/generate.focolare.org\/en\/content\/20-years-of-the-gen-movement\/gen-39-text-nl\/","alt":"","author":"1","description":"","caption":"","name":"gen-39-text-nl","status":"inherit","uploaded_to":340259,"date":"2020-06-02 17:43:34","modified":"2020-06-02 17:43:34","menu_order":0,"mime_type":"application\/pdf","type":"application","subtype":"pdf","icon":"https:\/\/generate.focolare.org\/wp-includes\/images\/media\/document.png"}},{"language":"ar","file":{"ID":340283,"id":340283,"title":"gen-39-text-ar","filename":"gen-39-text-ar.pdf","filesize":394261,"url":"https:\/\/generate.focolare.org\/wp-content\/uploads\/2020\/06\/gen-39-text-ar.pdf","link":"https:\/\/generate.focolare.org\/en\/content\/20-years-of-the-gen-movement\/gen-39-text-ar\/","alt":"","author":"1","description":"","caption":"","name":"gen-39-text-ar","status":"inherit","uploaded_to":340259,"date":"2020-06-02 17:43:34","modified":"2020-06-02 17:43:34","menu_order":0,"mime_type":"application\/pdf","type":"application","subtype":"pdf","icon":"https:\/\/generate.focolare.org\/wp-includes\/images\/media\/document.png"}},{"language":"fr","file":{"ID":340284,"id":340284,"title":"gen-39-text-fr","filename":"gen-39-text-fr.pdf","filesize":732806,"url":"https:\/\/generate.focolare.org\/wp-content\/uploads\/2020\/06\/gen-39-text-fr.pdf","link":"https:\/\/generate.focolare.org\/en\/content\/20-years-of-the-gen-movement\/gen-39-text-fr\/","alt":"","author":"1","description":"","caption":"","name":"gen-39-text-fr","status":"inherit","uploaded_to":340259,"date":"2020-06-02 17:43:34","modified":"2020-06-02 17:43:34","menu_order":0,"mime_type":"application\/pdf","type":"application","subtype":"pdf","icon":"https:\/\/generate.focolare.org\/wp-includes\/images\/media\/document.png"}},{"language":"en","file":{"ID":340296,"id":340296,"title":"EN-GMU-G2-chiara lubich_Twenty Years of the Gen Movement_19870118","filename":"EN-GMU-G2-chiara-lubich_Twenty-Years-of-the-Gen-Movement_19870118.pdf","filesize":346503,"url":"https:\/\/generate.focolare.org\/wp-content\/uploads\/2020\/07\/EN-GMU-G2-chiara-lubich_Twenty-Years-of-the-Gen-Movement_19870118.pdf","link":"https:\/\/generate.focolare.org\/en\/content\/20-years-of-the-gen-movement\/en-gmu-g2-chiara-lubich_twenty-years-of-the-gen-movement_19870118-5\/","alt":"","author":"2402","description":"","caption":"","name":"en-gmu-g2-chiara-lubich_twenty-years-of-the-gen-movement_19870118-5","status":"inherit","uploaded_to":340259,"date":"2026-04-21 12:36:21","modified":"2026-04-21 12:36:21","menu_order":0,"mime_type":"application\/pdf","type":"application","subtype":"pdf","icon":"https:\/\/generate.focolare.org\/wp-includes\/images\/media\/document.png"}},{"language":"it","file":{"ID":340285,"id":340285,"title":"gen-39-text-it","filename":"gen-39-text-it.pdf","filesize":175157,"url":"https:\/\/generate.focolare.org\/wp-content\/uploads\/2020\/06\/gen-39-text-it.pdf","link":"https:\/\/generate.focolare.org\/en\/content\/20-years-of-the-gen-movement\/gen-39-text-it-3\/","alt":"","author":"1","description":"","caption":"","name":"gen-39-text-it-3","status":"inherit","uploaded_to":340259,"date":"2020-06-02 17:43:34","modified":"2020-06-02 17:43:34","menu_order":0,"mime_type":"application\/pdf","type":"application","subtype":"pdf","icon":"https:\/\/generate.focolare.org\/wp-includes\/images\/media\/document.png"}},{"language":"pl","file":{"ID":340286,"id":340286,"title":"gen-39-text-pl","filename":"gen-39-text-pl.pdf","filesize":232019,"url":"https:\/\/generate.focolare.org\/wp-content\/uploads\/2020\/06\/gen-39-text-pl.pdf","link":"https:\/\/generate.focolare.org\/en\/content\/20-years-of-the-gen-movement\/gen-39-text-pl\/","alt":"","author":"1","description":"","caption":"","name":"gen-39-text-pl","status":"inherit","uploaded_to":340259,"date":"2020-06-02 17:43:34","modified":"2020-06-02 17:43:34","menu_order":0,"mime_type":"application\/pdf","type":"application","subtype":"pdf","icon":"https:\/\/generate.focolare.org\/wp-includes\/images\/media\/document.png"}},{"language":"pt-pt","file":{"ID":637,"id":637,"title":"gen-39-text-pt","filename":"gen-39-text-pt.pdf","filesize":103633,"url":"https:\/\/generate.focolare.org\/wp-content\/uploads\/2020\/06\/gen-39-text-pt.pdf","link":"https:\/\/generate.focolare.org\/en\/content\/i-20-anni-del-movimento-gen\/gen-39-text-pt-2\/","alt":"","author":"1","description":"","caption":"","name":"gen-39-text-pt-2","status":"inherit","uploaded_to":610,"date":"2020-06-02 17:43:34","modified":"2020-09-17 20:05:21","menu_order":0,"mime_type":"application\/pdf","type":"application","subtype":"pdf","icon":"https:\/\/generate.focolare.org\/wp-includes\/images\/media\/document.png"}},{"language":"es","file":{"ID":340287,"id":340287,"title":"gen-39-text-es","filename":"gen-39-text-es.pdf","filesize":66214,"url":"https:\/\/generate.focolare.org\/wp-content\/uploads\/2020\/06\/gen-39-text-es.pdf","link":"https:\/\/generate.focolare.org\/en\/content\/20-years-of-the-gen-movement\/gen-39-text-es\/","alt":"","author":"1","description":"","caption":"","name":"gen-39-text-es","status":"inherit","uploaded_to":340259,"date":"2020-06-02 17:43:34","modified":"2020-06-02 17:43:34","menu_order":0,"mime_type":"application\/pdf","type":"application","subtype":"pdf","icon":"https:\/\/generate.focolare.org\/wp-includes\/images\/media\/document.png"}},{"language":"de","file":{"ID":340288,"id":340288,"title":"gen-39-text-de","filename":"gen-39-text-de.pdf","filesize":92370,"url":"https:\/\/generate.focolare.org\/wp-content\/uploads\/2020\/06\/gen-39-text-de.pdf","link":"https:\/\/generate.focolare.org\/en\/content\/20-years-of-the-gen-movement\/gen-39-text-de\/","alt":"","author":"1","description":"","caption":"","name":"gen-39-text-de","status":"inherit","uploaded_to":340259,"date":"2020-06-02 17:43:34","modified":"2020-06-02 17:43:34","menu_order":0,"mime_type":"application\/pdf","type":"application","subtype":"pdf","icon":"https:\/\/generate.focolare.org\/wp-includes\/images\/media\/document.png"}},{"language":"sl","file":{"ID":340289,"id":340289,"title":"gen-39-text-sl","filename":"gen-39-text-sl.pdf","filesize":63821,"url":"https:\/\/generate.focolare.org\/wp-content\/uploads\/2020\/06\/gen-39-text-sl.pdf","link":"https:\/\/generate.focolare.org\/en\/content\/20-years-of-the-gen-movement\/gen-39-text-sl\/","alt":"","author":"1","description":"","caption":"","name":"gen-39-text-sl","status":"inherit","uploaded_to":340259,"date":"2020-06-02 17:43:35","modified":"2020-06-02 17:43:35","menu_order":0,"mime_type":"application\/pdf","type":"application","subtype":"pdf","icon":"https:\/\/generate.focolare.org\/wp-includes\/images\/media\/document.png"}}],"link_to_transcription":true,"source":{"ID":340281,"id":340281,"title":"gen-39-video-it","filename":"gen-39-video-it.mp4","filesize":390365216,"url":"https:\/\/generate.focolare.org\/wp-content\/uploads\/2020\/06\/gen-39-video-it.mp4","link":"https:\/\/generate.focolare.org\/en\/content\/20-years-of-the-gen-movement\/gen-39-video-it\/","alt":"","author":"1","description":"","caption":"","name":"gen-39-video-it","status":"inherit","uploaded_to":340259,"date":"2020-06-02 17:43:33","modified":"2020-06-02 17:43:33","menu_order":0,"mime_type":"video\/mp4","type":"video","subtype":"mp4","icon":"https:\/\/generate.focolare.org\/wp-includes\/images\/media\/video.png","width":720,"height":576}},"headers":[],"status":200},{"data":{"id":80391,"date":"2003-12-23","date_gmt":"2020-12-02T14:01:15","guid":{"rendered":"https:\/\/generate.focolare.org\/?post_type=content&#038;p=80391"},"modified":"2020-12-02T21:46:59","modified_gmt":"2020-12-02T20:46:59","slug":"collage-40-years-of-light","status":"publish","type":"content","link":"https:\/\/generate.focolare.org\/en\/content\/collage-40-years-of-light\/","title":{"rendered":"Collage: 40 years of Light"},"excerpt":{"rendered":"<p>Chiara&#8217;s answers that will help us to highlight what the foundation of the Gen Movement is. The direct link that Chiara has always had with the second generation and God&#8217;s plan for it.  is highlighted.<\/p>\n","protected":false},"featured_media":29824,"comment_status":"closed","ping_status":"closed","template":"","tags":[3756,8035,3895,8210],"contributor":[8424],"location":[8334],"audience":[3936],"class_list":["post-80391","content","type-content","status-publish","has-post-thumbnail","hentry","tag-chiara","tag-gen","tag-plan","tag-second-generation","contributor-lubich-chiara","location-castel-gandolfo","audience-gen-2"],"featured_media_url":{"thumbnail":"https:\/\/generate.focolare.org\/wp-content\/uploads\/2020\/07\/1058-cover-150x150.jpg","medium":"https:\/\/generate.focolare.org\/wp-content\/uploads\/2020\/07\/1058-cover-300x240.jpg","medium_large":"https:\/\/generate.focolare.org\/wp-content\/uploads\/2020\/07\/1058-cover.jpg","large":"https:\/\/generate.focolare.org\/wp-content\/uploads\/2020\/07\/1058-cover.jpg","1536x1536":"https:\/\/generate.focolare.org\/wp-content\/uploads\/2020\/07\/1058-cover.jpg","2048x2048":"https:\/\/generate.focolare.org\/wp-content\/uploads\/2020\/07\/1058-cover.jpg","banner":"https:\/\/generate.focolare.org\/wp-content\/uploads\/2020\/07\/1058-cover.jpg","preview":"https:\/\/generate.focolare.org\/wp-content\/uploads\/2020\/07\/1058-cover-500x400.jpg","profile_24":"https:\/\/generate.focolare.org\/wp-content\/uploads\/2020\/07\/1058-cover.jpg","profile_48":"https:\/\/generate.focolare.org\/wp-content\/uploads\/2020\/07\/1058-cover.jpg","profile_96":"https:\/\/generate.focolare.org\/wp-content\/uploads\/2020\/07\/1058-cover.jpg","profile_150":"https:\/\/generate.focolare.org\/wp-content\/uploads\/2020\/07\/1058-cover.jpg","profile_300":"https:\/\/generate.focolare.org\/wp-content\/uploads\/2020\/07\/1058-cover.jpg"},"related":[319822,74113,135361,1883,80054,80451],"wpml_current_locale":"en_US","wpml_translations":[{"locale":"it_IT","id":1058,"post_title":"Collage 40 anni di luce","href":"https:\/\/generate.focolare.org\/it\/collage-40-anni-di-luce\/"},{"locale":"fr_FR","id":80389,"post_title":"Collage 40 ann\u00e9es de lumi\u00e8re","href":"https:\/\/generate.focolare.org\/fr\/collage-40-annees-de-lumiere\/"},{"locale":"es_ES","id":80393,"post_title":"Collage 40 a\u00f1os luz","href":"https:\/\/generate.focolare.org\/es\/collage-40-anos-luz\/"},{"locale":"pt_PT","id":80390,"post_title":"Video Collage 40 anos de luz","href":"https:\/\/generate.focolare.org\/pt-pt\/video-collage-40-anos-de-luz\/"},{"locale":"nl_NL","id":80392,"post_title":"Collage 40jaar licht","href":"https:\/\/generate.focolare.org\/nl\/collage-40jaar-licht\/"},{"locale":"de_DE","id":80394,"post_title":"Kollage 40-j\u00e4hriges Bestehen","href":"https:\/\/generate.focolare.org\/de\/kollage-40-jahriges-bestehen\/"}],"link_to_transcription":true,"format":"video","length":"59","transcriptions":[{"language":"fr","file":{"ID":1059,"id":1059,"title":"gen-86-text-fr","filename":"gen-86-text-fr.pdf","filesize":102494,"url":"https:\/\/generate.focolare.org\/wp-content\/uploads\/2020\/06\/gen-86-text-fr.pdf","link":"https:\/\/generate.focolare.org\/en\/content\/collage-40-anni-di-luce\/gen-86-text-fr\/","alt":"","author":"1","description":"","caption":"","name":"gen-86-text-fr","status":"inherit","uploaded_to":1058,"date":"2020-06-02 17:44:30","modified":"2020-06-02 17:44:32","menu_order":0,"mime_type":"application\/pdf","type":"application","subtype":"pdf","icon":"https:\/\/generate.focolare.org\/wp-includes\/images\/media\/document.png"}},{"language":"pt-pt","file":{"ID":1065,"id":1065,"title":"gen-86-text-pt","filename":"gen-86-text-pt.pdf","filesize":80696,"url":"https:\/\/generate.focolare.org\/wp-content\/uploads\/2020\/06\/gen-86-text-pt.pdf","link":"https:\/\/generate.focolare.org\/en\/content\/collage-40-anni-di-luce\/gen-86-text-pt-2\/","alt":"","author":"1","description":"","caption":"","name":"gen-86-text-pt-2","status":"inherit","uploaded_to":1058,"date":"2020-06-02 17:44:31","modified":"2020-09-17 20:05:20","menu_order":0,"mime_type":"application\/pdf","type":"application","subtype":"pdf","icon":"https:\/\/generate.focolare.org\/wp-includes\/images\/media\/document.png"}},{"language":"en","file":{"ID":1069,"id":1069,"title":"gen-86-text-en","filename":"gen-86-text-en.pdf","filesize":94203,"url":"https:\/\/generate.focolare.org\/wp-content\/uploads\/2020\/06\/gen-86-text-en.pdf","link":"https:\/\/generate.focolare.org\/en\/content\/collage-40-anni-di-luce\/gen-86-text-en\/","alt":"","author":"1","description":"","caption":"","name":"gen-86-text-en","status":"inherit","uploaded_to":1058,"date":"2020-06-02 17:44:31","modified":"2020-06-02 17:44:32","menu_order":0,"mime_type":"application\/pdf","type":"application","subtype":"pdf","icon":"https:\/\/generate.focolare.org\/wp-includes\/images\/media\/document.png"}},{"language":"it","file":{"ID":1074,"id":1074,"title":"gen-86-text-it","filename":"gen-86-text-it.pdf","filesize":95668,"url":"https:\/\/generate.focolare.org\/wp-content\/uploads\/2020\/06\/gen-86-text-it.pdf","link":"https:\/\/generate.focolare.org\/en\/content\/collage-40-anni-di-luce\/gen-86-text-it\/","alt":"","author":"1","description":"","caption":"","name":"gen-86-text-it","status":"inherit","uploaded_to":1058,"date":"2020-06-02 17:44:31","modified":"2020-06-02 17:44:32","menu_order":0,"mime_type":"application\/pdf","type":"application","subtype":"pdf","icon":"https:\/\/generate.focolare.org\/wp-includes\/images\/media\/document.png"}},{"language":"nl","file":{"ID":1079,"id":1079,"title":"gen-86-text-nl","filename":"gen-86-text-nl.pdf","filesize":98707,"url":"https:\/\/generate.focolare.org\/wp-content\/uploads\/2020\/06\/gen-86-text-nl.pdf","link":"https:\/\/generate.focolare.org\/en\/content\/collage-40-anni-di-luce\/gen-86-text-nl\/","alt":"","author":"1","description":"","caption":"","name":"gen-86-text-nl","status":"inherit","uploaded_to":1058,"date":"2020-06-02 17:44:31","modified":"2020-06-02 17:44:32","menu_order":0,"mime_type":"application\/pdf","type":"application","subtype":"pdf","icon":"https:\/\/generate.focolare.org\/wp-includes\/images\/media\/document.png"}},{"language":"es","file":{"ID":1084,"id":1084,"title":"gen-86-text-es","filename":"gen-86-text-es.pdf","filesize":141831,"url":"https:\/\/generate.focolare.org\/wp-content\/uploads\/2020\/06\/gen-86-text-es.pdf","link":"https:\/\/generate.focolare.org\/en\/content\/collage-40-anni-di-luce\/gen-86-text-es\/","alt":"","author":"1","description":"","caption":"","name":"gen-86-text-es","status":"inherit","uploaded_to":1058,"date":"2020-06-02 17:44:31","modified":"2020-06-02 17:44:32","menu_order":0,"mime_type":"application\/pdf","type":"application","subtype":"pdf","icon":"https:\/\/generate.focolare.org\/wp-includes\/images\/media\/document.png"}},{"language":"de","file":{"ID":1089,"id":1089,"title":"gen-86-text-de","filename":"gen-86-text-de.pdf","filesize":77889,"url":"https:\/\/generate.focolare.org\/wp-content\/uploads\/2020\/06\/gen-86-text-de.pdf","link":"https:\/\/generate.focolare.org\/en\/content\/collage-40-anni-di-luce\/gen-86-text-de\/","alt":"","author":"1","description":"","caption":"","name":"gen-86-text-de","status":"inherit","uploaded_to":1058,"date":"2020-06-02 17:44:31","modified":"2020-06-02 17:44:32","menu_order":0,"mime_type":"application\/pdf","type":"application","subtype":"pdf","icon":"https:\/\/generate.focolare.org\/wp-includes\/images\/media\/document.png"}}],"restrict_roles":null,"source":{"ID":1053,"id":1053,"title":"gen-86-video-it","filename":"gen-86-video-it.mp4","filesize":507328589,"url":"https:\/\/generate.focolare.org\/wp-content\/uploads\/2020\/06\/gen-86-video-it.mp4","link":"https:\/\/generate.focolare.org\/en\/content\/collage-40-anni-di-luce\/gen-86-video-it\/","alt":"","author":"1","description":"","caption":"","name":"gen-86-video-it","status":"inherit","uploaded_to":1058,"date":"2020-06-02 17:44:30","modified":"2020-06-02 17:44:30","menu_order":0,"mime_type":"video\/mp4","type":"video","subtype":"mp4","icon":"https:\/\/generate.focolare.org\/wp-includes\/images\/media\/video.png","width":720,"height":576}},"headers":[],"status":200},{"data":{"id":86165,"date":"1998-11-15","date_gmt":"2020-11-17T16:31:08","guid":{"rendered":"https:\/\/generate.focolare.org\/?post_type=content&#038;p=86165"},"modified":"2021-06-14T15:03:32","modified_gmt":"2021-06-14T14:03:32","slug":"chiara-the-vocation","status":"publish","type":"content","link":"https:\/\/generate.focolare.org\/en\/content\/chiara-the-vocation\/","title":{"rendered":"Chiara: the vocation"},"excerpt":{"rendered":"<p>The vocation and story of Chiara. The first Focolare. To know one&#8217;s vocation one must love. The art of loving. To choose God is to find happiness.<\/p>\n","protected":false},"featured_media":105062,"comment_status":"closed","ping_status":"closed","template":"","tags":[3716,3737,7817,3756,7857,3907,7894,8044,7836],"contributor":[8424],"location":[8385],"audience":[8408],"class_list":["post-86165","content","type-content","status-publish","has-post-thumbnail","hentry","tag-art-of-loving","tag-beatitude","tag-calling","tag-chiara","tag-focolare","tag-god","tag-happiness","tag-history","tag-vocation","contributor-lubich-chiara","location-muenster","audience-young-people"],"featured_media_url":{"thumbnail":"https:\/\/generate.focolare.org\/wp-content\/uploads\/2020\/07\/vocation-150x150.jpg","medium":"https:\/\/generate.focolare.org\/wp-content\/uploads\/2020\/07\/vocation-300x225.jpg","medium_large":"https:\/\/generate.focolare.org\/wp-content\/uploads\/2020\/07\/vocation.jpg","large":"https:\/\/generate.focolare.org\/wp-content\/uploads\/2020\/07\/vocation.jpg","1536x1536":"https:\/\/generate.focolare.org\/wp-content\/uploads\/2020\/07\/vocation.jpg","2048x2048":"https:\/\/generate.focolare.org\/wp-content\/uploads\/2020\/07\/vocation.jpg","banner":"https:\/\/generate.focolare.org\/wp-content\/uploads\/2020\/07\/vocation.jpg","preview":"https:\/\/generate.focolare.org\/wp-content\/uploads\/2020\/07\/vocation-500x400.jpg","profile_24":"https:\/\/generate.focolare.org\/wp-content\/uploads\/2020\/07\/vocation.jpg","profile_48":"https:\/\/generate.focolare.org\/wp-content\/uploads\/2020\/07\/vocation.jpg","profile_96":"https:\/\/generate.focolare.org\/wp-content\/uploads\/2020\/07\/vocation.jpg","profile_150":"https:\/\/generate.focolare.org\/wp-content\/uploads\/2020\/07\/vocation.jpg","profile_300":"https:\/\/generate.focolare.org\/wp-content\/uploads\/2020\/07\/vocation.jpg"},"related":[80369,86164,116739,19711,36615,332271],"wpml_current_locale":"en_US","wpml_translations":[{"locale":"it_IT","id":20317,"post_title":"Chiara: La vocazione","href":"https:\/\/generate.focolare.org\/it\/chiara-la-vocazione\/"},{"locale":"fr_FR","id":79946,"post_title":"Chiara: la vocation","href":"https:\/\/generate.focolare.org\/fr\/chiara-la-vocation\/"},{"locale":"es_ES","id":79945,"post_title":"Chiara: la vocaci\u00f3n","href":"https:\/\/generate.focolare.org\/es\/chiara-la-vocacion\/"},{"locale":"pt_PT","id":79944,"post_title":"Chiara: A Voca\u00e7\u00e3o","href":"https:\/\/generate.focolare.org\/pt-pt\/chiara-a-vocacao\/"},{"locale":"ar","id":79947,"post_title":"\u0643\u064a\u0627\u0631\u0627: \u0627\u0644\u062f\u0639\u0648\u0629","href":"https:\/\/generate.focolare.org\/ar\/chiara-the-vocation-ar\/"},{"locale":"nl_NL","id":79949,"post_title":"Chiara: De roeping","href":"https:\/\/generate.focolare.org\/nl\/chiara-de-roeping\/"},{"locale":"de_DE","id":20335,"post_title":"Chiara: Die Berufung","href":"https:\/\/generate.focolare.org\/de\/chiara-die-berufung\/"},{"locale":"ko_KR","id":79948,"post_title":"\uc131\uc18c\uc5d0 \uad00\ud55c \ub07c\uc544\ub77c \ub2f4\ud654","href":"https:\/\/generate.focolare.org\/ko\/chiara-the-vocation-ko\/"},{"locale":"ru_RU","id":79951,"post_title":"\u041a\u044c\u044f\u0440\u0430: \u041f\u0440\u0438\u0437\u0432\u0430\u043d\u0438\u0435","href":"https:\/\/generate.focolare.org\/ru\/chiara-the-vocation-ru\/"},{"locale":"sl_SI","id":79950,"post_title":"Chiara: Poklic","href":"https:\/\/generate.focolare.org\/sl\/chiara-poklic\/"}],"link_to_transcription":true,"restrict_roles":null,"format":"video","length":"44","transcriptions":[{"language":"pt-pt","file":{"ID":45008,"id":45008,"title":"A Voca\u00e7\u00e3o - PT","filename":"A-Vocacao-PT.pdf","filesize":167371,"url":"https:\/\/generate.focolare.org\/wp-content\/uploads\/2020\/07\/A-Vocacao-PT.pdf","link":"https:\/\/generate.focolare.org\/en\/content\/chiara-the-vocation\/a-vocacao-pt-2\/","alt":"","author":"21","description":"","caption":"","name":"a-vocacao-pt-2","status":"inherit","uploaded_to":86165,"date":"2020-10-12 13:58:18","modified":"2020-11-17 16:31:09","menu_order":0,"mime_type":"application\/pdf","type":"application","subtype":"pdf","icon":"https:\/\/generate.focolare.org\/wp-includes\/images\/media\/document.png"}},{"language":"de","file":{"ID":45025,"id":45025,"title":"Chiara im Dom zu M\u00fcnster Die Berufung - DE","filename":"Chiara-im-Dom-zu-Munster-Die-Berufung-DE.pdf","filesize":115943,"url":"https:\/\/generate.focolare.org\/wp-content\/uploads\/2020\/07\/Chiara-im-Dom-zu-Munster-Die-Berufung-DE.pdf","link":"https:\/\/generate.focolare.org\/en\/content\/chiara-the-vocation\/chiara-im-dom-zu-munster-die-berufung-de-2\/","alt":"","author":"21","description":"","caption":"","name":"chiara-im-dom-zu-munster-die-berufung-de-2","status":"inherit","uploaded_to":86165,"date":"2020-10-12 13:58:23","modified":"2020-11-17 16:31:09","menu_order":0,"mime_type":"application\/pdf","type":"application","subtype":"pdf","icon":"https:\/\/generate.focolare.org\/wp-includes\/images\/media\/document.png"}},{"language":"es","file":{"ID":45042,"id":45042,"title":"Intervenci\u00f3n durante las Visperas La vocaci\u00f3n - SP","filename":"Intervencion-durante-las-Visperas-La-vocacion-SP.pdf","filesize":84253,"url":"https:\/\/generate.focolare.org\/wp-content\/uploads\/2020\/07\/Intervencion-durante-las-Visperas-La-vocacion-SP.pdf","link":"https:\/\/generate.focolare.org\/en\/content\/chiara-the-vocation\/intervencion-durante-las-visperas-la-vocacion-sp-2\/","alt":"","author":"21","description":"","caption":"","name":"intervencion-durante-las-visperas-la-vocacion-sp-2","status":"inherit","uploaded_to":86165,"date":"2020-10-12 13:58:27","modified":"2020-11-17 16:31:09","menu_order":0,"mime_type":"application\/pdf","type":"application","subtype":"pdf","icon":"https:\/\/generate.focolare.org\/wp-includes\/images\/media\/document.png"}},{"language":"fr","file":{"ID":45059,"id":45059,"title":"Intervention durant les V\u00eapres La vocation - FR","filename":"Intervention-durant-les-Vepres-La-vocation-FR.pdf","filesize":211413,"url":"https:\/\/generate.focolare.org\/wp-content\/uploads\/2020\/07\/Intervention-durant-les-Vepres-La-vocation-FR.pdf","link":"https:\/\/generate.focolare.org\/en\/content\/chiara-the-vocation\/intervention-durant-les-vepres-la-vocation-fr-2\/","alt":"","author":"21","description":"","caption":"","name":"intervention-durant-les-vepres-la-vocation-fr-2","status":"inherit","uploaded_to":86165,"date":"2020-10-12 13:58:33","modified":"2020-11-17 16:31:09","menu_order":0,"mime_type":"application\/pdf","type":"application","subtype":"pdf","icon":"https:\/\/generate.focolare.org\/wp-includes\/images\/media\/document.png"}},{"language":"it","file":{"ID":45076,"id":45076,"title":"La vocazione - ai giovani nel duomo di Munster - IT","filename":"La-vocazione-ai-giovani-nel-duomo-di-Munster-IT.pdf","filesize":147452,"url":"https:\/\/generate.focolare.org\/wp-content\/uploads\/2020\/07\/La-vocazione-ai-giovani-nel-duomo-di-Munster-IT.pdf","link":"https:\/\/generate.focolare.org\/en\/content\/chiara-the-vocation\/la-vocazione-ai-giovani-nel-duomo-di-munster-it-2\/","alt":"","author":"21","description":"","caption":"","name":"la-vocazione-ai-giovani-nel-duomo-di-munster-it-2","status":"inherit","uploaded_to":86165,"date":"2020-10-12 13:58:38","modified":"2020-11-17 16:31:09","menu_order":0,"mime_type":"application\/pdf","type":"application","subtype":"pdf","icon":"https:\/\/generate.focolare.org\/wp-includes\/images\/media\/document.png"}},{"language":"en","file":{"ID":45093,"id":45093,"title":"The vocation - ING","filename":"The-vocation-ING.pdf","filesize":111895,"url":"https:\/\/generate.focolare.org\/wp-content\/uploads\/2020\/07\/The-vocation-ING.pdf","link":"https:\/\/generate.focolare.org\/en\/content\/chiara-the-vocation\/the-vocation-ing-2\/","alt":"","author":"21","description":"","caption":"","name":"the-vocation-ing-2","status":"inherit","uploaded_to":86165,"date":"2020-10-12 13:58:42","modified":"2020-11-17 16:31:09","menu_order":0,"mime_type":"application\/pdf","type":"application","subtype":"pdf","icon":"https:\/\/generate.focolare.org\/wp-includes\/images\/media\/document.png"}},{"language":"ar","file":{"ID":277392,"id":277392,"title":"GMU-G2-Chiara Lubich-La vocazione M\u00f9nster-19981115 -AR","filename":"GMU-G2-Chiara-Lubich-La-vocazione-Munster-19981115-AR.pdf","filesize":792077,"url":"https:\/\/generate.focolare.org\/wp-content\/uploads\/2020\/07\/GMU-G2-Chiara-Lubich-La-vocazione-Munster-19981115-AR.pdf","link":"https:\/\/generate.focolare.org\/en\/content\/chiara-the-vocation\/gmu-g2-chiara-lubich-la-vocazione-munster-19981115-ar-2\/","alt":"","author":"1126","description":"","caption":"","name":"gmu-g2-chiara-lubich-la-vocazione-munster-19981115-ar-2","status":"inherit","uploaded_to":86165,"date":"2022-11-24 15:33:14","modified":"2022-11-24 15:33:14","menu_order":0,"mime_type":"application\/pdf","type":"application","subtype":"pdf","icon":"https:\/\/generate.focolare.org\/wp-includes\/images\/media\/document.png"}},{"language":"ko","file":{"ID":62436,"id":62436,"title":"19981115 - La Vocazione - Coreano","filename":"19981115-La-Vocazione-Coreano.pdf","filesize":216205,"url":"https:\/\/generate.focolare.org\/wp-content\/uploads\/2020\/07\/19981115-La-Vocazione-Coreano.pdf","link":"https:\/\/generate.focolare.org\/en\/content\/chiara-the-vocation\/19981115-la-vocazione-coreano-2\/","alt":"","author":"6","description":"","caption":"","name":"19981115-la-vocazione-coreano-2","status":"inherit","uploaded_to":86165,"date":"2020-10-24 15:38:35","modified":"2020-11-17 16:31:09","menu_order":0,"mime_type":"application\/pdf","type":"application","subtype":"pdf","icon":"https:\/\/generate.focolare.org\/wp-includes\/images\/media\/document.png"}},{"language":"nl","file":{"ID":62453,"id":62453,"title":"19981115 - La Vocazione - Olandese","filename":"19981115-La-Vocazione-Olandese.pdf","filesize":288054,"url":"https:\/\/generate.focolare.org\/wp-content\/uploads\/2020\/07\/19981115-La-Vocazione-Olandese.pdf","link":"https:\/\/generate.focolare.org\/en\/content\/chiara-the-vocation\/19981115-la-vocazione-olandese-2\/","alt":"","author":"6","description":"","caption":"","name":"19981115-la-vocazione-olandese-2","status":"inherit","uploaded_to":86165,"date":"2020-10-24 15:39:08","modified":"2020-11-17 16:31:09","menu_order":0,"mime_type":"application\/pdf","type":"application","subtype":"pdf","icon":"https:\/\/generate.focolare.org\/wp-includes\/images\/media\/document.png"}},{"language":"sl","file":{"ID":62470,"id":62470,"title":"19981115 - La vocazione - Sloveno","filename":"19981115-La-vocazione-Sloveno.pdf","filesize":214729,"url":"https:\/\/generate.focolare.org\/wp-content\/uploads\/2020\/07\/19981115-La-vocazione-Sloveno.pdf","link":"https:\/\/generate.focolare.org\/en\/content\/chiara-the-vocation\/19981115-la-vocazione-sloveno-2\/","alt":"","author":"6","description":"","caption":"","name":"19981115-la-vocazione-sloveno-2","status":"inherit","uploaded_to":86165,"date":"2020-10-24 15:39:19","modified":"2020-11-17 16:31:09","menu_order":0,"mime_type":"application\/pdf","type":"application","subtype":"pdf","icon":"https:\/\/generate.focolare.org\/wp-includes\/images\/media\/document.png"}},{"language":"ru","file":{"ID":62487,"id":62487,"title":"19981115-La vocazione - Russo","filename":"19981115-La-vocazione-Russo.pdf","filesize":122555,"url":"https:\/\/generate.focolare.org\/wp-content\/uploads\/2020\/07\/19981115-La-vocazione-Russo.pdf","link":"https:\/\/generate.focolare.org\/en\/content\/chiara-the-vocation\/19981115-la-vocazione-russo-2\/","alt":"","author":"6","description":"","caption":"","name":"19981115-la-vocazione-russo-2","status":"inherit","uploaded_to":86165,"date":"2020-10-24 15:39:29","modified":"2020-11-17 16:31:09","menu_order":0,"mime_type":"application\/pdf","type":"application","subtype":"pdf","icon":"https:\/\/generate.focolare.org\/wp-includes\/images\/media\/document.png"}}],"source":{"ID":20318,"id":20318,"title":"csc-1303m-video","filename":"csc-1303m-video.mp4","filesize":710461355,"url":"https:\/\/generate.focolare.org\/wp-content\/uploads\/2020\/07\/csc-1303m-video.mp4.hsl\/index.m3u8","link":"https:\/\/generate.focolare.org\/en\/content\/chiara-la-vocazione\/csc-1303m-video\/","alt":"","author":"0","description":"","caption":"","name":"csc-1303m-video","status":"inherit","uploaded_to":20317,"date":"2020-07-04 11:46:46","modified":"2020-07-04 11:46:46","menu_order":0,"mime_type":"application\/x-mpegURL","type":"video","subtype":"mp4","icon":"https:\/\/generate.focolare.org\/wp-includes\/images\/media\/video.png","width":720,"height":576}},"headers":[],"status":200}]},{"heading":"Paradise \u201949","contents":[{"data":{"id":126968,"date":"1999-04-18","date_gmt":"2022-01-03T17:08:51","guid":{"rendered":"https:\/\/generate.focolare.org\/?post_type=content&#038;p=126968"},"modified":"2025-07-01T14:19:51","modified_gmt":"2025-07-01T13:19:51","slug":"heaven-and-hell","status":"publish","type":"content","link":"https:\/\/generate.focolare.org\/en\/content\/heaven-and-hell\/","title":{"rendered":"Paradise and Imperfection"},"excerpt":{"rendered":"<p>In this very profound response, Chiara communicates to us her vision of heaven and hell, drawing on the thinking of the Church, the saints and her own understanding of them in illuminations received from God.<\/p>\n","protected":false},"featured_media":124360,"comment_status":"closed","ping_status":"closed","template":"","tags":[3927,7881,8292,3699,8266,12107,8027],"contributor":[8424],"location":[],"audience":[8393,3936,8396],"class_list":["post-126968","content","type-content","status-publish","has-post-thumbnail","hentry","tag-ecology","tag-green","tag-hell","tag-love","tag-paradise","tag-pathways","tag-trinity","contributor-lubich-chiara","audience-assistants","audience-gen-2","audience-internal-memebers"],"featured_media_url":{"thumbnail":"https:\/\/generate.focolare.org\/wp-content\/uploads\/2021\/12\/Chiara-Lubich-paradiso-e-linferno-150x150.jpeg","medium":"https:\/\/generate.focolare.org\/wp-content\/uploads\/2021\/12\/Chiara-Lubich-paradiso-e-linferno-300x264.jpeg","medium_large":"https:\/\/generate.focolare.org\/wp-content\/uploads\/2021\/12\/Chiara-Lubich-paradiso-e-linferno.jpeg","large":"https:\/\/generate.focolare.org\/wp-content\/uploads\/2021\/12\/Chiara-Lubich-paradiso-e-linferno.jpeg","1536x1536":"https:\/\/generate.focolare.org\/wp-content\/uploads\/2021\/12\/Chiara-Lubich-paradiso-e-linferno.jpeg","2048x2048":"https:\/\/generate.focolare.org\/wp-content\/uploads\/2021\/12\/Chiara-Lubich-paradiso-e-linferno.jpeg","banner":"https:\/\/generate.focolare.org\/wp-content\/uploads\/2021\/12\/Chiara-Lubich-paradiso-e-linferno.jpeg","preview":"https:\/\/generate.focolare.org\/wp-content\/uploads\/2021\/12\/Chiara-Lubich-paradiso-e-linferno-500x400.jpeg","profile_24":"https:\/\/generate.focolare.org\/wp-content\/uploads\/2021\/12\/Chiara-Lubich-paradiso-e-linferno-24x24.jpeg","profile_48":"https:\/\/generate.focolare.org\/wp-content\/uploads\/2021\/12\/Chiara-Lubich-paradiso-e-linferno-48x48.jpeg","profile_96":"https:\/\/generate.focolare.org\/wp-content\/uploads\/2021\/12\/Chiara-Lubich-paradiso-e-linferno-96x96.jpeg","profile_150":"https:\/\/generate.focolare.org\/wp-content\/uploads\/2021\/12\/Chiara-Lubich-paradiso-e-linferno-150x150.jpeg","profile_300":"https:\/\/generate.focolare.org\/wp-content\/uploads\/2021\/12\/Chiara-Lubich-paradiso-e-linferno-300x300.jpeg"},"related":[112409,2195,125679,36592,283305,13319],"wpml_current_locale":"en_US","wpml_translations":[{"locale":"it_IT","id":124275,"post_title":"Paradiso e Imperfezione","href":"https:\/\/generate.focolare.org\/it\/il-paradiso-e-linferno\/"},{"locale":"fr_FR","id":314586,"post_title":"Paradis et imperfection","href":"https:\/\/generate.focolare.org\/fr\/paradis-et-imperfection\/"},{"locale":"es_ES","id":126967,"post_title":"Para\u00edso e imperfecci\u00f3n","href":"https:\/\/generate.focolare.org\/es\/el-paraiso-y-el-infierno\/"},{"locale":"pt_PT","id":129438,"post_title":"Para\u00edso e imperfei\u00e7\u00e3o","href":"https:\/\/generate.focolare.org\/pt-pt\/o-paraiso-e-o-infenro\/"}],"format":"video","restrict_roles":null,"link_to_transcription":null,"length":"9","source":{"ID":132745,"id":132745,"title":"2568M1-19990418-en","filename":"2568M1-19990418-en.mp4","filesize":171952765,"url":"https:\/\/generate.focolare.org\/wp-content\/uploads\/2022\/01\/2568M1-19990418-en.mp4.hsl\/index.m3u8","link":"https:\/\/generate.focolare.org\/en\/content\/heaven-and-hell\/2568m1-19990418-en\/","alt":"","author":"512","description":"","caption":"","name":"2568m1-19990418-en","status":"inherit","uploaded_to":126968,"date":"2022-03-18 17:09:20","modified":"2022-03-18 17:09:20","menu_order":0,"mime_type":"application\/x-mpegURL","type":"video","subtype":"mp4","icon":"https:\/\/generate.focolare.org\/wp-includes\/images\/media\/video.png","width":1920,"height":1080},"transcriptions":[{"language":"it","file":{"ID":124324,"id":124324,"title":"GMU-G2-Il paradiso e l'inferno-19990418","filename":"GMU-G2-Il-paradiso-e-linferno-19990418.pdf","filesize":687712,"url":"https:\/\/generate.focolare.org\/wp-content\/uploads\/2021\/12\/GMU-G2-Il-paradiso-e-linferno-19990418.pdf","link":"https:\/\/generate.focolare.org\/en\/content\/heaven-and-hell\/gmu-g2-il-paradiso-e-linferno-19990418-2\/","alt":"","author":"512","description":"","caption":"","name":"gmu-g2-il-paradiso-e-linferno-19990418-2","status":"inherit","uploaded_to":126968,"date":"2021-12-22 14:52:14","modified":"2022-01-03 17:08:52","menu_order":0,"mime_type":"application\/pdf","type":"application","subtype":"pdf","icon":"https:\/\/generate.focolare.org\/wp-includes\/images\/media\/document.png"}},{"language":"es","file":{"ID":126931,"id":126931,"title":"GMU-G2-El Para\u00edso y el Infierno-19990418","filename":"GMU-G2-El-Paraiso-y-el-Infierno-19990418.pdf","filesize":802339,"url":"https:\/\/generate.focolare.org\/wp-content\/uploads\/2021\/12\/GMU-G2-El-Paraiso-y-el-Infierno-19990418.pdf","link":"https:\/\/generate.focolare.org\/en\/content\/heaven-and-hell\/gmu-g2-el-paraiso-y-el-infierno-19990418-2\/","alt":"","author":"512","description":"","caption":"","name":"gmu-g2-el-paraiso-y-el-infierno-19990418-2","status":"inherit","uploaded_to":126968,"date":"2022-01-03 17:00:02","modified":"2022-01-03 17:08:52","menu_order":0,"mime_type":"application\/pdf","type":"application","subtype":"pdf","icon":"https:\/\/generate.focolare.org\/wp-includes\/images\/media\/document.png"}},{"language":"en","file":{"ID":126952,"id":126952,"title":"GMU-G2-Heaven and hell-19990418","filename":"GMU-G2-Heaven-and-hell-19990418.pdf","filesize":675039,"url":"https:\/\/generate.focolare.org\/wp-content\/uploads\/2021\/12\/GMU-G2-Heaven-and-hell-19990418.pdf","link":"https:\/\/generate.focolare.org\/en\/content\/heaven-and-hell\/gmu-g2-heaven-and-hell-19990418-2\/","alt":"","author":"512","description":"","caption":"","name":"gmu-g2-heaven-and-hell-19990418-2","status":"inherit","uploaded_to":126968,"date":"2022-01-03 17:03:08","modified":"2022-01-03 17:08:52","menu_order":0,"mime_type":"application\/pdf","type":"application","subtype":"pdf","icon":"https:\/\/generate.focolare.org\/wp-includes\/images\/media\/document.png"}},{"language":"pt-pt","file":{"ID":129423,"id":129423,"title":"(PT) O paraiso e o inferno","filename":"PT-O-paraiso-e-o-inferno.pdf","filesize":689451,"url":"https:\/\/generate.focolare.org\/wp-content\/uploads\/2021\/12\/PT-O-paraiso-e-o-inferno.pdf","link":"https:\/\/generate.focolare.org\/en\/content\/heaven-and-hell\/pt-o-paraiso-e-o-inferno-2\/","alt":"","author":"512","description":"","caption":"","name":"pt-o-paraiso-e-o-inferno-2","status":"inherit","uploaded_to":126968,"date":"2022-02-08 09:58:13","modified":"2022-02-08 09:58:13","menu_order":0,"mime_type":"application\/pdf","type":"application","subtype":"pdf","icon":"https:\/\/generate.focolare.org\/wp-includes\/images\/media\/document.png"}},{"language":"fr","file":{"ID":314431,"id":314431,"title":"Paradis et imperfection","filename":"Paradis-et-imperfection.pdf","filesize":232275,"url":"https:\/\/generate.focolare.org\/wp-content\/uploads\/2021\/12\/Paradis-et-imperfection.pdf","link":"https:\/\/generate.focolare.org\/en\/content\/heaven-and-hell\/paradis-et-imperfection-2\/","alt":"","author":"1968","description":"","caption":"","name":"paradis-et-imperfection-2","status":"inherit","uploaded_to":126968,"date":"2025-07-01 13:07:04","modified":"2025-07-01 13:07:04","menu_order":0,"mime_type":"application\/pdf","type":"application","subtype":"pdf","icon":"https:\/\/generate.focolare.org\/wp-includes\/images\/media\/document.png"}}]},"headers":[],"status":200},{"data":{"id":116769,"date":"1999-01-02","date_gmt":"2021-06-14T14:01:02","guid":{"rendered":"https:\/\/generate.focolare.org\/?post_type=content&#038;p=116769"},"modified":"2021-09-01T15:51:05","modified_gmt":"2021-09-01T14:51:05","slug":"116769","status":"publish","type":"content","link":"https:\/\/generate.focolare.org\/en\/content\/116769\/","title":{"rendered":"Chiara answers the questions from the Gen &#8211; Loppiano"},"excerpt":{"rendered":"<p>How to communicate the Ideal to the many young people who come to Loppiano. An account of the story of Graziella De Luca. Chiara&#8217;s experiences with Jesus forsaken &#8211; Fontem. Themes of the Abba School and Chiara&#8217;s experience, 50 years after the experience of 1949. The Gen and the Economy of Communion.<\/p>\n","protected":false},"featured_media":30957,"comment_status":"closed","ping_status":"closed","template":"","tags":[8079,3929,7913,8221],"contributor":[8424],"location":[8355],"audience":[3936],"class_list":["post-116769","content","type-content","status-publish","has-post-thumbnail","hentry","tag-abba-school","tag-economy-of-communion","tag-jesus-forsaken","tag-to-spread","contributor-lubich-chiara","location-loppiano-mariapoli-renata","audience-gen-2"],"featured_media_url":{"thumbnail":"https:\/\/generate.focolare.org\/wp-content\/uploads\/2020\/07\/19924-cover-150x150.jpg","medium":"https:\/\/generate.focolare.org\/wp-content\/uploads\/2020\/07\/19924-cover-300x240.jpg","medium_large":"https:\/\/generate.focolare.org\/wp-content\/uploads\/2020\/07\/19924-cover.jpg","large":"https:\/\/generate.focolare.org\/wp-content\/uploads\/2020\/07\/19924-cover.jpg","1536x1536":"https:\/\/generate.focolare.org\/wp-content\/uploads\/2020\/07\/19924-cover.jpg","2048x2048":"https:\/\/generate.focolare.org\/wp-content\/uploads\/2020\/07\/19924-cover.jpg","banner":"https:\/\/generate.focolare.org\/wp-content\/uploads\/2020\/07\/19924-cover.jpg","preview":"https:\/\/generate.focolare.org\/wp-content\/uploads\/2020\/07\/19924-cover-500x400.jpg","profile_24":"https:\/\/generate.focolare.org\/wp-content\/uploads\/2020\/07\/19924-cover.jpg","profile_48":"https:\/\/generate.focolare.org\/wp-content\/uploads\/2020\/07\/19924-cover.jpg","profile_96":"https:\/\/generate.focolare.org\/wp-content\/uploads\/2020\/07\/19924-cover.jpg","profile_150":"https:\/\/generate.focolare.org\/wp-content\/uploads\/2020\/07\/19924-cover.jpg","profile_300":"https:\/\/generate.focolare.org\/wp-content\/uploads\/2020\/07\/19924-cover.jpg"},"related":[80252,80442,80183,20940,80438,80374],"wpml_current_locale":"en_US","wpml_translations":[{"locale":"it_IT","id":19924,"post_title":"Chiara alle domande dei Gen - Loppiano","href":"https:\/\/generate.focolare.org\/it\/chiara-alle-domande-dei-gen-loppiano\/"},{"locale":"fr_FR","id":80303,"post_title":"Chiara r\u00e9ponds aux questions des Gen - Loppiano","href":"https:\/\/generate.focolare.org\/fr\/chiara-reponds-aux-questions-des-gen-loppiano\/"},{"locale":"es_ES","id":80305,"post_title":"Chiara a las preguntas de los Gen - Loppiano","href":"https:\/\/generate.focolare.org\/es\/chiara-a-las-preguntas-de-los-gen-loppiano\/"},{"locale":"pt_PT","id":80304,"post_title":"Chiara responde as perguntas dos Gen - Loppiano","href":"https:\/\/generate.focolare.org\/pt-pt\/chiara-responde-as-perguntas-dos-gen-loppiano\/"},{"locale":"ar","id":80306,"post_title":"\u0643\u064a\u0627\u0631\u0627 \u062a\u062c\u064a\u0628 \u0639\u0644\u0649 \u0623\u0633\u0626\u0644\u0629 \u0627\u0644\u062f\u062c\u0646- \u0644\u0648\u0628\u064a\u0627\u0646\u0648","href":"https:\/\/generate.focolare.org\/ar\/chiara-alle-domande-dei-gen-loppiano-ar\/"},{"locale":"nl_NL","id":80308,"post_title":"Chiara beantwoord de vragen van de Gen - Loppiano","href":"https:\/\/generate.focolare.org\/nl\/chiara-beantwoord-de-vragen-van-de-gen-loppiano\/"},{"locale":"de_DE","id":80302,"post_title":"Fragen und Antworten bei den Gen von Loppiano","href":"https:\/\/generate.focolare.org\/de\/fragen-und-antworten-bei-den-gen-von-loppiano\/"},{"locale":"ko_KR","id":80307,"post_title":"\ub85c\uc090\uc544\ub178\uc5d0\uc11c \ub0a8\uc790\uc820\ub4e4\uc758 \uc9c8\ubb38\uc5d0 \ub300\ud55c \ub07c\uc544\ub77c\uc758 \ub2f5\ubcc0","href":"https:\/\/generate.focolare.org\/ko\/chiara-alle-domande-dei-gen-loppiano-ko\/"}],"link_to_transcription":true,"source":{"ID":19925,"id":19925,"title":"csc-1328m-video","filename":"csc-1328m-video.mp4","filesize":836142191,"url":"https:\/\/generate.focolare.org\/wp-content\/uploads\/2020\/07\/csc-1328m-video.mp4.hsl\/index.m3u8","link":"https:\/\/generate.focolare.org\/en\/content\/chiara-alle-domande-dei-gen-loppiano\/csc-1328m-video\/","alt":"","author":"0","description":"","caption":"","name":"csc-1328m-video","status":"inherit","uploaded_to":19924,"date":"2020-07-04 11:45:02","modified":"2020-07-04 11:45:03","menu_order":0,"mime_type":"application\/x-mpegURL","type":"video","subtype":"mp4","icon":"https:\/\/generate.focolare.org\/wp-includes\/images\/media\/video.png","width":720,"height":576},"restrict_roles":null,"format":"video","length":"52","transcriptions":[{"language":"de","file":{"ID":41269,"id":41269,"title":"Antwort auf 4 Fragen - Gen-Schule der Jungen - de","filename":"Antwort-auf-4-Fragen-Gen-Schule-der-Jungen-de.pdf","filesize":279994,"url":"https:\/\/generate.focolare.org\/wp-content\/uploads\/2020\/07\/Antwort-auf-4-Fragen-Gen-Schule-der-Jungen-de.pdf","link":"https:\/\/generate.focolare.org\/en\/content\/116769\/antwort-auf-4-fragen-gen-schule-der-jungen-de-2\/","alt":"","author":"7","description":"","caption":"","name":"antwort-auf-4-fragen-gen-schule-der-jungen-de-2","status":"inherit","uploaded_to":116769,"date":"2020-10-08 07:53:14","modified":"2021-06-14 14:01:03","menu_order":0,"mime_type":"application\/pdf","type":"application","subtype":"pdf","icon":"https:\/\/generate.focolare.org\/wp-includes\/images\/media\/document.png"}},{"language":"en","file":{"ID":41286,"id":41286,"title":"Chiara to the school of the Gen boys Answers to four questions - ing","filename":"Chiara-to-the-school-of-the-Gen-boys-Answers-to-four-questions-ing.pdf","filesize":125367,"url":"https:\/\/generate.focolare.org\/wp-content\/uploads\/2020\/07\/Chiara-to-the-school-of-the-Gen-boys-Answers-to-four-questions-ing.pdf","link":"https:\/\/generate.focolare.org\/en\/content\/116769\/chiara-to-the-school-of-the-gen-boys-answers-to-four-questions-ing-2\/","alt":"","author":"7","description":"","caption":"","name":"chiara-to-the-school-of-the-gen-boys-answers-to-four-questions-ing-2","status":"inherit","uploaded_to":116769,"date":"2020-10-08 07:53:21","modified":"2021-06-14 14:01:04","menu_order":0,"mime_type":"application\/pdf","type":"application","subtype":"pdf","icon":"https:\/\/generate.focolare.org\/wp-includes\/images\/media\/document.png"}},{"language":"fr","file":{"ID":41303,"id":41303,"title":"R\u00e9ponses aux questions des Gen gar\u00e7ons - fr","filename":"Reponses-aux-questions-des-Gen-garcons-fr.pdf","filesize":273949,"url":"https:\/\/generate.focolare.org\/wp-content\/uploads\/2020\/07\/Reponses-aux-questions-des-Gen-garcons-fr.pdf","link":"https:\/\/generate.focolare.org\/en\/content\/116769\/reponses-aux-questions-des-gen-garcons-fr-2\/","alt":"","author":"7","description":"","caption":"","name":"reponses-aux-questions-des-gen-garcons-fr-2","status":"inherit","uploaded_to":116769,"date":"2020-10-08 07:53:26","modified":"2021-06-14 14:01:04","menu_order":0,"mime_type":"application\/pdf","type":"application","subtype":"pdf","icon":"https:\/\/generate.focolare.org\/wp-includes\/images\/media\/document.png"}},{"language":"pt-pt","file":{"ID":41320,"id":41320,"title":"Respostas \u00e0s perguntas dos gen - pt","filename":"Respostas-as-perguntas-dos-gen-pt.pdf","filesize":219680,"url":"https:\/\/generate.focolare.org\/wp-content\/uploads\/2020\/07\/Respostas-as-perguntas-dos-gen-pt.pdf","link":"https:\/\/generate.focolare.org\/en\/content\/116769\/respostas-as-perguntas-dos-gen-pt-2-2\/","alt":"","author":"7","description":"","caption":"","name":"respostas-as-perguntas-dos-gen-pt-2-2","status":"inherit","uploaded_to":116769,"date":"2020-10-08 07:53:32","modified":"2021-06-14 14:01:04","menu_order":0,"mime_type":"application\/pdf","type":"application","subtype":"pdf","icon":"https:\/\/generate.focolare.org\/wp-includes\/images\/media\/document.png"}},{"language":"es","file":{"ID":41337,"id":41337,"title":"Respuestas a las preguntas de los gen - sp","filename":"Respuestas-a-las-preguntas-de-los-gen-sp.pdf","filesize":109224,"url":"https:\/\/generate.focolare.org\/wp-content\/uploads\/2020\/07\/Respuestas-a-las-preguntas-de-los-gen-sp.pdf","link":"https:\/\/generate.focolare.org\/en\/content\/116769\/respuestas-a-las-preguntas-de-los-gen-sp-2\/","alt":"","author":"7","description":"","caption":"","name":"respuestas-a-las-preguntas-de-los-gen-sp-2","status":"inherit","uploaded_to":116769,"date":"2020-10-08 07:53:36","modified":"2021-06-14 14:01:04","menu_order":0,"mime_type":"application\/pdf","type":"application","subtype":"pdf","icon":"https:\/\/generate.focolare.org\/wp-includes\/images\/media\/document.png"}},{"language":"it","file":{"ID":41354,"id":41354,"title":"Risposte a 4 domande - it","filename":"Risposte-a-4-domande-it.pdf","filesize":196665,"url":"https:\/\/generate.focolare.org\/wp-content\/uploads\/2020\/07\/Risposte-a-4-domande-it.pdf","link":"https:\/\/generate.focolare.org\/en\/content\/116769\/risposte-a-4-domande-it-2\/","alt":"","author":"7","description":"","caption":"","name":"risposte-a-4-domande-it-2","status":"inherit","uploaded_to":116769,"date":"2020-10-08 07:53:41","modified":"2021-06-14 14:01:05","menu_order":0,"mime_type":"application\/pdf","type":"application","subtype":"pdf","icon":"https:\/\/generate.focolare.org\/wp-includes\/images\/media\/document.png"}},{"language":"ar","file":{"ID":62933,"id":62933,"title":"19990102 - Scuola dei Gen - Arabo","filename":"19990102-Scuola-dei-Gen-Arabo.pdf","filesize":216051,"url":"https:\/\/generate.focolare.org\/wp-content\/uploads\/2020\/07\/19990102-Scuola-dei-Gen-Arabo.pdf","link":"https:\/\/generate.focolare.org\/en\/content\/116769\/19990102-scuola-dei-gen-arabo-2\/","alt":"","author":"6","description":"","caption":"","name":"19990102-scuola-dei-gen-arabo-2","status":"inherit","uploaded_to":116769,"date":"2020-10-24 17:19:09","modified":"2021-06-14 14:01:05","menu_order":0,"mime_type":"application\/pdf","type":"application","subtype":"pdf","icon":"https:\/\/generate.focolare.org\/wp-includes\/images\/media\/document.png"}},{"language":"ko","file":{"ID":62950,"id":62950,"title":"19990102 - Scuola dei Gen - Coreano","filename":"19990102-Scuola-dei-Gen-Coreano.pdf","filesize":264479,"url":"https:\/\/generate.focolare.org\/wp-content\/uploads\/2020\/07\/19990102-Scuola-dei-Gen-Coreano.pdf","link":"https:\/\/generate.focolare.org\/en\/content\/116769\/19990102-scuola-dei-gen-coreano-2\/","alt":"","author":"6","description":"","caption":"","name":"19990102-scuola-dei-gen-coreano-2","status":"inherit","uploaded_to":116769,"date":"2020-10-24 17:19:25","modified":"2021-06-14 14:01:05","menu_order":0,"mime_type":"application\/pdf","type":"application","subtype":"pdf","icon":"https:\/\/generate.focolare.org\/wp-includes\/images\/media\/document.png"}},{"language":"nl","file":{"ID":62967,"id":62967,"title":"19990102- Scuola dei Gen - Olandese","filename":"19990102-Scuola-dei-Gen-Olandese.pdf","filesize":264784,"url":"https:\/\/generate.focolare.org\/wp-content\/uploads\/2020\/07\/19990102-Scuola-dei-Gen-Olandese.pdf","link":"https:\/\/generate.focolare.org\/en\/content\/116769\/19990102-scuola-dei-gen-olandese-2\/","alt":"","author":"6","description":"","caption":"","name":"19990102-scuola-dei-gen-olandese-2","status":"inherit","uploaded_to":116769,"date":"2020-10-24 17:19:44","modified":"2021-06-14 14:01:05","menu_order":0,"mime_type":"application\/pdf","type":"application","subtype":"pdf","icon":"https:\/\/generate.focolare.org\/wp-includes\/images\/media\/document.png"}}]},"headers":[],"status":200},{"data":{"id":80258,"date":"2001-08-14","date_gmt":"2020-12-02T14:10:42","guid":{"rendered":"https:\/\/generate.focolare.org\/?post_type=content&#038;p=80258"},"modified":"2021-06-15T11:21:44","modified_gmt":"2021-06-15T10:21:44","slug":"answers-to-the-gen-school-montet","status":"publish","type":"content","link":"https:\/\/generate.focolare.org\/en\/content\/answers-to-the-gen-school-montet\/","title":{"rendered":"Answers to the Gen School-Montet"},"excerpt":{"rendered":"<p>Chiara speaks of the Eucharist, how it transforms us and the conditions for receiving it; the importance of living God&#8217;s Will well in the present moment and advising the Gen to live the Word, so that the destiny of the Gen is to be in the bosom of the Father.<\/p>\n","protected":false},"featured_media":106166,"comment_status":"closed","ping_status":"closed","template":"","tags":[8322,8030,8218,8118,8120],"contributor":[8424],"location":[8387],"audience":[3936],"class_list":["post-80258","content","type-content","status-publish","has-post-thumbnail","hentry","tag-eucharist","tag-present","tag-the-word","tag-will-of-god","tag-word","contributor-lubich-chiara","location-montet-mariapolis-foco","audience-gen-2"],"featured_media_url":{"thumbnail":"https:\/\/generate.focolare.org\/wp-content\/uploads\/2020\/09\/569989119_640-1-150x150.jpg","medium":"https:\/\/generate.focolare.org\/wp-content\/uploads\/2020\/09\/569989119_640-1-300x228.jpg","medium_large":"https:\/\/generate.focolare.org\/wp-content\/uploads\/2020\/09\/569989119_640-1.jpg","large":"https:\/\/generate.focolare.org\/wp-content\/uploads\/2020\/09\/569989119_640-1.jpg","1536x1536":"https:\/\/generate.focolare.org\/wp-content\/uploads\/2020\/09\/569989119_640-1.jpg","2048x2048":"https:\/\/generate.focolare.org\/wp-content\/uploads\/2020\/09\/569989119_640-1.jpg","banner":"https:\/\/generate.focolare.org\/wp-content\/uploads\/2020\/09\/569989119_640-1.jpg","preview":"https:\/\/generate.focolare.org\/wp-content\/uploads\/2020\/09\/569989119_640-1-500x400.jpg","profile_24":"https:\/\/generate.focolare.org\/wp-content\/uploads\/2020\/09\/569989119_640-1.jpg","profile_48":"https:\/\/generate.focolare.org\/wp-content\/uploads\/2020\/09\/569989119_640-1.jpg","profile_96":"https:\/\/generate.focolare.org\/wp-content\/uploads\/2020\/09\/569989119_640-1.jpg","profile_150":"https:\/\/generate.focolare.org\/wp-content\/uploads\/2020\/09\/569989119_640-1.jpg","profile_300":"https:\/\/generate.focolare.org\/wp-content\/uploads\/2020\/09\/569989119_640-1.jpg"},"related":[20940,80442,80374,80477,79998,80104],"wpml_current_locale":"en_US","wpml_translations":[{"locale":"it_IT","id":35671,"post_title":"Risposta Alla Scuola Dei Gen - Montet","href":"https:\/\/generate.focolare.org\/it\/risposta-alla-scuola-dei-gen-montet\/"},{"locale":"fr_FR","id":80256,"post_title":"R\u00e9ponse \u00e0 l'\u00e9cole des Gen- Montet","href":"https:\/\/generate.focolare.org\/fr\/reponse-a-lecole-des-gen-montet\/"},{"locale":"es_ES","id":80264,"post_title":"Respuesta a la Escuela de los Gen - Montet","href":"https:\/\/generate.focolare.org\/es\/respuesta-a-la-escuela-de-los-gen-montet\/"},{"locale":"pt_PT","id":80260,"post_title":"Resposta \u00e0 Escola dos Gen - Montet","href":"https:\/\/generate.focolare.org\/pt-pt\/resposta-a-escola-dos-gen-montet\/"},{"locale":"ar","id":80257,"post_title":"\u0627\u062c\u0648\u0628\u0629 \u0625\u0644\u0649 \u0645\u062f\u0631\u0633\u0629 \u0627\u0644\u062f\u062c\u0646 \u0627\u0644\u0634\u0628\u0627\u0628- \u0645\u0648\u0646\u062a\u064a","href":"https:\/\/generate.focolare.org\/ar\/answers-to-the-gen-school-montet-ar\/"},{"locale":"nl_NL","id":80259,"post_title":"Antwoorden aan de Genschool - Montet","href":"https:\/\/generate.focolare.org\/nl\/antwoorden-aan-de-genschool-montet\/"},{"locale":"de_DE","id":80263,"post_title":"Fragen und Antworten bei den Gen von Montet","href":"https:\/\/generate.focolare.org\/de\/fragen-und-antworten-bei-den-gen-von-montet\/"},{"locale":"ko_KR","id":80262,"post_title":"\ubaac\ub5bc \ub0a8\uc790 \uc820\ud559\uad50\uc5d0\uc11c\uc758 \ub2f5\ubcc0","href":"https:\/\/generate.focolare.org\/ko\/answers-to-the-gen-school-montet-ko\/"},{"locale":"pl_PL","id":80261,"post_title":"Odpowied\u017a do Szko\u0142y Gen - Montet","href":"https:\/\/generate.focolare.org\/pl\/odpowiedz-do-szkoly-gen-montet\/"},{"locale":"ru_RU","id":80254,"post_title":"\u041e\u0442\u0432\u0435\u0442 \u043d\u0430 \u0432\u043e\u043f\u0440\u043e\u0441 \u0428\u043a\u043e\u043b\u044b \u0414\u0436\u0435\u043d - \u041c\u043e\u043d\u0442\u0435","href":"https:\/\/generate.focolare.org\/ru\/answers-to-the-gen-school-montet-ru\/"},{"locale":"sl_SI","id":80255,"post_title":"Odgovor \u0161oli fantov gen - Montet","href":"https:\/\/generate.focolare.org\/sl\/odgovor-soli-fantov-gen-montet\/"}],"link_to_transcription":true,"format":"audio","length":"37","transcriptions":[{"language":"ru","file":{"ID":35689,"id":35689,"title":"1154521-text-ru","filename":"1154521-text-ru.pdf","filesize":129448,"url":"https:\/\/generate.focolare.org\/wp-content\/uploads\/2020\/08\/1154521-text-ru.pdf","link":"https:\/\/generate.focolare.org\/en\/content\/risposta-alla-scuola-dei-gen-montet\/1154521-text-ru\/","alt":"","author":"0","description":"","caption":"","name":"1154521-text-ru","status":"inherit","uploaded_to":35671,"date":"2020-08-26 15:18:38","modified":"2020-08-26 15:19:24","menu_order":0,"mime_type":"application\/pdf","type":"application","subtype":"pdf","icon":"https:\/\/generate.focolare.org\/wp-includes\/images\/media\/document.png"}},{"language":"sl","file":{"ID":35706,"id":35706,"title":"1154521-text-sl","filename":"1154521-text-sl.pdf","filesize":87165,"url":"https:\/\/generate.focolare.org\/wp-content\/uploads\/2020\/08\/1154521-text-sl.pdf","link":"https:\/\/generate.focolare.org\/en\/content\/risposta-alla-scuola-dei-gen-montet\/1154521-text-sl\/","alt":"","author":"0","description":"","caption":"","name":"1154521-text-sl","status":"inherit","uploaded_to":35671,"date":"2020-08-26 15:18:42","modified":"2020-08-26 15:19:24","menu_order":0,"mime_type":"application\/pdf","type":"application","subtype":"pdf","icon":"https:\/\/generate.focolare.org\/wp-includes\/images\/media\/document.png"}},{"language":"it","file":{"ID":35723,"id":35723,"title":"1154521-text-it","filename":"1154521-text-it.pdf","filesize":191413,"url":"https:\/\/generate.focolare.org\/wp-content\/uploads\/2020\/08\/1154521-text-it.pdf","link":"https:\/\/generate.focolare.org\/en\/content\/risposta-alla-scuola-dei-gen-montet\/1154521-text-it\/","alt":"","author":"0","description":"","caption":"","name":"1154521-text-it","status":"inherit","uploaded_to":35671,"date":"2020-08-26 15:18:46","modified":"2020-08-26 15:19:24","menu_order":0,"mime_type":"application\/pdf","type":"application","subtype":"pdf","icon":"https:\/\/generate.focolare.org\/wp-includes\/images\/media\/document.png"}},{"language":"fr","file":{"ID":35740,"id":35740,"title":"1154521-text-fr","filename":"1154521-text-fr.pdf","filesize":60864,"url":"https:\/\/generate.focolare.org\/wp-content\/uploads\/2020\/08\/1154521-text-fr.pdf","link":"https:\/\/generate.focolare.org\/en\/content\/risposta-alla-scuola-dei-gen-montet\/1154521-text-fr\/","alt":"","author":"0","description":"","caption":"","name":"1154521-text-fr","status":"inherit","uploaded_to":35671,"date":"2020-08-26 15:18:49","modified":"2020-08-26 15:19:24","menu_order":0,"mime_type":"application\/pdf","type":"application","subtype":"pdf","icon":"https:\/\/generate.focolare.org\/wp-includes\/images\/media\/document.png"}},{"language":"ar","file":{"ID":35757,"id":35757,"title":"1154521-text-ar","filename":"1154521-text-ar.pdf","filesize":746111,"url":"https:\/\/generate.focolare.org\/wp-content\/uploads\/2020\/08\/1154521-text-ar.pdf","link":"https:\/\/generate.focolare.org\/en\/content\/risposta-alla-scuola-dei-gen-montet\/1154521-text-ar\/","alt":"","author":"0","description":"","caption":"","name":"1154521-text-ar","status":"inherit","uploaded_to":35671,"date":"2020-08-26 15:18:53","modified":"2020-08-26 15:19:24","menu_order":0,"mime_type":"application\/pdf","type":"application","subtype":"pdf","icon":"https:\/\/generate.focolare.org\/wp-includes\/images\/media\/document.png"}},{"language":"en","file":{"ID":35774,"id":35774,"title":"1154521-text-en","filename":"1154521-text-en.pdf","filesize":125693,"url":"https:\/\/generate.focolare.org\/wp-content\/uploads\/2020\/08\/1154521-text-en.pdf","link":"https:\/\/generate.focolare.org\/en\/content\/risposta-alla-scuola-dei-gen-montet\/1154521-text-en\/","alt":"","author":"0","description":"","caption":"","name":"1154521-text-en","status":"inherit","uploaded_to":35671,"date":"2020-08-26 15:18:57","modified":"2020-08-26 15:19:24","menu_order":0,"mime_type":"application\/pdf","type":"application","subtype":"pdf","icon":"https:\/\/generate.focolare.org\/wp-includes\/images\/media\/document.png"}},{"language":"nl","file":{"ID":35791,"id":35791,"title":"1154521-text-nl","filename":"1154521-text-nl.pdf","filesize":111978,"url":"https:\/\/generate.focolare.org\/wp-content\/uploads\/2020\/08\/1154521-text-nl.pdf","link":"https:\/\/generate.focolare.org\/en\/content\/risposta-alla-scuola-dei-gen-montet\/1154521-text-nl\/","alt":"","author":"0","description":"","caption":"","name":"1154521-text-nl","status":"inherit","uploaded_to":35671,"date":"2020-08-26 15:19:01","modified":"2020-08-26 15:19:24","menu_order":0,"mime_type":"application\/pdf","type":"application","subtype":"pdf","icon":"https:\/\/generate.focolare.org\/wp-includes\/images\/media\/document.png"}},{"language":"pt-pt","file":{"ID":35808,"id":35808,"title":"1154521-text-pt","filename":"1154521-text-pt.pdf","filesize":224782,"url":"https:\/\/generate.focolare.org\/wp-content\/uploads\/2020\/08\/1154521-text-pt.pdf","link":"https:\/\/generate.focolare.org\/en\/content\/risposta-alla-scuola-dei-gen-montet\/1154521-text-pt\/","alt":"","author":"0","description":"","caption":"","name":"1154521-text-pt","status":"inherit","uploaded_to":35671,"date":"2020-08-26 15:19:04","modified":"2020-08-26 15:19:24","menu_order":0,"mime_type":"application\/pdf","type":"application","subtype":"pdf","icon":"https:\/\/generate.focolare.org\/wp-includes\/images\/media\/document.png"}},{"language":"pl","file":{"ID":35825,"id":35825,"title":"1154521-text-pl","filename":"1154521-text-pl.pdf","filesize":339262,"url":"https:\/\/generate.focolare.org\/wp-content\/uploads\/2020\/08\/1154521-text-pl.pdf","link":"https:\/\/generate.focolare.org\/en\/content\/risposta-alla-scuola-dei-gen-montet\/1154521-text-pl\/","alt":"","author":"0","description":"","caption":"","name":"1154521-text-pl","status":"inherit","uploaded_to":35671,"date":"2020-08-26 15:19:08","modified":"2020-08-26 15:19:24","menu_order":0,"mime_type":"application\/pdf","type":"application","subtype":"pdf","icon":"https:\/\/generate.focolare.org\/wp-includes\/images\/media\/document.png"}},{"language":"ko","file":{"ID":35842,"id":35842,"title":"1154521-text-ko","filename":"1154521-text-ko.pdf","filesize":665757,"url":"https:\/\/generate.focolare.org\/wp-content\/uploads\/2020\/08\/1154521-text-ko.pdf","link":"https:\/\/generate.focolare.org\/en\/content\/risposta-alla-scuola-dei-gen-montet\/1154521-text-ko\/","alt":"","author":"0","description":"","caption":"","name":"1154521-text-ko","status":"inherit","uploaded_to":35671,"date":"2020-08-26 15:19:12","modified":"2020-08-26 15:19:24","menu_order":0,"mime_type":"application\/pdf","type":"application","subtype":"pdf","icon":"https:\/\/generate.focolare.org\/wp-includes\/images\/media\/document.png"}},{"language":"de","file":{"ID":35859,"id":35859,"title":"1154521-text-de","filename":"1154521-text-de.pdf","filesize":253698,"url":"https:\/\/generate.focolare.org\/wp-content\/uploads\/2020\/08\/1154521-text-de.pdf","link":"https:\/\/generate.focolare.org\/en\/content\/risposta-alla-scuola-dei-gen-montet\/1154521-text-de\/","alt":"","author":"0","description":"","caption":"","name":"1154521-text-de","status":"inherit","uploaded_to":35671,"date":"2020-08-26 15:19:16","modified":"2020-08-26 15:19:24","menu_order":0,"mime_type":"application\/pdf","type":"application","subtype":"pdf","icon":"https:\/\/generate.focolare.org\/wp-includes\/images\/media\/document.png"}},{"language":"es","file":{"ID":311468,"id":311468,"title":"1154521-text-es","filename":"1154521-text-es.pdf","filesize":247152,"url":"https:\/\/generate.focolare.org\/wp-content\/uploads\/2020\/09\/1154521-text-es.pdf","link":"https:\/\/generate.focolare.org\/en\/content\/answers-to-the-gen-school-montet\/1154521-text-es-3\/","alt":"","author":"1981","description":"","caption":"","name":"1154521-text-es-3","status":"inherit","uploaded_to":80258,"date":"2025-05-23 09:07:53","modified":"2025-05-23 09:07:53","menu_order":0,"mime_type":"application\/pdf","type":"application","subtype":"pdf","icon":"https:\/\/generate.focolare.org\/wp-includes\/images\/media\/document.png"}}],"restrict_roles":null,"source":{"ID":35672,"id":35672,"title":"indy-sca-cl-20010814-el-a-italiano-video","filename":"indy-sca-cl-20010814-el-a-italiano-video.mp3","filesize":17790971,"url":"https:\/\/generate.focolare.org\/wp-content\/uploads\/2020\/08\/indy-sca-cl-20010814-el-a-italiano-video.mp3","link":"https:\/\/generate.focolare.org\/en\/content\/risposta-alla-scuola-dei-gen-montet\/indy-sca-cl-20010814-el-a-italiano-video\/","alt":"","author":"0","description":"","caption":"","name":"indy-sca-cl-20010814-el-a-italiano-video","status":"inherit","uploaded_to":35671,"date":"2020-08-26 15:18:38","modified":"2020-08-26 15:18:38","menu_order":0,"mime_type":"audio\/mpeg","type":"audio","subtype":"mpeg","icon":"https:\/\/generate.focolare.org\/wp-includes\/images\/media\/audio.png"}},"headers":[],"status":200},{"data":{"id":15488,"date":"1999-12-20","date_gmt":"2020-10-14T09:00:38","guid":{"rendered":"https:\/\/generate.focolare.org\/?post_type=content&#038;p=15488"},"modified":"2021-07-01T15:59:21","modified_gmt":"2021-07-01T14:59:21","slug":"first-lesson-paradise-49","status":"publish","type":"content","link":"https:\/\/generate.focolare.org\/en\/content\/first-lesson-paradise-49\/","title":{"rendered":"First Lesson &#8211; Paradise `49"},"excerpt":{"rendered":"<p>In this first lesson Chiara recounts her initial conversation with Foco who , knowing her story of St. Catherine of Siena, wanted to make a vow of obedience (to Chiara). She immediately understood that Foco was under the influence of a grace and proposed that they  go to the Eucharist and make a pact that opened the gates of Paradise to Chiara, Foco and the first focolarine.<\/p>\n","protected":false},"featured_media":118257,"comment_status":"closed","ping_status":"closed","template":"","tags":[8082,3756,7854,8269,8266],"contributor":[8424],"location":[8334],"audience":[3936],"class_list":["post-15488","content","type-content","status-publish","has-post-thumbnail","hentry","tag-bosom-of-the-father","tag-chiara","tag-foco","tag-pact","tag-paradise","contributor-lubich-chiara","location-castel-gandolfo","audience-gen-2"],"featured_media_url":{"thumbnail":"https:\/\/generate.focolare.org\/wp-content\/uploads\/2020\/07\/igino-chiordani-e-chiara-lubich-1-150x150.jpg","medium":"https:\/\/generate.focolare.org\/wp-content\/uploads\/2020\/07\/igino-chiordani-e-chiara-lubich-1-300x240.jpg","medium_large":"https:\/\/generate.focolare.org\/wp-content\/uploads\/2020\/07\/igino-chiordani-e-chiara-lubich-1.jpg","large":"https:\/\/generate.focolare.org\/wp-content\/uploads\/2020\/07\/igino-chiordani-e-chiara-lubich-1.jpg","1536x1536":"https:\/\/generate.focolare.org\/wp-content\/uploads\/2020\/07\/igino-chiordani-e-chiara-lubich-1.jpg","2048x2048":"https:\/\/generate.focolare.org\/wp-content\/uploads\/2020\/07\/igino-chiordani-e-chiara-lubich-1.jpg","banner":"https:\/\/generate.focolare.org\/wp-content\/uploads\/2020\/07\/igino-chiordani-e-chiara-lubich-1.jpg","preview":"https:\/\/generate.focolare.org\/wp-content\/uploads\/2020\/07\/igino-chiordani-e-chiara-lubich-1-500x400.jpg","profile_24":"https:\/\/generate.focolare.org\/wp-content\/uploads\/2020\/07\/igino-chiordani-e-chiara-lubich-1-24x24.jpg","profile_48":"https:\/\/generate.focolare.org\/wp-content\/uploads\/2020\/07\/igino-chiordani-e-chiara-lubich-1-48x48.jpg","profile_96":"https:\/\/generate.focolare.org\/wp-content\/uploads\/2020\/07\/igino-chiordani-e-chiara-lubich-1-96x96.jpg","profile_150":"https:\/\/generate.focolare.org\/wp-content\/uploads\/2020\/07\/igino-chiordani-e-chiara-lubich-1-150x150.jpg","profile_300":"https:\/\/generate.focolare.org\/wp-content\/uploads\/2020\/07\/igino-chiordani-e-chiara-lubich-1-300x300.jpg"},"related":[80485,13319,112409,125679,2195,309357],"wpml_current_locale":"en_US","wpml_translations":[{"locale":"it_IT","id":15503,"post_title":"1\u00aa Lezione - Paradiso `49","href":"https:\/\/generate.focolare.org\/it\/1a-lezione-paradiso-49\/"},{"locale":"fr_FR","id":15458,"post_title":"Premi\u00e8re le\u00e7on - Paradis  de 49","href":"https:\/\/generate.focolare.org\/fr\/premiere-lecon-paradis-de-49\/"},{"locale":"es_ES","id":15548,"post_title":"Primera Lecci\u00f3n - Para\u00edso `49","href":"https:\/\/generate.focolare.org\/es\/primera-leccion-paraiso-49\/"},{"locale":"pt_PT","id":15533,"post_title":"1\u00aa Li\u00e7\u00e3o - Para\u00edso'49","href":"https:\/\/generate.focolare.org\/pt-pt\/1a-licao-paraiso49\/"},{"locale":"ar","id":15443,"post_title":"\u0627\u0644\u062f\u0631\u0633 \u0627\u0644\u0623\u0648\u0644 - \u0627\u0644\u062c\u0646\u0629 `49","href":"https:\/\/generate.focolare.org\/ar\/first-lesson-paradise-49-ar\/"},{"locale":"nl_NL","id":15518,"post_title":"Eerste Les - Paradijs 1949","href":"https:\/\/generate.focolare.org\/nl\/eerste-les-paradijs-1949\/"},{"locale":"de_DE","id":15563,"post_title":"Erste Lektion \u2013 Paradies \u201849","href":"https:\/\/generate.focolare.org\/de\/erste-lektion-paradies-49\/"},{"locale":"ko_KR","id":15578,"post_title":"49\ub144 \ucc9c\uad6d (\uccab \ubc88\uc9f8 \uc218\uc5c5)","href":"https:\/\/generate.focolare.org\/ko\/first-lesson-paradise-49-ko\/"},{"locale":"sl_SI","id":15473,"post_title":"Prvo predavanje - Raj `49","href":"https:\/\/generate.focolare.org\/sl\/prvo-predavanje-raj-49\/"}],"format":"text","restrict_roles":"assistant","source":{"ID":15474,"id":15474,"title":"assistente-35-text-en","filename":"assistente-35-text-en.pdf","filesize":115892,"url":"https:\/\/generate.focolare.org\/wp-content\/uploads\/2020\/06\/assistente-35-text-en.pdf","link":"https:\/\/generate.focolare.org\/en\/content\/first-lesson-paradise-49\/assistente-35-text-en\/","alt":"","author":"1","description":"","caption":"","name":"assistente-35-text-en","status":"inherit","uploaded_to":15488,"date":"2020-06-02 20:59:08","modified":"2020-06-02 20:59:52","menu_order":0,"mime_type":"application\/pdf","type":"application","subtype":"pdf","icon":"https:\/\/generate.focolare.org\/wp-includes\/images\/media\/document.png"},"length":"50","link_to_transcription":null},"headers":[],"status":200}]},{"heading":"Music","contents":[{"data":{"id":103458,"date":"2000-01-01","date_gmt":"2020-10-17T10:01:03","guid":{"rendered":"https:\/\/generate.focolare.org\/content\/le-mie-mani\/"},"modified":"2020-12-17T02:23:24","modified_gmt":"2020-12-17T01:23:24","slug":"le-mie-mani","status":"publish","type":"content","link":"https:\/\/generate.focolare.org\/en\/content\/le-mie-mani\/","title":{"rendered":"Le mie mani"},"excerpt":{"rendered":"<p>Gen Rosso \u2013 Streetlight<\/p>\n","protected":false},"featured_media":46770,"comment_status":"closed","ping_status":"closed","template":"","tags":[],"contributor":[10775],"location":[],"audience":[],"class_list":["post-103458","content","type-content","status-publish","has-post-thumbnail","hentry","contributor-gen-rosso"],"featured_media_url":{"thumbnail":"https:\/\/generate.focolare.org\/wp-content\/uploads\/2020\/10\/cd-51-it-cover-150x150.png","medium":"https:\/\/generate.focolare.org\/wp-content\/uploads\/2020\/10\/cd-51-it-cover-300x240.png","medium_large":"https:\/\/generate.focolare.org\/wp-content\/uploads\/2020\/10\/cd-51-it-cover-768x614.png","large":"https:\/\/generate.focolare.org\/wp-content\/uploads\/2020\/10\/cd-51-it-cover-1024x819.png","1536x1536":"https:\/\/generate.focolare.org\/wp-content\/uploads\/2020\/10\/cd-51-it-cover.png","2048x2048":"https:\/\/generate.focolare.org\/wp-content\/uploads\/2020\/10\/cd-51-it-cover.png","banner":"https:\/\/generate.focolare.org\/wp-content\/uploads\/2020\/10\/cd-51-it-cover-1042x700.png","preview":"https:\/\/generate.focolare.org\/wp-content\/uploads\/2020\/10\/cd-51-it-cover-500x400.png","profile_24":"https:\/\/generate.focolare.org\/wp-content\/uploads\/2020\/10\/cd-51-it-cover.png","profile_48":"https:\/\/generate.focolare.org\/wp-content\/uploads\/2020\/10\/cd-51-it-cover.png","profile_96":"https:\/\/generate.focolare.org\/wp-content\/uploads\/2020\/10\/cd-51-it-cover.png","profile_150":"https:\/\/generate.focolare.org\/wp-content\/uploads\/2020\/10\/cd-51-it-cover.png","profile_300":"https:\/\/generate.focolare.org\/wp-content\/uploads\/2020\/10\/cd-51-it-cover.png"},"related":[103622,104335],"wpml_current_locale":"en_US","wpml_translations":[{"locale":"it_IT","id":46769,"post_title":"Le mie mani","href":"https:\/\/generate.focolare.org\/it\/le-mie-mani\/"},{"locale":"fr_FR","id":103459,"post_title":"Le mie mani","href":"https:\/\/generate.focolare.org\/fr\/le-mie-mani\/"},{"locale":"es_ES","id":103461,"post_title":"Le mie mani","href":"https:\/\/generate.focolare.org\/es\/le-mie-mani\/"},{"locale":"pt_PT","id":103460,"post_title":"Le mie mani","href":"https:\/\/generate.focolare.org\/pt-pt\/le-mie-mani\/"}],"format":"audio","source":{"ID":55726,"id":55726,"title":"Le mie mani dsk 1  Italiano","filename":"Le-mie-mani-1.mp3","filesize":5878545,"url":"https:\/\/generate.focolare.org\/wp-content\/uploads\/2020\/10\/Le-mie-mani-1.mp3","link":"https:\/\/generate.focolare.org\/en\/content\/le-mie-mani\/le-mie-mani-dsk-1-italiano-2-2\/","alt":"","author":"15","description":"\"Le mie mani dsk 1  Italiano\" from 2000 Streetlight by Gen Rosso. Track 13. Genre: World.","caption":"","name":"le-mie-mani-dsk-1-italiano-2-2","status":"inherit","uploaded_to":103458,"date":"2020-10-17 10:00:47","modified":"2020-10-17 10:00:54","menu_order":0,"mime_type":"audio\/mpeg","type":"audio","subtype":"mpeg","icon":"https:\/\/generate.focolare.org\/wp-includes\/images\/media\/audio.png"},"length":"4","transcriptions":null,"restrict_roles":null,"link_to_transcription":null},"headers":[],"status":200},{"data":{"id":136648,"date":"2019-09-12","date_gmt":"2022-04-21T14:17:01","guid":{"rendered":"https:\/\/generate.focolare.org\/?post_type=content&#038;p=136648"},"modified":"2022-04-21T15:17:01","modified_gmt":"2022-04-21T14:17:01","slug":"quanta-vita-sunlight-project-feat-gen-verde","status":"publish","type":"content","link":"https:\/\/generate.focolare.org\/en\/content\/quanta-vita-sunlight-project-feat-gen-verde\/","title":{"rendered":"Quanta vita &#8211; Sunlight Project feat Gen Verde"},"excerpt":{"rendered":"<p>Sunlight Project Tutti i diritti riservati \u00a9A.Benedetti &#8211; G.Anselmi<\/p>\n","protected":false},"featured_media":136493,"comment_status":"closed","ping_status":"closed","template":"","tags":[],"contributor":[10771],"location":[],"audience":[],"class_list":["post-136648","content","type-content","status-publish","has-post-thumbnail","hentry","contributor-gen-verde"],"featured_media_url":{"thumbnail":"https:\/\/generate.focolare.org\/wp-content\/uploads\/2022\/04\/10-Quanta-vita-150x150.jpg","medium":"https:\/\/generate.focolare.org\/wp-content\/uploads\/2022\/04\/10-Quanta-vita-300x300.jpg","medium_large":"https:\/\/generate.focolare.org\/wp-content\/uploads\/2022\/04\/10-Quanta-vita-768x768.jpg","large":"https:\/\/generate.focolare.org\/wp-content\/uploads\/2022\/04\/10-Quanta-vita-1024x1024.jpg","1536x1536":"https:\/\/generate.focolare.org\/wp-content\/uploads\/2022\/04\/10-Quanta-vita-1536x1536.jpg","2048x2048":"https:\/\/generate.focolare.org\/wp-content\/uploads\/2022\/04\/10-Quanta-vita-2048x2048.jpg","banner":"https:\/\/generate.focolare.org\/wp-content\/uploads\/2022\/04\/10-Quanta-vita-1800x700.jpg","preview":"https:\/\/generate.focolare.org\/wp-content\/uploads\/2022\/04\/10-Quanta-vita-500x400.jpg","profile_24":"https:\/\/generate.focolare.org\/wp-content\/uploads\/2022\/04\/10-Quanta-vita-24x24.jpg","profile_48":"https:\/\/generate.focolare.org\/wp-content\/uploads\/2022\/04\/10-Quanta-vita-48x48.jpg","profile_96":"https:\/\/generate.focolare.org\/wp-content\/uploads\/2022\/04\/10-Quanta-vita-96x96.jpg","profile_150":"https:\/\/generate.focolare.org\/wp-content\/uploads\/2022\/04\/10-Quanta-vita-150x150.jpg","profile_300":"https:\/\/generate.focolare.org\/wp-content\/uploads\/2022\/04\/10-Quanta-vita-300x300.jpg"},"related":[20940,80374,59189,116835,127778,18380],"wpml_current_locale":"en_US","wpml_translations":[{"locale":"it_IT","id":136450,"post_title":"Quanta vita - Sunlight Project feat Gen Verde","href":"https:\/\/generate.focolare.org\/it\/quanta-vita-sunlight-project-feat-gen-verde\/"},{"locale":"fr_FR","id":136691,"post_title":"Quanta vita - Sunlight Project feat Gen Verde","href":"https:\/\/generate.focolare.org\/fr\/quanta-vita-sunlight-project-feat-gen-verde\/"},{"locale":"es_ES","id":136777,"post_title":"Quanta vita - Sunlight Project feat Gen Verde","href":"https:\/\/generate.focolare.org\/es\/quanta-vita-sunlight-project-feat-gen-verde\/"},{"locale":"pt_PT","id":136734,"post_title":"Quanta vita - Sunlight Project feat Gen Verde","href":"https:\/\/generate.focolare.org\/pt-pt\/quanta-vita-sunlight-project-feat-gen-verde\/"}],"format":"audio","link_to_transcription":null,"source":{"ID":136649,"id":136649,"title":"10 Quanta vita - Sunlight Project ft Gen Verde","filename":"10-Quanta-vita-Sunlight-Project-ft-Gen-Verde-1.mp3","filesize":4373859,"url":"https:\/\/generate.focolare.org\/wp-content\/uploads\/2022\/04\/10-Quanta-vita-Sunlight-Project-ft-Gen-Verde-1.mp3","link":"https:\/\/generate.focolare.org\/en\/content\/quanta-vita-sunlight-project-feat-gen-verde\/10-quanta-vita-sunlight-project-ft-gen-verde\/","alt":"","author":"1126","description":"\"10 Quanta vita - Sunlight Project ft Gen Verde\".","caption":"","name":"10-quanta-vita-sunlight-project-ft-gen-verde","status":"inherit","uploaded_to":136648,"date":"2022-04-21 14:16:44","modified":"2022-04-21 14:16:47","menu_order":0,"mime_type":"audio\/mpeg","type":"audio","subtype":"mpeg","icon":"https:\/\/generate.focolare.org\/wp-includes\/images\/media\/audio.png"},"restrict_roles":null,"length":"4","transcriptions":[{"language":"it","file":{"ID":136478,"id":136478,"title":"10 Quanta vita - Sunlight Project feat Gen Verde (Official Lyrics)","filename":"10-Quanta-vita-Sunlight-Project-feat-Gen-Verde-Official-Lyrics.pdf","filesize":26075,"url":"https:\/\/generate.focolare.org\/wp-content\/uploads\/2022\/04\/10-Quanta-vita-Sunlight-Project-feat-Gen-Verde-Official-Lyrics.pdf","link":"https:\/\/generate.focolare.org\/en\/content\/quanta-vita-sunlight-project-feat-gen-verde\/10-quanta-vita-sunlight-project-feat-gen-verde-official-lyrics-2\/","alt":"","author":"1126","description":"","caption":"","name":"10-quanta-vita-sunlight-project-feat-gen-verde-official-lyrics-2","status":"inherit","uploaded_to":136648,"date":"2022-04-20 09:57:34","modified":"2022-04-21 14:16:02","menu_order":0,"mime_type":"application\/pdf","type":"application","subtype":"pdf","icon":"https:\/\/generate.focolare.org\/wp-includes\/images\/media\/document.png"}}]},"headers":[],"status":200},{"data":{"id":104348,"date":"2020-12-05","date_gmt":"2020-12-05T03:35:41","guid":{"rendered":"https:\/\/generate.focolare.org\/content\/lets-bridge-austria\/"},"modified":"2022-05-27T10:34:26","modified_gmt":"2022-05-27T09:34:26","slug":"lets-bridge-austria","status":"publish","type":"content","link":"https:\/\/generate.focolare.org\/en\/content\/lets-bridge-austria\/","title":{"rendered":"Let&#8217;s Bridge (Austria)"},"excerpt":{"rendered":"<p>Genfest 2012 &#8211; One<\/p>\n","protected":false},"featured_media":269962,"comment_status":"closed","ping_status":"closed","template":"","tags":[],"contributor":[12882],"location":[],"audience":[],"class_list":["post-104348","content","type-content","status-publish","has-post-thumbnail","hentry","contributor-genfest-2012"],"featured_media_url":{"thumbnail":"https:\/\/generate.focolare.org\/wp-content\/uploads\/2020\/12\/one-150x150.jpeg","medium":"https:\/\/generate.focolare.org\/wp-content\/uploads\/2020\/12\/one.jpeg","medium_large":"https:\/\/generate.focolare.org\/wp-content\/uploads\/2020\/12\/one.jpeg","large":"https:\/\/generate.focolare.org\/wp-content\/uploads\/2020\/12\/one.jpeg","1536x1536":"https:\/\/generate.focolare.org\/wp-content\/uploads\/2020\/12\/one.jpeg","2048x2048":"https:\/\/generate.focolare.org\/wp-content\/uploads\/2020\/12\/one.jpeg","banner":"https:\/\/generate.focolare.org\/wp-content\/uploads\/2020\/12\/one.jpeg","preview":"https:\/\/generate.focolare.org\/wp-content\/uploads\/2020\/12\/one.jpeg","profile_24":"https:\/\/generate.focolare.org\/wp-content\/uploads\/2020\/12\/one-24x24.jpeg","profile_48":"https:\/\/generate.focolare.org\/wp-content\/uploads\/2020\/12\/one-48x48.jpeg","profile_96":"https:\/\/generate.focolare.org\/wp-content\/uploads\/2020\/12\/one-96x96.jpeg","profile_150":"https:\/\/generate.focolare.org\/wp-content\/uploads\/2020\/12\/one-150x150.jpeg","profile_300":"https:\/\/generate.focolare.org\/wp-content\/uploads\/2020\/12\/one.jpeg"},"related":[20940,80356,116739,12509,9207,2801],"wpml_current_locale":"en_US","wpml_translations":[{"locale":"it_IT","id":98438,"post_title":"Let's Bridge (Austria)","href":"https:\/\/generate.focolare.org\/it\/lets-bridge-austria\/"},{"locale":"fr_FR","id":104349,"post_title":"Let's Bridge (Autriche)","href":"https:\/\/generate.focolare.org\/fr\/lets-bridge-autriche\/"},{"locale":"es_ES","id":104351,"post_title":"Let's Bridge (Austria)","href":"https:\/\/generate.focolare.org\/es\/lets-bridge-austria\/"},{"locale":"pt_PT","id":104350,"post_title":"Let's Bridge (\u00c1ustria)","href":"https:\/\/generate.focolare.org\/pt-pt\/lets-bridge-austria\/"}],"format":"audio","link_to_transcription":null,"source":{"ID":98335,"id":98335,"title":"1","filename":"1.mp3","filesize":8642232,"url":"https:\/\/generate.focolare.org\/wp-content\/uploads\/2020\/12\/1.mp3","link":"https:\/\/generate.focolare.org\/en\/content\/lets-bridge-austria\/1-2-2\/","alt":"","author":"6","description":"\"1\".","caption":"","name":"1-2-2","status":"inherit","uploaded_to":104348,"date":"2020-12-05 03:17:51","modified":"2020-12-05 03:34:03","menu_order":0,"mime_type":"audio\/mpeg","type":"audio","subtype":"mpeg","icon":"https:\/\/generate.focolare.org\/wp-includes\/images\/media\/audio.png"},"length":"4","transcriptions":null,"restrict_roles":null},"headers":[],"status":200},{"data":{"id":104295,"date":"2020-12-04","date_gmt":"2020-12-05T00:21:20","guid":{"rendered":"https:\/\/generate.focolare.org\/content\/ogni-presente\/"},"modified":"2020-12-18T18:28:20","modified_gmt":"2020-12-18T17:28:20","slug":"ogni-presente","status":"publish","type":"content","link":"https:\/\/generate.focolare.org\/en\/content\/ogni-presente\/","title":{"rendered":"Ogni presente"},"excerpt":{"rendered":"<p>Progetto 1 &#8211; La mia citt\u00e0<\/p>\n","protected":false},"featured_media":97812,"comment_status":"closed","ping_status":"closed","template":"","tags":[],"contributor":[12843],"location":[],"audience":[],"class_list":["post-104295","content","type-content","status-publish","has-post-thumbnail","hentry","contributor-progetto-1"],"featured_media_url":{"thumbnail":"https:\/\/generate.focolare.org\/wp-content\/uploads\/2020\/12\/97806-cover-150x150.png","medium":"https:\/\/generate.focolare.org\/wp-content\/uploads\/2020\/12\/97806-cover-300x169.png","medium_large":"https:\/\/generate.focolare.org\/wp-content\/uploads\/2020\/12\/97806-cover-768x432.png","large":"https:\/\/generate.focolare.org\/wp-content\/uploads\/2020\/12\/97806-cover-1024x576.png","1536x1536":"https:\/\/generate.focolare.org\/wp-content\/uploads\/2020\/12\/97806-cover-1536x864.png","2048x2048":"https:\/\/generate.focolare.org\/wp-content\/uploads\/2020\/12\/97806-cover.png","banner":"https:\/\/generate.focolare.org\/wp-content\/uploads\/2020\/12\/97806-cover-1800x700.png","preview":"https:\/\/generate.focolare.org\/wp-content\/uploads\/2020\/12\/97806-cover-500x400.png","profile_24":"https:\/\/generate.focolare.org\/wp-content\/uploads\/2020\/12\/97806-cover.png","profile_48":"https:\/\/generate.focolare.org\/wp-content\/uploads\/2020\/12\/97806-cover.png","profile_96":"https:\/\/generate.focolare.org\/wp-content\/uploads\/2020\/12\/97806-cover.png","profile_150":"https:\/\/generate.focolare.org\/wp-content\/uploads\/2020\/12\/97806-cover.png","profile_300":"https:\/\/generate.focolare.org\/wp-content\/uploads\/2020\/12\/97806-cover.png"},"related":[103913],"wpml_current_locale":"en_US","wpml_translations":[{"locale":"it_IT","id":97806,"post_title":"Ogni presente","href":"https:\/\/generate.focolare.org\/it\/ogni-presente\/"},{"locale":"fr_FR","id":104296,"post_title":"Ogni presente","href":"https:\/\/generate.focolare.org\/fr\/ogni-presente\/"},{"locale":"es_ES","id":104298,"post_title":"Ogni presente","href":"https:\/\/generate.focolare.org\/es\/ogni-presente\/"},{"locale":"pt_PT","id":104297,"post_title":"Ogni presente","href":"https:\/\/generate.focolare.org\/pt-pt\/ogni-presente\/"}],"format":"audio","link_to_transcription":null,"source":{"ID":97721,"id":97721,"title":"AudioTrack 02","filename":"02-Ogni-presente.mp3","filesize":4189163,"url":"https:\/\/generate.focolare.org\/wp-content\/uploads\/2020\/12\/02-Ogni-presente.mp3","link":"https:\/\/generate.focolare.org\/en\/content\/ogni-presente\/audiotrack-02-2\/","alt":"","author":"6","description":"\"AudioTrack 02\" from La Mia Citt\u00e0 by Progetto1. Track 2.","caption":"","name":"audiotrack-02-2","status":"inherit","uploaded_to":104295,"date":"2020-12-05 00:13:06","modified":"2020-12-05 00:21:06","menu_order":0,"mime_type":"audio\/mpeg","type":"audio","subtype":"mpeg","icon":"https:\/\/generate.focolare.org\/wp-includes\/images\/media\/audio.png"},"length":"4","transcriptions":null,"restrict_roles":null},"headers":[],"status":200}]}],"slider":[{"image":{"ID":344737,"id":344737,"title":"BANNERS GENERATE 2026 (01-04) (7)","filename":"BANNERS-GENERATE-2026-01-04-7-1.jpg","filesize":145001,"url":"https:\/\/generate.focolare.org\/wp-content\/uploads\/2026\/06\/BANNERS-GENERATE-2026-01-04-7-1.jpg","link":"https:\/\/generate.focolare.org\/en\/home\/banners-generate-2026-01-04-7-2\/","alt":"","author":"2402","description":"","caption":"","name":"banners-generate-2026-01-04-7-2","status":"inherit","uploaded_to":77,"date":"2026-06-30 14:43:19","modified":"2026-06-30 14:43:19","menu_order":0,"mime_type":"image\/jpeg","type":"image","subtype":"jpeg","icon":"https:\/\/generate.focolare.org\/wp-includes\/images\/media\/default.png","width":1600,"height":700,"sizes":{"thumbnail":"https:\/\/generate.focolare.org\/wp-content\/uploads\/2026\/06\/BANNERS-GENERATE-2026-01-04-7-1-150x150.jpg","thumbnail-width":150,"thumbnail-height":150,"medium":"https:\/\/generate.focolare.org\/wp-content\/uploads\/2026\/06\/BANNERS-GENERATE-2026-01-04-7-1-300x131.jpg","medium-width":300,"medium-height":131,"medium_large":"https:\/\/generate.focolare.org\/wp-content\/uploads\/2026\/06\/BANNERS-GENERATE-2026-01-04-7-1-768x336.jpg","medium_large-width":768,"medium_large-height":336,"large":"https:\/\/generate.focolare.org\/wp-content\/uploads\/2026\/06\/BANNERS-GENERATE-2026-01-04-7-1-1024x448.jpg","large-width":1024,"large-height":448,"1536x1536":"https:\/\/generate.focolare.org\/wp-content\/uploads\/2026\/06\/BANNERS-GENERATE-2026-01-04-7-1-1536x672.jpg","1536x1536-width":1536,"1536x1536-height":672,"2048x2048":"https:\/\/generate.focolare.org\/wp-content\/uploads\/2026\/06\/BANNERS-GENERATE-2026-01-04-7-1.jpg","2048x2048-width":1600,"2048x2048-height":700,"banner":"https:\/\/generate.focolare.org\/wp-content\/uploads\/2026\/06\/BANNERS-GENERATE-2026-01-04-7-1.jpg","banner-width":1600,"banner-height":700,"preview":"https:\/\/generate.focolare.org\/wp-content\/uploads\/2026\/06\/BANNERS-GENERATE-2026-01-04-7-1-500x400.jpg","preview-width":500,"preview-height":400,"profile_24":"https:\/\/generate.focolare.org\/wp-content\/uploads\/2026\/06\/BANNERS-GENERATE-2026-01-04-7-1-24x24.jpg","profile_24-width":24,"profile_24-height":24,"profile_48":"https:\/\/generate.focolare.org\/wp-content\/uploads\/2026\/06\/BANNERS-GENERATE-2026-01-04-7-1-48x48.jpg","profile_48-width":48,"profile_48-height":48,"profile_96":"https:\/\/generate.focolare.org\/wp-content\/uploads\/2026\/06\/BANNERS-GENERATE-2026-01-04-7-1-96x96.jpg","profile_96-width":96,"profile_96-height":96,"profile_150":"https:\/\/generate.focolare.org\/wp-content\/uploads\/2026\/06\/BANNERS-GENERATE-2026-01-04-7-1-150x150.jpg","profile_150-width":150,"profile_150-height":150,"profile_300":"https:\/\/generate.focolare.org\/wp-content\/uploads\/2026\/06\/BANNERS-GENERATE-2026-01-04-7-1-300x300.jpg","profile_300-width":300,"profile_300-height":300}},"content_or_url":"url","link_content":{"data":{"id":342183,"date":"2026-04-30T14:50:26","date_gmt":"2026-04-30T13:50:26","guid":{"rendered":"https:\/\/generate.focolare.org\/?post_type=playlist&#038;p=342183"},"modified":"2026-04-30T14:51:05","modified_gmt":"2026-04-30T13:51:05","slug":"chiara-to-the-gen-of-the-various-christian-denominations","status":"publish","type":"playlist","link":"https:\/\/generate.focolare.org\/en\/playlist\/chiara-to-the-gen-of-the-various-christian-denominations\/","title":{"rendered":"Chiara to the Gen of the various Christian denominations"},"excerpt":{"rendered":"<p>Chiara introduces a path of unity addressed to the Gen of the various Christian denominations. She invites them to live mutual love as the foundation of dialogue, recognizing the richness of each Church without losing their own identity. She proposes a concrete commitment of life, where experience, communion, and the presence of Christ among them become the true witness of a possible unity.<\/p>\n","protected":false},"featured_media":342162,"comment_status":"closed","ping_status":"closed","template":"","tags":[7918,3773,3916,8035,8037,3907,8291,3699,8002,8226,8140,7839,7916,8203],"typology":[20552],"class_list":["post-342183","playlist","type-playlist","status-publish","has-post-thumbnail","hentry","tag-church","tag-community","tag-dialogue","tag-gen","tag-gen-movement","tag-god","tag-ideal","tag-love","tag-movement","tag-opera-ko","tag-united-world","tag-unity","tag-gioventu-ko","tag-youth","typology-gen-unit"],"featured_media_url":{"thumbnail":"https:\/\/generate.focolare.org\/wp-content\/uploads\/2026\/04\/Copertine-GENerate-2-1-150x150.png","medium":"https:\/\/generate.focolare.org\/wp-content\/uploads\/2026\/04\/Copertine-GENerate-2-1-300x240.png","medium_large":"https:\/\/generate.focolare.org\/wp-content\/uploads\/2026\/04\/Copertine-GENerate-2-1.png","large":"https:\/\/generate.focolare.org\/wp-content\/uploads\/2026\/04\/Copertine-GENerate-2-1.png","1536x1536":"https:\/\/generate.focolare.org\/wp-content\/uploads\/2026\/04\/Copertine-GENerate-2-1.png","2048x2048":"https:\/\/generate.focolare.org\/wp-content\/uploads\/2026\/04\/Copertine-GENerate-2-1.png","banner":"https:\/\/generate.focolare.org\/wp-content\/uploads\/2026\/04\/Copertine-GENerate-2-1.png","preview":"https:\/\/generate.focolare.org\/wp-content\/uploads\/2026\/04\/Copertine-GENerate-2-1-500x400.png","profile_24":"https:\/\/generate.focolare.org\/wp-content\/uploads\/2026\/04\/Copertine-GENerate-2-1-24x24.png","profile_48":"https:\/\/generate.focolare.org\/wp-content\/uploads\/2026\/04\/Copertine-GENerate-2-1-48x48.png","profile_96":"https:\/\/generate.focolare.org\/wp-content\/uploads\/2026\/04\/Copertine-GENerate-2-1-96x96.png","profile_150":"https:\/\/generate.focolare.org\/wp-content\/uploads\/2026\/04\/Copertine-GENerate-2-1-150x150.png","profile_300":"https:\/\/generate.focolare.org\/wp-content\/uploads\/2026\/04\/Copertine-GENerate-2-1-300x300.png"},"wpml_current_locale":"en_US","wpml_translations":[{"locale":"it_IT","id":342161,"post_title":"Chiara ai gen delle varie denominazioni cristiane","href":"https:\/\/generate.focolare.org\/it\/chiara-ai-gen-delle-varie-denominazioni-cristiane\/"},{"locale":"fr_FR","id":342185,"post_title":"Chiara aux Gen des vari\u00e9es d\u00e9nominations chr\u00e9tiennes","href":"https:\/\/generate.focolare.org\/fr\/chiara-aux-gen-des-variees-denominations-chretiennes\/"},{"locale":"es_ES","id":342184,"post_title":"Chiara a los Gen de las varias denominaciones cristianas","href":"https:\/\/generate.focolare.org\/es\/chiara-a-los-gen-de-las-varias-denominaciones-cristianas\/"},{"locale":"pt_PT","id":342186,"post_title":"Chiara aos Gen das v\u00e1rias denomina\u00e7\u00f5es crist\u00e3s","href":"https:\/\/generate.focolare.org\/pt-pt\/chiara-aos-gen-das-varias-denominacoes-cristas\/"}],"restrict_roles":null,"playlist":[{"content":{"data":{"id":341180,"date":"1995-02-25","date_gmt":"2026-04-30T11:28:03","guid":{"rendered":"https:\/\/generate.focolare.org\/?post_type=content&#038;p=341180"},"modified":"2026-04-30T12:28:29","modified_gmt":"2026-04-30T11:28:29","slug":"growing-within-ones-own-church","status":"publish","type":"content","link":"https:\/\/generate.focolare.org\/en\/content\/growing-within-ones-own-church\/","title":{"rendered":"Growing within One\u2019s Own Church."},"excerpt":{"rendered":"<p>Chiara responds to an Orthodox Gen 2 who accompanies young people in faith within a Muslim context. She invites him to transmit the Ideal abundantly, through life, experiences, and sharing, without worrying about results or affiliations. Alongside concrete witness, she also proposes a path of deeper knowledge of one\u2019s own Church, in order to serve it better and renew it from within.<\/p>\n","protected":false},"featured_media":340886,"comment_status":"closed","ping_status":"closed","template":"","tags":[3756,7918,3773,3916,8035,8037,3907,8291,3699,8002,8226,12897,8140,7839,7916,8203],"contributor":[8424],"location":[8332],"audience":[3936],"class_list":["post-341180","content","type-content","status-publish","has-post-thumbnail","hentry","tag-chiara","tag-church","tag-community","tag-dialogue","tag-gen","tag-gen-movement","tag-god","tag-ideal","tag-love","tag-movement","tag-opera-ko","tag-songs","tag-united-world","tag-unity","tag-gioventu-ko","tag-youth","contributor-lubich-chiara","location-buyukdere-istanbul-ur","audience-gen-2"],"featured_media_url":{"thumbnail":"https:\/\/generate.focolare.org\/wp-content\/uploads\/2026\/04\/Estambul-150x150.png","medium":"https:\/\/generate.focolare.org\/wp-content\/uploads\/2026\/04\/Estambul-300x240.png","medium_large":"https:\/\/generate.focolare.org\/wp-content\/uploads\/2026\/04\/Estambul.png","large":"https:\/\/generate.focolare.org\/wp-content\/uploads\/2026\/04\/Estambul.png","1536x1536":"https:\/\/generate.focolare.org\/wp-content\/uploads\/2026\/04\/Estambul.png","2048x2048":"https:\/\/generate.focolare.org\/wp-content\/uploads\/2026\/04\/Estambul.png","banner":"https:\/\/generate.focolare.org\/wp-content\/uploads\/2026\/04\/Estambul.png","preview":"https:\/\/generate.focolare.org\/wp-content\/uploads\/2026\/04\/Estambul-500x400.png","profile_24":"https:\/\/generate.focolare.org\/wp-content\/uploads\/2026\/04\/Estambul-24x24.png","profile_48":"https:\/\/generate.focolare.org\/wp-content\/uploads\/2026\/04\/Estambul-48x48.png","profile_96":"https:\/\/generate.focolare.org\/wp-content\/uploads\/2026\/04\/Estambul-96x96.png","profile_150":"https:\/\/generate.focolare.org\/wp-content\/uploads\/2026\/04\/Estambul-150x150.png","profile_300":"https:\/\/generate.focolare.org\/wp-content\/uploads\/2026\/04\/Estambul-300x300.png"},"related":[20940,324686,80084,6085,2142,116739],"wpml_current_locale":"en_US","wpml_translations":[{"locale":"it_IT","id":340885,"post_title":"Crescere nella propria Chiesa","href":"https:\/\/generate.focolare.org\/it\/crescere-nella-propria-chiesa\/"},{"locale":"fr_FR","id":341182,"post_title":"Grandir dans sa propre \u00c9glise","href":"https:\/\/generate.focolare.org\/fr\/grandir-dans-sa-propre-eglise\/"},{"locale":"es_ES","id":341181,"post_title":"Crecer en la propia Iglesia","href":"https:\/\/generate.focolare.org\/es\/crecer-en-la-propia-iglesia\/"},{"locale":"pt_PT","id":341183,"post_title":"Crescer na pr\u00f3pria Igreja","href":"https:\/\/generate.focolare.org\/pt-pt\/crescer-na-propria-igreja\/"}],"format":"video","restrict_roles":null,"link_to_transcription":true,"source":{"ID":340913,"id":340913,"title":"Istambul","filename":"Istambul-.mp4","filesize":722550570,"url":"https:\/\/generate.focolare.org\/wp-content\/uploads\/2026\/04\/Istambul-.mp4","link":"https:\/\/generate.focolare.org\/en\/istambul-2\/","alt":"","author":"2253","description":"","caption":"","name":"istambul-2","status":"inherit","uploaded_to":0,"date":"2026-04-30 09:51:47","modified":"2026-04-30 09:51:47","menu_order":0,"mime_type":"video\/mp4","type":"video","subtype":"mp4","icon":"https:\/\/generate.focolare.org\/wp-includes\/images\/media\/video.png","width":1920,"height":1080},"length":"5","transcriptions":[{"language":"it","file":{"ID":340934,"id":340934,"title":"IT-GMU-G2-Chiara Lubich agli interni- 25-02-1995","filename":"IT-GMU-G2-Chiara-Lubich-agli-interni-25-02-1995.pdf","filesize":122984,"url":"https:\/\/generate.focolare.org\/wp-content\/uploads\/2026\/04\/IT-GMU-G2-Chiara-Lubich-agli-interni-25-02-1995.pdf","link":"https:\/\/generate.focolare.org\/en\/content\/growing-within-ones-own-church\/it-gmu-g2-chiara-lubich-agli-interni-25-02-1995-2\/","alt":"","author":"2253","description":"","caption":"","name":"it-gmu-g2-chiara-lubich-agli-interni-25-02-1995-2","status":"inherit","uploaded_to":341180,"date":"2026-04-30 09:53:54","modified":"2026-04-30 11:28:30","menu_order":0,"mime_type":"application\/pdf","type":"application","subtype":"pdf","icon":"https:\/\/generate.focolare.org\/wp-includes\/images\/media\/document.png"}},{"language":"en","file":{"ID":340955,"id":340955,"title":"EN-GMU-G2-Chiara Lubich agli interni- 25-02-1995","filename":"EN-GMU-G2-Chiara-Lubich-agli-interni-25-02-1995.pdf","filesize":124443,"url":"https:\/\/generate.focolare.org\/wp-content\/uploads\/2026\/04\/EN-GMU-G2-Chiara-Lubich-agli-interni-25-02-1995.pdf","link":"https:\/\/generate.focolare.org\/en\/content\/growing-within-ones-own-church\/en-gmu-g2-chiara-lubich-agli-interni-25-02-1995-2\/","alt":"","author":"2253","description":"","caption":"","name":"en-gmu-g2-chiara-lubich-agli-interni-25-02-1995-2","status":"inherit","uploaded_to":341180,"date":"2026-04-30 09:54:09","modified":"2026-04-30 11:28:31","menu_order":0,"mime_type":"application\/pdf","type":"application","subtype":"pdf","icon":"https:\/\/generate.focolare.org\/wp-includes\/images\/media\/document.png"}},{"language":"es","file":{"ID":340976,"id":340976,"title":"ES-GMU-G2-Chiara Lubich agli interni- 25-02-1995","filename":"ES-GMU-G2-Chiara-Lubich-agli-interni-25-02-1995.pdf","filesize":123554,"url":"https:\/\/generate.focolare.org\/wp-content\/uploads\/2026\/04\/ES-GMU-G2-Chiara-Lubich-agli-interni-25-02-1995.pdf","link":"https:\/\/generate.focolare.org\/en\/content\/growing-within-ones-own-church\/es-gmu-g2-chiara-lubich-agli-interni-25-02-1995-2\/","alt":"","author":"2253","description":"","caption":"","name":"es-gmu-g2-chiara-lubich-agli-interni-25-02-1995-2","status":"inherit","uploaded_to":341180,"date":"2026-04-30 09:54:36","modified":"2026-04-30 11:28:32","menu_order":0,"mime_type":"application\/pdf","type":"application","subtype":"pdf","icon":"https:\/\/generate.focolare.org\/wp-includes\/images\/media\/document.png"}},{"language":"fr","file":{"ID":340997,"id":340997,"title":"FR-GMU-G2-Chiara Lubich agli interni- 25-02-1995","filename":"FR-GMU-G2-Chiara-Lubich-agli-interni-25-02-1995.pdf","filesize":124282,"url":"https:\/\/generate.focolare.org\/wp-content\/uploads\/2026\/04\/FR-GMU-G2-Chiara-Lubich-agli-interni-25-02-1995.pdf","link":"https:\/\/generate.focolare.org\/en\/content\/growing-within-ones-own-church\/fr-gmu-g2-chiara-lubich-agli-interni-25-02-1995-2\/","alt":"","author":"2253","description":"","caption":"","name":"fr-gmu-g2-chiara-lubich-agli-interni-25-02-1995-2","status":"inherit","uploaded_to":341180,"date":"2026-04-30 09:55:08","modified":"2026-04-30 11:28:33","menu_order":0,"mime_type":"application\/pdf","type":"application","subtype":"pdf","icon":"https:\/\/generate.focolare.org\/wp-includes\/images\/media\/document.png"}},{"language":"pt-pt","file":{"ID":341018,"id":341018,"title":"PT-GMU-G2-Chiara Lubich agli interni- 25-02-1995","filename":"PT-GMU-G2-Chiara-Lubich-agli-interni-25-02-1995.pdf","filesize":131710,"url":"https:\/\/generate.focolare.org\/wp-content\/uploads\/2026\/04\/PT-GMU-G2-Chiara-Lubich-agli-interni-25-02-1995.pdf","link":"https:\/\/generate.focolare.org\/en\/content\/growing-within-ones-own-church\/pt-gmu-g2-chiara-lubich-agli-interni-25-02-1995-2\/","alt":"","author":"2253","description":"","caption":"","name":"pt-gmu-g2-chiara-lubich-agli-interni-25-02-1995-2","status":"inherit","uploaded_to":341180,"date":"2026-04-30 09:55:31","modified":"2026-04-30 11:28:35","menu_order":0,"mime_type":"application\/pdf","type":"application","subtype":"pdf","icon":"https:\/\/generate.focolare.org\/wp-includes\/images\/media\/document.png"}}]},"headers":[],"status":200}},{"content":{"data":{"id":341311,"date":"1998-11-30","date_gmt":"2026-04-30T11:49:01","guid":{"rendered":"https:\/\/generate.focolare.org\/?post_type=content&#038;p=341311"},"modified":"2026-04-30T14:34:21","modified_gmt":"2026-04-30T13:34:21","slug":"who-will-separate-us-from-christ","status":"publish","type":"content","link":"https:\/\/generate.focolare.org\/en\/content\/who-will-separate-us-from-christ\/","title":{"rendered":"Who will separate us from Christ?"},"excerpt":{"rendered":"<p>In the encounter among different Churches, a richness emerges that must be welcomed and valued. Chiara emphasizes how each tradition possesses gifts to offer others and invites all to live unity without imposing, but by recognizing and sharing the good present in each one. In this atmosphere, authentic and fruitful dialogue can arise.<\/p>\n","protected":false},"featured_media":341290,"comment_status":"closed","ping_status":"closed","template":"","tags":[3756,7918,3773,3916,8035,8037,3907,8291,3699,8002,8226,8140,7839,7916,8203,12050],"contributor":[8424],"location":[8380],"audience":[3936],"class_list":["post-341311","content","type-content","status-publish","has-post-thumbnail","hentry","tag-chiara","tag-church","tag-community","tag-dialogue","tag-gen","tag-gen-movement","tag-god","tag-ideal","tag-love","tag-movement","tag-opera-ko","tag-united-world","tag-unity","tag-gioventu-ko","tag-youth","tag-youth-for-a-united-world","contributor-lubich-chiara","location-ottmaring-mariapolis-new-law","audience-gen-2"],"featured_media_url":{"thumbnail":"https:\/\/generate.focolare.org\/wp-content\/uploads\/2026\/04\/Ottmaring-2-1-150x150.png","medium":"https:\/\/generate.focolare.org\/wp-content\/uploads\/2026\/04\/Ottmaring-2-1-300x240.png","medium_large":"https:\/\/generate.focolare.org\/wp-content\/uploads\/2026\/04\/Ottmaring-2-1.png","large":"https:\/\/generate.focolare.org\/wp-content\/uploads\/2026\/04\/Ottmaring-2-1.png","1536x1536":"https:\/\/generate.focolare.org\/wp-content\/uploads\/2026\/04\/Ottmaring-2-1.png","2048x2048":"https:\/\/generate.focolare.org\/wp-content\/uploads\/2026\/04\/Ottmaring-2-1.png","banner":"https:\/\/generate.focolare.org\/wp-content\/uploads\/2026\/04\/Ottmaring-2-1.png","preview":"https:\/\/generate.focolare.org\/wp-content\/uploads\/2026\/04\/Ottmaring-2-1-500x400.png","profile_24":"https:\/\/generate.focolare.org\/wp-content\/uploads\/2026\/04\/Ottmaring-2-1-24x24.png","profile_48":"https:\/\/generate.focolare.org\/wp-content\/uploads\/2026\/04\/Ottmaring-2-1-48x48.png","profile_96":"https:\/\/generate.focolare.org\/wp-content\/uploads\/2026\/04\/Ottmaring-2-1-96x96.png","profile_150":"https:\/\/generate.focolare.org\/wp-content\/uploads\/2026\/04\/Ottmaring-2-1-150x150.png","profile_300":"https:\/\/generate.focolare.org\/wp-content\/uploads\/2026\/04\/Ottmaring-2-1-300x300.png"},"related":[2118,126924,80021,3102,334994,9177],"wpml_current_locale":"en_US","wpml_translations":[{"locale":"it_IT","id":341184,"post_title":"Chi ci separer\u00e0 da Cristo?","href":"https:\/\/generate.focolare.org\/it\/chi-ci-separera-da-cristo\/"},{"locale":"fr_FR","id":341439,"post_title":"Qui nous s\u00e9parera du Christ?","href":"https:\/\/generate.focolare.org\/fr\/qui-nous-separera-du-christ\/"},{"locale":"es_ES","id":341438,"post_title":"\u00bfQui\u00e9n nos separar\u00e1 de Cristo?","href":"https:\/\/generate.focolare.org\/es\/quien-nos-separara-de-cristo\/"},{"locale":"pt_PT","id":341440,"post_title":"Quem nos separar\u00e1 de Cristo?","href":"https:\/\/generate.focolare.org\/pt-pt\/quem-nos-separara-de-cristo\/"}],"format":"video","restrict_roles":null,"link_to_transcription":true,"source":{"ID":341039,"id":341039,"title":"OTTMARING CASETTA SAPIENZA","filename":"OTTMARING-CASETTA-SAPIENZA.mp4","filesize":762907028,"url":"https:\/\/generate.focolare.org\/wp-content\/uploads\/2026\/04\/OTTMARING-CASETTA-SAPIENZA.mp4.hsl\/index.m3u8","link":"https:\/\/generate.focolare.org\/en\/ottmaring-casetta-sapienza-2\/","alt":"","author":"2253","description":"","caption":"","name":"ottmaring-casetta-sapienza-2","status":"inherit","uploaded_to":0,"date":"2026-04-30 10:01:17","modified":"2026-04-30 10:01:17","menu_order":0,"mime_type":"application\/x-mpegURL","type":"video","subtype":"mp4","icon":"https:\/\/generate.focolare.org\/wp-includes\/images\/media\/video.png","width":1280,"height":720},"length":"9","transcriptions":[{"language":"it","file":{"ID":341191,"id":341191,"title":"IT-GMU-G2-Chiara Lubich_Chiara incontra le Gen 2_19981130","filename":"IT-GMU-G2-Chiara-Lubich_Chiara-incontra-le-Gen-2_19981130.pdf","filesize":141357,"url":"https:\/\/generate.focolare.org\/wp-content\/uploads\/2026\/04\/IT-GMU-G2-Chiara-Lubich_Chiara-incontra-le-Gen-2_19981130.pdf","link":"https:\/\/generate.focolare.org\/en\/content\/who-will-separate-us-from-christ\/it-gmu-g2-chiara-lubich_chiara-incontra-le-gen-2_19981130-2\/","alt":"","author":"2253","description":"","caption":"","name":"it-gmu-g2-chiara-lubich_chiara-incontra-le-gen-2_19981130-2","status":"inherit","uploaded_to":341311,"date":"2026-04-30 11:39:48","modified":"2026-04-30 11:46:22","menu_order":0,"mime_type":"application\/pdf","type":"application","subtype":"pdf","icon":"https:\/\/generate.focolare.org\/wp-includes\/images\/media\/document.png"}},{"language":"en","file":{"ID":341212,"id":341212,"title":"EN-GMU-G2-Chiara Lubich_Chiara\u00a0meets\u00a0the\u00a0Gen\u00a02 in the \u201cSapienza\u201d\u00a0Gen Houde_19981130","filename":"EN-GMU-G2-Chiara-Lubich_Chiara-meets-the-Gen-2-in-the-Sapienza-Gen-Houde_19981130.pdf","filesize":146789,"url":"https:\/\/generate.focolare.org\/wp-content\/uploads\/2026\/04\/EN-GMU-G2-Chiara-Lubich_Chiara-meets-the-Gen-2-in-the-Sapienza-Gen-Houde_19981130.pdf","link":"https:\/\/generate.focolare.org\/en\/content\/who-will-separate-us-from-christ\/en-gmu-g2-chiara-lubich_chiara-meets-the-gen-2-in-the-sapienza-gen-houde_19981130-2\/","alt":"","author":"2253","description":"","caption":"","name":"en-gmu-g2-chiara-lubich_chiara-meets-the-gen-2-in-the-sapienza-gen-houde_19981130-2","status":"inherit","uploaded_to":341311,"date":"2026-04-30 11:40:22","modified":"2026-04-30 11:46:23","menu_order":0,"mime_type":"application\/pdf","type":"application","subtype":"pdf","icon":"https:\/\/generate.focolare.org\/wp-includes\/images\/media\/document.png"}},{"language":"es","file":{"ID":341233,"id":341233,"title":"ES-GMU-G2-Chiara Lubich_Chiara se encuentra con los Gen en la Casita Sapienza_19981130","filename":"ES-GMU-G2-Chiara-Lubich_Chiara-se-encuentra-con-los-Gen-en-la-Casita-Sapienza_19981130.pdf","filesize":151085,"url":"https:\/\/generate.focolare.org\/wp-content\/uploads\/2026\/04\/ES-GMU-G2-Chiara-Lubich_Chiara-se-encuentra-con-los-Gen-en-la-Casita-Sapienza_19981130.pdf","link":"https:\/\/generate.focolare.org\/en\/content\/who-will-separate-us-from-christ\/es-gmu-g2-chiara-lubich_chiara-se-encuentra-con-los-gen-en-la-casita-sapienza_19981130-2\/","alt":"","author":"2253","description":"","caption":"","name":"es-gmu-g2-chiara-lubich_chiara-se-encuentra-con-los-gen-en-la-casita-sapienza_19981130-2","status":"inherit","uploaded_to":341311,"date":"2026-04-30 11:41:06","modified":"2026-04-30 11:46:24","menu_order":0,"mime_type":"application\/pdf","type":"application","subtype":"pdf","icon":"https:\/\/generate.focolare.org\/wp-includes\/images\/media\/document.png"}},{"language":"fr","file":{"ID":341254,"id":341254,"title":"FR-GMU-G2-Chiara Lubich_Chiara recontre les Gen 2 dans la Casetta Sapienza_19981130","filename":"FR-GMU-G2-Chiara-Lubich_Chiara-recontre-les-Gen-2-dans-la-Casetta-Sapienza_19981130.pdf","filesize":146295,"url":"https:\/\/generate.focolare.org\/wp-content\/uploads\/2026\/04\/FR-GMU-G2-Chiara-Lubich_Chiara-recontre-les-Gen-2-dans-la-Casetta-Sapienza_19981130.pdf","link":"https:\/\/generate.focolare.org\/en\/content\/who-will-separate-us-from-christ\/fr-gmu-g2-chiara-lubich_chiara-recontre-les-gen-2-dans-la-casetta-sapienza_19981130-2\/","alt":"","author":"2253","description":"","caption":"","name":"fr-gmu-g2-chiara-lubich_chiara-recontre-les-gen-2-dans-la-casetta-sapienza_19981130-2","status":"inherit","uploaded_to":341311,"date":"2026-04-30 11:42:29","modified":"2026-04-30 11:46:26","menu_order":0,"mime_type":"application\/pdf","type":"application","subtype":"pdf","icon":"https:\/\/generate.focolare.org\/wp-includes\/images\/media\/document.png"}},{"language":"pt-pt","file":{"ID":341275,"id":341275,"title":"PT-GMU-G2-Chiara Lubich_Chiara encontra os Gen 2 na Casetta Sapienza_19981130","filename":"PT-GMU-G2-Chiara-Lubich_Chiara-encontra-os-Gen-2-na-Casetta-Sapienza_19981130.pdf","filesize":144046,"url":"https:\/\/generate.focolare.org\/wp-content\/uploads\/2026\/04\/PT-GMU-G2-Chiara-Lubich_Chiara-encontra-os-Gen-2-na-Casetta-Sapienza_19981130.pdf","link":"https:\/\/generate.focolare.org\/en\/content\/who-will-separate-us-from-christ\/pt-gmu-g2-chiara-lubich_chiara-encontra-os-gen-2-na-casetta-sapienza_19981130-2\/","alt":"","author":"2253","description":"","caption":"","name":"pt-gmu-g2-chiara-lubich_chiara-encontra-os-gen-2-na-casetta-sapienza_19981130-2","status":"inherit","uploaded_to":341311,"date":"2026-04-30 11:42:46","modified":"2026-04-30 11:46:27","menu_order":0,"mime_type":"application\/pdf","type":"application","subtype":"pdf","icon":"https:\/\/generate.focolare.org\/wp-includes\/images\/media\/document.png"}}]},"headers":[],"status":200}},{"content":{"data":{"id":341589,"date":"1998-11-30","date_gmt":"2026-04-30T12:21:44","guid":{"rendered":"https:\/\/generate.focolare.org\/?post_type=content&#038;p=341589"},"modified":"2026-04-30T13:22:06","modified_gmt":"2026-04-30T12:22:06","slug":"beyond-boundaries-becoming-one-people-through-unity","status":"publish","type":"content","link":"https:\/\/generate.focolare.org\/en\/content\/beyond-boundaries-becoming-one-people-through-unity\/","title":{"rendered":"Beyond boundaries: becoming one people through unity."},"excerpt":{"rendered":"<p>The Gen are entrusted with a universal charism that embraces everything: dialogue within our Church, among the various Christian Churches, with different religions, and with people of diverse convictions. Despite being young, they are called to fully live this charism.<\/p>\n","protected":false},"featured_media":341463,"comment_status":"closed","ping_status":"closed","template":"","tags":[7918,3916,8037,3907,8291,3699,8002,8226,8140,7839,7916,8203],"contributor":[8424],"location":[8380],"audience":[3936],"class_list":["post-341589","content","type-content","status-publish","has-post-thumbnail","hentry","tag-church","tag-dialogue","tag-gen-movement","tag-god","tag-ideal","tag-love","tag-movement","tag-opera-ko","tag-united-world","tag-unity","tag-gioventu-ko","tag-youth","contributor-lubich-chiara","location-ottmaring-mariapolis-new-law","audience-gen-2"],"featured_media_url":{"thumbnail":"https:\/\/generate.focolare.org\/wp-content\/uploads\/2026\/04\/Ottmaring-4-1-150x150.png","medium":"https:\/\/generate.focolare.org\/wp-content\/uploads\/2026\/04\/Ottmaring-4-1-300x240.png","medium_large":"https:\/\/generate.focolare.org\/wp-content\/uploads\/2026\/04\/Ottmaring-4-1.png","large":"https:\/\/generate.focolare.org\/wp-content\/uploads\/2026\/04\/Ottmaring-4-1.png","1536x1536":"https:\/\/generate.focolare.org\/wp-content\/uploads\/2026\/04\/Ottmaring-4-1.png","2048x2048":"https:\/\/generate.focolare.org\/wp-content\/uploads\/2026\/04\/Ottmaring-4-1.png","banner":"https:\/\/generate.focolare.org\/wp-content\/uploads\/2026\/04\/Ottmaring-4-1.png","preview":"https:\/\/generate.focolare.org\/wp-content\/uploads\/2026\/04\/Ottmaring-4-1-500x400.png","profile_24":"https:\/\/generate.focolare.org\/wp-content\/uploads\/2026\/04\/Ottmaring-4-1-24x24.png","profile_48":"https:\/\/generate.focolare.org\/wp-content\/uploads\/2026\/04\/Ottmaring-4-1-48x48.png","profile_96":"https:\/\/generate.focolare.org\/wp-content\/uploads\/2026\/04\/Ottmaring-4-1-96x96.png","profile_150":"https:\/\/generate.focolare.org\/wp-content\/uploads\/2026\/04\/Ottmaring-4-1-150x150.png","profile_300":"https:\/\/generate.focolare.org\/wp-content\/uploads\/2026\/04\/Ottmaring-4-1-300x300.png"},"related":[20940,21411,68573,324686,110617,80356],"wpml_current_locale":"en_US","wpml_translations":[{"locale":"it_IT","id":341441,"post_title":"Oltre i confini: diventare un solo popolo attraverso l\u2019unit\u00e0","href":"https:\/\/generate.focolare.org\/it\/oltre-i-confini-diventare-un-solo-popolo-attraverso-lunita\/"},{"locale":"fr_FR","id":341612,"post_title":"Au-del\u00e0 des fronti\u00e8res : devenir un seul peuple par l\u2019unit\u00e9.","href":"https:\/\/generate.focolare.org\/fr\/au-dela-des-frontieres-devenir-un-seul-peuple-par-lunite\/"},{"locale":"es_ES","id":341590,"post_title":"M\u00e1s all\u00e1 de las fronteras: llegar a ser un solo pueblo mediante la unidad.","href":"https:\/\/generate.focolare.org\/es\/mas-alla-de-las-fronteras-llegar-a-ser-un-solo-pueblo-mediante-la-unidad\/"},{"locale":"pt_PT","id":341613,"post_title":"Al\u00e9m das fronteiras: tornar-se um s\u00f3 povo atrav\u00e9s da unidade.","href":"https:\/\/generate.focolare.org\/pt-pt\/alem-das-fronteiras-tornar-se-um-so-povo-atraves-da-unidade\/"}],"format":"video","restrict_roles":null,"link_to_transcription":true,"source":{"ID":341060,"id":341060,"title":"ottmaring (4)","filename":"ottmaring-4.mp4","filesize":400197280,"url":"https:\/\/generate.focolare.org\/wp-content\/uploads\/2026\/04\/ottmaring-4.mp4.hsl\/index.m3u8","link":"https:\/\/generate.focolare.org\/en\/content\/who-will-separate-us-from-christ\/ottmaring-4-2\/","alt":"","author":"2253","description":"","caption":"","name":"ottmaring-4-2","status":"inherit","uploaded_to":341311,"date":"2026-04-30 10:02:52","modified":"2026-04-30 11:49:04","menu_order":0,"mime_type":"application\/x-mpegURL","type":"video","subtype":"mp4","icon":"https:\/\/generate.focolare.org\/wp-includes\/images\/media\/video.png","width":1280,"height":720},"length":"5","transcriptions":[{"language":"it","file":{"ID":341490,"id":341490,"title":"IT-GMU-G2-chiara lubich_Chiara incontra le gen 2 nella casetta Sapienza_19981130","filename":"IT-GMU-G2-chiara-lubich_Chiara-incontra-le-gen-2-nella-casetta-22Sapienza22_19981130-1.pdf","filesize":144789,"url":"https:\/\/generate.focolare.org\/wp-content\/uploads\/2026\/04\/IT-GMU-G2-chiara-lubich_Chiara-incontra-le-gen-2-nella-casetta-22Sapienza22_19981130-1.pdf","link":"https:\/\/generate.focolare.org\/en\/content\/beyond-boundaries-becoming-one-people-through-unity\/it-gmu-g2-chiara-lubich_chiara-incontra-le-gen-2-nella-casetta-sapienza_19981130-3\/","alt":"","author":"2253","description":"","caption":"","name":"it-gmu-g2-chiara-lubich_chiara-incontra-le-gen-2-nella-casetta-sapienza_19981130-3","status":"inherit","uploaded_to":341589,"date":"2026-04-30 12:17:42","modified":"2026-04-30 12:22:07","menu_order":0,"mime_type":"application\/pdf","type":"application","subtype":"pdf","icon":"https:\/\/generate.focolare.org\/wp-includes\/images\/media\/document.png"}},{"language":"en","file":{"ID":341511,"id":341511,"title":"EN-GMU-G2-Chiara Lubich_Chiara meets the Gen 2 in the \u201cSapienza\u201d Gen house-_19981130","filename":"EN-GMU-G2-Chiara-Lubich_Chiara-meets-the-Gen-2-in-the-Sapienza-Gen-house-_19981130-1.pdf","filesize":146081,"url":"https:\/\/generate.focolare.org\/wp-content\/uploads\/2026\/04\/EN-GMU-G2-Chiara-Lubich_Chiara-meets-the-Gen-2-in-the-Sapienza-Gen-house-_19981130-1.pdf","link":"https:\/\/generate.focolare.org\/en\/content\/beyond-boundaries-becoming-one-people-through-unity\/en-gmu-g2-chiara-lubich_chiara-meets-the-gen-2-in-the-sapienza-gen-house-_19981130-3\/","alt":"","author":"2253","description":"","caption":"","name":"en-gmu-g2-chiara-lubich_chiara-meets-the-gen-2-in-the-sapienza-gen-house-_19981130-3","status":"inherit","uploaded_to":341589,"date":"2026-04-30 12:18:00","modified":"2026-04-30 12:22:09","menu_order":0,"mime_type":"application\/pdf","type":"application","subtype":"pdf","icon":"https:\/\/generate.focolare.org\/wp-includes\/images\/media\/document.png"}},{"language":"es","file":{"ID":341532,"id":341532,"title":"ES-GMU-G2-Chiara Lubich_Chiara se encuentra con las Gen 2 en la Casita \u201cSapienza\u201d-_19981130","filename":"ES-GMU-G2-Chiara-Lubich_Chiara-se-encuentra-con-las-Gen-2-en-la-Casita-Sapienza-_19981130-1.pdf","filesize":143969,"url":"https:\/\/generate.focolare.org\/wp-content\/uploads\/2026\/04\/ES-GMU-G2-Chiara-Lubich_Chiara-se-encuentra-con-las-Gen-2-en-la-Casita-Sapienza-_19981130-1.pdf","link":"https:\/\/generate.focolare.org\/en\/content\/beyond-boundaries-becoming-one-people-through-unity\/es-gmu-g2-chiara-lubich_chiara-se-encuentra-con-las-gen-2-en-la-casita-sapienza-_19981130-3\/","alt":"","author":"2253","description":"","caption":"","name":"es-gmu-g2-chiara-lubich_chiara-se-encuentra-con-las-gen-2-en-la-casita-sapienza-_19981130-3","status":"inherit","uploaded_to":341589,"date":"2026-04-30 12:18:18","modified":"2026-04-30 12:22:10","menu_order":0,"mime_type":"application\/pdf","type":"application","subtype":"pdf","icon":"https:\/\/generate.focolare.org\/wp-includes\/images\/media\/document.png"}},{"language":"fr","file":{"ID":341553,"id":341553,"title":"FR-GMU-G2-Chiara Lubich_Chiara rencontre les Gen 2 dans la \u00abCasetta Sapienza\u00bb_19981130","filename":"FR-GMU-G2-Chiara-Lubich_Chiara-rencontre-les-Gen-2-dans-la-Casetta-Sapienza_19981130-1.pdf","filesize":147103,"url":"https:\/\/generate.focolare.org\/wp-content\/uploads\/2026\/04\/FR-GMU-G2-Chiara-Lubich_Chiara-rencontre-les-Gen-2-dans-la-Casetta-Sapienza_19981130-1.pdf","link":"https:\/\/generate.focolare.org\/en\/content\/beyond-boundaries-becoming-one-people-through-unity\/fr-gmu-g2-chiara-lubich_chiara-rencontre-les-gen-2-dans-la-casetta-sapienza_19981130-3\/","alt":"","author":"2253","description":"","caption":"","name":"fr-gmu-g2-chiara-lubich_chiara-rencontre-les-gen-2-dans-la-casetta-sapienza_19981130-3","status":"inherit","uploaded_to":341589,"date":"2026-04-30 12:18:34","modified":"2026-04-30 12:22:11","menu_order":0,"mime_type":"application\/pdf","type":"application","subtype":"pdf","icon":"https:\/\/generate.focolare.org\/wp-includes\/images\/media\/document.png"}},{"language":"pt-pt","file":{"ID":341574,"id":341574,"title":"PT-GMU-G2-Chiara Lubich_Chiara encontra as Gen 2 na \u201cCasetta Sapienza\u201d_19981130","filename":"PT-GMU-G2-Chiara-Lubich_Chiara-encontra-as-Gen-2-na-Casetta-Sapienza_19981130-1.pdf","filesize":145390,"url":"https:\/\/generate.focolare.org\/wp-content\/uploads\/2026\/04\/PT-GMU-G2-Chiara-Lubich_Chiara-encontra-as-Gen-2-na-Casetta-Sapienza_19981130-1.pdf","link":"https:\/\/generate.focolare.org\/en\/content\/beyond-boundaries-becoming-one-people-through-unity\/pt-gmu-g2-chiara-lubich_chiara-encontra-as-gen-2-na-casetta-sapienza_19981130-3\/","alt":"","author":"2253","description":"","caption":"","name":"pt-gmu-g2-chiara-lubich_chiara-encontra-as-gen-2-na-casetta-sapienza_19981130-3","status":"inherit","uploaded_to":341589,"date":"2026-04-30 12:18:54","modified":"2026-04-30 12:22:12","menu_order":0,"mime_type":"application\/pdf","type":"application","subtype":"pdf","icon":"https:\/\/generate.focolare.org\/wp-includes\/images\/media\/document.png"}}]},"headers":[],"status":200}},{"content":{"data":{"id":341741,"date":"1998-11-30","date_gmt":"2026-04-30T12:34:07","guid":{"rendered":"https:\/\/generate.focolare.org\/?post_type=content&#038;p=341741"},"modified":"2026-04-30T13:34:29","modified_gmt":"2026-04-30T12:34:29","slug":"a-movement-of-love-in-secret","status":"publish","type":"content","link":"https:\/\/generate.focolare.org\/en\/content\/a-movement-of-love-in-secret\/","title":{"rendered":"A movement of love in secret."},"excerpt":{"rendered":"<p>Chiara recounts her experience in Germany, recognizing a land marked by a strong witness to the Ideal, even beyond the Iron Curtain. She highlights the strength of lived love, the presence of Jesus among them as the center of the Movement, and invites looking ahead with gratitude and renewed momentum to contribute to change.<\/p>\n","protected":false},"featured_media":341615,"comment_status":"closed","ping_status":"closed","template":"","tags":[7918,3916,8037,3907,8291,3699,8002,8226,8140,7839,7916,8203],"contributor":[8424],"location":[8380],"audience":[3936],"class_list":["post-341741","content","type-content","status-publish","has-post-thumbnail","hentry","tag-church","tag-dialogue","tag-gen-movement","tag-god","tag-ideal","tag-love","tag-movement","tag-opera-ko","tag-united-world","tag-unity","tag-gioventu-ko","tag-youth","contributor-lubich-chiara","location-ottmaring-mariapolis-new-law","audience-gen-2"],"featured_media_url":{"thumbnail":"https:\/\/generate.focolare.org\/wp-content\/uploads\/2026\/04\/Ottmaring-con-i-gen-150x150.png","medium":"https:\/\/generate.focolare.org\/wp-content\/uploads\/2026\/04\/Ottmaring-con-i-gen-300x240.png","medium_large":"https:\/\/generate.focolare.org\/wp-content\/uploads\/2026\/04\/Ottmaring-con-i-gen.png","large":"https:\/\/generate.focolare.org\/wp-content\/uploads\/2026\/04\/Ottmaring-con-i-gen.png","1536x1536":"https:\/\/generate.focolare.org\/wp-content\/uploads\/2026\/04\/Ottmaring-con-i-gen.png","2048x2048":"https:\/\/generate.focolare.org\/wp-content\/uploads\/2026\/04\/Ottmaring-con-i-gen.png","banner":"https:\/\/generate.focolare.org\/wp-content\/uploads\/2026\/04\/Ottmaring-con-i-gen.png","preview":"https:\/\/generate.focolare.org\/wp-content\/uploads\/2026\/04\/Ottmaring-con-i-gen-500x400.png","profile_24":"https:\/\/generate.focolare.org\/wp-content\/uploads\/2026\/04\/Ottmaring-con-i-gen-24x24.png","profile_48":"https:\/\/generate.focolare.org\/wp-content\/uploads\/2026\/04\/Ottmaring-con-i-gen-48x48.png","profile_96":"https:\/\/generate.focolare.org\/wp-content\/uploads\/2026\/04\/Ottmaring-con-i-gen-96x96.png","profile_150":"https:\/\/generate.focolare.org\/wp-content\/uploads\/2026\/04\/Ottmaring-con-i-gen-150x150.png","profile_300":"https:\/\/generate.focolare.org\/wp-content\/uploads\/2026\/04\/Ottmaring-con-i-gen-300x300.png"},"related":[297019,127100,4586,116841,80152,80025],"wpml_current_locale":"en_US","wpml_translations":[{"locale":"it_IT","id":341614,"post_title":"Un movimento d\u2019amore nel segreto.","href":"https:\/\/generate.focolare.org\/it\/un-movimento-damore-nel-segreto\/"},{"locale":"fr_FR","id":341743,"post_title":"Un mouvement d\u2019amour dans le secret.","href":"https:\/\/generate.focolare.org\/fr\/un-mouvement-damour-dans-le-secret\/"},{"locale":"es_ES","id":341742,"post_title":"Un movimiento de amor en lo oculto.","href":"https:\/\/generate.focolare.org\/es\/un-movimiento-de-amor-en-lo-oculto\/"},{"locale":"pt_PT","id":341744,"post_title":"Um movimento de amor no segredo.","href":"https:\/\/generate.focolare.org\/pt-pt\/um-movimento-de-amor-no-segredo\/"}],"format":"video","restrict_roles":null,"link_to_transcription":true,"source":{"ID":341081,"id":341081,"title":"OTTMARING AI GEN","filename":"OTTMARING-AI-GEN-.mp4","filesize":501293979,"url":"https:\/\/generate.focolare.org\/wp-content\/uploads\/2026\/04\/OTTMARING-AI-GEN-.mp4.hsl\/index.m3u8","link":"https:\/\/generate.focolare.org\/en\/ottmaring-ai-gen-2\/","alt":"","author":"2253","description":"","caption":"","name":"ottmaring-ai-gen-2","status":"inherit","uploaded_to":0,"date":"2026-04-30 10:04:20","modified":"2026-04-30 10:04:20","menu_order":0,"mime_type":"application\/x-mpegURL","type":"video","subtype":"mp4","icon":"https:\/\/generate.focolare.org\/wp-includes\/images\/media\/video.png","width":1280,"height":720},"length":"8","transcriptions":[{"language":"it","file":{"ID":341642,"id":341642,"title":"IT-GMU-G2-Chiara Lubich_Chiara incontra i gen 2 nella casetta Pasqua_19981130","filename":"IT-GMU-G2-Chiara-Lubich_Chiara-incontra-i-gen-2-nella-casetta-22Pasqua22_19981130.pdf","filesize":153272,"url":"https:\/\/generate.focolare.org\/wp-content\/uploads\/2026\/04\/IT-GMU-G2-Chiara-Lubich_Chiara-incontra-i-gen-2-nella-casetta-22Pasqua22_19981130.pdf","link":"https:\/\/generate.focolare.org\/en\/content\/a-movement-of-love-in-secret\/it-gmu-g2-chiara-lubich_chiara-incontra-i-gen-2-nella-casetta-pasqua_19981130-2\/","alt":"","author":"2253","description":"","caption":"","name":"it-gmu-g2-chiara-lubich_chiara-incontra-i-gen-2-nella-casetta-pasqua_19981130-2","status":"inherit","uploaded_to":341741,"date":"2026-04-30 12:29:55","modified":"2026-04-30 12:34:31","menu_order":0,"mime_type":"application\/pdf","type":"application","subtype":"pdf","icon":"https:\/\/generate.focolare.org\/wp-includes\/images\/media\/document.png"}},{"language":"en","file":{"ID":341663,"id":341663,"title":"EN-GMU-G2-Chiara Lubich_Chiara meets the Gen 2 in the Gen house \u201cPasqua_19981130","filename":"EN-GMU-G2-Chiara-Lubich_Chiara-meets-the-Gen-2-in-the-Gen-house-Pasqua22_19981130.pdf","filesize":146798,"url":"https:\/\/generate.focolare.org\/wp-content\/uploads\/2026\/04\/EN-GMU-G2-Chiara-Lubich_Chiara-meets-the-Gen-2-in-the-Gen-house-Pasqua22_19981130.pdf","link":"https:\/\/generate.focolare.org\/en\/content\/a-movement-of-love-in-secret\/en-gmu-g2-chiara-lubich_chiara-meets-the-gen-2-in-the-gen-house-pasqua_19981130-2\/","alt":"","author":"2253","description":"","caption":"","name":"en-gmu-g2-chiara-lubich_chiara-meets-the-gen-2-in-the-gen-house-pasqua_19981130-2","status":"inherit","uploaded_to":341741,"date":"2026-04-30 12:30:12","modified":"2026-04-30 12:34:33","menu_order":0,"mime_type":"application\/pdf","type":"application","subtype":"pdf","icon":"https:\/\/generate.focolare.org\/wp-includes\/images\/media\/document.png"}},{"language":"es","file":{"ID":341684,"id":341684,"title":"ES-GMU-G2-Chiara Lubich_Chiara se encuentra con los Gen 2 en la casita \u201cPasqua_19981130","filename":"ES-GMU-G2-Chiara-Lubich_Chiara-se-encuentra-con-los-Gen-2-en-la-casita-Pasqua22_19981130.pdf","filesize":146138,"url":"https:\/\/generate.focolare.org\/wp-content\/uploads\/2026\/04\/ES-GMU-G2-Chiara-Lubich_Chiara-se-encuentra-con-los-Gen-2-en-la-casita-Pasqua22_19981130.pdf","link":"https:\/\/generate.focolare.org\/en\/content\/a-movement-of-love-in-secret\/es-gmu-g2-chiara-lubich_chiara-se-encuentra-con-los-gen-2-en-la-casita-pasqua_19981130-2\/","alt":"","author":"2253","description":"","caption":"","name":"es-gmu-g2-chiara-lubich_chiara-se-encuentra-con-los-gen-2-en-la-casita-pasqua_19981130-2","status":"inherit","uploaded_to":341741,"date":"2026-04-30 12:30:40","modified":"2026-04-30 12:34:37","menu_order":0,"mime_type":"application\/pdf","type":"application","subtype":"pdf","icon":"https:\/\/generate.focolare.org\/wp-includes\/images\/media\/document.png"}},{"language":"fr","file":{"ID":341705,"id":341705,"title":"FR-GMU-G2-Chiara Lubich_Chiara rencontre les Gen 2 dans la \u00abCasetta Sapienza\u00bb_19981130","filename":"FR-GMU-G2-Chiara-Lubich_Chiara-rencontre-les-Gen-2-dans-la-Casetta-Sapienza_19981130-2.pdf","filesize":159026,"url":"https:\/\/generate.focolare.org\/wp-content\/uploads\/2026\/04\/FR-GMU-G2-Chiara-Lubich_Chiara-rencontre-les-Gen-2-dans-la-Casetta-Sapienza_19981130-2.pdf","link":"https:\/\/generate.focolare.org\/en\/content\/a-movement-of-love-in-secret\/fr-gmu-g2-chiara-lubich_chiara-rencontre-les-gen-2-dans-la-casetta-sapienza_19981130-3-2\/","alt":"","author":"2253","description":"","caption":"","name":"fr-gmu-g2-chiara-lubich_chiara-rencontre-les-gen-2-dans-la-casetta-sapienza_19981130-3-2","status":"inherit","uploaded_to":341741,"date":"2026-04-30 12:31:06","modified":"2026-04-30 12:34:38","menu_order":0,"mime_type":"application\/pdf","type":"application","subtype":"pdf","icon":"https:\/\/generate.focolare.org\/wp-includes\/images\/media\/document.png"}},{"language":"pt-pt","file":{"ID":341726,"id":341726,"title":"PT-GMU-G2-Chiara Lubich_Chiara encontra os Gen 2 na \u201cCasetta Pasqua\u201d-_19981130","filename":"PT-GMU-G2-Chiara-Lubich_Chiara-encontra-os-Gen-2-na-Casetta-Pasqua-_19981130.pdf","filesize":157453,"url":"https:\/\/generate.focolare.org\/wp-content\/uploads\/2026\/04\/PT-GMU-G2-Chiara-Lubich_Chiara-encontra-os-Gen-2-na-Casetta-Pasqua-_19981130.pdf","link":"https:\/\/generate.focolare.org\/en\/content\/a-movement-of-love-in-secret\/pt-gmu-g2-chiara-lubich_chiara-encontra-os-gen-2-na-casetta-pasqua-_19981130-2\/","alt":"","author":"2253","description":"","caption":"","name":"pt-gmu-g2-chiara-lubich_chiara-encontra-os-gen-2-na-casetta-pasqua-_19981130-2","status":"inherit","uploaded_to":341741,"date":"2026-04-30 12:31:32","modified":"2026-04-30 12:34:39","menu_order":0,"mime_type":"application\/pdf","type":"application","subtype":"pdf","icon":"https:\/\/generate.focolare.org\/wp-includes\/images\/media\/document.png"}}]},"headers":[],"status":200}},{"content":{"data":{"id":341872,"date":"1999-11-01","date_gmt":"2026-04-30T12:51:10","guid":{"rendered":"https:\/\/generate.focolare.org\/?post_type=content&#038;p=341872"},"modified":"2026-04-30T13:51:35","modified_gmt":"2026-04-30T12:51:35","slug":"justification-god-loved-us-first","status":"publish","type":"content","link":"https:\/\/generate.focolare.org\/en\/content\/justification-god-loved-us-first\/","title":{"rendered":"Justification: God loved us first."},"excerpt":{"rendered":"<p>Chiara explains the meaning of justification as an expression of God\u2019s gratuitous love, who loves first without waiting for human merit. She invites living this reality with simplicity, recognizing God\u2019s love and responding with a concrete life of love toward others, capable of generating unity even among different confessions.<\/p>\n","protected":false},"featured_media":341746,"comment_status":"closed","ping_status":"closed","template":"","tags":[7918,3773,3916,8035,8037,3907,8291,8053,3699,8002,8226,7839,7916,8203],"contributor":[8424],"location":[8380],"audience":[3936],"class_list":["post-341872","content","type-content","status-publish","has-post-thumbnail","hentry","tag-church","tag-community","tag-dialogue","tag-gen","tag-gen-movement","tag-god","tag-ideal","tag-life","tag-love","tag-movement","tag-opera-ko","tag-unity","tag-gioventu-ko","tag-youth","contributor-lubich-chiara","location-ottmaring-mariapolis-new-law","audience-gen-2"],"featured_media_url":{"thumbnail":"https:\/\/generate.focolare.org\/wp-content\/uploads\/2026\/04\/ottmaring-1999-150x150.png","medium":"https:\/\/generate.focolare.org\/wp-content\/uploads\/2026\/04\/ottmaring-1999-300x240.png","medium_large":"https:\/\/generate.focolare.org\/wp-content\/uploads\/2026\/04\/ottmaring-1999.png","large":"https:\/\/generate.focolare.org\/wp-content\/uploads\/2026\/04\/ottmaring-1999.png","1536x1536":"https:\/\/generate.focolare.org\/wp-content\/uploads\/2026\/04\/ottmaring-1999.png","2048x2048":"https:\/\/generate.focolare.org\/wp-content\/uploads\/2026\/04\/ottmaring-1999.png","banner":"https:\/\/generate.focolare.org\/wp-content\/uploads\/2026\/04\/ottmaring-1999.png","preview":"https:\/\/generate.focolare.org\/wp-content\/uploads\/2026\/04\/ottmaring-1999-500x400.png","profile_24":"https:\/\/generate.focolare.org\/wp-content\/uploads\/2026\/04\/ottmaring-1999-24x24.png","profile_48":"https:\/\/generate.focolare.org\/wp-content\/uploads\/2026\/04\/ottmaring-1999-48x48.png","profile_96":"https:\/\/generate.focolare.org\/wp-content\/uploads\/2026\/04\/ottmaring-1999-96x96.png","profile_150":"https:\/\/generate.focolare.org\/wp-content\/uploads\/2026\/04\/ottmaring-1999-150x150.png","profile_300":"https:\/\/generate.focolare.org\/wp-content\/uploads\/2026\/04\/ottmaring-1999-300x300.png"},"related":[284666,128377,116825,319822,80152,321959],"wpml_current_locale":"en_US","wpml_translations":[{"locale":"it_IT","id":341745,"post_title":"La giustificazione: Dio ci ha amati per primo.","href":"https:\/\/generate.focolare.org\/it\/la-giustificazione-dio-ci-ha-amati-per-primo\/"},{"locale":"fr_FR","id":341874,"post_title":"La justification : Dieu nous a aim\u00e9s le premier.","href":"https:\/\/generate.focolare.org\/fr\/la-justification-dieu-nous-a-aimes-le-premier\/"},{"locale":"es_ES","id":341873,"post_title":"La justificaci\u00f3n: Dios nos am\u00f3 primero.","href":"https:\/\/generate.focolare.org\/es\/la-justificacion-dios-nos-amo-primero\/"},{"locale":"pt_PT","id":341875,"post_title":"A justifica\u00e7\u00e3o: Deus nos amou primeiro.","href":"https:\/\/generate.focolare.org\/pt-pt\/a-justificacao-deus-nos-amou-primeiro\/"}],"format":"video","restrict_roles":null,"link_to_transcription":true,"source":{"ID":341102,"id":341102,"title":"OTTMARING - 1999 - I GEN E LE GEN","filename":"OTTMARING-1999-I-GEN-E-LE-GEN.mp4","filesize":624330813,"url":"https:\/\/generate.focolare.org\/wp-content\/uploads\/2026\/04\/OTTMARING-1999-I-GEN-E-LE-GEN.mp4","link":"https:\/\/generate.focolare.org\/en\/ottmaring-1999-i-gen-e-le-gen-2\/","alt":"","author":"2253","description":"","caption":"","name":"ottmaring-1999-i-gen-e-le-gen-2","status":"inherit","uploaded_to":0,"date":"2026-04-30 10:06:17","modified":"2026-04-30 10:06:17","menu_order":0,"mime_type":"video\/mp4","type":"video","subtype":"mp4","icon":"https:\/\/generate.focolare.org\/wp-includes\/images\/media\/video.png","width":1280,"height":720},"length":"7","transcriptions":[{"language":"it","file":{"ID":341773,"id":341773,"title":"IT-GMU-G2-chiara lubich_Chiara incontra i gen e le gen 2 alla Casetta Pasqua_19991101","filename":"IT-GMU-G2-chiara-lubich_Chiara-incontra-i-gen-e-le-gen-2-alla-Casetta-Pasqua_19991101.pdf","filesize":159380,"url":"https:\/\/generate.focolare.org\/wp-content\/uploads\/2026\/04\/IT-GMU-G2-chiara-lubich_Chiara-incontra-i-gen-e-le-gen-2-alla-Casetta-Pasqua_19991101.pdf","link":"https:\/\/generate.focolare.org\/en\/content\/justification-god-loved-us-first\/it-gmu-g2-chiara-lubich_chiara-incontra-i-gen-e-le-gen-2-alla-casetta-pasqua_19991101-2\/","alt":"","author":"2253","description":"","caption":"","name":"it-gmu-g2-chiara-lubich_chiara-incontra-i-gen-e-le-gen-2-alla-casetta-pasqua_19991101-2","status":"inherit","uploaded_to":341872,"date":"2026-04-30 12:45:17","modified":"2026-04-30 12:51:36","menu_order":0,"mime_type":"application\/pdf","type":"application","subtype":"pdf","icon":"https:\/\/generate.focolare.org\/wp-includes\/images\/media\/document.png"}},{"language":"en","file":{"ID":341794,"id":341794,"title":"EN-GMU-G2-chiara lubich_Chiara meets the Gen and Gen 2 at \u201cCasetta Pasqua\u201d-_19991101","filename":"EN-GMU-G2-chiara-lubich_Chiara-meets-the-Gen-and-Gen-2-at-Casetta-Pasqua-_19991101.pdf","filesize":152110,"url":"https:\/\/generate.focolare.org\/wp-content\/uploads\/2026\/04\/EN-GMU-G2-chiara-lubich_Chiara-meets-the-Gen-and-Gen-2-at-Casetta-Pasqua-_19991101.pdf","link":"https:\/\/generate.focolare.org\/en\/content\/justification-god-loved-us-first\/en-gmu-g2-chiara-lubich_chiara-meets-the-gen-and-gen-2-at-casetta-pasqua-_19991101-2\/","alt":"","author":"2253","description":"","caption":"","name":"en-gmu-g2-chiara-lubich_chiara-meets-the-gen-and-gen-2-at-casetta-pasqua-_19991101-2","status":"inherit","uploaded_to":341872,"date":"2026-04-30 12:45:37","modified":"2026-04-30 12:51:37","menu_order":0,"mime_type":"application\/pdf","type":"application","subtype":"pdf","icon":"https:\/\/generate.focolare.org\/wp-includes\/images\/media\/document.png"}},{"language":"es","file":{"ID":341815,"id":341815,"title":"ES-GMU-G2-chiara lubich_Chiara se encuentra con los gen y las gen 2 en la Casita \u201cPasqua\u201d-_19991101","filename":"ES-GMU-G2-chiara-lubich_Chiara-se-encuentra-con-los-gen-y-las-gen-2-en-la-Casita-Pasqua-_19991101.pdf","filesize":159955,"url":"https:\/\/generate.focolare.org\/wp-content\/uploads\/2026\/04\/ES-GMU-G2-chiara-lubich_Chiara-se-encuentra-con-los-gen-y-las-gen-2-en-la-Casita-Pasqua-_19991101.pdf","link":"https:\/\/generate.focolare.org\/en\/content\/justification-god-loved-us-first\/es-gmu-g2-chiara-lubich_chiara-se-encuentra-con-los-gen-y-las-gen-2-en-la-casita-pasqua-_19991101-2\/","alt":"","author":"2253","description":"","caption":"","name":"es-gmu-g2-chiara-lubich_chiara-se-encuentra-con-los-gen-y-las-gen-2-en-la-casita-pasqua-_19991101-2","status":"inherit","uploaded_to":341872,"date":"2026-04-30 12:45:56","modified":"2026-04-30 12:51:39","menu_order":0,"mime_type":"application\/pdf","type":"application","subtype":"pdf","icon":"https:\/\/generate.focolare.org\/wp-includes\/images\/media\/document.png"}},{"language":"fr","file":{"ID":341836,"id":341836,"title":"FR-GMU-G2-chiara lubich_Chiara rencontre les Gen et les Gen 2 \u00e0 la \u201cCasetta Pasqua\u201d_19991101","filename":"FR-GMU-G2-chiara-lubich_Chiara-rencontre-les-Gen-et-les-Gen-2-a-la-Casetta-Pasqua_19991101.pdf","filesize":153912,"url":"https:\/\/generate.focolare.org\/wp-content\/uploads\/2026\/04\/FR-GMU-G2-chiara-lubich_Chiara-rencontre-les-Gen-et-les-Gen-2-a-la-Casetta-Pasqua_19991101.pdf","link":"https:\/\/generate.focolare.org\/en\/content\/justification-god-loved-us-first\/fr-gmu-g2-chiara-lubich_chiara-rencontre-les-gen-et-les-gen-2-a-la-casetta-pasqua_19991101-2\/","alt":"","author":"2253","description":"","caption":"","name":"fr-gmu-g2-chiara-lubich_chiara-rencontre-les-gen-et-les-gen-2-a-la-casetta-pasqua_19991101-2","status":"inherit","uploaded_to":341872,"date":"2026-04-30 12:46:25","modified":"2026-04-30 12:51:40","menu_order":0,"mime_type":"application\/pdf","type":"application","subtype":"pdf","icon":"https:\/\/generate.focolare.org\/wp-includes\/images\/media\/document.png"}},{"language":"pt-pt","file":{"ID":341857,"id":341857,"title":"PT-GMU-G2-chiara lubich_Chiara encontra os Gen e as Gen2 na \u201cCasetta Pasqua\u201d-_19991101","filename":"PT-GMU-G2-chiara-lubich_Chiara-encontra-os-Gen-e-as-Gen2-na-Casetta-Pasqua-_19991101.pdf","filesize":151987,"url":"https:\/\/generate.focolare.org\/wp-content\/uploads\/2026\/04\/PT-GMU-G2-chiara-lubich_Chiara-encontra-os-Gen-e-as-Gen2-na-Casetta-Pasqua-_19991101.pdf","link":"https:\/\/generate.focolare.org\/en\/content\/justification-god-loved-us-first\/pt-gmu-g2-chiara-lubich_chiara-encontra-os-gen-e-as-gen2-na-casetta-pasqua-_19991101-2\/","alt":"","author":"2253","description":"","caption":"","name":"pt-gmu-g2-chiara-lubich_chiara-encontra-os-gen-e-as-gen2-na-casetta-pasqua-_19991101-2","status":"inherit","uploaded_to":341872,"date":"2026-04-30 12:46:44","modified":"2026-04-30 12:51:41","menu_order":0,"mime_type":"application\/pdf","type":"application","subtype":"pdf","icon":"https:\/\/generate.focolare.org\/wp-includes\/images\/media\/document.png"}}]},"headers":[],"status":200}},{"content":{"data":{"id":342003,"date":"2000-05-08","date_gmt":"2026-04-30T13:03:55","guid":{"rendered":"https:\/\/generate.focolare.org\/?post_type=content&#038;p=342003"},"modified":"2026-04-30T14:41:24","modified_gmt":"2026-04-30T13:41:24","slug":"a-joy-born-from-unity","status":"publish","type":"content","link":"https:\/\/generate.focolare.org\/en\/content\/a-joy-born-from-unity\/","title":{"rendered":"A joy born from unity."},"excerpt":{"rendered":"<p>Chiara answers a question regarding the agreement between the Catholic Church and the Evangelical Lutheran Church. She explains how, through study and mutual love, they arrived at sharing the same vision on a truth that once divided them. This event becomes a sign that ecumenism truly progresses and gives courage to continue.<\/p>\n","protected":false},"featured_media":341877,"comment_status":"closed","ping_status":"closed","template":"","tags":[3756,7918,3773,3916,8035,8037,3907,8291,3699,8002,8226,12897,8140,7839,7916,8203],"contributor":[8424],"location":[20690],"audience":[3936],"class_list":["post-342003","content","type-content","status-publish","has-post-thumbnail","hentry","tag-chiara","tag-church","tag-community","tag-dialogue","tag-gen","tag-gen-movement","tag-god","tag-ideal","tag-love","tag-movement","tag-opera-ko","tag-songs","tag-united-world","tag-unity","tag-gioventu-ko","tag-youth","contributor-lubich-chiara","location-fontem-2","audience-gen-2"],"featured_media_url":{"thumbnail":"https:\/\/generate.focolare.org\/wp-content\/uploads\/2026\/04\/fontem-150x150.png","medium":"https:\/\/generate.focolare.org\/wp-content\/uploads\/2026\/04\/fontem-300x240.png","medium_large":"https:\/\/generate.focolare.org\/wp-content\/uploads\/2026\/04\/fontem.png","large":"https:\/\/generate.focolare.org\/wp-content\/uploads\/2026\/04\/fontem.png","1536x1536":"https:\/\/generate.focolare.org\/wp-content\/uploads\/2026\/04\/fontem.png","2048x2048":"https:\/\/generate.focolare.org\/wp-content\/uploads\/2026\/04\/fontem.png","banner":"https:\/\/generate.focolare.org\/wp-content\/uploads\/2026\/04\/fontem.png","preview":"https:\/\/generate.focolare.org\/wp-content\/uploads\/2026\/04\/fontem-500x400.png","profile_24":"https:\/\/generate.focolare.org\/wp-content\/uploads\/2026\/04\/fontem-24x24.png","profile_48":"https:\/\/generate.focolare.org\/wp-content\/uploads\/2026\/04\/fontem-48x48.png","profile_96":"https:\/\/generate.focolare.org\/wp-content\/uploads\/2026\/04\/fontem-96x96.png","profile_150":"https:\/\/generate.focolare.org\/wp-content\/uploads\/2026\/04\/fontem-150x150.png","profile_300":"https:\/\/generate.focolare.org\/wp-content\/uploads\/2026\/04\/fontem-300x300.png"},"related":[21411,20940,68573,80369,6085,2801],"wpml_current_locale":"en_US","wpml_translations":[{"locale":"it_IT","id":341876,"post_title":"Una gioia che nasce dall\u2019unit\u00e0.","href":"https:\/\/generate.focolare.org\/it\/una-gioia-che-nasce-dallunita\/"},{"locale":"fr_FR","id":342005,"post_title":"Une joie qui na\u00eet de l\u2019unit\u00e9.","href":"https:\/\/generate.focolare.org\/fr\/une-joie-qui-nait-de-lunite\/"},{"locale":"es_ES","id":342004,"post_title":"Una alegr\u00eda que nace de la unidad.","href":"https:\/\/generate.focolare.org\/es\/una-alegria-que-nace-de-la-unidad\/"},{"locale":"pt_PT","id":342006,"post_title":"Uma alegria que nasce da unidade.","href":"https:\/\/generate.focolare.org\/pt-pt\/uma-alegria-que-nasce-da-unidade\/"}],"format":"video","restrict_roles":null,"link_to_transcription":true,"source":{"ID":341123,"id":341123,"title":"FONTEM 8:5:2000","filename":"FONTEM-852000.mp4","filesize":1008650411,"url":"https:\/\/generate.focolare.org\/wp-content\/uploads\/2026\/04\/FONTEM-852000.mp4","link":"https:\/\/generate.focolare.org\/en\/fontem-852000-2\/","alt":"","author":"2253","description":"","caption":"","name":"fontem-852000-2","status":"inherit","uploaded_to":0,"date":"2026-04-30 10:09:12","modified":"2026-04-30 10:09:12","menu_order":0,"mime_type":"video\/mp4","type":"video","subtype":"mp4","icon":"https:\/\/generate.focolare.org\/wp-includes\/images\/media\/video.png","width":1920,"height":1080},"length":"7","transcriptions":[{"language":"it","file":{"ID":341904,"id":341904,"title":"IT-G2-GMU-Chiara Lubich_Chiara agli interni_20000508","filename":"IT-G2-GMU-Chiara-Lubich_Chiara-agli-interni_20000508.pdf","filesize":131961,"url":"https:\/\/generate.focolare.org\/wp-content\/uploads\/2026\/04\/IT-G2-GMU-Chiara-Lubich_Chiara-agli-interni_20000508.pdf","link":"https:\/\/generate.focolare.org\/en\/content\/a-joy-born-from-unity\/it-g2-gmu-chiara-lubich_chiara-agli-interni_20000508-2\/","alt":"","author":"2253","description":"","caption":"","name":"it-g2-gmu-chiara-lubich_chiara-agli-interni_20000508-2","status":"inherit","uploaded_to":342003,"date":"2026-04-30 12:57:56","modified":"2026-04-30 13:04:21","menu_order":0,"mime_type":"application\/pdf","type":"application","subtype":"pdf","icon":"https:\/\/generate.focolare.org\/wp-includes\/images\/media\/document.png"}},{"language":"en","file":{"ID":341925,"id":341925,"title":"EN-G2-GMU-Chiara Lubich_Chiara to the\u00a0members\u00a0in the\u00a0areas\u00a0of Africa_20000508","filename":"EN-G2-GMU-Chiara-Lubich_Chiara-to-the-members-in-the-areas-of-Africa_20000508.pdf","filesize":132323,"url":"https:\/\/generate.focolare.org\/wp-content\/uploads\/2026\/04\/EN-G2-GMU-Chiara-Lubich_Chiara-to-the-members-in-the-areas-of-Africa_20000508.pdf","link":"https:\/\/generate.focolare.org\/en\/content\/a-joy-born-from-unity\/en-g2-gmu-chiara-lubich_chiara-to-the-members-in-the-areas-of-africa_20000508-2\/","alt":"","author":"2253","description":"","caption":"","name":"en-g2-gmu-chiara-lubich_chiara-to-the-members-in-the-areas-of-africa_20000508-2","status":"inherit","uploaded_to":342003,"date":"2026-04-30 12:58:13","modified":"2026-04-30 13:04:22","menu_order":0,"mime_type":"application\/pdf","type":"application","subtype":"pdf","icon":"https:\/\/generate.focolare.org\/wp-includes\/images\/media\/document.png"}},{"language":"es","file":{"ID":341946,"id":341946,"title":"ES-G2-GMU-Chiara Lubich_Chiara a\u00a0los\u00a0miembros\u00a0de\u00a0las\u00a0zonas\u00a0de\u00a0\u00c1frica_20000508","filename":"ES-G2-GMU-Chiara-Lubich_Chiara-a-los-miembros-de-las-zonas-de-Africa_20000508.pdf","filesize":132968,"url":"https:\/\/generate.focolare.org\/wp-content\/uploads\/2026\/04\/ES-G2-GMU-Chiara-Lubich_Chiara-a-los-miembros-de-las-zonas-de-Africa_20000508.pdf","link":"https:\/\/generate.focolare.org\/en\/content\/a-joy-born-from-unity\/es-g2-gmu-chiara-lubich_chiara-a-los-miembros-de-las-zonas-de-africa_20000508-2\/","alt":"","author":"2253","description":"","caption":"","name":"es-g2-gmu-chiara-lubich_chiara-a-los-miembros-de-las-zonas-de-africa_20000508-2","status":"inherit","uploaded_to":342003,"date":"2026-04-30 12:58:34","modified":"2026-04-30 13:04:24","menu_order":0,"mime_type":"application\/pdf","type":"application","subtype":"pdf","icon":"https:\/\/generate.focolare.org\/wp-includes\/images\/media\/document.png"}},{"language":"fr","file":{"ID":341967,"id":341967,"title":"FR-G2-GMU-Chiara Lubich_Chiara\u00a0aux\u00a0membres\u00a0des\u00a0zones d\u2019Afrique_20000508","filename":"FR-G2-GMU-Chiara-Lubich_Chiara-aux-membres-des-zones-dAfrique_20000508.pdf","filesize":133208,"url":"https:\/\/generate.focolare.org\/wp-content\/uploads\/2026\/04\/FR-G2-GMU-Chiara-Lubich_Chiara-aux-membres-des-zones-dAfrique_20000508.pdf","link":"https:\/\/generate.focolare.org\/en\/content\/a-joy-born-from-unity\/fr-g2-gmu-chiara-lubich_chiara-aux-membres-des-zones-dafrique_20000508-2\/","alt":"","author":"2253","description":"","caption":"","name":"fr-g2-gmu-chiara-lubich_chiara-aux-membres-des-zones-dafrique_20000508-2","status":"inherit","uploaded_to":342003,"date":"2026-04-30 12:58:59","modified":"2026-04-30 13:04:25","menu_order":0,"mime_type":"application\/pdf","type":"application","subtype":"pdf","icon":"https:\/\/generate.focolare.org\/wp-includes\/images\/media\/document.png"}},{"language":"pt-pt","file":{"ID":341988,"id":341988,"title":"PT-G2-GMU-Chiara Lubich_Chiara\u00a0aos\u00a0membros\u00a0das\u00a0zonas\u00a0da\u00a0\u00c1frica_20000508","filename":"PT-G2-GMU-Chiara-Lubich_Chiara-aos-membros-das-zonas-da-Africa_20000508.pdf","filesize":139655,"url":"https:\/\/generate.focolare.org\/wp-content\/uploads\/2026\/04\/PT-G2-GMU-Chiara-Lubich_Chiara-aos-membros-das-zonas-da-Africa_20000508.pdf","link":"https:\/\/generate.focolare.org\/en\/content\/a-joy-born-from-unity\/pt-g2-gmu-chiara-lubich_chiara-aos-membros-das-zonas-da-africa_20000508-2\/","alt":"","author":"2253","description":"","caption":"","name":"pt-g2-gmu-chiara-lubich_chiara-aos-membros-das-zonas-da-africa_20000508-2","status":"inherit","uploaded_to":342003,"date":"2026-04-30 12:59:15","modified":"2026-04-30 13:04:26","menu_order":0,"mime_type":"application\/pdf","type":"application","subtype":"pdf","icon":"https:\/\/generate.focolare.org\/wp-includes\/images\/media\/document.png"}}]},"headers":[],"status":200}},{"content":{"data":{"id":342134,"date":"2001-11-07","date_gmt":"2026-04-30T13:15:46","guid":{"rendered":"https:\/\/generate.focolare.org\/?post_type=content&#038;p=342134"},"modified":"2026-04-30T14:16:08","modified_gmt":"2026-04-30T13:16:08","slug":"the-eucharist-makes-us-one","status":"publish","type":"content","link":"https:\/\/generate.focolare.org\/en\/content\/the-eucharist-makes-us-one\/","title":{"rendered":"The Eucharist makes us one."},"excerpt":{"rendered":"<p>Chiara explains how to become ever more united. She emphasizes that unity is not built solely through human effort, but is a grace that comes from the Eucharist, which truly makes us one and brings us into the bosom of the Father.<\/p>\n","protected":false},"featured_media":342008,"comment_status":"closed","ping_status":"closed","template":"","tags":[7918,3773,3916,8035,8037,3907,8291,3699,8002,8226,8140,7839,7916,8203],"contributor":[8424],"location":[8333],"audience":[3936],"class_list":["post-342134","content","type-content","status-publish","has-post-thumbnail","hentry","tag-church","tag-community","tag-dialogue","tag-gen","tag-gen-movement","tag-god","tag-ideal","tag-love","tag-movement","tag-opera-ko","tag-united-world","tag-unity","tag-gioventu-ko","tag-youth","contributor-lubich-chiara","location-vienna","audience-gen-2"],"featured_media_url":{"thumbnail":"https:\/\/generate.focolare.org\/wp-content\/uploads\/2026\/04\/vienna-150x150.png","medium":"https:\/\/generate.focolare.org\/wp-content\/uploads\/2026\/04\/vienna-300x240.png","medium_large":"https:\/\/generate.focolare.org\/wp-content\/uploads\/2026\/04\/vienna.png","large":"https:\/\/generate.focolare.org\/wp-content\/uploads\/2026\/04\/vienna.png","1536x1536":"https:\/\/generate.focolare.org\/wp-content\/uploads\/2026\/04\/vienna.png","2048x2048":"https:\/\/generate.focolare.org\/wp-content\/uploads\/2026\/04\/vienna.png","banner":"https:\/\/generate.focolare.org\/wp-content\/uploads\/2026\/04\/vienna.png","preview":"https:\/\/generate.focolare.org\/wp-content\/uploads\/2026\/04\/vienna-500x400.png","profile_24":"https:\/\/generate.focolare.org\/wp-content\/uploads\/2026\/04\/vienna-24x24.png","profile_48":"https:\/\/generate.focolare.org\/wp-content\/uploads\/2026\/04\/vienna-48x48.png","profile_96":"https:\/\/generate.focolare.org\/wp-content\/uploads\/2026\/04\/vienna-96x96.png","profile_150":"https:\/\/generate.focolare.org\/wp-content\/uploads\/2026\/04\/vienna-150x150.png","profile_300":"https:\/\/generate.focolare.org\/wp-content\/uploads\/2026\/04\/vienna-300x300.png"},"related":[108637,20940,324686,55118,36754,54943],"wpml_current_locale":"en_US","wpml_translations":[{"locale":"it_IT","id":342007,"post_title":"L\u2019Eucaristia ci fa uno.","href":"https:\/\/generate.focolare.org\/it\/leucaristia-ci-fa-uno\/"},{"locale":"fr_FR","id":342157,"post_title":"L\u2019Eucharistie nous fait un.","href":"https:\/\/generate.focolare.org\/fr\/leucharistie-nous-fait-un\/"},{"locale":"es_ES","id":342135,"post_title":"La Eucarist\u00eda nos hace uno.","href":"https:\/\/generate.focolare.org\/es\/la-eucaristia-nos-hace-uno\/"},{"locale":"pt_PT","id":342158,"post_title":"A Eucaristia nos faz um.","href":"https:\/\/generate.focolare.org\/pt-pt\/a-eucaristia-nos-faz-um\/"}],"format":"video","restrict_roles":null,"link_to_transcription":true,"source":{"ID":341144,"id":341144,"title":"VIENA 2DA DOMANDA","filename":"VIENA-2DA-DOMANDA.mp4","filesize":333661374,"url":"https:\/\/generate.focolare.org\/wp-content\/uploads\/2026\/04\/VIENA-2DA-DOMANDA.mp4.hsl\/index.m3u8","link":"https:\/\/generate.focolare.org\/en\/viena-2da-domanda-2\/","alt":"","author":"2253","description":"","caption":"","name":"viena-2da-domanda-2","status":"inherit","uploaded_to":0,"date":"2026-04-30 10:10:30","modified":"2026-04-30 10:10:30","menu_order":0,"mime_type":"application\/x-mpegURL","type":"video","subtype":"mp4","icon":"https:\/\/generate.focolare.org\/wp-includes\/images\/media\/video.png","width":1280,"height":720},"length":"4","transcriptions":[{"language":"it","file":{"ID":342035,"id":342035,"title":"IT-G2-GMU-Chiara Lubich_Chiara ai gen 2_20011107","filename":"IT-G2-GMU-Chiara-Lubich_Chiara-ai-gen-2_20011107.pdf","filesize":136369,"url":"https:\/\/generate.focolare.org\/wp-content\/uploads\/2026\/04\/IT-G2-GMU-Chiara-Lubich_Chiara-ai-gen-2_20011107.pdf","link":"https:\/\/generate.focolare.org\/en\/content\/the-eucharist-makes-us-one\/it-g2-gmu-chiara-lubich_chiara-ai-gen-2_20011107-2\/","alt":"","author":"2253","description":"","caption":"","name":"it-g2-gmu-chiara-lubich_chiara-ai-gen-2_20011107-2","status":"inherit","uploaded_to":342134,"date":"2026-04-30 13:12:11","modified":"2026-04-30 13:16:10","menu_order":0,"mime_type":"application\/pdf","type":"application","subtype":"pdf","icon":"https:\/\/generate.focolare.org\/wp-includes\/images\/media\/document.png"}},{"language":"en","file":{"ID":342056,"id":342056,"title":"EN-G2-GMU-Chiara Lubich_Chiara to the\u00a0gen\u00a02_20011107","filename":"EN-G2-GMU-Chiara-Lubich_Chiara-to-the-gen-2_20011107.pdf","filesize":138989,"url":"https:\/\/generate.focolare.org\/wp-content\/uploads\/2026\/04\/EN-G2-GMU-Chiara-Lubich_Chiara-to-the-gen-2_20011107.pdf","link":"https:\/\/generate.focolare.org\/en\/content\/the-eucharist-makes-us-one\/en-g2-gmu-chiara-lubich_chiara-to-the-gen-2_20011107-2\/","alt":"","author":"2253","description":"","caption":"","name":"en-g2-gmu-chiara-lubich_chiara-to-the-gen-2_20011107-2","status":"inherit","uploaded_to":342134,"date":"2026-04-30 13:12:27","modified":"2026-04-30 13:16:11","menu_order":0,"mime_type":"application\/pdf","type":"application","subtype":"pdf","icon":"https:\/\/generate.focolare.org\/wp-includes\/images\/media\/document.png"}},{"language":"es","file":{"ID":342077,"id":342077,"title":"ES-G2-GMU-Chiara Lubich_Chiara a\u00a0los\u00a0gen\u00a02_20011107","filename":"ES-G2-GMU-Chiara-Lubich_Chiara-a-los-gen-2_20011107.pdf","filesize":138932,"url":"https:\/\/generate.focolare.org\/wp-content\/uploads\/2026\/04\/ES-G2-GMU-Chiara-Lubich_Chiara-a-los-gen-2_20011107.pdf","link":"https:\/\/generate.focolare.org\/en\/content\/the-eucharist-makes-us-one\/es-g2-gmu-chiara-lubich_chiara-a-los-gen-2_20011107-2\/","alt":"","author":"2253","description":"","caption":"","name":"es-g2-gmu-chiara-lubich_chiara-a-los-gen-2_20011107-2","status":"inherit","uploaded_to":342134,"date":"2026-04-30 13:12:45","modified":"2026-04-30 13:16:12","menu_order":0,"mime_type":"application\/pdf","type":"application","subtype":"pdf","icon":"https:\/\/generate.focolare.org\/wp-includes\/images\/media\/document.png"}},{"language":"fr","file":{"ID":342098,"id":342098,"title":"FR-G2-GMU-Chiara Lubich_Chiara\u00a0aux\u00a0gen\u00a02_20011107","filename":"FR-G2-GMU-Chiara-Lubich_Chiara-aux-gen-2_20011107.pdf","filesize":139020,"url":"https:\/\/generate.focolare.org\/wp-content\/uploads\/2026\/04\/FR-G2-GMU-Chiara-Lubich_Chiara-aux-gen-2_20011107.pdf","link":"https:\/\/generate.focolare.org\/en\/content\/the-eucharist-makes-us-one\/fr-g2-gmu-chiara-lubich_chiara-aux-gen-2_20011107-2\/","alt":"","author":"2253","description":"","caption":"","name":"fr-g2-gmu-chiara-lubich_chiara-aux-gen-2_20011107-2","status":"inherit","uploaded_to":342134,"date":"2026-04-30 13:13:05","modified":"2026-04-30 13:16:14","menu_order":0,"mime_type":"application\/pdf","type":"application","subtype":"pdf","icon":"https:\/\/generate.focolare.org\/wp-includes\/images\/media\/document.png"}},{"language":"pt-pt","file":{"ID":342119,"id":342119,"title":"PT-G2-GMU-Chiara Lubich_Chiara\u00a0aos\u00a0gen\u00a02_20011107","filename":"PT-G2-GMU-Chiara-Lubich_Chiara-aos-gen-2_20011107.pdf","filesize":138342,"url":"https:\/\/generate.focolare.org\/wp-content\/uploads\/2026\/04\/PT-G2-GMU-Chiara-Lubich_Chiara-aos-gen-2_20011107.pdf","link":"https:\/\/generate.focolare.org\/en\/content\/the-eucharist-makes-us-one\/pt-g2-gmu-chiara-lubich_chiara-aos-gen-2_20011107-2\/","alt":"","author":"2253","description":"","caption":"","name":"pt-g2-gmu-chiara-lubich_chiara-aos-gen-2_20011107-2","status":"inherit","uploaded_to":342134,"date":"2026-04-30 13:13:31","modified":"2026-04-30 13:16:15","menu_order":0,"mime_type":"application\/pdf","type":"application","subtype":"pdf","icon":"https:\/\/generate.focolare.org\/wp-includes\/images\/media\/document.png"}}]},"headers":[],"status":200}}]},"headers":[],"status":200},"link_url":"https:\/\/generate.focolare.org\/en\/playlist\/the-history-of-the-movement\/","title":null,"text":null},{"image":{"ID":344758,"id":344758,"title":"EN (1)","filename":"EN-1-1.jpg","filesize":151917,"url":"https:\/\/generate.focolare.org\/wp-content\/uploads\/2026\/06\/EN-1-1.jpg","link":"https:\/\/generate.focolare.org\/en\/home\/en-1-4\/","alt":"","author":"2402","description":"","caption":"","name":"en-1-4","status":"inherit","uploaded_to":77,"date":"2026-06-30 14:44:55","modified":"2026-06-30 14:44:55","menu_order":0,"mime_type":"image\/jpeg","type":"image","subtype":"jpeg","icon":"https:\/\/generate.focolare.org\/wp-includes\/images\/media\/default.png","width":1600,"height":700,"sizes":{"thumbnail":"https:\/\/generate.focolare.org\/wp-content\/uploads\/2026\/06\/EN-1-1-150x150.jpg","thumbnail-width":150,"thumbnail-height":150,"medium":"https:\/\/generate.focolare.org\/wp-content\/uploads\/2026\/06\/EN-1-1-300x131.jpg","medium-width":300,"medium-height":131,"medium_large":"https:\/\/generate.focolare.org\/wp-content\/uploads\/2026\/06\/EN-1-1-768x336.jpg","medium_large-width":768,"medium_large-height":336,"large":"https:\/\/generate.focolare.org\/wp-content\/uploads\/2026\/06\/EN-1-1-1024x448.jpg","large-width":1024,"large-height":448,"1536x1536":"https:\/\/generate.focolare.org\/wp-content\/uploads\/2026\/06\/EN-1-1-1536x672.jpg","1536x1536-width":1536,"1536x1536-height":672,"2048x2048":"https:\/\/generate.focolare.org\/wp-content\/uploads\/2026\/06\/EN-1-1.jpg","2048x2048-width":1600,"2048x2048-height":700,"banner":"https:\/\/generate.focolare.org\/wp-content\/uploads\/2026\/06\/EN-1-1.jpg","banner-width":1600,"banner-height":700,"preview":"https:\/\/generate.focolare.org\/wp-content\/uploads\/2026\/06\/EN-1-1-500x400.jpg","preview-width":500,"preview-height":400,"profile_24":"https:\/\/generate.focolare.org\/wp-content\/uploads\/2026\/06\/EN-1-1-24x24.jpg","profile_24-width":24,"profile_24-height":24,"profile_48":"https:\/\/generate.focolare.org\/wp-content\/uploads\/2026\/06\/EN-1-1-48x48.jpg","profile_48-width":48,"profile_48-height":48,"profile_96":"https:\/\/generate.focolare.org\/wp-content\/uploads\/2026\/06\/EN-1-1-96x96.jpg","profile_96-width":96,"profile_96-height":96,"profile_150":"https:\/\/generate.focolare.org\/wp-content\/uploads\/2026\/06\/EN-1-1-150x150.jpg","profile_150-width":150,"profile_150-height":150,"profile_300":"https:\/\/generate.focolare.org\/wp-content\/uploads\/2026\/06\/EN-1-1-300x300.jpg","profile_300-width":300,"profile_300-height":300}},"content_or_url":"url","link_content":{"data":{"id":334325,"date":"2026-02-13T15:29:48","date_gmt":"2026-02-13T14:29:48","guid":{"rendered":"https:\/\/generate.focolare.org\/?post_type=playlist&#038;p=334325"},"modified":"2026-02-13T15:29:48","modified_gmt":"2026-02-13T14:29:48","slug":"chiara-lubich-to-the-gen-on-the-general-statues","status":"publish","type":"playlist","link":"https:\/\/generate.focolare.org\/en\/playlist\/chiara-lubich-to-the-gen-on-the-general-statues\/","title":{"rendered":"Chiara Lubich to the Gen on the General Statues"},"excerpt":{"rendered":"<p>Chiara explains to the Gen the profound meaning of the Statutes and Regulations of the Movement, their charismatic origin, and their role as the living identity of the Work. She sheds light on the mission of the new generations in building a united world, fidelity to the founder, and the responsibility to safeguard and develop the charism over time.<\/p>\n","protected":false},"featured_media":334304,"comment_status":"closed","ping_status":"closed","template":"","tags":[20644,8263],"typology":[20552],"class_list":["post-334325","playlist","type-playlist","status-publish","has-post-thumbnail","hentry","tag-general-statues","tag-statutes","typology-gen-unit"],"featured_media_url":{"thumbnail":"https:\/\/generate.focolare.org\/wp-content\/uploads\/2026\/02\/Copertine-GENerate-150x150.png","medium":"https:\/\/generate.focolare.org\/wp-content\/uploads\/2026\/02\/Copertine-GENerate-300x240.png","medium_large":"https:\/\/generate.focolare.org\/wp-content\/uploads\/2026\/02\/Copertine-GENerate.png","large":"https:\/\/generate.focolare.org\/wp-content\/uploads\/2026\/02\/Copertine-GENerate.png","1536x1536":"https:\/\/generate.focolare.org\/wp-content\/uploads\/2026\/02\/Copertine-GENerate.png","2048x2048":"https:\/\/generate.focolare.org\/wp-content\/uploads\/2026\/02\/Copertine-GENerate.png","banner":"https:\/\/generate.focolare.org\/wp-content\/uploads\/2026\/02\/Copertine-GENerate.png","preview":"https:\/\/generate.focolare.org\/wp-content\/uploads\/2026\/02\/Copertine-GENerate-500x400.png","profile_24":"https:\/\/generate.focolare.org\/wp-content\/uploads\/2026\/02\/Copertine-GENerate-24x24.png","profile_48":"https:\/\/generate.focolare.org\/wp-content\/uploads\/2026\/02\/Copertine-GENerate-48x48.png","profile_96":"https:\/\/generate.focolare.org\/wp-content\/uploads\/2026\/02\/Copertine-GENerate-96x96.png","profile_150":"https:\/\/generate.focolare.org\/wp-content\/uploads\/2026\/02\/Copertine-GENerate-150x150.png","profile_300":"https:\/\/generate.focolare.org\/wp-content\/uploads\/2026\/02\/Copertine-GENerate-300x300.png"},"wpml_current_locale":"en_US","wpml_translations":[{"locale":"it_IT","id":322383,"post_title":"Chiara Lubich ai Gen sugli Statuti Generali","href":"https:\/\/generate.focolare.org\/it\/chiara-lubich-ai-gen-sugli-statuti-generali\/"},{"locale":"fr_FR","id":334329,"post_title":"Chiara Lubich aux Gen sur les Statuts G\u00e9n\u00e9raux","href":"https:\/\/generate.focolare.org\/fr\/chiara-lubich-aux-gen-sur-les-statuts-generaux\/"},{"locale":"es_ES","id":334328,"post_title":"Chiara Lubich a los Gen sobre los Estatutos Generales","href":"https:\/\/generate.focolare.org\/es\/chiara-lubich-a-los-gen-sobre-los-estatutos-generales\/"},{"locale":"pt_PT","id":334332,"post_title":"Chiara Lubich aos Gen sobre os Estatutos Gerais","href":"https:\/\/generate.focolare.org\/pt-pt\/chiara-lubich-aos-gen-sobre-os-estatutos-gerais\/"}],"restrict_roles":null,"playlist":[{"content":{"data":{"id":331275,"date":"1976-01-02","date_gmt":"2026-02-10T09:29:35","guid":{"rendered":"https:\/\/generate.focolare.org\/?post_type=content&#038;p=331275"},"modified":"2026-02-10T11:00:22","modified_gmt":"2026-02-10T10:00:22","slug":"the-milky-way-and-the-new-generations","status":"publish","type":"content","link":"https:\/\/generate.focolare.org\/en\/content\/the-milky-way-and-the-new-generations\/","title":{"rendered":"The Milky Way and the New Generations"},"excerpt":{"rendered":"<p>Chiara recounts to the Gen leaders how, while observing the Milky Way in Oberiberg in 1961, she intuited the birth of the new generations of the Movement and the symbol of the constellations as an image of the unity and structure of the Work of Mary.<\/p>\n","protected":false},"featured_media":331059,"comment_status":"closed","ping_status":"closed","template":"","tags":[20644],"contributor":[8424],"location":[8376],"audience":[8405],"class_list":["post-331275","content","type-content","status-publish","has-post-thumbnail","hentry","tag-general-statues","contributor-lubich-chiara","location-rocca-di-papa","audience-leaders"],"featured_media_url":{"thumbnail":"https:\/\/generate.focolare.org\/wp-content\/uploads\/2026\/02\/1-150x150.png","medium":"https:\/\/generate.focolare.org\/wp-content\/uploads\/2026\/02\/1-300x240.png","medium_large":"https:\/\/generate.focolare.org\/wp-content\/uploads\/2026\/02\/1.png","large":"https:\/\/generate.focolare.org\/wp-content\/uploads\/2026\/02\/1.png","1536x1536":"https:\/\/generate.focolare.org\/wp-content\/uploads\/2026\/02\/1.png","2048x2048":"https:\/\/generate.focolare.org\/wp-content\/uploads\/2026\/02\/1.png","banner":"https:\/\/generate.focolare.org\/wp-content\/uploads\/2026\/02\/1.png","preview":"https:\/\/generate.focolare.org\/wp-content\/uploads\/2026\/02\/1-500x400.png","profile_24":"https:\/\/generate.focolare.org\/wp-content\/uploads\/2026\/02\/1-24x24.png","profile_48":"https:\/\/generate.focolare.org\/wp-content\/uploads\/2026\/02\/1-48x48.png","profile_96":"https:\/\/generate.focolare.org\/wp-content\/uploads\/2026\/02\/1-96x96.png","profile_150":"https:\/\/generate.focolare.org\/wp-content\/uploads\/2026\/02\/1-150x150.png","profile_300":"https:\/\/generate.focolare.org\/wp-content\/uploads\/2026\/02\/1-300x300.png"},"related":[19711,80071,19686,13072,8114,80066],"wpml_current_locale":"en_US","wpml_translations":[{"locale":"it_IT","id":331058,"post_title":"La Via Lattea e le Nuove Generazioni","href":"https:\/\/generate.focolare.org\/it\/la-via-lattea-e-le-nuove-generazioni\/"},{"locale":"fr_FR","id":331339,"post_title":"La Voie lact\u00e9e et les Nouvelles G\u00e9n\u00e9rations","href":"https:\/\/generate.focolare.org\/fr\/la-voie-lactee-et-les-nouvelles-generations\/"},{"locale":"es_ES","id":331250,"post_title":"La V\u00eda L\u00e1ctea y las Nuevas Generaciones","href":"https:\/\/generate.focolare.org\/es\/la-via-lactea-y-las-nuevas-generaciones\/"},{"locale":"pt_PT","id":331730,"post_title":"A Via L\u00e1ctea e as Novas Gera\u00e7\u00f5es","href":"https:\/\/generate.focolare.org\/pt-pt\/a-via-lactea-e-as-novas-geracoes\/"},{"locale":"de_DE","id":331253,"post_title":"Die Milchstra\u00dfe und die neuen Generationen","href":"https:\/\/generate.focolare.org\/de\/a-via-lactea-e-as-novas-geracoes\/"}],"format":"video","length":"3","restrict_roles":null,"link_to_transcription":null,"source":{"ID":331260,"id":331260,"title":"en","filename":"en.mp4","filesize":297530275,"url":"https:\/\/generate.focolare.org\/wp-content\/uploads\/2026\/02\/en.mp4.hsl\/index.m3u8","link":"https:\/\/generate.focolare.org\/en\/content\/the-milky-way-and-the-new-generations\/en-4-4\/","alt":"","author":"2253","description":"","caption":"","name":"en-4-4","status":"inherit","uploaded_to":331275,"date":"2026-02-10 09:24:30","modified":"2026-02-10 09:29:36","menu_order":0,"mime_type":"application\/x-mpegURL","type":"video","subtype":"mp4","icon":"https:\/\/generate.focolare.org\/wp-includes\/images\/media\/video.png","width":1280,"height":720},"transcriptions":[{"language":"it","file":{"ID":331107,"id":331107,"title":"GMU-G2-Chiara ai dirigenti gen--19760102","filename":"GMU-G2-Chiara-ai-dirigenti-gen-19760102.pdf","filesize":122181,"url":"https:\/\/generate.focolare.org\/wp-content\/uploads\/2026\/02\/GMU-G2-Chiara-ai-dirigenti-gen-19760102.pdf","link":"https:\/\/generate.focolare.org\/en\/content\/the-milky-way-and-the-new-generations\/gmu-g2-chiara-ai-dirigenti-gen-19760102-2\/","alt":"","author":"2253","description":"","caption":"","name":"gmu-g2-chiara-ai-dirigenti-gen-19760102-2","status":"inherit","uploaded_to":331275,"date":"2026-02-10 09:11:56","modified":"2026-02-10 10:00:23","menu_order":0,"mime_type":"application\/pdf","type":"application","subtype":"pdf","icon":"https:\/\/generate.focolare.org\/wp-includes\/images\/media\/document.png"}},{"language":"en","file":{"ID":331128,"id":331128,"title":"GMU-G2-Chiara to the Gen leaders-19760102","filename":"GMU-G2-Chiara-to-the-Gen-leaders-19760102.pdf","filesize":116066,"url":"https:\/\/generate.focolare.org\/wp-content\/uploads\/2026\/02\/GMU-G2-Chiara-to-the-Gen-leaders-19760102.pdf","link":"https:\/\/generate.focolare.org\/en\/content\/the-milky-way-and-the-new-generations\/gmu-g2-chiara-to-the-gen-leaders-19760102-2\/","alt":"","author":"2253","description":"","caption":"","name":"gmu-g2-chiara-to-the-gen-leaders-19760102-2","status":"inherit","uploaded_to":331275,"date":"2026-02-10 09:12:24","modified":"2026-02-10 10:00:23","menu_order":0,"mime_type":"application\/pdf","type":"application","subtype":"pdf","icon":"https:\/\/generate.focolare.org\/wp-includes\/images\/media\/document.png"}},{"language":"es","file":{"ID":331149,"id":331149,"title":"GMU-G2-Chiara a los dirigentes gen-19760102","filename":"GMU-G2-Chiara-a-los-dirigentes-gen-19760102.pdf","filesize":116834,"url":"https:\/\/generate.focolare.org\/wp-content\/uploads\/2026\/02\/GMU-G2-Chiara-a-los-dirigentes-gen-19760102.pdf","link":"https:\/\/generate.focolare.org\/en\/content\/the-milky-way-and-the-new-generations\/gmu-g2-chiara-a-los-dirigentes-gen-19760102-2\/","alt":"","author":"2253","description":"","caption":"","name":"gmu-g2-chiara-a-los-dirigentes-gen-19760102-2","status":"inherit","uploaded_to":331275,"date":"2026-02-10 09:12:43","modified":"2026-02-10 10:00:24","menu_order":0,"mime_type":"application\/pdf","type":"application","subtype":"pdf","icon":"https:\/\/generate.focolare.org\/wp-includes\/images\/media\/document.png"}},{"language":"fr","file":{"ID":331170,"id":331170,"title":"GMU-G2-Chiara aux dirigeants Gen-19760102","filename":"GMU-G2-Chiara-aux-dirigeants-Gen-19760102.pdf","filesize":118457,"url":"https:\/\/generate.focolare.org\/wp-content\/uploads\/2026\/02\/GMU-G2-Chiara-aux-dirigeants-Gen-19760102.pdf","link":"https:\/\/generate.focolare.org\/en\/content\/the-milky-way-and-the-new-generations\/gmu-g2-chiara-aux-dirigeants-gen-19760102-2\/","alt":"","author":"2253","description":"","caption":"","name":"gmu-g2-chiara-aux-dirigeants-gen-19760102-2","status":"inherit","uploaded_to":331275,"date":"2026-02-10 09:12:56","modified":"2026-02-10 10:00:25","menu_order":0,"mime_type":"application\/pdf","type":"application","subtype":"pdf","icon":"https:\/\/generate.focolare.org\/wp-includes\/images\/media\/document.png"}},{"language":"pt-pt","file":{"ID":331191,"id":331191,"title":"GMU-G2-Chiara aos dirigentes gen-19760102","filename":"GMU-G2-Chiara-aos-dirigentes-gen-19760102.pdf","filesize":113562,"url":"https:\/\/generate.focolare.org\/wp-content\/uploads\/2026\/02\/GMU-G2-Chiara-aos-dirigentes-gen-19760102.pdf","link":"https:\/\/generate.focolare.org\/en\/content\/the-milky-way-and-the-new-generations\/gmu-g2-chiara-aos-dirigentes-gen-19760102-2\/","alt":"","author":"2253","description":"","caption":"","name":"gmu-g2-chiara-aos-dirigentes-gen-19760102-2","status":"inherit","uploaded_to":331275,"date":"2026-02-10 09:13:14","modified":"2026-02-10 10:00:25","menu_order":0,"mime_type":"application\/pdf","type":"application","subtype":"pdf","icon":"https:\/\/generate.focolare.org\/wp-includes\/images\/media\/document.png"}},{"language":"nl","file":{"ID":331234,"id":331234,"title":"GMU-G2-Chiara tot de verantwoordelijken van de Gen-19760102","filename":"GMU-G2-Chiara-tot-de-verantwoordelijken-van-de-Gen-19760102.pdf","filesize":116066,"url":"https:\/\/generate.focolare.org\/wp-content\/uploads\/2026\/02\/GMU-G2-Chiara-tot-de-verantwoordelijken-van-de-Gen-19760102.pdf","link":"https:\/\/generate.focolare.org\/en\/content\/the-milky-way-and-the-new-generations\/gmu-g2-chiara-tot-de-verantwoordelijken-van-de-gen-19760102-2\/","alt":"","author":"2253","description":"","caption":"","name":"gmu-g2-chiara-tot-de-verantwoordelijken-van-de-gen-19760102-2","status":"inherit","uploaded_to":331275,"date":"2026-02-10 09:15:19","modified":"2026-02-10 10:00:26","menu_order":0,"mime_type":"application\/pdf","type":"application","subtype":"pdf","icon":"https:\/\/generate.focolare.org\/wp-includes\/images\/media\/document.png"}},{"language":"sl","file":{"ID":331213,"id":331213,"title":"GMU-G2-CHIARA VODITELJEM GEN-19760102","filename":"GMU-G2-CHIARA-VODITELJEM-GEN-19760102.pdf","filesize":119308,"url":"https:\/\/generate.focolare.org\/wp-content\/uploads\/2026\/02\/GMU-G2-CHIARA-VODITELJEM-GEN-19760102.pdf","link":"https:\/\/generate.focolare.org\/en\/content\/the-milky-way-and-the-new-generations\/gmu-g2-chiara-voditeljem-gen-19760102-2\/","alt":"","author":"2253","description":"","caption":"","name":"gmu-g2-chiara-voditeljem-gen-19760102-2","status":"inherit","uploaded_to":331275,"date":"2026-02-10 09:14:47","modified":"2026-02-10 10:00:26","menu_order":0,"mime_type":"application\/pdf","type":"application","subtype":"pdf","icon":"https:\/\/generate.focolare.org\/wp-includes\/images\/media\/document.png"}}]},"headers":[],"status":200}},{"content":{"data":{"id":331616,"date":"2000-09-17","date_gmt":"2026-02-10T10:21:29","guid":{"rendered":"https:\/\/generate.focolare.org\/?post_type=content&#038;p=331616"},"modified":"2026-02-10T16:50:13","modified_gmt":"2026-02-10T15:50:13","slug":"updating-the-forms-not-the-substance","status":"publish","type":"content","link":"https:\/\/generate.focolare.org\/en\/content\/updating-the-forms-not-the-substance\/","title":{"rendered":"Updating the Forms, Not the Substance"},"excerpt":{"rendered":"<p>Chiara responds to a Gen2 member who asks how to make the meetings and activities of the Work of Mary more suitable for young people. She explains that the substance of the Mariapolis and its spirituality cannot be changed, but the forms can: shorter language, examples, gestures, theatrical performances, and creativity. She acknowledges that in the past it was a mistake not to involve young people earlier, but emphasizes that \u201cbetter late than never.\u201d<\/p>\n","protected":false},"featured_media":331594,"comment_status":"closed","ping_status":"closed","template":"","tags":[20644],"contributor":[20655,8424],"location":[20656],"audience":[3936,8396],"class_list":["post-331616","content","type-content","status-publish","has-post-thumbnail","hentry","tag-general-statues","contributor-chiara-lubich-2","contributor-lubich-chiara","location-florence","audience-gen-2","audience-internal-memebers"],"featured_media_url":{"thumbnail":"https:\/\/generate.focolare.org\/wp-content\/uploads\/2026\/02\/2-150x150.png","medium":"https:\/\/generate.focolare.org\/wp-content\/uploads\/2026\/02\/2-300x240.png","medium_large":"https:\/\/generate.focolare.org\/wp-content\/uploads\/2026\/02\/2.png","large":"https:\/\/generate.focolare.org\/wp-content\/uploads\/2026\/02\/2.png","1536x1536":"https:\/\/generate.focolare.org\/wp-content\/uploads\/2026\/02\/2.png","2048x2048":"https:\/\/generate.focolare.org\/wp-content\/uploads\/2026\/02\/2.png","banner":"https:\/\/generate.focolare.org\/wp-content\/uploads\/2026\/02\/2.png","preview":"https:\/\/generate.focolare.org\/wp-content\/uploads\/2026\/02\/2-500x400.png","profile_24":"https:\/\/generate.focolare.org\/wp-content\/uploads\/2026\/02\/2-24x24.png","profile_48":"https:\/\/generate.focolare.org\/wp-content\/uploads\/2026\/02\/2-48x48.png","profile_96":"https:\/\/generate.focolare.org\/wp-content\/uploads\/2026\/02\/2-96x96.png","profile_150":"https:\/\/generate.focolare.org\/wp-content\/uploads\/2026\/02\/2-150x150.png","profile_300":"https:\/\/generate.focolare.org\/wp-content\/uploads\/2026\/02\/2-300x300.png"},"related":[129602,80080,304708,342644],"wpml_current_locale":"en_US","wpml_translations":[{"locale":"it_IT","id":331404,"post_title":"Aggiornare le Forme, non la Sostanza","href":"https:\/\/generate.focolare.org\/it\/aggiornare-le-forme-non-la-sostanza\/"},{"locale":"fr_FR","id":331662,"post_title":"Actualiser les Formes, et non la Substance","href":"https:\/\/generate.focolare.org\/fr\/actualiser-les-formes-et-non-la-substance\/"},{"locale":"es_ES","id":331617,"post_title":"Actualizar las Formas, no la Sustancia","href":"https:\/\/generate.focolare.org\/es\/actualizar-las-formas-no-la-sustancia\/"},{"locale":"pt_PT","id":331685,"post_title":"Atualizar as Formas, n\u00e3o a Subst\u00e2ncia","href":"https:\/\/generate.focolare.org\/pt-pt\/atualizar-as-formas-nao-a-substancia\/"}],"restrict_roles":null,"format":"video","link_to_transcription":true,"source":{"ID":331411,"id":331411,"title":"it","filename":"it-1.mp4","filesize":274233731,"url":"https:\/\/generate.focolare.org\/wp-content\/uploads\/2026\/02\/it-1.mp4.hsl\/index.m3u8","link":"https:\/\/generate.focolare.org\/en\/content\/actualizar-las-formas-no-la-sustancia\/it-73-2\/","alt":"","author":"2253","description":"","caption":"","name":"it-73-2","status":"inherit","uploaded_to":331617,"date":"2026-02-10 10:09:52","modified":"2026-02-10 10:22:53","menu_order":0,"mime_type":"application\/x-mpegURL","type":"video","subtype":"mp4","icon":"https:\/\/generate.focolare.org\/wp-includes\/images\/media\/video.png","width":1280,"height":720},"length":"3","transcriptions":[{"language":"it","file":{"ID":331432,"id":331432,"title":"GMU-G2-Chiara agli interni:e della zona di Firenze-20000917","filename":"GMU-G2-Chiara-agli-internie-della-zona-di-Firenze-20000917.pdf","filesize":111622,"url":"https:\/\/generate.focolare.org\/wp-content\/uploads\/2026\/02\/GMU-G2-Chiara-agli-internie-della-zona-di-Firenze-20000917.pdf","link":"https:\/\/generate.focolare.org\/en\/content\/updating-the-forms-not-the-substance\/gmu-g2-chiara-agli-internie-della-zona-di-firenze-20000917-2\/","alt":"","author":"2253","description":"","caption":"","name":"gmu-g2-chiara-agli-internie-della-zona-di-firenze-20000917-2","status":"inherit","uploaded_to":331616,"date":"2026-02-10 10:11:04","modified":"2026-02-10 10:38:59","menu_order":0,"mime_type":"application\/pdf","type":"application","subtype":"pdf","icon":"https:\/\/generate.focolare.org\/wp-includes\/images\/media\/document.png"}},{"language":"en","file":{"ID":331453,"id":331453,"title":"GMU-G2- Chiara to the members of the Movement in the zone of Florence-20000917","filename":"GMU-G2-Chiara-to-the-members-of-the-Movement-in-the-zone-of-Florence-20000917.pdf","filesize":112838,"url":"https:\/\/generate.focolare.org\/wp-content\/uploads\/2026\/02\/GMU-G2-Chiara-to-the-members-of-the-Movement-in-the-zone-of-Florence-20000917.pdf","link":"https:\/\/generate.focolare.org\/en\/content\/updating-the-forms-not-the-substance\/gmu-g2-chiara-to-the-members-of-the-movement-in-the-zone-of-florence-20000917-2\/","alt":"","author":"2253","description":"","caption":"","name":"gmu-g2-chiara-to-the-members-of-the-movement-in-the-zone-of-florence-20000917-2","status":"inherit","uploaded_to":331616,"date":"2026-02-10 10:11:19","modified":"2026-02-10 10:39:00","menu_order":0,"mime_type":"application\/pdf","type":"application","subtype":"pdf","icon":"https:\/\/generate.focolare.org\/wp-includes\/images\/media\/document.png"}},{"language":"es","file":{"ID":331474,"id":331474,"title":"GMU-G2- Chiara a los internos:as de la zona de Florencia--20000917","filename":"GMU-G2-Chiara-a-los-internosas-de-la-zona-de-Florencia-20000917.pdf","filesize":112948,"url":"https:\/\/generate.focolare.org\/wp-content\/uploads\/2026\/02\/GMU-G2-Chiara-a-los-internosas-de-la-zona-de-Florencia-20000917.pdf","link":"https:\/\/generate.focolare.org\/en\/content\/updating-the-forms-not-the-substance\/gmu-g2-chiara-a-los-internosas-de-la-zona-de-florencia-20000917-2\/","alt":"","author":"2253","description":"","caption":"","name":"gmu-g2-chiara-a-los-internosas-de-la-zona-de-florencia-20000917-2","status":"inherit","uploaded_to":331616,"date":"2026-02-10 10:11:41","modified":"2026-02-10 10:39:00","menu_order":0,"mime_type":"application\/pdf","type":"application","subtype":"pdf","icon":"https:\/\/generate.focolare.org\/wp-includes\/images\/media\/document.png"}},{"language":"fr","file":{"ID":331495,"id":331495,"title":"GMU-G2-Chiara aux internes et aux internes de la r\u00e9gion de Florence-20000917","filename":"GMU-G2-Chiara-aux-internes-et-aux-internes-de-la-region-de-Florence-20000917.pdf","filesize":129653,"url":"https:\/\/generate.focolare.org\/wp-content\/uploads\/2026\/02\/GMU-G2-Chiara-aux-internes-et-aux-internes-de-la-region-de-Florence-20000917.pdf","link":"https:\/\/generate.focolare.org\/en\/content\/updating-the-forms-not-the-substance\/gmu-g2-chiara-aux-internes-et-aux-internes-de-la-region-de-florence-20000917-2\/","alt":"","author":"2253","description":"","caption":"","name":"gmu-g2-chiara-aux-internes-et-aux-internes-de-la-region-de-florence-20000917-2","status":"inherit","uploaded_to":331616,"date":"2026-02-10 10:12:01","modified":"2026-02-10 10:39:01","menu_order":0,"mime_type":"application\/pdf","type":"application","subtype":"pdf","icon":"https:\/\/generate.focolare.org\/wp-includes\/images\/media\/document.png"}},{"language":"pt-pt","file":{"ID":331516,"id":331516,"title":"GMU-G2- Chiara aos internos e \u00e0s internas da regi\u00e3o de Floren\u00e7a-20000917","filename":"GMU-G2-Chiara-aos-internos-e-as-internas-da-regiao-de-Florenca-20000917.pdf","filesize":112601,"url":"https:\/\/generate.focolare.org\/wp-content\/uploads\/2026\/02\/GMU-G2-Chiara-aos-internos-e-as-internas-da-regiao-de-Florenca-20000917.pdf","link":"https:\/\/generate.focolare.org\/en\/content\/updating-the-forms-not-the-substance\/gmu-g2-chiara-aos-internos-e-as-internas-da-regiao-de-florenca-20000917-2\/","alt":"","author":"2253","description":"","caption":"","name":"gmu-g2-chiara-aos-internos-e-as-internas-da-regiao-de-florenca-20000917-2","status":"inherit","uploaded_to":331616,"date":"2026-02-10 10:12:21","modified":"2026-02-10 10:39:01","menu_order":0,"mime_type":"application\/pdf","type":"application","subtype":"pdf","icon":"https:\/\/generate.focolare.org\/wp-includes\/images\/media\/document.png"}},{"language":"de","file":{"ID":331558,"id":331558,"title":"GMU-G2- Chiara bei der Fokolargemeinschaft von Florenz -20000917","filename":"GMU-G2-Chiara-bei-der-Fokolargemeinschaft-von-Florenz-20000917.pdf","filesize":113876,"url":"https:\/\/generate.focolare.org\/wp-content\/uploads\/2026\/02\/GMU-G2-Chiara-bei-der-Fokolargemeinschaft-von-Florenz-20000917.pdf","link":"https:\/\/generate.focolare.org\/en\/content\/updating-the-forms-not-the-substance\/gmu-g2-chiara-bei-der-fokolargemeinschaft-von-florenz-20000917-2\/","alt":"","author":"2253","description":"","caption":"","name":"gmu-g2-chiara-bei-der-fokolargemeinschaft-von-florenz-20000917-2","status":"inherit","uploaded_to":331616,"date":"2026-02-10 10:13:02","modified":"2026-02-10 10:39:02","menu_order":0,"mime_type":"application\/pdf","type":"application","subtype":"pdf","icon":"https:\/\/generate.focolare.org\/wp-includes\/images\/media\/document.png"}},{"language":"nl","file":{"ID":331537,"id":331537,"title":"GMU-G2-Chiara ereburger van Florence met haar volk uit Umbri\u00eb en Toscane-20000917","filename":"GMU-G2-Chiara-ereburger-van-Florence-met-haar-volk-uit-Umbrie-en-Toscane-20000917.pdf","filesize":115705,"url":"https:\/\/generate.focolare.org\/wp-content\/uploads\/2026\/02\/GMU-G2-Chiara-ereburger-van-Florence-met-haar-volk-uit-Umbrie-en-Toscane-20000917.pdf","link":"https:\/\/generate.focolare.org\/en\/content\/updating-the-forms-not-the-substance\/gmu-g2-chiara-ereburger-van-florence-met-haar-volk-uit-umbrie-en-toscane-20000917-2\/","alt":"","author":"2253","description":"","caption":"","name":"gmu-g2-chiara-ereburger-van-florence-met-haar-volk-uit-umbrie-en-toscane-20000917-2","status":"inherit","uploaded_to":331616,"date":"2026-02-10 10:12:37","modified":"2026-02-10 10:39:02","menu_order":0,"mime_type":"application\/pdf","type":"application","subtype":"pdf","icon":"https:\/\/generate.focolare.org\/wp-includes\/images\/media\/document.png"}},{"language":"sl","file":{"ID":331579,"id":331579,"title":"GMU-G2-CHIARA, FIREN\u0160KA ME\u0160\u010cANKA, S SVOJIMI IZ UMBRIJE IN TOSKANE-20000917","filename":"GMU-G2-CHIARA-FIRENSKA-MESCANKA-S-SVOJIMI-IZ-UMBRIJE-IN-TOSKANE-20000917.pdf","filesize":114742,"url":"https:\/\/generate.focolare.org\/wp-content\/uploads\/2026\/02\/GMU-G2-CHIARA-FIRENSKA-MESCANKA-S-SVOJIMI-IZ-UMBRIJE-IN-TOSKANE-20000917.pdf","link":"https:\/\/generate.focolare.org\/en\/content\/updating-the-forms-not-the-substance\/gmu-g2-chiara-firenska-mescanka-s-svojimi-iz-umbrije-in-toskane-20000917-2\/","alt":"","author":"2253","description":"","caption":"","name":"gmu-g2-chiara-firenska-mescanka-s-svojimi-iz-umbrije-in-toskane-20000917-2","status":"inherit","uploaded_to":331616,"date":"2026-02-10 10:15:01","modified":"2026-02-10 10:39:03","menu_order":0,"mime_type":"application\/pdf","type":"application","subtype":"pdf","icon":"https:\/\/generate.focolare.org\/wp-includes\/images\/media\/document.png"}}]},"headers":[],"status":200}},{"content":{"data":{"id":331947,"date":"1990-05-18","date_gmt":"2026-02-10T10:58:08","guid":{"rendered":"https:\/\/generate.focolare.org\/?post_type=content&#038;p=331947"},"modified":"2026-02-10T16:45:25","modified_gmt":"2026-02-10T15:45:25","slug":"statutes-and-regulations-for-a-united-world","status":"publish","type":"content","link":"https:\/\/generate.focolare.org\/en\/content\/statutes-and-regulations-for-a-united-world\/","title":{"rendered":"Statutes and Regulations for a United World"},"excerpt":{"rendered":"<p>Chiara explains to the focolarini and focolarine how, in response to the signs of the times and historical changes, the Work of Mary is moving forward with renewed Statutes and Regulations. She outlines the aims of the various branches: some oriented toward \u201cut omnes\u201d, others toward a \u201cunited world\u201d, in order to embody the mission of the Church in the contemporary world.<\/p>\n","protected":false},"featured_media":331754,"comment_status":"closed","ping_status":"closed","template":"","tags":[20644],"contributor":[8424],"location":[8368],"audience":[8397],"class_list":["post-331947","content","type-content","status-publish","has-post-thumbnail","hentry","tag-general-statues","contributor-lubich-chiara","location-hyde-park-mariapoli-luminosa","audience-focolarini-e"],"featured_media_url":{"thumbnail":"https:\/\/generate.focolare.org\/wp-content\/uploads\/2026\/02\/3-150x150.png","medium":"https:\/\/generate.focolare.org\/wp-content\/uploads\/2026\/02\/3-300x240.png","medium_large":"https:\/\/generate.focolare.org\/wp-content\/uploads\/2026\/02\/3.png","large":"https:\/\/generate.focolare.org\/wp-content\/uploads\/2026\/02\/3.png","1536x1536":"https:\/\/generate.focolare.org\/wp-content\/uploads\/2026\/02\/3.png","2048x2048":"https:\/\/generate.focolare.org\/wp-content\/uploads\/2026\/02\/3.png","banner":"https:\/\/generate.focolare.org\/wp-content\/uploads\/2026\/02\/3.png","preview":"https:\/\/generate.focolare.org\/wp-content\/uploads\/2026\/02\/3-500x400.png","profile_24":"https:\/\/generate.focolare.org\/wp-content\/uploads\/2026\/02\/3-24x24.png","profile_48":"https:\/\/generate.focolare.org\/wp-content\/uploads\/2026\/02\/3-48x48.png","profile_96":"https:\/\/generate.focolare.org\/wp-content\/uploads\/2026\/02\/3-96x96.png","profile_150":"https:\/\/generate.focolare.org\/wp-content\/uploads\/2026\/02\/3-150x150.png","profile_300":"https:\/\/generate.focolare.org\/wp-content\/uploads\/2026\/02\/3-300x300.png"},"related":[334325,36659,59116,65453,116708,110004],"wpml_current_locale":"en_US","wpml_translations":[{"locale":"it_IT","id":331753,"post_title":"Statuti e Regolamenti per il Mondo Unito","href":"https:\/\/generate.focolare.org\/it\/statuti-e-regolamenti-per-il-mondo-unito\/"},{"locale":"fr_FR","id":331991,"post_title":"Statuts et R\u00e8glements pour un Monde Uni","href":"https:\/\/generate.focolare.org\/fr\/statuts-et-reglements-pour-un-monde-uni\/"},{"locale":"es_ES","id":331969,"post_title":"Estatutos y Reglamentos para el Mundo Unido","href":"https:\/\/generate.focolare.org\/es\/estatutos-y-reglamentos-para-el-mundo-unido\/"},{"locale":"pt_PT","id":331943,"post_title":"Estatutos e Regulamentos para um Mundo Unido","href":"https:\/\/generate.focolare.org\/pt-pt\/estatutos-e-regulamentos-para-um-mundo-unido\/"}],"format":"video","length":"4","restrict_roles":null,"link_to_transcription":true,"source":{"ID":331781,"id":331781,"title":"it","filename":"it-2.mp4","filesize":643293325,"url":"https:\/\/generate.focolare.org\/wp-content\/uploads\/2026\/02\/it-2.mp4","link":"https:\/\/generate.focolare.org\/en\/content\/statutes-and-regulations-for-a-united-world\/it-74-2\/","alt":"","author":"2253","description":"","caption":"","name":"it-74-2","status":"inherit","uploaded_to":331947,"date":"2026-02-10 10:49:04","modified":"2026-02-10 10:58:09","menu_order":0,"mime_type":"video\/mp4","type":"video","subtype":"mp4","icon":"https:\/\/generate.focolare.org\/wp-includes\/images\/media\/video.png","width":1920,"height":1080},"transcriptions":[{"language":"it","file":{"ID":331802,"id":331802,"title":"GMU-G2-Chiara Lubich ai focolarini e alle focolarine-19900518","filename":"GMU-G2-Chiara-Lubich-ai-focolarini-e-alle-focolarine-19900518.pdf","filesize":114793,"url":"https:\/\/generate.focolare.org\/wp-content\/uploads\/2026\/02\/GMU-G2-Chiara-Lubich-ai-focolarini-e-alle-focolarine-19900518.pdf","link":"https:\/\/generate.focolare.org\/en\/content\/statutes-and-regulations-for-a-united-world\/gmu-g2-chiara-lubich-ai-focolarini-e-alle-focolarine-19900518-2\/","alt":"","author":"2253","description":"","caption":"","name":"gmu-g2-chiara-lubich-ai-focolarini-e-alle-focolarine-19900518-2","status":"inherit","uploaded_to":331947,"date":"2026-02-10 10:50:22","modified":"2026-02-10 15:45:26","menu_order":0,"mime_type":"application\/pdf","type":"application","subtype":"pdf","icon":"https:\/\/generate.focolare.org\/wp-includes\/images\/media\/document.png"}},{"language":"en","file":{"ID":331823,"id":331823,"title":"GMU-G2-Chiara Lubich to the men and women (single and married) focolarini-19900518","filename":"GMU-G2-Chiara-Lubich-to-the-men-and-women-single-and-married-focolarini-19900518.pdf","filesize":115714,"url":"https:\/\/generate.focolare.org\/wp-content\/uploads\/2026\/02\/GMU-G2-Chiara-Lubich-to-the-men-and-women-single-and-married-focolarini-19900518.pdf","link":"https:\/\/generate.focolare.org\/en\/content\/statutes-and-regulations-for-a-united-world\/gmu-g2-chiara-lubich-to-the-men-and-women-single-and-married-focolarini-19900518-2\/","alt":"","author":"2253","description":"","caption":"","name":"gmu-g2-chiara-lubich-to-the-men-and-women-single-and-married-focolarini-19900518-2","status":"inherit","uploaded_to":331947,"date":"2026-02-10 10:50:41","modified":"2026-02-10 15:45:26","menu_order":0,"mime_type":"application\/pdf","type":"application","subtype":"pdf","icon":"https:\/\/generate.focolare.org\/wp-includes\/images\/media\/document.png"}},{"language":"es","file":{"ID":331844,"id":331844,"title":"GMU-G2-Chiara Lubich a los focolarinos y a las focolarinas--19900518","filename":"GMU-G2-Chiara-Lubich-a-los-focolarinos-y-a-las-focolarinas-19900518.pdf","filesize":115126,"url":"https:\/\/generate.focolare.org\/wp-content\/uploads\/2026\/02\/GMU-G2-Chiara-Lubich-a-los-focolarinos-y-a-las-focolarinas-19900518.pdf","link":"https:\/\/generate.focolare.org\/en\/content\/statutes-and-regulations-for-a-united-world\/gmu-g2-chiara-lubich-a-los-focolarinos-y-a-las-focolarinas-19900518-2\/","alt":"","author":"2253","description":"","caption":"","name":"gmu-g2-chiara-lubich-a-los-focolarinos-y-a-las-focolarinas-19900518-2","status":"inherit","uploaded_to":331947,"date":"2026-02-10 10:51:22","modified":"2026-02-10 15:45:26","menu_order":0,"mime_type":"application\/pdf","type":"application","subtype":"pdf","icon":"https:\/\/generate.focolare.org\/wp-includes\/images\/media\/document.png"}},{"language":"fr","file":{"ID":331865,"id":331865,"title":"GMU-G2-Chiara Lubich aux focolarini et aux focolarine-19900518","filename":"GMU-G2-Chiara-Lubich-aux-focolarini-et-aux-focolarine-19900518.pdf","filesize":124086,"url":"https:\/\/generate.focolare.org\/wp-content\/uploads\/2026\/02\/GMU-G2-Chiara-Lubich-aux-focolarini-et-aux-focolarine-19900518.pdf","link":"https:\/\/generate.focolare.org\/en\/content\/statutes-and-regulations-for-a-united-world\/gmu-g2-chiara-lubich-aux-focolarini-et-aux-focolarine-19900518-2\/","alt":"","author":"2253","description":"","caption":"","name":"gmu-g2-chiara-lubich-aux-focolarini-et-aux-focolarine-19900518-2","status":"inherit","uploaded_to":331947,"date":"2026-02-10 10:51:55","modified":"2026-02-10 15:45:26","menu_order":0,"mime_type":"application\/pdf","type":"application","subtype":"pdf","icon":"https:\/\/generate.focolare.org\/wp-includes\/images\/media\/document.png"}},{"language":"pt-pt","file":{"ID":331886,"id":331886,"title":"GMU-G2-Chiara Lubich aos focolarinos e \u00e0s focolarinas-19900518","filename":"GMU-G2-Chiara-Lubich-aos-focolarinos-e-as-focolarinas-19900518.pdf","filesize":116669,"url":"https:\/\/generate.focolare.org\/wp-content\/uploads\/2026\/02\/GMU-G2-Chiara-Lubich-aos-focolarinos-e-as-focolarinas-19900518.pdf","link":"https:\/\/generate.focolare.org\/en\/content\/statutes-and-regulations-for-a-united-world\/gmu-g2-chiara-lubich-aos-focolarinos-e-as-focolarinas-19900518-2\/","alt":"","author":"2253","description":"","caption":"","name":"gmu-g2-chiara-lubich-aos-focolarinos-e-as-focolarinas-19900518-2","status":"inherit","uploaded_to":331947,"date":"2026-02-10 10:52:13","modified":"2026-02-10 15:45:26","menu_order":0,"mime_type":"application\/pdf","type":"application","subtype":"pdf","icon":"https:\/\/generate.focolare.org\/wp-includes\/images\/media\/document.png"}},{"language":"de","file":{"ID":331907,"id":331907,"title":"GMU-G2-Chiara bei den Fokolarinnen und Fokolaren-19900518","filename":"GMU-G2-Chiara-bei-den-Fokolarinnen-und-Fokolaren-19900518.pdf","filesize":133463,"url":"https:\/\/generate.focolare.org\/wp-content\/uploads\/2026\/02\/GMU-G2-Chiara-bei-den-Fokolarinnen-und-Fokolaren-19900518.pdf","link":"https:\/\/generate.focolare.org\/en\/content\/statutes-and-regulations-for-a-united-world\/gmu-g2-chiara-bei-den-fokolarinnen-und-fokolaren-19900518-2\/","alt":"","author":"2253","description":"","caption":"","name":"gmu-g2-chiara-bei-den-fokolarinnen-und-fokolaren-19900518-2","status":"inherit","uploaded_to":331947,"date":"2026-02-10 10:52:23","modified":"2026-02-10 15:45:26","menu_order":0,"mime_type":"application\/pdf","type":"application","subtype":"pdf","icon":"https:\/\/generate.focolare.org\/wp-includes\/images\/media\/document.png"}}]},"headers":[],"status":200}},{"content":{"data":{"id":332271,"date":"2001-12-19","date_gmt":"2026-02-11T08:30:23","guid":{"rendered":"https:\/\/generate.focolare.org\/?post_type=content&#038;p=332271"},"modified":"2026-02-11T09:30:32","modified_gmt":"2026-02-11T08:30:32","slug":"four-4-ways-to-attain-wisdom","status":"publish","type":"content","link":"https:\/\/generate.focolare.org\/en\/content\/four-4-ways-to-attain-wisdom\/","title":{"rendered":"Four (4) Ways to Attain Wisdom"},"excerpt":{"rendered":"<p>Chiara explains to the Gen2 how to grow in Wisdom: asking it from God, loving, embracing the abandoned Jesus, and living with Jesus in the midst. She further specifies the vocation of the focolarini, \u201cbetween two fires\u201d \u2014the Holy Spirit and Jesus in the midst\u2014 which makes them bearers of light and Wisdom, like Jesus and Mary.<\/p>\n","protected":false},"featured_media":332164,"comment_status":"closed","ping_status":"closed","template":"","tags":[20644,8263],"contributor":[8424],"location":[8334],"audience":[3936],"class_list":["post-332271","content","type-content","status-publish","has-post-thumbnail","hentry","tag-general-statues","tag-statutes","contributor-lubich-chiara","location-castel-gandolfo","audience-gen-2"],"featured_media_url":{"thumbnail":"https:\/\/generate.focolare.org\/wp-content\/uploads\/2026\/02\/4-150x150.png","medium":"https:\/\/generate.focolare.org\/wp-content\/uploads\/2026\/02\/4-300x240.png","medium_large":"https:\/\/generate.focolare.org\/wp-content\/uploads\/2026\/02\/4.png","large":"https:\/\/generate.focolare.org\/wp-content\/uploads\/2026\/02\/4.png","1536x1536":"https:\/\/generate.focolare.org\/wp-content\/uploads\/2026\/02\/4.png","2048x2048":"https:\/\/generate.focolare.org\/wp-content\/uploads\/2026\/02\/4.png","banner":"https:\/\/generate.focolare.org\/wp-content\/uploads\/2026\/02\/4.png","preview":"https:\/\/generate.focolare.org\/wp-content\/uploads\/2026\/02\/4-500x400.png","profile_24":"https:\/\/generate.focolare.org\/wp-content\/uploads\/2026\/02\/4-24x24.png","profile_48":"https:\/\/generate.focolare.org\/wp-content\/uploads\/2026\/02\/4-48x48.png","profile_96":"https:\/\/generate.focolare.org\/wp-content\/uploads\/2026\/02\/4-96x96.png","profile_150":"https:\/\/generate.focolare.org\/wp-content\/uploads\/2026\/02\/4-150x150.png","profile_300":"https:\/\/generate.focolare.org\/wp-content\/uploads\/2026\/02\/4-300x300.png"},"related":[80066,80374,80173,129661,43404,6652],"wpml_current_locale":"en_US","wpml_translations":[{"locale":"it_IT","id":331992,"post_title":"Quattro (4) modi per avere la Sapienza","href":"https:\/\/generate.focolare.org\/it\/quattro-4-modi-per-avere-la-sapienza\/"},{"locale":"fr_FR","id":332315,"post_title":"Quatre (4) mani\u00e8res d\u2019acqu\u00e9rir la Sagesse","href":"https:\/\/generate.focolare.org\/fr\/statuts-et-reglements-pour-un-monde-uni-2\/"},{"locale":"es_ES","id":332314,"post_title":"Cuatro (4) modos de alcanzar la Sabidur\u00eda","href":"https:\/\/generate.focolare.org\/es\/cuatro-4-modos-de-alcanzar-la-sabiduria\/"},{"locale":"pt_PT","id":332316,"post_title":"Quatro (4) maneiras de alcan\u00e7ar a Sabedoria","href":"https:\/\/generate.focolare.org\/pt-pt\/estatutos-e-regulamentos-para-um-mundo-unido-2\/"}],"format":"video","restrict_roles":null,"link_to_transcription":true,"source":{"ID":331999,"id":331999,"title":"it","filename":"it-3.mp4","filesize":870301088,"url":"https:\/\/generate.focolare.org\/wp-content\/uploads\/2026\/02\/it-3.mp4","link":"https:\/\/generate.focolare.org\/en\/it-75-2\/","alt":"","author":"2253","description":"","caption":"","name":"it-75-2","status":"inherit","uploaded_to":0,"date":"2026-02-10 15:57:29","modified":"2026-02-10 15:57:29","menu_order":0,"mime_type":"video\/mp4","type":"video","subtype":"mp4","icon":"https:\/\/generate.focolare.org\/wp-includes\/images\/media\/video.png","width":1920,"height":1080},"length":"6","transcriptions":[{"language":"it","file":{"ID":332063,"id":332063,"title":"GMU-G2- Chiara Lubich ai e alle gen2--20011219","filename":"GMU-G2-Chiara-Lubich-ai-e-alle-gen2-20011219.pdf","filesize":132761,"url":"https:\/\/generate.focolare.org\/wp-content\/uploads\/2026\/02\/GMU-G2-Chiara-Lubich-ai-e-alle-gen2-20011219.pdf","link":"https:\/\/generate.focolare.org\/en\/content\/four-4-ways-to-attain-wisdom\/gmu-g2-chiara-lubich-ai-e-alle-gen2-20011219-2\/","alt":"","author":"2253","description":"","caption":"","name":"gmu-g2-chiara-lubich-ai-e-alle-gen2-20011219-2","status":"inherit","uploaded_to":332271,"date":"2026-02-11 08:17:59","modified":"2026-02-11 08:30:33","menu_order":0,"mime_type":"application\/pdf","type":"application","subtype":"pdf","icon":"https:\/\/generate.focolare.org\/wp-includes\/images\/media\/document.png"}},{"language":"en","file":{"ID":332042,"id":332042,"title":"GMU-G2-Chiara to the Gen 2 boys and girls-20011219","filename":"GMU-G2-Chiara-to-the-Gen-2-boys-and-girls-20011219.pdf","filesize":134528,"url":"https:\/\/generate.focolare.org\/wp-content\/uploads\/2026\/02\/GMU-G2-Chiara-to-the-Gen-2-boys-and-girls-20011219.pdf","link":"https:\/\/generate.focolare.org\/en\/content\/four-4-ways-to-attain-wisdom\/gmu-g2-chiara-to-the-gen-2-boys-and-girls-20011219-2\/","alt":"","author":"2253","description":"","caption":"","name":"gmu-g2-chiara-to-the-gen-2-boys-and-girls-20011219-2","status":"inherit","uploaded_to":332271,"date":"2026-02-11 08:17:37","modified":"2026-02-11 08:30:34","menu_order":0,"mime_type":"application\/pdf","type":"application","subtype":"pdf","icon":"https:\/\/generate.focolare.org\/wp-includes\/images\/media\/document.png"}},{"language":"es","file":{"ID":332084,"id":332084,"title":"GMU-G2-Chiara Lubich a los y las gen2-20011219","filename":"GMU-G2-Chiara-Lubich-a-los-y-las-gen2-20011219.pdf","filesize":134728,"url":"https:\/\/generate.focolare.org\/wp-content\/uploads\/2026\/02\/GMU-G2-Chiara-Lubich-a-los-y-las-gen2-20011219.pdf","link":"https:\/\/generate.focolare.org\/en\/content\/four-4-ways-to-attain-wisdom\/gmu-g2-chiara-lubich-a-los-y-las-gen2-20011219-2\/","alt":"","author":"2253","description":"","caption":"","name":"gmu-g2-chiara-lubich-a-los-y-las-gen2-20011219-2","status":"inherit","uploaded_to":332271,"date":"2026-02-11 08:18:29","modified":"2026-02-11 08:30:34","menu_order":0,"mime_type":"application\/pdf","type":"application","subtype":"pdf","icon":"https:\/\/generate.focolare.org\/wp-includes\/images\/media\/document.png"}},{"language":"fr","file":{"ID":332105,"id":332105,"title":"GMU-G2-Chiara rencontre les Gen 2-20011219","filename":"GMU-G2-Chiara-rencontre-les-Gen-2-20011219.pdf","filesize":135731,"url":"https:\/\/generate.focolare.org\/wp-content\/uploads\/2026\/02\/GMU-G2-Chiara-rencontre-les-Gen-2-20011219.pdf","link":"https:\/\/generate.focolare.org\/en\/content\/four-4-ways-to-attain-wisdom\/gmu-g2-chiara-rencontre-les-gen-2-20011219-2\/","alt":"","author":"2253","description":"","caption":"","name":"gmu-g2-chiara-rencontre-les-gen-2-20011219-2","status":"inherit","uploaded_to":332271,"date":"2026-02-11 08:18:52","modified":"2026-02-11 08:30:35","menu_order":0,"mime_type":"application\/pdf","type":"application","subtype":"pdf","icon":"https:\/\/generate.focolare.org\/wp-includes\/images\/media\/document.png"}},{"language":"pt-pt","file":{"ID":332126,"id":332126,"title":"GMU-G2-Chiara se encontra com os gen e as gen-20011219","filename":"GMU-G2-Chiara-se-encontra-com-os-gen-e-as-gen-20011219.pdf","filesize":134070,"url":"https:\/\/generate.focolare.org\/wp-content\/uploads\/2026\/02\/GMU-G2-Chiara-se-encontra-com-os-gen-e-as-gen-20011219.pdf","link":"https:\/\/generate.focolare.org\/en\/content\/four-4-ways-to-attain-wisdom\/gmu-g2-chiara-se-encontra-com-os-gen-e-as-gen-20011219-2\/","alt":"","author":"2253","description":"","caption":"","name":"gmu-g2-chiara-se-encontra-com-os-gen-e-as-gen-20011219-2","status":"inherit","uploaded_to":332271,"date":"2026-02-11 08:19:22","modified":"2026-02-11 08:30:35","menu_order":0,"mime_type":"application\/pdf","type":"application","subtype":"pdf","icon":"https:\/\/generate.focolare.org\/wp-includes\/images\/media\/document.png"}},{"language":"de","file":{"ID":332021,"id":332021,"title":"GMU-G2-Chiara incontra i e le Gen 2-ted-20011219","filename":"GMU-G2-Chiara-incontra-i-e-le-Gen-2-ted-20011219.pdf","filesize":134494,"url":"https:\/\/generate.focolare.org\/wp-content\/uploads\/2026\/02\/GMU-G2-Chiara-incontra-i-e-le-Gen-2-ted-20011219.pdf","link":"https:\/\/generate.focolare.org\/en\/content\/four-4-ways-to-attain-wisdom\/gmu-g2-chiara-incontra-i-e-le-gen-2-ted-20011219-2\/","alt":"","author":"2253","description":"","caption":"","name":"gmu-g2-chiara-incontra-i-e-le-gen-2-ted-20011219-2","status":"inherit","uploaded_to":332271,"date":"2026-02-11 08:17:13","modified":"2026-02-11 08:30:36","menu_order":0,"mime_type":"application\/pdf","type":"application","subtype":"pdf","icon":"https:\/\/generate.focolare.org\/wp-includes\/images\/media\/document.png"}}]},"headers":[],"status":200}},{"content":{"data":{"id":332573,"date":"2001-12-19","date_gmt":"2026-02-11T08:47:56","guid":{"rendered":"https:\/\/generate.focolare.org\/?post_type=content&#038;p=332573"},"modified":"2026-02-11T09:48:04","modified_gmt":"2026-02-11T08:48:04","slug":"how-to-carry-forward-the-work-of-mary-in-the-future","status":"publish","type":"content","link":"https:\/\/generate.focolare.org\/en\/content\/how-to-carry-forward-the-work-of-mary-in-the-future\/","title":{"rendered":"How to Carry Forward the Work of Mary in the Future"},"excerpt":{"rendered":"<p>Chiara explains to the Gen2 how the Work will continue after the charismatic period of the founder: the charism spreads throughout the entire Work, guided by Jesus in the midst and by fidelity to the founder. She describes the two periods \u2014birth and growth\u2014 and entrusts the young people with the task of developing and multiplying all the realities of the Work, keeping the \u201cchild\u201d intact as it is.<\/p>\n","protected":false},"featured_media":332318,"comment_status":"closed","ping_status":"closed","template":"","tags":[20644,8263],"contributor":[8424],"location":[8334],"audience":[3936],"class_list":["post-332573","content","type-content","status-publish","has-post-thumbnail","hentry","tag-general-statues","tag-statutes","contributor-lubich-chiara","location-castel-gandolfo","audience-gen-2"],"featured_media_url":{"thumbnail":"https:\/\/generate.focolare.org\/wp-content\/uploads\/2026\/02\/5-150x150.png","medium":"https:\/\/generate.focolare.org\/wp-content\/uploads\/2026\/02\/5-300x240.png","medium_large":"https:\/\/generate.focolare.org\/wp-content\/uploads\/2026\/02\/5.png","large":"https:\/\/generate.focolare.org\/wp-content\/uploads\/2026\/02\/5.png","1536x1536":"https:\/\/generate.focolare.org\/wp-content\/uploads\/2026\/02\/5.png","2048x2048":"https:\/\/generate.focolare.org\/wp-content\/uploads\/2026\/02\/5.png","banner":"https:\/\/generate.focolare.org\/wp-content\/uploads\/2026\/02\/5.png","preview":"https:\/\/generate.focolare.org\/wp-content\/uploads\/2026\/02\/5-500x400.png","profile_24":"https:\/\/generate.focolare.org\/wp-content\/uploads\/2026\/02\/5-24x24.png","profile_48":"https:\/\/generate.focolare.org\/wp-content\/uploads\/2026\/02\/5-48x48.png","profile_96":"https:\/\/generate.focolare.org\/wp-content\/uploads\/2026\/02\/5-96x96.png","profile_150":"https:\/\/generate.focolare.org\/wp-content\/uploads\/2026\/02\/5-150x150.png","profile_300":"https:\/\/generate.focolare.org\/wp-content\/uploads\/2026\/02\/5-300x300.png"},"related":[6997,80084,80132,59134,329489,7227],"wpml_current_locale":"en_US","wpml_translations":[{"locale":"it_IT","id":332317,"post_title":"Come portare avanti l\u2019Opera di Maria nel Futuro","href":"https:\/\/generate.focolare.org\/it\/come-portare-avanti-lopera-di-maria-nel-futuro\/"},{"locale":"fr_FR","id":332618,"post_title":"Comment faire avancer l\u2019\u0152uvre de Marie \u00e0 l\u2019avenir","href":"https:\/\/generate.focolare.org\/fr\/comment-faire-avancer-loeuvre-de-marie-a-lavenir\/"},{"locale":"es_ES","id":332616,"post_title":"C\u00f3mo llevar adelante la Obra de Mar\u00eda en el Futuro","href":"https:\/\/generate.focolare.org\/es\/como-llevar-adelante-la-obra-de-maria-en-el-futuro\/"},{"locale":"pt_PT","id":332661,"post_title":"Como levar adiante a Obra de Maria no Futuro","href":"https:\/\/generate.focolare.org\/pt-pt\/como-levar-adiante-a-obra-de-maria-no-futuro\/"}],"format":"video","restrict_roles":null,"link_to_transcription":true,"source":{"ID":332367,"id":332367,"title":"it","filename":"it-4.mp4","filesize":1187560870,"url":"https:\/\/generate.focolare.org\/wp-content\/uploads\/2026\/02\/it-4.mp4","link":"https:\/\/generate.focolare.org\/en\/it-76-2\/","alt":"","author":"2253","description":"","caption":"","name":"it-76-2","status":"inherit","uploaded_to":0,"date":"2026-02-11 08:42:48","modified":"2026-02-11 08:42:48","menu_order":0,"mime_type":"video\/mp4","type":"video","subtype":"mp4","icon":"https:\/\/generate.focolare.org\/wp-includes\/images\/media\/video.png","width":1920,"height":1080},"length":"8","transcriptions":[{"language":"it","file":{"ID":332410,"id":332410,"title":"GMU-G2-Chiara Lubich ai e alle gen2--20011219","filename":"GMU-G2-Chiara-Lubich-ai-e-alle-gen2-20011219-1.pdf","filesize":149522,"url":"https:\/\/generate.focolare.org\/wp-content\/uploads\/2026\/02\/GMU-G2-Chiara-Lubich-ai-e-alle-gen2-20011219-1.pdf","link":"https:\/\/generate.focolare.org\/en\/content\/how-to-carry-forward-the-work-of-mary-in-the-future\/gmu-g2-chiara-lubich-ai-e-alle-gen2-20011219-2-2\/","alt":"","author":"2253","description":"","caption":"","name":"gmu-g2-chiara-lubich-ai-e-alle-gen2-20011219-2-2","status":"inherit","uploaded_to":332573,"date":"2026-02-11 08:44:14","modified":"2026-02-11 08:48:05","menu_order":0,"mime_type":"application\/pdf","type":"application","subtype":"pdf","icon":"https:\/\/generate.focolare.org\/wp-includes\/images\/media\/document.png"}},{"language":"en","file":{"ID":332431,"id":332431,"title":"GMU-G2-Chiara to the Gen 2 boys and girls-20011219","filename":"GMU-G2-Chiara-to-the-Gen-2-boys-and-girls-20011219-1.pdf","filesize":149511,"url":"https:\/\/generate.focolare.org\/wp-content\/uploads\/2026\/02\/GMU-G2-Chiara-to-the-Gen-2-boys-and-girls-20011219-1.pdf","link":"https:\/\/generate.focolare.org\/en\/content\/how-to-carry-forward-the-work-of-mary-in-the-future\/gmu-g2-chiara-to-the-gen-2-boys-and-girls-20011219-2-2\/","alt":"","author":"2253","description":"","caption":"","name":"gmu-g2-chiara-to-the-gen-2-boys-and-girls-20011219-2-2","status":"inherit","uploaded_to":332573,"date":"2026-02-11 08:44:31","modified":"2026-02-11 08:48:05","menu_order":0,"mime_type":"application\/pdf","type":"application","subtype":"pdf","icon":"https:\/\/generate.focolare.org\/wp-includes\/images\/media\/document.png"}},{"language":"es","file":{"ID":332452,"id":332452,"title":"GMU-G2-Chiara Lubich a los y las gen2-20011219","filename":"GMU-G2-Chiara-Lubich-a-los-y-las-gen2-20011219-1.pdf","filesize":153070,"url":"https:\/\/generate.focolare.org\/wp-content\/uploads\/2026\/02\/GMU-G2-Chiara-Lubich-a-los-y-las-gen2-20011219-1.pdf","link":"https:\/\/generate.focolare.org\/en\/content\/how-to-carry-forward-the-work-of-mary-in-the-future\/gmu-g2-chiara-lubich-a-los-y-las-gen2-20011219-2-2\/","alt":"","author":"2253","description":"","caption":"","name":"gmu-g2-chiara-lubich-a-los-y-las-gen2-20011219-2-2","status":"inherit","uploaded_to":332573,"date":"2026-02-11 08:44:51","modified":"2026-02-11 08:48:06","menu_order":0,"mime_type":"application\/pdf","type":"application","subtype":"pdf","icon":"https:\/\/generate.focolare.org\/wp-includes\/images\/media\/document.png"}},{"language":"fr","file":{"ID":332494,"id":332494,"title":"GMU-G2-Chiara rencontre les Gen 2-20011219","filename":"GMU-G2-Chiara-rencontre-les-Gen-2-20011219-1.pdf","filesize":153564,"url":"https:\/\/generate.focolare.org\/wp-content\/uploads\/2026\/02\/GMU-G2-Chiara-rencontre-les-Gen-2-20011219-1.pdf","link":"https:\/\/generate.focolare.org\/en\/content\/how-to-carry-forward-the-work-of-mary-in-the-future\/gmu-g2-chiara-rencontre-les-gen-2-20011219-2-2\/","alt":"","author":"2253","description":"","caption":"","name":"gmu-g2-chiara-rencontre-les-gen-2-20011219-2-2","status":"inherit","uploaded_to":332573,"date":"2026-02-11 08:45:13","modified":"2026-02-11 08:48:06","menu_order":0,"mime_type":"application\/pdf","type":"application","subtype":"pdf","icon":"https:\/\/generate.focolare.org\/wp-includes\/images\/media\/document.png"}},{"language":"pt-pt","file":{"ID":332515,"id":332515,"title":"GMU-G2-Chiara se encontra com os gen e as gen.-20011219","filename":"GMU-G2-Chiara-se-encontra-com-os-gen-e-as-gen.-20011219.pdf","filesize":148648,"url":"https:\/\/generate.focolare.org\/wp-content\/uploads\/2026\/02\/GMU-G2-Chiara-se-encontra-com-os-gen-e-as-gen.-20011219.pdf","link":"https:\/\/generate.focolare.org\/en\/content\/how-to-carry-forward-the-work-of-mary-in-the-future\/gmu-g2-chiara-se-encontra-com-os-gen-e-as-gen-20011219-2-2\/","alt":"","author":"2253","description":"","caption":"","name":"gmu-g2-chiara-se-encontra-com-os-gen-e-as-gen-20011219-2-2","status":"inherit","uploaded_to":332573,"date":"2026-02-11 08:45:29","modified":"2026-02-11 08:48:07","menu_order":0,"mime_type":"application\/pdf","type":"application","subtype":"pdf","icon":"https:\/\/generate.focolare.org\/wp-includes\/images\/media\/document.png"}},{"language":"de","file":{"ID":332536,"id":332536,"title":"GMU-G2-Chiara incontra i e le Gen 2-ted-20011219","filename":"GMU-G2-Chiara-incontra-i-e-le-Gen-2-ted-20011219-1.pdf","filesize":151675,"url":"https:\/\/generate.focolare.org\/wp-content\/uploads\/2026\/02\/GMU-G2-Chiara-incontra-i-e-le-Gen-2-ted-20011219-1.pdf","link":"https:\/\/generate.focolare.org\/en\/content\/how-to-carry-forward-the-work-of-mary-in-the-future\/gmu-g2-chiara-incontra-i-e-le-gen-2-ted-20011219-2-2\/","alt":"","author":"2253","description":"","caption":"","name":"gmu-g2-chiara-incontra-i-e-le-gen-2-ted-20011219-2-2","status":"inherit","uploaded_to":332573,"date":"2026-02-11 08:45:48","modified":"2026-02-11 08:48:07","menu_order":0,"mime_type":"application\/pdf","type":"application","subtype":"pdf","icon":"https:\/\/generate.focolare.org\/wp-includes\/images\/media\/document.png"}}]},"headers":[],"status":200}},{"content":{"data":{"id":333044,"date":"2003-12-20","date_gmt":"2026-02-11T10:25:44","guid":{"rendered":"https:\/\/generate.focolare.org\/?post_type=content&#038;p=333044"},"modified":"2026-02-11T11:25:52","modified_gmt":"2026-02-11T10:25:52","slug":"the-statutes-the-identity-card-of-the-work-of-mary","status":"publish","type":"content","link":"https:\/\/generate.focolare.org\/en\/content\/the-statutes-the-identity-card-of-the-work-of-mary\/","title":{"rendered":"The Statutes: the Identity Card of the Work of Mary"},"excerpt":{"rendered":"<p>Chiara welcomes the Gen2 from 64 nations, recalling the intuition of the \u201cMilky Way\u201d that foretold their birth. She then responds to a question about the Statutes, explaining that they are the identity card of the Work: they define the nature, purpose, spirit, and structure of the Focolare Movement; therefore, they are precious and should be loved, just as a mother loves her own child.<\/p>\n","protected":false},"featured_media":333023,"comment_status":"closed","ping_status":"closed","template":"","tags":[20644,8263],"contributor":[8424],"location":[8334],"audience":[3936],"class_list":["post-333044","content","type-content","status-publish","has-post-thumbnail","hentry","tag-general-statues","tag-statutes","contributor-lubich-chiara","location-castel-gandolfo","audience-gen-2"],"featured_media_url":{"thumbnail":"https:\/\/generate.focolare.org\/wp-content\/uploads\/2026\/02\/6-150x150.png","medium":"https:\/\/generate.focolare.org\/wp-content\/uploads\/2026\/02\/6-300x240.png","medium_large":"https:\/\/generate.focolare.org\/wp-content\/uploads\/2026\/02\/6.png","large":"https:\/\/generate.focolare.org\/wp-content\/uploads\/2026\/02\/6.png","1536x1536":"https:\/\/generate.focolare.org\/wp-content\/uploads\/2026\/02\/6.png","2048x2048":"https:\/\/generate.focolare.org\/wp-content\/uploads\/2026\/02\/6.png","banner":"https:\/\/generate.focolare.org\/wp-content\/uploads\/2026\/02\/6.png","preview":"https:\/\/generate.focolare.org\/wp-content\/uploads\/2026\/02\/6-500x400.png","profile_24":"https:\/\/generate.focolare.org\/wp-content\/uploads\/2026\/02\/6-24x24.png","profile_48":"https:\/\/generate.focolare.org\/wp-content\/uploads\/2026\/02\/6-48x48.png","profile_96":"https:\/\/generate.focolare.org\/wp-content\/uploads\/2026\/02\/6-96x96.png","profile_150":"https:\/\/generate.focolare.org\/wp-content\/uploads\/2026\/02\/6-150x150.png","profile_300":"https:\/\/generate.focolare.org\/wp-content\/uploads\/2026\/02\/6-300x300.png"},"related":[6997,80084,329489,80132,332573,59134],"wpml_current_locale":"en_US","wpml_translations":[{"locale":"it_IT","id":332662,"post_title":"Gli Statuti: la Carta d\u2019Identit\u00e0 dell\u2019Opera di Maria","href":"https:\/\/generate.focolare.org\/it\/gli-statuti-la-carta-didentita-dellopera-di-maria\/"},{"locale":"fr_FR","id":333046,"post_title":"Les Statuts : la Carte d\u2019Identit\u00e9 de l\u2019\u0152uvre de Marie","href":"https:\/\/generate.focolare.org\/fr\/les-statuts-la-carte-didentite-de-loeuvre-de-marie\/"},{"locale":"es_ES","id":333045,"post_title":"Los Estatutos: la Carta de Identidad de la Obra de Mar\u00eda","href":"https:\/\/generate.focolare.org\/es\/los-estatutos-la-carta-de-identidad-de-la-obra-de-maria\/"},{"locale":"pt_PT","id":333047,"post_title":"Os Estatutos: a Carteira de Identidade da Obra de Maria","href":"https:\/\/generate.focolare.org\/pt-pt\/os-estatutos-a-carteira-de-identidade-da-obra-de-maria\/"}],"format":"video","restrict_roles":null,"link_to_transcription":true,"source":{"ID":332670,"id":332670,"title":"20:12:2003","filename":"20122003.mp4","filesize":730349447,"url":"https:\/\/generate.focolare.org\/wp-content\/uploads\/2026\/02\/20122003.mp4.hsl\/index.m3u8","link":"https:\/\/generate.focolare.org\/en\/20122003-2\/","alt":"","author":"2253","description":"","caption":"","name":"20122003-2","status":"inherit","uploaded_to":0,"date":"2026-02-11 09:00:25","modified":"2026-02-11 09:00:25","menu_order":0,"mime_type":"application\/x-mpegURL","type":"video","subtype":"mp4","icon":"https:\/\/generate.focolare.org\/wp-includes\/images\/media\/video.png","width":1280,"height":720},"length":"8","transcriptions":[{"language":"it","file":{"ID":332777,"id":332777,"title":"GMU-G2-Chiara Lubich-Chiara all'incontro dei e delle gen2-20031220","filename":"GMU-G2-Chiara-Lubich-Chiara-allincontro-dei-e-delle-gen2-20031220.pdf","filesize":148073,"url":"https:\/\/generate.focolare.org\/wp-content\/uploads\/2026\/02\/GMU-G2-Chiara-Lubich-Chiara-allincontro-dei-e-delle-gen2-20031220.pdf","link":"https:\/\/generate.focolare.org\/en\/content\/the-statutes-the-identity-card-of-the-work-of-mary\/gmu-g2-chiara-lubich-chiara-allincontro-dei-e-delle-gen2-20031220-2\/","alt":"","author":"2253","description":"","caption":"","name":"gmu-g2-chiara-lubich-chiara-allincontro-dei-e-delle-gen2-20031220-2","status":"inherit","uploaded_to":333044,"date":"2026-02-11 10:08:49","modified":"2026-02-11 10:25:52","menu_order":0,"mime_type":"application\/pdf","type":"application","subtype":"pdf","icon":"https:\/\/generate.focolare.org\/wp-includes\/images\/media\/document.png"}},{"language":"en","file":{"ID":332798,"id":332798,"title":"GMU-G2-Chiara Lubich-Chiara to the meeting of the Gen 2 boys and girls-20031220","filename":"GMU-G2-Chiara-Lubich-Chiara-to-the-meeting-of-the-Gen-2-boys-and-girls-20031220.pdf","filesize":171458,"url":"https:\/\/generate.focolare.org\/wp-content\/uploads\/2026\/02\/GMU-G2-Chiara-Lubich-Chiara-to-the-meeting-of-the-Gen-2-boys-and-girls-20031220.pdf","link":"https:\/\/generate.focolare.org\/en\/content\/the-statutes-the-identity-card-of-the-work-of-mary\/gmu-g2-chiara-lubich-chiara-to-the-meeting-of-the-gen-2-boys-and-girls-20031220-2\/","alt":"","author":"2253","description":"","caption":"","name":"gmu-g2-chiara-lubich-chiara-to-the-meeting-of-the-gen-2-boys-and-girls-20031220-2","status":"inherit","uploaded_to":333044,"date":"2026-02-11 10:11:45","modified":"2026-02-11 10:25:53","menu_order":0,"mime_type":"application\/pdf","type":"application","subtype":"pdf","icon":"https:\/\/generate.focolare.org\/wp-includes\/images\/media\/document.png"}},{"language":"es","file":{"ID":332882,"id":332882,"title":"GMU-G2-Chiara Lubich-Chiara en el encuentro con los gen 2 -20031222","filename":"GMU-G2-Chiara-Lubich-Chiara-en-el-encuentro-con-los-gen-2-20031222.pdf","filesize":133090,"url":"https:\/\/generate.focolare.org\/wp-content\/uploads\/2026\/02\/GMU-G2-Chiara-Lubich-Chiara-en-el-encuentro-con-los-gen-2-20031222.pdf","link":"https:\/\/generate.focolare.org\/en\/content\/the-statutes-the-identity-card-of-the-work-of-mary\/gmu-g2-chiara-lubich-chiara-en-el-encuentro-con-los-gen-2-20031222-2\/","alt":"","author":"2253","description":"","caption":"","name":"gmu-g2-chiara-lubich-chiara-en-el-encuentro-con-los-gen-2-20031222-2","status":"inherit","uploaded_to":333044,"date":"2026-02-11 10:18:38","modified":"2026-02-11 10:25:53","menu_order":0,"mime_type":"application\/pdf","type":"application","subtype":"pdf","icon":"https:\/\/generate.focolare.org\/wp-includes\/images\/media\/document.png"}},{"language":"fr","file":{"ID":332903,"id":332903,"title":"GMU-G2-Chiara r\u00e9pond \u00e0 quatre questions-20031220","filename":"GMU-G2-Chiara-repond-a-quatre-questions-20031220.pdf","filesize":133664,"url":"https:\/\/generate.focolare.org\/wp-content\/uploads\/2026\/02\/GMU-G2-Chiara-repond-a-quatre-questions-20031220.pdf","link":"https:\/\/generate.focolare.org\/en\/content\/the-statutes-the-identity-card-of-the-work-of-mary\/gmu-g2-chiara-repond-a-quatre-questions-20031220-2\/","alt":"","author":"2253","description":"","caption":"","name":"gmu-g2-chiara-repond-a-quatre-questions-20031220-2","status":"inherit","uploaded_to":333044,"date":"2026-02-11 10:19:34","modified":"2026-02-11 10:25:54","menu_order":0,"mime_type":"application\/pdf","type":"application","subtype":"pdf","icon":"https:\/\/generate.focolare.org\/wp-includes\/images\/media\/document.png"}},{"language":"pt-pt","file":{"ID":332924,"id":332924,"title":"GMU-G2-Congresso anual dos gen-20031220","filename":"GMU-G2-Congresso-anual-dos-gen-20031220-1.pdf","filesize":141324,"url":"https:\/\/generate.focolare.org\/wp-content\/uploads\/2026\/02\/GMU-G2-Congresso-anual-dos-gen-20031220-1.pdf","link":"https:\/\/generate.focolare.org\/en\/content\/the-statutes-the-identity-card-of-the-work-of-mary\/gmu-g2-congresso-anual-dos-gen-20031220-2-2\/","alt":"","author":"2253","description":"","caption":"","name":"gmu-g2-congresso-anual-dos-gen-20031220-2-2","status":"inherit","uploaded_to":333044,"date":"2026-02-11 10:19:58","modified":"2026-02-11 10:25:54","menu_order":0,"mime_type":"application\/pdf","type":"application","subtype":"pdf","icon":"https:\/\/generate.focolare.org\/wp-includes\/images\/media\/document.png"}},{"language":"de","file":{"ID":332945,"id":332945,"title":"GMU-G2- Chiara beim Treffen der Gen 2-20031220","filename":"GMU-G2-Chiara-beim-Treffen-der-Gen-2-20031220.pdf","filesize":151288,"url":"https:\/\/generate.focolare.org\/wp-content\/uploads\/2026\/02\/GMU-G2-Chiara-beim-Treffen-der-Gen-2-20031220.pdf","link":"https:\/\/generate.focolare.org\/en\/content\/the-statutes-the-identity-card-of-the-work-of-mary\/gmu-g2-chiara-beim-treffen-der-gen-2-20031220-2\/","alt":"","author":"2253","description":"","caption":"","name":"gmu-g2-chiara-beim-treffen-der-gen-2-20031220-2","status":"inherit","uploaded_to":333044,"date":"2026-02-11 10:20:58","modified":"2026-02-11 10:25:54","menu_order":0,"mime_type":"application\/pdf","type":"application","subtype":"pdf","icon":"https:\/\/generate.focolare.org\/wp-includes\/images\/media\/document.png"}},{"language":"pl","file":{"ID":332966,"id":332966,"title":"GMU-G2- Chiara na temat statut\u00f3w do gen 2 pyt-20031220","filename":"GMU-G2-Chiara-na-temat-statutow-do-gen-2-pyt-20031220.pdf","filesize":136478,"url":"https:\/\/generate.focolare.org\/wp-content\/uploads\/2026\/02\/GMU-G2-Chiara-na-temat-statutow-do-gen-2-pyt-20031220.pdf","link":"https:\/\/generate.focolare.org\/en\/content\/the-statutes-the-identity-card-of-the-work-of-mary\/gmu-g2-chiara-na-temat-statutow-do-gen-2-pyt-20031220-2\/","alt":"","author":"2253","description":"","caption":"","name":"gmu-g2-chiara-na-temat-statutow-do-gen-2-pyt-20031220-2","status":"inherit","uploaded_to":333044,"date":"2026-02-11 10:21:24","modified":"2026-02-11 10:25:55","menu_order":0,"mime_type":"application\/pdf","type":"application","subtype":"pdf","icon":"https:\/\/generate.focolare.org\/wp-includes\/images\/media\/document.png"}},{"language":"ar","file":{"ID":332987,"id":332987,"title":"GMU-G2- \u0643\u064a\u0627\u0631\u0627 \u0641\u064a \u0644\u0642\u0627\u0621 \u0627\u0644\u062f\u062c\u0646 \u0627\u0644\u0634\u0628\u0627\u0628 \u0648\u0627\u0644\u0628\u0646\u0627\u062a-20031220","filename":"GMU-G2-\u0643\u064a\u0627\u0631\u0627-\u0641\u064a-\u0644\u0642\u0627\u0621-\u0627\u0644\u062f\u062c\u0646-\u0627\u0644\u0634\u0628\u0627\u0628-\u0648\u0627\u0644\u0628\u0646\u0627\u062a-20031220.pdf","filesize":158617,"url":"https:\/\/generate.focolare.org\/wp-content\/uploads\/2026\/02\/GMU-G2-\u0643\u064a\u0627\u0631\u0627-\u0641\u064a-\u0644\u0642\u0627\u0621-\u0627\u0644\u062f\u062c\u0646-\u0627\u0644\u0634\u0628\u0627\u0628-\u0648\u0627\u0644\u0628\u0646\u0627\u062a-20031220.pdf","link":"https:\/\/generate.focolare.org\/en\/content\/the-statutes-the-identity-card-of-the-work-of-mary\/gmu-g2-%d9%83%d9%8a%d8%a7%d8%b1%d8%a7-%d9%81%d9%8a-%d9%84%d9%82%d8%a7%d8%a1-%d8%a7%d9%84%d8%af%d8%ac%d9%86-%d8%a7%d9%84%d8%b4%d8%a8%d8%a7%d8%a8-%d9%88%d8%a7%d9%84%d8%a8%d9%86%d8%a7%d8%aa-20031220-2\/","alt":"","author":"2253","description":"","caption":"","name":"gmu-g2-%d9%83%d9%8a%d8%a7%d8%b1%d8%a7-%d9%81%d9%8a-%d9%84%d9%82%d8%a7%d8%a1-%d8%a7%d9%84%d8%af%d8%ac%d9%86-%d8%a7%d9%84%d8%b4%d8%a8%d8%a7%d8%a8-%d9%88%d8%a7%d9%84%d8%a8%d9%86%d8%a7%d8%aa-20031220-2","status":"inherit","uploaded_to":333044,"date":"2026-02-11 10:21:37","modified":"2026-02-11 10:25:55","menu_order":0,"mime_type":"application\/pdf","type":"application","subtype":"pdf","icon":"https:\/\/generate.focolare.org\/wp-includes\/images\/media\/document.png"}},{"language":"ko","file":{"ID":333008,"id":333008,"title":"GMU-G2- \uc820 2 \ub0a8\ub140 \ub300\ud68c\uc5d0\uc11c\uc758 \ub07c\uc544\ub77c-20031220","filename":"GMU-G2-\uc820-2-\ub0a8\ub140-\ub300\ud68c\uc5d0\uc11c\uc758-\ub07c\uc544\ub77c-20031220.pdf","filesize":261171,"url":"https:\/\/generate.focolare.org\/wp-content\/uploads\/2026\/02\/GMU-G2-\uc820-2-\ub0a8\ub140-\ub300\ud68c\uc5d0\uc11c\uc758-\ub07c\uc544\ub77c-20031220.pdf","link":"https:\/\/generate.focolare.org\/en\/content\/the-statutes-the-identity-card-of-the-work-of-mary\/gmu-g2-%ec%a0%a0-2-%eb%82%a8%eb%85%80-%eb%8c%80%ed%9a%8c%ec%97%90%ec%84%9c%ec%9d%98-%eb%81%bc%ec%95%84%eb%9d%bc-20031220-2\/","alt":"","author":"2253","description":"","caption":"","name":"gmu-g2-%ec%a0%a0-2-%eb%82%a8%eb%85%80-%eb%8c%80%ed%9a%8c%ec%97%90%ec%84%9c%ec%9d%98-%eb%81%bc%ec%95%84%eb%9d%bc-20031220-2","status":"inherit","uploaded_to":333044,"date":"2026-02-11 10:21:58","modified":"2026-02-11 10:25:56","menu_order":0,"mime_type":"application\/pdf","type":"application","subtype":"pdf","icon":"https:\/\/generate.focolare.org\/wp-includes\/images\/media\/document.png"}}]},"headers":[],"status":200}},{"content":{"data":{"id":333301,"date":"1991-12-22","date_gmt":"2026-02-13T10:37:41","guid":{"rendered":"https:\/\/generate.focolare.org\/?post_type=content&#038;p=333301"},"modified":"2026-02-13T11:40:04","modified_gmt":"2026-02-13T10:40:04","slug":"the-statutes-the-identity-card-of-the-work-of-mary-2","status":"publish","type":"content","link":"https:\/\/generate.focolare.org\/en\/content\/the-statutes-the-identity-card-of-the-work-of-mary-2\/","title":{"rendered":"The Gen2 Regulation: Life and Identity"},"excerpt":{"rendered":"<p>Chiara speaks to the Gen2 about the profound meaning of their Regulation: not a set of constraining rules, but a synthesis of years of life and inspirations of the Holy Spirit. She explains that, like the Statute of the Work of Mary, the Regulation also arises from the living experience of the Gen and serves to free, guide, and sustain their vocation.<\/p>\n","protected":false},"featured_media":333070,"comment_status":"closed","ping_status":"closed","template":"","tags":[20644,8263],"contributor":[8424],"location":[8334],"audience":[3936],"class_list":["post-333301","content","type-content","status-publish","has-post-thumbnail","hentry","tag-general-statues","tag-statutes","contributor-lubich-chiara","location-castel-gandolfo","audience-gen-2"],"featured_media_url":{"thumbnail":"https:\/\/generate.focolare.org\/wp-content\/uploads\/2026\/02\/7-150x150.png","medium":"https:\/\/generate.focolare.org\/wp-content\/uploads\/2026\/02\/7-300x240.png","medium_large":"https:\/\/generate.focolare.org\/wp-content\/uploads\/2026\/02\/7.png","large":"https:\/\/generate.focolare.org\/wp-content\/uploads\/2026\/02\/7.png","1536x1536":"https:\/\/generate.focolare.org\/wp-content\/uploads\/2026\/02\/7.png","2048x2048":"https:\/\/generate.focolare.org\/wp-content\/uploads\/2026\/02\/7.png","banner":"https:\/\/generate.focolare.org\/wp-content\/uploads\/2026\/02\/7.png","preview":"https:\/\/generate.focolare.org\/wp-content\/uploads\/2026\/02\/7-500x400.png","profile_24":"https:\/\/generate.focolare.org\/wp-content\/uploads\/2026\/02\/7-24x24.png","profile_48":"https:\/\/generate.focolare.org\/wp-content\/uploads\/2026\/02\/7-48x48.png","profile_96":"https:\/\/generate.focolare.org\/wp-content\/uploads\/2026\/02\/7-96x96.png","profile_150":"https:\/\/generate.focolare.org\/wp-content\/uploads\/2026\/02\/7-150x150.png","profile_300":"https:\/\/generate.focolare.org\/wp-content\/uploads\/2026\/02\/7-300x300.png"},"related":[80329,333044,311776,314249,315266,315523],"wpml_current_locale":"en_US","wpml_translations":[{"locale":"it_IT","id":333048,"post_title":"Il Regolamento Gen2: Vita e Identit\u00e0","href":"https:\/\/generate.focolare.org\/it\/il-regolamento-gen2-vita-e-identita\/"},{"locale":"fr_FR","id":333763,"post_title":"Le R\u00e8glement Gen2 : Vie et Identit\u00e9","href":"https:\/\/generate.focolare.org\/fr\/le-reglement-gen2-vie-et-identite\/"},{"locale":"es_ES","id":333502,"post_title":"El Reglamento Gen2: Vida e Identidad","href":"https:\/\/generate.focolare.org\/es\/el-reglamento-gen2-vida-e-identidad\/"},{"locale":"pt_PT","id":333588,"post_title":"O Regulamento Gen2: Vida e Identidade","href":"https:\/\/generate.focolare.org\/pt-pt\/o-regulamento-gen2-vida-e-identidade\/"},{"locale":"nl_NL","id":333545,"post_title":"Het Gen2-Reglement: Leven en Identiteit","href":"https:\/\/generate.focolare.org\/nl\/le-reglement-gen2-vie-et-identite\/"},{"locale":"de_DE","id":333785,"post_title":"Die Gen2-Ordnung: Leben und Identit\u00e4t","href":"https:\/\/generate.focolare.org\/de\/die-gen2-ordnung-leben-und-identitaet\/"},{"locale":"sk_SK","id":333828,"post_title":"Regulament Gen2: \u017divot a Identita","href":"https:\/\/generate.focolare.org\/sk\/regulament-gen2-zivot-a-identita\/"},{"locale":"sl_SI","id":333871,"post_title":"Pravilnik Gen2: \u017divljenje in Identiteta","href":"https:\/\/generate.focolare.org\/sl\/pravilnik-gen2-zivljenje-in-identiteta\/"}],"format":"video","length":"5","transcriptions":[{"language":"it","file":{"ID":333097,"id":333097,"title":"GMU-G2-Chiara Lubich al Mega-congresso delle gen 2-19911222","filename":"GMU-G2-Chiara-Lubich-al-Mega-congresso-delle-gen-2-19911222.pdf","filesize":112084,"url":"https:\/\/generate.focolare.org\/wp-content\/uploads\/2026\/02\/GMU-G2-Chiara-Lubich-al-Mega-congresso-delle-gen-2-19911222.pdf","link":"https:\/\/generate.focolare.org\/en\/content\/the-statutes-the-identity-card-of-the-work-of-mary-2\/gmu-g2-chiara-lubich-al-mega-congresso-delle-gen-2-19911222-2\/","alt":"","author":"2253","description":"","caption":"","name":"gmu-g2-chiara-lubich-al-mega-congresso-delle-gen-2-19911222-2","status":"inherit","uploaded_to":333301,"date":"2026-02-11 12:40:39","modified":"2026-02-13 10:37:42","menu_order":0,"mime_type":"application\/pdf","type":"application","subtype":"pdf","icon":"https:\/\/generate.focolare.org\/wp-includes\/images\/media\/document.png"}},{"language":"en","file":{"ID":333118,"id":333118,"title":"GMU-G2-Chiara to the Mega-Congress of the Gen 2 girls-19911222","filename":"GMU-G2-Chiara-to-the-Mega-Congress-of-the-Gen-2-girls-19911222.pdf","filesize":113725,"url":"https:\/\/generate.focolare.org\/wp-content\/uploads\/2026\/02\/GMU-G2-Chiara-to-the-Mega-Congress-of-the-Gen-2-girls-19911222.pdf","link":"https:\/\/generate.focolare.org\/en\/content\/the-statutes-the-identity-card-of-the-work-of-mary-2\/gmu-g2-chiara-to-the-mega-congress-of-the-gen-2-girls-19911222-2\/","alt":"","author":"2253","description":"","caption":"","name":"gmu-g2-chiara-to-the-mega-congress-of-the-gen-2-girls-19911222-2","status":"inherit","uploaded_to":333301,"date":"2026-02-11 12:41:00","modified":"2026-02-13 10:37:42","menu_order":0,"mime_type":"application\/pdf","type":"application","subtype":"pdf","icon":"https:\/\/generate.focolare.org\/wp-includes\/images\/media\/document.png"}},{"language":"es","file":{"ID":333139,"id":333139,"title":"GMU-G2-Chiara al Megacongreso de las gen 2-19911222","filename":"GMU-G2-Chiara-al-Megacongreso-de-las-gen-2-19911222.pdf","filesize":113241,"url":"https:\/\/generate.focolare.org\/wp-content\/uploads\/2026\/02\/GMU-G2-Chiara-al-Megacongreso-de-las-gen-2-19911222.pdf","link":"https:\/\/generate.focolare.org\/en\/content\/the-statutes-the-identity-card-of-the-work-of-mary-2\/gmu-g2-chiara-al-megacongreso-de-las-gen-2-19911222-2\/","alt":"","author":"2253","description":"","caption":"","name":"gmu-g2-chiara-al-megacongreso-de-las-gen-2-19911222-2","status":"inherit","uploaded_to":333301,"date":"2026-02-11 12:41:19","modified":"2026-02-13 10:37:43","menu_order":0,"mime_type":"application\/pdf","type":"application","subtype":"pdf","icon":"https:\/\/generate.focolare.org\/wp-includes\/images\/media\/document.png"}},{"language":"fr","file":{"ID":333181,"id":333181,"title":"GMU-G2-CHIARA AU MEGACONGRES DES GEN 2 FILLES-19911222","filename":"GMU-G2-CHIARA-AU-MEGACONGRES-DES-GEN-2-FILLES-19911222.pdf","filesize":114805,"url":"https:\/\/generate.focolare.org\/wp-content\/uploads\/2026\/02\/GMU-G2-CHIARA-AU-MEGACONGRES-DES-GEN-2-FILLES-19911222.pdf","link":"https:\/\/generate.focolare.org\/en\/content\/the-statutes-the-identity-card-of-the-work-of-mary-2\/gmu-g2-chiara-au-megacongres-des-gen-2-filles-19911222-2\/","alt":"","author":"2253","description":"","caption":"","name":"gmu-g2-chiara-au-megacongres-des-gen-2-filles-19911222-2","status":"inherit","uploaded_to":333301,"date":"2026-02-11 12:43:43","modified":"2026-02-13 10:37:43","menu_order":0,"mime_type":"application\/pdf","type":"application","subtype":"pdf","icon":"https:\/\/generate.focolare.org\/wp-includes\/images\/media\/document.png"}},{"language":"pt-pt","file":{"ID":333202,"id":333202,"title":"GMU-G2-Chiara ao mega-congresso das gen 2-19911222","filename":"GMU-G2-Chiara-ao-mega-congresso-das-gen-2-19911222.pdf","filesize":113562,"url":"https:\/\/generate.focolare.org\/wp-content\/uploads\/2026\/02\/GMU-G2-Chiara-ao-mega-congresso-das-gen-2-19911222.pdf","link":"https:\/\/generate.focolare.org\/en\/content\/the-statutes-the-identity-card-of-the-work-of-mary-2\/gmu-g2-chiara-ao-mega-congresso-das-gen-2-19911222-2\/","alt":"","author":"2253","description":"","caption":"","name":"gmu-g2-chiara-ao-mega-congresso-das-gen-2-19911222-2","status":"inherit","uploaded_to":333301,"date":"2026-02-11 12:44:38","modified":"2026-02-13 10:37:44","menu_order":0,"mime_type":"application\/pdf","type":"application","subtype":"pdf","icon":"https:\/\/generate.focolare.org\/wp-includes\/images\/media\/document.png"}},{"language":"sl","file":{"ID":333160,"id":333160,"title":"GMU-G2-Chiara na Megakongresu gen 2-19911222","filename":"GMU-G2-Chiara-na-Megakongresu-gen-2-19911222.pdf","filesize":135873,"url":"https:\/\/generate.focolare.org\/wp-content\/uploads\/2026\/02\/GMU-G2-Chiara-na-Megakongresu-gen-2-19911222.pdf","link":"https:\/\/generate.focolare.org\/en\/content\/the-statutes-the-identity-card-of-the-work-of-mary-2\/gmu-g2-chiara-na-megakongresu-gen-2-19911222-2\/","alt":"","author":"2253","description":"","caption":"","name":"gmu-g2-chiara-na-megakongresu-gen-2-19911222-2","status":"inherit","uploaded_to":333301,"date":"2026-02-11 12:42:57","modified":"2026-02-13 10:37:43","menu_order":0,"mime_type":"application\/pdf","type":"application","subtype":"pdf","icon":"https:\/\/generate.focolare.org\/wp-includes\/images\/media\/document.png"}},{"language":"ar","file":{"ID":333223,"id":333223,"title":"GMU-G2-\u0643\u064a\u0627\u0631\u0627 \u0644\u0648\u0628\u064a\u0643 \u0625\u0644\u0649 \u0627\u0644\u062c\u0650\u0646\u0651 2-19911222","filename":"GMU-G2-\u0643\u064a\u0627\u0631\u0627-\u0644\u0648\u0628\u064a\u0643-\u0625\u0644\u0649-\u0627\u0644\u062c\u0650\u0646\u0651-2-19911222.pdf","filesize":168961,"url":"https:\/\/generate.focolare.org\/wp-content\/uploads\/2026\/02\/GMU-G2-\u0643\u064a\u0627\u0631\u0627-\u0644\u0648\u0628\u064a\u0643-\u0625\u0644\u0649-\u0627\u0644\u062c\u0650\u0646\u0651-2-19911222.pdf","link":"https:\/\/generate.focolare.org\/en\/content\/the-statutes-the-identity-card-of-the-work-of-mary-2\/gmu-g2-%d9%83%d9%8a%d8%a7%d8%b1%d8%a7-%d9%84%d9%88%d8%a8%d9%8a%d9%83-%d8%a5%d9%84%d9%89-%d8%a7%d9%84%d8%ac%d9%90%d9%86%d9%91-2-19911222-2\/","alt":"","author":"2253","description":"","caption":"","name":"gmu-g2-%d9%83%d9%8a%d8%a7%d8%b1%d8%a7-%d9%84%d9%88%d8%a8%d9%8a%d9%83-%d8%a5%d9%84%d9%89-%d8%a7%d9%84%d8%ac%d9%90%d9%86%d9%91-2-19911222-2","status":"inherit","uploaded_to":333301,"date":"2026-02-11 12:44:54","modified":"2026-02-13 10:37:44","menu_order":0,"mime_type":"application\/pdf","type":"application","subtype":"pdf","icon":"https:\/\/generate.focolare.org\/wp-includes\/images\/media\/document.png"}},{"language":"zh-hant","file":{"ID":333244,"id":333244,"title":"GMU-G2-\u65b0\u9752\u7684\u8056\u53ec 19911222","filename":"GMU-G2-\u65b0\u9752\u7684\u8056\u53ec-19911222.pdf","filesize":181249,"url":"https:\/\/generate.focolare.org\/wp-content\/uploads\/2026\/02\/GMU-G2-\u65b0\u9752\u7684\u8056\u53ec-19911222.pdf","link":"https:\/\/generate.focolare.org\/en\/content\/the-statutes-the-identity-card-of-the-work-of-mary-2\/gmu-g2-%e6%96%b0%e9%9d%92%e7%9a%84%e8%81%96%e5%8f%ac-19911222-2\/","alt":"","author":"2253","description":"","caption":"","name":"gmu-g2-%e6%96%b0%e9%9d%92%e7%9a%84%e8%81%96%e5%8f%ac-19911222-2","status":"inherit","uploaded_to":333301,"date":"2026-02-11 12:45:10","modified":"2026-02-13 10:37:45","menu_order":0,"mime_type":"application\/pdf","type":"application","subtype":"pdf","icon":"https:\/\/generate.focolare.org\/wp-includes\/images\/media\/document.png"}},{"language":"sk","file":{"ID":333265,"id":333265,"title":"GMU-G2-Megakongres diev\u010dat gen 2-slovacco-19911222","filename":"GMU-G2-Megakongres-dievcat-gen-2-slovacco-19911222.pdf","filesize":110696,"url":"https:\/\/generate.focolare.org\/wp-content\/uploads\/2026\/02\/GMU-G2-Megakongres-dievcat-gen-2-slovacco-19911222.pdf","link":"https:\/\/generate.focolare.org\/en\/content\/the-statutes-the-identity-card-of-the-work-of-mary-2\/gmu-g2-megakongres-dievcat-gen-2-slovacco-19911222-2\/","alt":"","author":"2253","description":"","caption":"","name":"gmu-g2-megakongres-dievcat-gen-2-slovacco-19911222-2","status":"inherit","uploaded_to":333301,"date":"2026-02-11 12:47:43","modified":"2026-02-13 10:37:45","menu_order":0,"mime_type":"application\/pdf","type":"application","subtype":"pdf","icon":"https:\/\/generate.focolare.org\/wp-includes\/images\/media\/document.png"}},{"language":"nl","file":{"ID":333286,"id":333286,"title":"GMU-G2- Chiara op het Megacongres van de Gen 2- 19911222","filename":"GMU-G2-Chiara-op-het-Megacongres-van-de-Gen-2-19911222.pdf","filesize":113012,"url":"https:\/\/generate.focolare.org\/wp-content\/uploads\/2026\/02\/GMU-G2-Chiara-op-het-Megacongres-van-de-Gen-2-19911222.pdf","link":"https:\/\/generate.focolare.org\/en\/content\/the-statutes-the-identity-card-of-the-work-of-mary-2\/gmu-g2-chiara-op-het-megacongres-van-de-gen-2-19911222-2\/","alt":"","author":"2253","description":"","caption":"","name":"gmu-g2-chiara-op-het-megacongres-van-de-gen-2-19911222-2","status":"inherit","uploaded_to":333301,"date":"2026-02-11 12:48:29","modified":"2026-02-13 10:37:46","menu_order":0,"mime_type":"application\/pdf","type":"application","subtype":"pdf","icon":"https:\/\/generate.focolare.org\/wp-includes\/images\/media\/document.png"}}],"restrict_roles":null,"link_to_transcription":null,"source":{"ID":333302,"id":333302,"title":"en","filename":"en-1.mp4","filesize":398360085,"url":"https:\/\/generate.focolare.org\/wp-content\/uploads\/2026\/02\/en-1.mp4.hsl\/index.m3u8","link":"https:\/\/generate.focolare.org\/en\/content\/the-statutes-the-identity-card-of-the-work-of-mary-2\/en-66\/","alt":"","author":"2253","description":"","caption":"","name":"en-66","status":"inherit","uploaded_to":333301,"date":"2026-02-11 12:53:32","modified":"2026-02-11 12:53:32","menu_order":0,"mime_type":"application\/x-mpegURL","type":"video","subtype":"mp4","icon":"https:\/\/generate.focolare.org\/wp-includes\/images\/media\/video.png","width":1280,"height":720}},"headers":[],"status":200}},{"content":{"data":{"id":334126,"date":"1999-11-27","date_gmt":"2026-02-13T13:51:29","guid":{"rendered":"https:\/\/generate.focolare.org\/?post_type=content&#038;p=334126"},"modified":"2026-02-13T16:08:22","modified_gmt":"2026-02-13T15:08:22","slug":"the-seven-colors-concrete-love","status":"publish","type":"content","link":"https:\/\/generate.focolare.org\/en\/content\/the-seven-colors-concrete-love\/","title":{"rendered":"The Seven Colors: Concrete Love"},"excerpt":{"rendered":"<p>Chiara responds to a Muslim Gen2, explaining how, in 1954, she intuited the seven colors of the rainbow: love lived out produced many effects \u2014communion, light, union with God, wisdom\u2014 just like light refracting into seven colors. This intuition became the foundation of the Statutes of the entire Movement.<\/p>\n","protected":false},"featured_media":334105,"comment_status":"closed","ping_status":"closed","template":"","tags":[20644,8263],"contributor":[8424],"location":[20671,20670],"audience":[3936,8396],"class_list":["post-334126","content","type-content","status-publish","has-post-thumbnail","hentry","tag-general-statues","tag-statutes","contributor-lubich-chiara","location-amman-2","location-middle-east","audience-gen-2","audience-internal-memebers"],"featured_media_url":{"thumbnail":"https:\/\/generate.focolare.org\/wp-content\/uploads\/2026\/02\/8-150x150.png","medium":"https:\/\/generate.focolare.org\/wp-content\/uploads\/2026\/02\/8-300x240.png","medium_large":"https:\/\/generate.focolare.org\/wp-content\/uploads\/2026\/02\/8.png","large":"https:\/\/generate.focolare.org\/wp-content\/uploads\/2026\/02\/8.png","1536x1536":"https:\/\/generate.focolare.org\/wp-content\/uploads\/2026\/02\/8.png","2048x2048":"https:\/\/generate.focolare.org\/wp-content\/uploads\/2026\/02\/8.png","banner":"https:\/\/generate.focolare.org\/wp-content\/uploads\/2026\/02\/8.png","preview":"https:\/\/generate.focolare.org\/wp-content\/uploads\/2026\/02\/8-500x400.png","profile_24":"https:\/\/generate.focolare.org\/wp-content\/uploads\/2026\/02\/8-24x24.png","profile_48":"https:\/\/generate.focolare.org\/wp-content\/uploads\/2026\/02\/8-48x48.png","profile_96":"https:\/\/generate.focolare.org\/wp-content\/uploads\/2026\/02\/8-96x96.png","profile_150":"https:\/\/generate.focolare.org\/wp-content\/uploads\/2026\/02\/8-150x150.png","profile_300":"https:\/\/generate.focolare.org\/wp-content\/uploads\/2026\/02\/8-300x300.png"},"related":[80239,59111,127100,4586,80152,80025],"wpml_current_locale":"en_US","wpml_translations":[{"locale":"it_IT","id":333915,"post_title":"I sette colori: Amore Concreto","href":"https:\/\/generate.focolare.org\/it\/i-sette-colori-amore-concreto\/"},{"locale":"fr_FR","id":334128,"post_title":"Les sept couleurs : Amour Concret","href":"https:\/\/generate.focolare.org\/fr\/les-sept-couleurs-amour-concret\/"},{"locale":"es_ES","id":334127,"post_title":"Los siete colores: Amor Concreto","href":"https:\/\/generate.focolare.org\/es\/los-siete-colores-amor-concreto\/"},{"locale":"pt_PT","id":334129,"post_title":"As sete cores: Amor Concreto","href":"https:\/\/generate.focolare.org\/pt-pt\/as-sete-cores-amor-concreto\/"}],"format":"video","restrict_roles":null,"link_to_transcription":true,"source":{"ID":333922,"id":333922,"title":"it","filename":"it-6.mp4","filesize":429065771,"url":"https:\/\/generate.focolare.org\/wp-content\/uploads\/2026\/02\/it-6.mp4","link":"https:\/\/generate.focolare.org\/en\/it-78-2\/","alt":"","author":"2253","description":"","caption":"","name":"it-78-2","status":"inherit","uploaded_to":0,"date":"2026-02-13 13:36:54","modified":"2026-02-13 13:36:54","menu_order":0,"mime_type":"video\/mp4","type":"video","subtype":"mp4","icon":"https:\/\/generate.focolare.org\/wp-includes\/images\/media\/video.png","width":1920,"height":1080},"length":"3","transcriptions":[{"language":"it","file":{"ID":333943,"id":333943,"title":"GMU-G2-Chiara incontra gli interni:e della zona del Medio Oriente-19991127","filename":"GMU-G2-Chiara-incontra-gli-internie-della-zona-del-Medio-Oriente-19991127.pdf","filesize":121171,"url":"https:\/\/generate.focolare.org\/wp-content\/uploads\/2026\/02\/GMU-G2-Chiara-incontra-gli-internie-della-zona-del-Medio-Oriente-19991127.pdf","link":"https:\/\/generate.focolare.org\/en\/content\/the-seven-colors-concrete-love\/gmu-g2-chiara-incontra-gli-internie-della-zona-del-medio-oriente-19991127-2\/","alt":"","author":"2253","description":"","caption":"","name":"gmu-g2-chiara-incontra-gli-internie-della-zona-del-medio-oriente-19991127-2","status":"inherit","uploaded_to":334126,"date":"2026-02-13 13:39:06","modified":"2026-02-13 13:51:38","menu_order":0,"mime_type":"application\/pdf","type":"application","subtype":"pdf","icon":"https:\/\/generate.focolare.org\/wp-includes\/images\/media\/document.png"}},{"language":"en","file":{"ID":333964,"id":333964,"title":"GMU-G2-Chiara meets with the intern members of the Middle East zone-19991127","filename":"GMU-G2-Chiara-meets-with-the-intern-members-of-the-Middle-East-zone-19991127.pdf","filesize":130931,"url":"https:\/\/generate.focolare.org\/wp-content\/uploads\/2026\/02\/GMU-G2-Chiara-meets-with-the-intern-members-of-the-Middle-East-zone-19991127.pdf","link":"https:\/\/generate.focolare.org\/en\/content\/the-seven-colors-concrete-love\/gmu-g2-chiara-meets-with-the-intern-members-of-the-middle-east-zone-19991127-2\/","alt":"","author":"2253","description":"","caption":"","name":"gmu-g2-chiara-meets-with-the-intern-members-of-the-middle-east-zone-19991127-2","status":"inherit","uploaded_to":334126,"date":"2026-02-13 13:39:26","modified":"2026-02-13 13:51:38","menu_order":0,"mime_type":"application\/pdf","type":"application","subtype":"pdf","icon":"https:\/\/generate.focolare.org\/wp-includes\/images\/media\/document.png"}},{"language":"es","file":{"ID":333985,"id":333985,"title":"GMU-G2-Chiara con los internas:os de Medio Oriente-19991127","filename":"GMU-G2-Chiara-con-los-internasos-de-Medio-Oriente-19991127.pdf","filesize":135839,"url":"https:\/\/generate.focolare.org\/wp-content\/uploads\/2026\/02\/GMU-G2-Chiara-con-los-internasos-de-Medio-Oriente-19991127.pdf","link":"https:\/\/generate.focolare.org\/en\/content\/the-seven-colors-concrete-love\/gmu-g2-chiara-con-los-internasos-de-medio-oriente-19991127-2\/","alt":"","author":"2253","description":"","caption":"","name":"gmu-g2-chiara-con-los-internasos-de-medio-oriente-19991127-2","status":"inherit","uploaded_to":334126,"date":"2026-02-13 13:39:57","modified":"2026-02-13 13:51:39","menu_order":0,"mime_type":"application\/pdf","type":"application","subtype":"pdf","icon":"https:\/\/generate.focolare.org\/wp-includes\/images\/media\/document.png"}},{"language":"fr","file":{"ID":334006,"id":334006,"title":"GMU-G2-CHIARA RENCONTRE LES INTERNES DE LA ZONE DU MOYEN ORIENT-19991127","filename":"GMU-G2-CHIARA-RENCONTRE-LES-INTERNES-DE-LA-ZONE-DU-MOYEN-ORIENT-19991127.pdf","filesize":132649,"url":"https:\/\/generate.focolare.org\/wp-content\/uploads\/2026\/02\/GMU-G2-CHIARA-RENCONTRE-LES-INTERNES-DE-LA-ZONE-DU-MOYEN-ORIENT-19991127.pdf","link":"https:\/\/generate.focolare.org\/en\/content\/the-seven-colors-concrete-love\/gmu-g2-chiara-rencontre-les-internes-de-la-zone-du-moyen-orient-19991127-2\/","alt":"","author":"2253","description":"","caption":"","name":"gmu-g2-chiara-rencontre-les-internes-de-la-zone-du-moyen-orient-19991127-2","status":"inherit","uploaded_to":334126,"date":"2026-02-13 13:42:39","modified":"2026-02-13 13:51:40","menu_order":0,"mime_type":"application\/pdf","type":"application","subtype":"pdf","icon":"https:\/\/generate.focolare.org\/wp-includes\/images\/media\/document.png"}},{"language":"pt-pt","file":{"ID":334027,"id":334027,"title":"GMU-G2-Chiara encontra os internos da regi\u00e3o [zona] do Oriente M\u00e9dio2--19991127","filename":"GMU-G2-Chiara-encontra-os-internos-da-regiao-zona-do-Oriente-Medio2-19991127.pdf","filesize":131856,"url":"https:\/\/generate.focolare.org\/wp-content\/uploads\/2026\/02\/GMU-G2-Chiara-encontra-os-internos-da-regiao-zona-do-Oriente-Medio2-19991127.pdf","link":"https:\/\/generate.focolare.org\/en\/content\/the-seven-colors-concrete-love\/gmu-g2-chiara-encontra-os-internos-da-regiao-zona-do-oriente-medio2-19991127-2\/","alt":"","author":"2253","description":"","caption":"","name":"gmu-g2-chiara-encontra-os-internos-da-regiao-zona-do-oriente-medio2-19991127-2","status":"inherit","uploaded_to":334126,"date":"2026-02-13 13:43:03","modified":"2026-02-13 13:51:40","menu_order":0,"mime_type":"application\/pdf","type":"application","subtype":"pdf","icon":"https:\/\/generate.focolare.org\/wp-includes\/images\/media\/document.png"}},{"language":"de","file":{"ID":334090,"id":334090,"title":"GMU-G2-FRAGEN UND ANTWORTEN BEI DEN INTERNEN der Zone Naher Osten-19991127","filename":"GMU-G2-FRAGEN-UND-ANTWORTEN-BEI-DEN-INTERNEN-der-Zone-Naher-Osten-19991127.pdf","filesize":116277,"url":"https:\/\/generate.focolare.org\/wp-content\/uploads\/2026\/02\/GMU-G2-FRAGEN-UND-ANTWORTEN-BEI-DEN-INTERNEN-der-Zone-Naher-Osten-19991127.pdf","link":"https:\/\/generate.focolare.org\/en\/content\/the-seven-colors-concrete-love\/gmu-g2-fragen-und-antworten-bei-den-internen-der-zone-naher-osten-19991127-2\/","alt":"","author":"2253","description":"","caption":"","name":"gmu-g2-fragen-und-antworten-bei-den-internen-der-zone-naher-osten-19991127-2","status":"inherit","uploaded_to":334126,"date":"2026-02-13 13:45:44","modified":"2026-02-13 13:51:41","menu_order":0,"mime_type":"application\/pdf","type":"application","subtype":"pdf","icon":"https:\/\/generate.focolare.org\/wp-includes\/images\/media\/document.png"}},{"language":"sl","file":{"ID":334069,"id":334069,"title":"GMU-G2-CHIARA SE SRE\u010cA Z INTERNIMI IZ CONE BLI\u017dNJEGA VZHODA-19991127","filename":"GMU-G2-CHIARA-SE-SRECA-Z-INTERNIMI-IZ-CONE-BLIZNJEGA-VZHODA-19991127.pdf","filesize":121425,"url":"https:\/\/generate.focolare.org\/wp-content\/uploads\/2026\/02\/GMU-G2-CHIARA-SE-SRECA-Z-INTERNIMI-IZ-CONE-BLIZNJEGA-VZHODA-19991127.pdf","link":"https:\/\/generate.focolare.org\/en\/content\/the-seven-colors-concrete-love\/gmu-g2-chiara-se-sreca-z-internimi-iz-cone-bliznjega-vzhoda-19991127-2\/","alt":"","author":"2253","description":"","caption":"","name":"gmu-g2-chiara-se-sreca-z-internimi-iz-cone-bliznjega-vzhoda-19991127-2","status":"inherit","uploaded_to":334126,"date":"2026-02-13 13:44:05","modified":"2026-02-13 13:51:42","menu_order":0,"mime_type":"application\/pdf","type":"application","subtype":"pdf","icon":"https:\/\/generate.focolare.org\/wp-includes\/images\/media\/document.png"}},{"language":"pl","file":{"ID":334048,"id":334048,"title":"GMU-G2- Chiara ontmoet de internen uit het Midden-Oosten-19991127","filename":"GMU-G2-Chiara-ontmoet-de-internen-uit-het-Midden-Oosten-19991127.pdf","filesize":130391,"url":"https:\/\/generate.focolare.org\/wp-content\/uploads\/2026\/02\/GMU-G2-Chiara-ontmoet-de-internen-uit-het-Midden-Oosten-19991127.pdf","link":"https:\/\/generate.focolare.org\/en\/content\/the-seven-colors-concrete-love\/gmu-g2-chiara-ontmoet-de-internen-uit-het-midden-oosten-19991127-2\/","alt":"","author":"2253","description":"","caption":"","name":"gmu-g2-chiara-ontmoet-de-internen-uit-het-midden-oosten-19991127-2","status":"inherit","uploaded_to":334126,"date":"2026-02-13 13:43:33","modified":"2026-02-13 13:51:43","menu_order":0,"mime_type":"application\/pdf","type":"application","subtype":"pdf","icon":"https:\/\/generate.focolare.org\/wp-includes\/images\/media\/document.png"}}]},"headers":[],"status":200}},{"content":{"data":{"id":334299,"date":"1996-05-30","date_gmt":"2026-02-13T14:06:43","guid":{"rendered":"https:\/\/generate.focolare.org\/?post_type=content&#038;p=334299"},"modified":"2026-02-13T15:09:34","modified_gmt":"2026-02-13T14:09:34","slug":"a-house-that-bears-witness-to-god-as-beauty","status":"publish","type":"content","link":"https:\/\/generate.focolare.org\/en\/content\/a-house-that-bears-witness-to-god-as-beauty\/","title":{"rendered":"A House that Bears Witness to God as Beauty"},"excerpt":{"rendered":"<p>Chiara inaugurates the Gen2 house, explaining that homes too must bear witness to God: not only goodness and truth, but also beauty. She invites them to care for harmony, order, and simplicity, so that whoever enters may perceive the presence of Jesus in the midst. The houses of the Work must be beautiful and suited to their surroundings, welcoming to all, as Mary would have done with Jesus.<\/p>\n","protected":false},"featured_media":334131,"comment_status":"closed","ping_status":"closed","template":"","tags":[20644,8263],"contributor":[8424],"location":[8355],"audience":[3936],"class_list":["post-334299","content","type-content","status-publish","has-post-thumbnail","hentry","tag-general-statues","tag-statutes","contributor-lubich-chiara","location-loppiano-mariapoli-renata","audience-gen-2"],"featured_media_url":{"thumbnail":"https:\/\/generate.focolare.org\/wp-content\/uploads\/2026\/02\/9-150x150.png","medium":"https:\/\/generate.focolare.org\/wp-content\/uploads\/2026\/02\/9-300x240.png","medium_large":"https:\/\/generate.focolare.org\/wp-content\/uploads\/2026\/02\/9.png","large":"https:\/\/generate.focolare.org\/wp-content\/uploads\/2026\/02\/9.png","1536x1536":"https:\/\/generate.focolare.org\/wp-content\/uploads\/2026\/02\/9.png","2048x2048":"https:\/\/generate.focolare.org\/wp-content\/uploads\/2026\/02\/9.png","banner":"https:\/\/generate.focolare.org\/wp-content\/uploads\/2026\/02\/9.png","preview":"https:\/\/generate.focolare.org\/wp-content\/uploads\/2026\/02\/9-500x400.png","profile_24":"https:\/\/generate.focolare.org\/wp-content\/uploads\/2026\/02\/9-24x24.png","profile_48":"https:\/\/generate.focolare.org\/wp-content\/uploads\/2026\/02\/9-48x48.png","profile_96":"https:\/\/generate.focolare.org\/wp-content\/uploads\/2026\/02\/9-96x96.png","profile_150":"https:\/\/generate.focolare.org\/wp-content\/uploads\/2026\/02\/9-150x150.png","profile_300":"https:\/\/generate.focolare.org\/wp-content\/uploads\/2026\/02\/9-300x300.png"},"related":[128377,80152,128373,116825,12869,80374],"wpml_current_locale":"en_US","wpml_translations":[{"locale":"it_IT","id":334130,"post_title":"Una Casa che testimonia Dio Bellezza","href":"https:\/\/generate.focolare.org\/it\/una-casa-che-testimonia-dio-bellezza\/"},{"locale":"fr_FR","id":334301,"post_title":"Une Maison qui t\u00e9moigne de Dieu Beaut\u00e9","href":"https:\/\/generate.focolare.org\/fr\/une-maison-qui-temoigne-de-dieu-beaute\/"},{"locale":"es_ES","id":334300,"post_title":"Una Casa que testimonia a Dios Belleza","href":"https:\/\/generate.focolare.org\/es\/una-casa-que-testimonia-a-dios-belleza\/"},{"locale":"pt_PT","id":334302,"post_title":"Uma Casa que testemunha Deus Beleza","href":"https:\/\/generate.focolare.org\/pt-pt\/uma-casa-que-testemunha-deus-beleza\/"}],"format":"video","restrict_roles":null,"link_to_transcription":true,"source":{"ID":334158,"id":334158,"title":"it","filename":"it-7.mp4","filesize":587725795,"url":"https:\/\/generate.focolare.org\/wp-content\/uploads\/2026\/02\/it-7.mp4.hsl\/index.m3u8","link":"https:\/\/generate.focolare.org\/en\/it-79-2\/","alt":"","author":"2253","description":"","caption":"","name":"it-79-2","status":"inherit","uploaded_to":0,"date":"2026-02-13 14:01:53","modified":"2026-02-13 14:01:53","menu_order":0,"mime_type":"application\/x-mpegURL","type":"video","subtype":"mp4","icon":"https:\/\/generate.focolare.org\/wp-includes\/images\/media\/video.png","width":1280,"height":720},"length":"7","transcriptions":[{"language":"it","file":{"ID":334179,"id":334179,"title":"GMU-G2-Chiara inaugura la casetta delle gen 2-19960530","filename":"GMU-G2-Chiara-inaugura-la-casetta-delle-gen-2-19960530.pdf","filesize":124254,"url":"https:\/\/generate.focolare.org\/wp-content\/uploads\/2026\/02\/GMU-G2-Chiara-inaugura-la-casetta-delle-gen-2-19960530.pdf","link":"https:\/\/generate.focolare.org\/en\/content\/a-house-that-bears-witness-to-god-as-beauty\/gmu-g2-chiara-inaugura-la-casetta-delle-gen-2-19960530-2\/","alt":"","author":"2253","description":"","caption":"","name":"gmu-g2-chiara-inaugura-la-casetta-delle-gen-2-19960530-2","status":"inherit","uploaded_to":334299,"date":"2026-02-13 14:03:25","modified":"2026-02-13 14:09:34","menu_order":0,"mime_type":"application\/pdf","type":"application","subtype":"pdf","icon":"https:\/\/generate.focolare.org\/wp-includes\/images\/media\/document.png"}},{"language":"en","file":{"ID":334200,"id":334200,"title":"GMU-G2-Chiara inaugurates the gen 2 house-19960530","filename":"GMU-G2-Chiara-inaugurates-the-gen-2-house-19960530.pdf","filesize":133901,"url":"https:\/\/generate.focolare.org\/wp-content\/uploads\/2026\/02\/GMU-G2-Chiara-inaugurates-the-gen-2-house-19960530.pdf","link":"https:\/\/generate.focolare.org\/en\/content\/a-house-that-bears-witness-to-god-as-beauty\/gmu-g2-chiara-inaugurates-the-gen-2-house-19960530-2\/","alt":"","author":"2253","description":"","caption":"","name":"gmu-g2-chiara-inaugurates-the-gen-2-house-19960530-2","status":"inherit","uploaded_to":334299,"date":"2026-02-13 14:03:43","modified":"2026-02-13 14:09:34","menu_order":0,"mime_type":"application\/pdf","type":"application","subtype":"pdf","icon":"https:\/\/generate.focolare.org\/wp-includes\/images\/media\/document.png"}},{"language":"es","file":{"ID":334221,"id":334221,"title":"GMU-G2-Chiara inaugura la casita de las gen 2-19960530","filename":"GMU-G2-Chiara-inaugura-la-casita-de-las-gen-2-19960530.pdf","filesize":134127,"url":"https:\/\/generate.focolare.org\/wp-content\/uploads\/2026\/02\/GMU-G2-Chiara-inaugura-la-casita-de-las-gen-2-19960530.pdf","link":"https:\/\/generate.focolare.org\/en\/content\/a-house-that-bears-witness-to-god-as-beauty\/gmu-g2-chiara-inaugura-la-casita-de-las-gen-2-19960530-2\/","alt":"","author":"2253","description":"","caption":"","name":"gmu-g2-chiara-inaugura-la-casita-de-las-gen-2-19960530-2","status":"inherit","uploaded_to":334299,"date":"2026-02-13 14:04:06","modified":"2026-02-13 14:09:35","menu_order":0,"mime_type":"application\/pdf","type":"application","subtype":"pdf","icon":"https:\/\/generate.focolare.org\/wp-includes\/images\/media\/document.png"}},{"language":"fr","file":{"ID":334242,"id":334242,"title":"GMU-G2-CHIARA INAUGURE LA MAISON DES GEN 2 -19960530","filename":"GMU-G2-CHIARA-INAUGURE-LA-MAISON-DES-GEN-2-19960530.pdf","filesize":134615,"url":"https:\/\/generate.focolare.org\/wp-content\/uploads\/2026\/02\/GMU-G2-CHIARA-INAUGURE-LA-MAISON-DES-GEN-2-19960530.pdf","link":"https:\/\/generate.focolare.org\/en\/content\/a-house-that-bears-witness-to-god-as-beauty\/gmu-g2-chiara-inaugure-la-maison-des-gen-2-19960530-2\/","alt":"","author":"2253","description":"","caption":"","name":"gmu-g2-chiara-inaugure-la-maison-des-gen-2-19960530-2","status":"inherit","uploaded_to":334299,"date":"2026-02-13 14:04:39","modified":"2026-02-13 14:09:35","menu_order":0,"mime_type":"application\/pdf","type":"application","subtype":"pdf","icon":"https:\/\/generate.focolare.org\/wp-includes\/images\/media\/document.png"}},{"language":"pt-pt","file":{"ID":334263,"id":334263,"title":"GMU-G2-Chiara inaugura a casetta das gen 2-19960530","filename":"GMU-G2-Chiara-inaugura-a-casetta-das-gen-2-19960530.pdf","filesize":140842,"url":"https:\/\/generate.focolare.org\/wp-content\/uploads\/2026\/02\/GMU-G2-Chiara-inaugura-a-casetta-das-gen-2-19960530.pdf","link":"https:\/\/generate.focolare.org\/en\/content\/a-house-that-bears-witness-to-god-as-beauty\/gmu-g2-chiara-inaugura-a-casetta-das-gen-2-19960530-2\/","alt":"","author":"2253","description":"","caption":"","name":"gmu-g2-chiara-inaugura-a-casetta-das-gen-2-19960530-2","status":"inherit","uploaded_to":334299,"date":"2026-02-13 14:04:55","modified":"2026-02-13 14:09:35","menu_order":0,"mime_type":"application\/pdf","type":"application","subtype":"pdf","icon":"https:\/\/generate.focolare.org\/wp-includes\/images\/media\/document.png"}},{"language":"sl","file":{"ID":334284,"id":334284,"title":"GMU-G2-CHIARA OTVORI HI\u0160O DEKLET GEN 2-sloveno-19960530","filename":"GMU-G2-CHIARA-OTVORI-HISO-DEKLET-GEN-2-sloveno-19960530.pdf","filesize":132775,"url":"https:\/\/generate.focolare.org\/wp-content\/uploads\/2026\/02\/GMU-G2-CHIARA-OTVORI-HISO-DEKLET-GEN-2-sloveno-19960530.pdf","link":"https:\/\/generate.focolare.org\/en\/content\/a-house-that-bears-witness-to-god-as-beauty\/gmu-g2-chiara-otvori-hiso-deklet-gen-2-sloveno-19960530-2\/","alt":"","author":"2253","description":"","caption":"","name":"gmu-g2-chiara-otvori-hiso-deklet-gen-2-sloveno-19960530-2","status":"inherit","uploaded_to":334299,"date":"2026-02-13 14:05:19","modified":"2026-02-13 14:09:35","menu_order":0,"mime_type":"application\/pdf","type":"application","subtype":"pdf","icon":"https:\/\/generate.focolare.org\/wp-includes\/images\/media\/document.png"}}]},"headers":[],"status":200}}]},"headers":[],"status":200},"link_url":"https:\/\/generate.focolare.org\/en\/playlist\/eletto\/","title":null,"text":null},{"image":{"ID":344779,"id":344779,"title":"EN","filename":"EN-2.jpg","filesize":195421,"url":"https:\/\/generate.focolare.org\/wp-content\/uploads\/2026\/06\/EN-2.jpg","link":"https:\/\/generate.focolare.org\/en\/home\/en-81\/","alt":"","author":"2402","description":"","caption":"","name":"en-81","status":"inherit","uploaded_to":77,"date":"2026-06-30 14:45:26","modified":"2026-06-30 14:45:26","menu_order":0,"mime_type":"image\/jpeg","type":"image","subtype":"jpeg","icon":"https:\/\/generate.focolare.org\/wp-includes\/images\/media\/default.png","width":1600,"height":700,"sizes":{"thumbnail":"https:\/\/generate.focolare.org\/wp-content\/uploads\/2026\/06\/EN-2-150x150.jpg","thumbnail-width":150,"thumbnail-height":150,"medium":"https:\/\/generate.focolare.org\/wp-content\/uploads\/2026\/06\/EN-2-300x131.jpg","medium-width":300,"medium-height":131,"medium_large":"https:\/\/generate.focolare.org\/wp-content\/uploads\/2026\/06\/EN-2-768x336.jpg","medium_large-width":768,"medium_large-height":336,"large":"https:\/\/generate.focolare.org\/wp-content\/uploads\/2026\/06\/EN-2-1024x448.jpg","large-width":1024,"large-height":448,"1536x1536":"https:\/\/generate.focolare.org\/wp-content\/uploads\/2026\/06\/EN-2-1536x672.jpg","1536x1536-width":1536,"1536x1536-height":672,"2048x2048":"https:\/\/generate.focolare.org\/wp-content\/uploads\/2026\/06\/EN-2.jpg","2048x2048-width":1600,"2048x2048-height":700,"banner":"https:\/\/generate.focolare.org\/wp-content\/uploads\/2026\/06\/EN-2.jpg","banner-width":1600,"banner-height":700,"preview":"https:\/\/generate.focolare.org\/wp-content\/uploads\/2026\/06\/EN-2-500x400.jpg","preview-width":500,"preview-height":400,"profile_24":"https:\/\/generate.focolare.org\/wp-content\/uploads\/2026\/06\/EN-2-24x24.jpg","profile_24-width":24,"profile_24-height":24,"profile_48":"https:\/\/generate.focolare.org\/wp-content\/uploads\/2026\/06\/EN-2-48x48.jpg","profile_48-width":48,"profile_48-height":48,"profile_96":"https:\/\/generate.focolare.org\/wp-content\/uploads\/2026\/06\/EN-2-96x96.jpg","profile_96-width":96,"profile_96-height":96,"profile_150":"https:\/\/generate.focolare.org\/wp-content\/uploads\/2026\/06\/EN-2-150x150.jpg","profile_150-width":150,"profile_150-height":150,"profile_300":"https:\/\/generate.focolare.org\/wp-content\/uploads\/2026\/06\/EN-2-300x300.jpg","profile_300-width":300,"profile_300-height":300}},"content_or_url":"url","link_content":{"data":{"id":339881,"date":"2026-04-16T14:41:38","date_gmt":"2026-04-16T13:41:38","guid":{"rendered":"https:\/\/generate.focolare.org\/?post_type=playlist&#038;p=339881"},"modified":"2026-04-16T15:27:03","modified_gmt":"2026-04-16T14:27:03","slug":"gen-songbooks","status":"publish","type":"playlist","link":"https:\/\/generate.focolare.org\/en\/playlist\/gen-songbooks\/","title":{"rendered":"Gen Songbooks"},"excerpt":{"rendered":"<p>Songbooks of the Focolare Movement for the Gen.<br \/>\nSongs and chords that help us live unity, encounter one another, and bring God among us, with joy, in everyday life.<\/p>\n","protected":false},"featured_media":339860,"comment_status":"closed","ping_status":"closed","template":"","tags":[8035,8291,12897,7839,7916,8203],"typology":[20624],"class_list":["post-339881","playlist","type-playlist","status-publish","has-post-thumbnail","hentry","tag-gen","tag-ideal","tag-songs","tag-unity","tag-gioventu-ko","tag-youth","typology-music"],"featured_media_url":{"thumbnail":"https:\/\/generate.focolare.org\/wp-content\/uploads\/2026\/04\/Copertine-GENerate-2-150x150.png","medium":"https:\/\/generate.focolare.org\/wp-content\/uploads\/2026\/04\/Copertine-GENerate-2-300x240.png","medium_large":"https:\/\/generate.focolare.org\/wp-content\/uploads\/2026\/04\/Copertine-GENerate-2.png","large":"https:\/\/generate.focolare.org\/wp-content\/uploads\/2026\/04\/Copertine-GENerate-2.png","1536x1536":"https:\/\/generate.focolare.org\/wp-content\/uploads\/2026\/04\/Copertine-GENerate-2.png","2048x2048":"https:\/\/generate.focolare.org\/wp-content\/uploads\/2026\/04\/Copertine-GENerate-2.png","banner":"https:\/\/generate.focolare.org\/wp-content\/uploads\/2026\/04\/Copertine-GENerate-2.png","preview":"https:\/\/generate.focolare.org\/wp-content\/uploads\/2026\/04\/Copertine-GENerate-2-500x400.png","profile_24":"https:\/\/generate.focolare.org\/wp-content\/uploads\/2026\/04\/Copertine-GENerate-2-24x24.png","profile_48":"https:\/\/generate.focolare.org\/wp-content\/uploads\/2026\/04\/Copertine-GENerate-2-48x48.png","profile_96":"https:\/\/generate.focolare.org\/wp-content\/uploads\/2026\/04\/Copertine-GENerate-2-96x96.png","profile_150":"https:\/\/generate.focolare.org\/wp-content\/uploads\/2026\/04\/Copertine-GENerate-2-150x150.png","profile_300":"https:\/\/generate.focolare.org\/wp-content\/uploads\/2026\/04\/Copertine-GENerate-2-300x300.png"},"wpml_current_locale":"en_US","wpml_translations":[{"locale":"it_IT","id":339322,"post_title":"Canzonieri Gen","href":"https:\/\/generate.focolare.org\/it\/canzonieri-gen\/"},{"locale":"fr_FR","id":339884,"post_title":"Chansonniers Gen","href":"https:\/\/generate.focolare.org\/fr\/chansonniers-gen\/"},{"locale":"es_ES","id":339882,"post_title":"Cancioneros Gen","href":"https:\/\/generate.focolare.org\/es\/cancioneros-gen\/"},{"locale":"pt_PT","id":339883,"post_title":"Cancioneiros Gen","href":"https:\/\/generate.focolare.org\/pt-pt\/cancioneiros-gen\/"}],"restrict_roles":null,"playlist":[{"content":{"data":{"id":339387,"date":"2026-04-16","date_gmt":"2026-04-16T13:05:17","guid":{"rendered":"https:\/\/generate.focolare.org\/?post_type=content&#038;p=339387"},"modified":"2026-04-16T15:21:19","modified_gmt":"2026-04-16T14:21:19","slug":"gen-songbook-songs-for-mass","status":"publish","type":"content","link":"https:\/\/generate.focolare.org\/en\/content\/gen-songbook-songs-for-mass\/","title":{"rendered":"Gen Songbook \u2013 Songs for Mass"},"excerpt":{"rendered":"<p>Songs and chords designed to experience the Mass with greater heart, participation, and unity.<\/p>\n","protected":false},"featured_media":339388,"comment_status":"closed","ping_status":"closed","template":"","tags":[8035,8291,12897,7916,8203],"contributor":[18898],"location":[],"audience":[8407,8395],"class_list":["post-339387","content","type-content","status-publish","has-post-thumbnail","hentry","tag-gen","tag-ideal","tag-songs","tag-gioventu-ko","tag-youth","contributor-gen-2-y4uw-centers-2","audience-all-public","audience-community-of-the-movement"],"featured_media_url":{"thumbnail":"https:\/\/generate.focolare.org\/wp-content\/uploads\/2026\/04\/en-150x150.png","medium":"https:\/\/generate.focolare.org\/wp-content\/uploads\/2026\/04\/en-300x240.png","medium_large":"https:\/\/generate.focolare.org\/wp-content\/uploads\/2026\/04\/en.png","large":"https:\/\/generate.focolare.org\/wp-content\/uploads\/2026\/04\/en.png","1536x1536":"https:\/\/generate.focolare.org\/wp-content\/uploads\/2026\/04\/en.png","2048x2048":"https:\/\/generate.focolare.org\/wp-content\/uploads\/2026\/04\/en.png","banner":"https:\/\/generate.focolare.org\/wp-content\/uploads\/2026\/04\/en.png","preview":"https:\/\/generate.focolare.org\/wp-content\/uploads\/2026\/04\/en-500x400.png","profile_24":"https:\/\/generate.focolare.org\/wp-content\/uploads\/2026\/04\/en-24x24.png","profile_48":"https:\/\/generate.focolare.org\/wp-content\/uploads\/2026\/04\/en-48x48.png","profile_96":"https:\/\/generate.focolare.org\/wp-content\/uploads\/2026\/04\/en-96x96.png","profile_150":"https:\/\/generate.focolare.org\/wp-content\/uploads\/2026\/04\/en-150x150.png","profile_300":"https:\/\/generate.focolare.org\/wp-content\/uploads\/2026\/04\/en-300x300.png"},"related":[20940,80374,59189,339604,116835,127778],"wpml_current_locale":"en_US","wpml_translations":[{"locale":"it_IT","id":339323,"post_title":"Canzoniere Gen - Canti per la Messa","href":"https:\/\/generate.focolare.org\/it\/canzoniere-gen-canti-per-la-messa\/"},{"locale":"fr_FR","id":339517,"post_title":"Chansonnier Gen \u2013 Chants pour la Messe","href":"https:\/\/generate.focolare.org\/fr\/chansonnier-gen-chants-pour-la-messe\/"},{"locale":"es_ES","id":339430,"post_title":"Cancionero Gen \u2013 Cantos para la Misa","href":"https:\/\/generate.focolare.org\/es\/cancionero-gen-cantos-para-la-misa\/"},{"locale":"pt_PT","id":339474,"post_title":"Cancioneiro Gen \u2013 C\u00e2nticos para a Missa","href":"https:\/\/generate.focolare.org\/pt-pt\/cancioneiro-gen-canticos-para-a-missa\/"}],"format":"text","length":"1","restrict_roles":null,"link_to_transcription":null,"source":{"ID":339409,"id":339409,"title":"2_EN-GMU-G2-Centro Gen-Songs for Mass-20260416","filename":"2_EN-GMU-G2-Centro-Gen-Songs-for-Mass-20260416.pdf","filesize":33407021,"url":"https:\/\/generate.focolare.org\/wp-content\/uploads\/2026\/04\/2_EN-GMU-G2-Centro-Gen-Songs-for-Mass-20260416.pdf","link":"https:\/\/generate.focolare.org\/en\/content\/gen-songbook-songs-for-mass\/2_en-gmu-g2-centro-gen-songs-for-mass-20260416\/","alt":"","author":"2253","description":"","caption":"","name":"2_en-gmu-g2-centro-gen-songs-for-mass-20260416","status":"inherit","uploaded_to":339387,"date":"2026-04-16 13:03:49","modified":"2026-04-16 13:03:49","menu_order":0,"mime_type":"application\/pdf","type":"application","subtype":"pdf","icon":"https:\/\/generate.focolare.org\/wp-includes\/images\/media\/document.png"}},"headers":[],"status":200}},{"content":{"data":{"id":339604,"date":"2026-04-16","date_gmt":"2026-04-16T13:33:56","guid":{"rendered":"https:\/\/generate.focolare.org\/?post_type=content&#038;p=339604"},"modified":"2026-04-16T15:16:37","modified_gmt":"2026-04-16T14:16:37","slug":"gen-songbook-room-songs","status":"publish","type":"content","link":"https:\/\/generate.focolare.org\/en\/content\/gen-songbook-room-songs\/","title":{"rendered":"Gen Songbook \u2013 Haul Songs"},"excerpt":{"rendered":"<p>Songs and chords that give rise to communion, where every voice becomes a gift and builds unity.<\/p>\n","protected":false},"featured_media":340016,"comment_status":"closed","ping_status":"closed","template":"","tags":[8035,8291,12897,7839,7916,8203],"contributor":[18898],"location":[],"audience":[8407,8395],"class_list":["post-339604","content","type-content","status-publish","has-post-thumbnail","hentry","tag-gen","tag-ideal","tag-songs","tag-unity","tag-gioventu-ko","tag-youth","contributor-gen-2-y4uw-centers-2","audience-all-public","audience-community-of-the-movement"],"featured_media_url":{"thumbnail":"https:\/\/generate.focolare.org\/wp-content\/uploads\/2026\/04\/en-4-150x150.png","medium":"https:\/\/generate.focolare.org\/wp-content\/uploads\/2026\/04\/en-4-300x240.png","medium_large":"https:\/\/generate.focolare.org\/wp-content\/uploads\/2026\/04\/en-4.png","large":"https:\/\/generate.focolare.org\/wp-content\/uploads\/2026\/04\/en-4.png","1536x1536":"https:\/\/generate.focolare.org\/wp-content\/uploads\/2026\/04\/en-4.png","2048x2048":"https:\/\/generate.focolare.org\/wp-content\/uploads\/2026\/04\/en-4.png","banner":"https:\/\/generate.focolare.org\/wp-content\/uploads\/2026\/04\/en-4.png","preview":"https:\/\/generate.focolare.org\/wp-content\/uploads\/2026\/04\/en-4-500x400.png","profile_24":"https:\/\/generate.focolare.org\/wp-content\/uploads\/2026\/04\/en-4-24x24.png","profile_48":"https:\/\/generate.focolare.org\/wp-content\/uploads\/2026\/04\/en-4-48x48.png","profile_96":"https:\/\/generate.focolare.org\/wp-content\/uploads\/2026\/04\/en-4-96x96.png","profile_150":"https:\/\/generate.focolare.org\/wp-content\/uploads\/2026\/04\/en-4-150x150.png","profile_300":"https:\/\/generate.focolare.org\/wp-content\/uploads\/2026\/04\/en-4-300x300.png"},"related":[20940,80374,59189,339387,116835,127778],"wpml_current_locale":"en_US","wpml_translations":[{"locale":"it_IT","id":339561,"post_title":"Canzoniere Gen \u2013 Canti per la sala","href":"https:\/\/generate.focolare.org\/it\/canzoniere-gen-canti-per-la-sala\/"},{"locale":"fr_FR","id":339859,"post_title":"Chansonnier Gen \u2013 Chants de salle","href":"https:\/\/generate.focolare.org\/fr\/chansonnier-gen-chants-de-salle\/"},{"locale":"es_ES","id":339857,"post_title":"Cancionero Gen \u2013 Cantos de sala","href":"https:\/\/generate.focolare.org\/es\/cancionero-gen-cantos-de-sala\/"},{"locale":"pt_PT","id":339858,"post_title":"Cancioneiro Gen \u2013 C\u00e2nticos de sala","href":"https:\/\/generate.focolare.org\/pt-pt\/cancioneiro-gen-canticos-de-sala\/"}],"format":"text","length":"1","restrict_roles":null,"link_to_transcription":null,"source":{"ID":340037,"id":340037,"title":"EN-GMU-G2-Centro Gen-Songs for the gathering-20260410","filename":"EN-GMU-G2-Centro-Gen-Songs-for-the-gathering-20260410.pdf","filesize":21255771,"url":"https:\/\/generate.focolare.org\/wp-content\/uploads\/2026\/04\/EN-GMU-G2-Centro-Gen-Songs-for-the-gathering-20260410.pdf","link":"https:\/\/generate.focolare.org\/en\/content\/gen-songbook-room-songs\/en-gmu-g2-centro-gen-songs-for-the-gathering-20260410\/","alt":"","author":"2253","description":"","caption":"","name":"en-gmu-g2-centro-gen-songs-for-the-gathering-20260410","status":"inherit","uploaded_to":339604,"date":"2026-04-16 14:13:35","modified":"2026-04-16 14:13:35","menu_order":0,"mime_type":"application\/pdf","type":"application","subtype":"pdf","icon":"https:\/\/generate.focolare.org\/wp-includes\/images\/media\/document.png"}},"headers":[],"status":200}}]},"headers":[],"status":200},"link_url":"https:\/\/generate.focolare.org\/en\/playlist\/paradise-49\/","title":null,"text":null},{"image":{"ID":344800,"id":344800,"title":"BANNERS GENERATE 2026 (01-04) (1)","filename":"BANNERS-GENERATE-2026-01-04-1-1.jpg","filesize":151578,"url":"https:\/\/generate.focolare.org\/wp-content\/uploads\/2026\/06\/BANNERS-GENERATE-2026-01-04-1-1.jpg","link":"https:\/\/generate.focolare.org\/en\/home\/banners-generate-2026-01-04-1-2\/","alt":"","author":"2402","description":"","caption":"","name":"banners-generate-2026-01-04-1-2","status":"inherit","uploaded_to":77,"date":"2026-06-30 14:45:56","modified":"2026-06-30 14:45:56","menu_order":0,"mime_type":"image\/jpeg","type":"image","subtype":"jpeg","icon":"https:\/\/generate.focolare.org\/wp-includes\/images\/media\/default.png","width":1600,"height":700,"sizes":{"thumbnail":"https:\/\/generate.focolare.org\/wp-content\/uploads\/2026\/06\/BANNERS-GENERATE-2026-01-04-1-1-150x150.jpg","thumbnail-width":150,"thumbnail-height":150,"medium":"https:\/\/generate.focolare.org\/wp-content\/uploads\/2026\/06\/BANNERS-GENERATE-2026-01-04-1-1-300x131.jpg","medium-width":300,"medium-height":131,"medium_large":"https:\/\/generate.focolare.org\/wp-content\/uploads\/2026\/06\/BANNERS-GENERATE-2026-01-04-1-1-768x336.jpg","medium_large-width":768,"medium_large-height":336,"large":"https:\/\/generate.focolare.org\/wp-content\/uploads\/2026\/06\/BANNERS-GENERATE-2026-01-04-1-1-1024x448.jpg","large-width":1024,"large-height":448,"1536x1536":"https:\/\/generate.focolare.org\/wp-content\/uploads\/2026\/06\/BANNERS-GENERATE-2026-01-04-1-1-1536x672.jpg","1536x1536-width":1536,"1536x1536-height":672,"2048x2048":"https:\/\/generate.focolare.org\/wp-content\/uploads\/2026\/06\/BANNERS-GENERATE-2026-01-04-1-1.jpg","2048x2048-width":1600,"2048x2048-height":700,"banner":"https:\/\/generate.focolare.org\/wp-content\/uploads\/2026\/06\/BANNERS-GENERATE-2026-01-04-1-1.jpg","banner-width":1600,"banner-height":700,"preview":"https:\/\/generate.focolare.org\/wp-content\/uploads\/2026\/06\/BANNERS-GENERATE-2026-01-04-1-1-500x400.jpg","preview-width":500,"preview-height":400,"profile_24":"https:\/\/generate.focolare.org\/wp-content\/uploads\/2026\/06\/BANNERS-GENERATE-2026-01-04-1-1-24x24.jpg","profile_24-width":24,"profile_24-height":24,"profile_48":"https:\/\/generate.focolare.org\/wp-content\/uploads\/2026\/06\/BANNERS-GENERATE-2026-01-04-1-1-48x48.jpg","profile_48-width":48,"profile_48-height":48,"profile_96":"https:\/\/generate.focolare.org\/wp-content\/uploads\/2026\/06\/BANNERS-GENERATE-2026-01-04-1-1-96x96.jpg","profile_96-width":96,"profile_96-height":96,"profile_150":"https:\/\/generate.focolare.org\/wp-content\/uploads\/2026\/06\/BANNERS-GENERATE-2026-01-04-1-1-150x150.jpg","profile_150-width":150,"profile_150-height":150,"profile_300":"https:\/\/generate.focolare.org\/wp-content\/uploads\/2026\/06\/BANNERS-GENERATE-2026-01-04-1-1-300x300.jpg","profile_300-width":300,"profile_300-height":300}},"content_or_url":"url","link_content":{"data":{"id":342183,"date":"2026-04-30T14:50:26","date_gmt":"2026-04-30T13:50:26","guid":{"rendered":"https:\/\/generate.focolare.org\/?post_type=playlist&#038;p=342183"},"modified":"2026-04-30T14:51:05","modified_gmt":"2026-04-30T13:51:05","slug":"chiara-to-the-gen-of-the-various-christian-denominations","status":"publish","type":"playlist","link":"https:\/\/generate.focolare.org\/en\/playlist\/chiara-to-the-gen-of-the-various-christian-denominations\/","title":{"rendered":"Chiara to the Gen of the various Christian denominations"},"excerpt":{"rendered":"<p>Chiara introduces a path of unity addressed to the Gen of the various Christian denominations. She invites them to live mutual love as the foundation of dialogue, recognizing the richness of each Church without losing their own identity. She proposes a concrete commitment of life, where experience, communion, and the presence of Christ among them become the true witness of a possible unity.<\/p>\n","protected":false},"featured_media":342162,"comment_status":"closed","ping_status":"closed","template":"","tags":[7918,3773,3916,8035,8037,3907,8291,3699,8002,8226,8140,7839,7916,8203],"typology":[20552],"class_list":["post-342183","playlist","type-playlist","status-publish","has-post-thumbnail","hentry","tag-church","tag-community","tag-dialogue","tag-gen","tag-gen-movement","tag-god","tag-ideal","tag-love","tag-movement","tag-opera-ko","tag-united-world","tag-unity","tag-gioventu-ko","tag-youth","typology-gen-unit"],"featured_media_url":{"thumbnail":"https:\/\/generate.focolare.org\/wp-content\/uploads\/2026\/04\/Copertine-GENerate-2-1-150x150.png","medium":"https:\/\/generate.focolare.org\/wp-content\/uploads\/2026\/04\/Copertine-GENerate-2-1-300x240.png","medium_large":"https:\/\/generate.focolare.org\/wp-content\/uploads\/2026\/04\/Copertine-GENerate-2-1.png","large":"https:\/\/generate.focolare.org\/wp-content\/uploads\/2026\/04\/Copertine-GENerate-2-1.png","1536x1536":"https:\/\/generate.focolare.org\/wp-content\/uploads\/2026\/04\/Copertine-GENerate-2-1.png","2048x2048":"https:\/\/generate.focolare.org\/wp-content\/uploads\/2026\/04\/Copertine-GENerate-2-1.png","banner":"https:\/\/generate.focolare.org\/wp-content\/uploads\/2026\/04\/Copertine-GENerate-2-1.png","preview":"https:\/\/generate.focolare.org\/wp-content\/uploads\/2026\/04\/Copertine-GENerate-2-1-500x400.png","profile_24":"https:\/\/generate.focolare.org\/wp-content\/uploads\/2026\/04\/Copertine-GENerate-2-1-24x24.png","profile_48":"https:\/\/generate.focolare.org\/wp-content\/uploads\/2026\/04\/Copertine-GENerate-2-1-48x48.png","profile_96":"https:\/\/generate.focolare.org\/wp-content\/uploads\/2026\/04\/Copertine-GENerate-2-1-96x96.png","profile_150":"https:\/\/generate.focolare.org\/wp-content\/uploads\/2026\/04\/Copertine-GENerate-2-1-150x150.png","profile_300":"https:\/\/generate.focolare.org\/wp-content\/uploads\/2026\/04\/Copertine-GENerate-2-1-300x300.png"},"wpml_current_locale":"en_US","wpml_translations":[{"locale":"it_IT","id":342161,"post_title":"Chiara ai gen delle varie denominazioni cristiane","href":"https:\/\/generate.focolare.org\/it\/chiara-ai-gen-delle-varie-denominazioni-cristiane\/"},{"locale":"fr_FR","id":342185,"post_title":"Chiara aux Gen des vari\u00e9es d\u00e9nominations chr\u00e9tiennes","href":"https:\/\/generate.focolare.org\/fr\/chiara-aux-gen-des-variees-denominations-chretiennes\/"},{"locale":"es_ES","id":342184,"post_title":"Chiara a los Gen de las varias denominaciones cristianas","href":"https:\/\/generate.focolare.org\/es\/chiara-a-los-gen-de-las-varias-denominaciones-cristianas\/"},{"locale":"pt_PT","id":342186,"post_title":"Chiara aos Gen das v\u00e1rias denomina\u00e7\u00f5es crist\u00e3s","href":"https:\/\/generate.focolare.org\/pt-pt\/chiara-aos-gen-das-varias-denominacoes-cristas\/"}],"restrict_roles":null,"playlist":[{"content":{"data":{"id":341180,"date":"1995-02-25","date_gmt":"2026-04-30T11:28:03","guid":{"rendered":"https:\/\/generate.focolare.org\/?post_type=content&#038;p=341180"},"modified":"2026-04-30T12:28:29","modified_gmt":"2026-04-30T11:28:29","slug":"growing-within-ones-own-church","status":"publish","type":"content","link":"https:\/\/generate.focolare.org\/en\/content\/growing-within-ones-own-church\/","title":{"rendered":"Growing within One\u2019s Own Church."},"excerpt":{"rendered":"<p>Chiara responds to an Orthodox Gen 2 who accompanies young people in faith within a Muslim context. She invites him to transmit the Ideal abundantly, through life, experiences, and sharing, without worrying about results or affiliations. Alongside concrete witness, she also proposes a path of deeper knowledge of one\u2019s own Church, in order to serve it better and renew it from within.<\/p>\n","protected":false},"featured_media":340886,"comment_status":"closed","ping_status":"closed","template":"","tags":[3756,7918,3773,3916,8035,8037,3907,8291,3699,8002,8226,12897,8140,7839,7916,8203],"contributor":[8424],"location":[8332],"audience":[3936],"class_list":["post-341180","content","type-content","status-publish","has-post-thumbnail","hentry","tag-chiara","tag-church","tag-community","tag-dialogue","tag-gen","tag-gen-movement","tag-god","tag-ideal","tag-love","tag-movement","tag-opera-ko","tag-songs","tag-united-world","tag-unity","tag-gioventu-ko","tag-youth","contributor-lubich-chiara","location-buyukdere-istanbul-ur","audience-gen-2"],"featured_media_url":{"thumbnail":"https:\/\/generate.focolare.org\/wp-content\/uploads\/2026\/04\/Estambul-150x150.png","medium":"https:\/\/generate.focolare.org\/wp-content\/uploads\/2026\/04\/Estambul-300x240.png","medium_large":"https:\/\/generate.focolare.org\/wp-content\/uploads\/2026\/04\/Estambul.png","large":"https:\/\/generate.focolare.org\/wp-content\/uploads\/2026\/04\/Estambul.png","1536x1536":"https:\/\/generate.focolare.org\/wp-content\/uploads\/2026\/04\/Estambul.png","2048x2048":"https:\/\/generate.focolare.org\/wp-content\/uploads\/2026\/04\/Estambul.png","banner":"https:\/\/generate.focolare.org\/wp-content\/uploads\/2026\/04\/Estambul.png","preview":"https:\/\/generate.focolare.org\/wp-content\/uploads\/2026\/04\/Estambul-500x400.png","profile_24":"https:\/\/generate.focolare.org\/wp-content\/uploads\/2026\/04\/Estambul-24x24.png","profile_48":"https:\/\/generate.focolare.org\/wp-content\/uploads\/2026\/04\/Estambul-48x48.png","profile_96":"https:\/\/generate.focolare.org\/wp-content\/uploads\/2026\/04\/Estambul-96x96.png","profile_150":"https:\/\/generate.focolare.org\/wp-content\/uploads\/2026\/04\/Estambul-150x150.png","profile_300":"https:\/\/generate.focolare.org\/wp-content\/uploads\/2026\/04\/Estambul-300x300.png"},"related":[20940,324686,80084,6085,2142,116739],"wpml_current_locale":"en_US","wpml_translations":[{"locale":"it_IT","id":340885,"post_title":"Crescere nella propria Chiesa","href":"https:\/\/generate.focolare.org\/it\/crescere-nella-propria-chiesa\/"},{"locale":"fr_FR","id":341182,"post_title":"Grandir dans sa propre \u00c9glise","href":"https:\/\/generate.focolare.org\/fr\/grandir-dans-sa-propre-eglise\/"},{"locale":"es_ES","id":341181,"post_title":"Crecer en la propia Iglesia","href":"https:\/\/generate.focolare.org\/es\/crecer-en-la-propia-iglesia\/"},{"locale":"pt_PT","id":341183,"post_title":"Crescer na pr\u00f3pria Igreja","href":"https:\/\/generate.focolare.org\/pt-pt\/crescer-na-propria-igreja\/"}],"format":"video","restrict_roles":null,"link_to_transcription":true,"source":{"ID":340913,"id":340913,"title":"Istambul","filename":"Istambul-.mp4","filesize":722550570,"url":"https:\/\/generate.focolare.org\/wp-content\/uploads\/2026\/04\/Istambul-.mp4","link":"https:\/\/generate.focolare.org\/en\/istambul-2\/","alt":"","author":"2253","description":"","caption":"","name":"istambul-2","status":"inherit","uploaded_to":0,"date":"2026-04-30 09:51:47","modified":"2026-04-30 09:51:47","menu_order":0,"mime_type":"video\/mp4","type":"video","subtype":"mp4","icon":"https:\/\/generate.focolare.org\/wp-includes\/images\/media\/video.png","width":1920,"height":1080},"length":"5","transcriptions":[{"language":"it","file":{"ID":340934,"id":340934,"title":"IT-GMU-G2-Chiara Lubich agli interni- 25-02-1995","filename":"IT-GMU-G2-Chiara-Lubich-agli-interni-25-02-1995.pdf","filesize":122984,"url":"https:\/\/generate.focolare.org\/wp-content\/uploads\/2026\/04\/IT-GMU-G2-Chiara-Lubich-agli-interni-25-02-1995.pdf","link":"https:\/\/generate.focolare.org\/en\/content\/growing-within-ones-own-church\/it-gmu-g2-chiara-lubich-agli-interni-25-02-1995-2\/","alt":"","author":"2253","description":"","caption":"","name":"it-gmu-g2-chiara-lubich-agli-interni-25-02-1995-2","status":"inherit","uploaded_to":341180,"date":"2026-04-30 09:53:54","modified":"2026-04-30 11:28:30","menu_order":0,"mime_type":"application\/pdf","type":"application","subtype":"pdf","icon":"https:\/\/generate.focolare.org\/wp-includes\/images\/media\/document.png"}},{"language":"en","file":{"ID":340955,"id":340955,"title":"EN-GMU-G2-Chiara Lubich agli interni- 25-02-1995","filename":"EN-GMU-G2-Chiara-Lubich-agli-interni-25-02-1995.pdf","filesize":124443,"url":"https:\/\/generate.focolare.org\/wp-content\/uploads\/2026\/04\/EN-GMU-G2-Chiara-Lubich-agli-interni-25-02-1995.pdf","link":"https:\/\/generate.focolare.org\/en\/content\/growing-within-ones-own-church\/en-gmu-g2-chiara-lubich-agli-interni-25-02-1995-2\/","alt":"","author":"2253","description":"","caption":"","name":"en-gmu-g2-chiara-lubich-agli-interni-25-02-1995-2","status":"inherit","uploaded_to":341180,"date":"2026-04-30 09:54:09","modified":"2026-04-30 11:28:31","menu_order":0,"mime_type":"application\/pdf","type":"application","subtype":"pdf","icon":"https:\/\/generate.focolare.org\/wp-includes\/images\/media\/document.png"}},{"language":"es","file":{"ID":340976,"id":340976,"title":"ES-GMU-G2-Chiara Lubich agli interni- 25-02-1995","filename":"ES-GMU-G2-Chiara-Lubich-agli-interni-25-02-1995.pdf","filesize":123554,"url":"https:\/\/generate.focolare.org\/wp-content\/uploads\/2026\/04\/ES-GMU-G2-Chiara-Lubich-agli-interni-25-02-1995.pdf","link":"https:\/\/generate.focolare.org\/en\/content\/growing-within-ones-own-church\/es-gmu-g2-chiara-lubich-agli-interni-25-02-1995-2\/","alt":"","author":"2253","description":"","caption":"","name":"es-gmu-g2-chiara-lubich-agli-interni-25-02-1995-2","status":"inherit","uploaded_to":341180,"date":"2026-04-30 09:54:36","modified":"2026-04-30 11:28:32","menu_order":0,"mime_type":"application\/pdf","type":"application","subtype":"pdf","icon":"https:\/\/generate.focolare.org\/wp-includes\/images\/media\/document.png"}},{"language":"fr","file":{"ID":340997,"id":340997,"title":"FR-GMU-G2-Chiara Lubich agli interni- 25-02-1995","filename":"FR-GMU-G2-Chiara-Lubich-agli-interni-25-02-1995.pdf","filesize":124282,"url":"https:\/\/generate.focolare.org\/wp-content\/uploads\/2026\/04\/FR-GMU-G2-Chiara-Lubich-agli-interni-25-02-1995.pdf","link":"https:\/\/generate.focolare.org\/en\/content\/growing-within-ones-own-church\/fr-gmu-g2-chiara-lubich-agli-interni-25-02-1995-2\/","alt":"","author":"2253","description":"","caption":"","name":"fr-gmu-g2-chiara-lubich-agli-interni-25-02-1995-2","status":"inherit","uploaded_to":341180,"date":"2026-04-30 09:55:08","modified":"2026-04-30 11:28:33","menu_order":0,"mime_type":"application\/pdf","type":"application","subtype":"pdf","icon":"https:\/\/generate.focolare.org\/wp-includes\/images\/media\/document.png"}},{"language":"pt-pt","file":{"ID":341018,"id":341018,"title":"PT-GMU-G2-Chiara Lubich agli interni- 25-02-1995","filename":"PT-GMU-G2-Chiara-Lubich-agli-interni-25-02-1995.pdf","filesize":131710,"url":"https:\/\/generate.focolare.org\/wp-content\/uploads\/2026\/04\/PT-GMU-G2-Chiara-Lubich-agli-interni-25-02-1995.pdf","link":"https:\/\/generate.focolare.org\/en\/content\/growing-within-ones-own-church\/pt-gmu-g2-chiara-lubich-agli-interni-25-02-1995-2\/","alt":"","author":"2253","description":"","caption":"","name":"pt-gmu-g2-chiara-lubich-agli-interni-25-02-1995-2","status":"inherit","uploaded_to":341180,"date":"2026-04-30 09:55:31","modified":"2026-04-30 11:28:35","menu_order":0,"mime_type":"application\/pdf","type":"application","subtype":"pdf","icon":"https:\/\/generate.focolare.org\/wp-includes\/images\/media\/document.png"}}]},"headers":[],"status":200}},{"content":{"data":{"id":341311,"date":"1998-11-30","date_gmt":"2026-04-30T11:49:01","guid":{"rendered":"https:\/\/generate.focolare.org\/?post_type=content&#038;p=341311"},"modified":"2026-04-30T14:34:21","modified_gmt":"2026-04-30T13:34:21","slug":"who-will-separate-us-from-christ","status":"publish","type":"content","link":"https:\/\/generate.focolare.org\/en\/content\/who-will-separate-us-from-christ\/","title":{"rendered":"Who will separate us from Christ?"},"excerpt":{"rendered":"<p>In the encounter among different Churches, a richness emerges that must be welcomed and valued. Chiara emphasizes how each tradition possesses gifts to offer others and invites all to live unity without imposing, but by recognizing and sharing the good present in each one. In this atmosphere, authentic and fruitful dialogue can arise.<\/p>\n","protected":false},"featured_media":341290,"comment_status":"closed","ping_status":"closed","template":"","tags":[3756,7918,3773,3916,8035,8037,3907,8291,3699,8002,8226,8140,7839,7916,8203,12050],"contributor":[8424],"location":[8380],"audience":[3936],"class_list":["post-341311","content","type-content","status-publish","has-post-thumbnail","hentry","tag-chiara","tag-church","tag-community","tag-dialogue","tag-gen","tag-gen-movement","tag-god","tag-ideal","tag-love","tag-movement","tag-opera-ko","tag-united-world","tag-unity","tag-gioventu-ko","tag-youth","tag-youth-for-a-united-world","contributor-lubich-chiara","location-ottmaring-mariapolis-new-law","audience-gen-2"],"featured_media_url":{"thumbnail":"https:\/\/generate.focolare.org\/wp-content\/uploads\/2026\/04\/Ottmaring-2-1-150x150.png","medium":"https:\/\/generate.focolare.org\/wp-content\/uploads\/2026\/04\/Ottmaring-2-1-300x240.png","medium_large":"https:\/\/generate.focolare.org\/wp-content\/uploads\/2026\/04\/Ottmaring-2-1.png","large":"https:\/\/generate.focolare.org\/wp-content\/uploads\/2026\/04\/Ottmaring-2-1.png","1536x1536":"https:\/\/generate.focolare.org\/wp-content\/uploads\/2026\/04\/Ottmaring-2-1.png","2048x2048":"https:\/\/generate.focolare.org\/wp-content\/uploads\/2026\/04\/Ottmaring-2-1.png","banner":"https:\/\/generate.focolare.org\/wp-content\/uploads\/2026\/04\/Ottmaring-2-1.png","preview":"https:\/\/generate.focolare.org\/wp-content\/uploads\/2026\/04\/Ottmaring-2-1-500x400.png","profile_24":"https:\/\/generate.focolare.org\/wp-content\/uploads\/2026\/04\/Ottmaring-2-1-24x24.png","profile_48":"https:\/\/generate.focolare.org\/wp-content\/uploads\/2026\/04\/Ottmaring-2-1-48x48.png","profile_96":"https:\/\/generate.focolare.org\/wp-content\/uploads\/2026\/04\/Ottmaring-2-1-96x96.png","profile_150":"https:\/\/generate.focolare.org\/wp-content\/uploads\/2026\/04\/Ottmaring-2-1-150x150.png","profile_300":"https:\/\/generate.focolare.org\/wp-content\/uploads\/2026\/04\/Ottmaring-2-1-300x300.png"},"related":[2118,126924,80021,3102,334994,9177],"wpml_current_locale":"en_US","wpml_translations":[{"locale":"it_IT","id":341184,"post_title":"Chi ci separer\u00e0 da Cristo?","href":"https:\/\/generate.focolare.org\/it\/chi-ci-separera-da-cristo\/"},{"locale":"fr_FR","id":341439,"post_title":"Qui nous s\u00e9parera du Christ?","href":"https:\/\/generate.focolare.org\/fr\/qui-nous-separera-du-christ\/"},{"locale":"es_ES","id":341438,"post_title":"\u00bfQui\u00e9n nos separar\u00e1 de Cristo?","href":"https:\/\/generate.focolare.org\/es\/quien-nos-separara-de-cristo\/"},{"locale":"pt_PT","id":341440,"post_title":"Quem nos separar\u00e1 de Cristo?","href":"https:\/\/generate.focolare.org\/pt-pt\/quem-nos-separara-de-cristo\/"}],"format":"video","restrict_roles":null,"link_to_transcription":true,"source":{"ID":341039,"id":341039,"title":"OTTMARING CASETTA SAPIENZA","filename":"OTTMARING-CASETTA-SAPIENZA.mp4","filesize":762907028,"url":"https:\/\/generate.focolare.org\/wp-content\/uploads\/2026\/04\/OTTMARING-CASETTA-SAPIENZA.mp4.hsl\/index.m3u8","link":"https:\/\/generate.focolare.org\/en\/ottmaring-casetta-sapienza-2\/","alt":"","author":"2253","description":"","caption":"","name":"ottmaring-casetta-sapienza-2","status":"inherit","uploaded_to":0,"date":"2026-04-30 10:01:17","modified":"2026-04-30 10:01:17","menu_order":0,"mime_type":"application\/x-mpegURL","type":"video","subtype":"mp4","icon":"https:\/\/generate.focolare.org\/wp-includes\/images\/media\/video.png","width":1280,"height":720},"length":"9","transcriptions":[{"language":"it","file":{"ID":341191,"id":341191,"title":"IT-GMU-G2-Chiara Lubich_Chiara incontra le Gen 2_19981130","filename":"IT-GMU-G2-Chiara-Lubich_Chiara-incontra-le-Gen-2_19981130.pdf","filesize":141357,"url":"https:\/\/generate.focolare.org\/wp-content\/uploads\/2026\/04\/IT-GMU-G2-Chiara-Lubich_Chiara-incontra-le-Gen-2_19981130.pdf","link":"https:\/\/generate.focolare.org\/en\/content\/who-will-separate-us-from-christ\/it-gmu-g2-chiara-lubich_chiara-incontra-le-gen-2_19981130-2\/","alt":"","author":"2253","description":"","caption":"","name":"it-gmu-g2-chiara-lubich_chiara-incontra-le-gen-2_19981130-2","status":"inherit","uploaded_to":341311,"date":"2026-04-30 11:39:48","modified":"2026-04-30 11:46:22","menu_order":0,"mime_type":"application\/pdf","type":"application","subtype":"pdf","icon":"https:\/\/generate.focolare.org\/wp-includes\/images\/media\/document.png"}},{"language":"en","file":{"ID":341212,"id":341212,"title":"EN-GMU-G2-Chiara Lubich_Chiara\u00a0meets\u00a0the\u00a0Gen\u00a02 in the \u201cSapienza\u201d\u00a0Gen Houde_19981130","filename":"EN-GMU-G2-Chiara-Lubich_Chiara-meets-the-Gen-2-in-the-Sapienza-Gen-Houde_19981130.pdf","filesize":146789,"url":"https:\/\/generate.focolare.org\/wp-content\/uploads\/2026\/04\/EN-GMU-G2-Chiara-Lubich_Chiara-meets-the-Gen-2-in-the-Sapienza-Gen-Houde_19981130.pdf","link":"https:\/\/generate.focolare.org\/en\/content\/who-will-separate-us-from-christ\/en-gmu-g2-chiara-lubich_chiara-meets-the-gen-2-in-the-sapienza-gen-houde_19981130-2\/","alt":"","author":"2253","description":"","caption":"","name":"en-gmu-g2-chiara-lubich_chiara-meets-the-gen-2-in-the-sapienza-gen-houde_19981130-2","status":"inherit","uploaded_to":341311,"date":"2026-04-30 11:40:22","modified":"2026-04-30 11:46:23","menu_order":0,"mime_type":"application\/pdf","type":"application","subtype":"pdf","icon":"https:\/\/generate.focolare.org\/wp-includes\/images\/media\/document.png"}},{"language":"es","file":{"ID":341233,"id":341233,"title":"ES-GMU-G2-Chiara Lubich_Chiara se encuentra con los Gen en la Casita Sapienza_19981130","filename":"ES-GMU-G2-Chiara-Lubich_Chiara-se-encuentra-con-los-Gen-en-la-Casita-Sapienza_19981130.pdf","filesize":151085,"url":"https:\/\/generate.focolare.org\/wp-content\/uploads\/2026\/04\/ES-GMU-G2-Chiara-Lubich_Chiara-se-encuentra-con-los-Gen-en-la-Casita-Sapienza_19981130.pdf","link":"https:\/\/generate.focolare.org\/en\/content\/who-will-separate-us-from-christ\/es-gmu-g2-chiara-lubich_chiara-se-encuentra-con-los-gen-en-la-casita-sapienza_19981130-2\/","alt":"","author":"2253","description":"","caption":"","name":"es-gmu-g2-chiara-lubich_chiara-se-encuentra-con-los-gen-en-la-casita-sapienza_19981130-2","status":"inherit","uploaded_to":341311,"date":"2026-04-30 11:41:06","modified":"2026-04-30 11:46:24","menu_order":0,"mime_type":"application\/pdf","type":"application","subtype":"pdf","icon":"https:\/\/generate.focolare.org\/wp-includes\/images\/media\/document.png"}},{"language":"fr","file":{"ID":341254,"id":341254,"title":"FR-GMU-G2-Chiara Lubich_Chiara recontre les Gen 2 dans la Casetta Sapienza_19981130","filename":"FR-GMU-G2-Chiara-Lubich_Chiara-recontre-les-Gen-2-dans-la-Casetta-Sapienza_19981130.pdf","filesize":146295,"url":"https:\/\/generate.focolare.org\/wp-content\/uploads\/2026\/04\/FR-GMU-G2-Chiara-Lubich_Chiara-recontre-les-Gen-2-dans-la-Casetta-Sapienza_19981130.pdf","link":"https:\/\/generate.focolare.org\/en\/content\/who-will-separate-us-from-christ\/fr-gmu-g2-chiara-lubich_chiara-recontre-les-gen-2-dans-la-casetta-sapienza_19981130-2\/","alt":"","author":"2253","description":"","caption":"","name":"fr-gmu-g2-chiara-lubich_chiara-recontre-les-gen-2-dans-la-casetta-sapienza_19981130-2","status":"inherit","uploaded_to":341311,"date":"2026-04-30 11:42:29","modified":"2026-04-30 11:46:26","menu_order":0,"mime_type":"application\/pdf","type":"application","subtype":"pdf","icon":"https:\/\/generate.focolare.org\/wp-includes\/images\/media\/document.png"}},{"language":"pt-pt","file":{"ID":341275,"id":341275,"title":"PT-GMU-G2-Chiara Lubich_Chiara encontra os Gen 2 na Casetta Sapienza_19981130","filename":"PT-GMU-G2-Chiara-Lubich_Chiara-encontra-os-Gen-2-na-Casetta-Sapienza_19981130.pdf","filesize":144046,"url":"https:\/\/generate.focolare.org\/wp-content\/uploads\/2026\/04\/PT-GMU-G2-Chiara-Lubich_Chiara-encontra-os-Gen-2-na-Casetta-Sapienza_19981130.pdf","link":"https:\/\/generate.focolare.org\/en\/content\/who-will-separate-us-from-christ\/pt-gmu-g2-chiara-lubich_chiara-encontra-os-gen-2-na-casetta-sapienza_19981130-2\/","alt":"","author":"2253","description":"","caption":"","name":"pt-gmu-g2-chiara-lubich_chiara-encontra-os-gen-2-na-casetta-sapienza_19981130-2","status":"inherit","uploaded_to":341311,"date":"2026-04-30 11:42:46","modified":"2026-04-30 11:46:27","menu_order":0,"mime_type":"application\/pdf","type":"application","subtype":"pdf","icon":"https:\/\/generate.focolare.org\/wp-includes\/images\/media\/document.png"}}]},"headers":[],"status":200}},{"content":{"data":{"id":341589,"date":"1998-11-30","date_gmt":"2026-04-30T12:21:44","guid":{"rendered":"https:\/\/generate.focolare.org\/?post_type=content&#038;p=341589"},"modified":"2026-04-30T13:22:06","modified_gmt":"2026-04-30T12:22:06","slug":"beyond-boundaries-becoming-one-people-through-unity","status":"publish","type":"content","link":"https:\/\/generate.focolare.org\/en\/content\/beyond-boundaries-becoming-one-people-through-unity\/","title":{"rendered":"Beyond boundaries: becoming one people through unity."},"excerpt":{"rendered":"<p>The Gen are entrusted with a universal charism that embraces everything: dialogue within our Church, among the various Christian Churches, with different religions, and with people of diverse convictions. Despite being young, they are called to fully live this charism.<\/p>\n","protected":false},"featured_media":341463,"comment_status":"closed","ping_status":"closed","template":"","tags":[7918,3916,8037,3907,8291,3699,8002,8226,8140,7839,7916,8203],"contributor":[8424],"location":[8380],"audience":[3936],"class_list":["post-341589","content","type-content","status-publish","has-post-thumbnail","hentry","tag-church","tag-dialogue","tag-gen-movement","tag-god","tag-ideal","tag-love","tag-movement","tag-opera-ko","tag-united-world","tag-unity","tag-gioventu-ko","tag-youth","contributor-lubich-chiara","location-ottmaring-mariapolis-new-law","audience-gen-2"],"featured_media_url":{"thumbnail":"https:\/\/generate.focolare.org\/wp-content\/uploads\/2026\/04\/Ottmaring-4-1-150x150.png","medium":"https:\/\/generate.focolare.org\/wp-content\/uploads\/2026\/04\/Ottmaring-4-1-300x240.png","medium_large":"https:\/\/generate.focolare.org\/wp-content\/uploads\/2026\/04\/Ottmaring-4-1.png","large":"https:\/\/generate.focolare.org\/wp-content\/uploads\/2026\/04\/Ottmaring-4-1.png","1536x1536":"https:\/\/generate.focolare.org\/wp-content\/uploads\/2026\/04\/Ottmaring-4-1.png","2048x2048":"https:\/\/generate.focolare.org\/wp-content\/uploads\/2026\/04\/Ottmaring-4-1.png","banner":"https:\/\/generate.focolare.org\/wp-content\/uploads\/2026\/04\/Ottmaring-4-1.png","preview":"https:\/\/generate.focolare.org\/wp-content\/uploads\/2026\/04\/Ottmaring-4-1-500x400.png","profile_24":"https:\/\/generate.focolare.org\/wp-content\/uploads\/2026\/04\/Ottmaring-4-1-24x24.png","profile_48":"https:\/\/generate.focolare.org\/wp-content\/uploads\/2026\/04\/Ottmaring-4-1-48x48.png","profile_96":"https:\/\/generate.focolare.org\/wp-content\/uploads\/2026\/04\/Ottmaring-4-1-96x96.png","profile_150":"https:\/\/generate.focolare.org\/wp-content\/uploads\/2026\/04\/Ottmaring-4-1-150x150.png","profile_300":"https:\/\/generate.focolare.org\/wp-content\/uploads\/2026\/04\/Ottmaring-4-1-300x300.png"},"related":[20940,21411,68573,324686,110617,80356],"wpml_current_locale":"en_US","wpml_translations":[{"locale":"it_IT","id":341441,"post_title":"Oltre i confini: diventare un solo popolo attraverso l\u2019unit\u00e0","href":"https:\/\/generate.focolare.org\/it\/oltre-i-confini-diventare-un-solo-popolo-attraverso-lunita\/"},{"locale":"fr_FR","id":341612,"post_title":"Au-del\u00e0 des fronti\u00e8res : devenir un seul peuple par l\u2019unit\u00e9.","href":"https:\/\/generate.focolare.org\/fr\/au-dela-des-frontieres-devenir-un-seul-peuple-par-lunite\/"},{"locale":"es_ES","id":341590,"post_title":"M\u00e1s all\u00e1 de las fronteras: llegar a ser un solo pueblo mediante la unidad.","href":"https:\/\/generate.focolare.org\/es\/mas-alla-de-las-fronteras-llegar-a-ser-un-solo-pueblo-mediante-la-unidad\/"},{"locale":"pt_PT","id":341613,"post_title":"Al\u00e9m das fronteiras: tornar-se um s\u00f3 povo atrav\u00e9s da unidade.","href":"https:\/\/generate.focolare.org\/pt-pt\/alem-das-fronteiras-tornar-se-um-so-povo-atraves-da-unidade\/"}],"format":"video","restrict_roles":null,"link_to_transcription":true,"source":{"ID":341060,"id":341060,"title":"ottmaring (4)","filename":"ottmaring-4.mp4","filesize":400197280,"url":"https:\/\/generate.focolare.org\/wp-content\/uploads\/2026\/04\/ottmaring-4.mp4.hsl\/index.m3u8","link":"https:\/\/generate.focolare.org\/en\/content\/who-will-separate-us-from-christ\/ottmaring-4-2\/","alt":"","author":"2253","description":"","caption":"","name":"ottmaring-4-2","status":"inherit","uploaded_to":341311,"date":"2026-04-30 10:02:52","modified":"2026-04-30 11:49:04","menu_order":0,"mime_type":"application\/x-mpegURL","type":"video","subtype":"mp4","icon":"https:\/\/generate.focolare.org\/wp-includes\/images\/media\/video.png","width":1280,"height":720},"length":"5","transcriptions":[{"language":"it","file":{"ID":341490,"id":341490,"title":"IT-GMU-G2-chiara lubich_Chiara incontra le gen 2 nella casetta Sapienza_19981130","filename":"IT-GMU-G2-chiara-lubich_Chiara-incontra-le-gen-2-nella-casetta-22Sapienza22_19981130-1.pdf","filesize":144789,"url":"https:\/\/generate.focolare.org\/wp-content\/uploads\/2026\/04\/IT-GMU-G2-chiara-lubich_Chiara-incontra-le-gen-2-nella-casetta-22Sapienza22_19981130-1.pdf","link":"https:\/\/generate.focolare.org\/en\/content\/beyond-boundaries-becoming-one-people-through-unity\/it-gmu-g2-chiara-lubich_chiara-incontra-le-gen-2-nella-casetta-sapienza_19981130-3\/","alt":"","author":"2253","description":"","caption":"","name":"it-gmu-g2-chiara-lubich_chiara-incontra-le-gen-2-nella-casetta-sapienza_19981130-3","status":"inherit","uploaded_to":341589,"date":"2026-04-30 12:17:42","modified":"2026-04-30 12:22:07","menu_order":0,"mime_type":"application\/pdf","type":"application","subtype":"pdf","icon":"https:\/\/generate.focolare.org\/wp-includes\/images\/media\/document.png"}},{"language":"en","file":{"ID":341511,"id":341511,"title":"EN-GMU-G2-Chiara Lubich_Chiara meets the Gen 2 in the \u201cSapienza\u201d Gen house-_19981130","filename":"EN-GMU-G2-Chiara-Lubich_Chiara-meets-the-Gen-2-in-the-Sapienza-Gen-house-_19981130-1.pdf","filesize":146081,"url":"https:\/\/generate.focolare.org\/wp-content\/uploads\/2026\/04\/EN-GMU-G2-Chiara-Lubich_Chiara-meets-the-Gen-2-in-the-Sapienza-Gen-house-_19981130-1.pdf","link":"https:\/\/generate.focolare.org\/en\/content\/beyond-boundaries-becoming-one-people-through-unity\/en-gmu-g2-chiara-lubich_chiara-meets-the-gen-2-in-the-sapienza-gen-house-_19981130-3\/","alt":"","author":"2253","description":"","caption":"","name":"en-gmu-g2-chiara-lubich_chiara-meets-the-gen-2-in-the-sapienza-gen-house-_19981130-3","status":"inherit","uploaded_to":341589,"date":"2026-04-30 12:18:00","modified":"2026-04-30 12:22:09","menu_order":0,"mime_type":"application\/pdf","type":"application","subtype":"pdf","icon":"https:\/\/generate.focolare.org\/wp-includes\/images\/media\/document.png"}},{"language":"es","file":{"ID":341532,"id":341532,"title":"ES-GMU-G2-Chiara Lubich_Chiara se encuentra con las Gen 2 en la Casita \u201cSapienza\u201d-_19981130","filename":"ES-GMU-G2-Chiara-Lubich_Chiara-se-encuentra-con-las-Gen-2-en-la-Casita-Sapienza-_19981130-1.pdf","filesize":143969,"url":"https:\/\/generate.focolare.org\/wp-content\/uploads\/2026\/04\/ES-GMU-G2-Chiara-Lubich_Chiara-se-encuentra-con-las-Gen-2-en-la-Casita-Sapienza-_19981130-1.pdf","link":"https:\/\/generate.focolare.org\/en\/content\/beyond-boundaries-becoming-one-people-through-unity\/es-gmu-g2-chiara-lubich_chiara-se-encuentra-con-las-gen-2-en-la-casita-sapienza-_19981130-3\/","alt":"","author":"2253","description":"","caption":"","name":"es-gmu-g2-chiara-lubich_chiara-se-encuentra-con-las-gen-2-en-la-casita-sapienza-_19981130-3","status":"inherit","uploaded_to":341589,"date":"2026-04-30 12:18:18","modified":"2026-04-30 12:22:10","menu_order":0,"mime_type":"application\/pdf","type":"application","subtype":"pdf","icon":"https:\/\/generate.focolare.org\/wp-includes\/images\/media\/document.png"}},{"language":"fr","file":{"ID":341553,"id":341553,"title":"FR-GMU-G2-Chiara Lubich_Chiara rencontre les Gen 2 dans la \u00abCasetta Sapienza\u00bb_19981130","filename":"FR-GMU-G2-Chiara-Lubich_Chiara-rencontre-les-Gen-2-dans-la-Casetta-Sapienza_19981130-1.pdf","filesize":147103,"url":"https:\/\/generate.focolare.org\/wp-content\/uploads\/2026\/04\/FR-GMU-G2-Chiara-Lubich_Chiara-rencontre-les-Gen-2-dans-la-Casetta-Sapienza_19981130-1.pdf","link":"https:\/\/generate.focolare.org\/en\/content\/beyond-boundaries-becoming-one-people-through-unity\/fr-gmu-g2-chiara-lubich_chiara-rencontre-les-gen-2-dans-la-casetta-sapienza_19981130-3\/","alt":"","author":"2253","description":"","caption":"","name":"fr-gmu-g2-chiara-lubich_chiara-rencontre-les-gen-2-dans-la-casetta-sapienza_19981130-3","status":"inherit","uploaded_to":341589,"date":"2026-04-30 12:18:34","modified":"2026-04-30 12:22:11","menu_order":0,"mime_type":"application\/pdf","type":"application","subtype":"pdf","icon":"https:\/\/generate.focolare.org\/wp-includes\/images\/media\/document.png"}},{"language":"pt-pt","file":{"ID":341574,"id":341574,"title":"PT-GMU-G2-Chiara Lubich_Chiara encontra as Gen 2 na \u201cCasetta Sapienza\u201d_19981130","filename":"PT-GMU-G2-Chiara-Lubich_Chiara-encontra-as-Gen-2-na-Casetta-Sapienza_19981130-1.pdf","filesize":145390,"url":"https:\/\/generate.focolare.org\/wp-content\/uploads\/2026\/04\/PT-GMU-G2-Chiara-Lubich_Chiara-encontra-as-Gen-2-na-Casetta-Sapienza_19981130-1.pdf","link":"https:\/\/generate.focolare.org\/en\/content\/beyond-boundaries-becoming-one-people-through-unity\/pt-gmu-g2-chiara-lubich_chiara-encontra-as-gen-2-na-casetta-sapienza_19981130-3\/","alt":"","author":"2253","description":"","caption":"","name":"pt-gmu-g2-chiara-lubich_chiara-encontra-as-gen-2-na-casetta-sapienza_19981130-3","status":"inherit","uploaded_to":341589,"date":"2026-04-30 12:18:54","modified":"2026-04-30 12:22:12","menu_order":0,"mime_type":"application\/pdf","type":"application","subtype":"pdf","icon":"https:\/\/generate.focolare.org\/wp-includes\/images\/media\/document.png"}}]},"headers":[],"status":200}},{"content":{"data":{"id":341741,"date":"1998-11-30","date_gmt":"2026-04-30T12:34:07","guid":{"rendered":"https:\/\/generate.focolare.org\/?post_type=content&#038;p=341741"},"modified":"2026-04-30T13:34:29","modified_gmt":"2026-04-30T12:34:29","slug":"a-movement-of-love-in-secret","status":"publish","type":"content","link":"https:\/\/generate.focolare.org\/en\/content\/a-movement-of-love-in-secret\/","title":{"rendered":"A movement of love in secret."},"excerpt":{"rendered":"<p>Chiara recounts her experience in Germany, recognizing a land marked by a strong witness to the Ideal, even beyond the Iron Curtain. She highlights the strength of lived love, the presence of Jesus among them as the center of the Movement, and invites looking ahead with gratitude and renewed momentum to contribute to change.<\/p>\n","protected":false},"featured_media":341615,"comment_status":"closed","ping_status":"closed","template":"","tags":[7918,3916,8037,3907,8291,3699,8002,8226,8140,7839,7916,8203],"contributor":[8424],"location":[8380],"audience":[3936],"class_list":["post-341741","content","type-content","status-publish","has-post-thumbnail","hentry","tag-church","tag-dialogue","tag-gen-movement","tag-god","tag-ideal","tag-love","tag-movement","tag-opera-ko","tag-united-world","tag-unity","tag-gioventu-ko","tag-youth","contributor-lubich-chiara","location-ottmaring-mariapolis-new-law","audience-gen-2"],"featured_media_url":{"thumbnail":"https:\/\/generate.focolare.org\/wp-content\/uploads\/2026\/04\/Ottmaring-con-i-gen-150x150.png","medium":"https:\/\/generate.focolare.org\/wp-content\/uploads\/2026\/04\/Ottmaring-con-i-gen-300x240.png","medium_large":"https:\/\/generate.focolare.org\/wp-content\/uploads\/2026\/04\/Ottmaring-con-i-gen.png","large":"https:\/\/generate.focolare.org\/wp-content\/uploads\/2026\/04\/Ottmaring-con-i-gen.png","1536x1536":"https:\/\/generate.focolare.org\/wp-content\/uploads\/2026\/04\/Ottmaring-con-i-gen.png","2048x2048":"https:\/\/generate.focolare.org\/wp-content\/uploads\/2026\/04\/Ottmaring-con-i-gen.png","banner":"https:\/\/generate.focolare.org\/wp-content\/uploads\/2026\/04\/Ottmaring-con-i-gen.png","preview":"https:\/\/generate.focolare.org\/wp-content\/uploads\/2026\/04\/Ottmaring-con-i-gen-500x400.png","profile_24":"https:\/\/generate.focolare.org\/wp-content\/uploads\/2026\/04\/Ottmaring-con-i-gen-24x24.png","profile_48":"https:\/\/generate.focolare.org\/wp-content\/uploads\/2026\/04\/Ottmaring-con-i-gen-48x48.png","profile_96":"https:\/\/generate.focolare.org\/wp-content\/uploads\/2026\/04\/Ottmaring-con-i-gen-96x96.png","profile_150":"https:\/\/generate.focolare.org\/wp-content\/uploads\/2026\/04\/Ottmaring-con-i-gen-150x150.png","profile_300":"https:\/\/generate.focolare.org\/wp-content\/uploads\/2026\/04\/Ottmaring-con-i-gen-300x300.png"},"related":[297019,127100,4586,116841,80152,80025],"wpml_current_locale":"en_US","wpml_translations":[{"locale":"it_IT","id":341614,"post_title":"Un movimento d\u2019amore nel segreto.","href":"https:\/\/generate.focolare.org\/it\/un-movimento-damore-nel-segreto\/"},{"locale":"fr_FR","id":341743,"post_title":"Un mouvement d\u2019amour dans le secret.","href":"https:\/\/generate.focolare.org\/fr\/un-mouvement-damour-dans-le-secret\/"},{"locale":"es_ES","id":341742,"post_title":"Un movimiento de amor en lo oculto.","href":"https:\/\/generate.focolare.org\/es\/un-movimiento-de-amor-en-lo-oculto\/"},{"locale":"pt_PT","id":341744,"post_title":"Um movimento de amor no segredo.","href":"https:\/\/generate.focolare.org\/pt-pt\/um-movimento-de-amor-no-segredo\/"}],"format":"video","restrict_roles":null,"link_to_transcription":true,"source":{"ID":341081,"id":341081,"title":"OTTMARING AI GEN","filename":"OTTMARING-AI-GEN-.mp4","filesize":501293979,"url":"https:\/\/generate.focolare.org\/wp-content\/uploads\/2026\/04\/OTTMARING-AI-GEN-.mp4.hsl\/index.m3u8","link":"https:\/\/generate.focolare.org\/en\/ottmaring-ai-gen-2\/","alt":"","author":"2253","description":"","caption":"","name":"ottmaring-ai-gen-2","status":"inherit","uploaded_to":0,"date":"2026-04-30 10:04:20","modified":"2026-04-30 10:04:20","menu_order":0,"mime_type":"application\/x-mpegURL","type":"video","subtype":"mp4","icon":"https:\/\/generate.focolare.org\/wp-includes\/images\/media\/video.png","width":1280,"height":720},"length":"8","transcriptions":[{"language":"it","file":{"ID":341642,"id":341642,"title":"IT-GMU-G2-Chiara Lubich_Chiara incontra i gen 2 nella casetta Pasqua_19981130","filename":"IT-GMU-G2-Chiara-Lubich_Chiara-incontra-i-gen-2-nella-casetta-22Pasqua22_19981130.pdf","filesize":153272,"url":"https:\/\/generate.focolare.org\/wp-content\/uploads\/2026\/04\/IT-GMU-G2-Chiara-Lubich_Chiara-incontra-i-gen-2-nella-casetta-22Pasqua22_19981130.pdf","link":"https:\/\/generate.focolare.org\/en\/content\/a-movement-of-love-in-secret\/it-gmu-g2-chiara-lubich_chiara-incontra-i-gen-2-nella-casetta-pasqua_19981130-2\/","alt":"","author":"2253","description":"","caption":"","name":"it-gmu-g2-chiara-lubich_chiara-incontra-i-gen-2-nella-casetta-pasqua_19981130-2","status":"inherit","uploaded_to":341741,"date":"2026-04-30 12:29:55","modified":"2026-04-30 12:34:31","menu_order":0,"mime_type":"application\/pdf","type":"application","subtype":"pdf","icon":"https:\/\/generate.focolare.org\/wp-includes\/images\/media\/document.png"}},{"language":"en","file":{"ID":341663,"id":341663,"title":"EN-GMU-G2-Chiara Lubich_Chiara meets the Gen 2 in the Gen house \u201cPasqua_19981130","filename":"EN-GMU-G2-Chiara-Lubich_Chiara-meets-the-Gen-2-in-the-Gen-house-Pasqua22_19981130.pdf","filesize":146798,"url":"https:\/\/generate.focolare.org\/wp-content\/uploads\/2026\/04\/EN-GMU-G2-Chiara-Lubich_Chiara-meets-the-Gen-2-in-the-Gen-house-Pasqua22_19981130.pdf","link":"https:\/\/generate.focolare.org\/en\/content\/a-movement-of-love-in-secret\/en-gmu-g2-chiara-lubich_chiara-meets-the-gen-2-in-the-gen-house-pasqua_19981130-2\/","alt":"","author":"2253","description":"","caption":"","name":"en-gmu-g2-chiara-lubich_chiara-meets-the-gen-2-in-the-gen-house-pasqua_19981130-2","status":"inherit","uploaded_to":341741,"date":"2026-04-30 12:30:12","modified":"2026-04-30 12:34:33","menu_order":0,"mime_type":"application\/pdf","type":"application","subtype":"pdf","icon":"https:\/\/generate.focolare.org\/wp-includes\/images\/media\/document.png"}},{"language":"es","file":{"ID":341684,"id":341684,"title":"ES-GMU-G2-Chiara Lubich_Chiara se encuentra con los Gen 2 en la casita \u201cPasqua_19981130","filename":"ES-GMU-G2-Chiara-Lubich_Chiara-se-encuentra-con-los-Gen-2-en-la-casita-Pasqua22_19981130.pdf","filesize":146138,"url":"https:\/\/generate.focolare.org\/wp-content\/uploads\/2026\/04\/ES-GMU-G2-Chiara-Lubich_Chiara-se-encuentra-con-los-Gen-2-en-la-casita-Pasqua22_19981130.pdf","link":"https:\/\/generate.focolare.org\/en\/content\/a-movement-of-love-in-secret\/es-gmu-g2-chiara-lubich_chiara-se-encuentra-con-los-gen-2-en-la-casita-pasqua_19981130-2\/","alt":"","author":"2253","description":"","caption":"","name":"es-gmu-g2-chiara-lubich_chiara-se-encuentra-con-los-gen-2-en-la-casita-pasqua_19981130-2","status":"inherit","uploaded_to":341741,"date":"2026-04-30 12:30:40","modified":"2026-04-30 12:34:37","menu_order":0,"mime_type":"application\/pdf","type":"application","subtype":"pdf","icon":"https:\/\/generate.focolare.org\/wp-includes\/images\/media\/document.png"}},{"language":"fr","file":{"ID":341705,"id":341705,"title":"FR-GMU-G2-Chiara Lubich_Chiara rencontre les Gen 2 dans la \u00abCasetta Sapienza\u00bb_19981130","filename":"FR-GMU-G2-Chiara-Lubich_Chiara-rencontre-les-Gen-2-dans-la-Casetta-Sapienza_19981130-2.pdf","filesize":159026,"url":"https:\/\/generate.focolare.org\/wp-content\/uploads\/2026\/04\/FR-GMU-G2-Chiara-Lubich_Chiara-rencontre-les-Gen-2-dans-la-Casetta-Sapienza_19981130-2.pdf","link":"https:\/\/generate.focolare.org\/en\/content\/a-movement-of-love-in-secret\/fr-gmu-g2-chiara-lubich_chiara-rencontre-les-gen-2-dans-la-casetta-sapienza_19981130-3-2\/","alt":"","author":"2253","description":"","caption":"","name":"fr-gmu-g2-chiara-lubich_chiara-rencontre-les-gen-2-dans-la-casetta-sapienza_19981130-3-2","status":"inherit","uploaded_to":341741,"date":"2026-04-30 12:31:06","modified":"2026-04-30 12:34:38","menu_order":0,"mime_type":"application\/pdf","type":"application","subtype":"pdf","icon":"https:\/\/generate.focolare.org\/wp-includes\/images\/media\/document.png"}},{"language":"pt-pt","file":{"ID":341726,"id":341726,"title":"PT-GMU-G2-Chiara Lubich_Chiara encontra os Gen 2 na \u201cCasetta Pasqua\u201d-_19981130","filename":"PT-GMU-G2-Chiara-Lubich_Chiara-encontra-os-Gen-2-na-Casetta-Pasqua-_19981130.pdf","filesize":157453,"url":"https:\/\/generate.focolare.org\/wp-content\/uploads\/2026\/04\/PT-GMU-G2-Chiara-Lubich_Chiara-encontra-os-Gen-2-na-Casetta-Pasqua-_19981130.pdf","link":"https:\/\/generate.focolare.org\/en\/content\/a-movement-of-love-in-secret\/pt-gmu-g2-chiara-lubich_chiara-encontra-os-gen-2-na-casetta-pasqua-_19981130-2\/","alt":"","author":"2253","description":"","caption":"","name":"pt-gmu-g2-chiara-lubich_chiara-encontra-os-gen-2-na-casetta-pasqua-_19981130-2","status":"inherit","uploaded_to":341741,"date":"2026-04-30 12:31:32","modified":"2026-04-30 12:34:39","menu_order":0,"mime_type":"application\/pdf","type":"application","subtype":"pdf","icon":"https:\/\/generate.focolare.org\/wp-includes\/images\/media\/document.png"}}]},"headers":[],"status":200}},{"content":{"data":{"id":341872,"date":"1999-11-01","date_gmt":"2026-04-30T12:51:10","guid":{"rendered":"https:\/\/generate.focolare.org\/?post_type=content&#038;p=341872"},"modified":"2026-04-30T13:51:35","modified_gmt":"2026-04-30T12:51:35","slug":"justification-god-loved-us-first","status":"publish","type":"content","link":"https:\/\/generate.focolare.org\/en\/content\/justification-god-loved-us-first\/","title":{"rendered":"Justification: God loved us first."},"excerpt":{"rendered":"<p>Chiara explains the meaning of justification as an expression of God\u2019s gratuitous love, who loves first without waiting for human merit. She invites living this reality with simplicity, recognizing God\u2019s love and responding with a concrete life of love toward others, capable of generating unity even among different confessions.<\/p>\n","protected":false},"featured_media":341746,"comment_status":"closed","ping_status":"closed","template":"","tags":[7918,3773,3916,8035,8037,3907,8291,8053,3699,8002,8226,7839,7916,8203],"contributor":[8424],"location":[8380],"audience":[3936],"class_list":["post-341872","content","type-content","status-publish","has-post-thumbnail","hentry","tag-church","tag-community","tag-dialogue","tag-gen","tag-gen-movement","tag-god","tag-ideal","tag-life","tag-love","tag-movement","tag-opera-ko","tag-unity","tag-gioventu-ko","tag-youth","contributor-lubich-chiara","location-ottmaring-mariapolis-new-law","audience-gen-2"],"featured_media_url":{"thumbnail":"https:\/\/generate.focolare.org\/wp-content\/uploads\/2026\/04\/ottmaring-1999-150x150.png","medium":"https:\/\/generate.focolare.org\/wp-content\/uploads\/2026\/04\/ottmaring-1999-300x240.png","medium_large":"https:\/\/generate.focolare.org\/wp-content\/uploads\/2026\/04\/ottmaring-1999.png","large":"https:\/\/generate.focolare.org\/wp-content\/uploads\/2026\/04\/ottmaring-1999.png","1536x1536":"https:\/\/generate.focolare.org\/wp-content\/uploads\/2026\/04\/ottmaring-1999.png","2048x2048":"https:\/\/generate.focolare.org\/wp-content\/uploads\/2026\/04\/ottmaring-1999.png","banner":"https:\/\/generate.focolare.org\/wp-content\/uploads\/2026\/04\/ottmaring-1999.png","preview":"https:\/\/generate.focolare.org\/wp-content\/uploads\/2026\/04\/ottmaring-1999-500x400.png","profile_24":"https:\/\/generate.focolare.org\/wp-content\/uploads\/2026\/04\/ottmaring-1999-24x24.png","profile_48":"https:\/\/generate.focolare.org\/wp-content\/uploads\/2026\/04\/ottmaring-1999-48x48.png","profile_96":"https:\/\/generate.focolare.org\/wp-content\/uploads\/2026\/04\/ottmaring-1999-96x96.png","profile_150":"https:\/\/generate.focolare.org\/wp-content\/uploads\/2026\/04\/ottmaring-1999-150x150.png","profile_300":"https:\/\/generate.focolare.org\/wp-content\/uploads\/2026\/04\/ottmaring-1999-300x300.png"},"related":[284666,128377,116825,319822,80152,321959],"wpml_current_locale":"en_US","wpml_translations":[{"locale":"it_IT","id":341745,"post_title":"La giustificazione: Dio ci ha amati per primo.","href":"https:\/\/generate.focolare.org\/it\/la-giustificazione-dio-ci-ha-amati-per-primo\/"},{"locale":"fr_FR","id":341874,"post_title":"La justification : Dieu nous a aim\u00e9s le premier.","href":"https:\/\/generate.focolare.org\/fr\/la-justification-dieu-nous-a-aimes-le-premier\/"},{"locale":"es_ES","id":341873,"post_title":"La justificaci\u00f3n: Dios nos am\u00f3 primero.","href":"https:\/\/generate.focolare.org\/es\/la-justificacion-dios-nos-amo-primero\/"},{"locale":"pt_PT","id":341875,"post_title":"A justifica\u00e7\u00e3o: Deus nos amou primeiro.","href":"https:\/\/generate.focolare.org\/pt-pt\/a-justificacao-deus-nos-amou-primeiro\/"}],"format":"video","restrict_roles":null,"link_to_transcription":true,"source":{"ID":341102,"id":341102,"title":"OTTMARING - 1999 - I GEN E LE GEN","filename":"OTTMARING-1999-I-GEN-E-LE-GEN.mp4","filesize":624330813,"url":"https:\/\/generate.focolare.org\/wp-content\/uploads\/2026\/04\/OTTMARING-1999-I-GEN-E-LE-GEN.mp4","link":"https:\/\/generate.focolare.org\/en\/ottmaring-1999-i-gen-e-le-gen-2\/","alt":"","author":"2253","description":"","caption":"","name":"ottmaring-1999-i-gen-e-le-gen-2","status":"inherit","uploaded_to":0,"date":"2026-04-30 10:06:17","modified":"2026-04-30 10:06:17","menu_order":0,"mime_type":"video\/mp4","type":"video","subtype":"mp4","icon":"https:\/\/generate.focolare.org\/wp-includes\/images\/media\/video.png","width":1280,"height":720},"length":"7","transcriptions":[{"language":"it","file":{"ID":341773,"id":341773,"title":"IT-GMU-G2-chiara lubich_Chiara incontra i gen e le gen 2 alla Casetta Pasqua_19991101","filename":"IT-GMU-G2-chiara-lubich_Chiara-incontra-i-gen-e-le-gen-2-alla-Casetta-Pasqua_19991101.pdf","filesize":159380,"url":"https:\/\/generate.focolare.org\/wp-content\/uploads\/2026\/04\/IT-GMU-G2-chiara-lubich_Chiara-incontra-i-gen-e-le-gen-2-alla-Casetta-Pasqua_19991101.pdf","link":"https:\/\/generate.focolare.org\/en\/content\/justification-god-loved-us-first\/it-gmu-g2-chiara-lubich_chiara-incontra-i-gen-e-le-gen-2-alla-casetta-pasqua_19991101-2\/","alt":"","author":"2253","description":"","caption":"","name":"it-gmu-g2-chiara-lubich_chiara-incontra-i-gen-e-le-gen-2-alla-casetta-pasqua_19991101-2","status":"inherit","uploaded_to":341872,"date":"2026-04-30 12:45:17","modified":"2026-04-30 12:51:36","menu_order":0,"mime_type":"application\/pdf","type":"application","subtype":"pdf","icon":"https:\/\/generate.focolare.org\/wp-includes\/images\/media\/document.png"}},{"language":"en","file":{"ID":341794,"id":341794,"title":"EN-GMU-G2-chiara lubich_Chiara meets the Gen and Gen 2 at \u201cCasetta Pasqua\u201d-_19991101","filename":"EN-GMU-G2-chiara-lubich_Chiara-meets-the-Gen-and-Gen-2-at-Casetta-Pasqua-_19991101.pdf","filesize":152110,"url":"https:\/\/generate.focolare.org\/wp-content\/uploads\/2026\/04\/EN-GMU-G2-chiara-lubich_Chiara-meets-the-Gen-and-Gen-2-at-Casetta-Pasqua-_19991101.pdf","link":"https:\/\/generate.focolare.org\/en\/content\/justification-god-loved-us-first\/en-gmu-g2-chiara-lubich_chiara-meets-the-gen-and-gen-2-at-casetta-pasqua-_19991101-2\/","alt":"","author":"2253","description":"","caption":"","name":"en-gmu-g2-chiara-lubich_chiara-meets-the-gen-and-gen-2-at-casetta-pasqua-_19991101-2","status":"inherit","uploaded_to":341872,"date":"2026-04-30 12:45:37","modified":"2026-04-30 12:51:37","menu_order":0,"mime_type":"application\/pdf","type":"application","subtype":"pdf","icon":"https:\/\/generate.focolare.org\/wp-includes\/images\/media\/document.png"}},{"language":"es","file":{"ID":341815,"id":341815,"title":"ES-GMU-G2-chiara lubich_Chiara se encuentra con los gen y las gen 2 en la Casita \u201cPasqua\u201d-_19991101","filename":"ES-GMU-G2-chiara-lubich_Chiara-se-encuentra-con-los-gen-y-las-gen-2-en-la-Casita-Pasqua-_19991101.pdf","filesize":159955,"url":"https:\/\/generate.focolare.org\/wp-content\/uploads\/2026\/04\/ES-GMU-G2-chiara-lubich_Chiara-se-encuentra-con-los-gen-y-las-gen-2-en-la-Casita-Pasqua-_19991101.pdf","link":"https:\/\/generate.focolare.org\/en\/content\/justification-god-loved-us-first\/es-gmu-g2-chiara-lubich_chiara-se-encuentra-con-los-gen-y-las-gen-2-en-la-casita-pasqua-_19991101-2\/","alt":"","author":"2253","description":"","caption":"","name":"es-gmu-g2-chiara-lubich_chiara-se-encuentra-con-los-gen-y-las-gen-2-en-la-casita-pasqua-_19991101-2","status":"inherit","uploaded_to":341872,"date":"2026-04-30 12:45:56","modified":"2026-04-30 12:51:39","menu_order":0,"mime_type":"application\/pdf","type":"application","subtype":"pdf","icon":"https:\/\/generate.focolare.org\/wp-includes\/images\/media\/document.png"}},{"language":"fr","file":{"ID":341836,"id":341836,"title":"FR-GMU-G2-chiara lubich_Chiara rencontre les Gen et les Gen 2 \u00e0 la \u201cCasetta Pasqua\u201d_19991101","filename":"FR-GMU-G2-chiara-lubich_Chiara-rencontre-les-Gen-et-les-Gen-2-a-la-Casetta-Pasqua_19991101.pdf","filesize":153912,"url":"https:\/\/generate.focolare.org\/wp-content\/uploads\/2026\/04\/FR-GMU-G2-chiara-lubich_Chiara-rencontre-les-Gen-et-les-Gen-2-a-la-Casetta-Pasqua_19991101.pdf","link":"https:\/\/generate.focolare.org\/en\/content\/justification-god-loved-us-first\/fr-gmu-g2-chiara-lubich_chiara-rencontre-les-gen-et-les-gen-2-a-la-casetta-pasqua_19991101-2\/","alt":"","author":"2253","description":"","caption":"","name":"fr-gmu-g2-chiara-lubich_chiara-rencontre-les-gen-et-les-gen-2-a-la-casetta-pasqua_19991101-2","status":"inherit","uploaded_to":341872,"date":"2026-04-30 12:46:25","modified":"2026-04-30 12:51:40","menu_order":0,"mime_type":"application\/pdf","type":"application","subtype":"pdf","icon":"https:\/\/generate.focolare.org\/wp-includes\/images\/media\/document.png"}},{"language":"pt-pt","file":{"ID":341857,"id":341857,"title":"PT-GMU-G2-chiara lubich_Chiara encontra os Gen e as Gen2 na \u201cCasetta Pasqua\u201d-_19991101","filename":"PT-GMU-G2-chiara-lubich_Chiara-encontra-os-Gen-e-as-Gen2-na-Casetta-Pasqua-_19991101.pdf","filesize":151987,"url":"https:\/\/generate.focolare.org\/wp-content\/uploads\/2026\/04\/PT-GMU-G2-chiara-lubich_Chiara-encontra-os-Gen-e-as-Gen2-na-Casetta-Pasqua-_19991101.pdf","link":"https:\/\/generate.focolare.org\/en\/content\/justification-god-loved-us-first\/pt-gmu-g2-chiara-lubich_chiara-encontra-os-gen-e-as-gen2-na-casetta-pasqua-_19991101-2\/","alt":"","author":"2253","description":"","caption":"","name":"pt-gmu-g2-chiara-lubich_chiara-encontra-os-gen-e-as-gen2-na-casetta-pasqua-_19991101-2","status":"inherit","uploaded_to":341872,"date":"2026-04-30 12:46:44","modified":"2026-04-30 12:51:41","menu_order":0,"mime_type":"application\/pdf","type":"application","subtype":"pdf","icon":"https:\/\/generate.focolare.org\/wp-includes\/images\/media\/document.png"}}]},"headers":[],"status":200}},{"content":{"data":{"id":342003,"date":"2000-05-08","date_gmt":"2026-04-30T13:03:55","guid":{"rendered":"https:\/\/generate.focolare.org\/?post_type=content&#038;p=342003"},"modified":"2026-04-30T14:41:24","modified_gmt":"2026-04-30T13:41:24","slug":"a-joy-born-from-unity","status":"publish","type":"content","link":"https:\/\/generate.focolare.org\/en\/content\/a-joy-born-from-unity\/","title":{"rendered":"A joy born from unity."},"excerpt":{"rendered":"<p>Chiara answers a question regarding the agreement between the Catholic Church and the Evangelical Lutheran Church. She explains how, through study and mutual love, they arrived at sharing the same vision on a truth that once divided them. This event becomes a sign that ecumenism truly progresses and gives courage to continue.<\/p>\n","protected":false},"featured_media":341877,"comment_status":"closed","ping_status":"closed","template":"","tags":[3756,7918,3773,3916,8035,8037,3907,8291,3699,8002,8226,12897,8140,7839,7916,8203],"contributor":[8424],"location":[20690],"audience":[3936],"class_list":["post-342003","content","type-content","status-publish","has-post-thumbnail","hentry","tag-chiara","tag-church","tag-community","tag-dialogue","tag-gen","tag-gen-movement","tag-god","tag-ideal","tag-love","tag-movement","tag-opera-ko","tag-songs","tag-united-world","tag-unity","tag-gioventu-ko","tag-youth","contributor-lubich-chiara","location-fontem-2","audience-gen-2"],"featured_media_url":{"thumbnail":"https:\/\/generate.focolare.org\/wp-content\/uploads\/2026\/04\/fontem-150x150.png","medium":"https:\/\/generate.focolare.org\/wp-content\/uploads\/2026\/04\/fontem-300x240.png","medium_large":"https:\/\/generate.focolare.org\/wp-content\/uploads\/2026\/04\/fontem.png","large":"https:\/\/generate.focolare.org\/wp-content\/uploads\/2026\/04\/fontem.png","1536x1536":"https:\/\/generate.focolare.org\/wp-content\/uploads\/2026\/04\/fontem.png","2048x2048":"https:\/\/generate.focolare.org\/wp-content\/uploads\/2026\/04\/fontem.png","banner":"https:\/\/generate.focolare.org\/wp-content\/uploads\/2026\/04\/fontem.png","preview":"https:\/\/generate.focolare.org\/wp-content\/uploads\/2026\/04\/fontem-500x400.png","profile_24":"https:\/\/generate.focolare.org\/wp-content\/uploads\/2026\/04\/fontem-24x24.png","profile_48":"https:\/\/generate.focolare.org\/wp-content\/uploads\/2026\/04\/fontem-48x48.png","profile_96":"https:\/\/generate.focolare.org\/wp-content\/uploads\/2026\/04\/fontem-96x96.png","profile_150":"https:\/\/generate.focolare.org\/wp-content\/uploads\/2026\/04\/fontem-150x150.png","profile_300":"https:\/\/generate.focolare.org\/wp-content\/uploads\/2026\/04\/fontem-300x300.png"},"related":[21411,20940,68573,80369,6085,2801],"wpml_current_locale":"en_US","wpml_translations":[{"locale":"it_IT","id":341876,"post_title":"Una gioia che nasce dall\u2019unit\u00e0.","href":"https:\/\/generate.focolare.org\/it\/una-gioia-che-nasce-dallunita\/"},{"locale":"fr_FR","id":342005,"post_title":"Une joie qui na\u00eet de l\u2019unit\u00e9.","href":"https:\/\/generate.focolare.org\/fr\/une-joie-qui-nait-de-lunite\/"},{"locale":"es_ES","id":342004,"post_title":"Una alegr\u00eda que nace de la unidad.","href":"https:\/\/generate.focolare.org\/es\/una-alegria-que-nace-de-la-unidad\/"},{"locale":"pt_PT","id":342006,"post_title":"Uma alegria que nasce da unidade.","href":"https:\/\/generate.focolare.org\/pt-pt\/uma-alegria-que-nasce-da-unidade\/"}],"format":"video","restrict_roles":null,"link_to_transcription":true,"source":{"ID":341123,"id":341123,"title":"FONTEM 8:5:2000","filename":"FONTEM-852000.mp4","filesize":1008650411,"url":"https:\/\/generate.focolare.org\/wp-content\/uploads\/2026\/04\/FONTEM-852000.mp4","link":"https:\/\/generate.focolare.org\/en\/fontem-852000-2\/","alt":"","author":"2253","description":"","caption":"","name":"fontem-852000-2","status":"inherit","uploaded_to":0,"date":"2026-04-30 10:09:12","modified":"2026-04-30 10:09:12","menu_order":0,"mime_type":"video\/mp4","type":"video","subtype":"mp4","icon":"https:\/\/generate.focolare.org\/wp-includes\/images\/media\/video.png","width":1920,"height":1080},"length":"7","transcriptions":[{"language":"it","file":{"ID":341904,"id":341904,"title":"IT-G2-GMU-Chiara Lubich_Chiara agli interni_20000508","filename":"IT-G2-GMU-Chiara-Lubich_Chiara-agli-interni_20000508.pdf","filesize":131961,"url":"https:\/\/generate.focolare.org\/wp-content\/uploads\/2026\/04\/IT-G2-GMU-Chiara-Lubich_Chiara-agli-interni_20000508.pdf","link":"https:\/\/generate.focolare.org\/en\/content\/a-joy-born-from-unity\/it-g2-gmu-chiara-lubich_chiara-agli-interni_20000508-2\/","alt":"","author":"2253","description":"","caption":"","name":"it-g2-gmu-chiara-lubich_chiara-agli-interni_20000508-2","status":"inherit","uploaded_to":342003,"date":"2026-04-30 12:57:56","modified":"2026-04-30 13:04:21","menu_order":0,"mime_type":"application\/pdf","type":"application","subtype":"pdf","icon":"https:\/\/generate.focolare.org\/wp-includes\/images\/media\/document.png"}},{"language":"en","file":{"ID":341925,"id":341925,"title":"EN-G2-GMU-Chiara Lubich_Chiara to the\u00a0members\u00a0in the\u00a0areas\u00a0of Africa_20000508","filename":"EN-G2-GMU-Chiara-Lubich_Chiara-to-the-members-in-the-areas-of-Africa_20000508.pdf","filesize":132323,"url":"https:\/\/generate.focolare.org\/wp-content\/uploads\/2026\/04\/EN-G2-GMU-Chiara-Lubich_Chiara-to-the-members-in-the-areas-of-Africa_20000508.pdf","link":"https:\/\/generate.focolare.org\/en\/content\/a-joy-born-from-unity\/en-g2-gmu-chiara-lubich_chiara-to-the-members-in-the-areas-of-africa_20000508-2\/","alt":"","author":"2253","description":"","caption":"","name":"en-g2-gmu-chiara-lubich_chiara-to-the-members-in-the-areas-of-africa_20000508-2","status":"inherit","uploaded_to":342003,"date":"2026-04-30 12:58:13","modified":"2026-04-30 13:04:22","menu_order":0,"mime_type":"application\/pdf","type":"application","subtype":"pdf","icon":"https:\/\/generate.focolare.org\/wp-includes\/images\/media\/document.png"}},{"language":"es","file":{"ID":341946,"id":341946,"title":"ES-G2-GMU-Chiara Lubich_Chiara a\u00a0los\u00a0miembros\u00a0de\u00a0las\u00a0zonas\u00a0de\u00a0\u00c1frica_20000508","filename":"ES-G2-GMU-Chiara-Lubich_Chiara-a-los-miembros-de-las-zonas-de-Africa_20000508.pdf","filesize":132968,"url":"https:\/\/generate.focolare.org\/wp-content\/uploads\/2026\/04\/ES-G2-GMU-Chiara-Lubich_Chiara-a-los-miembros-de-las-zonas-de-Africa_20000508.pdf","link":"https:\/\/generate.focolare.org\/en\/content\/a-joy-born-from-unity\/es-g2-gmu-chiara-lubich_chiara-a-los-miembros-de-las-zonas-de-africa_20000508-2\/","alt":"","author":"2253","description":"","caption":"","name":"es-g2-gmu-chiara-lubich_chiara-a-los-miembros-de-las-zonas-de-africa_20000508-2","status":"inherit","uploaded_to":342003,"date":"2026-04-30 12:58:34","modified":"2026-04-30 13:04:24","menu_order":0,"mime_type":"application\/pdf","type":"application","subtype":"pdf","icon":"https:\/\/generate.focolare.org\/wp-includes\/images\/media\/document.png"}},{"language":"fr","file":{"ID":341967,"id":341967,"title":"FR-G2-GMU-Chiara Lubich_Chiara\u00a0aux\u00a0membres\u00a0des\u00a0zones d\u2019Afrique_20000508","filename":"FR-G2-GMU-Chiara-Lubich_Chiara-aux-membres-des-zones-dAfrique_20000508.pdf","filesize":133208,"url":"https:\/\/generate.focolare.org\/wp-content\/uploads\/2026\/04\/FR-G2-GMU-Chiara-Lubich_Chiara-aux-membres-des-zones-dAfrique_20000508.pdf","link":"https:\/\/generate.focolare.org\/en\/content\/a-joy-born-from-unity\/fr-g2-gmu-chiara-lubich_chiara-aux-membres-des-zones-dafrique_20000508-2\/","alt":"","author":"2253","description":"","caption":"","name":"fr-g2-gmu-chiara-lubich_chiara-aux-membres-des-zones-dafrique_20000508-2","status":"inherit","uploaded_to":342003,"date":"2026-04-30 12:58:59","modified":"2026-04-30 13:04:25","menu_order":0,"mime_type":"application\/pdf","type":"application","subtype":"pdf","icon":"https:\/\/generate.focolare.org\/wp-includes\/images\/media\/document.png"}},{"language":"pt-pt","file":{"ID":341988,"id":341988,"title":"PT-G2-GMU-Chiara Lubich_Chiara\u00a0aos\u00a0membros\u00a0das\u00a0zonas\u00a0da\u00a0\u00c1frica_20000508","filename":"PT-G2-GMU-Chiara-Lubich_Chiara-aos-membros-das-zonas-da-Africa_20000508.pdf","filesize":139655,"url":"https:\/\/generate.focolare.org\/wp-content\/uploads\/2026\/04\/PT-G2-GMU-Chiara-Lubich_Chiara-aos-membros-das-zonas-da-Africa_20000508.pdf","link":"https:\/\/generate.focolare.org\/en\/content\/a-joy-born-from-unity\/pt-g2-gmu-chiara-lubich_chiara-aos-membros-das-zonas-da-africa_20000508-2\/","alt":"","author":"2253","description":"","caption":"","name":"pt-g2-gmu-chiara-lubich_chiara-aos-membros-das-zonas-da-africa_20000508-2","status":"inherit","uploaded_to":342003,"date":"2026-04-30 12:59:15","modified":"2026-04-30 13:04:26","menu_order":0,"mime_type":"application\/pdf","type":"application","subtype":"pdf","icon":"https:\/\/generate.focolare.org\/wp-includes\/images\/media\/document.png"}}]},"headers":[],"status":200}},{"content":{"data":{"id":342134,"date":"2001-11-07","date_gmt":"2026-04-30T13:15:46","guid":{"rendered":"https:\/\/generate.focolare.org\/?post_type=content&#038;p=342134"},"modified":"2026-04-30T14:16:08","modified_gmt":"2026-04-30T13:16:08","slug":"the-eucharist-makes-us-one","status":"publish","type":"content","link":"https:\/\/generate.focolare.org\/en\/content\/the-eucharist-makes-us-one\/","title":{"rendered":"The Eucharist makes us one."},"excerpt":{"rendered":"<p>Chiara explains how to become ever more united. She emphasizes that unity is not built solely through human effort, but is a grace that comes from the Eucharist, which truly makes us one and brings us into the bosom of the Father.<\/p>\n","protected":false},"featured_media":342008,"comment_status":"closed","ping_status":"closed","template":"","tags":[7918,3773,3916,8035,8037,3907,8291,3699,8002,8226,8140,7839,7916,8203],"contributor":[8424],"location":[8333],"audience":[3936],"class_list":["post-342134","content","type-content","status-publish","has-post-thumbnail","hentry","tag-church","tag-community","tag-dialogue","tag-gen","tag-gen-movement","tag-god","tag-ideal","tag-love","tag-movement","tag-opera-ko","tag-united-world","tag-unity","tag-gioventu-ko","tag-youth","contributor-lubich-chiara","location-vienna","audience-gen-2"],"featured_media_url":{"thumbnail":"https:\/\/generate.focolare.org\/wp-content\/uploads\/2026\/04\/vienna-150x150.png","medium":"https:\/\/generate.focolare.org\/wp-content\/uploads\/2026\/04\/vienna-300x240.png","medium_large":"https:\/\/generate.focolare.org\/wp-content\/uploads\/2026\/04\/vienna.png","large":"https:\/\/generate.focolare.org\/wp-content\/uploads\/2026\/04\/vienna.png","1536x1536":"https:\/\/generate.focolare.org\/wp-content\/uploads\/2026\/04\/vienna.png","2048x2048":"https:\/\/generate.focolare.org\/wp-content\/uploads\/2026\/04\/vienna.png","banner":"https:\/\/generate.focolare.org\/wp-content\/uploads\/2026\/04\/vienna.png","preview":"https:\/\/generate.focolare.org\/wp-content\/uploads\/2026\/04\/vienna-500x400.png","profile_24":"https:\/\/generate.focolare.org\/wp-content\/uploads\/2026\/04\/vienna-24x24.png","profile_48":"https:\/\/generate.focolare.org\/wp-content\/uploads\/2026\/04\/vienna-48x48.png","profile_96":"https:\/\/generate.focolare.org\/wp-content\/uploads\/2026\/04\/vienna-96x96.png","profile_150":"https:\/\/generate.focolare.org\/wp-content\/uploads\/2026\/04\/vienna-150x150.png","profile_300":"https:\/\/generate.focolare.org\/wp-content\/uploads\/2026\/04\/vienna-300x300.png"},"related":[108637,20940,324686,55118,36754,54943],"wpml_current_locale":"en_US","wpml_translations":[{"locale":"it_IT","id":342007,"post_title":"L\u2019Eucaristia ci fa uno.","href":"https:\/\/generate.focolare.org\/it\/leucaristia-ci-fa-uno\/"},{"locale":"fr_FR","id":342157,"post_title":"L\u2019Eucharistie nous fait un.","href":"https:\/\/generate.focolare.org\/fr\/leucharistie-nous-fait-un\/"},{"locale":"es_ES","id":342135,"post_title":"La Eucarist\u00eda nos hace uno.","href":"https:\/\/generate.focolare.org\/es\/la-eucaristia-nos-hace-uno\/"},{"locale":"pt_PT","id":342158,"post_title":"A Eucaristia nos faz um.","href":"https:\/\/generate.focolare.org\/pt-pt\/a-eucaristia-nos-faz-um\/"}],"format":"video","restrict_roles":null,"link_to_transcription":true,"source":{"ID":341144,"id":341144,"title":"VIENA 2DA DOMANDA","filename":"VIENA-2DA-DOMANDA.mp4","filesize":333661374,"url":"https:\/\/generate.focolare.org\/wp-content\/uploads\/2026\/04\/VIENA-2DA-DOMANDA.mp4.hsl\/index.m3u8","link":"https:\/\/generate.focolare.org\/en\/viena-2da-domanda-2\/","alt":"","author":"2253","description":"","caption":"","name":"viena-2da-domanda-2","status":"inherit","uploaded_to":0,"date":"2026-04-30 10:10:30","modified":"2026-04-30 10:10:30","menu_order":0,"mime_type":"application\/x-mpegURL","type":"video","subtype":"mp4","icon":"https:\/\/generate.focolare.org\/wp-includes\/images\/media\/video.png","width":1280,"height":720},"length":"4","transcriptions":[{"language":"it","file":{"ID":342035,"id":342035,"title":"IT-G2-GMU-Chiara Lubich_Chiara ai gen 2_20011107","filename":"IT-G2-GMU-Chiara-Lubich_Chiara-ai-gen-2_20011107.pdf","filesize":136369,"url":"https:\/\/generate.focolare.org\/wp-content\/uploads\/2026\/04\/IT-G2-GMU-Chiara-Lubich_Chiara-ai-gen-2_20011107.pdf","link":"https:\/\/generate.focolare.org\/en\/content\/the-eucharist-makes-us-one\/it-g2-gmu-chiara-lubich_chiara-ai-gen-2_20011107-2\/","alt":"","author":"2253","description":"","caption":"","name":"it-g2-gmu-chiara-lubich_chiara-ai-gen-2_20011107-2","status":"inherit","uploaded_to":342134,"date":"2026-04-30 13:12:11","modified":"2026-04-30 13:16:10","menu_order":0,"mime_type":"application\/pdf","type":"application","subtype":"pdf","icon":"https:\/\/generate.focolare.org\/wp-includes\/images\/media\/document.png"}},{"language":"en","file":{"ID":342056,"id":342056,"title":"EN-G2-GMU-Chiara Lubich_Chiara to the\u00a0gen\u00a02_20011107","filename":"EN-G2-GMU-Chiara-Lubich_Chiara-to-the-gen-2_20011107.pdf","filesize":138989,"url":"https:\/\/generate.focolare.org\/wp-content\/uploads\/2026\/04\/EN-G2-GMU-Chiara-Lubich_Chiara-to-the-gen-2_20011107.pdf","link":"https:\/\/generate.focolare.org\/en\/content\/the-eucharist-makes-us-one\/en-g2-gmu-chiara-lubich_chiara-to-the-gen-2_20011107-2\/","alt":"","author":"2253","description":"","caption":"","name":"en-g2-gmu-chiara-lubich_chiara-to-the-gen-2_20011107-2","status":"inherit","uploaded_to":342134,"date":"2026-04-30 13:12:27","modified":"2026-04-30 13:16:11","menu_order":0,"mime_type":"application\/pdf","type":"application","subtype":"pdf","icon":"https:\/\/generate.focolare.org\/wp-includes\/images\/media\/document.png"}},{"language":"es","file":{"ID":342077,"id":342077,"title":"ES-G2-GMU-Chiara Lubich_Chiara a\u00a0los\u00a0gen\u00a02_20011107","filename":"ES-G2-GMU-Chiara-Lubich_Chiara-a-los-gen-2_20011107.pdf","filesize":138932,"url":"https:\/\/generate.focolare.org\/wp-content\/uploads\/2026\/04\/ES-G2-GMU-Chiara-Lubich_Chiara-a-los-gen-2_20011107.pdf","link":"https:\/\/generate.focolare.org\/en\/content\/the-eucharist-makes-us-one\/es-g2-gmu-chiara-lubich_chiara-a-los-gen-2_20011107-2\/","alt":"","author":"2253","description":"","caption":"","name":"es-g2-gmu-chiara-lubich_chiara-a-los-gen-2_20011107-2","status":"inherit","uploaded_to":342134,"date":"2026-04-30 13:12:45","modified":"2026-04-30 13:16:12","menu_order":0,"mime_type":"application\/pdf","type":"application","subtype":"pdf","icon":"https:\/\/generate.focolare.org\/wp-includes\/images\/media\/document.png"}},{"language":"fr","file":{"ID":342098,"id":342098,"title":"FR-G2-GMU-Chiara Lubich_Chiara\u00a0aux\u00a0gen\u00a02_20011107","filename":"FR-G2-GMU-Chiara-Lubich_Chiara-aux-gen-2_20011107.pdf","filesize":139020,"url":"https:\/\/generate.focolare.org\/wp-content\/uploads\/2026\/04\/FR-G2-GMU-Chiara-Lubich_Chiara-aux-gen-2_20011107.pdf","link":"https:\/\/generate.focolare.org\/en\/content\/the-eucharist-makes-us-one\/fr-g2-gmu-chiara-lubich_chiara-aux-gen-2_20011107-2\/","alt":"","author":"2253","description":"","caption":"","name":"fr-g2-gmu-chiara-lubich_chiara-aux-gen-2_20011107-2","status":"inherit","uploaded_to":342134,"date":"2026-04-30 13:13:05","modified":"2026-04-30 13:16:14","menu_order":0,"mime_type":"application\/pdf","type":"application","subtype":"pdf","icon":"https:\/\/generate.focolare.org\/wp-includes\/images\/media\/document.png"}},{"language":"pt-pt","file":{"ID":342119,"id":342119,"title":"PT-G2-GMU-Chiara Lubich_Chiara\u00a0aos\u00a0gen\u00a02_20011107","filename":"PT-G2-GMU-Chiara-Lubich_Chiara-aos-gen-2_20011107.pdf","filesize":138342,"url":"https:\/\/generate.focolare.org\/wp-content\/uploads\/2026\/04\/PT-G2-GMU-Chiara-Lubich_Chiara-aos-gen-2_20011107.pdf","link":"https:\/\/generate.focolare.org\/en\/content\/the-eucharist-makes-us-one\/pt-g2-gmu-chiara-lubich_chiara-aos-gen-2_20011107-2\/","alt":"","author":"2253","description":"","caption":"","name":"pt-g2-gmu-chiara-lubich_chiara-aos-gen-2_20011107-2","status":"inherit","uploaded_to":342134,"date":"2026-04-30 13:13:31","modified":"2026-04-30 13:16:15","menu_order":0,"mime_type":"application\/pdf","type":"application","subtype":"pdf","icon":"https:\/\/generate.focolare.org\/wp-includes\/images\/media\/document.png"}}]},"headers":[],"status":200}}]},"headers":[],"status":200},"link_url":"https:\/\/generate.focolare.org\/en\/playlist\/history-of-the-gen\/","title":null,"text":null}],"restrict_roles":null,"_links":{"self":[{"href":"https:\/\/generate.focolare.org\/en\/wp-json\/wp\/v2\/pages\/77","targetHints":{"allow":["GET"]}}],"collection":[{"href":"https:\/\/generate.focolare.org\/en\/wp-json\/wp\/v2\/pages"}],"about":[{"href":"https:\/\/generate.focolare.org\/en\/wp-json\/wp\/v2\/types\/page"}],"author":[{"embeddable":true,"href":"https:\/\/generate.focolare.org\/en\/wp-json\/wp\/v2\/users\/1"}],"replies":[{"embeddable":true,"href":"https:\/\/generate.focolare.org\/en\/wp-json\/wp\/v2\/comments?post=77"}],"version-history":[{"count":394,"href":"https:\/\/generate.focolare.org\/en\/wp-json\/wp\/v2\/pages\/77\/revisions"}],"predecessor-version":[{"id":344914,"href":"https:\/\/generate.focolare.org\/en\/wp-json\/wp\/v2\/pages\/77\/revisions\/344914"}],"wp:attachment":[{"href":"https:\/\/generate.focolare.org\/en\/wp-json\/wp\/v2\/media?parent=77"}],"curies":[{"name":"wp","href":"https:\/\/api.w.org\/{rel}","templated":true}]}}