{"id":8616,"count":9,"description":"","link":"https:\/\/generate.focolare.org\/ar\/tag\/will-of-god-ar\/","name":"\u0625\u0631\u0627\u062f\u0629 \u0627\u0644\u0644\u0647","slug":"will-of-god-ar","taxonomy":"post_tag","meta":[],"objects":[{"data":{"id":279467,"date":"2001-08-14","date_gmt":"2022-11-26T13:34:49","guid":{"rendered":"https:\/\/generate.focolare.org\/?post_type=content&#038;p=279467"},"modified":"2023-03-08T16:56:47","modified_gmt":"2023-03-08T15:56:47","slug":"%d9%85%d8%b4%d9%8a%d8%a6%d8%a9-%d8%a7%d9%84%d9%84%d9%87","status":"publish","type":"content","link":"https:\/\/generate.focolare.org\/ar\/content\/%d9%85%d8%b4%d9%8a%d8%a6%d8%a9-%d8%a7%d9%84%d9%84%d9%87\/","title":{"rendered":"\u0645\u0634\u064a\u0626\u0629 \u0627\u0644\u0644\u0647"},"excerpt":{"rendered":"<p>.\u0625\u0644\u0649 \u0627\u064a\u0631\u064a\u0643\u060c \u0648\u0647\u0648 \u062c\u0627\u0646 \u0628\u0631\u0627\u0632\u064a\u0644\u064a \u0648\u0647\u0648 \u0637\u0627\u0644\u0628 \u0647\u0646\u062f\u0633\u0629 \u060c \u064a\u0642\u0648\u0644: &#8220;\u0623\u0639\u062a\u0642\u062f \u0623\u0646\u0647 \u064a\u0639\u062c\u0628\u0643! \u064a\u0642\u0648\u0644: \u0623\u0646\u0627 \u0623\u062d\u0628 \u0647\u0630\u0627 \u0627\u0644\u0639\u0627\u0644\u0645 \u060c \u0644\u0643\u0646 \u0628\u0635\u0641\u062a\u0646\u0627 \u062c\u0627\u0646 \u060c \u062a\u0639\u0644\u0645\u0646\u0627 \u0623\u0646 \u0646\u0641\u0639\u0644 \u0627\u0644\u0623\u0634\u064a\u0627\u0621 \u0628\u0625\u0631\u0627\u062f\u0629 \u0627\u0644\u0644\u0647 \u060c \u0648\u0644\u064a\u0633 \u0644\u0623\u0646\u0646\u0627 \u0646\u062d\u0628\u0647\u0627.&#8221;<\/p>\n","protected":false},"featured_media":313829,"comment_status":"closed","ping_status":"closed","template":"","tags":[11541,8616],"contributor":[8613],"location":[8649],"audience":[8612],"class_list":["post-279467","content","type-content","status-publish","has-post-thumbnail","hentry","tag-to-make-oneself-nothing-ar","tag-will-of-god-ar","contributor-lubich-chiara-ar","location-montet-mariapolis-foco-ar","audience-gen-2-ar"],"featured_media_url":{"thumbnail":"https:\/\/generate.focolare.org\/wp-content\/uploads\/2020\/07\/anularse-150x150.png","medium":"https:\/\/generate.focolare.org\/wp-content\/uploads\/2020\/07\/anularse-300x240.png","medium_large":"https:\/\/generate.focolare.org\/wp-content\/uploads\/2020\/07\/anularse.png","large":"https:\/\/generate.focolare.org\/wp-content\/uploads\/2020\/07\/anularse.png","1536x1536":"https:\/\/generate.focolare.org\/wp-content\/uploads\/2020\/07\/anularse.png","2048x2048":"https:\/\/generate.focolare.org\/wp-content\/uploads\/2020\/07\/anularse.png","banner":"https:\/\/generate.focolare.org\/wp-content\/uploads\/2020\/07\/anularse.png","preview":"https:\/\/generate.focolare.org\/wp-content\/uploads\/2020\/07\/anularse-500x400.png","profile_24":"https:\/\/generate.focolare.org\/wp-content\/uploads\/2020\/07\/anularse-24x24.png","profile_48":"https:\/\/generate.focolare.org\/wp-content\/uploads\/2020\/07\/anularse-48x48.png","profile_96":"https:\/\/generate.focolare.org\/wp-content\/uploads\/2020\/07\/anularse-96x96.png","profile_150":"https:\/\/generate.focolare.org\/wp-content\/uploads\/2020\/07\/anularse-150x150.png","profile_300":"https:\/\/generate.focolare.org\/wp-content\/uploads\/2020\/07\/anularse-300x300.png"},"related":[80020,80003,80153,291322,19008,272168],"wpml_current_locale":"ar","wpml_translations":[{"locale":"en_US","id":3102,"post_title":"Become Nothing In The Will Of God","href":"https:\/\/generate.focolare.org\/en\/become-nothing-in-the-will-of-god\/"},{"locale":"it_IT","id":3096,"post_title":"Annullarsi nella volont\u00e0 di Dio","href":"https:\/\/generate.focolare.org\/it\/annullarsi-nella-volonta-di-dio\/"},{"locale":"fr_FR","id":3114,"post_title":"S'annuler dans la volont\u00e9 de Dieu","href":"https:\/\/generate.focolare.org\/fr\/sannuler-dans-la-volonte-de-dieu\/"},{"locale":"es_ES","id":322479,"post_title":"Anularse en la voluntad de Dios","href":"https:\/\/generate.focolare.org\/es\/anularse-en-la-voluntad-de-dios\/"},{"locale":"pt_PT","id":322545,"post_title":"Anular-se na vontade de Deus","href":"https:\/\/generate.focolare.org\/pt-pt\/anular-se-na-vontade-de-deus\/"},{"locale":"nl_NL","id":3120,"post_title":"Jezelf tot niets maken in de wil van God","href":"https:\/\/generate.focolare.org\/nl\/jezelf-tot-niets-maken-in-de-wil-van-god\/"},{"locale":"sl_SI","id":3108,"post_title":"Izni\u010diti se v Bo\u017eji volji","href":"https:\/\/generate.focolare.org\/sl\/izniciti-se-v-bozji-volji\/"}],"restrict_roles":null,"link_to_transcription":null,"source":{"ID":279510,"id":279510,"title":"GMU-G2-Chiara Lubich-Volonta\u0300 di Dio-20010814 -AR","filename":"GMU-G2-Chiara-Lubich-Volonta\u0300-di-Dio-20010814-AR.pdf","filesize":613654,"url":"https:\/\/generate.focolare.org\/wp-content\/uploads\/2022\/11\/GMU-G2-Chiara-Lubich-Volonta\u0300-di-Dio-20010814-AR.pdf","link":"https:\/\/generate.focolare.org\/ar\/content\/%d9%85%d8%b4%d9%8a%d8%a6%d8%a9-%d8%a7%d9%84%d9%84%d9%87\/gmu-g2-chiara-lubich-volonta-di-dio-20010814-ar\/","alt":"","author":"1126","description":"","caption":"","name":"gmu-g2-chiara-lubich-volonta-di-dio-20010814-ar","status":"inherit","uploaded_to":279467,"date":"2022-11-26 13:34:41","modified":"2022-11-26 13:34:41","menu_order":0,"mime_type":"application\/pdf","type":"application","subtype":"pdf","icon":"https:\/\/generate.focolare.org\/wp-includes\/images\/media\/document.png"},"format":"text","length":"3"},"headers":[],"status":200},{"data":{"id":275961,"date":"2001-08-14","date_gmt":"2022-11-18T14:33:24","guid":{"rendered":"https:\/\/generate.focolare.org\/?post_type=content&#038;p=275961"},"modified":"2023-03-31T13:22:35","modified_gmt":"2023-03-31T12:22:35","slug":"%d8%a7%d9%84%d9%82%d8%b1%d8%a8%d8%a7%d9%86-%d8%a7%d9%84%d9%85%d9%82%d8%af%d8%b3","status":"publish","type":"content","link":"https:\/\/generate.focolare.org\/ar\/content\/%d8%a7%d9%84%d9%82%d8%b1%d8%a8%d8%a7%d9%86-%d8%a7%d9%84%d9%85%d9%82%d8%af%d8%b3\/","title":{"rendered":"\u0627\u0644\u0642\u0631\u0628\u0627\u0646 \u0627\u0644\u0645\u0642\u062f\u0633"},"excerpt":{"rendered":"<p>.\u062a\u062a\u062d\u062f\u062b \u0643\u064a\u0627\u0631\u0627 \u0639\u0646 \u0627\u0644\u0642\u0631\u0628\u0627\u0646 \u0627\u0644\u0645\u0642\u062f\u0633 \u060c \u0648\u0643\u064a\u0641 \u062a\u063a\u064a\u0631\u0646\u0627 \u0648\u0634\u0631\u0648\u0637 \u0627\u0644\u062d\u0635\u0648\u0644 \u0639\u0644\u064a\u0647\u0627 \u061b \u0623\u0647\u0645\u064a\u0629 \u0627\u0644\u0639\u064a\u0634 \u0627\u0644\u0643\u0631\u064a\u0645 \u0628\u0625\u0631\u0627\u062f\u0629 \u0627\u0644\u0644\u0647 \u0641\u064a \u0627\u0644\u0648\u0642\u062a \u0627\u0644\u062d\u0627\u0636\u0631 \u0648\u062a\u0646\u0635\u062d \u0627\u0644\u062c\u0627\u0646 \u0623\u0646 \u064a\u0639\u064a\u0634\u0648\u0627 \u0627\u0644\u0643\u0644\u0645\u0629 \u060c \u0644\u0623\u0646 \u0645\u0635\u064a\u0631 \u0627\u0644\u062c\u0627\u0646 \u0647\u0648 \u0627\u0644\u0628\u0642\u0627\u0621 \u0641\u064a \u062d\u0636\u0646 \u0627\u0644\u0622\u0628<\/p>\n","protected":false},"featured_media":311438,"comment_status":"closed","ping_status":"closed","template":"","tags":[8616,8670,11396,11321,8667],"contributor":[8613],"location":[8649],"audience":[8612],"class_list":["post-275961","content","type-content","status-publish","has-post-thumbnail","hentry","tag-will-of-god-ar","tag-eucharist-ar","tag-the-word-ar","tag-present-ar","tag-word-ar","contributor-lubich-chiara-ar","location-montet-mariapolis-foco-ar","audience-gen-2-ar"],"featured_media_url":{"thumbnail":"https:\/\/generate.focolare.org\/wp-content\/uploads\/2020\/07\/eucaristia-150x150.png","medium":"https:\/\/generate.focolare.org\/wp-content\/uploads\/2020\/07\/eucaristia-300x240.png","medium_large":"https:\/\/generate.focolare.org\/wp-content\/uploads\/2020\/07\/eucaristia.png","large":"https:\/\/generate.focolare.org\/wp-content\/uploads\/2020\/07\/eucaristia.png","1536x1536":"https:\/\/generate.focolare.org\/wp-content\/uploads\/2020\/07\/eucaristia.png","2048x2048":"https:\/\/generate.focolare.org\/wp-content\/uploads\/2020\/07\/eucaristia.png","banner":"https:\/\/generate.focolare.org\/wp-content\/uploads\/2020\/07\/eucaristia.png","preview":"https:\/\/generate.focolare.org\/wp-content\/uploads\/2020\/07\/eucaristia-500x400.png","profile_24":"https:\/\/generate.focolare.org\/wp-content\/uploads\/2020\/07\/eucaristia-24x24.png","profile_48":"https:\/\/generate.focolare.org\/wp-content\/uploads\/2020\/07\/eucaristia-48x48.png","profile_96":"https:\/\/generate.focolare.org\/wp-content\/uploads\/2020\/07\/eucaristia-96x96.png","profile_150":"https:\/\/generate.focolare.org\/wp-content\/uploads\/2020\/07\/eucaristia-150x150.png","profile_300":"https:\/\/generate.focolare.org\/wp-content\/uploads\/2020\/07\/eucaristia-300x300.png"},"related":[272079,271166,277866,80437],"wpml_current_locale":"ar","wpml_translations":[{"locale":"en_US","id":6937,"post_title":"Chiara To The Gen 2 Boys, Montet 2001 Qn No. 3,4,5","href":"https:\/\/generate.focolare.org\/en\/chiara-to-the-gen-2-boys-montet-2001-qn-no-345\/"},{"locale":"it_IT","id":6877,"post_title":"Ges\u00f9 Eucaristia (Chiara ai Gen a Montet 2001, Risposte N.3-4-5)","href":"https:\/\/generate.focolare.org\/it\/chiara-ai-gen-a-montet-2001-risposte-n-3-4-5\/"},{"locale":"fr_FR","id":6907,"post_title":"Chiara aux Gen2 gar\u00e7ons, Montet 2001, r\u00e9p. n\u00b03, 4, 5","href":"https:\/\/generate.focolare.org\/fr\/chiara-aux-gen2-garcons-montet-2001-rep-n3-4-5\/"},{"locale":"pt_PT","id":6892,"post_title":"Chiara aos Gen em Montet, 2001 ; Rispostas N.3-4-5","href":"https:\/\/generate.focolare.org\/pt-pt\/chiara-aos-gen-em-montet-2001-rispostas-n-3-4-5\/"},{"locale":"nl_NL","id":6952,"post_title":"Chiara  aan de Gen in Montet 2001, antwoord 3-4-5","href":"https:\/\/generate.focolare.org\/nl\/chiara-aan-de-gen-in-montet-2001-antwoord-3-4-5\/"},{"locale":"de_DE","id":6922,"post_title":"Chiara bei den Gen 2, Montet 2001: Fragen 3, 4 und 5","href":"https:\/\/generate.focolare.org\/de\/chiara-bei-den-gen-2-montet-2001-fragen-3-4-und-5\/"}],"restrict_roles":null,"link_to_transcription":null,"source":{"ID":275962,"id":275962,"title":"GMU-G2-Chiara Lubich-Eucaristia-20010814-AR -","filename":"GMU-G2-Chiara-Lubich-Eucaristia-20010814-AR-.pdf","filesize":630646,"url":"https:\/\/generate.focolare.org\/wp-content\/uploads\/2022\/11\/GMU-G2-Chiara-Lubich-Eucaristia-20010814-AR-.pdf","link":"https:\/\/generate.focolare.org\/ar\/content\/%d8%a7%d9%84%d9%82%d8%b1%d8%a8%d8%a7%d9%86-%d8%a7%d9%84%d9%85%d9%82%d8%af%d8%b3\/gmu-g2-chiara-lubich-eucaristia-20010814-ar\/","alt":"","author":"1126","description":"","caption":"","name":"gmu-g2-chiara-lubich-eucaristia-20010814-ar","status":"inherit","uploaded_to":275961,"date":"2022-11-18 14:33:05","modified":"2022-11-18 14:33:05","menu_order":0,"mime_type":"application\/pdf","type":"application","subtype":"pdf","icon":"https:\/\/generate.focolare.org\/wp-includes\/images\/media\/document.png"},"format":"text","length":"8"},"headers":[],"status":200},{"data":{"id":80020,"date":"1980-09-29","date_gmt":"2020-12-05T15:13:58","guid":{"rendered":"https:\/\/generate.focolare.org\/?post_type=content&#038;p=80020"},"modified":"2023-04-18T13:54:12","modified_gmt":"2023-04-18T12:54:12","slug":"the-will-of-god-ar","status":"publish","type":"content","link":"https:\/\/generate.focolare.org\/ar\/content\/the-will-of-god-ar\/","title":{"rendered":"\u0625\u0631\u0627\u062f\u0629 \u0627\u0644\u0644\u0647"},"excerpt":{"rendered":"<p>.\u0625\u0646 \u0627\u0644\u0646\u0638\u0631 \u0625\u0644\u0649 \u062e\u0637\u0629 \u0627\u0644\u0644\u0647 \u0644\u0646\u0627 \u064a\u062d\u0642\u0642 \u0644\u0646\u0627 \u062a\u0645\u0627\u0645\u064b\u0627 \u0643\u0631\u062c\u0627\u0644 \u0648\u064a\u062c\u0639\u0644\u0646\u0627 \u0633\u0639\u062f\u0627\u0621 \u0648\u0623\u062d\u0631\u0627\u0631\u064b\u0627. \u062f\u0639\u0648\u0646\u0627 \u0646\u0628\u062f\u0623 \u0639\u0644\u0649 \u0627\u0644\u0641\u0648\u0631 \u0645\u063a\u0627\u0645\u0631\u0629 \u0645\u0634\u064a\u0626\u0629 \u0627\u0644\u0644\u0647<\/p>\n","protected":false},"featured_media":105656,"comment_status":"closed","ping_status":"closed","template":"","tags":[8616,8615,5618],"contributor":[8613],"location":[8614],"audience":[8612],"class_list":["post-80020","content","type-content","status-publish","has-post-thumbnail","hentry","tag-will-of-god-ar","tag-happiness-ar","tag-beatitude-ar","contributor-lubich-chiara-ar","location-rocca-di-papa-ar","audience-gen-2-ar"],"featured_media_url":{"thumbnail":"https:\/\/generate.focolare.org\/wp-content\/uploads\/2021\/01\/24-1-150x150.jpg","medium":"https:\/\/generate.focolare.org\/wp-content\/uploads\/2021\/01\/24-1-300x197.jpg","medium_large":"https:\/\/generate.focolare.org\/wp-content\/uploads\/2021\/01\/24-1-768x504.jpg","large":"https:\/\/generate.focolare.org\/wp-content\/uploads\/2021\/01\/24-1-1024x672.jpg","1536x1536":"https:\/\/generate.focolare.org\/wp-content\/uploads\/2021\/01\/24-1-1536x1008.jpg","2048x2048":"https:\/\/generate.focolare.org\/wp-content\/uploads\/2021\/01\/24-1-2048x1344.jpg","banner":"https:\/\/generate.focolare.org\/wp-content\/uploads\/2021\/01\/24-1-1800x700.jpg","preview":"https:\/\/generate.focolare.org\/wp-content\/uploads\/2021\/01\/24-1-500x400.jpg","profile_24":"https:\/\/generate.focolare.org\/wp-content\/uploads\/2021\/01\/24-1.jpg","profile_48":"https:\/\/generate.focolare.org\/wp-content\/uploads\/2021\/01\/24-1.jpg","profile_96":"https:\/\/generate.focolare.org\/wp-content\/uploads\/2021\/01\/24-1.jpg","profile_150":"https:\/\/generate.focolare.org\/wp-content\/uploads\/2021\/01\/24-1.jpg","profile_300":"https:\/\/generate.focolare.org\/wp-content\/uploads\/2021\/01\/24-1.jpg"},"related":[19852,279467,61979,80257,275961,80517],"wpml_current_locale":"ar","wpml_translations":[{"locale":"en_US","id":80021,"post_title":"The Will of God","href":"https:\/\/generate.focolare.org\/en\/the-will-of-god\/"},{"locale":"it_IT","id":60933,"post_title":"La Volont\u00e0 di Dio","href":"https:\/\/generate.focolare.org\/it\/la-volonta-di-dio\/"},{"locale":"fr_FR","id":80019,"post_title":"La Volont\u00e9 de Dieu","href":"https:\/\/generate.focolare.org\/fr\/la-volonte-de-dieu\/"},{"locale":"es_ES","id":80015,"post_title":"La Voluntad De Dios","href":"https:\/\/generate.focolare.org\/es\/la-voluntad-de-dios\/"},{"locale":"pt_PT","id":80017,"post_title":"A Vontade de Deus","href":"https:\/\/generate.focolare.org\/pt-pt\/a-vontade-de-deus\/"},{"locale":"nl_NL","id":80022,"post_title":"De wil van God","href":"https:\/\/generate.focolare.org\/nl\/de-wil-van-god\/"},{"locale":"de_DE","id":80018,"post_title":"Der Wille Gottes","href":"https:\/\/generate.focolare.org\/de\/der-wille-gottes\/"},{"locale":"sl_SI","id":80016,"post_title":"Bo\u017eja volja","href":"https:\/\/generate.focolare.org\/sl\/bozja-volja\/"}],"link_to_transcription":true,"format":"audio","length":"8","transcriptions":[{"language":"es","file":{"ID":60952,"id":60952,"title":"ACL-DS-19800929-TI-A-es","filename":"ACL-DS-19800929-TI-A-es.pdf","filesize":50449,"url":"https:\/\/generate.focolare.org\/wp-content\/uploads\/2020\/10\/ACL-DS-19800929-TI-A-es.pdf","link":"https:\/\/generate.focolare.org\/ar\/content\/the-will-of-god-ar\/acl-ds-19800929-ti-a-es-2\/","alt":"","author":"6","description":"","caption":"","name":"acl-ds-19800929-ti-a-es-2","status":"inherit","uploaded_to":80020,"date":"2020-10-23 14:45:50","modified":"2023-04-18 12:54:13","menu_order":0,"mime_type":"application\/pdf","type":"application","subtype":"pdf","icon":"https:\/\/generate.focolare.org\/wp-includes\/images\/media\/document.png"}},{"language":"sl","file":{"ID":60969,"id":60969,"title":"ACL-DS-19800929-T-sl","filename":"ACL-DS-19800929-T-sl.pdf","filesize":25656,"url":"https:\/\/generate.focolare.org\/wp-content\/uploads\/2020\/10\/ACL-DS-19800929-T-sl.pdf","link":"https:\/\/generate.focolare.org\/ar\/content\/the-will-of-god-ar\/acl-ds-19800929-t-sl-2\/","alt":"","author":"6","description":"","caption":"","name":"acl-ds-19800929-t-sl-2","status":"inherit","uploaded_to":80020,"date":"2020-10-23 14:46:27","modified":"2023-04-18 12:54:13","menu_order":0,"mime_type":"application\/pdf","type":"application","subtype":"pdf","icon":"https:\/\/generate.focolare.org\/wp-includes\/images\/media\/document.png"}},{"language":"pt-pt","file":{"ID":60986,"id":60986,"title":"ACL-DS-19800929-TT-A-pt","filename":"ACL-DS-19800929-TT-A-pt.pdf","filesize":164715,"url":"https:\/\/generate.focolare.org\/wp-content\/uploads\/2020\/10\/ACL-DS-19800929-TT-A-pt.pdf","link":"https:\/\/generate.focolare.org\/ar\/content\/the-will-of-god-ar\/acl-ds-19800929-tt-a-pt-2\/","alt":"","author":"6","description":"","caption":"","name":"acl-ds-19800929-tt-a-pt-2","status":"inherit","uploaded_to":80020,"date":"2020-10-23 14:46:37","modified":"2023-04-18 12:54:13","menu_order":0,"mime_type":"application\/pdf","type":"application","subtype":"pdf","icon":"https:\/\/generate.focolare.org\/wp-includes\/images\/media\/document.png"}},{"language":"de","file":{"ID":61003,"id":61003,"title":"ACL-DS-19800929-TI-A-de","filename":"ACL-DS-19800929-TI-A-de.pdf","filesize":102359,"url":"https:\/\/generate.focolare.org\/wp-content\/uploads\/2020\/10\/ACL-DS-19800929-TI-A-de.pdf","link":"https:\/\/generate.focolare.org\/ar\/content\/the-will-of-god-ar\/acl-ds-19800929-ti-a-de-2\/","alt":"","author":"6","description":"","caption":"","name":"acl-ds-19800929-ti-a-de-2","status":"inherit","uploaded_to":80020,"date":"2020-10-23 14:46:43","modified":"2023-04-18 12:54:13","menu_order":0,"mime_type":"application\/pdf","type":"application","subtype":"pdf","icon":"https:\/\/generate.focolare.org\/wp-includes\/images\/media\/document.png"}},{"language":"fr","file":{"ID":61020,"id":61020,"title":"ACL-DS-19800929-TI-A-fr","filename":"ACL-DS-19800929-TI-A-fr.pdf","filesize":63306,"url":"https:\/\/generate.focolare.org\/wp-content\/uploads\/2020\/10\/ACL-DS-19800929-TI-A-fr.pdf","link":"https:\/\/generate.focolare.org\/ar\/content\/the-will-of-god-ar\/acl-ds-19800929-ti-a-fr-2\/","alt":"","author":"6","description":"","caption":"","name":"acl-ds-19800929-ti-a-fr-2","status":"inherit","uploaded_to":80020,"date":"2020-10-23 14:46:51","modified":"2023-04-18 12:54:13","menu_order":0,"mime_type":"application\/pdf","type":"application","subtype":"pdf","icon":"https:\/\/generate.focolare.org\/wp-includes\/images\/media\/document.png"}},{"language":"ar","file":{"ID":61037,"id":61037,"title":"ACL-DS-19800929-TI-A-ar","filename":"ACL-DS-19800929-TI-A-ar.pdf","filesize":63669,"url":"https:\/\/generate.focolare.org\/wp-content\/uploads\/2020\/10\/ACL-DS-19800929-TI-A-ar.pdf","link":"https:\/\/generate.focolare.org\/ar\/content\/the-will-of-god-ar\/acl-ds-19800929-ti-a-ar-2\/","alt":"","author":"6","description":"","caption":"","name":"acl-ds-19800929-ti-a-ar-2","status":"inherit","uploaded_to":80020,"date":"2020-10-23 14:46:56","modified":"2023-04-18 12:54:13","menu_order":0,"mime_type":"application\/pdf","type":"application","subtype":"pdf","icon":"https:\/\/generate.focolare.org\/wp-includes\/images\/media\/document.png"}},{"language":"it","file":{"ID":61054,"id":61054,"title":"ACL-DS-19800929-TI-A","filename":"ACL-DS-19800929-TI-A.pdf","filesize":145491,"url":"https:\/\/generate.focolare.org\/wp-content\/uploads\/2020\/10\/ACL-DS-19800929-TI-A.pdf","link":"https:\/\/generate.focolare.org\/ar\/content\/the-will-of-god-ar\/acl-ds-19800929-ti-a-2\/","alt":"","author":"6","description":"","caption":"","name":"acl-ds-19800929-ti-a-2","status":"inherit","uploaded_to":80020,"date":"2020-10-23 14:47:03","modified":"2023-04-18 12:54:13","menu_order":0,"mime_type":"application\/pdf","type":"application","subtype":"pdf","icon":"https:\/\/generate.focolare.org\/wp-includes\/images\/media\/document.png"}},{"language":"en","file":{"ID":281744,"id":281744,"title":"GMU-G2-Chiara_Some thoughts on the will of God_19800929","filename":"GMU-G2-Chiara_Some-thoughts-on-the-will-of-God_19800929.pdf","filesize":225699,"url":"https:\/\/generate.focolare.org\/wp-content\/uploads\/2020\/10\/GMU-G2-Chiara_Some-thoughts-on-the-will-of-God_19800929.pdf","link":"https:\/\/generate.focolare.org\/ar\/content\/the-will-of-god-ar\/gmu-g2-chiara_some-thoughts-on-the-will-of-god_19800929-2\/","alt":"","author":"555","description":"","caption":"","name":"gmu-g2-chiara_some-thoughts-on-the-will-of-god_19800929-2","status":"inherit","uploaded_to":80020,"date":"2022-12-14 09:40:24","modified":"2022-12-14 09:40:24","menu_order":0,"mime_type":"application\/pdf","type":"application","subtype":"pdf","icon":"https:\/\/generate.focolare.org\/wp-includes\/images\/media\/document.png"}},{"language":"nl","file":{"ID":61088,"id":61088,"title":"19800929 - La Volont\u00e0 di Dio - Olandese","filename":"19800929-La-Volonta-di-Dio-Olandese.pdf","filesize":119612,"url":"https:\/\/generate.focolare.org\/wp-content\/uploads\/2020\/10\/19800929-La-Volonta-di-Dio-Olandese.pdf","link":"https:\/\/generate.focolare.org\/ar\/content\/the-will-of-god-ar\/19800929-la-volonta-di-dio-olandese-2\/","alt":"","author":"6","description":"","caption":"","name":"19800929-la-volonta-di-dio-olandese-2","status":"inherit","uploaded_to":80020,"date":"2020-10-23 14:48:17","modified":"2023-04-18 12:54:13","menu_order":0,"mime_type":"application\/pdf","type":"application","subtype":"pdf","icon":"https:\/\/generate.focolare.org\/wp-includes\/images\/media\/document.png"}}],"restrict_roles":null,"source":{"ID":60935,"id":60935,"title":"Chiara nel giardino di casa sua: Alcuni pensieri sulla volont\u00e0 di Dio","filename":"SCA-CL-19800929-EL-A.mp3","filesize":4076763,"url":"https:\/\/generate.focolare.org\/wp-content\/uploads\/2020\/10\/SCA-CL-19800929-EL-A.mp3","link":"https:\/\/generate.focolare.org\/ar\/content\/the-will-of-god-ar\/chiara-nel-giardino-di-casa-sua-alcuni-pensieri-sulla-volonta-di-dio-2\/","alt":"","author":"6","description":"\"Chiara nel giardino di casa sua: Alcuni pensieri sulla volont\u00e0 di Dio\" by Chiara Lubich. Released: 1980.","caption":"","name":"chiara-nel-giardino-di-casa-sua-alcuni-pensieri-sulla-volonta-di-dio-2","status":"inherit","uploaded_to":80020,"date":"2020-10-23 14:43:23","modified":"2023-04-18 12:54:14","menu_order":0,"mime_type":"audio\/mpeg","type":"audio","subtype":"mpeg","icon":"https:\/\/generate.focolare.org\/wp-includes\/images\/media\/audio.png"}},"headers":[],"status":200},{"data":{"id":80257,"date":"2001-08-14","date_gmt":"2020-12-05T15:13:40","guid":{"rendered":"https:\/\/generate.focolare.org\/?post_type=content&#038;p=80257"},"modified":"2023-04-21T14:45:41","modified_gmt":"2023-04-21T13:45:41","slug":"answers-to-the-gen-school-montet-ar","status":"publish","type":"content","link":"https:\/\/generate.focolare.org\/ar\/content\/answers-to-the-gen-school-montet-ar\/","title":{"rendered":"\u0627\u062c\u0648\u0628\u0629 \u0625\u0644\u0649 \u0645\u062f\u0631\u0633\u0629 \u0627\u0644\u062f\u062c\u0646 \u0627\u0644\u0634\u0628\u0627\u0628- \u0645\u0648\u0646\u062a\u064a"},"excerpt":{"rendered":"<p>.\u062a\u062a\u0643\u0644\u0651\u0645 \u0643\u064a\u0627\u0631\u0627 \u0639\u0646 \u0627\u0644\u0625\u0641\u062e\u0627\u0631\u0633\u062a\u064a\u0651\u0627\u060c \u0643\u064a\u0641 \u062a\u062d\u0648\u0651\u0644\u0646\u0627 \u0648\u0627\u0644\u0634\u0631\u0648\u0637 \u0644\u0643\u064a \u0646\u062a\u0646\u0627\u0648\u0644\u0647\u0627\u061b \u0623\u0647\u0645\u064a\u0651\u0629 \u0639\u064a\u0634 \u0625\u0631\u0627\u062f\u0629 \u0627\u0644\u0644\u0647 \u0641\u064a \u0627\u0644\u0644\u062d\u0638\u0629 \u0627\u0644\u062d\u0627\u0636\u0631\u0629 \u0628\u0634\u0643\u0644 \u062c\u064a\u0651\u062f\u060c \u0648\u062a\u0646\u0635\u062d \u0627\u0644\u062f\u062c\u0646 \u0628\u0623\u0646 \u064a\u0639\u064a\u0634\u0648\u0627 \u0627\u0644\u0643\u0644\u0645\u0629\u060c \u0644\u0623\u0646\u0651 \u0645\u0635\u064a\u0631 \u0627\u0644\u062f\u062c\u0646 \u0647\u0648 \u0623\u0646 \u064a\u0628\u0642\u0648\u0627 \u0641\u064a \u062d\u0636\u0646 \u0627\u0644\u0622\u0628<\/p>\n","protected":false},"featured_media":106166,"comment_status":"closed","ping_status":"closed","template":"","tags":[8616,8670,11396,11321,8667],"contributor":[8613],"location":[8649],"audience":[8612],"class_list":["post-80257","content","type-content","status-publish","has-post-thumbnail","hentry","tag-will-of-god-ar","tag-eucharist-ar","tag-the-word-ar","tag-present-ar","tag-word-ar","contributor-lubich-chiara-ar","location-montet-mariapolis-foco-ar","audience-gen-2-ar"],"featured_media_url":{"thumbnail":"https:\/\/generate.focolare.org\/wp-content\/uploads\/2020\/09\/569989119_640-1-150x150.jpg","medium":"https:\/\/generate.focolare.org\/wp-content\/uploads\/2020\/09\/569989119_640-1-300x228.jpg","medium_large":"https:\/\/generate.focolare.org\/wp-content\/uploads\/2020\/09\/569989119_640-1.jpg","large":"https:\/\/generate.focolare.org\/wp-content\/uploads\/2020\/09\/569989119_640-1.jpg","1536x1536":"https:\/\/generate.focolare.org\/wp-content\/uploads\/2020\/09\/569989119_640-1.jpg","2048x2048":"https:\/\/generate.focolare.org\/wp-content\/uploads\/2020\/09\/569989119_640-1.jpg","banner":"https:\/\/generate.focolare.org\/wp-content\/uploads\/2020\/09\/569989119_640-1.jpg","preview":"https:\/\/generate.focolare.org\/wp-content\/uploads\/2020\/09\/569989119_640-1-500x400.jpg","profile_24":"https:\/\/generate.focolare.org\/wp-content\/uploads\/2020\/09\/569989119_640-1.jpg","profile_48":"https:\/\/generate.focolare.org\/wp-content\/uploads\/2020\/09\/569989119_640-1.jpg","profile_96":"https:\/\/generate.focolare.org\/wp-content\/uploads\/2020\/09\/569989119_640-1.jpg","profile_150":"https:\/\/generate.focolare.org\/wp-content\/uploads\/2020\/09\/569989119_640-1.jpg","profile_300":"https:\/\/generate.focolare.org\/wp-content\/uploads\/2020\/09\/569989119_640-1.jpg"},"related":[20998,19790,18906,89778,80159,20394],"wpml_current_locale":"ar","wpml_translations":[{"locale":"en_US","id":80258,"post_title":"Answers to the Gen School-Montet","href":"https:\/\/generate.focolare.org\/en\/answers-to-the-gen-school-montet\/"},{"locale":"it_IT","id":35671,"post_title":"Risposta Alla Scuola Dei Gen - Montet","href":"https:\/\/generate.focolare.org\/it\/risposta-alla-scuola-dei-gen-montet\/"},{"locale":"fr_FR","id":80256,"post_title":"R\u00e9ponse \u00e0 l'\u00e9cole des Gen- Montet","href":"https:\/\/generate.focolare.org\/fr\/reponse-a-lecole-des-gen-montet\/"},{"locale":"es_ES","id":80264,"post_title":"Respuesta a la Escuela de los Gen - Montet","href":"https:\/\/generate.focolare.org\/es\/respuesta-a-la-escuela-de-los-gen-montet\/"},{"locale":"pt_PT","id":80260,"post_title":"Resposta \u00e0 Escola dos Gen - Montet","href":"https:\/\/generate.focolare.org\/pt-pt\/resposta-a-escola-dos-gen-montet\/"},{"locale":"nl_NL","id":80259,"post_title":"Antwoorden aan de Genschool - Montet","href":"https:\/\/generate.focolare.org\/nl\/antwoorden-aan-de-genschool-montet\/"},{"locale":"de_DE","id":80263,"post_title":"Fragen und Antworten bei den Gen von Montet","href":"https:\/\/generate.focolare.org\/de\/fragen-und-antworten-bei-den-gen-von-montet\/"},{"locale":"ko_KR","id":80262,"post_title":"\ubaac\ub5bc \ub0a8\uc790 \uc820\ud559\uad50\uc5d0\uc11c\uc758 \ub2f5\ubcc0","href":"https:\/\/generate.focolare.org\/ko\/answers-to-the-gen-school-montet-ko\/"},{"locale":"pl_PL","id":80261,"post_title":"Odpowied\u017a do Szko\u0142y Gen - Montet","href":"https:\/\/generate.focolare.org\/pl\/odpowiedz-do-szkoly-gen-montet\/"},{"locale":"ru_RU","id":80254,"post_title":"\u041e\u0442\u0432\u0435\u0442 \u043d\u0430 \u0432\u043e\u043f\u0440\u043e\u0441 \u0428\u043a\u043e\u043b\u044b \u0414\u0436\u0435\u043d - \u041c\u043e\u043d\u0442\u0435","href":"https:\/\/generate.focolare.org\/ru\/answers-to-the-gen-school-montet-ru\/"},{"locale":"sl_SI","id":80255,"post_title":"Odgovor \u0161oli fantov gen - Montet","href":"https:\/\/generate.focolare.org\/sl\/odgovor-soli-fantov-gen-montet\/"}],"link_to_transcription":true,"format":"audio","length":"37","transcriptions":[{"language":"ru","file":{"ID":35690,"id":35690,"title":"1154521-text-ru","filename":"1154521-text-ru.pdf","filesize":129448,"url":"https:\/\/generate.focolare.org\/wp-content\/uploads\/2020\/08\/1154521-text-ru.pdf","link":"https:\/\/generate.focolare.org\/ar\/content\/answers-to-the-gen-school-montet-ar\/1154521-text-ru-2\/","alt":"","author":"0","description":"","caption":"","name":"1154521-text-ru-2","status":"inherit","uploaded_to":80257,"date":"2020-08-26 15:18:38","modified":"2021-04-13 10:31:16","menu_order":0,"mime_type":"application\/pdf","type":"application","subtype":"pdf","icon":"https:\/\/generate.focolare.org\/wp-includes\/images\/media\/document.png"}},{"language":"sl","file":{"ID":35707,"id":35707,"title":"1154521-text-sl","filename":"1154521-text-sl.pdf","filesize":87165,"url":"https:\/\/generate.focolare.org\/wp-content\/uploads\/2020\/08\/1154521-text-sl.pdf","link":"https:\/\/generate.focolare.org\/ar\/content\/answers-to-the-gen-school-montet-ar\/1154521-text-sl-2\/","alt":"","author":"0","description":"","caption":"","name":"1154521-text-sl-2","status":"inherit","uploaded_to":80257,"date":"2020-08-26 15:18:42","modified":"2021-04-13 10:31:16","menu_order":0,"mime_type":"application\/pdf","type":"application","subtype":"pdf","icon":"https:\/\/generate.focolare.org\/wp-includes\/images\/media\/document.png"}},{"language":"it","file":{"ID":35724,"id":35724,"title":"1154521-text-it","filename":"1154521-text-it.pdf","filesize":191413,"url":"https:\/\/generate.focolare.org\/wp-content\/uploads\/2020\/08\/1154521-text-it.pdf","link":"https:\/\/generate.focolare.org\/ar\/content\/answers-to-the-gen-school-montet-ar\/1154521-text-it-2\/","alt":"","author":"0","description":"","caption":"","name":"1154521-text-it-2","status":"inherit","uploaded_to":80257,"date":"2020-08-26 15:18:46","modified":"2021-04-13 10:31:16","menu_order":0,"mime_type":"application\/pdf","type":"application","subtype":"pdf","icon":"https:\/\/generate.focolare.org\/wp-includes\/images\/media\/document.png"}},{"language":"fr","file":{"ID":35741,"id":35741,"title":"1154521-text-fr","filename":"1154521-text-fr.pdf","filesize":60864,"url":"https:\/\/generate.focolare.org\/wp-content\/uploads\/2020\/08\/1154521-text-fr.pdf","link":"https:\/\/generate.focolare.org\/ar\/content\/answers-to-the-gen-school-montet-ar\/1154521-text-fr-2\/","alt":"","author":"0","description":"","caption":"","name":"1154521-text-fr-2","status":"inherit","uploaded_to":80257,"date":"2020-08-26 15:18:49","modified":"2021-04-13 10:31:17","menu_order":0,"mime_type":"application\/pdf","type":"application","subtype":"pdf","icon":"https:\/\/generate.focolare.org\/wp-includes\/images\/media\/document.png"}},{"language":"ar","file":{"ID":35758,"id":35758,"title":"1154521-text-ar","filename":"1154521-text-ar.pdf","filesize":746111,"url":"https:\/\/generate.focolare.org\/wp-content\/uploads\/2020\/08\/1154521-text-ar.pdf","link":"https:\/\/generate.focolare.org\/ar\/content\/answers-to-the-gen-school-montet-ar\/1154521-text-ar-2\/","alt":"","author":"0","description":"","caption":"","name":"1154521-text-ar-2","status":"inherit","uploaded_to":80257,"date":"2020-08-26 15:18:53","modified":"2021-04-13 10:31:17","menu_order":0,"mime_type":"application\/pdf","type":"application","subtype":"pdf","icon":"https:\/\/generate.focolare.org\/wp-includes\/images\/media\/document.png"}},{"language":"en","file":{"ID":35775,"id":35775,"title":"1154521-text-en","filename":"1154521-text-en.pdf","filesize":125693,"url":"https:\/\/generate.focolare.org\/wp-content\/uploads\/2020\/08\/1154521-text-en.pdf","link":"https:\/\/generate.focolare.org\/ar\/content\/answers-to-the-gen-school-montet-ar\/1154521-text-en-2\/","alt":"","author":"0","description":"","caption":"","name":"1154521-text-en-2","status":"inherit","uploaded_to":80257,"date":"2020-08-26 15:18:57","modified":"2021-04-13 10:31:17","menu_order":0,"mime_type":"application\/pdf","type":"application","subtype":"pdf","icon":"https:\/\/generate.focolare.org\/wp-includes\/images\/media\/document.png"}},{"language":"nl","file":{"ID":35792,"id":35792,"title":"1154521-text-nl","filename":"1154521-text-nl.pdf","filesize":111978,"url":"https:\/\/generate.focolare.org\/wp-content\/uploads\/2020\/08\/1154521-text-nl.pdf","link":"https:\/\/generate.focolare.org\/ar\/content\/answers-to-the-gen-school-montet-ar\/1154521-text-nl-2\/","alt":"","author":"0","description":"","caption":"","name":"1154521-text-nl-2","status":"inherit","uploaded_to":80257,"date":"2020-08-26 15:19:01","modified":"2021-04-13 10:31:17","menu_order":0,"mime_type":"application\/pdf","type":"application","subtype":"pdf","icon":"https:\/\/generate.focolare.org\/wp-includes\/images\/media\/document.png"}},{"language":"pt-pt","file":{"ID":35809,"id":35809,"title":"1154521-text-pt","filename":"1154521-text-pt.pdf","filesize":224782,"url":"https:\/\/generate.focolare.org\/wp-content\/uploads\/2020\/08\/1154521-text-pt.pdf","link":"https:\/\/generate.focolare.org\/ar\/content\/answers-to-the-gen-school-montet-ar\/1154521-text-pt-2\/","alt":"","author":"0","description":"","caption":"","name":"1154521-text-pt-2","status":"inherit","uploaded_to":80257,"date":"2020-08-26 15:19:04","modified":"2021-04-13 10:31:17","menu_order":0,"mime_type":"application\/pdf","type":"application","subtype":"pdf","icon":"https:\/\/generate.focolare.org\/wp-includes\/images\/media\/document.png"}},{"language":"pl","file":{"ID":35826,"id":35826,"title":"1154521-text-pl","filename":"1154521-text-pl.pdf","filesize":339262,"url":"https:\/\/generate.focolare.org\/wp-content\/uploads\/2020\/08\/1154521-text-pl.pdf","link":"https:\/\/generate.focolare.org\/ar\/content\/answers-to-the-gen-school-montet-ar\/1154521-text-pl-2\/","alt":"","author":"0","description":"","caption":"","name":"1154521-text-pl-2","status":"inherit","uploaded_to":80257,"date":"2020-08-26 15:19:08","modified":"2021-04-13 10:31:17","menu_order":0,"mime_type":"application\/pdf","type":"application","subtype":"pdf","icon":"https:\/\/generate.focolare.org\/wp-includes\/images\/media\/document.png"}},{"language":"ko","file":{"ID":35843,"id":35843,"title":"1154521-text-ko","filename":"1154521-text-ko.pdf","filesize":665757,"url":"https:\/\/generate.focolare.org\/wp-content\/uploads\/2020\/08\/1154521-text-ko.pdf","link":"https:\/\/generate.focolare.org\/ar\/content\/answers-to-the-gen-school-montet-ar\/1154521-text-ko-2\/","alt":"","author":"0","description":"","caption":"","name":"1154521-text-ko-2","status":"inherit","uploaded_to":80257,"date":"2020-08-26 15:19:12","modified":"2021-04-13 10:31:17","menu_order":0,"mime_type":"application\/pdf","type":"application","subtype":"pdf","icon":"https:\/\/generate.focolare.org\/wp-includes\/images\/media\/document.png"}},{"language":"de","file":{"ID":35860,"id":35860,"title":"1154521-text-de","filename":"1154521-text-de.pdf","filesize":253698,"url":"https:\/\/generate.focolare.org\/wp-content\/uploads\/2020\/08\/1154521-text-de.pdf","link":"https:\/\/generate.focolare.org\/ar\/content\/answers-to-the-gen-school-montet-ar\/1154521-text-de-2\/","alt":"","author":"0","description":"","caption":"","name":"1154521-text-de-2","status":"inherit","uploaded_to":80257,"date":"2020-08-26 15:19:16","modified":"2021-04-13 10:31:17","menu_order":0,"mime_type":"application\/pdf","type":"application","subtype":"pdf","icon":"https:\/\/generate.focolare.org\/wp-includes\/images\/media\/document.png"}},{"language":"es","file":{"ID":311463,"id":311463,"title":"1154521-text-es","filename":"1154521-text-es.pdf","filesize":247152,"url":"https:\/\/generate.focolare.org\/wp-content\/uploads\/2020\/09\/1154521-text-es.pdf","link":"https:\/\/generate.focolare.org\/ar\/content\/answers-to-the-gen-school-montet-ar\/1154521-text-es-3\/","alt":"","author":"1981","description":"","caption":"","name":"1154521-text-es-3","status":"inherit","uploaded_to":80257,"date":"2025-05-23 09:07:53","modified":"2025-05-23 09:07:53","menu_order":0,"mime_type":"application\/pdf","type":"application","subtype":"pdf","icon":"https:\/\/generate.focolare.org\/wp-includes\/images\/media\/document.png"}}],"restrict_roles":null,"source":{"ID":35673,"id":35673,"title":"indy-sca-cl-20010814-el-a-italiano-video","filename":"indy-sca-cl-20010814-el-a-italiano-video.mp3","filesize":17790971,"url":"https:\/\/generate.focolare.org\/wp-content\/uploads\/2020\/08\/indy-sca-cl-20010814-el-a-italiano-video.mp3","link":"https:\/\/generate.focolare.org\/ar\/content\/answers-to-the-gen-school-montet-ar\/indy-sca-cl-20010814-el-a-italiano-video-2\/","alt":"","author":"0","description":"","caption":"","name":"indy-sca-cl-20010814-el-a-italiano-video-2","status":"inherit","uploaded_to":80257,"date":"2020-08-26 15:18:38","modified":"2021-04-13 10:31:16","menu_order":0,"mime_type":"audio\/mpeg","type":"audio","subtype":"mpeg","icon":"https:\/\/generate.focolare.org\/wp-includes\/images\/media\/audio.png"}},"headers":[],"status":200},{"data":{"id":80517,"date":"1968-06-29","date_gmt":"2020-12-05T15:10:09","guid":{"rendered":"https:\/\/generate.focolare.org\/?post_type=content&#038;p=80517"},"modified":"2023-05-09T13:40:40","modified_gmt":"2023-05-09T12:40:40","slug":"passing-on-the-banner-ar","status":"publish","type":"content","link":"https:\/\/generate.focolare.org\/ar\/content\/passing-on-the-banner-ar\/","title":{"rendered":"\u062a\u0633\u0644\u064a\u0645 \u0627\u0644\u0643\u0623\u0633"},"excerpt":{"rendered":"<p>\u0645\u0646 \u0628\u064a\u0646 \u0627\u0644\u0623\u062c\u0648\u0628\u0629: \u0625\u0630 \u0646\u062d\u0628\u0651 \u0646\u062a\u0648\u0635\u0651\u0644 \u0625\u0644\u0649 \u0627\u0644\u0633\u0639\u0627\u062f\u0629 \u0627\u0644\u062d\u0642\u064a\u0642\u064a\u0651\u0629\u060c \u0639\u0644\u0649 \u0627\u0644\u0623\u0631\u0636 \u0623\u064a\u0636\u0627\u064b<br \/>\n&#8230;.\u0627\u0644\u0634\u0643\u0631 \u0628\u0639\u062f \u0627\u0644\u0645\u0646\u0627\u0648\u0644\u0629\u061b \u0627\u0644\u062d\u0631\u0651\u064a\u0651\u0629 \u0627\u0644\u062d\u0642\u064a\u0642\u064a\u0651\u0629 \u0647\u064a \u0641\u064a \u0627\u0644\u0645\u062d\u0628\u0651\u0629\u060c \u0647\u0643\u0630\u0627 \u062a\u062a\u0642\u0648\u0651\u0649 \u0627\u0644\u0634\u062e\u0635\u064a\u0651\u0629\u061b \u0623\u0646 \u0646\u0631\u0649 \u064a\u0633\u0648\u0639 \u0641\u064a \u0627\u0644\u062c\u0645\u064a\u0639. \u0643\u064a\u0641 \u0646\u062e\u062a\u0627\u0631 \u062f\u0639\u0648\u062a\u0646\u0627 \u0627\u0644\u062e\u0627\u0635\u0651\u0629. \u062c\u0648\u0627\u0628 \u0637\u0648\u064a\u0644 \u064a\u064f\u0638\u0647\u0631 \u0639\u0635\u0631\u064a\u0651\u0629 \u0627\u0644\u0639\u0630\u0631\u0627\u0621: \u0646\u0645\u0648\u0630\u062c \u0627\u0644\u062f\u062c\u0646<\/p>\n","protected":false},"featured_media":106050,"comment_status":"closed","ping_status":"closed","template":"","tags":[8616,8639,8704,8740],"contributor":[8613],"location":[8614],"audience":[8612],"class_list":["post-80517","content","type-content","status-publish","has-post-thumbnail","hentry","tag-will-of-god-ar","tag-love-ar","tag-freedom-ar","tag-vocation-ar","contributor-lubich-chiara-ar","location-rocca-di-papa-ar","audience-gen-2-ar"],"featured_media_url":{"thumbnail":"https:\/\/generate.focolare.org\/wp-content\/uploads\/2020\/07\/10-2-150x150.jpg","medium":"https:\/\/generate.focolare.org\/wp-content\/uploads\/2020\/07\/10-2-300x297.jpg","medium_large":"https:\/\/generate.focolare.org\/wp-content\/uploads\/2020\/07\/10-2-768x759.jpg","large":"https:\/\/generate.focolare.org\/wp-content\/uploads\/2020\/07\/10-2-1024x1012.jpg","1536x1536":"https:\/\/generate.focolare.org\/wp-content\/uploads\/2020\/07\/10-2-1536x1519.jpg","2048x2048":"https:\/\/generate.focolare.org\/wp-content\/uploads\/2020\/07\/10-2.jpg","banner":"https:\/\/generate.focolare.org\/wp-content\/uploads\/2020\/07\/10-2-1757x700.jpg","preview":"https:\/\/generate.focolare.org\/wp-content\/uploads\/2020\/07\/10-2-500x400.jpg","profile_24":"https:\/\/generate.focolare.org\/wp-content\/uploads\/2020\/07\/10-2.jpg","profile_48":"https:\/\/generate.focolare.org\/wp-content\/uploads\/2020\/07\/10-2.jpg","profile_96":"https:\/\/generate.focolare.org\/wp-content\/uploads\/2020\/07\/10-2.jpg","profile_150":"https:\/\/generate.focolare.org\/wp-content\/uploads\/2020\/07\/10-2.jpg","profile_300":"https:\/\/generate.focolare.org\/wp-content\/uploads\/2020\/07\/10-2.jpg"},"related":[110221,80003],"wpml_current_locale":"ar","wpml_translations":[{"locale":"en_US","id":80521,"post_title":"Passing on the Banner","href":"https:\/\/generate.focolare.org\/en\/passing-on-the-banner\/"},{"locale":"it_IT","id":238,"post_title":"La consegna del trofeo","href":"https:\/\/generate.focolare.org\/it\/la-consegna-del-trofeo\/"},{"locale":"fr_FR","id":80520,"post_title":"Remise du troph\u00e9e","href":"https:\/\/generate.focolare.org\/fr\/remise-du-trophee\/"},{"locale":"es_ES","id":80519,"post_title":"La entrega del trofeo","href":"https:\/\/generate.focolare.org\/es\/la-entrega-del-trofeo\/"},{"locale":"pt_PT","id":312224,"post_title":"A entrega do trof\u00e9u","href":"https:\/\/generate.focolare.org\/pt-pt\/a-entrega-do-trofeu\/"},{"locale":"sl_SI","id":80518,"post_title":"Chiara izro\u010di trofejo","href":"https:\/\/generate.focolare.org\/sl\/chiara-izroci-trofejo\/"}],"link_to_transcription":true,"format":"audio","length":"31","restrict_roles":null,"source":{"ID":89002,"id":89002,"title":"gen-10-audio-it","filename":"gen-10-audio-it.mp3","filesize":29646846,"url":"https:\/\/generate.focolare.org\/wp-content\/uploads\/2020\/06\/gen-10-audio-it.mp3","link":"https:\/\/generate.focolare.org\/ar\/content\/passing-on-the-banner-ar\/gen-10-audio-it\/","alt":"","author":"1","description":"","caption":"","name":"gen-10-audio-it","status":"inherit","uploaded_to":80517,"date":"2020-06-02 15:13:06","modified":"2020-06-02 15:13:06","menu_order":0,"mime_type":"audio\/mpeg","type":"audio","subtype":"mpeg","icon":"https:\/\/generate.focolare.org\/wp-includes\/images\/media\/audio.png"},"transcriptions":[{"language":"it","file":{"ID":133063,"id":133063,"title":"IT19680629 La consegna del trofeo","filename":"IT19680629-La-consegna-del-trofeo.pdf","filesize":199972,"url":"https:\/\/generate.focolare.org\/wp-content\/uploads\/2020\/07\/IT19680629-La-consegna-del-trofeo.pdf","link":"https:\/\/generate.focolare.org\/ar\/content\/passing-on-the-banner-ar\/it19680629-la-consegna-del-trofeo-2\/","alt":"","author":"1126","description":"","caption":"","name":"it19680629-la-consegna-del-trofeo-2","status":"inherit","uploaded_to":80517,"date":"2022-03-21 09:02:25","modified":"2022-03-21 09:02:25","menu_order":0,"mime_type":"application\/pdf","type":"application","subtype":"pdf","icon":"https:\/\/generate.focolare.org\/wp-includes\/images\/media\/document.png"}},{"language":"en","file":{"ID":133084,"id":133084,"title":"EN19680629 La consegna del trofeo","filename":"EN19680629-La-consegna-del-trofeo.pdf","filesize":257620,"url":"https:\/\/generate.focolare.org\/wp-content\/uploads\/2020\/07\/EN19680629-La-consegna-del-trofeo.pdf","link":"https:\/\/generate.focolare.org\/ar\/content\/passing-on-the-banner-ar\/en19680629-la-consegna-del-trofeo-2\/","alt":"","author":"1126","description":"","caption":"","name":"en19680629-la-consegna-del-trofeo-2","status":"inherit","uploaded_to":80517,"date":"2022-03-21 09:02:37","modified":"2022-03-21 09:02:37","menu_order":0,"mime_type":"application\/pdf","type":"application","subtype":"pdf","icon":"https:\/\/generate.focolare.org\/wp-includes\/images\/media\/document.png"}},{"language":"es","file":{"ID":133105,"id":133105,"title":"ES19680629 La consegna del trofeo","filename":"ES19680629-La-consegna-del-trofeo.pdf","filesize":259873,"url":"https:\/\/generate.focolare.org\/wp-content\/uploads\/2020\/07\/ES19680629-La-consegna-del-trofeo.pdf","link":"https:\/\/generate.focolare.org\/ar\/content\/passing-on-the-banner-ar\/es19680629-la-consegna-del-trofeo-2\/","alt":"","author":"1126","description":"","caption":"","name":"es19680629-la-consegna-del-trofeo-2","status":"inherit","uploaded_to":80517,"date":"2022-03-21 09:02:48","modified":"2022-03-21 09:02:48","menu_order":0,"mime_type":"application\/pdf","type":"application","subtype":"pdf","icon":"https:\/\/generate.focolare.org\/wp-includes\/images\/media\/document.png"}},{"language":"fr","file":{"ID":133126,"id":133126,"title":"FR19680629 La consegna del trofeo","filename":"FR19680629-La-consegna-del-trofeo.pdf","filesize":212860,"url":"https:\/\/generate.focolare.org\/wp-content\/uploads\/2020\/07\/FR19680629-La-consegna-del-trofeo.pdf","link":"https:\/\/generate.focolare.org\/ar\/content\/passing-on-the-banner-ar\/fr19680629-la-consegna-del-trofeo-2\/","alt":"","author":"1126","description":"","caption":"","name":"fr19680629-la-consegna-del-trofeo-2","status":"inherit","uploaded_to":80517,"date":"2022-03-21 09:02:59","modified":"2022-03-21 09:02:59","menu_order":0,"mime_type":"application\/pdf","type":"application","subtype":"pdf","icon":"https:\/\/generate.focolare.org\/wp-includes\/images\/media\/document.png"}},{"language":"ar","file":{"ID":133147,"id":133147,"title":"AR19680629 La consegna del trofeo","filename":"AR19680629-La-consegna-del-trofeo.pdf","filesize":286727,"url":"https:\/\/generate.focolare.org\/wp-content\/uploads\/2020\/07\/AR19680629-La-consegna-del-trofeo.pdf","link":"https:\/\/generate.focolare.org\/ar\/content\/passing-on-the-banner-ar\/ar19680629-la-consegna-del-trofeo-2\/","alt":"","author":"1126","description":"","caption":"","name":"ar19680629-la-consegna-del-trofeo-2","status":"inherit","uploaded_to":80517,"date":"2022-03-21 09:03:12","modified":"2022-03-21 09:03:12","menu_order":0,"mime_type":"application\/pdf","type":"application","subtype":"pdf","icon":"https:\/\/generate.focolare.org\/wp-includes\/images\/media\/document.png"}},{"language":"sl","file":{"ID":133168,"id":133168,"title":"SL19680629 La consegna del trofeo","filename":"SL19680629-La-consegna-del-trofeo.pdf","filesize":198914,"url":"https:\/\/generate.focolare.org\/wp-content\/uploads\/2020\/07\/SL19680629-La-consegna-del-trofeo.pdf","link":"https:\/\/generate.focolare.org\/ar\/content\/passing-on-the-banner-ar\/sl19680629-la-consegna-del-trofeo-2\/","alt":"","author":"1126","description":"","caption":"","name":"sl19680629-la-consegna-del-trofeo-2","status":"inherit","uploaded_to":80517,"date":"2022-03-21 09:03:23","modified":"2022-03-21 09:03:23","menu_order":0,"mime_type":"application\/pdf","type":"application","subtype":"pdf","icon":"https:\/\/generate.focolare.org\/wp-includes\/images\/media\/document.png"}},{"language":"pt-pt","file":{"ID":312192,"id":312192,"title":"ACL-DS-19680629-TI-A-pt","filename":"ACL-DS-19680629-TI-A-pt.pdf","filesize":194736,"url":"https:\/\/generate.focolare.org\/wp-content\/uploads\/2020\/07\/ACL-DS-19680629-TI-A-pt.pdf","link":"https:\/\/generate.focolare.org\/ar\/content\/passing-on-the-banner-ar\/acl-ds-19680629-ti-a-pt-2\/","alt":"","author":"1852","description":"","caption":"","name":"acl-ds-19680629-ti-a-pt-2","status":"inherit","uploaded_to":80517,"date":"2025-06-04 14:09:31","modified":"2025-06-04 14:09:31","menu_order":0,"mime_type":"application\/pdf","type":"application","subtype":"pdf","icon":"https:\/\/generate.focolare.org\/wp-includes\/images\/media\/document.png"}}]},"headers":[],"status":200}],"_links":{"self":[{"href":"https:\/\/generate.focolare.org\/ar\/wp-json\/wp\/v2\/tags\/8616","targetHints":{"allow":["GET"]}}],"collection":[{"href":"https:\/\/generate.focolare.org\/ar\/wp-json\/wp\/v2\/tags"}],"about":[{"href":"https:\/\/generate.focolare.org\/ar\/wp-json\/wp\/v2\/taxonomies\/post_tag"}],"wp:post_type":[{"href":"https:\/\/generate.focolare.org\/ar\/wp-json\/wp\/v2\/posts?tags=8616"},{"href":"https:\/\/generate.focolare.org\/ar\/wp-json\/wp\/v2\/content?tags=8616"},{"href":"https:\/\/generate.focolare.org\/ar\/wp-json\/wp\/v2\/playlist?tags=8616"}],"curies":[{"name":"wp","href":"https:\/\/api.w.org\/{rel}","templated":true}]}}